{"id":2,"date":"2025-06-05T07:49:00","date_gmt":"2025-06-05T12:49:00","guid":{"rendered":"https:\/\/micrositios.dian.gov.co\/renta-personas-naturales-ag-2024\/?page_id=2"},"modified":"2025-09-23T08:11:32","modified_gmt":"2025-09-23T13:11:32","slug":"preparese-para-la-declaracion-de-renta","status":"publish","type":"page","link":"https:\/\/micrositios.dian.gov.co\/renta-personas-naturales-ag-2024\/preparese-para-la-declaracion-de-renta\/","title":{"rendered":"Prep\u00e1rese para la declaraci\u00f3n"},"content":{"rendered":"<p>[et_pb_section fb_built=\u00bb1&#8243; disabled_on=\u00bbon|on|off\u00bb admin_label=\u00bbSection\u00bb _builder_version=\u00bb4.18.1&#8243; _module_preset=\u00bbdefault\u00bb background_image=\u00bbhttp:\/\/micrositios.dian.gov.co\/renta-personas-naturales-ag-2024\/wp-content\/uploads\/sites\/17\/2025\/06\/BannerPrepareseAG2024-1944&#215;387-3.jpg\u00bb background_size=\u00bbcustom\u00bb custom_padding=\u00bb73px||73px||true|true\u00bb animation_style=\u00bbfade\u00bb da_disable_devices=\u00bboff|off|off\u00bb locked=\u00bboff\u00bb collapsed=\u00bbon\u00bb global_colors_info=\u00bb{}\u00bb da_is_popup=\u00bboff\u00bb da_exit_intent=\u00bboff\u00bb da_has_close=\u00bbon\u00bb da_alt_close=\u00bboff\u00bb da_dark_close=\u00bboff\u00bb da_not_modal=\u00bbon\u00bb da_is_singular=\u00bboff\u00bb da_with_loader=\u00bboff\u00bb da_has_shadow=\u00bbon\u00bb][et_pb_row _builder_version=\u00bb4.18.1&#8243; _module_preset=\u00bbdefault\u00bb custom_padding=\u00bb|120px||120px|false|true\u00bb animation_style=\u00bbfade\u00bb global_colors_info=\u00bb{}\u00bb][et_pb_column type=\u00bb4_4&#8243; _builder_version=\u00bb4.18.1&#8243; _module_preset=\u00bbdefault\u00bb global_colors_info=\u00bb{}\u00bb][et_pb_text _builder_version=\u00bb4.18.1&#8243; _module_preset=\u00bbdefault\u00bb header_font=\u00bbNunito Sans|800|||||||\u00bb header_text_color=\u00bb#FFFFFF\u00bb header_font_size=\u00bb40px\u00bb custom_margin=\u00bb0px|0px|0px|0px|true|true\u00bb header_font_tablet=\u00bbUbuntu|700|||||||\u00bb header_font_phone=\u00bbUbuntu|700|||||||\u00bb header_font_last_edited=\u00bbon|tablet\u00bb header_font_size_tablet=\u00bb47px\u00bb header_font_size_phone=\u00bb47px\u00bb header_font_size_last_edited=\u00bbon|tablet\u00bb global_colors_info=\u00bb{}\u00bb]<\/p>\n<div class=\"et_pb_column et_pb_column_4_4 et_pb_column_0  et_pb_css_mix_blend_mode_passthrough et-last-child\">\n<div class=\"et_pb_module et_pb_text et_pb_text_0  et_pb_text_align_left et_pb_bg_layout_light\">\n<div class=\"et_pb_text_inner\">\n<h1>Prep\u00e1rese para la declaraci\u00f3n<\/h1>\n<\/div>\n<\/div>\n<\/div>\n<p>[\/et_pb_text][et_pb_text _builder_version=\u00bb4.18.1&#8243; _module_preset=\u00bbdefault\u00bb header_font=\u00bbNunito Sans|800|||||||\u00bb header_text_align=\u00bbleft\u00bb header_text_color=\u00bb#1b94c1&#8243; header_font_size=\u00bb90px\u00bb custom_margin=\u00bb0px|0px|0px|0px|true|true\u00bb custom_padding=\u00bb14px||||false|false\u00bb global_colors_info=\u00bb{}\u00bb]<\/p>\n<h1>RENTA 2024<\/h1>\n<p>[\/et_pb_text][et_pb_text _builder_version=\u00bb4.18.1&#8243; _module_preset=\u00bbdefault\u00bb header_font=\u00bbNunito Sans|800|||||||\u00bb header_text_color=\u00bb#FFFFFF\u00bb header_font_size=\u00bb25px\u00bb header_2_font=\u00bbUbuntu||||||||\u00bb header_2_text_color=\u00bb#27a2c4&#8243; background_color=\u00bbRGBA(255,255,255,0)\u00bb transform_translate=\u00bb-10px|0px\u00bb transform_translate_linked=\u00bboff\u00bb max_width=\u00bb100%\u00bb custom_margin=\u00bb0px|0px|0px|0px|true|true\u00bb custom_padding=\u00bb10px|0px||12px|false|false\u00bb custom_padding_last_edited=\u00bboff|phone\u00bb global_colors_info=\u00bb{}\u00bb]<\/p>\n<h1><span style=\"color: #f2f2f2;\"><strong>Su compromiso con Colombia<\/strong><\/span><\/h1>\n<p>[\/et_pb_text][\/et_pb_column][\/et_pb_row][\/et_pb_section][et_pb_section fb_built=\u00bb1&#8243; disabled_on=\u00bboff|off|on\u00bb admin_label=\u00bbSection\u00bb _builder_version=\u00bb4.18.1&#8243; _module_preset=\u00bbdefault\u00bb background_image=\u00bbhttp:\/\/micrositios.dian.gov.co\/renta-personas-naturales-ag-2024\/wp-content\/uploads\/sites\/17\/2025\/06\/BannerPrepareseAG2024-1944&#215;387-2.jpg\u00bb background_size=\u00bbcustom\u00bb custom_padding=\u00bb73px||73px||true|true\u00bb animation_style=\u00bbfade\u00bb da_disable_devices=\u00bboff|off|off\u00bb locked=\u00bboff\u00bb collapsed=\u00bbon\u00bb global_colors_info=\u00bb{}\u00bb da_is_popup=\u00bboff\u00bb da_exit_intent=\u00bboff\u00bb da_has_close=\u00bbon\u00bb da_alt_close=\u00bboff\u00bb da_dark_close=\u00bboff\u00bb da_not_modal=\u00bbon\u00bb da_is_singular=\u00bboff\u00bb da_with_loader=\u00bboff\u00bb da_has_shadow=\u00bbon\u00bb][et_pb_row _builder_version=\u00bb4.18.1&#8243; _module_preset=\u00bbdefault\u00bb global_colors_info=\u00bb{}\u00bb][et_pb_column type=\u00bb4_4&#8243; _builder_version=\u00bb4.18.1&#8243; _module_preset=\u00bbdefault\u00bb global_colors_info=\u00bb{}\u00bb][et_pb_text _builder_version=\u00bb4.18.1&#8243; _module_preset=\u00bbdefault\u00bb header_font=\u00bbNunito Sans|800|||||||\u00bb header_text_color=\u00bb#FFFFFF\u00bb header_font_size=\u00bb40px\u00bb custom_margin=\u00bb0px|0px|0px|0px|true|true\u00bb header_font_tablet=\u00bbUbuntu|700|||||||\u00bb header_font_phone=\u00bbNunito Sans|800|||||||\u00bb header_font_last_edited=\u00bbon|tablet\u00bb header_font_size_tablet=\u00bb47px\u00bb header_font_size_phone=\u00bb27px\u00bb header_font_size_last_edited=\u00bbon|tablet\u00bb global_colors_info=\u00bb{}\u00bb]<\/p>\n<div class=\"et_pb_column et_pb_column_4_4 et_pb_column_0  et_pb_css_mix_blend_mode_passthrough et-last-child\">\n<div class=\"et_pb_module et_pb_text et_pb_text_0  et_pb_text_align_left et_pb_bg_layout_light\">\n<div class=\"et_pb_text_inner\">\n<h1>Prep\u00e1rese para la declaraci\u00f3n<\/h1>\n<\/div>\n<\/div>\n<\/div>\n<p>[\/et_pb_text][et_pb_text _builder_version=\u00bb4.18.1&#8243; _module_preset=\u00bbdefault\u00bb header_font=\u00bbNunito Sans|800|||||||\u00bb header_text_align=\u00bbleft\u00bb header_text_color=\u00bb#1b94c1&#8243; header_font_size=\u00bb50px\u00bb custom_margin=\u00bb0px|0px|0px|0px|true|true\u00bb custom_padding=\u00bb14px||||false|false\u00bb global_colors_info=\u00bb{}\u00bb]<\/p>\n<h1>RENTA 2024<\/h1>\n<p>[\/et_pb_text][et_pb_text _builder_version=\u00bb4.18.1&#8243; _module_preset=\u00bbdefault\u00bb header_font=\u00bbNunito Sans|800|||||||\u00bb header_text_color=\u00bb#FFFFFF\u00bb header_font_size=\u00bb22px\u00bb header_2_font=\u00bbUbuntu||||||||\u00bb header_2_text_color=\u00bb#27a2c4&#8243; background_color=\u00bbRGBA(255,255,255,0)\u00bb transform_translate=\u00bb-10px|0px\u00bb transform_translate_linked=\u00bboff\u00bb max_width=\u00bb100%\u00bb custom_margin=\u00bb0px|0px|0px|0px|true|true\u00bb custom_padding=\u00bb10px|0px||12px|false|false\u00bb custom_padding_last_edited=\u00bboff|phone\u00bb global_colors_info=\u00bb{}\u00bb]<\/p>\n<h1><span style=\"color: #f2f2f2;\"><strong>Su compromiso con Colombia<\/strong><\/span><\/h1>\n<p>[\/et_pb_text][\/et_pb_column][\/et_pb_row][\/et_pb_section][et_pb_section fb_built=\u00bb1&#8243; admin_label=\u00bbSection\u00bb _builder_version=\u00bb4.18.1&#8243; _module_preset=\u00bbdefault\u00bb background_color=\u00bb#f2f2f2&#8243; custom_margin=\u00bb||||true|true\u00bb custom_padding=\u00bb0px||0px||true|true\u00bb animation_style=\u00bbfade\u00bb da_disable_devices=\u00bboff|off|off\u00bb locked=\u00bboff\u00bb global_colors_info=\u00bb{}\u00bb da_is_popup=\u00bboff\u00bb da_exit_intent=\u00bboff\u00bb da_has_close=\u00bbon\u00bb da_alt_close=\u00bboff\u00bb da_dark_close=\u00bboff\u00bb da_not_modal=\u00bbon\u00bb da_is_singular=\u00bboff\u00bb da_with_loader=\u00bboff\u00bb da_has_shadow=\u00bbon\u00bb][et_pb_row column_structure=\u00bb3_5,2_5&#8243; disabled_on=\u00bbon|off|off\u00bb _builder_version=\u00bb4.17.0&#8243; _module_preset=\u00bbdefault\u00bb saved_tabs=\u00bball\u00bb locked=\u00bboff\u00bb global_colors_info=\u00bb{}\u00bb][et_pb_column type=\u00bb3_5&#8243; _builder_version=\u00bb4.16&#8243; _module_preset=\u00bbdefault\u00bb global_colors_info=\u00bb{}\u00bb][dipl_breadcrumb breadcrumb_layout=\u00bblayout2&#8243; link_target=\u00bbon\u00bb separator_text=\u00bb\/\u00bb separator_size=\u00bb14px\u00bb separator_color=\u00bb#1b94c1&#8243; use_home_link_custom_text=\u00bbon\u00bb home_link_text=\u00bbInicio\u00bb use_home_link_icon=\u00bbon\u00bb home_link_icon=\u00bb&#x23;||divi||400&#8243; home_link_icon_color=\u00bb#1b94c1&#8243; _builder_version=\u00bb4.18.1&#8243; _module_preset=\u00bbdefault\u00bb global_text_settings_font_size=\u00bb12px\u00bb text_font=\u00bbNunito Sans||||||||\u00bb text_text_color=\u00bb#2a2d44&#8243; link_font=\u00bbNunito Sans||||||||\u00bb link_text_color=\u00bb#2a2d44&#8243; locked=\u00bboff\u00bb global_colors_info=\u00bb{}\u00bb text_text_color__hover_enabled=\u00bbon|desktop\u00bb text_text_color__hover=\u00bb#00b4dc\u00bb][\/dipl_breadcrumb][\/et_pb_column][et_pb_column type=\u00bb2_5&#8243; _builder_version=\u00bb4.16&#8243; _module_preset=\u00bbdefault\u00bb global_colors_info=\u00bb{}\u00bb][dipl_ajax_search search_placeholder=\u00bbBuscar por palabra clave\u00bb number_of_results=\u00bb-1&#8243; orderby=\u00bbpost_title\u00bb order=\u00bbASC\u00bb no_result_text=\u00bbNo encontramos resultados a tu b\u00fasqueda\u00bb include_post_types=\u00bbpage\u00bb url_new_window=\u00bbon\u00bb search_result_box_bg_color=\u00bb#000000&#8243; search_icon_color=\u00bb#1b94c1&#8243; loader_size=\u00bb12px\u00bb loader_color=\u00bb#16965a\u00bb disabled_on=\u00bboff|off|off\u00bb _builder_version=\u00bb4.18.1&#8243; _module_preset=\u00bbdefault\u00bb search_result_item_title_font=\u00bbNunito Sans|700|||||||\u00bb search_result_item_excerpt_font=\u00bbUbuntu||||||||\u00bb search_result_item_excerpt_font_size=\u00bb12px\u00bb search_result_item_price_font=\u00bbUbuntu||||||||\u00bb no_result_font=\u00bbUbuntu||||||||\u00bb form_field_font=\u00bbNunito Sans||||||||\u00bb form_field_font_size=\u00bb12px\u00bb width=\u00bb80%\u00bb module_alignment=\u00bbright\u00bb border_radii_form_field=\u00bbon|6px|6px|6px|6px\u00bb border_width_all_form_field=\u00bb0px\u00bb locked=\u00bboff\u00bb global_colors_info=\u00bb{}\u00bb][\/dipl_ajax_search][\/et_pb_column][\/et_pb_row][\/et_pb_section][et_pb_section fb_built=\u00bb1&#8243; admin_label=\u00bbSection\u00bb _builder_version=\u00bb4.18.1&#8243; _module_preset=\u00bbdefault\u00bb background_color=\u00bb#FFFFFF\u00bb custom_margin=\u00bb||||true|true\u00bb custom_padding=\u00bb19px||19px||true|true\u00bb animation_style=\u00bbfade\u00bb da_disable_devices=\u00bboff|off|off\u00bb locked=\u00bboff\u00bb global_colors_info=\u00bb{}\u00bb da_is_popup=\u00bboff\u00bb da_exit_intent=\u00bboff\u00bb da_has_close=\u00bbon\u00bb da_alt_close=\u00bboff\u00bb da_dark_close=\u00bboff\u00bb da_not_modal=\u00bbon\u00bb da_is_singular=\u00bboff\u00bb da_with_loader=\u00bboff\u00bb da_has_shadow=\u00bbon\u00bb][et_pb_row _builder_version=\u00bb4.16&#8243; _module_preset=\u00bbdefault\u00bb custom_padding=\u00bb||3px|||\u00bb global_colors_info=\u00bb{}\u00bb][et_pb_column type=\u00bb4_4&#8243; _builder_version=\u00bb4.16&#8243; _module_preset=\u00bbdefault\u00bb global_colors_info=\u00bb{}\u00bb][et_pb_text _builder_version=\u00bb4.18.1&#8243; _module_preset=\u00bbdefault\u00bb text_font=\u00bbNunito Sans|700|||||||\u00bb text_text_color=\u00bb#2a2d44&#8243; text_font_size=\u00bb25px\u00bb header_text_color=\u00bb#E02B20&#8243; header_2_font=\u00bbNunito Sans|700|||||||\u00bb header_2_text_color=\u00bb#2a2d44&#8243; header_3_font=\u00bbNunito Sans|700|||||||\u00bb header_3_text_color=\u00bb#2a2d44&#8243; header_3_font_size=\u00bb26px\u00bb text_orientation=\u00bbcenter\u00bb custom_padding=\u00bb5px||5px|||\u00bb locked=\u00bboff\u00bb global_colors_info=\u00bb{}\u00bb]<\/p>\n<h2 style=\"text-align: center;\"><strong><\/strong><strong>Prep\u00e1rese para la declaraci\u00f3n de renta<\/strong><\/h2>\n<p>[\/et_pb_text][et_pb_divider color=\u00bb#2a2d44&#8243; divider_weight=\u00bb3px\u00bb _builder_version=\u00bb4.18.1&#8243; _module_preset=\u00bbdefault\u00bb width=\u00bb43%\u00bb module_alignment=\u00bbcenter\u00bb custom_margin=\u00bb-23px||10px||false|false\u00bb locked=\u00bboff\u00bb global_colors_info=\u00bb{}\u00bb][\/et_pb_divider][et_pb_text _builder_version=\u00bb4.18.1&#8243; _module_preset=\u00bbdefault\u00bb text_font=\u00bbNunito Sans|500|||||||\u00bb text_text_color=\u00bb#252944&#8243; global_colors_info=\u00bb{}\u00bb]<\/p>\n<p>Aqu\u00ed encontrar\u00e1 la informaci\u00f3n y las herramientas de apoyo para preparar su declaraci\u00f3n de renta. Recuerde que, aunque esta se presenta en 2025, corresponde al a\u00f1o gravable 2024. No olvide verificar las fechas de presentaci\u00f3n seg\u00fan el calendario establecido.<\/p>\n<p>[\/et_pb_text][\/et_pb_column][\/et_pb_row][et_pb_row column_structure=\u00bb1_3,1_3,1_3&#8243; disabled_on=\u00bbon|on|off\u00bb _builder_version=\u00bb4.18.1&#8243; _module_preset=\u00bbdefault\u00bb custom_margin=\u00bb||||true|true\u00bb custom_padding=\u00bb50px||50px||true|true\u00bb locked=\u00bboff\u00bb global_colors_info=\u00bb{}\u00bb][et_pb_column type=\u00bb1_3&#8243; _builder_version=\u00bb4.16&#8243; _module_preset=\u00bbdefault\u00bb global_colors_info=\u00bb{}\u00bb][et_pb_blurb title=\u00bb1. A usted le toca declarar si cumple con una de estas condiciones.\u00bb url=\u00bb#Topes1&#8243; image=\u00bbhttp:\/\/micrositios.dian.gov.co\/renta-personas-naturales-ag-2024\/wp-content\/uploads\/sites\/17\/2025\/06\/IconoPreparese-3AUstedLeTocaDeclararSiCumpleConUnaDeEstasCondiciones.png\u00bb icon_placement=\u00bbleft\u00bb image_icon_width=\u00bb200%\u00bb _builder_version=\u00bb4.18.1&#8243; _module_preset=\u00bbdefault\u00bb header_font=\u00bbNunito Sans|700|||||||\u00bb header_text_color=\u00bb#2a2d44&#8243; header_font_size=\u00bb13px\u00bb background_color=\u00bb#f2f2f2&#8243; min_height=\u00bb70px\u00bb height=\u00bb70px\u00bb custom_padding=\u00bb16px|17px|9px|17px|false|true\u00bb link_option_url=\u00bb#Topes\u00bb box_shadow_style=\u00bbpreset1&#8243; box_shadow_vertical=\u00bb0px\u00bb box_shadow_blur=\u00bb0px\u00bb global_colors_info=\u00bb{}\u00bb box_shadow_blur__hover=\u00bb20px\u00bb box_shadow_blur__hover_enabled=\u00bbon|hover\u00bb][\/et_pb_blurb][et_pb_blurb title=\u00bb4. Valide su usuario, contrase\u00f1a y firma electr\u00f3nica.\u00bb url=\u00bb#Validacion\u00bb image=\u00bbhttp:\/\/micrositios.dian.gov.co\/renta-personas-naturales-ag-2024\/wp-content\/uploads\/sites\/17\/2025\/06\/IconoPreparese-6ValideSuUsuarioContrasenaYFirmaElectronica.png\u00bb icon_placement=\u00bbleft\u00bb image_icon_width=\u00bb200%\u00bb _builder_version=\u00bb4.18.1&#8243; _module_preset=\u00bbdefault\u00bb header_font=\u00bbNunito Sans|700|||||||\u00bb header_text_color=\u00bb#2a2d44&#8243; header_font_size=\u00bb13px\u00bb background_color=\u00bb#f2f2f2&#8243; min_height=\u00bb70px\u00bb height=\u00bb70px\u00bb custom_padding=\u00bb16px|17px|9px|17px|false|true\u00bb link_option_url=\u00bb#Validacion\u00bb box_shadow_style=\u00bbpreset1&#8243; box_shadow_vertical=\u00bb0px\u00bb box_shadow_blur=\u00bb0px\u00bb global_colors_info=\u00bb{}\u00bb box_shadow_blur__hover=\u00bb20px\u00bb box_shadow_blur__hover_enabled=\u00bbon|hover\u00bb][\/et_pb_blurb][et_pb_blurb title=\u00bb7. Progr\u00e1mese con los que saben de renta.\u00bb url=\u00bb#Capacitaciones\u00bb image=\u00bbhttp:\/\/micrositios.dian.gov.co\/renta-personas-naturales-ag-2024\/wp-content\/uploads\/sites\/17\/2025\/06\/IconoPreparese-8AprendaConLosQueSabenDeRentaProgrameseParaLasCapacitacionesEnTodoElPais-3.png\u00bb icon_placement=\u00bbleft\u00bb image_icon_width=\u00bb200%\u00bb _builder_version=\u00bb4.18.1&#8243; _module_preset=\u00bbdefault\u00bb header_font=\u00bbNunito Sans|700|||||||\u00bb header_text_color=\u00bb#2a2d44&#8243; header_font_size=\u00bb13px\u00bb background_color=\u00bb#f2f2f2&#8243; min_height=\u00bb70px\u00bb height=\u00bb70px\u00bb custom_padding=\u00bb16px|17px|9px|17px|false|true\u00bb link_option_url=\u00bb#Capacitaciones\u00bb box_shadow_style=\u00bbpreset1&#8243; box_shadow_vertical=\u00bb0px\u00bb box_shadow_blur=\u00bb0px\u00bb global_colors_info=\u00bb{}\u00bb box_shadow_blur__hover=\u00bb20px\u00bb box_shadow_blur__hover_enabled=\u00bbon|hover\u00bb][\/et_pb_blurb][et_pb_blurb title=\u00bb10. Diccionario tributario de renta.\u00bb url=\u00bb#Diccionario\u00bb image=\u00bbhttp:\/\/micrositios.dian.gov.co\/renta-personas-naturales-ag-2024\/wp-content\/uploads\/sites\/17\/2025\/06\/IconoPreparese-9DiccionarioTributario.png\u00bb icon_placement=\u00bbleft\u00bb image_icon_width=\u00bb200%\u00bb _builder_version=\u00bb4.18.1&#8243; _module_preset=\u00bbdefault\u00bb header_font=\u00bbNunito Sans|700|||||||\u00bb header_text_color=\u00bb#2a2d44&#8243; header_font_size=\u00bb13px\u00bb background_color=\u00bb#f2f2f2&#8243; min_height=\u00bb70px\u00bb height=\u00bb70px\u00bb custom_padding=\u00bb16px|17px|9px|17px|false|true\u00bb link_option_url=\u00bb#Diccionario\u00bb box_shadow_style=\u00bbpreset1&#8243; box_shadow_vertical=\u00bb0px\u00bb box_shadow_blur=\u00bb0px\u00bb global_colors_info=\u00bb{}\u00bb box_shadow_blur__hover=\u00bb20px\u00bb box_shadow_blur__hover_enabled=\u00bbon|hover\u00bb][\/et_pb_blurb][\/et_pb_column][et_pb_column type=\u00bb1_3&#8243; _builder_version=\u00bb4.16&#8243; _module_preset=\u00bbdefault\u00bb global_colors_info=\u00bb{}\u00bb][et_pb_blurb title=\u00bb2. Todo lo que usted debe saber sobre renta.\u00bb url=\u00bbhttps:\/\/micrositios.dian.gov.co\/renta-personas-naturales-ag-2024\/todo-lo-que-usted-debe-saber-sobre-renta\/\u00bb image=\u00bbhttp:\/\/micrositios.dian.gov.co\/renta-personas-naturales-ag-2024\/wp-content\/uploads\/sites\/17\/2025\/06\/IconoPreparese-1TodoLoQueUstedDebeSaberSobreRenta.png\u00bb icon_placement=\u00bbleft\u00bb image_icon_width=\u00bb200%\u00bb _builder_version=\u00bb4.18.1&#8243; _module_preset=\u00bbdefault\u00bb header_font=\u00bbNunito Sans|700|||||||\u00bb header_text_color=\u00bb#2a2d44&#8243; header_font_size=\u00bb13px\u00bb background_color=\u00bb#f2f2f2&#8243; min_height=\u00bb70px\u00bb height=\u00bb70px\u00bb custom_padding=\u00bb16px|17px|9px|17px|false|true\u00bb link_option_url=\u00bbhttps:\/\/micrositios.dian.gov.co\/renta-personas-naturales-ag-2024\/todo-lo-que-usted-debe-saber-sobre-renta\/\u00bb box_shadow_style=\u00bbpreset1&#8243; box_shadow_vertical=\u00bb0px\u00bb box_shadow_blur=\u00bb0px\u00bb global_colors_info=\u00bb{}\u00bb box_shadow_blur__hover=\u00bb20px\u00bb box_shadow_blur__hover_enabled=\u00bbon|hover\u00bb][\/et_pb_blurb][et_pb_blurb title=\u00bb5. Conozca las \u00faltimas novedades que trajo la declaraci\u00f3n de renta personas naturales.\u00bb url=\u00bb#Novedades\u00bb image=\u00bbhttp:\/\/micrositios.dian.gov.co\/renta-personas-naturales-ag-2024\/wp-content\/uploads\/sites\/17\/2025\/06\/IconoPreparese-4LaDeclaracionDeRentaTraeNovedadesConozcalas.png\u00bb icon_placement=\u00bbleft\u00bb image_icon_width=\u00bb200%\u00bb _builder_version=\u00bb4.18.1&#8243; _module_preset=\u00bbdefault\u00bb header_font=\u00bbNunito Sans|700|||||||\u00bb header_text_color=\u00bb#2a2d44&#8243; header_font_size=\u00bb13px\u00bb background_color=\u00bb#f2f2f2&#8243; min_height=\u00bb70px\u00bb height=\u00bb70px\u00bb custom_padding=\u00bb16px|17px|9px|17px|false|true\u00bb link_option_url=\u00bb#Novedades\u00bb box_shadow_style=\u00bbpreset1&#8243; box_shadow_vertical=\u00bb0px\u00bb box_shadow_blur=\u00bb0px\u00bb global_colors_info=\u00bb{}\u00bb box_shadow_blur__hover=\u00bb20px\u00bb box_shadow_blur__hover_enabled=\u00bbon|hover\u00bb][\/et_pb_blurb][et_pb_blurb title=\u00bb8. Videos recomendados.\u00bb url=\u00bb#Videos\u00bb image=\u00bbhttp:\/\/micrositios.dian.gov.co\/renta-personas-naturales-ag-2024\/wp-content\/uploads\/sites\/17\/2025\/06\/Ico-ContenidoRecomendado-3.png\u00bb icon_placement=\u00bbleft\u00bb image_icon_width=\u00bb200%\u00bb disabled_on=\u00bboff|off|off\u00bb _builder_version=\u00bb4.18.1&#8243; _module_preset=\u00bbdefault\u00bb header_font=\u00bbNunito Sans|700|||||||\u00bb header_text_color=\u00bb#2a2d44&#8243; header_font_size=\u00bb13px\u00bb background_color=\u00bb#f2f2f2&#8243; height=\u00bb64px\u00bb custom_padding=\u00bb16px|17px|9px|17px|false|true\u00bb link_option_url=\u00bb#Videos\u00bb box_shadow_style=\u00bbpreset1&#8243; box_shadow_vertical=\u00bb0px\u00bb box_shadow_blur=\u00bb0px\u00bb locked=\u00bboff\u00bb global_colors_info=\u00bb{}\u00bb box_shadow_blur__hover=\u00bb20px\u00bb box_shadow_blur__hover_enabled=\u00bbon|hover\u00bb][\/et_pb_blurb][\/et_pb_column][et_pb_column type=\u00bb1_3&#8243; _builder_version=\u00bb4.16&#8243; _module_preset=\u00bbdefault\u00bb global_colors_info=\u00bb{}\u00bb][et_pb_blurb title=\u00bb3. Inscr\u00edbase o actualice su RUT.\u00bb url=\u00bb#Inscribase\u00bb image=\u00bbhttp:\/\/micrositios.dian.gov.co\/renta-personas-naturales-ag-2024\/wp-content\/uploads\/sites\/17\/2025\/06\/IconoPreparese-5InscribaseOActualiceSuRUT.png\u00bb icon_placement=\u00bbleft\u00bb image_icon_width=\u00bb200%\u00bb _builder_version=\u00bb4.18.1&#8243; _module_preset=\u00bbdefault\u00bb header_font=\u00bbNunito Sans|700|||||||\u00bb header_text_color=\u00bb#2a2d44&#8243; header_font_size=\u00bb13px\u00bb background_color=\u00bb#f2f2f2&#8243; min_height=\u00bb70px\u00bb height=\u00bb70px\u00bb custom_padding=\u00bb16px|17px|9px|17px|false|true\u00bb link_option_url=\u00bb#Inscribase\u00bb box_shadow_style=\u00bbpreset1&#8243; box_shadow_vertical=\u00bb0px\u00bb box_shadow_blur=\u00bb0px\u00bb global_colors_info=\u00bb{}\u00bb box_shadow_blur__hover=\u00bb20px\u00bb box_shadow_blur__hover_enabled=\u00bbon|hover\u00bb][\/et_pb_blurb][et_pb_blurb title=\u00bb6. \u00bfQu\u00e9 es la informaci\u00f3n ex\u00f3gena y por qu\u00e9 es importante?\u00bb url=\u00bb#Exogena\u00bb image=\u00bbhttp:\/\/micrositios.dian.gov.co\/renta-personas-naturales-ag-2024\/wp-content\/uploads\/sites\/17\/2025\/06\/IconoPreparese-7ConsulteSuInformacionExogenaReportadaPorTercerosALaDIAN.png\u00bb icon_placement=\u00bbleft\u00bb image_icon_width=\u00bb200%\u00bb _builder_version=\u00bb4.18.1&#8243; _module_preset=\u00bbdefault\u00bb header_font=\u00bbNunito Sans|700|||||||\u00bb header_text_color=\u00bb#2a2d44&#8243; header_font_size=\u00bb13px\u00bb background_color=\u00bb#f2f2f2&#8243; min_height=\u00bb70px\u00bb height=\u00bb70px\u00bb custom_padding=\u00bb16px|17px|9px|17px|false|true\u00bb link_option_url=\u00bb#Exogena\u00bb box_shadow_style=\u00bbpreset1&#8243; box_shadow_vertical=\u00bb0px\u00bb box_shadow_blur=\u00bb0px\u00bb global_colors_info=\u00bb{}\u00bb box_shadow_blur__hover=\u00bb20px\u00bb box_shadow_blur__hover_enabled=\u00bbon|hover\u00bb][\/et_pb_blurb][et_pb_blurb title=\u00bb9. Consulte las normas vigentes.\u00bb url=\u00bb#Normas\u00bb image=\u00bbhttp:\/\/micrositios.dian.gov.co\/renta-personas-naturales-ag-2024\/wp-content\/uploads\/sites\/17\/2025\/06\/IconoPreparese-10ConuslteLasNormasVigentes.png\u00bb icon_placement=\u00bbleft\u00bb image_icon_width=\u00bb200%\u00bb _builder_version=\u00bb4.18.1&#8243; _module_preset=\u00bbdefault\u00bb header_font=\u00bbNunito Sans|700|||||||\u00bb header_text_color=\u00bb#2a2d44&#8243; header_font_size=\u00bb13px\u00bb background_color=\u00bb#f2f2f2&#8243; min_height=\u00bb70px\u00bb height=\u00bb70px\u00bb custom_padding=\u00bb16px|17px|9px|17px|false|true\u00bb link_option_url=\u00bb#Normas\u00bb box_shadow_style=\u00bbpreset1&#8243; box_shadow_vertical=\u00bb0px\u00bb box_shadow_blur=\u00bb0px\u00bb global_colors_info=\u00bb{}\u00bb box_shadow_blur__hover=\u00bb20px\u00bb box_shadow_blur__hover_enabled=\u00bbon|hover\u00bb][\/et_pb_blurb][\/et_pb_column][\/et_pb_row][et_pb_row column_structure=\u00bb1_3,1_3,1_3&#8243; disabled_on=\u00bboff|off|on\u00bb _builder_version=\u00bb4.18.1&#8243; _module_preset=\u00bbdefault\u00bb custom_margin=\u00bb||||true|true\u00bb custom_padding=\u00bb50px||50px||true|true\u00bb locked=\u00bboff\u00bb global_colors_info=\u00bb{}\u00bb][et_pb_column type=\u00bb1_3&#8243; _builder_version=\u00bb4.16&#8243; _module_preset=\u00bbdefault\u00bb global_colors_info=\u00bb{}\u00bb][et_pb_blurb title=\u00bb1. A usted le toca declarar si cumple con una de estas condiciones.\u00bb url=\u00bb#Topes1&#8243; image=\u00bbhttp:\/\/micrositios.dian.gov.co\/renta-personas-naturales-ag-2024\/wp-content\/uploads\/sites\/17\/2025\/06\/IconoPreparese-3AUstedLeTocaDeclararSiCumpleConUnaDeEstasCondiciones.png\u00bb icon_placement=\u00bbleft\u00bb image_icon_width=\u00bb200%\u00bb _builder_version=\u00bb4.18.1&#8243; _module_preset=\u00bbdefault\u00bb header_font=\u00bbNunito Sans|700|||||||\u00bb header_text_color=\u00bb#2a2d44&#8243; header_font_size=\u00bb13px\u00bb background_color=\u00bb#f2f2f2&#8243; min_height=\u00bb70px\u00bb height=\u00bb70px\u00bb custom_padding=\u00bb16px|17px|9px|17px|false|true\u00bb link_option_url=\u00bb#Topes\u00bb box_shadow_style=\u00bbpreset1&#8243; box_shadow_vertical=\u00bb0px\u00bb box_shadow_blur=\u00bb0px\u00bb global_colors_info=\u00bb{}\u00bb box_shadow_blur__hover=\u00bb20px\u00bb box_shadow_blur__hover_enabled=\u00bbon|hover\u00bb][\/et_pb_blurb][et_pb_blurb title=\u00bb2. Todo lo que usted debe saber sobre renta.\u00bb url=\u00bbhttps:\/\/micrositios.dian.gov.co\/renta-personas-naturales-ag-2024\/todo-lo-que-usted-debe-saber-sobre-renta\/\u00bb image=\u00bbhttp:\/\/micrositios.dian.gov.co\/renta-personas-naturales-ag-2024\/wp-content\/uploads\/sites\/17\/2025\/06\/IconoPreparese-1TodoLoQueUstedDebeSaberSobreRenta.png\u00bb icon_placement=\u00bbleft\u00bb image_icon_width=\u00bb200%\u00bb _builder_version=\u00bb4.18.1&#8243; _module_preset=\u00bbdefault\u00bb header_font=\u00bbNunito Sans|700|||||||\u00bb header_text_color=\u00bb#2a2d44&#8243; header_font_size=\u00bb13px\u00bb background_color=\u00bb#f2f2f2&#8243; min_height=\u00bb70px\u00bb height=\u00bb70px\u00bb custom_padding=\u00bb16px|17px|9px|17px|false|true\u00bb link_option_url=\u00bbhttps:\/\/micrositios.dian.gov.co\/renta-personas-naturales-ag-2024\/todo-lo-que-usted-debe-saber-sobre-renta\/\u00bb box_shadow_style=\u00bbpreset1&#8243; box_shadow_vertical=\u00bb0px\u00bb box_shadow_blur=\u00bb0px\u00bb global_colors_info=\u00bb{}\u00bb box_shadow_blur__hover=\u00bb20px\u00bb box_shadow_blur__hover_enabled=\u00bbon|hover\u00bb][\/et_pb_blurb][et_pb_blurb title=\u00bb3. Inscr\u00edbase o actualice su RUT.\u00bb url=\u00bb#Inscribase\u00bb image=\u00bbhttp:\/\/micrositios.dian.gov.co\/renta-personas-naturales-ag-2024\/wp-content\/uploads\/sites\/17\/2025\/06\/IconoPreparese-5InscribaseOActualiceSuRUT.png\u00bb icon_placement=\u00bbleft\u00bb image_icon_width=\u00bb200%\u00bb _builder_version=\u00bb4.18.1&#8243; _module_preset=\u00bbdefault\u00bb header_font=\u00bbNunito Sans|700|||||||\u00bb header_text_color=\u00bb#2a2d44&#8243; header_font_size=\u00bb13px\u00bb background_color=\u00bb#f2f2f2&#8243; min_height=\u00bb70px\u00bb height=\u00bb70px\u00bb custom_padding=\u00bb16px|17px|9px|17px|false|true\u00bb link_option_url=\u00bb#Inscribase\u00bb box_shadow_style=\u00bbpreset1&#8243; box_shadow_vertical=\u00bb0px\u00bb box_shadow_blur=\u00bb0px\u00bb global_colors_info=\u00bb{}\u00bb box_shadow_blur__hover=\u00bb20px\u00bb box_shadow_blur__hover_enabled=\u00bbon|hover\u00bb][\/et_pb_blurb][et_pb_blurb title=\u00bb4. Valide su usuario, contrase\u00f1a y firma electr\u00f3nica.\u00bb url=\u00bb#Validacion\u00bb image=\u00bbhttp:\/\/micrositios.dian.gov.co\/renta-personas-naturales-ag-2024\/wp-content\/uploads\/sites\/17\/2025\/06\/IconoPreparese-6ValideSuUsuarioContrasenaYFirmaElectronica.png\u00bb icon_placement=\u00bbleft\u00bb image_icon_width=\u00bb200%\u00bb _builder_version=\u00bb4.18.1&#8243; _module_preset=\u00bbdefault\u00bb header_font=\u00bbNunito Sans|700|||||||\u00bb header_text_color=\u00bb#2a2d44&#8243; header_font_size=\u00bb13px\u00bb background_color=\u00bb#f2f2f2&#8243; min_height=\u00bb70px\u00bb height=\u00bb70px\u00bb custom_padding=\u00bb16px|17px|9px|17px|false|true\u00bb link_option_url=\u00bb#Validacion\u00bb box_shadow_style=\u00bbpreset1&#8243; box_shadow_vertical=\u00bb0px\u00bb box_shadow_blur=\u00bb0px\u00bb global_colors_info=\u00bb{}\u00bb box_shadow_blur__hover=\u00bb20px\u00bb box_shadow_blur__hover_enabled=\u00bbon|hover\u00bb][\/et_pb_blurb][\/et_pb_column][et_pb_column type=\u00bb1_3&#8243; _builder_version=\u00bb4.16&#8243; _module_preset=\u00bbdefault\u00bb global_colors_info=\u00bb{}\u00bb][et_pb_blurb title=\u00bb5. Conozca las \u00faltimas novedades que trajo la declaraci\u00f3n de renta personas naturales.\u00bb url=\u00bb#Novedades\u00bb image=\u00bbhttp:\/\/micrositios.dian.gov.co\/renta-personas-naturales-ag-2024\/wp-content\/uploads\/sites\/17\/2025\/06\/IconoPreparese-4LaDeclaracionDeRentaTraeNovedadesConozcalas.png\u00bb icon_placement=\u00bbleft\u00bb image_icon_width=\u00bb200%\u00bb _builder_version=\u00bb4.18.1&#8243; _module_preset=\u00bbdefault\u00bb header_font=\u00bbNunito Sans|700|||||||\u00bb header_text_color=\u00bb#2a2d44&#8243; header_font_size=\u00bb13px\u00bb background_color=\u00bb#f2f2f2&#8243; min_height=\u00bb70px\u00bb height=\u00bb70px\u00bb custom_padding=\u00bb16px|17px|9px|17px|false|true\u00bb link_option_url=\u00bb#Novedades\u00bb box_shadow_style=\u00bbpreset1&#8243; box_shadow_vertical=\u00bb0px\u00bb box_shadow_blur=\u00bb0px\u00bb global_colors_info=\u00bb{}\u00bb box_shadow_blur__hover=\u00bb20px\u00bb box_shadow_blur__hover_enabled=\u00bbon|hover\u00bb][\/et_pb_blurb][et_pb_blurb title=\u00bb6. \u00bfQu\u00e9 es la informaci\u00f3n ex\u00f3gena y por qu\u00e9 es importante?\u00bb url=\u00bb#Exogena\u00bb image=\u00bbhttp:\/\/micrositios.dian.gov.co\/renta-personas-naturales-ag-2024\/wp-content\/uploads\/sites\/17\/2025\/06\/IconoPreparese-7ConsulteSuInformacionExogenaReportadaPorTercerosALaDIAN.png\u00bb icon_placement=\u00bbleft\u00bb image_icon_width=\u00bb200%\u00bb _builder_version=\u00bb4.18.1&#8243; _module_preset=\u00bbdefault\u00bb header_font=\u00bbNunito Sans|700|||||||\u00bb header_text_color=\u00bb#2a2d44&#8243; header_font_size=\u00bb13px\u00bb background_color=\u00bb#f2f2f2&#8243; min_height=\u00bb70px\u00bb height=\u00bb70px\u00bb custom_padding=\u00bb16px|17px|9px|17px|false|true\u00bb link_option_url=\u00bb#Exogena\u00bb box_shadow_style=\u00bbpreset1&#8243; box_shadow_vertical=\u00bb0px\u00bb box_shadow_blur=\u00bb0px\u00bb global_colors_info=\u00bb{}\u00bb box_shadow_blur__hover=\u00bb20px\u00bb box_shadow_blur__hover_enabled=\u00bbon|hover\u00bb][\/et_pb_blurb][et_pb_blurb title=\u00bb7. Progr\u00e1mese con los que saben de renta.\u00bb url=\u00bb#Capacitaciones\u00bb image=\u00bbhttp:\/\/micrositios.dian.gov.co\/renta-personas-naturales-ag-2024\/wp-content\/uploads\/sites\/17\/2025\/06\/IconoPreparese-8AprendaConLosQueSabenDeRentaProgrameseParaLasCapacitacionesEnTodoElPais-3.png\u00bb icon_placement=\u00bbleft\u00bb image_icon_width=\u00bb200%\u00bb _builder_version=\u00bb4.18.1&#8243; _module_preset=\u00bbdefault\u00bb header_font=\u00bbNunito Sans|700|||||||\u00bb header_text_color=\u00bb#2a2d44&#8243; header_font_size=\u00bb13px\u00bb background_color=\u00bb#f2f2f2&#8243; min_height=\u00bb70px\u00bb height=\u00bb70px\u00bb custom_padding=\u00bb16px|17px|9px|17px|false|true\u00bb link_option_url=\u00bb#Capacitaciones\u00bb box_shadow_style=\u00bbpreset1&#8243; box_shadow_vertical=\u00bb0px\u00bb box_shadow_blur=\u00bb0px\u00bb global_colors_info=\u00bb{}\u00bb box_shadow_blur__hover=\u00bb20px\u00bb box_shadow_blur__hover_enabled=\u00bbon|hover\u00bb][\/et_pb_blurb][et_pb_blurb title=\u00bb8. Videos recomendados.\u00bb url=\u00bb#Videos\u00bb image=\u00bbhttp:\/\/micrositios.dian.gov.co\/renta-personas-naturales-ag-2024\/wp-content\/uploads\/sites\/17\/2025\/06\/Ico-ContenidoRecomendado-3.png\u00bb icon_placement=\u00bbleft\u00bb image_icon_width=\u00bb200%\u00bb disabled_on=\u00bboff|off|off\u00bb _builder_version=\u00bb4.18.1&#8243; _module_preset=\u00bbdefault\u00bb header_font=\u00bbNunito Sans|700|||||||\u00bb header_text_color=\u00bb#2a2d44&#8243; header_font_size=\u00bb13px\u00bb background_color=\u00bb#f2f2f2&#8243; height=\u00bb64px\u00bb custom_padding=\u00bb16px|17px|9px|17px|false|true\u00bb link_option_url=\u00bb#Videos\u00bb box_shadow_style=\u00bbpreset1&#8243; box_shadow_vertical=\u00bb0px\u00bb box_shadow_blur=\u00bb0px\u00bb locked=\u00bboff\u00bb global_colors_info=\u00bb{}\u00bb box_shadow_blur__hover=\u00bb20px\u00bb box_shadow_blur__hover_enabled=\u00bbon|hover\u00bb][\/et_pb_blurb][\/et_pb_column][et_pb_column type=\u00bb1_3&#8243; _builder_version=\u00bb4.16&#8243; _module_preset=\u00bbdefault\u00bb global_colors_info=\u00bb{}\u00bb][et_pb_blurb title=\u00bb9. Consulte las normas vigentes.\u00bb url=\u00bb#Normas\u00bb image=\u00bbhttp:\/\/micrositios.dian.gov.co\/renta-personas-naturales-ag-2024\/wp-content\/uploads\/sites\/17\/2025\/06\/IconoPreparese-10ConuslteLasNormasVigentes.png\u00bb icon_placement=\u00bbleft\u00bb image_icon_width=\u00bb200%\u00bb _builder_version=\u00bb4.18.1&#8243; _module_preset=\u00bbdefault\u00bb header_font=\u00bbNunito Sans|700|||||||\u00bb header_text_color=\u00bb#2a2d44&#8243; header_font_size=\u00bb13px\u00bb background_color=\u00bb#f2f2f2&#8243; min_height=\u00bb70px\u00bb height=\u00bb70px\u00bb custom_padding=\u00bb16px|17px|9px|17px|false|true\u00bb link_option_url=\u00bb#Normas\u00bb box_shadow_style=\u00bbpreset1&#8243; box_shadow_vertical=\u00bb0px\u00bb box_shadow_blur=\u00bb0px\u00bb global_colors_info=\u00bb{}\u00bb box_shadow_blur__hover=\u00bb20px\u00bb box_shadow_blur__hover_enabled=\u00bbon|hover\u00bb][\/et_pb_blurb][et_pb_blurb title=\u00bb10. Diccionario tributario de renta.\u00bb url=\u00bb#Diccionario\u00bb image=\u00bbhttp:\/\/micrositios.dian.gov.co\/renta-personas-naturales-ag-2024\/wp-content\/uploads\/sites\/17\/2025\/06\/IconoPreparese-9DiccionarioTributario.png\u00bb icon_placement=\u00bbleft\u00bb image_icon_width=\u00bb200%\u00bb _builder_version=\u00bb4.18.1&#8243; _module_preset=\u00bbdefault\u00bb header_font=\u00bbNunito Sans|700|||||||\u00bb header_text_color=\u00bb#2a2d44&#8243; header_font_size=\u00bb13px\u00bb background_color=\u00bb#f2f2f2&#8243; min_height=\u00bb70px\u00bb height=\u00bb70px\u00bb custom_padding=\u00bb16px|17px|9px|17px|false|true\u00bb link_option_url=\u00bb#Diccionario\u00bb box_shadow_style=\u00bbpreset1&#8243; box_shadow_vertical=\u00bb0px\u00bb box_shadow_blur=\u00bb0px\u00bb global_colors_info=\u00bb{}\u00bb box_shadow_blur__hover=\u00bb20px\u00bb box_shadow_blur__hover_enabled=\u00bbon|hover\u00bb][\/et_pb_blurb][\/et_pb_column][\/et_pb_row][\/et_pb_section][et_pb_section fb_built=\u00bb1&#8243; admin_label=\u00bbPopup &#8211; #Diccionario\u00bb module_id=\u00bbDiccionario\u00bb module_class=\u00bbpopup close-alt\u00bb _builder_version=\u00bb4.18.1&#8243; _module_preset=\u00bbdefault\u00bb background_color=\u00bb#FFFFFF\u00bb width=\u00bb91%\u00bb custom_padding=\u00bb0px|0px|0px|0px|true|false\u00bb da_is_popup=\u00bbon\u00bb da_popup_slug=\u00bbDiccionario\u00bb da_alt_close=\u00bbon\u00bb da_disable_devices=\u00bboff|off|off\u00bb locked=\u00bboff\u00bb global_colors_info=\u00bb{}\u00bb da_exit_intent=\u00bboff\u00bb da_has_close=\u00bbon\u00bb da_dark_close=\u00bboff\u00bb da_not_modal=\u00bbon\u00bb da_is_singular=\u00bboff\u00bb da_with_loader=\u00bboff\u00bb da_has_shadow=\u00bbon\u00bb][et_pb_row _builder_version=\u00bb4.16&#8243; _module_preset=\u00bbdefault\u00bb background_color=\u00bb#FFFFFF\u00bb custom_padding=\u00bb44px|0px|44px|0px|true|true\u00bb global_colors_info=\u00bb{}\u00bb][et_pb_column type=\u00bb4_4&#8243; _builder_version=\u00bb4.16&#8243; _module_preset=\u00bbdefault\u00bb global_colors_info=\u00bb{}\u00bb][et_pb_text _builder_version=\u00bb4.18.1&#8243; _module_preset=\u00bbdefault\u00bb text_font=\u00bbUbuntu|700|||||||\u00bb text_text_color=\u00bb#252944&#8243; text_font_size=\u00bb25px\u00bb header_text_color=\u00bb#E02B20&#8243; header_3_font=\u00bbUbuntu|700|||||||\u00bb header_3_text_color=\u00bb#252944&#8243; header_3_font_size=\u00bb25px\u00bb header_4_font=\u00bbNunito Sans|700|||||||\u00bb header_4_text_color=\u00bb#2a2d44&#8243; header_4_font_size=\u00bb20px\u00bb text_orientation=\u00bbcenter\u00bb custom_padding=\u00bb0px|||||\u00bb global_colors_info=\u00bb{}\u00bb]<\/p>\n<h4 style=\"text-align: center;\"><strong><img loading=\"lazy\" decoding=\"async\" src=\"http:\/\/micrositios.dian.gov.co\/renta-personas-naturales-ag-2024\/wp-content\/uploads\/sites\/17\/2025\/06\/IconoPreparese-9DiccionarioTributario.png\" alt=\"\" class=\"wp-image-1961 alignnone size-full\" width=\"54\" height=\"54\" \/><\/strong><\/h4>\n<h4 style=\"text-align: center;\"><strong>Diccionario tributario de renta<br \/><\/strong><\/h4>\n<p>[\/et_pb_text][et_pb_divider color=\u00bb#2a2d44&#8243; divider_weight=\u00bb3px\u00bb _builder_version=\u00bb4.18.1&#8243; _module_preset=\u00bbdefault\u00bb width=\u00bb27%\u00bb module_alignment=\u00bbcenter\u00bb custom_margin=\u00bb-23px||10px||false|false\u00bb global_colors_info=\u00bb{}\u00bb][\/et_pb_divider][et_pb_accordion open_toggle_text_color=\u00bb#2a2d44&#8243; closed_toggle_text_color=\u00bb#2a2d44&#8243; closed_toggle_background_color=\u00bb#f2f2f2&#8243; toggle_icon=\u00bb&#xf00e;||fa||900&#8243; icon_color=\u00bb#2a2d44&#8243; use_icon_font_size=\u00bbon\u00bb icon_font_size=\u00bb30px\u00bb _builder_version=\u00bb4.18.1&#8243; _module_preset=\u00bbdefault\u00bb toggle_text_color=\u00bb#2a2d44&#8243; toggle_font=\u00bbNunito Sans|700|||||||\u00bb closed_toggle_font=\u00bbNunito Sans|700|||||||\u00bb body_font=\u00bbNunito Sans||||||||\u00bb body_text_color=\u00bb#2a2d44&#8243; locked=\u00bboff\u00bb global_colors_info=\u00bb{}\u00bb][et_pb_accordion_item open=\u00bbon\u00bb _builder_version=\u00bb4.18.1&#8243; _module_preset=\u00bbdefault\u00bb custom_css_main_element=\u00bbdisplay:none;\u00bb global_colors_info=\u00bb{}\u00bb][\/et_pb_accordion_item][et_pb_accordion_item title=\u00bbA \u2013 N\u00bb toggle_icon=\u00bb&#xf00e;||fa||900&#8243; _builder_version=\u00bb4.18.1&#8243; _module_preset=\u00bbdefault\u00bb global_colors_info=\u00bb{}\u00bb open=\u00bboff\u00bb]<\/p>\n<table width=\"1995\">\n<tbody>\n<tr>\n<td width=\"205\"><strong>Siglas y t\u00e9rminos<\/strong><\/td>\n<td width=\"1790\"><strong>Definici\u00f3n<\/strong><\/td>\n<\/tr>\n<tr>\n<td><strong>AIS:\u00a0<\/strong><\/td>\n<td>Agro Ingreso Seguro (programa dentro del cual se otorgaba el ICR)<\/td>\n<\/tr>\n<tr>\n<td><strong>AG<\/strong><\/td>\n<td>A\u00f1o Gravable<\/td>\n<\/tr>\n<tr>\n<td><strong>Contribuyentes<\/strong><\/td>\n<td>Son contribuyentes o responsables directos del pago del tributo los sujetos respecto de quienes se realiza el hecho generador de la obligaci\u00f3n sustancial.<\/td>\n<\/tr>\n<tr>\n<td><strong>CDT\u00a0<\/strong><\/td>\n<td>Certificado de Dep\u00f3sito a T\u00e9rmino.<\/td>\n<\/tr>\n<tr>\n<td><strong>DIAN<\/strong><\/td>\n<td>Direcci\u00f3n de Impuestos y Aduanas Nacionales.<\/td>\n<\/tr>\n<tr>\n<td><strong>DV<\/strong><\/td>\n<td>D\u00edgito de Verificaci\u00f3n.<\/td>\n<\/tr>\n<tr>\n<td><strong>EAR<\/strong><\/td>\n<td>Entidad Autorizada para Recaudar.<\/td>\n<\/tr>\n<tr>\n<td><strong>Ganancias Ocasionales<\/strong><\/td>\n<td>Ingreso o utilidad que tiene una persona o empresa por la venta ocasional o espor\u00e1dica de un bien que no hace parte del giro ordinario de sus negocios, o por la ocurrencia de un hecho econ\u00f3mico excepcional como ganar la loter\u00eda o una rifa. Para la determinaci\u00f3n del Impuesto de la Ganancia Ocasional se debe tener en cuenta lo establecido en los art\u00edculos 299 al 317 del E.T.<\/td>\n<\/tr>\n<tr>\n<td><strong>ICA<\/strong><\/td>\n<td>Impuesto de Industria y Comercio.<\/td>\n<\/tr>\n<tr>\n<td><strong>Firma Electr\u00f3nica<\/strong><\/td>\n<td>Es un conjunto de datos que permiten firmar electr\u00f3nicamente un documento, identificando al firmante de manera inequ\u00edvoca dentro de los Servicios Digitales de la DIAN.<\/td>\n<\/tr>\n<tr>\n<td><strong>ICBF<\/strong><\/td>\n<td>Instituto Colombiano de Bienestar Familiar<\/td>\n<\/tr>\n<tr>\n<td><strong>NIT<\/strong><\/td>\n<td>Es el N\u00famero de Identificaci\u00f3n Tributaria, que constituye el c\u00f3digo de identificaci\u00f3n de los inscritos en el RUT.<\/td>\n<\/tr>\n<\/tbody>\n<\/table>\n<p>[\/et_pb_accordion_item][et_pb_accordion_item title=\u00bbR \u2013 U\u00bb toggle_icon=\u00bb&#xf00e;||fa||900&#8243; _builder_version=\u00bb4.18.1&#8243; _module_preset=\u00bbdefault\u00bb global_colors_info=\u00bb{}\u00bb open=\u00bboff\u00bb]<\/p>\n<table width=\"1995\">\n<tbody>\n<tr>\n<td width=\"205\"><strong>Siglas y t\u00e9rminos<\/strong><\/td>\n<td width=\"1790\"><strong>Definici\u00f3n<\/strong><\/td>\n<\/tr>\n<tr>\n<td><strong>RAIS<\/strong><\/td>\n<td>R\u00e9gimen de Ahorro Individual con Solidaridad.<\/td>\n<\/tr>\n<tr>\n<td><strong>Registro \u00danico Tributario -RUT<\/strong><\/td>\n<td>Constituye el mecanismo \u00fanico para identificar, ubicar y clasificar a los sujetos de obligaciones administradas por la Unidad Administrativa Especial Direcci\u00f3n de Impuestos y Aduanas Nacionales, DIAN, as\u00ed como aquellos que por disposici\u00f3n legal deban hacerlo o por decisi\u00f3n de la DIAN conforme con las normas legales y reglamentarias vigentes.<\/td>\n<\/tr>\n<tr>\n<td><strong>Residencia para efectos fiscales<\/strong><\/td>\n<td>El concepto de residencia fiscal en Colombia se refiere a la permanencia de las personas, continua o discontinua en el pa\u00eds, por m\u00e1s de 183 d\u00edas calendario durante un per\u00edodo cualquiera de 365 d\u00edas calendario consecutivos. No obstante, para determinar exactamente la residencia se deben revisar las dem\u00e1s condiciones se\u00f1aladas en el art\u00edculo 10 del E.T.<\/td>\n<\/tr>\n<tr>\n<td><strong>Residentes<\/strong><\/td>\n<td>Se refiere a residente fiscal, independientemente de que se encuentre dentro o fuera del pa\u00eds. Art\u00edculo 10 del E.T.<\/td>\n<\/tr>\n<tr>\n<td><strong>Sistema de Renta Cedular<\/strong><\/td>\n<td>Es un mecanismo que clasifica o agrupa las rentas o ingresos de acuerdo con la fuente que los produce, para aplicar una tarifa y dar un tratamiento particular a cada C\u00e9dula, permitiendo que el r\u00e9gimen jur\u00eddico aplicable a cada renta no afecte a ninguna otra, y que la base gravable no se vea disminuida indebidamente por deducciones, beneficios tributarios, y costos y gastos que solo deban ser imputados a una renta.<\/td>\n<\/tr>\n<tr>\n<td><strong>U.A.E.<\/strong><\/td>\n<td>Unidad Administrativa Especial.<\/td>\n<\/tr>\n<\/tbody>\n<\/table>\n<p>[\/et_pb_accordion_item][\/et_pb_accordion][\/et_pb_column][\/et_pb_row][\/et_pb_section][et_pb_section fb_built=\u00bb1&#8243; admin_label=\u00bb#Videos\u00bb module_id=\u00bbVideos\u00bb module_class=\u00bbpopup close-alt\u00bb _builder_version=\u00bb4.18.1&#8243; _module_preset=\u00bbdefault\u00bb background_color=\u00bb#FFFFFF\u00bb width=\u00bb91%\u00bb custom_padding=\u00bb0px|0px|0px|0px|true|false\u00bb da_is_popup=\u00bbon\u00bb da_popup_slug=\u00bbVideos\u00bb da_alt_close=\u00bbon\u00bb da_disable_devices=\u00bboff|off|off\u00bb locked=\u00bboff\u00bb global_colors_info=\u00bb{}\u00bb da_exit_intent=\u00bboff\u00bb da_has_close=\u00bbon\u00bb da_dark_close=\u00bboff\u00bb da_not_modal=\u00bbon\u00bb da_is_singular=\u00bboff\u00bb da_with_loader=\u00bboff\u00bb da_has_shadow=\u00bbon\u00bb][et_pb_row _builder_version=\u00bb4.16&#8243; _module_preset=\u00bbdefault\u00bb background_color=\u00bb#FFFFFF\u00bb custom_padding=\u00bb44px|0px|44px|0px|true|true\u00bb global_colors_info=\u00bb{}\u00bb][et_pb_column type=\u00bb4_4&#8243; _builder_version=\u00bb4.16&#8243; _module_preset=\u00bbdefault\u00bb global_colors_info=\u00bb{}\u00bb][et_pb_text _builder_version=\u00bb4.18.1&#8243; _module_preset=\u00bbdefault\u00bb text_font=\u00bbNunito Sans|700|||||||\u00bb text_text_color=\u00bb#2a2d44&#8243; text_font_size=\u00bb25px\u00bb header_text_color=\u00bb#E02B20&#8243; header_3_font=\u00bbUbuntu|700|||||||\u00bb header_3_text_color=\u00bb#252944&#8243; header_3_font_size=\u00bb25px\u00bb header_4_font=\u00bbNunito Sans|700|||||||\u00bb header_4_text_color=\u00bb#2a2d44&#8243; header_4_font_size=\u00bb20px\u00bb text_orientation=\u00bbcenter\u00bb custom_padding=\u00bb0px|||||\u00bb global_colors_info=\u00bb{}\u00bb]<\/p>\n<h4 style=\"text-align: center;\"><strong><img loading=\"lazy\" decoding=\"async\" src=\"http:\/\/micrositios.dian.gov.co\/renta-personas-naturales-ag-2024\/wp-content\/uploads\/sites\/17\/2025\/06\/Ico-ContenidoRecomendado-3.png\" alt=\"\" class=\"wp-image-2240 alignnone size-full\" width=\"54\" height=\"54\" \/><\/strong><\/h4>\n<h4 style=\"text-align: center;\"><strong><\/strong><strong>Videos recomendados<br \/><\/strong><\/h4>\n<p>[\/et_pb_text][et_pb_divider color=\u00bb#2a2d44&#8243; divider_weight=\u00bb3px\u00bb _builder_version=\u00bb4.18.1&#8243; _module_preset=\u00bbdefault\u00bb width=\u00bb19%\u00bb module_alignment=\u00bbcenter\u00bb custom_margin=\u00bb-23px||10px||false|false\u00bb global_colors_info=\u00bb{}\u00bb][\/et_pb_divider][et_pb_accordion open_toggle_text_color=\u00bb#2a2d44&#8243; closed_toggle_text_color=\u00bb#2a2d44&#8243; closed_toggle_background_color=\u00bb#f2f2f2&#8243; toggle_icon=\u00bb&#xf058;||fa||400&#8243; icon_color=\u00bb#2a2d44&#8243; use_icon_font_size=\u00bbon\u00bb icon_font_size=\u00bb30px\u00bb disabled_on=\u00bboff|off|off\u00bb _builder_version=\u00bb4.18.1&#8243; _module_preset=\u00bbdefault\u00bb toggle_text_color=\u00bb#2a2d44&#8243; toggle_font=\u00bbNunito Sans|700|||||||\u00bb closed_toggle_font=\u00bbNunito Sans|700|||||||\u00bb body_font=\u00bbNunito Sans||||||||\u00bb body_text_color=\u00bb#2a2d44&#8243; locked=\u00bboff\u00bb global_colors_info=\u00bb{}\u00bb][et_pb_accordion_item open=\u00bbon\u00bb _builder_version=\u00bb4.18.1&#8243; _module_preset=\u00bbdefault\u00bb custom_css_main_element=\u00bbdisplay:none;\u00bb global_colors_info=\u00bb{}\u00bb][\/et_pb_accordion_item][et_pb_accordion_item title=\u00bbCumpla sus Obligaciones Tributarias con Asesor\u00eda Gratuita \u2013 NAF DIAN Colombia\u00bb toggle_icon=\u00bb&#xf167;||fa||400&#8243; _builder_version=\u00bb4.18.1&#8243; _module_preset=\u00bbdefault\u00bb global_colors_info=\u00bb{}\u00bb open=\u00bboff\u00bb]<\/p>\n<p><iframe loading=\"lazy\" title=\"Cumpla sus Obligaciones Tributarias con Asesor\u00eda Gratuita \u2013 NAF DIAN Colombia\" width=\"1080\" height=\"608\" src=\"https:\/\/www.youtube.com\/embed\/xHcZmN9AFbo?feature=oembed\"  allow=\"accelerometer; autoplay; clipboard-write; encrypted-media; gyroscope; picture-in-picture; web-share\" referrerpolicy=\"strict-origin-when-cross-origin\" allowfullscreen><\/iframe><\/p>\n<p>[\/et_pb_accordion_item][et_pb_accordion_item title=\u00bb\u00bfC\u00f3mo habilitar su cuenta de usuario y generar su firma electr\u00f3nica? \u00bb toggle_icon=\u00bb&#xf167;||fa||400&#8243; _builder_version=\u00bb4.18.1&#8243; _module_preset=\u00bbdefault\u00bb global_colors_info=\u00bb{}\u00bb open=\u00bboff\u00bb]<\/p>\n<p><iframe loading=\"lazy\" title=\"\u00bfC\u00f3mo habilitar su cuenta de usuario y generar su firma electr\u00f3nica?\" width=\"1080\" height=\"608\" src=\"https:\/\/www.youtube.com\/embed\/3Z92bkLh67A?feature=oembed\"  allow=\"accelerometer; autoplay; clipboard-write; encrypted-media; gyroscope; picture-in-picture; web-share\" referrerpolicy=\"strict-origin-when-cross-origin\" allowfullscreen><\/iframe><\/p>\n<p>[\/et_pb_accordion_item][et_pb_accordion_item title=\u00bbPaso a paso para la inscripci\u00f3n virtual en el RUT &#8211; DIAN\u00bb toggle_icon=\u00bb&#xf167;||fa||400&#8243; _builder_version=\u00bb4.18.1&#8243; _module_preset=\u00bbdefault\u00bb global_colors_info=\u00bb{}\u00bb open=\u00bboff\u00bb]<\/p>\n<p><iframe loading=\"lazy\" title=\"Paso a paso para la inscripci\u00f3n virtual en el RUT - DIAN\" width=\"1080\" height=\"608\" src=\"https:\/\/www.youtube.com\/embed\/RVbImixXiEg?feature=oembed\"  allow=\"accelerometer; autoplay; clipboard-write; encrypted-media; gyroscope; picture-in-picture; web-share\" referrerpolicy=\"strict-origin-when-cross-origin\" allowfullscreen><\/iframe><\/p>\n<p>[\/et_pb_accordion_item][et_pb_accordion_item title=\u00bb C\u00f3mo recuperar su cuenta de usuario y generar su firma electr\u00f3nica \u00bb toggle_icon=\u00bb&#xf167;||fa||400&#8243; _builder_version=\u00bb4.18.1&#8243; _module_preset=\u00bbdefault\u00bb global_colors_info=\u00bb{}\u00bb open=\u00bboff\u00bb]<\/p>\n<p><iframe loading=\"lazy\" title=\"C\u00f3mo recuperar su cuenta de usuario y generar su firma electr\u00f3nica\" width=\"1080\" height=\"608\" src=\"https:\/\/www.youtube.com\/embed\/ODcVjtU2tU0?feature=oembed\"  allow=\"accelerometer; autoplay; clipboard-write; encrypted-media; gyroscope; picture-in-picture; web-share\" referrerpolicy=\"strict-origin-when-cross-origin\" allowfullscreen><\/iframe><\/p>\n<p>[\/et_pb_accordion_item][et_pb_accordion_item title=\u00bb Programa Ayuda Renta, diligenciamiento y presentaci\u00f3n Formulario 210 (Sesi\u00f3n 1) \u00bb toggle_icon=\u00bb&#xf167;||fa||400&#8243; _builder_version=\u00bb4.18.1&#8243; _module_preset=\u00bbdefault\u00bb global_colors_info=\u00bb{}\u00bb open=\u00bboff\u00bb]<\/p>\n<p><iframe loading=\"lazy\" title=\"Programa Ayuda Renta, diligenciamiento y presentaci\u00f3n Formulario 210 (Sesi\u00f3n 1)\" width=\"1080\" height=\"608\" src=\"https:\/\/www.youtube.com\/embed\/RiI1QtkOR24?feature=oembed\"  allow=\"accelerometer; autoplay; clipboard-write; encrypted-media; gyroscope; picture-in-picture; web-share\" referrerpolicy=\"strict-origin-when-cross-origin\" allowfullscreen><\/iframe><\/p>\n<p>[\/et_pb_accordion_item][et_pb_accordion_item title=\u00bb Programa Ayuda Renta, diligenciamiento y presentaci\u00f3n Formulario 210 (Sesi\u00f3n 2) \u00bb toggle_icon=\u00bb&#xf167;||fa||400&#8243; _builder_version=\u00bb4.18.1&#8243; _module_preset=\u00bbdefault\u00bb global_colors_info=\u00bb{}\u00bb open=\u00bboff\u00bb]<\/p>\n<p><iframe loading=\"lazy\" title=\"Programa Ayuda Renta, diligenciamiento y presentaci\u00f3n Formulario 210 (Sesi\u00f3n 2)\" width=\"1080\" height=\"608\" src=\"https:\/\/www.youtube.com\/embed\/xBOvOy2Frq4?feature=oembed\"  allow=\"accelerometer; autoplay; clipboard-write; encrypted-media; gyroscope; picture-in-picture; web-share\" referrerpolicy=\"strict-origin-when-cross-origin\" allowfullscreen><\/iframe><\/p>\n<p>[\/et_pb_accordion_item][\/et_pb_accordion][\/et_pb_column][\/et_pb_row][\/et_pb_section][et_pb_section fb_built=\u00bb1&#8243; admin_label=\u00bb#Inscribase\u00bb module_id=\u00bbInscribase\u00bb module_class=\u00bbpopup close-alt\u00bb _builder_version=\u00bb4.18.1&#8243; _module_preset=\u00bbdefault\u00bb background_color=\u00bb#FFFFFF\u00bb width=\u00bb91%\u00bb custom_padding=\u00bb0px|0px|0px|0px|true|false\u00bb da_is_popup=\u00bbon\u00bb da_popup_slug=\u00bbInscribase\u00bb da_alt_close=\u00bbon\u00bb da_disable_devices=\u00bboff|off|off\u00bb locked=\u00bboff\u00bb global_colors_info=\u00bb{}\u00bb da_exit_intent=\u00bboff\u00bb da_has_close=\u00bbon\u00bb da_dark_close=\u00bboff\u00bb da_not_modal=\u00bbon\u00bb da_is_singular=\u00bboff\u00bb da_with_loader=\u00bboff\u00bb da_has_shadow=\u00bbon\u00bb][et_pb_row _builder_version=\u00bb4.16&#8243; _module_preset=\u00bbdefault\u00bb background_color=\u00bb#FFFFFF\u00bb custom_padding=\u00bb44px|0px|44px|0px|true|true\u00bb global_colors_info=\u00bb{}\u00bb][et_pb_column type=\u00bb4_4&#8243; _builder_version=\u00bb4.16&#8243; _module_preset=\u00bbdefault\u00bb global_colors_info=\u00bb{}\u00bb][et_pb_text _builder_version=\u00bb4.18.1&#8243; _module_preset=\u00bbdefault\u00bb text_font=\u00bbUbuntu|700|||||||\u00bb text_text_color=\u00bb#252944&#8243; text_font_size=\u00bb25px\u00bb header_text_color=\u00bb#E09900&#8243; header_3_font=\u00bbUbuntu|700|||||||\u00bb header_3_text_color=\u00bb#252944&#8243; header_3_font_size=\u00bb25px\u00bb header_4_font=\u00bbNunito Sans|700|||||||\u00bb header_4_text_color=\u00bb#2a2d44&#8243; header_4_font_size=\u00bb20px\u00bb text_orientation=\u00bbcenter\u00bb custom_padding=\u00bb0px|||||\u00bb global_colors_info=\u00bb{}\u00bb]<\/p>\n<h4 style=\"text-align: center;\"><strong><img loading=\"lazy\" decoding=\"async\" src=\"http:\/\/micrositios.dian.gov.co\/renta-personas-naturales-ag-2024\/wp-content\/uploads\/sites\/17\/2025\/06\/IconoPreparese-5InscribaseOActualiceSuRUT.png\" alt=\"\" class=\"wp-image-1956 alignnone size-full\" width=\"54\" height=\"54\" \/><\/strong><\/h4>\n<h4 style=\"text-align: center;\"><strong>Inscr\u00edbase o actualice su RUT<br \/><\/strong><\/h4>\n<p>[\/et_pb_text][et_pb_divider color=\u00bb#2a2d44&#8243; divider_weight=\u00bb3px\u00bb _builder_version=\u00bb4.18.1&#8243; _module_preset=\u00bbdefault\u00bb width=\u00bb25%\u00bb module_alignment=\u00bbcenter\u00bb custom_margin=\u00bb-23px||10px||false|false\u00bb global_colors_info=\u00bb{}\u00bb][\/et_pb_divider][et_pb_text _builder_version=\u00bb4.18.1&#8243; _module_preset=\u00bbdefault\u00bb text_font=\u00bbNunito Sans||||||||\u00bb text_text_color=\u00bb#2a2d44&#8243; global_colors_info=\u00bb{}\u00bb]<\/p>\n<p><strong>Inscr\u00edbase<\/strong><\/p>\n<p>Si NO est\u00e1 inscrito en el RUT, es mayor de 18 a\u00f1os y no necesita de apoderado o representante, ni de un tr\u00e1mite en c\u00e1mara de comercio, <a href=\"https:\/\/muisca.dian.gov.co\/WebRutVirtualInscripcion\/#\/proceso-guiado\/tipoPersona\" target=\"_blank\" rel=\"noopener\">inscr\u00edbase en l\u00ednea en el RUT virtual<\/a><\/p>\n<p>Si usted es persona natural y cumple con los requisitos para declarar renta (a\u00f1o gravable 2024), debe inscribirse en el RUT antes de que se venza el plazo para presentar su declaraci\u00f3n.<br \/>Haga clic <a href=\"\/\/www.dian.gov.co\/impuestos\/personas\/Documents\/Paso_a_paso_RUT_virtual.pdf\" target=\"_blank\" rel=\"noopener\">aqu\u00ed<\/a> para saber c\u00f3mo.<\/p>\n<p><strong>Actual\u00edcelo<\/strong><\/p>\n<p>Si usted cambi\u00f3 de correo electr\u00f3nico, direcci\u00f3n, tel\u00e9fono, actividad econ\u00f3mica o responsabilidad, usted debe actualizar su RUT. Haga clic <a href=\"https:\/\/www.dian.gov.co\/impuestos\/personas\/Documents\/Paso_a_paso_RUT_virtual.pdf\" target=\"_blank\" rel=\"noopener\">aqu\u00ed<\/a> para saber c\u00f3mo.<\/p>\n<p>Recuerde que la actualizaci\u00f3n de la informaci\u00f3n del RUT es su responsabilidad y debe hacerla dentro del mes siguiente a los cambios que usted tenga que hacer en \u00e9l.<\/p>\n<p>Si ya est\u00e1 inscrito en el RUT, verifique su informaci\u00f3n y actual\u00edcela.<\/p>\n<p>Usted tambi\u00e9n puede agendar cita en <a href=\"https:\/\/www.dian.gov.co\/\" target=\"_blank\" rel=\"noopener\">www.dian.gov.co<\/a> opci\u00f3n <a href=\"https:\/\/www.dian.gov.co\/atencionciudadano\/Agendamiento-de-Citas\/Paginas\/Inicio.aspx\" target=\"_blank\" rel=\"noopener\">\u2018Agendamiento de citas\u2019<\/a> para recibir la ayuda de un servidor p\u00fablico en la gesti\u00f3n de la inscripci\u00f3n o actualizaci\u00f3n del RUT. Para esto tiene dos opciones:<\/p>\n<p>\u2022 Atenci\u00f3n presencial<br \/>\u2022 Videoatenci\u00f3n<\/p>\n<p><strong>Su tr\u00e1mite puede ser gestionado en cualquier ciudad del pa\u00eds, sin importar su lugar de residencia.<\/strong><\/p>\n<p>[\/et_pb_text][\/et_pb_column][\/et_pb_row][\/et_pb_section][et_pb_section fb_built=\u00bb1&#8243; admin_label=\u00bbPopup &#8211; #Topes\u00bb module_id=\u00bbTopes\u00bb module_class=\u00bbpopup close-alt\u00bb _builder_version=\u00bb4.18.1&#8243; _module_preset=\u00bbdefault\u00bb background_color=\u00bb#FFFFFF\u00bb width=\u00bb91%\u00bb custom_padding=\u00bb30px|0px|30px|0px|true|false\u00bb da_is_popup=\u00bbon\u00bb da_popup_slug=\u00bbTopes\u00bb da_alt_close=\u00bbon\u00bb da_disable_devices=\u00bboff|off|off\u00bb locked=\u00bboff\u00bb global_colors_info=\u00bb{}\u00bb da_exit_intent=\u00bboff\u00bb da_has_close=\u00bbon\u00bb da_dark_close=\u00bboff\u00bb da_not_modal=\u00bbon\u00bb da_is_singular=\u00bboff\u00bb da_with_loader=\u00bboff\u00bb da_has_shadow=\u00bbon\u00bb][et_pb_row _builder_version=\u00bb4.16&#8243; _module_preset=\u00bbdefault\u00bb background_color=\u00bb#FFFFFF\u00bb custom_padding=\u00bb44px|0px|44px|0px|true|true\u00bb global_colors_info=\u00bb{}\u00bb][et_pb_column type=\u00bb4_4&#8243; _builder_version=\u00bb4.16&#8243; _module_preset=\u00bbdefault\u00bb global_colors_info=\u00bb{}\u00bb][et_pb_text _builder_version=\u00bb4.18.1&#8243; _module_preset=\u00bbdefault\u00bb text_font=\u00bbUbuntu|700|||||||\u00bb text_text_color=\u00bb#252944&#8243; text_font_size=\u00bb25px\u00bb header_text_color=\u00bb#E02B20&#8243; header_3_font=\u00bbUbuntu|700|||||||\u00bb header_3_text_color=\u00bb#252944&#8243; header_3_font_size=\u00bb25px\u00bb header_4_font=\u00bbNunito Sans|700|||||||\u00bb header_4_text_color=\u00bb#2a2d44&#8243; header_4_font_size=\u00bb20px\u00bb text_orientation=\u00bbcenter\u00bb custom_padding=\u00bb0px|||||\u00bb global_colors_info=\u00bb{}\u00bb]<\/p>\n<h4 style=\"text-align: center;\"><strong><img loading=\"lazy\" decoding=\"async\" src=\"http:\/\/micrositios.dian.gov.co\/renta-personas-naturales-ag-2024\/wp-content\/uploads\/sites\/17\/2025\/06\/IconoPreparese-3AUstedLeTocaDeclararSiCumpleConUnaDeEstasCondiciones.png\" alt=\"\" class=\"wp-image-1951 alignnone size-full\" width=\"54\" height=\"54\" \/><\/strong><\/h4>\n<h4 style=\"text-align: center;\"><strong><\/strong><strong>A usted le toca declarar si cumple con una de estas condiciones<br \/><\/strong><\/h4>\n<p>[\/et_pb_text][et_pb_divider color=\u00bb#252944&#8243; divider_weight=\u00bb3px\u00bb _builder_version=\u00bb4.18.1&#8243; _module_preset=\u00bbdefault\u00bb width=\u00bb55%\u00bb module_alignment=\u00bbcenter\u00bb custom_margin=\u00bb-23px||10px||false|false\u00bb global_colors_info=\u00bb{}\u00bb][\/et_pb_divider][\/et_pb_column][\/et_pb_row][et_pb_row _builder_version=\u00bb4.18.1&#8243; _module_preset=\u00bbdefault\u00bb custom_padding=\u00bb15px||0px|||\u00bb locked=\u00bboff\u00bb global_colors_info=\u00bb{}\u00bb][et_pb_column type=\u00bb4_4&#8243; _builder_version=\u00bb4.16&#8243; _module_preset=\u00bbdefault\u00bb global_colors_info=\u00bb{}\u00bb][et_pb_text _builder_version=\u00bb4.18.1&#8243; _module_preset=\u00bbdefault\u00bb text_font=\u00bbNunito Sans||||||||\u00bb text_text_color=\u00bb#2a2d44&#8243; text_orientation=\u00bbcenter\u00bb custom_margin=\u00bb0px||0px||true|true\u00bb custom_padding=\u00bb0px||0px||true|true\u00bb global_colors_info=\u00bb{}\u00bb]<\/p>\n<p style=\"text-align: left;\">Que su patrimonio bruto, a 31 de diciembre de 2023, haya sido superior a<\/p>\n<p>[\/et_pb_text][et_pb_number_counter number=\u00bb190.854.000&#8243; percent_sign=\u00bboff\u00bb module_id=\u00bbdollar\u00bb module_class=\u00bbdollar\u00bb _builder_version=\u00bb4.18.1&#8243; _module_preset=\u00bbdefault\u00bb number_font=\u00bbNunito Sans|700|||||||\u00bb number_text_align=\u00bbleft\u00bb number_text_color=\u00bb#2a2d44&#8243; number_font_size=\u00bb25px\u00bb module_alignment=\u00bbleft\u00bb custom_margin=\u00bb-20px||-20px||true|true\u00bb custom_padding=\u00bb9px||9px||true|true\u00bb motion_trigger_start=\u00bbtop\u00bb global_colors_info=\u00bb{}\u00bb][\/et_pb_number_counter][et_pb_divider color=\u00bb#1b94c1&#8243; divider_weight=\u00bb2px\u00bb _builder_version=\u00bb4.18.1&#8243; _module_preset=\u00bbdefault\u00bb width=\u00bb97%\u00bb module_alignment=\u00bbleft\u00bb custom_margin=\u00bb-23px||10px||false|false\u00bb global_colors_info=\u00bb{}\u00bb][\/et_pb_divider][et_pb_text _builder_version=\u00bb4.18.1&#8243; _module_preset=\u00bbdefault\u00bb text_font=\u00bbUbuntu||||||||\u00bb text_text_color=\u00bb#2b323d\u00bb text_orientation=\u00bbcenter\u00bb custom_margin=\u00bb0px||0px||true|false\u00bb custom_padding=\u00bb||||true\u00bb global_colors_info=\u00bb{}\u00bb]<\/p>\n<p style=\"text-align: left;\">Ser responsable del Impuesto sobre las Ventas (IVA) a 31 de diciembre de 2023.<\/p>\n<p>[\/et_pb_text][dipl_interactive_image_card _builder_version=\u00bb4.18.1&#8243; _module_preset=\u00bbdefault\u00bb global_colors_info=\u00bb{}\u00bb][\/dipl_interactive_image_card][\/et_pb_column][\/et_pb_row][\/et_pb_section][et_pb_section fb_built=\u00bb1&#8243; admin_label=\u00bbPopup &#8211; #Topes1&#8243; module_id=\u00bbTopes1&#8243; module_class=\u00bbpopup close-alt\u00bb _builder_version=\u00bb4.18.1&#8243; _module_preset=\u00bbdefault\u00bb background_color=\u00bb#FFFFFF\u00bb width=\u00bb91%\u00bb custom_padding=\u00bb30px|0px|30px|0px|true|false\u00bb da_is_popup=\u00bbon\u00bb da_popup_slug=\u00bbTopes1&#8243; da_alt_close=\u00bbon\u00bb da_disable_devices=\u00bboff|off|off\u00bb locked=\u00bboff\u00bb global_colors_info=\u00bb{}\u00bb da_exit_intent=\u00bboff\u00bb da_has_close=\u00bbon\u00bb da_dark_close=\u00bboff\u00bb da_not_modal=\u00bbon\u00bb da_is_singular=\u00bboff\u00bb da_with_loader=\u00bboff\u00bb da_has_shadow=\u00bbon\u00bb][et_pb_row _builder_version=\u00bb4.16&#8243; _module_preset=\u00bbdefault\u00bb background_color=\u00bb#FFFFFF\u00bb custom_padding=\u00bb44px|0px|44px|0px|true|true\u00bb global_colors_info=\u00bb{}\u00bb][et_pb_column type=\u00bb4_4&#8243; _builder_version=\u00bb4.16&#8243; _module_preset=\u00bbdefault\u00bb global_colors_info=\u00bb{}\u00bb][et_pb_text _builder_version=\u00bb4.18.1&#8243; _module_preset=\u00bbdefault\u00bb text_font=\u00bbUbuntu|700|||||||\u00bb text_text_color=\u00bb#252944&#8243; text_font_size=\u00bb25px\u00bb header_text_color=\u00bb#E02B20&#8243; header_3_font=\u00bbUbuntu|700|||||||\u00bb header_3_text_color=\u00bb#252944&#8243; header_3_font_size=\u00bb25px\u00bb header_4_font=\u00bbNunito Sans|700|||||||\u00bb header_4_text_color=\u00bb#2a2d44&#8243; header_4_font_size=\u00bb20px\u00bb text_orientation=\u00bbcenter\u00bb custom_padding=\u00bb0px|||||\u00bb global_colors_info=\u00bb{}\u00bb]<\/p>\n<h4 style=\"text-align: center;\"><strong><img loading=\"lazy\" decoding=\"async\" src=\"http:\/\/micrositios.dian.gov.co\/renta-personas-naturales-ag-2024\/wp-content\/uploads\/sites\/17\/2025\/06\/IconoPreparese-3AUstedLeTocaDeclararSiCumpleConUnaDeEstasCondiciones.png\" alt=\"\" class=\"wp-image-1951 alignnone size-full\" width=\"54\" height=\"54\" \/><\/strong><\/h4>\n<h4 style=\"text-align: center;\"><strong><\/strong><strong>A usted le toca declarar si cumple con una de estas condiciones<br \/><\/strong><\/h4>\n<p>[\/et_pb_text][et_pb_divider color=\u00bb#2a2d44&#8243; divider_weight=\u00bb3px\u00bb _builder_version=\u00bb4.18.1&#8243; _module_preset=\u00bbdefault\u00bb width=\u00bb55%\u00bb module_alignment=\u00bbcenter\u00bb custom_margin=\u00bb-23px||10px||false|false\u00bb custom_padding=\u00bb||14px|||\u00bb global_colors_info=\u00bb{}\u00bb][\/et_pb_divider][et_pb_text _builder_version=\u00bb4.18.1&#8243; _module_preset=\u00bbdefault\u00bb text_font=\u00bbNunito Sans||||||||\u00bb text_text_color=\u00bb#2a2d44&#8243; header_text_color=\u00bb#E02B20&#8243; header_3_font=\u00bbUbuntu|700|||||||\u00bb header_3_text_color=\u00bb#252944&#8243; header_3_font_size=\u00bb25px\u00bb header_4_font=\u00bbUbuntu||||||||\u00bb header_4_font_size=\u00bb20px\u00bb text_orientation=\u00bbcenter\u00bb custom_margin=\u00bb||0px|||\u00bb custom_padding=\u00bb||0px|||\u00bb animation_style=\u00bbfade\u00bb global_colors_info=\u00bb{}\u00bb]<\/p>\n<ul>\n<li style=\"text-align: left;\">Haber sido responsable del impuesto sobre las ventas (IVA) a 31 de diciembre de 2024.<\/li>\n<li style=\"text-align: left;\">Que su patrimonio bruto, a 31 de diciembre de 2024, haya sido superior a 4.500 UVT <span style=\"color: #1b94c1;\"><strong>($211.793.000)<\/strong><\/span><\/li>\n<li style=\"text-align: left;\">Que, en 2024, sus ingresos brutos hayan sido iguales o superiores a 1.400 <span style=\"color: #1b94c1;\"><strong>($65.891.000).<\/strong><\/span><\/li>\n<li style=\"text-align: left;\">Que sus consumos con tarjeta de cr\u00e9dito, en 2024, hayan sido superiores a 1.400 UVT <span style=\"color: #1b94c1;\"><strong>($65.891.000).<\/strong><\/span><\/li>\n<li style=\"text-align: left;\">Que el valor total de sus compras y consumos, en 2024, hayan sido superiores a 1.400 UVT <span style=\"color: #1b94c1;\"><strong>($65.891.000).<\/strong><\/span><\/li>\n<li style=\"text-align: left;\">Que el valor total acumulado de sus consignaciones bancarias, dep\u00f3sitos o inversiones financieras, en 2024, hayan sido superiores a 1.400 UVT <span style=\"color: #1b94c1;\"><strong>($65.891.000).<\/strong><\/span><\/li>\n<\/ul>\n<p style=\"text-align: left;\"><strong>Tenga en cuenta que la UVT de referencia para el a\u00f1o gravable 2024 es de <span style=\"color: #1b94c1;\">$47.065.<\/span><\/strong><\/p>\n<p>[\/et_pb_text][\/et_pb_column][\/et_pb_row][\/et_pb_section][et_pb_section fb_built=\u00bb1&#8243; admin_label=\u00bbPopup &#8211; #Validacion\u00bb module_id=\u00bbValidacion\u00bb module_class=\u00bbpopup close-alt\u00bb _builder_version=\u00bb4.18.1&#8243; _module_preset=\u00bbdefault\u00bb background_color=\u00bb#FFFFFF\u00bb width=\u00bb91%\u00bb custom_padding=\u00bb0px|0px|0px|0px|true|false\u00bb da_is_popup=\u00bbon\u00bb da_popup_slug=\u00bbValidacion\u00bb da_alt_close=\u00bbon\u00bb da_disable_devices=\u00bboff|off|off\u00bb locked=\u00bboff\u00bb global_colors_info=\u00bb{}\u00bb da_exit_intent=\u00bboff\u00bb da_has_close=\u00bbon\u00bb da_dark_close=\u00bboff\u00bb da_not_modal=\u00bbon\u00bb da_is_singular=\u00bboff\u00bb da_with_loader=\u00bboff\u00bb da_has_shadow=\u00bbon\u00bb][et_pb_row _builder_version=\u00bb4.16&#8243; _module_preset=\u00bbdefault\u00bb background_color=\u00bb#FFFFFF\u00bb custom_padding=\u00bb44px|0px|44px|0px|true|true\u00bb global_colors_info=\u00bb{}\u00bb][et_pb_column type=\u00bb4_4&#8243; _builder_version=\u00bb4.16&#8243; _module_preset=\u00bbdefault\u00bb global_colors_info=\u00bb{}\u00bb][et_pb_text _builder_version=\u00bb4.18.1&#8243; _module_preset=\u00bbdefault\u00bb text_font=\u00bbUbuntu|700|||||||\u00bb text_text_color=\u00bb#252944&#8243; text_font_size=\u00bb25px\u00bb header_text_color=\u00bb#E02B20&#8243; header_3_font=\u00bbUbuntu|700|||||||\u00bb header_3_text_color=\u00bb#252944&#8243; header_3_font_size=\u00bb25px\u00bb header_4_font=\u00bbNunito Sans|700|||||||\u00bb header_4_text_color=\u00bb#2a2d44&#8243; header_4_font_size=\u00bb20px\u00bb text_orientation=\u00bbcenter\u00bb custom_padding=\u00bb0px|||||\u00bb global_colors_info=\u00bb{}\u00bb]<\/p>\n<h4 style=\"text-align: center;\"><strong><img loading=\"lazy\" decoding=\"async\" src=\"http:\/\/micrositios.dian.gov.co\/renta-personas-naturales-ag-2024\/wp-content\/uploads\/sites\/17\/2025\/06\/IconoPreparese-6ValideSuUsuarioContrasenaYFirmaElectronica.png\" alt=\"\" class=\"wp-image-1957 alignnone size-full\" width=\"54\" height=\"54\" \/><\/strong><\/h4>\n<h4 style=\"text-align: center;\"><strong><\/strong><strong>Valide su usuario, contrase\u00f1a y firma electr\u00f3nica<br \/><\/strong><\/h4>\n<p>[\/et_pb_text][et_pb_divider color=\u00bb#2a2d44&#8243; divider_weight=\u00bb3px\u00bb _builder_version=\u00bb4.18.1&#8243; _module_preset=\u00bbdefault\u00bb width=\u00bb42%\u00bb module_alignment=\u00bbcenter\u00bb custom_margin=\u00bb-23px||10px||false|false\u00bb global_colors_info=\u00bb{}\u00bb][\/et_pb_divider][et_pb_button button_url=\u00bbhttps:\/\/www.dian.gov.co\/impuestos\/Documents\/Abece-firma-electronica.pdf\u00bb url_new_window=\u00bbon\u00bb button_text=\u00bbDescargue aqu\u00ed el Abec\u00e9 de firma electr\u00f3nica\u00bb button_alignment=\u00bbcenter\u00bb _builder_version=\u00bb4.18.1&#8243; _module_preset=\u00bbdefault\u00bb custom_button=\u00bbon\u00bb button_text_size=\u00bb16px\u00bb button_text_color=\u00bb#2a2d44&#8243; button_font=\u00bbNunito Sans|700|||||||\u00bb button_icon=\u00bb&#xe07e;||divi||400&#8243; global_colors_info=\u00bb{}\u00bb][\/et_pb_button][et_pb_accordion open_toggle_text_color=\u00bb#2a2d44&#8243; closed_toggle_text_color=\u00bb#2a2d44&#8243; closed_toggle_background_color=\u00bb#f2f2f2&#8243; toggle_icon=\u00bb&#xf058;||fa||400&#8243; icon_color=\u00bb#2a2d44&#8243; use_icon_font_size=\u00bbon\u00bb icon_font_size=\u00bb30px\u00bb _builder_version=\u00bb4.18.1&#8243; _module_preset=\u00bbdefault\u00bb toggle_text_color=\u00bb#2a2d44&#8243; toggle_font=\u00bbNunito Sans|700|||||||\u00bb closed_toggle_font=\u00bbNunito Sans|700|||||||\u00bb body_font=\u00bbNunito Sans||||||||\u00bb body_text_color=\u00bb#2a2d44&#8243; locked=\u00bboff\u00bb global_colors_info=\u00bb{}\u00bb][et_pb_accordion_item open=\u00bbon\u00bb _builder_version=\u00bb4.18.1&#8243; _module_preset=\u00bbdefault\u00bb custom_css_main_element=\u00bbdisplay:none;\u00bb global_colors_info=\u00bb{}\u00bb][\/et_pb_accordion_item][et_pb_accordion_item title=\u00bbPaso a paso para habilitar su cuenta de usuario y generar su firma electr\u00f3nica\u00bb toggle_icon=\u00bb&#xf058;||fa||400&#8243; _builder_version=\u00bb4.18.1&#8243; _module_preset=\u00bbdefault\u00bb global_colors_info=\u00bb{}\u00bb open=\u00bboff\u00bb]<\/p>\n<p>Siga este paso a paso si usted est\u00e1 inscrito en el RUT y tiene registrado un correo electr\u00f3nico o un n\u00famero celular que est\u00e1n activos, pero a\u00fan no ha habilitado su cuenta de usuario para entrar a los tr\u00e1mites y servicios de la DIAN.<\/p>\n<p>La contrase\u00f1a de la cuenta de usuario y de la firma electr\u00f3nica ser\u00e1 la misma. Recuerde que la firma electr\u00f3nica es obligatoria para autenticar sus documentos<strong> <\/strong><\/p>\n<p>1. Entre a <a href=\"http:\/\/www.dian.gov.co\" target=\"_blank\" rel=\"noopener\">www.dian.gov.co<\/a> y vaya la opci\u00f3n \u201cUsuario Registrado\u201d. Haga clic en \u2018<strong>habil\u00edtela aqu\u00ed\u2019<\/strong>. Tambi\u00e9n puede habilitarla por la opci\u00f3n \u2018Usuario nuevo\u2019 en el portal transaccional.<\/p>\n<p><img loading=\"lazy\" decoding=\"async\" src=\"http:\/\/micrositios.dian.gov.co\/renta-personas-naturales-ag-2023\/wp-content\/uploads\/sites\/15\/2024\/06\/Paso-1-validacion-usuario-2023.jpg\" alt=\"\" class=\"size-medium alignnone\" width=\"500\" height=\"556\" \/><\/p>\n<p>2. Escriba sus datos en cada uno de los campos y haga clic en \u2018<strong>Habilitar cuenta\u2019<\/strong>.<\/p>\n<p><img loading=\"lazy\" decoding=\"async\" src=\"http:\/\/micrositios.dian.gov.co\/renta-personas-naturales-ag-2023\/wp-content\/uploads\/sites\/15\/2024\/06\/Paso-2-validacion-usuario-2023.jpg\" alt=\"\" class=\"size-medium alignnone\" width=\"501\" height=\"398\" \/><\/p>\n<p>3. Lea la informaci\u00f3n que le muestra el sistema. Haga clic en \u2018<strong>Crear contrase\u00f1a y generar firma<\/strong>.<\/p>\n<p><img loading=\"lazy\" decoding=\"async\" src=\"http:\/\/micrositios.dian.gov.co\/renta-personas-naturales-ag-2023\/wp-content\/uploads\/sites\/15\/2024\/06\/Paso-3-validacion-usuario-2023.jpg\" alt=\"\" class=\"size-medium alignnone\" width=\"501\" height=\"439\" \/><\/p>\n<p>4. Elija c\u00f3mo quiere recibir el c\u00f3digo de seguridad y haga clic en \u2018<strong>Enviar c\u00f3digo\u2019<\/strong>.<\/p>\n<p><img loading=\"lazy\" decoding=\"async\" src=\"http:\/\/micrositios.dian.gov.co\/renta-personas-naturales-ag-2023\/wp-content\/uploads\/sites\/15\/2024\/06\/Paso-4-validacion-usuario-2023.jpg\" alt=\"\" class=\"size-medium alignnone\" width=\"501\" height=\"447\" \/><\/p>\n<p>5. Escriba el c\u00f3digo de seguridad que recibi\u00f3 y haga clic en \u2018<strong>Validar\u2019<\/strong>.<\/p>\n<p><img loading=\"lazy\" decoding=\"async\" src=\"http:\/\/micrositios.dian.gov.co\/renta-personas-naturales-ag-2023\/wp-content\/uploads\/sites\/15\/2024\/06\/Paso-5-validacion-usuario-2023.jpg\" alt=\"\" class=\"size-medium alignnone\" width=\"503\" height=\"327\" \/><\/p>\n<p>6. Cree la contrase\u00f1a. Lea y acepte las condiciones de la firma electr\u00f3nica y haga clic en \u2018<strong>Crear contrase\u00f1a y generar firma\u2019<\/strong>.<\/p>\n<p><img loading=\"lazy\" decoding=\"async\" src=\"http:\/\/micrositios.dian.gov.co\/renta-personas-naturales-ag-2023\/wp-content\/uploads\/sites\/15\/2024\/06\/Paso-6-validacion-usuario-2023.jpg\" alt=\"\" class=\"size-medium alignnone\" width=\"509\" height=\"438\" \/><\/p>\n<p>7. Ya tiene su contrase\u00f1a, que le servir\u00e1 para entrar como usuario registrado y firmar documentos y tr\u00e1mites con la DIAN.<\/p>\n<p><img loading=\"lazy\" decoding=\"async\" src=\"http:\/\/micrositios.dian.gov.co\/renta-personas-naturales-ag-2023\/wp-content\/uploads\/sites\/15\/2024\/06\/Paso-7-validacion-usuario-2023.jpg\" alt=\"\" class=\"size-medium alignnone\" width=\"514\" height=\"396\" \/><\/p>\n<p>[\/et_pb_accordion_item][et_pb_accordion_item title=\u00bbPaso a paso para recuperar su cuenta de usuario y generar su firma electr\u00f3nica\u00bb toggle_icon=\u00bb&#xf058;||fa||400&#8243; _builder_version=\u00bb4.18.1&#8243; _module_preset=\u00bbdefault\u00bb global_colors_info=\u00bb{}\u00bb open=\u00bboff\u00bb]<\/p>\n<p>Siga estos pasos si usted est\u00e1 inscrito en el RUT y tiene registrado un correo electr\u00f3nico o un n\u00famero celular que est\u00e1n activos, pero no recuerda la contrase\u00f1a de ingreso a los tr\u00e1mites y servicios de la DIAN.<strong><\/strong><\/p>\n<p>Recuerde que la contrase\u00f1a de la cuenta de usuario y de la firma electr\u00f3nica ser\u00e1 la misma. La firma electr\u00f3nica es obligatoria para autenticar documentos.<\/p>\n<p>1. Entre a <a href=\"http:\/\/www.dian.gov.co\" target=\"_blank\" rel=\"noopener\">www.dian.gov.co<\/a>. En la opci\u00f3n de usuario registrado, haga clic en \u2018<strong>\u00bfOlvid\u00f3 <\/strong><strong>su contrase\u00f1a?\u2019<\/strong><\/p>\n<p><strong><img loading=\"lazy\" decoding=\"async\" src=\"http:\/\/micrositios.dian.gov.co\/renta-personas-naturales-ag-2023\/wp-content\/uploads\/sites\/15\/2024\/06\/Paso-1-validacion-usuario-20231.jpg\" alt=\"\" class=\"size-medium alignnone\" width=\"500\" height=\"556\" \/><\/strong><\/p>\n<p>2. Complete todos los campos con sus datos y haga clic en \u2018<strong>Continuar\u2019<\/strong>.<\/p>\n<p><img loading=\"lazy\" decoding=\"async\" src=\"http:\/\/micrositios.dian.gov.co\/renta-personas-naturales-ag-2023\/wp-content\/uploads\/sites\/15\/2024\/06\/Paso-3-validacion-usuario-20231.jpg\" alt=\"\" class=\"size-medium alignnone\" width=\"506\" height=\"405\" \/><\/p>\n<p>3. Lea la informaci\u00f3n que le muestra el sistema. Despu\u00e9s, haga clic en \u2018<strong>Actualizar contrase\u00f1a y generar firma\u2019<\/strong>.<\/p>\n<p><img loading=\"lazy\" decoding=\"async\" src=\"http:\/\/micrositios.dian.gov.co\/renta-personas-naturales-ag-2023\/wp-content\/uploads\/sites\/15\/2024\/06\/Paso-2-validacion-usuario-20231.jpg\" alt=\"\" class=\"size-medium alignnone\" width=\"502\" height=\"403\" \/><\/p>\n<p>4. Elija c\u00f3mo quiere recibir el c\u00f3digo de seguridad y haga clic en \u2018<strong>Enviar c\u00f3digo\u2019<\/strong>.<\/p>\n<p><img loading=\"lazy\" decoding=\"async\" src=\"http:\/\/micrositios.dian.gov.co\/renta-personas-naturales-ag-2023\/wp-content\/uploads\/sites\/15\/2024\/06\/Paso-4-validacion-usuario-20231.jpg\" alt=\"\" class=\"size-medium alignnone\" width=\"510\" height=\"526\" \/><\/p>\n<p>5. Escriba el c\u00f3digo de seguridad que recibi\u00f3 y haga clic en \u2018<strong>Validar\u2019<\/strong>.<\/p>\n<p><img loading=\"lazy\" decoding=\"async\" src=\"http:\/\/micrositios.dian.gov.co\/renta-personas-naturales-ag-2023\/wp-content\/uploads\/sites\/15\/2024\/06\/Paso-5-validacion-usuario-20231.jpg\" alt=\"\" class=\"size-medium alignnone\" width=\"511\" height=\"328\" \/><\/p>\n<p>6. Cree la contrase\u00f1a. Lea y acepte las condiciones de la firma electr\u00f3nica y haga clic en \u2018<strong>Actualizar contrase\u00f1a y generar firma\u2019<\/strong>.<\/p>\n<p><img loading=\"lazy\" decoding=\"async\" src=\"http:\/\/micrositios.dian.gov.co\/renta-personas-naturales-ag-2023\/wp-content\/uploads\/sites\/15\/2024\/06\/Paso-6-validacion-usuario-20231.jpg\" alt=\"\" class=\"size-medium alignnone\" width=\"514\" height=\"480\" \/><\/p>\n<p>7. Ahora ya tiene su contrase\u00f1a. Esta le servir\u00e1 para entrar como usuario registrado y firmar los tr\u00e1mites y documentos ante la DIAN.<\/p>\n<p><img loading=\"lazy\" decoding=\"async\" src=\"http:\/\/micrositios.dian.gov.co\/renta-personas-naturales-ag-2023\/wp-content\/uploads\/sites\/15\/2024\/06\/Paso-7-validacion-usuario-20231.jpg\" alt=\"\" class=\"size-medium alignnone\" width=\"520\" height=\"401\" \/><\/p>\n<p>[\/et_pb_accordion_item][et_pb_accordion_item title=\u00bbVideo: C\u00f3mo recuperar su cuenta de usuario y generar su firma electr\u00f3nica\u00bb toggle_icon=\u00bb&#xf058;||fa||400&#8243; _builder_version=\u00bb4.18.1&#8243; _module_preset=\u00bbdefault\u00bb global_colors_info=\u00bb{}\u00bb open=\u00bboff\u00bb]<\/p>\n<p><iframe loading=\"lazy\" title=\"C\u00f3mo recuperar su cuenta de usuario y generar su firma electr\u00f3nica\" width=\"1080\" height=\"608\" src=\"https:\/\/www.youtube.com\/embed\/ODcVjtU2tU0?feature=oembed\"  allow=\"accelerometer; autoplay; clipboard-write; encrypted-media; gyroscope; picture-in-picture; web-share\" referrerpolicy=\"strict-origin-when-cross-origin\" allowfullscreen><\/iframe><\/p>\n<p>[\/et_pb_accordion_item][et_pb_accordion_item title=\u00bbVideo: \u00bfC\u00f3mo habilitar su cuenta de usuario y generar su firma electr\u00f3nica? \u00bb toggle_icon=\u00bb&#xf058;||fa||400&#8243; _builder_version=\u00bb4.18.1&#8243; _module_preset=\u00bbdefault\u00bb global_colors_info=\u00bb{}\u00bb open=\u00bboff\u00bb]<\/p>\n<p><iframe loading=\"lazy\" title=\"\u00bfC\u00f3mo habilitar su cuenta de usuario y generar su firma electr\u00f3nica?\" width=\"1080\" height=\"608\" src=\"https:\/\/www.youtube.com\/embed\/3Z92bkLh67A?feature=oembed\"  allow=\"accelerometer; autoplay; clipboard-write; encrypted-media; gyroscope; picture-in-picture; web-share\" referrerpolicy=\"strict-origin-when-cross-origin\" allowfullscreen><\/iframe><\/p>\n<p>[\/et_pb_accordion_item][\/et_pb_accordion][\/et_pb_column][\/et_pb_row][\/et_pb_section][et_pb_section fb_built=\u00bb1&#8243; admin_label=\u00bbPopup &#8211; #Exogena\u00bb module_id=\u00bbExogena\u00bb module_class=\u00bbpopup close-alt\u00bb _builder_version=\u00bb4.18.1&#8243; _module_preset=\u00bbdefault\u00bb background_color=\u00bb#FFFFFF\u00bb width=\u00bb91%\u00bb custom_padding=\u00bb0px|0px|0px|0px|true|false\u00bb da_is_popup=\u00bbon\u00bb da_popup_slug=\u00bbExogena\u00bb da_alt_close=\u00bbon\u00bb da_disable_devices=\u00bboff|off|off\u00bb locked=\u00bboff\u00bb global_colors_info=\u00bb{}\u00bb da_exit_intent=\u00bboff\u00bb da_has_close=\u00bbon\u00bb da_dark_close=\u00bboff\u00bb da_not_modal=\u00bbon\u00bb da_is_singular=\u00bboff\u00bb da_with_loader=\u00bboff\u00bb da_has_shadow=\u00bbon\u00bb][et_pb_row _builder_version=\u00bb4.16&#8243; _module_preset=\u00bbdefault\u00bb background_color=\u00bb#FFFFFF\u00bb custom_padding=\u00bb44px|0px|44px|0px|true|true\u00bb global_colors_info=\u00bb{}\u00bb][et_pb_column type=\u00bb4_4&#8243; _builder_version=\u00bb4.16&#8243; _module_preset=\u00bbdefault\u00bb global_colors_info=\u00bb{}\u00bb][et_pb_text _builder_version=\u00bb4.18.1&#8243; _module_preset=\u00bbdefault\u00bb text_font=\u00bbUbuntu|700|||||||\u00bb text_text_color=\u00bb#252944&#8243; text_font_size=\u00bb25px\u00bb header_text_color=\u00bb#E02B20&#8243; header_3_font=\u00bbUbuntu|700|||||||\u00bb header_3_text_color=\u00bb#252944&#8243; header_3_font_size=\u00bb25px\u00bb header_4_font=\u00bbNunito Sans|700|||||||\u00bb header_4_text_color=\u00bb#2a2d44&#8243; header_4_font_size=\u00bb20px\u00bb text_orientation=\u00bbcenter\u00bb custom_padding=\u00bb0px|||||\u00bb global_colors_info=\u00bb{}\u00bb]<\/p>\n<h4 style=\"text-align: center;\"><strong><img loading=\"lazy\" decoding=\"async\" src=\"http:\/\/micrositios.dian.gov.co\/renta-personas-naturales-ag-2024\/wp-content\/uploads\/sites\/17\/2025\/06\/IconoPreparese-7ConsulteSuInformacionExogenaReportadaPorTercerosALaDIAN.png\" alt=\"\" class=\"wp-image-1958 alignnone size-full\" width=\"54\" height=\"54\" \/><\/strong><\/h4>\n<h4 style=\"text-align: center;\"><strong><\/strong><strong>\u00bfQu\u00e9 es la informaci\u00f3n ex\u00f3gena y por qu\u00e9 es importante?<br \/><\/strong><\/h4>\n<p>[\/et_pb_text][et_pb_divider color=\u00bb#2a2d44&#8243; divider_weight=\u00bb3px\u00bb _builder_version=\u00bb4.18.1&#8243; _module_preset=\u00bbdefault\u00bb width=\u00bb50%\u00bb module_alignment=\u00bbcenter\u00bb custom_margin=\u00bb-23px||10px||false|false\u00bb global_colors_info=\u00bb{}\u00bb][\/et_pb_divider][et_pb_accordion open_toggle_text_color=\u00bb#2a2d44&#8243; closed_toggle_text_color=\u00bb#2a2d44&#8243; closed_toggle_background_color=\u00bb#f2f2f2&#8243; toggle_icon=\u00bb&#xf058;||fa||400&#8243; icon_color=\u00bb#2a2d44&#8243; use_icon_font_size=\u00bbon\u00bb icon_font_size=\u00bb30px\u00bb _builder_version=\u00bb4.18.1&#8243; _module_preset=\u00bbdefault\u00bb toggle_text_color=\u00bb#2a2d44&#8243; toggle_font=\u00bbNunito Sans|700|||||||\u00bb closed_toggle_font=\u00bbNunito Sans|700|||||||\u00bb body_font=\u00bbNunito Sans||||||||\u00bb body_text_color=\u00bb#252944&#8243; locked=\u00bboff\u00bb global_colors_info=\u00bb{}\u00bb][et_pb_accordion_item open=\u00bbon\u00bb _builder_version=\u00bb4.18.1&#8243; _module_preset=\u00bbdefault\u00bb custom_css_main_element=\u00bbdisplay:none;\u00bb global_colors_info=\u00bb{}\u00bb][\/et_pb_accordion_item][et_pb_accordion_item title=\u00bbInformaci\u00f3n Ex\u00f3gena \u00bb toggle_icon=\u00bb&#xf4ff;||fa||900&#8243; _builder_version=\u00bb4.18.1&#8243; _module_preset=\u00bbdefault\u00bb global_colors_info=\u00bb{}\u00bb open=\u00bboff\u00bb]<\/p>\n<p>A partir de la segunda semana de julio, la DIAN pondr\u00e1 a su disposici\u00f3n, como ciudadano inscrito en el RUT y con una cuenta de usuario habilitada, la informaci\u00f3n reportada por terceros (informaci\u00f3n ex\u00f3gena) sobre su realidad econ\u00f3mica del a\u00f1o gravable 2024. La idea es que, con estos datos, el proceso de su declaraci\u00f3n de renta sea m\u00e1s f\u00e1cil.<\/p>\n<p>Usted puede consultar la informaci\u00f3n reportada por terceros sobre usted en el portal transaccional de la DIAN, en la opci\u00f3n <strong>\u2018Usuario Registrado \/ a nombre propio<\/strong>\u2019 con su usuario y contrase\u00f1a.<\/p>\n<p><strong><em>Recuerde que la informaci\u00f3n ex\u00f3gena no es indispensable para que usted cumpla con la obligaci\u00f3n de declarar. La informaci\u00f3n reportada no reemplaza la realidad econ\u00f3mica del declarante, ni lo exonera de declarar sus valores reales.<\/em><\/strong><\/p>\n<p>Para el reporte del a\u00f1o gravable, en el caso que haya lugar a correcciones de la informaci\u00f3n por parte de los terceros que la entregan, los cambios se ver\u00e1n reflejados 48 horas despu\u00e9s de la actualizaci\u00f3n.<\/p>\n<p>[\/et_pb_accordion_item][et_pb_accordion_item title=\u00bbAbec\u00e9 de Informaci\u00f3n Ex\u00f3gena \u00bb toggle_icon=\u00bb&#xf4ff;||fa||900&#8243; _builder_version=\u00bb4.18.1&#8243; _module_preset=\u00bbdefault\u00bb global_colors_info=\u00bb{}\u00bb open=\u00bboff\u00bb]<\/p>\n<p>La DIAN pone a su disposici\u00f3n, como ciudadano inscrito en el RUT y con una cuenta de usuario habilitada, la informaci\u00f3n reportada por terceros (informaci\u00f3n ex\u00f3gena) sobre su realidad econ\u00f3mica en el a\u00f1o gravable 2024. La idea es que, con estos datos, el proceso de su declaraci\u00f3n sea m\u00e1s f\u00e1cil.<\/p>\n<p>Puede consultar la informaci\u00f3n reportada por terceros sobre usted en el portal transaccional opci\u00f3n <em><strong>\u2018Usuario Registrado \/ a nombre propio\u2019<\/strong><\/em> con su usuario y contrase\u00f1a.<\/p>\n<p><strong><em>Tenga en cuenta:<\/em><\/strong><\/p>\n<p><em>\u2022 Cuando usted se inscriba en el RUT podr\u00e1 consultar su informaci\u00f3n ex\u00f3gena 24 horas despu\u00e9s de la inscripci\u00f3n y habilitaci\u00f3n de su cuenta de usuario.<\/em><\/p>\n<p><em>\u2022 Si esta informaci\u00f3n presenta inconsistencias, debe comunicarse con la persona natural o jur\u00eddica que le entreg\u00f3 la informaci\u00f3n a la DIAN, y cuyos datos de identificaci\u00f3n est\u00e1n en la columna \u2018persona que reporta\u2019. La DIAN no puede corregir esta informaci\u00f3n directamente.<\/em><\/p>\n<p><strong>1. \u00bfC\u00f3mo puede conocer su informaci\u00f3n ex\u00f3gena tributaria como persona natural?<\/strong><\/p>\n<p>\u2022 Su reporte de informaci\u00f3n ex\u00f3gena est\u00e1 en el Servicio Inform\u00e1tico de Diligenciamiento de la DIAN. Para conocerlo haga clic <a href=\"https:\/\/muisca.dian.gov.co\/WebIdentidadLogin\/?ideRequest=eyJjbGllbnRJZCI6IldvMGFLQWxCN3ZSUF8xNmZyUEkxeDlacGhCRWEiLCJyZWRpcmVjdF91cmkiOiJodHRwOi8vbXVpc2NhLmRpYW4uZ292LmNvL0lkZW50aWRhZFJlc3RfTG9naW5GaWx0cm8vYXBpL3N0cy92MS9hdXRoL2NhbGxiYWNrP3JlZGlyZWN0X3VyaT1odHRwJTNBJTJGJTJGbXVpc2NhLmRpYW4uZ292LmNvJTJGV2ViQXJxdWl0ZWN0dXJhJTJGRGVmTG9naW4uZmFjZXMiLCJyZXNwb25zZVR5cGUiOiIiLCJzY29wZSI6IiIsInN0YXRlIjoiIiwibm9uY2UiOiIiLCJwYXJhbXMiOnsidGlwb1VzdWFyaW8iOiJtdWlzY2EifX0%3D\" target=\"_blank\" rel=\"noopener\">aqu\u00ed<\/a>.<\/p>\n<p>\u2022 Escoja la opci\u00f3n \u2018Consultar Informaci\u00f3n Ex\u00f3gena\/Informaci\u00f3n Reportada Por Terceros\u2019.<\/p>\n<p>\u2022 Lea las condiciones de aceptaci\u00f3n del servicio y haga clic en el bot\u00f3n \u2018Aceptar\u2019.<\/p>\n<p>\u2022 Seleccione el a\u00f1o gravable (disponible desde el 2018) y haga clic en \u2018Consultar\u2019.<\/p>\n<p>\u2022 Elija la ubicaci\u00f3n, en su equipo, en donde va a guardar el archivo que generar\u00e1 el sistema.<\/p>\n<p>\u2022 Haga clic en \u2018Guardar\u2019 para descargar el archivo en formato Excel.<\/p>\n<p><strong>2. \u00bfCu\u00e1l es la informaci\u00f3n ex\u00f3gena reportada por terceros que se puede consultar para el a\u00f1o gravable 2024?<\/strong><\/p>\n<p>Es la informaci\u00f3n de las variables que la DIAN utiliz\u00f3 para elaborar la declaraci\u00f3n sugerida.<\/p>\n<p><strong>3. \u00bfQu\u00e9 debe tener en cuenta sobre la publicaci\u00f3n de informaci\u00f3n referente a bienes inmuebles?<\/strong><\/p>\n<p>En relaci\u00f3n con el reporte de informaci\u00f3n ex\u00f3gena sobre los bienes inmuebles, tenga en cuenta:<\/p>\n<p>\u2022 El valor reportado corresponde a la informaci\u00f3n contenida en los registros catastrales y en el impuesto predial.<\/p>\n<p>\u2022 El inmueble se reporta en cabeza del responsable del impuesto predial. Por esta raz\u00f3n, si el inmueble tiene m\u00e1s de un propietario, para efectos de la declaraci\u00f3n de renta, cada propietario deber\u00e1 incluir en su declaraci\u00f3n la participaci\u00f3n que corresponda seg\u00fan los documentos que acreditan la propiedad del bien.<\/p>\n<p>\u2022 Para el a\u00f1o gravable 2024, la informaci\u00f3n de registros catastrales reportada por las alcald\u00edas, distritos y gobernaciones incluye el n\u00famero total de propietarios y el porcentaje de participaci\u00f3n de cada uno. Por eso, a cada propietario se le publicar\u00e1 la informaci\u00f3n con base en lo anterior.<\/p>\n<p><strong>4. \u00bfQu\u00e9 sucede si la empresa report\u00f3 la informaci\u00f3n, pero no aparece en la consulta de informaci\u00f3n ex\u00f3gena?<\/strong><\/p>\n<p>En este caso debe pedirle a quien entrega la informaci\u00f3n que valide que la informaci\u00f3n transmitida se encuentre en estado de \u2018Solicitud recibida\u201d\u2019, pues si qued\u00f3 como \u2018Solicitud con error\u2019, el reportante deber\u00e1 corregir los errores que correspondan para que los datos sean recibidos por la DIAN.<\/p>\n<p><strong>5. \u00bfPor qu\u00e9 se reporta la informaci\u00f3n correspondiente a cuentas e inversiones en cabeza del titular principal y del titular secundario?<\/strong><\/p>\n<p>El reporte se efect\u00faa de esta manera para que todos los usuarios que tienen la calidad de titulares de las cuentas e inversiones tengan acceso a la informaci\u00f3n y puedan aplicar los criterios jur\u00eddicos y tributarios. Esto tiene el fin de garantizar que los valores registrados en su declaraci\u00f3n correspondan a su realidad jur\u00eddica, econ\u00f3mica y financiera.<\/p>\n<p><strong>6. \u00bfSe puede pedir la informaci\u00f3n ex\u00f3gena de otra persona?<\/strong><\/p>\n<p>No, la informaci\u00f3n consignada en la base datos de la DIAN goza de reserva seg\u00fan el art. 583 y 584 del Estatuto Tributario. Una persona puede solicitar informaci\u00f3n ex\u00f3gena de otra persona, s\u00f3lo si ejerce labores de representaci\u00f3n legal soportadas en documento notarial y se encuentra inscrito como tal en el RUT del titular de la informaci\u00f3n.<\/p>\n<p><strong>7. Su informaci\u00f3n ex\u00f3gena tiene inconsistencias: pagos que no recibi\u00f3 y transacciones que no hizo \u00bfQu\u00e9 debe hacer para que esa persona o empresa reporte las correcciones?<\/strong><\/p>\n<p>Si la informaci\u00f3n reportada por terceros presenta inconsistencias tales como registros duplicados (no tuvo transacciones con el que la reporta) o los valores que informan a su nombre no son los correctos, entre otros, debe comunicarse con la persona natural o jur\u00eddica que entreg\u00f3 la informaci\u00f3n para que haga las modificaciones a que haya lugar.<\/p>\n<p><strong>8. \u00bfLa DIAN puede corregir la informaci\u00f3n ex\u00f3gena que una persona natural o jur\u00eddica report\u00f3 con inconsistencias?<\/strong><\/p>\n<p><strong>No.<\/strong> La DIAN no est\u00e1 facultada para corregir esta informaci\u00f3n. Solamente la entidad o persona natural informante puede actualizarla al ser la responsable sobre las transacciones econ\u00f3micas reportadas.<\/p>\n<p><strong>9. \u00bfQu\u00e9 pasa si una empresa corrigi\u00f3 una inconsistencia reportada a su nombre, pero hoy, al hacer la consulta de la informaci\u00f3n ex\u00f3gena a\u00fan no aparece corregida?<\/strong><\/p>\n<p>Tenga en cuenta que las correcciones de la informaci\u00f3n de los informantes se ver\u00e1n reflejadas en la consulta 72 horas despu\u00e9s de presentada la actualizaci\u00f3n.<\/p>\n<p><strong>10. \u00bfEs obligatorio contar con la informaci\u00f3n ex\u00f3gena para poder presentar su declaraci\u00f3n de renta?<\/strong><\/p>\n<p>La informaci\u00f3n ex\u00f3gena tributaria NO ES INDISPENSABLE para la preparaci\u00f3n de la declaraci\u00f3n de renta y no reemplaza la informaci\u00f3n de su realidad jur\u00eddica, econ\u00f3mica y financiera. Es un servicio que sirve para facilitar el cumplimiento de las obligaciones tributarias y contribuir al bienestar colectivo.<\/p>\n<p>[\/et_pb_accordion_item][\/et_pb_accordion][\/et_pb_column][\/et_pb_row][\/et_pb_section][et_pb_section fb_built=\u00bb1&#8243; admin_label=\u00bbPopup &#8211; #Normas\u00bb module_id=\u00bbNormas\u00bb module_class=\u00bbpopup close-alt\u00bb _builder_version=\u00bb4.18.1&#8243; _module_preset=\u00bbdefault\u00bb background_color=\u00bb#FFFFFF\u00bb width=\u00bb91%\u00bb custom_padding=\u00bb0px|0px|0px|0px|true|false\u00bb da_is_popup=\u00bbon\u00bb da_popup_slug=\u00bbNormas\u00bb da_alt_close=\u00bbon\u00bb da_disable_devices=\u00bboff|off|off\u00bb locked=\u00bboff\u00bb global_colors_info=\u00bb{}\u00bb da_exit_intent=\u00bboff\u00bb da_has_close=\u00bbon\u00bb da_dark_close=\u00bboff\u00bb da_not_modal=\u00bbon\u00bb da_is_singular=\u00bboff\u00bb da_with_loader=\u00bboff\u00bb da_has_shadow=\u00bbon\u00bb][et_pb_row _builder_version=\u00bb4.16&#8243; _module_preset=\u00bbdefault\u00bb background_color=\u00bb#FFFFFF\u00bb custom_padding=\u00bb44px|0px|44px|0px|true|true\u00bb global_colors_info=\u00bb{}\u00bb][et_pb_column type=\u00bb4_4&#8243; _builder_version=\u00bb4.16&#8243; _module_preset=\u00bbdefault\u00bb global_colors_info=\u00bb{}\u00bb][et_pb_text _builder_version=\u00bb4.18.1&#8243; _module_preset=\u00bbdefault\u00bb text_font=\u00bbUbuntu|700|||||||\u00bb text_text_color=\u00bb#252944&#8243; text_font_size=\u00bb25px\u00bb header_text_color=\u00bb#E02B20&#8243; header_3_font=\u00bbUbuntu|700|||||||\u00bb header_3_text_color=\u00bb#252944&#8243; header_3_font_size=\u00bb25px\u00bb header_4_font=\u00bbNunito Sans|700|||||||\u00bb header_4_text_color=\u00bb#2a2d44&#8243; header_4_font_size=\u00bb20px\u00bb text_orientation=\u00bbcenter\u00bb custom_padding=\u00bb0px|||||\u00bb global_colors_info=\u00bb{}\u00bb]<\/p>\n<h4 style=\"text-align: center;\"><strong><img loading=\"lazy\" decoding=\"async\" src=\"http:\/\/micrositios.dian.gov.co\/renta-personas-naturales-ag-2024\/wp-content\/uploads\/sites\/17\/2025\/06\/IconoPreparese-10ConuslteLasNormasVigentes.png\" alt=\"\" class=\"wp-image-1962 alignnone size-full\" width=\"54\" height=\"54\" \/><\/strong><\/h4>\n<h4 style=\"text-align: center;\"><strong><\/strong><strong>Consulte las normas vigentes relacionadas con la declaraci\u00f3n de renta<\/strong><\/h4>\n<p>[\/et_pb_text][et_pb_divider color=\u00bb#2a2d44&#8243; divider_weight=\u00bb3px\u00bb _builder_version=\u00bb4.18.1&#8243; _module_preset=\u00bbdefault\u00bb width=\u00bb61%\u00bb module_alignment=\u00bbcenter\u00bb custom_margin=\u00bb-23px||10px||false|false\u00bb global_colors_info=\u00bb{}\u00bb][\/et_pb_divider][et_pb_accordion open_toggle_text_color=\u00bb#2a2d44&#8243; closed_toggle_text_color=\u00bb#2a2d44&#8243; closed_toggle_background_color=\u00bb#f2f2f2&#8243; toggle_icon=\u00bb&#x54;||divi||400&#8243; icon_color=\u00bb#2a2d44&#8243; use_icon_font_size=\u00bbon\u00bb icon_font_size=\u00bb30px\u00bb _builder_version=\u00bb4.18.1&#8243; _module_preset=\u00bbdefault\u00bb toggle_text_color=\u00bb#2a2d44&#8243; toggle_font=\u00bbNunito Sans|700|||||||\u00bb closed_toggle_font=\u00bbNunito Sans|700|||||||\u00bb body_font=\u00bbNunito Sans||||||||\u00bb body_text_color=\u00bb#2a2d44&#8243; locked=\u00bboff\u00bb global_colors_info=\u00bb{}\u00bb][et_pb_accordion_item open=\u00bbon\u00bb _builder_version=\u00bb4.18.1&#8243; _module_preset=\u00bbdefault\u00bb custom_css_main_element=\u00bbdisplay:none;\u00bb global_colors_info=\u00bb{}\u00bb][\/et_pb_accordion_item][et_pb_accordion_item title=\u00bbLey\u00bb toggle_icon=\u00bb&#xe059;||divi||400&#8243; _builder_version=\u00bb4.18.1&#8243; _module_preset=\u00bbdefault\u00bb global_colors_info=\u00bb{}\u00bb open=\u00bboff\u00bb]<\/p>\n<ul>\n<li><a href=\"https:\/\/normograma.dian.gov.co\/dian\/compilacion\/docs\/ley_2277_2022.htm\" target=\"_blank\" rel=\"noopener\">Ley 2277 del 13 de diciembre de 2022<\/a><\/li>\n<\/ul>\n<p>[\/et_pb_accordion_item][et_pb_accordion_item title=\u00bbEstatuto\u00bb toggle_icon=\u00bb&#xe059;||divi||400&#8243; _builder_version=\u00bb4.18.1&#8243; _module_preset=\u00bbdefault\u00bb global_colors_info=\u00bb{}\u00bb open=\u00bboff\u00bb]<\/p>\n<ul>\n<li><a href=\"https:\/\/normograma.dian.gov.co\/dian\/compilacion\/docs\/estatuto_tributario.htm\" target=\"_blank\" rel=\"noopener\">Estatuto Tributario, ET<\/a><\/li>\n<\/ul>\n<p>[\/et_pb_accordion_item][et_pb_accordion_item title=\u00bbDecretos\u00bb toggle_icon=\u00bb&#xe059;||divi||400&#8243; _builder_version=\u00bb4.18.1&#8243; _module_preset=\u00bbdefault\u00bb global_colors_info=\u00bb{}\u00bb open=\u00bboff\u00bb]<\/p>\n<ul>\n<li><a href=\"https:\/\/normograma.dian.gov.co\/dian\/compilacion\/docs\/decreto_2229_2023.htm\" target=\"_blank\" rel=\"noopener\">Decreto 2229 del 22\/12\/2023<\/a><\/li>\n<li><a href=\"https:\/\/normograma.dian.gov.co\/dian\/compilacion\/docs\/decreto_1625_2016.htm\" target=\"_blank\" rel=\"noopener\">Decreto 1625 del 11\/10\/2016<\/a><\/li>\n<\/ul>\n<p>[\/et_pb_accordion_item][et_pb_accordion_item title=\u00bbResoluciones\u00bb toggle_icon=\u00bb&#xe059;||divi||400&#8243; _builder_version=\u00bb4.18.1&#8243; _module_preset=\u00bbdefault\u00bb global_colors_info=\u00bb{}\u00bb open=\u00bboff\u00bb]<\/p>\n<ul>\n<li><a href=\"https:\/\/www.dian.gov.co\/normatividad\/Normatividad\/Resoluci%C3%B3n%20000193%20de%2004-12-2024.pdf\" target=\"_blank\" rel=\"noopener\">Resoluci\u00f3n 000193 del 04\/12\/2024 (Valor UVT AG 2025)<\/a><\/li>\n<li><a href=\"https:\/\/normograma.dian.gov.co\/dian\/compilacion\/docs\/resolucion_dian_0044_2024.htm\" target=\"_blank\" rel=\"noopener\">Resoluci\u00f3n 000044 del 14\/03\/2024 (Prescribe el F210 AG 2023 y siguientes)<\/a><\/li>\n<li><a href=\"https:\/\/normograma.dian.gov.co\/dian\/compilacion\/docs\/resolucion_dian_0187_2023.htm\" target=\"_blank\" rel=\"noopener\">Resoluci\u00f3n 000187 de 28\/11\/2023 (Valor UVT AG 2024)<\/a><\/li>\n<li><a href=\"https:\/\/normograma.dian.gov.co\/dian\/compilacion\/docs\/resolucion_dian_0139_2023.htm\" target=\"_blank\" rel=\"noopener\">Resoluci\u00f3n 000139 del 15\/09\/2023 (Masificaci\u00f3n Presentaci\u00f3n Virtual)<\/a><\/li>\n<li><a href=\"https:\/\/normograma.dian.gov.co\/dian\/compilacion\/docs\/resolucion_dian_0022_2023.htm\" target=\"_blank\" rel=\"noopener\">Resoluci\u00f3n 000022 del 15\/02\/2023 (Prescribe el F110 AG 2022 y siguientes)<\/a><\/li>\n<li><a href=\"https:\/\/normograma.dian.gov.co\/dian\/compilacion\/docs\/resolucion_dian_0051_2023.htm\" target=\"_blank\" rel=\"noopener\">Resoluci\u00f3n 000051 del 29\/03\/2023 (Modifica Anexos 1 y 3 F2516)<\/a><\/li>\n<li><a href=\"https:\/\/normograma.dian.gov.co\/dian\/compilacion\/docs\/resolucion_dian_11147_2023.htm\" target=\"_blank\" rel=\"noopener\">Resoluci\u00f3n 11147 del 11\/12\/2023 (Conciliaci\u00f3n Fiscal)<\/a><\/li>\n<li><a href=\"https:\/\/normograma.dian.gov.co\/dian\/compilacion\/docs\/resolucion_dian_1264_2022.htm\" target=\"_blank\" rel=\"noopener\">Resoluci\u00f3n 001264 de 18\/11\/2022 (Valor UVT AG 2023)<\/a><\/li>\n<\/ul>\n<p>[\/et_pb_accordion_item][\/et_pb_accordion][\/et_pb_column][\/et_pb_row][\/et_pb_section][et_pb_section fb_built=\u00bb1&#8243; admin_label=\u00bbPopup &#8211; #Capacitaciones\u00bb module_id=\u00bbCapacitaciones\u00bb module_class=\u00bbpopup close-alt\u00bb _builder_version=\u00bb4.18.1&#8243; _module_preset=\u00bbdefault\u00bb background_color=\u00bb#FFFFFF\u00bb width=\u00bb91%\u00bb custom_padding=\u00bb0px|0px|0px|0px|true|false\u00bb da_is_popup=\u00bbon\u00bb da_popup_slug=\u00bbCapacitaciones\u00bb da_alt_close=\u00bbon\u00bb da_disable_devices=\u00bboff|off|off\u00bb locked=\u00bboff\u00bb global_colors_info=\u00bb{}\u00bb da_exit_intent=\u00bboff\u00bb da_has_close=\u00bbon\u00bb da_dark_close=\u00bboff\u00bb da_not_modal=\u00bbon\u00bb da_is_singular=\u00bboff\u00bb da_with_loader=\u00bboff\u00bb da_has_shadow=\u00bbon\u00bb][et_pb_row _builder_version=\u00bb4.16&#8243; _module_preset=\u00bbdefault\u00bb background_color=\u00bb#FFFFFF\u00bb custom_padding=\u00bb44px|0px|44px|0px|true|true\u00bb global_colors_info=\u00bb{}\u00bb][et_pb_column type=\u00bb4_4&#8243; _builder_version=\u00bb4.16&#8243; _module_preset=\u00bbdefault\u00bb global_colors_info=\u00bb{}\u00bb][et_pb_text _builder_version=\u00bb4.18.1&#8243; _module_preset=\u00bbdefault\u00bb text_font=\u00bbUbuntu|700|||||||\u00bb text_text_color=\u00bb#252944&#8243; text_font_size=\u00bb25px\u00bb header_text_color=\u00bb#E02B20&#8243; header_3_font=\u00bbUbuntu|700|||||||\u00bb header_3_text_color=\u00bb#252944&#8243; header_3_font_size=\u00bb25px\u00bb header_4_font=\u00bbNunito Sans|700|||||||\u00bb header_4_text_color=\u00bb#2a2d44&#8243; header_4_font_size=\u00bb20px\u00bb text_orientation=\u00bbcenter\u00bb custom_padding=\u00bb0px|||||\u00bb global_colors_info=\u00bb{}\u00bb]<\/p>\n<h4 style=\"text-align: center;\"><strong><img loading=\"lazy\" decoding=\"async\" src=\"http:\/\/micrositios.dian.gov.co\/renta-personas-naturales-ag-2024\/wp-content\/uploads\/sites\/17\/2025\/06\/IconoPreparese-8AprendaConLosQueSabenDeRentaProgrameseParaLasCapacitacionesEnTodoElPais-3.png\" alt=\"\" class=\"wp-image-1959 alignnone size-full\" width=\"54\" height=\"54\" \/><\/strong><\/h4>\n<h4 style=\"text-align: center;\"><strong><\/strong><strong>Progr\u00e1mese con los que saben de renta<br \/><\/strong><\/h4>\n<p>[\/et_pb_text][et_pb_divider color=\u00bb#2a2d44&#8243; divider_weight=\u00bb3px\u00bb _builder_version=\u00bb4.18.1&#8243; _module_preset=\u00bbdefault\u00bb width=\u00bb35%\u00bb module_alignment=\u00bbcenter\u00bb custom_margin=\u00bb-23px||10px||false|false\u00bb global_colors_info=\u00bb{}\u00bb][\/et_pb_divider][et_pb_tabs disabled_on=\u00bboff|off|off\u00bb _builder_version=\u00bb4.18.1&#8243; _module_preset=\u00bbdefault\u00bb tab_text_color=\u00bb#2a2d44&#8243; body_font=\u00bbNunito Sans|500|||||||\u00bb body_text_color=\u00bb#2a2d44&#8243; tab_font=\u00bbNunito Sans|700|||||||\u00bb hover_enabled=\u00bb0&#8243; locked=\u00bboff\u00bb global_colors_info=\u00bb{}\u00bb sticky_enabled=\u00bb0&#8243;][et_pb_tab title=\u00bbBucaramanga\u00bb _builder_version=\u00bb4.18.1&#8243; _module_preset=\u00bbdefault\u00bb hover_enabled=\u00bb0&#8243; global_colors_info=\u00bb{}\u00bb sticky_enabled=\u00bb0&#8243;]<\/p>\n<p><strong>Capacitaci\u00f3n de Declaraci\u00f3n de Renta personas naturales 2024<\/strong><\/p>\n<ul>\n<li>Fecha: 30 de septiembre de 2025<\/li>\n<li>Horario: 2:00 a 4:00 p. m.<\/li>\n<li>Lugar: Virtual v\u00eda Teams<\/li>\n<li>Enlace: <u><a href=\"https:\/\/teams.microsoft.com\/l\/meetup-join\/19%3ameeting_ODlkMTg5ZWQtNTJkMy00MTFiLTgwNjAtM2JlZmU5NWEwNmRh%40thread.v2\/0?context=%7B%22Tid%22%3A%22fab26e5a-737a-4438-8ccd-8e465ecf21d8%22%2C%22Oid%22%3A%2279e69aed-9c6c-47e0-abfa-9ee1d186e2cc%22%2C%22IsBroadcastMeeting%22%3Atrue%2C%22role%22%3A%22a%22%7D&amp;btype=a&amp;role=a\">https:\/\/teams.microsoft.com\/l\/meetup-join\/19%3ameeting_ODlkMTg5ZWQtNTJkMy00MTFiLTgwNjAtM2JlZmU5NWEwNmRh%40thread.v2\/0?context=%7B%22Tid%22%3A%22fab26e5a-737a-4438-8ccd-8e465ecf21d8%22%2C%22Oid%22%3A%2279e69aed-9c6c-47e0-abfa-9ee1d186e2cc%22%2C%22IsBroadcastMeeting%22%3Atrue%2C%22role%22%3A%22a%22%7D&amp;btype=a&amp;role=a<\/a><\/u><\/li>\n<\/ul>\n<p>&nbsp;<\/p>\n<p>[\/et_pb_tab][et_pb_tab title=\u00bbCartagena\u00bb _builder_version=\u00bb4.18.1&#8243; _module_preset=\u00bbdefault\u00bb global_colors_info=\u00bb{}\u00bb]<\/p>\n<p><strong>Capacitaci\u00f3n de Declaraci\u00f3n de Renta personas naturales 2024<\/strong><\/p>\n<ul>\n<li>Fecha: 23 de septiembre de 2025<\/li>\n<li>Horario: 9:00 a.m. a 12:00 m.<\/li>\n<li>Lugar: Fundaci\u00f3n Universitaria Tecnol\u00f3gica Antonio de Arevalo \u201cUNITECNAR\u201d<\/li>\n<li>Ciudad: Cartagena<strong><br \/><\/strong><\/li>\n<\/ul>\n<p>[\/et_pb_tab][\/et_pb_tabs][\/et_pb_column][\/et_pb_row][\/et_pb_section][et_pb_section fb_built=\u00bb1&#8243; admin_label=\u00bbPopup &#8211; #Novedades\u00bb module_id=\u00bbNovedades\u00bb module_class=\u00bbpopup close-alt\u00bb _builder_version=\u00bb4.18.1&#8243; _module_preset=\u00bbdefault\u00bb background_color=\u00bb#FFFFFF\u00bb width=\u00bb91%\u00bb custom_padding=\u00bb0px|0px|0px|0px|true|false\u00bb da_is_popup=\u00bbon\u00bb da_popup_slug=\u00bbNovedades\u00bb da_alt_close=\u00bbon\u00bb da_disable_devices=\u00bboff|off|off\u00bb locked=\u00bboff\u00bb global_colors_info=\u00bb{}\u00bb da_exit_intent=\u00bboff\u00bb da_has_close=\u00bbon\u00bb da_dark_close=\u00bboff\u00bb da_not_modal=\u00bbon\u00bb da_is_singular=\u00bboff\u00bb da_with_loader=\u00bboff\u00bb da_has_shadow=\u00bbon\u00bb][et_pb_row _builder_version=\u00bb4.16&#8243; _module_preset=\u00bbdefault\u00bb background_color=\u00bb#FFFFFF\u00bb custom_padding=\u00bb44px|0px|44px|0px|true|true\u00bb global_colors_info=\u00bb{}\u00bb][et_pb_column type=\u00bb4_4&#8243; _builder_version=\u00bb4.16&#8243; _module_preset=\u00bbdefault\u00bb global_colors_info=\u00bb{}\u00bb][et_pb_text _builder_version=\u00bb4.18.1&#8243; _module_preset=\u00bbdefault\u00bb text_font=\u00bbNunito Sans|700|||||||\u00bb text_text_color=\u00bb#2a2d44&#8243; text_font_size=\u00bb25px\u00bb header_text_color=\u00bb#E02B20&#8243; header_3_font=\u00bbUbuntu|700|||||||\u00bb header_3_text_color=\u00bb#252944&#8243; header_3_font_size=\u00bb25px\u00bb header_4_font=\u00bbNunito Sans|700|||||||\u00bb header_4_text_color=\u00bb#2a2d44&#8243; header_4_font_size=\u00bb20px\u00bb header_5_font=\u00bbNunito Sans|600|||||||\u00bb header_5_text_color=\u00bb#2a2d44&#8243; header_5_font_size=\u00bb17px\u00bb text_orientation=\u00bbcenter\u00bb custom_padding=\u00bb0px|||||\u00bb global_colors_info=\u00bb{}\u00bb]<\/p>\n<h4 style=\"text-align: center;\"><strong><img loading=\"lazy\" decoding=\"async\" src=\"http:\/\/micrositios.dian.gov.co\/renta-personas-naturales-ag-2024\/wp-content\/uploads\/sites\/17\/2025\/06\/IconoPreparese-4LaDeclaracionDeRentaTraeNovedadesConozcalas.png\" alt=\"\" class=\"wp-image-1955 alignnone size-full\" width=\"54\" height=\"54\" \/><\/strong><\/h4>\n<h4 style=\"text-align: center;\"><strong>\u00a0Conozca las \u00faltimas novedades que trajo la declaraci\u00f3n de renta personas naturales<\/strong><\/h4>\n<p>[\/et_pb_text][et_pb_divider color=\u00bb#252944&#8243; divider_weight=\u00bb3px\u00bb _builder_version=\u00bb4.18.1&#8243; _module_preset=\u00bbdefault\u00bb width=\u00bb71%\u00bb module_alignment=\u00bbcenter\u00bb custom_margin=\u00bb-23px||10px||false|false\u00bb global_colors_info=\u00bb{}\u00bb][\/et_pb_divider][et_pb_accordion open_toggle_text_color=\u00bb#2a2d44&#8243; closed_toggle_text_color=\u00bb#2a2d44&#8243; closed_toggle_background_color=\u00bb#f2f2f2&#8243; toggle_icon=\u00bb&#xf0eb;||fa||900&#8243; icon_color=\u00bb#2a2d44&#8243; use_icon_font_size=\u00bbon\u00bb icon_font_size=\u00bb30px\u00bb _builder_version=\u00bb4.18.1&#8243; _module_preset=\u00bbdefault\u00bb toggle_text_color=\u00bb#2a2d44&#8243; toggle_font=\u00bbNunito Sans|700|||||||\u00bb closed_toggle_font=\u00bbNunito Sans|700|||||||\u00bb body_font=\u00bbNunito Sans||||||||\u00bb body_text_color=\u00bb#2a2d44&#8243; locked=\u00bboff\u00bb global_colors_info=\u00bb{}\u00bb][et_pb_accordion_item open=\u00bbon\u00bb _builder_version=\u00bb4.18.1&#8243; _module_preset=\u00bbdefault\u00bb custom_css_main_element=\u00bbdisplay:none;\u00bb global_colors_info=\u00bb{}\u00bb][\/et_pb_accordion_item][et_pb_accordion_item title=\u00bbLas personas que dependen de usted le ayudan a bajar el valor de su impuesto\u00bb toggle_icon=\u00bb&#xf0eb;||fa||900&#8243; _builder_version=\u00bb4.18.1&#8243; _module_preset=\u00bbdefault\u00bb global_colors_info=\u00bb{}\u00bb open=\u00bboff\u00bb]<\/p>\n<p>Las personas naturales que declaren rentas de trabajo tienen derecho a la deducci\u00f3n del 10% por un dependiente econ\u00f3mico (inciso 2 del art\u00edculo 387 del Estatuto Tributario).<\/p>\n<p>Para el a\u00f1o gravable 2024, por cada dependiente econ\u00f3mico podr\u00e1n pedir el beneficio tributario de descontar 72 Unidades de Valor Tributario (UVT) es decir, $3.389.000 de la base sobre la que se calcula el impuesto. Este beneficio aplica m\u00e1ximo a cuatro (4) dependientes <a href=\"#Numeral3\">(numeral 3\u00b0 del art\u00edculo 336 del Estatuto Tributario).<\/a><\/p>\n<p>Para esta deducci\u00f3n, en el Formulario 210 se crearon las casillas <strong>138<\/strong> (N\u00famero de dependientes econ\u00f3micos) y <strong>139<\/strong> (Adici\u00f3n por dependientes a la casilla 92).<\/p>\n<p>[\/et_pb_accordion_item][et_pb_accordion_item title=\u00bbSus facturas electr\u00f3nicas le ayudan a bajar el valor de su impuesto (numeral 5\u00b0 art. 336 E.T.)\u00bb toggle_icon=\u00bb&#xf0eb;||fa||900&#8243; _builder_version=\u00bb4.18.1&#8243; _module_preset=\u00bbdefault\u00bb global_colors_info=\u00bb{}\u00bb open=\u00bboff\u00bb]<\/p>\n<p>Las personas naturales que declaren ingresos por rentas de trabajo, rentas de capital y rentas no laborales (estas rentas conforman lo que se conoce como \u2018c\u00e9dula general\u2019) pueden pedir como deducci\u00f3n el 1% del valor de sus compras sin exceder las 240 UVT ($11.296.000) en el a\u00f1o. Esto lo pueden hacer en el Formulario 210, en la<strong> casilla 28<\/strong> \u201cUno por ciento (1%) de compras con factura electr\u00f3nica\u201d si cumplen con las siguientes condiciones:<\/p>\n<p>\u2022 Que la compra del bien y\/o del servicio no haya sido solicitada como costo o deducci\u00f3n en el impuesto sobre la renta, impuesto descontable en el impuesto sobre las ventas (IVA), ingreso no constitutivo de renta ni ganancia ocasional, renta exenta, descuento tributario u otro tipo de beneficio o cr\u00e9dito fiscal.<\/p>\n<p>\u2022 Que la compra del bien y\/o del servicio est\u00e9 soportada con factura electr\u00f3nica de venta con validaci\u00f3n previa, en la que se identifique al comprador con nombres y apellidos y el N\u00famero de Identificaci\u00f3n Tributaria (NIT) o n\u00famero de documento de identificaci\u00f3n. Adem\u00e1s, debe cumplir con el resto de los requisitos exigibles para el sistema de facturaci\u00f3n.<\/p>\n<p>\u2022 Que la factura electr\u00f3nica de venta se haya pagado a trav\u00e9s de tarjeta d\u00e9bito, cr\u00e9dito o cualquier medio electr\u00f3nico en el que intervenga una entidad vigilada por la Superintendencia Financiera.<\/p>\n<p>\u2022 Que la factura electr\u00f3nica de venta haya sido expedida por sujetos obligados a expedirla. Esta deducci\u00f3n no est\u00e1 sujeta al l\u00edmite previsto en el numeral 3 del art\u00edculo 336 del E.T. y no se tendr\u00e1 en cuenta para el c\u00e1lculo de la retenci\u00f3n en la fuente, ni podr\u00e1 dar lugar a p\u00e9rdidas.<\/p>\n<p>\u2022 Su reporte de factura electr\u00f3nica est\u00e1 en el Servicio Inform\u00e1tico de Diligenciamiento de la DIAN. Para conocerlo haga clic <a href=\"https:\/\/muisca.dian.gov.co\/WebIdentidadLogin\/?ideRequest=eyJjbGllbnRJZCI6IldvMGFLQWxCN3ZSUF8xNmZyUEkxeDlacGhCRWEiLCJyZWRpcmVjdF91cmkiOiJodHRwOi8vbXVpc2NhLmRpYW4uZ292LmNvL0lkZW50aWRhZFJlc3RfTG9naW5GaWx0cm8vYXBpL3N0cy92MS9hdXRoL2NhbGxiYWNrP3JlZGlyZWN0X3VyaT1odHRwJTNBJTJGJTJGbXVpc2NhLmRpYW4uZ292LmNvJTJGV2ViQXJxdWl0ZWN0dXJhJTJGRGVmTG9naW4uZmFjZXMiLCJyZXNwb25zZVR5cGUiOiIiLCJzY29wZSI6IiIsInN0YXRlIjoiIiwibm9uY2UiOiIiLCJwYXJhbXMiOnsidGlwb1VzdWFyaW8iOiJtdWlzY2EifX0%3D\" target=\"_blank\" rel=\"noopener\">aqu\u00ed<\/a>.<\/p>\n<p>[\/et_pb_accordion_item][et_pb_accordion_item title=\u00bbLos l\u00edmites en rentas exentas y deducciones existentes son m\u00e1s beneficiosos para usted\u00bb toggle_icon=\u00bb&#xf0eb;||fa||900&#8243; _builder_version=\u00bb4.18.1&#8243; _module_preset=\u00bbdefault\u00bb global_colors_info=\u00bb{}\u00bb open=\u00bboff\u00bb]<\/p>\n<p><strong>Disminuci\u00f3n del l\u00edmite de la renta exenta del 25% del valor total de los pagos laborales (numeral 10\u00b0 art\u00edculo 206 E.T.):<\/strong> Pasa de 240 UVT mensuales a 790 UVT anuales, que corresponden a $37.181.000.<\/p>\n<p>Esta exenci\u00f3n tambi\u00e9n se aplica a las rentas de trabajo por honorarios y, en general, a rentas de trabajo diferentes a salarios, siempre y cuando no se soliciten costos y gastos sobre ellas.<\/p>\n<p><strong>Pensiones (numeral 5\u00b0 y par\u00e1grafo 3\u00b0 del art\u00edculo 206 del E.T.):<\/strong> se consideran rentas de pensiones los ingresos derivados de pensiones, ahorro para la vejez en sistemas de renta vitalicia y asimiladas, obtenidas en el exterior o en organismos multilaterales. A estas se les aplica la exenci\u00f3n del impuesto de renta sobre las primeras 1.000 UVT ($47.065.000) del ingreso pensional.<\/p>\n<p><strong>Imputaci\u00f3n de rentas exentas y deducciones (numeral 3\u00b0 del art\u00edculo 336 E.T.):<\/strong> en la liquidaci\u00f3n de las rentas l\u00edquidas gravables de las rentas de trabajo los contribuyentes podr\u00e1n descontar el valor de las rentas exentas y deducciones por un valor equivalente de hasta el 40 % del resultado de tomar los ingresos percibidos en el a\u00f1o (sin incluir dividendos y participaciones, pensiones y ganancias ocasionales) y restar los ingresos no constitutivos de renta imputables a cada ingreso.<\/p>\n<p>El resultado de esa operaci\u00f3n no podr\u00e1 exceder las 1.340 UVT ($63.067.000) para el a\u00f1o gravable 2024 y siguientes.<\/p>\n<p>[\/et_pb_accordion_item][et_pb_accordion_item title=\u00bbAjustes en el c\u00e1lculo de la renta sobre la que se aplica la tarifa del impuesto\u00bb toggle_icon=\u00bb&#xf0eb;||fa||900&#8243; _builder_version=\u00bb4.18.1&#8243; _module_preset=\u00bbdefault\u00bb global_colors_info=\u00bb{}\u00bb open=\u00bboff\u00bb]<\/p>\n<p><strong>Rentas l\u00edquidas gravables a las que se les aplica la tarifa establecida en el art\u00edculo 241 del E.T.:<\/strong> para el a\u00f1o gravable 2024, a la sumatoria de las rentas l\u00edquidas cedulares que vienen de las rentas de trabajo, de capital, no laborales y de pensiones, se deber\u00e1n adicionar las rentas provenientes de dividendos y participaciones. A esta renta l\u00edquida gravable le ser\u00e1 aplicable las tarifas se\u00f1aladas en la tabla del art\u00edculo 241 del Estatuto Tributario, sin perjuicio de las rentas l\u00edquidas especiales <a href=\"#Tabla\">(Ver tabla)<\/a>.<\/p>\n<p>Las p\u00e9rdidas de las rentas l\u00edquidas cedulares no se sumar\u00e1n para efectos de determinar la renta l\u00edquida gravable. En cualquier caso, podr\u00e1n compensarse en los t\u00e9rminos del art\u00edculo 330 del Estatuto Tributario.<\/p>\n<p><strong>Nueva depuraci\u00f3n de la renta l\u00edquida gravable de la c\u00e9dula general (art\u00edculo 336 E.T.):<\/strong> para el a\u00f1o gravable 2024, la renta l\u00edquida gravable de la c\u00e9dula general se determinar\u00e1 de la siguiente manera:<\/p>\n<p>\u2022 Se siguen sumando los ingresos obtenidos por todo concepto, excepto los correspondientes a pensiones, dividendos y participaciones y ganancias ocasionales.<\/p>\n<p>\u2022 A la suma anterior, se le restar\u00e1n los ingresos no constitutivos de renta imputables a cada ingreso, como por ejemplo pagos obligatorios a salud, aportes obligatorios a pensiones, aportes voluntarios al R\u00e9gimen de Ahorro Individual con Solidaridad (RAIS), componente inflacionario de los rendimientos financieros, apoyos econ\u00f3micos condonados, entre otros.<\/p>\n<p>\u2022 Al valor resultante podr\u00e1n restarse todas las rentas exentas y las deducciones especiales imputables a esta c\u00e9dula, siempre que no excedan el cuarenta por ciento (40%) del resultado del inciso anterior, que para el a\u00f1o gravable 2024 no podr\u00e1 exceder las 1.340 UVT ($63.067.000) anuales.<\/p>\n<p>\u2022 A la renta l\u00edquida gravable tambi\u00e9n se le pueden aplicar las deducciones del apartado \u2018Las personas que dependen de usted le ayudan a bajar el valor de su impuesto\u2019, que est\u00e1 al principio de esta secci\u00f3n.<\/p>\n<p>\u2022 Las personas que declaren rentas de capital y rentas no laborales pueden restar de sus ingresos los costos y gastos que cumplan con los requisitos se\u00f1alados en las normas tributarias. En estos mismos t\u00e9rminos, las personas naturales que reciban rentas de trabajo diferentes a salarios tambi\u00e9n podr\u00e1n declarar costos y gastos, o pedir la renta exenta prevista en el numeral 10 del art\u00edculo 206 del Estatuto Tributario, conforme con lo dispuesto en el par\u00e1grafo 5 del mismo art\u00edculo.<\/p>\n<p>\u2022 A la renta l\u00edquida gravable tambi\u00e9n se le puede aplicar la deducci\u00f3n del apartado <strong>\u2018Sus facturas electr\u00f3nicas le ayudan a bajar el valor de su impuesto\u2019<\/strong>, que est\u00e1 al principio de esta secci\u00f3n.<\/p>\n<p>[\/et_pb_accordion_item][et_pb_accordion_item title=\u00bbC\u00e1lculo de los costos y gastos de la clasificaci\u00f3n general del impuesto de renta (c\u00e9dula general) \u00bb toggle_icon=\u00bb&#xf0eb;||fa||900&#8243; _builder_version=\u00bb4.18.1&#8243; _module_preset=\u00bbdefault\u00bb global_colors_info=\u00bb{}\u00bb open=\u00bboff\u00bb]<\/p>\n<p>\u2022 Para las rentas de trabajo en las que haya costos y gastos deducibles, estos se estiman en un sesenta por ciento (60%) de los ingresos brutos.<\/p>\n<p>\u2022 Cuando el contribuyente exceda el tope indicativo de costos y gastos deducibles deber\u00e1 indicarlo expresamente en su declaraci\u00f3n de renta, de manera informativa, en la casilla 140 (Usted super\u00f3 tope indicativo art. 336-1 del E.T. marque X) del Formulario 210.<\/p>\n<p>\u2022 Los costos y gastos deber\u00e1n estar soportados con factura electr\u00f3nica de venta, comprobante de n\u00f3mina electr\u00f3nica o documentos equivalentes electr\u00f3nicos, y ser\u00e1n deducibles siempre que cumplan con los requisitos legales vigentes.<\/p>\n<p>[\/et_pb_accordion_item][et_pb_accordion_item title=\u00bbCambios en el c\u00e1lculo del impuesto sobre dividendos y participaciones\u00bb toggle_icon=\u00bb&#xf0eb;||fa||900&#8243; _builder_version=\u00bb4.18.1&#8243; _module_preset=\u00bbdefault\u00bb global_colors_info=\u00bb{}\u00bb open=\u00bboff\u00bb]<\/p>\n<p><strong>Impuesto a los dividendos no gravados (inciso 1\u00b0art\u00edculo 242 del E.T.):<\/strong> los dividendos y participaciones recibidos por personas naturales residentes, provenientes de la distribuci\u00f3n de utilidades consideradas como ingreso no constitutivo de renta ni ganancia ocasional, hacen parte la base gravable del impuesto de renta y est\u00e1n gravados seg\u00fan las tarifas se\u00f1aladas en la tabla del art\u00edculo 241 del E.T.<\/p>\n<p><strong>Descuento tributario:<\/strong> se incluye el art\u00edculo 254-1 al E.T. el cual establece que, para las personas naturales residentes fiscales en el pa\u00eds, que hayan recibido ingresos por concepto de dividendos y participaciones, y que se incluyan en la renta l\u00edquida gravable a las tarifas se\u00f1aladas en la tabla del art\u00edculo 241, pueden tener el siguiente descuento tributario:<\/p>\n<p>\u2022 El 19% de la renta l\u00edquida cedular de dividendos y participaciones que supere el valor equivalente a 1.090 UVT ($51.301.000 AG 2024).<\/p>\n<p>\u2022 Este descuento tributario se debe declarar en la casilla 124 (Dividendos, participaciones y otros) del formulario 210.<\/p>\n<p>&nbsp;<\/p>\n<table width=\"675\">\n<tbody>\n<tr>\n<td colspan=\"2\" width=\"215\"><strong>Rangos en UVT<\/strong><\/td>\n<td rowspan=\"2\" width=\"99\"><strong>Tarifa Marginal<\/strong><\/td>\n<td rowspan=\"2\" width=\"361\"><strong>Impuesto<\/strong><\/td>\n<\/tr>\n<tr>\n<td><strong>Desde<\/strong><\/td>\n<td><strong>Hasta<\/strong><\/td>\n<\/tr>\n<tr>\n<td>0<\/td>\n<td>1.090<\/td>\n<td>0%<\/td>\n<td>0<\/td>\n<\/tr>\n<tr>\n<td>Mayor que 1.090<\/td>\n<td>1.700<\/td>\n<td>19%<\/td>\n<td>(Base gravable en UVT menos 1.090) x 19%<\/td>\n<\/tr>\n<tr>\n<td>Mayor que 1.700<\/td>\n<td>4.100<\/td>\n<td>28%<\/td>\n<td>(Base gravable en UVT menos 1.700) x 28% + 116 UVT<\/td>\n<\/tr>\n<tr>\n<td>Mayor que 4.100<\/td>\n<td>8.670<\/td>\n<td>33%<\/td>\n<td>(Base gravable en UVT menos 4.100) x 33% + 788 UVT<\/td>\n<\/tr>\n<tr>\n<td>Mayor que 8.670<\/td>\n<td>18.970<\/td>\n<td>35%<\/td>\n<td>(Base gravable en UVT menos 8.670) x 35% + 2.296 UVT<\/td>\n<\/tr>\n<tr>\n<td>Mayor que 18.970<\/td>\n<td>31.000<\/td>\n<td>37%<\/td>\n<td>(Base gravable en UVT menos 18.970) x 37% + 5.901 UVT<\/td>\n<\/tr>\n<tr>\n<td>Mayor que 31.000<\/td>\n<td>En adelante<\/td>\n<td>39%<\/td>\n<td>(Base gravable en UVT menos 31.000) x 39% + 10.352 UVT<\/td>\n<\/tr>\n<\/tbody>\n<\/table>\n<p>[\/et_pb_accordion_item][et_pb_accordion_item title=\u00bbOtras novedades\u00bb toggle_icon=\u00bb&#xf0eb;||fa||900&#8243; _builder_version=\u00bb4.18.1&#8243; _module_preset=\u00bbdefault\u00bb global_colors_info=\u00bb{}\u00bb open=\u00bboff\u00bb]<\/p>\n<p><strong>Otras novedades<\/strong><\/p>\n<p><strong>Aporte voluntario:<\/strong> con la Ley 2277 de 2022 se adicion\u00f3 el art\u00edculo 244-1 al E.T. que establece que los contribuyentes pueden hacer un aporte voluntario, que puede ser:<\/p>\n<p>\u2022 Un porcentaje del impuesto a pagar.<\/p>\n<p>\u2022 Cualquier valor en pesos, especificado por el contribuyente.<\/p>\n<p>Este aporte voluntario se debe liquidar al momento de la presentaci\u00f3n de la declaraci\u00f3n de renta. Para ese prop\u00f3sito, se a\u00f1adi\u00f3 la casilla 141 (Aporte voluntario) al formulario 210. Este aporte se recaudar\u00e1 al momento del pago del impuesto.<\/p>\n<p>El aporte voluntario no da lugar a saldos a favor, no es base para la liquidaci\u00f3n de sanciones y no genera intereses de mora, ni da lugar a ning\u00fan beneficio tributario.<\/p>\n<p>En caso de que no haya valor a pagar o saldo a favor, el contribuyente podr\u00e1 pagar \u00fanicamente el aporte voluntario.<\/p>\n<p>[\/et_pb_accordion_item][\/et_pb_accordion][\/et_pb_column][\/et_pb_row][\/et_pb_section][et_pb_section fb_built=\u00bb1&#8243; admin_label=\u00bb#Numeral3&#8243; module_id=\u00bbNumeral3&#8243; module_class=\u00bbpopup close-alt\u00bb _builder_version=\u00bb4.18.1&#8243; _module_preset=\u00bbdefault\u00bb background_color=\u00bb#1b94c1&#8243; width=\u00bb91%\u00bb custom_padding=\u00bb0px|0px|0px|0px|true|false\u00bb da_is_popup=\u00bbon\u00bb da_popup_slug=\u00bbNumeral3&#8243; da_alt_close=\u00bbon\u00bb da_disable_devices=\u00bboff|off|off\u00bb locked=\u00bboff\u00bb global_colors_info=\u00bb{}\u00bb da_exit_intent=\u00bboff\u00bb da_has_close=\u00bbon\u00bb da_dark_close=\u00bboff\u00bb da_not_modal=\u00bbon\u00bb da_is_singular=\u00bboff\u00bb da_with_loader=\u00bboff\u00bb da_has_shadow=\u00bbon\u00bb][et_pb_row _builder_version=\u00bb4.18.1&#8243; _module_preset=\u00bbdefault\u00bb background_color=\u00bb#1b94c1&#8243; custom_padding=\u00bb44px|0px|44px|0px|true|true\u00bb global_colors_info=\u00bb{}\u00bb][et_pb_column type=\u00bb4_4&#8243; _builder_version=\u00bb4.16&#8243; _module_preset=\u00bbdefault\u00bb global_colors_info=\u00bb{}\u00bb][et_pb_text _builder_version=\u00bb4.18.1&#8243; _module_preset=\u00bbdefault\u00bb text_font=\u00bbUbuntu|700|||||||\u00bb text_text_color=\u00bb#252944&#8243; text_font_size=\u00bb25px\u00bb header_text_color=\u00bb#E02B20&#8243; header_3_font=\u00bbUbuntu|700|||||||\u00bb header_3_text_color=\u00bb#252944&#8243; header_3_font_size=\u00bb25px\u00bb header_4_font=\u00bbNunito Sans|700|||||||\u00bb header_4_text_color=\u00bb#f2f2f2&#8243; header_4_font_size=\u00bb20px\u00bb text_orientation=\u00bbcenter\u00bb custom_padding=\u00bb0px|||||\u00bb global_colors_info=\u00bb{}\u00bb]<\/p>\n<h4 style=\"text-align: center;\"><strong><\/strong><span style=\"color: #ffffff;\"><strong>Numeral 3 del art\u00edculo 336 del Estatuto Tributario<\/strong><\/span><\/h4>\n<p>[\/et_pb_text][et_pb_divider color=\u00bb#f2f2f2&#8243; divider_weight=\u00bb3px\u00bb _builder_version=\u00bb4.18.1&#8243; _module_preset=\u00bbdefault\u00bb width=\u00bb43%\u00bb module_alignment=\u00bbcenter\u00bb custom_margin=\u00bb-23px||10px||false|false\u00bb global_colors_info=\u00bb{}\u00bb][\/et_pb_divider][et_pb_text _builder_version=\u00bb4.18.1&#8243; _module_preset=\u00bbdefault\u00bb text_font=\u00bbNunito Sans||||||||\u00bb text_text_color=\u00bb#FFFFFF\u00bb global_colors_info=\u00bb{}\u00bb]<\/p>\n<p style=\"text-align: left;\">Al valor resultante podr\u00e1n restarse todas las rentas exentas y las deducciones especiales imputables a esta c\u00e9dula, siempre que no excedan el cuarenta (40%) del resultado del numeral anterior, que en todo caso no puede exceder de mil trescientas cuarenta (1.340) UVT anuales.<\/p>\n<p>[\/et_pb_text][\/et_pb_column][\/et_pb_row][\/et_pb_section][et_pb_section fb_built=\u00bb1&#8243; admin_label=\u00bb#Numeral10&#8243; module_id=\u00bbNumeral10&#8243; module_class=\u00bbpopup close-alt\u00bb _builder_version=\u00bb4.18.1&#8243; _module_preset=\u00bbdefault\u00bb background_color=\u00bb#1b94c1&#8243; width=\u00bb91%\u00bb custom_padding=\u00bb0px|0px|0px|0px|true|false\u00bb da_is_popup=\u00bbon\u00bb da_popup_slug=\u00bbNumeral10&#8243; da_alt_close=\u00bbon\u00bb da_disable_devices=\u00bboff|off|off\u00bb locked=\u00bboff\u00bb global_colors_info=\u00bb{}\u00bb da_exit_intent=\u00bboff\u00bb da_has_close=\u00bbon\u00bb da_dark_close=\u00bboff\u00bb da_not_modal=\u00bbon\u00bb da_is_singular=\u00bboff\u00bb da_with_loader=\u00bboff\u00bb da_has_shadow=\u00bbon\u00bb][et_pb_row _builder_version=\u00bb4.18.1&#8243; _module_preset=\u00bbdefault\u00bb background_color=\u00bb#1b94c1&#8243; custom_padding=\u00bb44px|0px|44px|0px|true|true\u00bb global_colors_info=\u00bb{}\u00bb][et_pb_column type=\u00bb4_4&#8243; _builder_version=\u00bb4.16&#8243; _module_preset=\u00bbdefault\u00bb global_colors_info=\u00bb{}\u00bb][et_pb_text _builder_version=\u00bb4.18.1&#8243; _module_preset=\u00bbdefault\u00bb text_font=\u00bbUbuntu|700|||||||\u00bb text_text_color=\u00bb#252944&#8243; text_font_size=\u00bb25px\u00bb header_text_color=\u00bb#E02B20&#8243; header_3_font=\u00bbUbuntu|700|||||||\u00bb header_3_text_color=\u00bb#252944&#8243; header_3_font_size=\u00bb25px\u00bb header_4_font=\u00bbNunito Sans|700|||||||\u00bb header_4_text_color=\u00bb#FFFFFF\u00bb header_4_font_size=\u00bb20px\u00bb text_orientation=\u00bbcenter\u00bb custom_padding=\u00bb0px|||||\u00bb global_colors_info=\u00bb{}\u00bb]<\/p>\n<h4 style=\"text-align: center;\"><strong><\/strong><span style=\"color: #ffffff;\"><strong>Numeral 10 del art\u00edculo 210 del Estatuto Tributario<\/strong><\/span><\/h4>\n<p>[\/et_pb_text][et_pb_divider color=\u00bb#f2f2f2&#8243; divider_weight=\u00bb3px\u00bb _builder_version=\u00bb4.18.1&#8243; _module_preset=\u00bbdefault\u00bb width=\u00bb43%\u00bb module_alignment=\u00bbcenter\u00bb custom_margin=\u00bb-23px||10px||false|false\u00bb global_colors_info=\u00bb{}\u00bb][\/et_pb_divider][et_pb_text _builder_version=\u00bb4.18.1&#8243; _module_preset=\u00bbdefault\u00bb text_font=\u00bbNunito Sans||||||||\u00bb text_text_color=\u00bb#FFFFFF\u00bb global_colors_info=\u00bb{}\u00bb]<\/p>\n<p style=\"text-align: left;\"><strong>Art. 10.<\/strong> &lt;Numeral modificado por el art\u00edculo\u00a0<a href=\"https:\/\/normograma.dian.gov.co\/dian\/compilacion\/docs\/ley_2277_2022.htm#2\"><span style=\"color: #ffffff;\">2<\/span><\/a> de la Ley 2277 de 2022. El nuevo texto es el siguiente:&gt; El veinticinco por ciento (25%) del valor total de los pagos laborales limitada anualmente a setecientos noventa (790) UVT. El c\u00e1lculo de esta renta exenta se efectuar\u00e1 una vez se detraiga del valor total de los pagos laborales recibidos por el trabajado, los ingresos no constitutivos de renta, las deducciones y las dem\u00e1s rentas exentas diferentes a la establecida en el presente numeral.<\/p>\n<p>[\/et_pb_text][\/et_pb_column][\/et_pb_row][\/et_pb_section][et_pb_section fb_built=\u00bb1&#8243; admin_label=\u00bb#Paragrafo5&#8243; module_id=\u00bbParagrafo5&#8243; module_class=\u00bbpopup close-alt\u00bb _builder_version=\u00bb4.18.1&#8243; _module_preset=\u00bbdefault\u00bb background_color=\u00bb#1b94c1&#8243; width=\u00bb91%\u00bb custom_padding=\u00bb0px|0px|0px|0px|true|false\u00bb da_is_popup=\u00bbon\u00bb da_popup_slug=\u00bbParagrafo5&#8243; da_alt_close=\u00bbon\u00bb da_disable_devices=\u00bboff|off|off\u00bb locked=\u00bboff\u00bb global_colors_info=\u00bb{}\u00bb da_exit_intent=\u00bboff\u00bb da_has_close=\u00bbon\u00bb da_dark_close=\u00bboff\u00bb da_not_modal=\u00bbon\u00bb da_is_singular=\u00bboff\u00bb da_with_loader=\u00bboff\u00bb da_has_shadow=\u00bbon\u00bb][et_pb_row _builder_version=\u00bb4.18.1&#8243; _module_preset=\u00bbdefault\u00bb background_color=\u00bb#1b94c1&#8243; custom_padding=\u00bb44px|0px|44px|0px|true|true\u00bb global_colors_info=\u00bb{}\u00bb][et_pb_column type=\u00bb4_4&#8243; _builder_version=\u00bb4.16&#8243; _module_preset=\u00bbdefault\u00bb global_colors_info=\u00bb{}\u00bb][et_pb_text _builder_version=\u00bb4.18.1&#8243; _module_preset=\u00bbdefault\u00bb text_font=\u00bbUbuntu|700|||||||\u00bb text_text_color=\u00bb#252944&#8243; text_font_size=\u00bb25px\u00bb header_text_color=\u00bb#E02B20&#8243; header_3_font=\u00bbUbuntu|700|||||||\u00bb header_3_text_color=\u00bb#252944&#8243; header_3_font_size=\u00bb25px\u00bb header_4_font=\u00bbNunito Sans|700|||||||\u00bb header_4_text_color=\u00bb#FFFFFF\u00bb header_4_font_size=\u00bb20px\u00bb text_orientation=\u00bbcenter\u00bb custom_padding=\u00bb0px|||||\u00bb global_colors_info=\u00bb{}\u00bb]<\/p>\n<h4 style=\"text-align: center;\"><span style=\"color: #ffffff;\"><strong>Par\u00e1grafo 5 del <\/strong><\/span><span style=\"color: #ffffff;\"><strong>numeral 10 del art\u00edculo 210 del Estatuto Tributario<\/strong><\/span><\/h4>\n<p>[\/et_pb_text][et_pb_divider color=\u00bb#f2f2f2&#8243; divider_weight=\u00bb3px\u00bb _builder_version=\u00bb4.18.1&#8243; _module_preset=\u00bbdefault\u00bb width=\u00bb57%\u00bb module_alignment=\u00bbcenter\u00bb custom_margin=\u00bb-23px||10px||false|false\u00bb global_colors_info=\u00bb{}\u00bb][\/et_pb_divider][et_pb_text _builder_version=\u00bb4.18.1&#8243; _module_preset=\u00bbdefault\u00bb text_font=\u00bbNunito Sans||||||||\u00bb text_text_color=\u00bb#FFFFFF\u00bb global_colors_info=\u00bb{}\u00bb]<\/p>\n<p style=\"text-align: left;\"><strong>PAR\u00c1GRAFO 5o.<\/strong>\u00a0&lt;Par\u00e1grafo modificado por el art\u00edculo\u00a0<span style=\"color: #ffffff;\"><a href=\"https:\/\/normograma.dian.gov.co\/dian\/compilacion\/docs\/ley_2277_2022.htm#2\" style=\"color: #ffffff;\">2<\/a><\/span>\u00a0de la Ley 2277 de 2022. El nuevo texto es el siguiente:&gt; La exenci\u00f3n prevista en el numeral 10 tambi\u00e9n procede en relaci\u00f3n con las rentas de trabajo que no provengan de una relaci\u00f3n laboral o legal y reglamentaria.<\/p>\n<p>[\/et_pb_text][\/et_pb_column][\/et_pb_row][\/et_pb_section][et_pb_section fb_built=\u00bb1&#8243; admin_label=\u00bb#Tabla\u00bb module_id=\u00bbTabla\u00bb module_class=\u00bbpopup close-alt\u00bb _builder_version=\u00bb4.18.1&#8243; _module_preset=\u00bbdefault\u00bb background_color=\u00bb#1b94c1&#8243; width=\u00bb91%\u00bb custom_padding=\u00bb0px|0px|0px|0px|true|false\u00bb da_is_popup=\u00bbon\u00bb da_popup_slug=\u00bbTabla\u00bb da_alt_close=\u00bbon\u00bb da_disable_devices=\u00bboff|off|off\u00bb locked=\u00bboff\u00bb global_colors_info=\u00bb{}\u00bb da_exit_intent=\u00bboff\u00bb da_has_close=\u00bbon\u00bb da_dark_close=\u00bboff\u00bb da_not_modal=\u00bbon\u00bb da_is_singular=\u00bboff\u00bb da_with_loader=\u00bboff\u00bb da_has_shadow=\u00bbon\u00bb][et_pb_row _builder_version=\u00bb4.18.1&#8243; _module_preset=\u00bbdefault\u00bb background_color=\u00bb#1b94c1&#8243; custom_padding=\u00bb44px|0px|44px|0px|true|true\u00bb global_colors_info=\u00bb{}\u00bb][et_pb_column type=\u00bb4_4&#8243; _builder_version=\u00bb4.16&#8243; _module_preset=\u00bbdefault\u00bb global_colors_info=\u00bb{}\u00bb][et_pb_text _builder_version=\u00bb4.18.1&#8243; _module_preset=\u00bbdefault\u00bb text_font=\u00bbNunito Sans|700|||||||\u00bb text_text_color=\u00bb#252944&#8243; text_font_size=\u00bb25px\u00bb header_text_color=\u00bb#E02B20&#8243; header_3_font=\u00bbUbuntu|700|||||||\u00bb header_3_text_color=\u00bb#252944&#8243; header_3_font_size=\u00bb25px\u00bb header_4_font=\u00bbNunito Sans|700|||||||\u00bb header_4_text_color=\u00bb#FFFFFF\u00bb header_4_font_size=\u00bb20px\u00bb text_orientation=\u00bbcenter\u00bb custom_padding=\u00bb0px|||||\u00bb global_colors_info=\u00bb{}\u00bb]<\/p>\n<h4 style=\"text-align: center;\"><strong><\/strong><span style=\"color: #ffffff;\"><strong>Tabla<\/strong><\/span><\/h4>\n<p>[\/et_pb_text][et_pb_divider color=\u00bb#f2f2f2&#8243; divider_weight=\u00bb3px\u00bb _builder_version=\u00bb4.18.1&#8243; _module_preset=\u00bbdefault\u00bb width=\u00bb5%\u00bb module_alignment=\u00bbcenter\u00bb custom_margin=\u00bb-23px||10px||false|false\u00bb global_colors_info=\u00bb{}\u00bb][\/et_pb_divider][et_pb_text _builder_version=\u00bb4.18.1&#8243; _module_preset=\u00bbdefault\u00bb text_font=\u00bbNunito Sans||||||||\u00bb text_text_color=\u00bb#FFFFFF\u00bb global_colors_info=\u00bb{}\u00bb]<\/p>\n<table>\n<tbody>\n<tr>\n<td colspan=\"2\" style=\"text-align: center;\"><strong>Rangos en UVT<\/strong><\/td>\n<td rowspan=\"2\" style=\"text-align: center;\"><strong>Tarifa Marginal<\/strong><strong>\u200b<\/strong><\/td>\n<td rowspan=\"2\" style=\"text-align: center;\">\n<p><strong>Impuesto<\/strong><\/p>\n<p>\u200b<\/p>\n<\/td>\n<\/tr>\n<tr>\n<td style=\"text-align: center;\"><strong>Desde<\/strong><\/td>\n<td style=\"text-align: center;\"><strong>Hasta<\/strong><\/td>\n<\/tr>\n<tr>\n<td>0<\/td>\n<td>1.090<\/td>\n<td>0%<\/td>\n<td>0<\/td>\n<\/tr>\n<tr>\n<td>Mayor que 1.090<\/td>\n<td>1.700<\/td>\n<td>19%<\/td>\n<td>(Base gravable en UVT menos 1.090) x 19%<\/td>\n<\/tr>\n<tr>\n<td>Mayor que 1.700<\/td>\n<td>4.100<\/td>\n<td>28%<\/td>\n<td>(Base gravable en UVT menos 1.700) x 28% + 116 UVT<\/td>\n<\/tr>\n<tr>\n<td>Mayor que 4.100<\/td>\n<td>8.670<\/td>\n<td>33%<\/td>\n<td>(Base gravable en UVT menos 4.100) x 33% + 788 UVT<\/td>\n<\/tr>\n<tr>\n<td>Mayor que 8.670<\/td>\n<td>18.970<\/td>\n<td>35%<\/td>\n<td>(Base gravable en UVT menos 8.670) x 35% + 2.296 UVT<\/td>\n<\/tr>\n<tr>\n<td>Mayor que 18.970<\/td>\n<td>31.000<\/td>\n<td>37%<\/td>\n<td>(Base gravable en UVT menos 18.970) x 37% + 5.901 UVT<\/td>\n<\/tr>\n<tr>\n<td>Mayor que 31.000<\/td>\n<td>En adelante<\/td>\n<td>39%<\/td>\n<td>(Base gravable en UVT menos 31.000) x 39% + 10.352 UVT<\/td>\n<\/tr>\n<\/tbody>\n<\/table>\n<p>[\/et_pb_text][\/et_pb_column][\/et_pb_row][\/et_pb_section][et_pb_section fb_built=\u00bb1&#8243; _builder_version=\u00bb4.18.1&#8243; _module_preset=\u00bbdefault\u00bb background_color=\u00bb#f2f2f2&#8243; custom_margin=\u00bb||||false|false\u00bb custom_padding=\u00bb40px||100px||false|false\u00bb animation_style=\u00bbfade\u00bb da_disable_devices=\u00bboff|off|off\u00bb locked=\u00bboff\u00bb global_colors_info=\u00bb{}\u00bb da_is_popup=\u00bboff\u00bb da_exit_intent=\u00bboff\u00bb da_has_close=\u00bbon\u00bb da_alt_close=\u00bboff\u00bb da_dark_close=\u00bboff\u00bb da_not_modal=\u00bbon\u00bb da_is_singular=\u00bboff\u00bb da_with_loader=\u00bboff\u00bb da_has_shadow=\u00bbon\u00bb][et_pb_row column_structure=\u00bb1_2,1_2&#8243; _builder_version=\u00bb4.16&#8243; _module_preset=\u00bbdefault\u00bb custom_margin_tablet=\u00bb\u00bb custom_margin_phone=\u00bb||-87px||false|false\u00bb custom_margin_last_edited=\u00bbon|phone\u00bb custom_padding=\u00bb3px||0px|||\u00bb global_colors_info=\u00bb{}\u00bb][et_pb_column type=\u00bb1_2&#8243; _builder_version=\u00bb4.16&#8243; _module_preset=\u00bbdefault\u00bb global_colors_info=\u00bb{}\u00bb][et_pb_text _builder_version=\u00bb4.18.1&#8243; _module_preset=\u00bbdefault\u00bb text_font=\u00bbNunito Sans|700|||||||\u00bb text_text_color=\u00bb#2a2d44&#8243; text_font_size=\u00bb16px\u00bb header_font=\u00bbUbuntu|700|||||||\u00bb global_colors_info=\u00bb{}\u00bb]<\/p>\n<p><strong>Compartir contenido:<\/strong><\/p>\n<p>[\/et_pb_text][et_pb_social_media_follow _builder_version=\u00bb4.18.1&#8243; _module_preset=\u00bbdefault\u00bb global_colors_info=\u00bb{}\u00bb][et_pb_social_media_follow_network social_network=\u00bbtwitter\u00bb url=\u00bbhttps:\/\/x.com\/DIANColombia\u00bb _builder_version=\u00bb4.18.1&#8243; _module_preset=\u00bbdefault\u00bb background_color=\u00bb#000000&#8243; background_enable_color=\u00bbon\u00bb global_colors_info=\u00bb{}\u00bb follow_button=\u00bboff\u00bb url_new_window=\u00bbon\u00bb]twitter[\/et_pb_social_media_follow_network][et_pb_social_media_follow_network social_network=\u00bblinkedin\u00bb url=\u00bbhttps:\/\/www.linkedin.com\/company\/diancolombia\/\u00bb _builder_version=\u00bb4.18.1&#8243; _module_preset=\u00bbdefault\u00bb background_color=\u00bb#007bb6&#8243; global_colors_info=\u00bb{}\u00bb follow_button=\u00bboff\u00bb url_new_window=\u00bbon\u00bb]linkedin[\/et_pb_social_media_follow_network][et_pb_social_media_follow_network social_network=\u00bbfacebook\u00bb url=\u00bbhttps:\/\/www.facebook.com\/DIANCol\/\u00bb _builder_version=\u00bb4.18.1&#8243; _module_preset=\u00bbdefault\u00bb background_color=\u00bb#3b5998&#8243; global_colors_info=\u00bb{}\u00bb follow_button=\u00bboff\u00bb url_new_window=\u00bbon\u00bb]facebook[\/et_pb_social_media_follow_network][et_pb_social_media_follow_network social_network=\u00bbinstagram\u00bb url=\u00bbhttps:\/\/www.instagram.com\/diancolombia\/?hl=es-la\u00bb _builder_version=\u00bb4.18.1&#8243; _module_preset=\u00bbdefault\u00bb background_color=\u00bb#ea2c59&#8243; global_colors_info=\u00bb{}\u00bb follow_button=\u00bboff\u00bb url_new_window=\u00bbon\u00bb]instagram[\/et_pb_social_media_follow_network][\/et_pb_social_media_follow][\/et_pb_column][et_pb_column type=\u00bb1_2&#8243; _builder_version=\u00bb4.16&#8243; _module_preset=\u00bbdefault\u00bb global_colors_info=\u00bb{}\u00bb][\/et_pb_column][\/et_pb_row][\/et_pb_section][et_pb_section fb_built=\u00bb1&#8243; disabled_on=\u00bboff|off|on\u00bb admin_label=\u00bbBoton-flotante\u00bb module_class=\u00bbov-iconos-flotantes\u00bb _builder_version=\u00bb4.18.1&#8243; _module_preset=\u00bbdefault\u00bb background_color=\u00bbRGBA(255,255,255,0)\u00bb positioning=\u00bbfixed\u00bb position_origin_f=\u00bbcenter_right\u00bb z_index=\u00bb999999&#8243; max_width=\u00bb60px\u00bb custom_padding=\u00bb0px||0px||true|false\u00bb da_disable_devices=\u00bboff|off|off\u00bb global_colors_info=\u00bb{}\u00bb da_is_popup=\u00bboff\u00bb da_exit_intent=\u00bboff\u00bb da_has_close=\u00bbon\u00bb da_alt_close=\u00bboff\u00bb da_dark_close=\u00bboff\u00bb da_not_modal=\u00bbon\u00bb da_is_singular=\u00bboff\u00bb da_with_loader=\u00bboff\u00bb da_has_shadow=\u00bbon\u00bb][et_pb_row _builder_version=\u00bb4.18.1&#8243; _module_preset=\u00bbdefault\u00bb width=\u00bb100%\u00bb max_width=\u00bb100%\u00bb custom_padding=\u00bb0px||0px||true|false\u00bb global_colors_info=\u00bb{}\u00bb][et_pb_column type=\u00bb4_4&#8243; _builder_version=\u00bb4.18.1&#8243; _module_preset=\u00bbdefault\u00bb global_colors_info=\u00bb{}\u00bb][et_pb_button button_url=\u00bbhttps:\/\/muisca.dian.gov.co\/WebArquitectura\/DefLoginOld.faces\u00bb url_new_window=\u00bbon\u00bb button_text=\u00bbDeclare aqu\u00ed\u00bb button_alignment=\u00bbleft\u00bb _builder_version=\u00bb4.18.1&#8243; _module_preset=\u00bbdefault\u00bb custom_button=\u00bbon\u00bb button_text_size=\u00bb16px\u00bb button_text_color=\u00bb#FFFFFF\u00bb button_bg_color=\u00bb#16965a\u00bb button_border_width=\u00bb0px\u00bb button_border_radius=\u00bb0px\u00bb button_letter_spacing=\u00bb0px\u00bb button_font=\u00bbNunito Sans|600|||||||\u00bb button_icon=\u00bb&#xf25a;||fa||900&#8243; button_icon_color=\u00bb#FFFFFF\u00bb button_icon_placement=\u00bbleft\u00bb button_on_hover=\u00bboff\u00bb transform_translate_linked=\u00bboff\u00bb positioning=\u00bbfixed\u00bb position_origin_f=\u00bbbottom_right\u00bb custom_margin=\u00bb3px|-147px|6px|-147px|false|true\u00bb custom_padding=\u00bb10px|53px|10px|53px|true|true\u00bb locked=\u00bboff\u00bb global_colors_info=\u00bb{}\u00bb transform_styles__hover_enabled=\u00bbon|desktop\u00bb transform_scale__hover_enabled=\u00bbon|desktop\u00bb transform_translate__hover_enabled=\u00bbon|desktop\u00bb transform_rotate__hover_enabled=\u00bbon|desktop\u00bb transform_skew__hover_enabled=\u00bbon|desktop\u00bb transform_origin__hover_enabled=\u00bbon|desktop\u00bb transform_translate__hover=\u00bb-110px|0px\u00bb button_bg_color__hover_enabled=\u00bbon|hover\u00bb button_bg_color__hover=\u00bb#1b94c1&#8243; button_bg_enable_color__hover=\u00bbon\u00bb][\/et_pb_button][\/et_pb_column][\/et_pb_row][\/et_pb_section][et_pb_section fb_built=\u00bb1&#8243; disabled_on=\u00bbon|on|off\u00bb admin_label=\u00bbBoton-flotante\u00bb module_class=\u00bbov-iconos-flotantes\u00bb _builder_version=\u00bb4.18.1&#8243; _module_preset=\u00bbdefault\u00bb background_color=\u00bbRGBA(255,255,255,0)\u00bb positioning=\u00bbfixed\u00bb position_origin_f=\u00bbcenter_left\u00bb z_index=\u00bb999999&#8243; max_width=\u00bb60px\u00bb custom_padding=\u00bb0px||0px||true|false\u00bb da_disable_devices=\u00bboff|off|off\u00bb global_colors_info=\u00bb{}\u00bb da_is_popup=\u00bboff\u00bb da_exit_intent=\u00bboff\u00bb da_has_close=\u00bbon\u00bb da_alt_close=\u00bboff\u00bb da_dark_close=\u00bboff\u00bb da_not_modal=\u00bbon\u00bb da_is_singular=\u00bboff\u00bb da_with_loader=\u00bboff\u00bb da_has_shadow=\u00bbon\u00bb][et_pb_row _builder_version=\u00bb4.18.1&#8243; _module_preset=\u00bbdefault\u00bb width=\u00bb100%\u00bb max_width=\u00bb100%\u00bb custom_padding=\u00bb0px||0px||true|false\u00bb global_colors_info=\u00bb{}\u00bb][et_pb_column type=\u00bb4_4&#8243; _builder_version=\u00bb4.18.1&#8243; _module_preset=\u00bbdefault\u00bb global_colors_info=\u00bb{}\u00bb][et_pb_button button_url=\u00bbhttps:\/\/muisca.dian.gov.co\/WebArquitectura\/DefLoginOld.faces\u00bb url_new_window=\u00bbon\u00bb button_text=\u00bbDeclare aqu\u00ed\u00bb button_alignment=\u00bbleft\u00bb admin_label=\u00bbButton\u00bb _builder_version=\u00bb4.18.1&#8243; _module_preset=\u00bbdefault\u00bb custom_button=\u00bbon\u00bb button_text_size=\u00bb20px\u00bb button_text_color=\u00bb#FFFFFF\u00bb button_bg_color=\u00bb#16965a\u00bb button_border_width=\u00bb0px\u00bb button_border_radius=\u00bb0px\u00bb button_letter_spacing=\u00bb0px\u00bb button_font=\u00bbNunito Sans|600|||||||\u00bb button_icon=\u00bb&#xf25a;||fa||900&#8243; button_icon_color=\u00bb#FFFFFF\u00bb button_on_hover=\u00bboff\u00bb transform_translate_linked=\u00bboff\u00bb positioning=\u00bbfixed\u00bb position_origin_f=\u00bbcenter_right\u00bb custom_margin=\u00bb3px|-124px|6px|-124px|false|true\u00bb custom_padding=\u00bb10px|48px|10px|48px|true|true\u00bb animation_style=\u00bbfade\u00bb locked=\u00bboff\u00bb global_colors_info=\u00bb{}\u00bb transform_styles__hover_enabled=\u00bbon|desktop\u00bb transform_scale__hover_enabled=\u00bbon|desktop\u00bb transform_translate__hover_enabled=\u00bbon|desktop\u00bb transform_rotate__hover_enabled=\u00bbon|desktop\u00bb transform_skew__hover_enabled=\u00bbon|desktop\u00bb transform_origin__hover_enabled=\u00bbon|desktop\u00bb button_bg_color__hover_enabled=\u00bbon|desktop\u00bb button_bg_color__hover=\u00bb#1b94c1&#8243; button_bg_enable_color__hover=\u00bbon\u00bb][\/et_pb_button][\/et_pb_column][\/et_pb_row][\/et_pb_section]<\/p>\n","protected":false},"excerpt":{"rendered":"<p>Prep\u00e1rese para la declaraci\u00f3n RENTA 2024Su compromiso con Colombia Prep\u00e1rese para la declaraci\u00f3n RENTA 2024Su compromiso con Colombia<div class=\"et_pb_module dipl_breadcrumb dipl_breadcrumb_0\">\n\t\t\t\t\n\t\t\t\t\n\t\t\t\t\n\t\t\t\t\n\t\t\t\t\n\t\t\t\t\n\t\t\t\t<div class=\"et_pb_module_inner\">\n\t\t\t\t\t<div class=\"dipl-breadcrumb-wrapper layout2\">\n\t\t\t\t<ol class=\"dipl-breadcrumb-inner\" vocab=\"https:\/\/schema.org\/\" typeof=\"BreadcrumbList\">\n\t\t\t\t\t<li property=\"itemListElement\" typeof=\"ListItem\" data-icon=\"&#x24;\">\n\t\t\t\t\t\t\t\t<a class=\"breadcrumb-item dipl-home-page\" href=\"https:\/\/micrositios.dian.gov.co\/renta-personas-naturales-ag-2024\" property=\"item\" typeof=\"WebPage\" target=\"_blank\">\n\t\t\t\t\t\t\t\t\t<span class=\"breadcrumb-page\" property=\"name\">\n\t\t\t\t\t\t\t\t\t\t<span class=\"breadcrumb-home-icon et-pb-icon\">&#x23;<\/span>\n\t\t\t\t\t\t\t\t\t\tInicio\n\t\t\t\t\t\t\t\t\t<\/span>\n\t\t\t\t\t\t\t\t<\/a>\n\t\t\t\t\t\t\t\t<meta property=\"position\" content=\"1\" \/>\n\t\t\t\t\t\t\t<\/li>\n\t\t\t\t<\/ol>\n\t\t\t<\/div>\n\t\t\t\t<\/div>\n\t\t\t<\/div><div class=\"et_pb_module dipl_ajax_search dipl_ajax_search_0\">\n\t\t\t\t\n\t\t\t\t\n\t\t\t\t\n\t\t\t\t\n\t\t\t\t\n\t\t\t\t\n\t\t\t\t<div class=\"et_pb_module_inner\">\n\t\t\t\t\t<div class=\"dipl_ajax_search_wrap\">\n\t\t\t\t<div class=\"dipl_ajax_search_field_wrap dipl_ajax_search_icon\">\n\t\t\t\t\t<input type=\"search\" placeholder=\"\u00bbBuscar\" class=\"dipl_ajax_search_field\"\n\t\t\t\t\t\tdata-search-in=\"post_title,post_content,post_excerpt\" data-search-post-type=\"\u00bbpage\u00bb\" data-display-fields=\"title,excerpt,featured_image\" \n\t\t\t\t\t\tdata-url-new-window=\"off\" data-number-of-results=\"0\" data-no-result-text=\"\u00bbNo\" \n\t\t\t\t\t\tdata-orderby=\"\u00bbpost_title\u00bb\" data-order=\"\u00bbASC\u00bb\" data-use-masonry=\"off\"\n\t\t\t\t\t\tdata-exclude_protected_posts=\"off\"\n\t\t\t\t\t\/>\n\t\t\t\t\t<input type=\"hidden\" class=\"dipl_ajax_search_nonce\" value=\"da3b7734ac\" \/>\n\t\t\t\t<\/div>\n\t\t\t\t<div class=\"dipl_ajax_search_results_wrap dipl_ajax_search_result_1_cols \"><\/div>\n\t\t\t<\/div>\n\t\t\t\t<\/div>\n\t\t\t<\/div><\/p>\n","protected":false},"author":3,"featured_media":3055,"parent":0,"menu_order":0,"comment_status":"closed","ping_status":"closed","template":"","meta":{"_et_pb_use_builder":"on","_et_pb_old_content":"<!-- wp:paragraph -->\n<p>Esta es una p\u00e1gina de ejemplo. Es diferente de una entrada de blog porque se quedar\u00e1 en ese lugar y se mostrar\u00e1 en la navegaci\u00f3n de tu sitio (en la mayor\u00eda de los temas). La mayor\u00eda de la gente comienza con una p\u00e1gina de acerca de que los introduce a los visitantes potenciales del sitio. Podr\u00eda decir algo como esto:<\/p>\n<!-- \/wp:paragraph -->\n\n<!-- wp:quote -->\n<blockquote class=\"wp-block-quote\"><p>\u00a1Hola! Soy un Mensajero en bici durante el d\u00eda, aspirante a actor de noche, y este es mi sitio Web. Vivo en los \u00c1ngeles, tengo un gran perro llamado Jack, y me gustan las pi\u00f1as coladas. (Y estar atrapados en la lluvia.)<\/p><\/blockquote>\n<!-- \/wp:quote -->\n\n<!-- wp:paragraph -->\n<p>\u2026o algo as\u00ed:<\/p>\n<!-- \/wp:paragraph -->\n\n<!-- wp:quote -->\n<blockquote class=\"wp-block-quote\"><p>La Empresa Doohickey XYZ fue fundada en 1971, y ha estado proporcionando cosas de calidad al p\u00fablico desde entonces. Ubicado en la ciudad de Gotham, XYZ emplea a m\u00e1s de 2.000 personas y hace todo tipo de cosas impresionantes para la comunidad g\u00f3tica.<\/p><\/blockquote>\n<!-- \/wp:quote -->\n\n<!-- wp:paragraph -->\n<p>Como nuevo usuario de WordPress, debes ir a <a href=\"https:\/\/micrositios.dian.gov.co\/renta-personas-naturales-ag-2024\/wp-admin\/\">tu Escritorio<\/a> para eliminar esta p\u00e1gina, y as\u00ed crear nuevas p\u00e1ginas para su contenido. \u00a1Que te diviertas!<\/p>\n<!-- \/wp:paragraph -->","_et_gb_content_width":"","footnotes":""},"class_list":["post-2","page","type-page","status-publish","has-post-thumbnail","hentry"],"yoast_head":"<!-- This site is optimized with the Yoast SEO Premium plugin v18.5 (Yoast SEO v27.2) - https:\/\/yoast.com\/product\/yoast-seo-premium-wordpress\/ -->\n<title>Prep\u00e1rese para la declaraci\u00f3n de renta<\/title>\n<meta name=\"description\" content=\"Conozca la lista de documentos y materiales que debe alistar para presentar la Declaraci\u00f3n de Renta personas naturales 2024.\" \/>\n<meta name=\"robots\" content=\"index, follow, max-snippet:-1, max-image-preview:large, max-video-preview:-1\" \/>\n<link rel=\"canonical\" href=\"https:\/\/micrositios.dian.gov.co\/renta-personas-naturales-ag-2024\/preparese-para-la-declaracion-de-renta\/\" \/>\n<meta property=\"og:locale\" content=\"es_ES\" \/>\n<meta property=\"og:type\" content=\"article\" \/>\n<meta property=\"og:title\" content=\"Prep\u00e1rese para la declaraci\u00f3n de renta\" \/>\n<meta property=\"og:description\" content=\"Conozca la lista de documentos y materiales que debe alistar para presentar la Declaraci\u00f3n de Renta personas naturales 2024.\" \/>\n<meta property=\"og:url\" content=\"https:\/\/micrositios.dian.gov.co\/renta-personas-naturales-ag-2024\/preparese-para-la-declaracion-de-renta\/\" \/>\n<meta property=\"og:site_name\" content=\"Rentas Personas Naturales AG 2024 \u2013 DIAN\" \/>\n<meta property=\"article:modified_time\" content=\"2025-09-23T13:11:32+00:00\" \/>\n<meta property=\"og:image\" content=\"http:\/\/micrositios.dian.gov.co\/renta-personas-naturales-ag-2024\/wp-content\/uploads\/sites\/17\/2025\/06\/Redes795x397.jpg\" \/>\n\t<meta property=\"og:image:width\" content=\"795\" \/>\n\t<meta property=\"og:image:height\" content=\"397\" \/>\n\t<meta property=\"og:image:type\" content=\"image\/jpeg\" \/>\n<meta name=\"twitter:card\" content=\"summary_large_image\" \/>\n<meta name=\"twitter:title\" content=\"Prep\u00e1rese para la declaraci\u00f3n de renta\" \/>\n<meta name=\"twitter:description\" content=\"Conozca la lista de documentos y materiales que debe alistar para presentar la Declaraci\u00f3n de Renta personas naturales 2024.\" \/>\n<meta name=\"twitter:label1\" content=\"Tiempo de lectura\" \/>\n\t<meta name=\"twitter:data1\" content=\"53 minutos\" \/>\n<script type=\"application\/ld+json\" class=\"yoast-schema-graph\">{\"@context\":\"https:\/\/schema.org\",\"@graph\":[{\"@type\":\"WebPage\",\"@id\":\"https:\/\/micrositios.dian.gov.co\/renta-personas-naturales-ag-2024\/preparese-para-la-declaracion-de-renta\/\",\"url\":\"https:\/\/micrositios.dian.gov.co\/renta-personas-naturales-ag-2024\/preparese-para-la-declaracion-de-renta\/\",\"name\":\"Prep\u00e1rese para la declaraci\u00f3n de renta\",\"isPartOf\":{\"@id\":\"https:\/\/micrositios.dian.gov.co\/renta-personas-naturales-ag-2024\/#website\"},\"primaryImageOfPage\":{\"@id\":\"https:\/\/micrositios.dian.gov.co\/renta-personas-naturales-ag-2024\/preparese-para-la-declaracion-de-renta\/#primaryimage\"},\"image\":{\"@id\":\"https:\/\/micrositios.dian.gov.co\/renta-personas-naturales-ag-2024\/preparese-para-la-declaracion-de-renta\/#primaryimage\"},\"thumbnailUrl\":\"https:\/\/micrositios.dian.gov.co\/renta-personas-naturales-ag-2024\/wp-content\/uploads\/sites\/17\/2025\/06\/Renta-2024-150x150-1.jpg\",\"datePublished\":\"2025-06-05T12:49:00+00:00\",\"dateModified\":\"2025-09-23T13:11:32+00:00\",\"description\":\"Conozca la lista de documentos y materiales que debe alistar para presentar la Declaraci\u00f3n de Renta personas naturales 2024.\",\"breadcrumb\":{\"@id\":\"https:\/\/micrositios.dian.gov.co\/renta-personas-naturales-ag-2024\/preparese-para-la-declaracion-de-renta\/#breadcrumb\"},\"inLanguage\":\"es\",\"potentialAction\":[{\"@type\":\"ReadAction\",\"target\":[\"https:\/\/micrositios.dian.gov.co\/renta-personas-naturales-ag-2024\/preparese-para-la-declaracion-de-renta\/\"]}]},{\"@type\":\"ImageObject\",\"inLanguage\":\"es\",\"@id\":\"https:\/\/micrositios.dian.gov.co\/renta-personas-naturales-ag-2024\/preparese-para-la-declaracion-de-renta\/#primaryimage\",\"url\":\"https:\/\/micrositios.dian.gov.co\/renta-personas-naturales-ag-2024\/wp-content\/uploads\/sites\/17\/2025\/06\/Renta-2024-150x150-1.jpg\",\"contentUrl\":\"https:\/\/micrositios.dian.gov.co\/renta-personas-naturales-ag-2024\/wp-content\/uploads\/sites\/17\/2025\/06\/Renta-2024-150x150-1.jpg\",\"width\":150,\"height\":150},{\"@type\":\"BreadcrumbList\",\"@id\":\"https:\/\/micrositios.dian.gov.co\/renta-personas-naturales-ag-2024\/preparese-para-la-declaracion-de-renta\/#breadcrumb\",\"itemListElement\":[{\"@type\":\"ListItem\",\"position\":1,\"name\":\"Inicio\",\"item\":\"https:\/\/micrositios.dian.gov.co\/renta-personas-naturales-ag-2024\/\"},{\"@type\":\"ListItem\",\"position\":2,\"name\":\"Prep\u00e1rese para la declaraci\u00f3n\"}]},{\"@type\":\"WebSite\",\"@id\":\"https:\/\/micrositios.dian.gov.co\/renta-personas-naturales-ag-2024\/#website\",\"url\":\"https:\/\/micrositios.dian.gov.co\/renta-personas-naturales-ag-2024\/\",\"name\":\"Rentas Personas Naturales AG 2024 \u2013 DIAN\",\"description\":\"En este espacio encontrar\u00e1 todo el material de apoyo para preparar la Declaraci\u00f3n de Renta de personas naturales para el a\u00f1o gravable 2024\",\"potentialAction\":[{\"@type\":\"SearchAction\",\"target\":{\"@type\":\"EntryPoint\",\"urlTemplate\":\"https:\/\/micrositios.dian.gov.co\/renta-personas-naturales-ag-2024\/?s={search_term_string}\"},\"query-input\":{\"@type\":\"PropertyValueSpecification\",\"valueRequired\":true,\"valueName\":\"search_term_string\"}}],\"inLanguage\":\"es\"}]}<\/script>\n<!-- \/ Yoast SEO Premium plugin. -->","yoast_head_json":{"title":"Prep\u00e1rese para la declaraci\u00f3n de renta","description":"Conozca la lista de documentos y materiales que debe alistar para presentar la Declaraci\u00f3n de Renta personas naturales 2024.","robots":{"index":"index","follow":"follow","max-snippet":"max-snippet:-1","max-image-preview":"max-image-preview:large","max-video-preview":"max-video-preview:-1"},"canonical":"https:\/\/micrositios.dian.gov.co\/renta-personas-naturales-ag-2024\/preparese-para-la-declaracion-de-renta\/","og_locale":"es_ES","og_type":"article","og_title":"Prep\u00e1rese para la declaraci\u00f3n de renta","og_description":"Conozca la lista de documentos y materiales que debe alistar para presentar la Declaraci\u00f3n de Renta personas naturales 2024.","og_url":"https:\/\/micrositios.dian.gov.co\/renta-personas-naturales-ag-2024\/preparese-para-la-declaracion-de-renta\/","og_site_name":"Rentas Personas Naturales AG 2024 \u2013 DIAN","article_modified_time":"2025-09-23T13:11:32+00:00","og_image":[{"width":795,"height":397,"url":"http:\/\/micrositios.dian.gov.co\/renta-personas-naturales-ag-2024\/wp-content\/uploads\/sites\/17\/2025\/06\/Redes795x397.jpg","type":"image\/jpeg"}],"twitter_card":"summary_large_image","twitter_title":"Prep\u00e1rese para la declaraci\u00f3n de renta","twitter_description":"Conozca la lista de documentos y materiales que debe alistar para presentar la Declaraci\u00f3n de Renta personas naturales 2024.","twitter_misc":{"Tiempo de lectura":"53 minutos"},"schema":{"@context":"https:\/\/schema.org","@graph":[{"@type":"WebPage","@id":"https:\/\/micrositios.dian.gov.co\/renta-personas-naturales-ag-2024\/preparese-para-la-declaracion-de-renta\/","url":"https:\/\/micrositios.dian.gov.co\/renta-personas-naturales-ag-2024\/preparese-para-la-declaracion-de-renta\/","name":"Prep\u00e1rese para la declaraci\u00f3n de renta","isPartOf":{"@id":"https:\/\/micrositios.dian.gov.co\/renta-personas-naturales-ag-2024\/#website"},"primaryImageOfPage":{"@id":"https:\/\/micrositios.dian.gov.co\/renta-personas-naturales-ag-2024\/preparese-para-la-declaracion-de-renta\/#primaryimage"},"image":{"@id":"https:\/\/micrositios.dian.gov.co\/renta-personas-naturales-ag-2024\/preparese-para-la-declaracion-de-renta\/#primaryimage"},"thumbnailUrl":"https:\/\/micrositios.dian.gov.co\/renta-personas-naturales-ag-2024\/wp-content\/uploads\/sites\/17\/2025\/06\/Renta-2024-150x150-1.jpg","datePublished":"2025-06-05T12:49:00+00:00","dateModified":"2025-09-23T13:11:32+00:00","description":"Conozca la lista de documentos y materiales que debe alistar para presentar la Declaraci\u00f3n de Renta personas naturales 2024.","breadcrumb":{"@id":"https:\/\/micrositios.dian.gov.co\/renta-personas-naturales-ag-2024\/preparese-para-la-declaracion-de-renta\/#breadcrumb"},"inLanguage":"es","potentialAction":[{"@type":"ReadAction","target":["https:\/\/micrositios.dian.gov.co\/renta-personas-naturales-ag-2024\/preparese-para-la-declaracion-de-renta\/"]}]},{"@type":"ImageObject","inLanguage":"es","@id":"https:\/\/micrositios.dian.gov.co\/renta-personas-naturales-ag-2024\/preparese-para-la-declaracion-de-renta\/#primaryimage","url":"https:\/\/micrositios.dian.gov.co\/renta-personas-naturales-ag-2024\/wp-content\/uploads\/sites\/17\/2025\/06\/Renta-2024-150x150-1.jpg","contentUrl":"https:\/\/micrositios.dian.gov.co\/renta-personas-naturales-ag-2024\/wp-content\/uploads\/sites\/17\/2025\/06\/Renta-2024-150x150-1.jpg","width":150,"height":150},{"@type":"BreadcrumbList","@id":"https:\/\/micrositios.dian.gov.co\/renta-personas-naturales-ag-2024\/preparese-para-la-declaracion-de-renta\/#breadcrumb","itemListElement":[{"@type":"ListItem","position":1,"name":"Inicio","item":"https:\/\/micrositios.dian.gov.co\/renta-personas-naturales-ag-2024\/"},{"@type":"ListItem","position":2,"name":"Prep\u00e1rese para la declaraci\u00f3n"}]},{"@type":"WebSite","@id":"https:\/\/micrositios.dian.gov.co\/renta-personas-naturales-ag-2024\/#website","url":"https:\/\/micrositios.dian.gov.co\/renta-personas-naturales-ag-2024\/","name":"Rentas Personas Naturales AG 2024 \u2013 DIAN","description":"En este espacio encontrar\u00e1 todo el material de apoyo para preparar la Declaraci\u00f3n de Renta de personas naturales para el a\u00f1o gravable 2024","potentialAction":[{"@type":"SearchAction","target":{"@type":"EntryPoint","urlTemplate":"https:\/\/micrositios.dian.gov.co\/renta-personas-naturales-ag-2024\/?s={search_term_string}"},"query-input":{"@type":"PropertyValueSpecification","valueRequired":true,"valueName":"search_term_string"}}],"inLanguage":"es"}]}},"_links":{"self":[{"href":"https:\/\/micrositios.dian.gov.co\/renta-personas-naturales-ag-2024\/wp-json\/wp\/v2\/pages\/2","targetHints":{"allow":["GET"]}}],"collection":[{"href":"https:\/\/micrositios.dian.gov.co\/renta-personas-naturales-ag-2024\/wp-json\/wp\/v2\/pages"}],"about":[{"href":"https:\/\/micrositios.dian.gov.co\/renta-personas-naturales-ag-2024\/wp-json\/wp\/v2\/types\/page"}],"author":[{"embeddable":true,"href":"https:\/\/micrositios.dian.gov.co\/renta-personas-naturales-ag-2024\/wp-json\/wp\/v2\/users\/3"}],"replies":[{"embeddable":true,"href":"https:\/\/micrositios.dian.gov.co\/renta-personas-naturales-ag-2024\/wp-json\/wp\/v2\/comments?post=2"}],"version-history":[{"count":123,"href":"https:\/\/micrositios.dian.gov.co\/renta-personas-naturales-ag-2024\/wp-json\/wp\/v2\/pages\/2\/revisions"}],"predecessor-version":[{"id":3607,"href":"https:\/\/micrositios.dian.gov.co\/renta-personas-naturales-ag-2024\/wp-json\/wp\/v2\/pages\/2\/revisions\/3607"}],"wp:featuredmedia":[{"embeddable":true,"href":"https:\/\/micrositios.dian.gov.co\/renta-personas-naturales-ag-2024\/wp-json\/wp\/v2\/media\/3055"}],"wp:attachment":[{"href":"https:\/\/micrositios.dian.gov.co\/renta-personas-naturales-ag-2024\/wp-json\/wp\/v2\/media?parent=2"}],"curies":[{"name":"wp","href":"https:\/\/api.w.org\/{rel}","templated":true}]}}