{"id":2003,"date":"2024-06-12T12:09:45","date_gmt":"2024-06-12T17:09:45","guid":{"rendered":"https:\/\/micrositios.dian.gov.co\/renta-personas-naturales-ag-2023\/?page_id=2003"},"modified":"2024-08-08T11:14:12","modified_gmt":"2024-08-08T16:14:12","slug":"por-que-es-importante-su-declaracion-de-renta","status":"publish","type":"page","link":"https:\/\/micrositios.dian.gov.co\/renta-personas-naturales-ag-2023\/por-que-es-importante-su-declaracion-de-renta\/","title":{"rendered":"\u00bfPor qu\u00e9 es importante su declaraci\u00f3n?"},"content":{"rendered":"<p>[et_pb_section fb_built=\u00bb1&#8243; disabled_on=\u00bbon|on|off\u00bb admin_label=\u00bbSection\u00bb _builder_version=\u00bb4.18.1&#8243; _module_preset=\u00bbdefault\u00bb background_image=\u00bbhttp:\/\/micrositios.dian.gov.co\/renta-personas-naturales-ag-2023\/wp-content\/uploads\/sites\/15\/2024\/07\/Importancia-Renta-1944-420-Selva.jpg\u00bb background_size=\u00bbcustom\u00bb custom_margin=\u00bb||||true|true\u00bb custom_padding=\u00bb32px||32px||true|true\u00bb animation_style=\u00bbfade\u00bb da_disable_devices=\u00bboff|off|off\u00bb locked=\u00bboff\u00bb collapsed=\u00bbon\u00bb global_colors_info=\u00bb{}\u00bb da_is_popup=\u00bboff\u00bb da_exit_intent=\u00bboff\u00bb da_has_close=\u00bbon\u00bb da_alt_close=\u00bboff\u00bb da_dark_close=\u00bboff\u00bb da_not_modal=\u00bbon\u00bb da_is_singular=\u00bboff\u00bb da_with_loader=\u00bboff\u00bb da_has_shadow=\u00bbon\u00bb][et_pb_row _builder_version=\u00bb4.18.1&#8243; _module_preset=\u00bbdefault\u00bb global_colors_info=\u00bb{}\u00bb][et_pb_column type=\u00bb4_4&#8243; _builder_version=\u00bb4.18.1&#8243; _module_preset=\u00bbdefault\u00bb global_colors_info=\u00bb{}\u00bb][et_pb_text _builder_version=\u00bb4.18.1&#8243; _module_preset=\u00bbdefault\u00bb header_font=\u00bbUbuntu|700|||||||\u00bb header_text_color=\u00bb#00ae65&#8243; header_font_size=\u00bb43px\u00bb custom_margin=\u00bb0px|0px|0px|0px|true|true\u00bb global_colors_info=\u00bb{}\u00bb]<\/p>\n<h1>\u00bfPOR QU\u00c9 ES IMPORTANTE<br \/>SU DECLARACI\u00d3N?<\/h1>\n<p>[\/et_pb_text][et_pb_text _builder_version=\u00bb4.18.1&#8243; _module_preset=\u00bbdefault\u00bb header_font=\u00bbUbuntu|700|||||||\u00bb header_text_align=\u00bbleft\u00bb header_text_color=\u00bb#252944&#8243; header_font_size=\u00bb98px\u00bb custom_margin=\u00bb0px|0px|0px|0px|true|true\u00bb custom_padding=\u00bb14px||||false|false\u00bb global_colors_info=\u00bb{}\u00bb]<\/p>\n<h1>RENTA 2023<\/h1>\n<p>[\/et_pb_text][et_pb_text _builder_version=\u00bb4.18.1&#8243; _module_preset=\u00bbdefault\u00bb header_font=\u00bbUbuntu|700|||||||\u00bb header_text_color=\u00bb#FFFFFF\u00bb header_font_size=\u00bb27px\u00bb header_2_font=\u00bbUbuntu||||||||\u00bb header_2_text_color=\u00bb#27a2c4&#8243; background_color=\u00bb#00ae65&#8243; width=\u00bb52%\u00bb custom_margin=\u00bb0px|0px|0px|0px|true|true\u00bb custom_padding=\u00bb6px|||40px|false|false\u00bb global_colors_info=\u00bb{}\u00bb]<\/p>\n<h1><strong>M\u00c1S BREVE. M\u00c1S CLARA. M\u00c1S F\u00c1CIL.\u00a0<\/strong><\/h1>\n<p>[\/et_pb_text][\/et_pb_column][\/et_pb_row][\/et_pb_section][et_pb_section fb_built=\u00bb1&#8243; disabled_on=\u00bbon|off|on\u00bb admin_label=\u00bbSection\u00bb _builder_version=\u00bb4.18.1&#8243; _module_preset=\u00bbdefault\u00bb background_image=\u00bbhttp:\/\/micrositios.dian.gov.co\/renta-personas-naturales-ag-2023\/wp-content\/uploads\/sites\/15\/2024\/07\/Banner-home-degradado-RN2023.jpg\u00bb background_size=\u00bbcustom\u00bb custom_margin=\u00bb-2px||-2px||true|true\u00bb custom_padding=\u00bb0px||0px||true|true\u00bb animation_style=\u00bbfade\u00bb da_disable_devices=\u00bboff|off|off\u00bb locked=\u00bboff\u00bb collapsed=\u00bbon\u00bb global_colors_info=\u00bb{}\u00bb da_is_popup=\u00bboff\u00bb da_exit_intent=\u00bboff\u00bb da_has_close=\u00bbon\u00bb da_alt_close=\u00bboff\u00bb da_dark_close=\u00bboff\u00bb da_not_modal=\u00bbon\u00bb da_is_singular=\u00bboff\u00bb da_with_loader=\u00bboff\u00bb da_has_shadow=\u00bbon\u00bb][et_pb_row _builder_version=\u00bb4.18.1&#8243; _module_preset=\u00bbdefault\u00bb global_colors_info=\u00bb{}\u00bb][et_pb_column type=\u00bb4_4&#8243; _builder_version=\u00bb4.18.1&#8243; _module_preset=\u00bbdefault\u00bb global_colors_info=\u00bb{}\u00bb][et_pb_text _builder_version=\u00bb4.18.1&#8243; _module_preset=\u00bbdefault\u00bb header_font=\u00bbUbuntu|700|||||||\u00bb header_text_color=\u00bb#00ae65&#8243; header_font_size=\u00bb40px\u00bb custom_margin=\u00bb0px|0px|0px|0px|true|true\u00bb header_font_tablet=\u00bbUbuntu|700|||||||\u00bb header_font_phone=\u00bbUbuntu|700|||||||\u00bb header_font_last_edited=\u00bbon|tablet\u00bb header_font_size_tablet=\u00bb47px\u00bb header_font_size_phone=\u00bb47px\u00bb header_font_size_last_edited=\u00bbon|tablet\u00bb global_colors_info=\u00bb{}\u00bb]<\/p>\n<div class=\"et_pb_column et_pb_column_4_4 et_pb_column_0  et_pb_css_mix_blend_mode_passthrough et-last-child\">\n<div class=\"et_pb_module et_pb_text et_pb_text_0  et_pb_text_align_left et_pb_bg_layout_light\">\n<div class=\"et_pb_text_inner\">\n<h1>\u00bfPOR QU\u00c9 ES IMPORTANTE SU DECLARACI\u00d3N?<\/h1>\n<\/div>\n<\/div>\n<\/div>\n<p>[\/et_pb_text][et_pb_text _builder_version=\u00bb4.18.1&#8243; _module_preset=\u00bbdefault\u00bb header_font=\u00bbUbuntu|700|||||||\u00bb header_text_align=\u00bbleft\u00bb header_text_color=\u00bb#252944&#8243; header_font_size=\u00bb100px\u00bb custom_margin=\u00bb0px|0px|0px|0px|true|true\u00bb custom_padding=\u00bb14px||||false|false\u00bb global_colors_info=\u00bb{}\u00bb]<\/p>\n<h1>RENTA 2023<\/h1>\n<p>[\/et_pb_text][et_pb_text _builder_version=\u00bb4.18.1&#8243; _module_preset=\u00bbdefault\u00bb header_font=\u00bbUbuntu|700|||||||\u00bb header_text_color=\u00bb#FFFFFF\u00bb header_font_size=\u00bb33px\u00bb header_2_font=\u00bbUbuntu||||||||\u00bb header_2_text_color=\u00bb#27a2c4&#8243; background_color=\u00bb#00ae65&#8243; max_width=\u00bb100%\u00bb custom_margin=\u00bb0px|0px|0px|0px|true|true\u00bb custom_padding=\u00bb10px|0px||12px|false|false\u00bb custom_padding_last_edited=\u00bboff|phone\u00bb global_colors_info=\u00bb{}\u00bb]<\/p>\n<h1><span style=\"color: #f2f2f2;\"><strong>M\u00c1S BREVE. M\u00c1S CLARA. M\u00c1S F\u00c1CIL.\u00a0<\/strong><\/span><\/h1>\n<p>[\/et_pb_text][\/et_pb_column][\/et_pb_row][\/et_pb_section][et_pb_section fb_built=\u00bb1&#8243; disabled_on=\u00bboff|on|on\u00bb admin_label=\u00bbSection\u00bb _builder_version=\u00bb4.18.1&#8243; _module_preset=\u00bbdefault\u00bb background_image=\u00bbhttp:\/\/micrositios.dian.gov.co\/renta-personas-naturales-ag-2023\/wp-content\/uploads\/sites\/15\/2024\/07\/Banner-home-degradado-RN2023.jpg\u00bb background_size=\u00bbcustom\u00bb custom_margin=\u00bb-2px||-2px||true|true\u00bb custom_padding=\u00bb0px||0px||true|true\u00bb animation_style=\u00bbfade\u00bb da_disable_devices=\u00bboff|off|off\u00bb locked=\u00bboff\u00bb collapsed=\u00bbon\u00bb global_colors_info=\u00bb{}\u00bb da_is_popup=\u00bboff\u00bb da_exit_intent=\u00bboff\u00bb da_has_close=\u00bbon\u00bb da_alt_close=\u00bboff\u00bb da_dark_close=\u00bboff\u00bb da_not_modal=\u00bbon\u00bb da_is_singular=\u00bboff\u00bb da_with_loader=\u00bboff\u00bb da_has_shadow=\u00bbon\u00bb][et_pb_row _builder_version=\u00bb4.18.1&#8243; _module_preset=\u00bbdefault\u00bb global_colors_info=\u00bb{}\u00bb][et_pb_column type=\u00bb4_4&#8243; _builder_version=\u00bb4.18.1&#8243; _module_preset=\u00bbdefault\u00bb global_colors_info=\u00bb{}\u00bb][et_pb_text _builder_version=\u00bb4.18.1&#8243; _module_preset=\u00bbdefault\u00bb header_font=\u00bbUbuntu|700|||||||\u00bb header_text_color=\u00bb#00ae65&#8243; header_font_size=\u00bb40px\u00bb custom_margin=\u00bb0px|0px|0px|0px|true|true\u00bb header_font_tablet=\u00bbUbuntu|700|||||||\u00bb header_font_phone=\u00bbUbuntu|700|||||||\u00bb header_font_last_edited=\u00bbon|tablet\u00bb header_font_size_tablet=\u00bb47px\u00bb header_font_size_phone=\u00bb40px\u00bb header_font_size_last_edited=\u00bbon|tablet\u00bb global_colors_info=\u00bb{}\u00bb]<\/p>\n<div class=\"et_pb_column et_pb_column_4_4 et_pb_column_0  et_pb_css_mix_blend_mode_passthrough et-last-child\">\n<div class=\"et_pb_module et_pb_text et_pb_text_0  et_pb_text_align_left et_pb_bg_layout_light\">\n<div class=\"et_pb_text_inner\">\n<h1>\u00bfPOR QU\u00c9 ES IMPORTANTE SU DECLARACI\u00d3N?<\/h1>\n<\/div>\n<\/div>\n<\/div>\n<p>[\/et_pb_text][et_pb_text _builder_version=\u00bb4.18.1&#8243; _module_preset=\u00bbdefault\u00bb header_font=\u00bbUbuntu|700|||||||\u00bb header_text_align=\u00bbleft\u00bb header_text_color=\u00bb#252944&#8243; header_font_size=\u00bb54px\u00bb custom_margin=\u00bb0px|0px|0px|0px|true|true\u00bb custom_padding=\u00bb14px||||false|false\u00bb global_colors_info=\u00bb{}\u00bb]<\/p>\n<h1>RENTA 2023<\/h1>\n<p>[\/et_pb_text][et_pb_text _builder_version=\u00bb4.18.1&#8243; _module_preset=\u00bbdefault\u00bb header_font=\u00bbUbuntu|700|||||||\u00bb header_text_color=\u00bb#FFFFFF\u00bb header_font_size=\u00bb17px\u00bb header_2_font=\u00bbUbuntu||||||||\u00bb header_2_text_color=\u00bb#27a2c4&#8243; background_color=\u00bb#00ae65&#8243; max_width=\u00bb100%\u00bb custom_margin=\u00bb0px|0px|0px|0px|true|true\u00bb custom_padding=\u00bb10px|0px||12px|false|false\u00bb custom_padding_last_edited=\u00bboff|phone\u00bb global_colors_info=\u00bb{}\u00bb]<\/p>\n<h1><span style=\"color: #f2f2f2;\"><strong>M\u00c1S BREVE. M\u00c1S CLARA. M\u00c1S F\u00c1CIL.\u00a0<\/strong><\/span><\/h1>\n<p>[\/et_pb_text][\/et_pb_column][\/et_pb_row][\/et_pb_section][et_pb_section fb_built=\u00bb1&#8243; admin_label=\u00bbSection\u00bb _builder_version=\u00bb4.18.1&#8243; _module_preset=\u00bbdefault\u00bb background_color=\u00bb#f2f2f2&#8243; custom_margin=\u00bb||||true|true\u00bb custom_padding=\u00bb0px||0px||true|true\u00bb animation_style=\u00bbfade\u00bb da_disable_devices=\u00bboff|off|off\u00bb locked=\u00bboff\u00bb global_colors_info=\u00bb{}\u00bb da_is_popup=\u00bboff\u00bb da_exit_intent=\u00bboff\u00bb da_has_close=\u00bbon\u00bb da_alt_close=\u00bboff\u00bb da_dark_close=\u00bboff\u00bb da_not_modal=\u00bbon\u00bb da_is_singular=\u00bboff\u00bb da_with_loader=\u00bboff\u00bb da_has_shadow=\u00bbon\u00bb][et_pb_row column_structure=\u00bb3_5,2_5&#8243; disabled_on=\u00bbon|off|off\u00bb _builder_version=\u00bb4.17.0&#8243; _module_preset=\u00bbdefault\u00bb saved_tabs=\u00bball\u00bb locked=\u00bboff\u00bb global_colors_info=\u00bb{}\u00bb][et_pb_column type=\u00bb3_5&#8243; _builder_version=\u00bb4.16&#8243; _module_preset=\u00bbdefault\u00bb global_colors_info=\u00bb{}\u00bb][dipl_breadcrumb breadcrumb_layout=\u00bblayout2&#8243; link_target=\u00bbon\u00bb separator_text=\u00bb\/\u00bb separator_size=\u00bb14px\u00bb separator_color=\u00bb#27a2c4&#8243; use_home_link_custom_text=\u00bbon\u00bb home_link_text=\u00bbInicio\u00bb use_home_link_icon=\u00bbon\u00bb home_link_icon=\u00bb&#x23;||divi||400&#8243; home_link_icon_color=\u00bb#27a2c4&#8243; _builder_version=\u00bb4.18.1&#8243; _module_preset=\u00bbdefault\u00bb global_text_settings_font_size=\u00bb12px\u00bb text_font=\u00bbUbuntu||||||||\u00bb text_text_color=\u00bb#000000&#8243; link_font=\u00bbUbuntu|500|||||||\u00bb global_colors_info=\u00bb{}\u00bb text_text_color__hover_enabled=\u00bbon|desktop\u00bb text_text_color__hover=\u00bb#00b4dc\u00bb][\/dipl_breadcrumb][\/et_pb_column][et_pb_column type=\u00bb2_5&#8243; _builder_version=\u00bb4.16&#8243; _module_preset=\u00bbdefault\u00bb global_colors_info=\u00bb{}\u00bb][dipl_ajax_search search_placeholder=\u00bbBuscar por palabra clave\u00bb number_of_results=\u00bb-1&#8243; orderby=\u00bbpost_title\u00bb order=\u00bbASC\u00bb no_result_text=\u00bbNo encontramos resultados a tu b\u00fasqueda\u00bb include_post_types=\u00bbpage\u00bb url_new_window=\u00bbon\u00bb search_icon_color=\u00bb#27a2c4&#8243; loader_size=\u00bb12px\u00bb loader_color=\u00bb#41d78c\u00bb disabled_on=\u00bbon|on|on\u00bb _builder_version=\u00bb4.18.1&#8243; _module_preset=\u00bbdefault\u00bb search_result_item_title_font=\u00bbUbuntu|700|||||||\u00bb search_result_item_excerpt_font=\u00bbUbuntu||||||||\u00bb search_result_item_excerpt_font_size=\u00bb12px\u00bb search_result_item_price_font=\u00bbUbuntu||||||||\u00bb no_result_font=\u00bbUbuntu||||||||\u00bb form_field_font=\u00bbUbuntu||||||||\u00bb form_field_font_size=\u00bb12px\u00bb width=\u00bb80%\u00bb module_alignment=\u00bbright\u00bb border_radii_form_field=\u00bbon|6px|6px|6px|6px\u00bb border_width_all_form_field=\u00bb0px\u00bb disabled=\u00bbon\u00bb global_colors_info=\u00bb{}\u00bb][\/dipl_ajax_search][\/et_pb_column][\/et_pb_row][\/et_pb_section][et_pb_section fb_built=\u00bb1&#8243; admin_label=\u00bbSection\u00bb _builder_version=\u00bb4.18.1&#8243; _module_preset=\u00bbdefault\u00bb background_color=\u00bb#FFFFFF\u00bb custom_margin=\u00bb||||true|true\u00bb custom_padding=\u00bb19px||19px||true|true\u00bb animation_style=\u00bbfade\u00bb da_disable_devices=\u00bboff|off|off\u00bb locked=\u00bboff\u00bb global_colors_info=\u00bb{}\u00bb da_is_popup=\u00bboff\u00bb da_exit_intent=\u00bboff\u00bb da_has_close=\u00bbon\u00bb da_alt_close=\u00bboff\u00bb da_dark_close=\u00bboff\u00bb da_not_modal=\u00bbon\u00bb da_is_singular=\u00bboff\u00bb da_with_loader=\u00bboff\u00bb da_has_shadow=\u00bbon\u00bb][et_pb_row _builder_version=\u00bb4.16&#8243; _module_preset=\u00bbdefault\u00bb custom_padding=\u00bb||3px|||\u00bb global_colors_info=\u00bb{}\u00bb][et_pb_column type=\u00bb4_4&#8243; _builder_version=\u00bb4.16&#8243; _module_preset=\u00bbdefault\u00bb global_colors_info=\u00bb{}\u00bb][et_pb_text _builder_version=\u00bb4.18.1&#8243; _module_preset=\u00bbdefault\u00bb text_font=\u00bbUbuntu|700|||||||\u00bb text_text_color=\u00bb#252944&#8243; text_font_size=\u00bb25px\u00bb header_text_color=\u00bb#E02B20&#8243; header_3_font=\u00bbUbuntu|700|||||||\u00bb header_3_text_color=\u00bb#252944&#8243; header_3_font_size=\u00bb25px\u00bb text_orientation=\u00bbcenter\u00bb custom_padding=\u00bb0px|||||\u00bb global_colors_info=\u00bb{}\u00bb]<\/p>\n<h3 style=\"text-align: center;\"><strong><\/strong><strong>\u00bfPor qu\u00e9 es importante su declaraci\u00f3n de renta?<\/strong><\/h3>\n<p>[\/et_pb_text][et_pb_divider color=\u00bb#252944&#8243; divider_weight=\u00bb3px\u00bb _builder_version=\u00bb4.18.1&#8243; _module_preset=\u00bbdefault\u00bb width=\u00bb52%\u00bb module_alignment=\u00bbcenter\u00bb custom_margin=\u00bb-23px||10px||false|false\u00bb global_colors_info=\u00bb{}\u00bb][\/et_pb_divider][et_pb_text _builder_version=\u00bb4.18.1&#8243; _module_preset=\u00bbdefault\u00bb text_font=\u00bbUbuntu|500|||||||\u00bb text_text_color=\u00bb#252944&#8243; global_colors_info=\u00bb{}\u00bb]<\/p>\n<p>En esta secci\u00f3n encontrar\u00e1 informaci\u00f3n que demuestra lo importante que es para el pa\u00eds cumplir esta obligaci\u00f3n. Conozca a d\u00f3nde van los recursos que recauda la DIAN con la declaraci\u00f3n de renta y otros datos.<\/p>\n<p>[\/et_pb_text][et_pb_accordion open_toggle_text_color=\u00bb#252944&#8243; closed_toggle_text_color=\u00bb#252944&#8243; closed_toggle_background_color=\u00bb#f2f2f2&#8243; toggle_icon=\u00bb&#x47;||divi||400&#8243; icon_color=\u00bb#252944&#8243; use_icon_font_size=\u00bbon\u00bb icon_font_size=\u00bb30px\u00bb _builder_version=\u00bb4.18.1&#8243; _module_preset=\u00bbdefault\u00bb toggle_text_color=\u00bb#252944&#8243; toggle_font=\u00bbUbuntu||||||||\u00bb closed_toggle_font=\u00bbUbuntu||||||||\u00bb body_font=\u00bbUbuntu||||||||\u00bb body_text_color=\u00bb#252944&#8243; hover_enabled=\u00bb0&#8243; locked=\u00bboff\u00bb global_colors_info=\u00bb{}\u00bb sticky_enabled=\u00bb0&#8243;][et_pb_accordion_item open=\u00bboff\u00bb _builder_version=\u00bb4.18.1&#8243; _module_preset=\u00bbdefault\u00bb custom_css_main_element=\u00bbdisplay:none;\u00bb global_colors_info=\u00bb{}\u00bb][\/et_pb_accordion_item][et_pb_accordion_item title=\u00bbDatos de que usted debe conocer: Declaraci\u00f3n de Renta AG 2022&#8243; _builder_version=\u00bb4.18.1&#8243; _module_preset=\u00bbdefault\u00bb hover_enabled=\u00bb0&#8243; global_colors_info=\u00bb{}\u00bb open=\u00bbon\u00bb sticky_enabled=\u00bb0&#8243;]<\/p>\n<p><img decoding=\"async\" width=\"1080\" height=\"2349\" src=\"http:\/\/micrositios.dian.gov.co\/renta-personas-naturales-ag-2023\/wp-content\/uploads\/sites\/15\/2024\/08\/InformacionGeneralRenta2022.jpg\" alt=\"Informaci\u00f3n General de Renta 2022\" class=\"size-medium alignnone\" \/><\/p>\n<p>[\/et_pb_accordion_item][et_pb_accordion_item title=\u00bbDatos de que usted debe conocer: Determinaci\u00f3n de los recursos por cada sector\u00bb _builder_version=\u00bb4.18.1&#8243; _module_preset=\u00bbdefault\u00bb global_colors_info=\u00bb{}\u00bb open=\u00bboff\u00bb]<\/p>\n<p><img decoding=\"async\" src=\"http:\/\/micrositios.dian.gov.co\/renta-personas-naturales-ag-2023\/wp-content\/uploads\/sites\/15\/2024\/07\/Renta2023Importancia-DestinacionRecursosPGN1.jpg\" alt=\"\" class=\"size-medium alignnone\" width=\"1080\" height=\"2450\" \/><\/p>\n<p>[\/et_pb_accordion_item][\/et_pb_accordion][\/et_pb_column][\/et_pb_row][et_pb_row column_structure=\u00bb1_3,1_3,1_3&#8243; disabled_on=\u00bbon|on|on\u00bb _builder_version=\u00bb4.18.1&#8243; _module_preset=\u00bbdefault\u00bb custom_margin=\u00bb||||true|true\u00bb custom_padding=\u00bb50px||50px||true|true\u00bb disabled=\u00bbon\u00bb locked=\u00bboff\u00bb global_colors_info=\u00bb{}\u00bb][et_pb_column type=\u00bb1_3&#8243; _builder_version=\u00bb4.16&#8243; _module_preset=\u00bbdefault\u00bb global_colors_info=\u00bb{}\u00bb][et_pb_blurb title=\u00bb \u00bfA d\u00f3nde van los impuestos recaudados?\u00bb url=\u00bb#\u00bb image=\u00bbhttp:\/\/micrositios.dian.gov.co\/renta-personas-naturales-ag-2023\/wp-content\/uploads\/sites\/15\/2024\/06\/IconoImportante-1ADondeVanLosImpuestosRecaudados.png\u00bb icon_placement=\u00bbleft\u00bb image_icon_width=\u00bb200%\u00bb _builder_version=\u00bb4.18.1&#8243; _module_preset=\u00bbdefault\u00bb header_font=\u00bbUbuntu|600|||||||\u00bb header_text_color=\u00bb#252944&#8243; header_font_size=\u00bb13px\u00bb background_color=\u00bb#f2f2f2&#8243; min_height=\u00bb70px\u00bb height=\u00bb70px\u00bb custom_padding=\u00bb16px|17px|9px|17px|false|true\u00bb box_shadow_style=\u00bbpreset1&#8243; box_shadow_vertical=\u00bb0px\u00bb box_shadow_blur=\u00bb0px\u00bb global_colors_info=\u00bb{}\u00bb box_shadow_blur__hover=\u00bb20px\u00bb box_shadow_blur__hover_enabled=\u00bbon|hover\u00bb][\/et_pb_blurb][et_pb_blurb title=\u00bb\u00bfCu\u00e1nto se espera recaudar en 2024?\u00bb url=\u00bb#\u00bb image=\u00bbhttp:\/\/micrositios.dian.gov.co\/renta-personas-naturales-ag-2023\/wp-content\/uploads\/sites\/15\/2024\/06\/IconoImportante-4CuantoSeEsperaRecaudarEn2024.png\u00bb icon_placement=\u00bbleft\u00bb image_icon_width=\u00bb200%\u00bb disabled_on=\u00bbon|on|on\u00bb _builder_version=\u00bb4.18.1&#8243; _module_preset=\u00bbdefault\u00bb header_font=\u00bbUbuntu|600|||||||\u00bb header_text_color=\u00bb#252944&#8243; header_font_size=\u00bb13px\u00bb background_color=\u00bb#f2f2f2&#8243; min_height=\u00bb70px\u00bb height=\u00bb70px\u00bb custom_padding=\u00bb16px|17px|9px|17px|false|true\u00bb box_shadow_style=\u00bbpreset1&#8243; box_shadow_vertical=\u00bb0px\u00bb box_shadow_blur=\u00bb0px\u00bb disabled=\u00bbon\u00bb global_colors_info=\u00bb{}\u00bb box_shadow_blur__hover=\u00bb20px\u00bb box_shadow_blur__hover_enabled=\u00bbon|hover\u00bb][\/et_pb_blurb][\/et_pb_column][et_pb_column type=\u00bb1_3&#8243; _builder_version=\u00bb4.16&#8243; _module_preset=\u00bbdefault\u00bb global_colors_info=\u00bb{}\u00bb][et_pb_blurb title=\u00bbAs\u00ed pagan renta los colombianos\u00bb url=\u00bb#Asipagan\u00bb image=\u00bbhttp:\/\/micrositios.dian.gov.co\/renta-personas-naturales-ag-2023\/wp-content\/uploads\/sites\/15\/2024\/06\/IconoImportante-2AsiPaganRentaLosColombianos.png\u00bb icon_placement=\u00bbleft\u00bb image_icon_width=\u00bb200%\u00bb _builder_version=\u00bb4.18.1&#8243; _module_preset=\u00bbdefault\u00bb header_font=\u00bbUbuntu|600|||||||\u00bb header_text_color=\u00bb#262944&#8243; header_font_size=\u00bb13px\u00bb background_color=\u00bb#f2f2f2&#8243; min_height=\u00bb70px\u00bb height=\u00bb70px\u00bb custom_padding=\u00bb16px|17px|9px|17px|false|true\u00bb link_option_url=\u00bb#Asipagan\u00bb box_shadow_style=\u00bbpreset1&#8243; box_shadow_vertical=\u00bb0px\u00bb box_shadow_blur=\u00bb0px\u00bb global_colors_info=\u00bb{}\u00bb box_shadow_blur__hover=\u00bb20px\u00bb box_shadow_blur__hover_enabled=\u00bbon|hover\u00bb][\/et_pb_blurb][\/et_pb_column][et_pb_column type=\u00bb1_3&#8243; _builder_version=\u00bb4.16&#8243; _module_preset=\u00bbdefault\u00bb global_colors_info=\u00bb{}\u00bb][et_pb_blurb title=\u00bb\u00bfC\u00f3mo est\u00e1 Colombia frente a otros pa\u00edses en el impuesto de renta?\u00bb url=\u00bb#\u00bb image=\u00bbhttp:\/\/micrositios.dian.gov.co\/renta-personas-naturales-ag-2023\/wp-content\/uploads\/sites\/15\/2024\/06\/IconoImportante-3ComoEstaColombiaFrenteAOtrosPaisesEnELImpuestoDeRenta.png\u00bb icon_placement=\u00bbleft\u00bb image_icon_width=\u00bb200%\u00bb _builder_version=\u00bb4.18.1&#8243; _module_preset=\u00bbdefault\u00bb header_font=\u00bbUbuntu|600|||||||\u00bb header_text_color=\u00bb#262944&#8243; header_font_size=\u00bb13px\u00bb background_color=\u00bb#f2f2f2&#8243; min_height=\u00bb70px\u00bb height=\u00bb70px\u00bb custom_padding=\u00bb16px|17px|9px|17px|false|true\u00bb box_shadow_style=\u00bbpreset1&#8243; box_shadow_vertical=\u00bb0px\u00bb box_shadow_blur=\u00bb0px\u00bb global_colors_info=\u00bb{}\u00bb box_shadow_blur__hover=\u00bb20px\u00bb box_shadow_blur__hover_enabled=\u00bbon|hover\u00bb][\/et_pb_blurb][\/et_pb_column][\/et_pb_row][\/et_pb_section][et_pb_section fb_built=\u00bb1&#8243; admin_label=\u00bb#Asipagan\u00bb module_id=\u00bbAsipagan\u00bb module_class=\u00bbpopup close-alt\u00bb _builder_version=\u00bb4.18.1&#8243; _module_preset=\u00bbdefault\u00bb background_color=\u00bb#FFFFFF\u00bb width=\u00bb91%\u00bb custom_padding=\u00bb0px|0px|0px|0px|true|false\u00bb da_is_popup=\u00bbon\u00bb da_popup_slug=\u00bbAsipagan\u00bb da_alt_close=\u00bbon\u00bb da_disable_devices=\u00bboff|off|off\u00bb locked=\u00bboff\u00bb global_colors_info=\u00bb{}\u00bb da_exit_intent=\u00bboff\u00bb da_has_close=\u00bbon\u00bb da_dark_close=\u00bboff\u00bb da_not_modal=\u00bbon\u00bb da_is_singular=\u00bboff\u00bb da_with_loader=\u00bboff\u00bb da_has_shadow=\u00bbon\u00bb][et_pb_row _builder_version=\u00bb4.16&#8243; _module_preset=\u00bbdefault\u00bb background_color=\u00bb#FFFFFF\u00bb custom_padding=\u00bb44px|0px|44px|0px|true|true\u00bb global_colors_info=\u00bb{}\u00bb][et_pb_column type=\u00bb4_4&#8243; _builder_version=\u00bb4.16&#8243; _module_preset=\u00bbdefault\u00bb global_colors_info=\u00bb{}\u00bb][et_pb_text _builder_version=\u00bb4.18.1&#8243; _module_preset=\u00bbdefault\u00bb text_font=\u00bbUbuntu|700|||||||\u00bb text_text_color=\u00bb#252944&#8243; text_font_size=\u00bb25px\u00bb header_text_color=\u00bb#E02B20&#8243; header_3_font=\u00bbUbuntu|700|||||||\u00bb header_3_text_color=\u00bb#252944&#8243; header_3_font_size=\u00bb25px\u00bb header_4_font=\u00bbUbuntu||||||||\u00bb header_4_font_size=\u00bb20px\u00bb text_orientation=\u00bbcenter\u00bb custom_padding=\u00bb0px|||||\u00bb global_colors_info=\u00bb{}\u00bb]<\/p>\n<h4 style=\"text-align: center;\"><strong><img decoding=\"async\" src=\"http:\/\/micrositios.dian.gov.co\/renta-personas-naturales-ag-2023\/wp-content\/uploads\/sites\/15\/2024\/06\/IconoImportante-2AsiPaganRentaLosColombianos.png\" alt=\"\" class=\"wp-image-2008 alignnone size-full\" width=\"54\" height=\"54\" \/><\/strong><\/h4>\n<h4 style=\"text-align: center;\"><strong>As\u00ed pagan renta los colombianos\u00a0<\/strong><strong><\/strong><\/h4>\n<p>[\/et_pb_text][et_pb_divider color=\u00bb#252944&#8243; divider_weight=\u00bb3px\u00bb _builder_version=\u00bb4.18.1&#8243; _module_preset=\u00bbdefault\u00bb width=\u00bb29%\u00bb module_alignment=\u00bbcenter\u00bb custom_margin=\u00bb-23px||10px||false|false\u00bb global_colors_info=\u00bb{}\u00bb][\/et_pb_divider][et_pb_image src=\u00bbhttp:\/\/micrositios.dian.gov.co\/renta-personas-naturales-ag-2023\/wp-content\/uploads\/sites\/15\/2024\/07\/AsiPaganRentaLosColombianosRN2023-scaled.jpg\u00bb title_text=\u00bbAsiPaganRentaLosColombianosRN2023&#8243; _builder_version=\u00bb4.18.1&#8243; _module_preset=\u00bbdefault\u00bb global_colors_info=\u00bb{}\u00bb][\/et_pb_image][\/et_pb_column][\/et_pb_row][\/et_pb_section][et_pb_section fb_built=\u00bb1&#8243; _builder_version=\u00bb4.18.1&#8243; _module_preset=\u00bbdefault\u00bb background_color=\u00bb#f2f2f2&#8243; custom_margin=\u00bb||||false|false\u00bb custom_padding=\u00bb36px||80px||false|false\u00bb animation_style=\u00bbfade\u00bb da_disable_devices=\u00bboff|off|off\u00bb locked=\u00bboff\u00bb global_colors_info=\u00bb{}\u00bb da_is_popup=\u00bboff\u00bb da_exit_intent=\u00bboff\u00bb da_has_close=\u00bbon\u00bb da_alt_close=\u00bboff\u00bb da_dark_close=\u00bboff\u00bb da_not_modal=\u00bbon\u00bb da_is_singular=\u00bboff\u00bb da_with_loader=\u00bboff\u00bb da_has_shadow=\u00bbon\u00bb][et_pb_row column_structure=\u00bb1_2,1_2&#8243; _builder_version=\u00bb4.16&#8243; _module_preset=\u00bbdefault\u00bb custom_margin_tablet=\u00bb\u00bb custom_margin_phone=\u00bb||-87px||false|false\u00bb custom_margin_last_edited=\u00bbon|phone\u00bb custom_padding=\u00bb3px||0px|||\u00bb global_colors_info=\u00bb{}\u00bb][et_pb_column type=\u00bb1_2&#8243; _builder_version=\u00bb4.16&#8243; _module_preset=\u00bbdefault\u00bb global_colors_info=\u00bb{}\u00bb][et_pb_text _builder_version=\u00bb4.18.1&#8243; _module_preset=\u00bbdefault\u00bb text_font=\u00bbUbuntu|700|||||||\u00bb text_text_color=\u00bb#252944&#8243; text_font_size=\u00bb16px\u00bb header_font=\u00bbUbuntu|700|||||||\u00bb global_colors_info=\u00bb{}\u00bb]<\/p>\n<p><strong>Compartir contenido:<\/strong><\/p>\n<p>[\/et_pb_text][et_pb_social_media_follow _builder_version=\u00bb4.18.1&#8243; _module_preset=\u00bbdefault\u00bb global_colors_info=\u00bb{}\u00bb][et_pb_social_media_follow_network social_network=\u00bbtwitter\u00bb url=\u00bbhttps:\/\/x.com\/DIANColombia\u00bb _builder_version=\u00bb4.18.1&#8243; _module_preset=\u00bbdefault\u00bb background_color=\u00bb#00aced\u00bb global_colors_info=\u00bb{}\u00bb follow_button=\u00bboff\u00bb url_new_window=\u00bbon\u00bb]twitter[\/et_pb_social_media_follow_network][et_pb_social_media_follow_network social_network=\u00bblinkedin\u00bb url=\u00bbhttps:\/\/www.linkedin.com\/company\/diancolombia\/\u00bb _builder_version=\u00bb4.18.1&#8243; _module_preset=\u00bbdefault\u00bb background_color=\u00bb#007bb6&#8243; global_colors_info=\u00bb{}\u00bb follow_button=\u00bboff\u00bb url_new_window=\u00bbon\u00bb]linkedin[\/et_pb_social_media_follow_network][et_pb_social_media_follow_network social_network=\u00bbfacebook\u00bb url=\u00bbhttps:\/\/www.facebook.com\/DIANCol\/\u00bb _builder_version=\u00bb4.18.1&#8243; _module_preset=\u00bbdefault\u00bb background_color=\u00bb#3b5998&#8243; global_colors_info=\u00bb{}\u00bb follow_button=\u00bboff\u00bb url_new_window=\u00bbon\u00bb]facebook[\/et_pb_social_media_follow_network][et_pb_social_media_follow_network social_network=\u00bbinstagram\u00bb url=\u00bbhttps:\/\/www.instagram.com\/diancolombia\/?hl=es-la\u00bb _builder_version=\u00bb4.18.1&#8243; _module_preset=\u00bbdefault\u00bb background_color=\u00bb#ea2c59&#8243; global_colors_info=\u00bb{}\u00bb follow_button=\u00bboff\u00bb url_new_window=\u00bbon\u00bb]instagram[\/et_pb_social_media_follow_network][\/et_pb_social_media_follow][\/et_pb_column][et_pb_column type=\u00bb1_2&#8243; _builder_version=\u00bb4.16&#8243; _module_preset=\u00bbdefault\u00bb global_colors_info=\u00bb{}\u00bb][\/et_pb_column][\/et_pb_row][\/et_pb_section][et_pb_section fb_built=\u00bb1&#8243; disabled_on=\u00bboff|off|on\u00bb admin_label=\u00bbBoton-flotante\u00bb module_class=\u00bbov-iconos-flotantes\u00bb _builder_version=\u00bb4.18.1&#8243; _module_preset=\u00bbdefault\u00bb background_color=\u00bbRGBA(255,255,255,0)\u00bb positioning=\u00bbfixed\u00bb position_origin_f=\u00bbcenter_right\u00bb z_index=\u00bb999999&#8243; max_width=\u00bb60px\u00bb custom_padding=\u00bb0px||0px||true|false\u00bb da_disable_devices=\u00bboff|off|off\u00bb global_colors_info=\u00bb{}\u00bb da_is_popup=\u00bboff\u00bb da_exit_intent=\u00bboff\u00bb da_has_close=\u00bbon\u00bb da_alt_close=\u00bboff\u00bb da_dark_close=\u00bboff\u00bb da_not_modal=\u00bbon\u00bb da_is_singular=\u00bboff\u00bb da_with_loader=\u00bboff\u00bb da_has_shadow=\u00bbon\u00bb][et_pb_row _builder_version=\u00bb4.18.1&#8243; _module_preset=\u00bbdefault\u00bb width=\u00bb100%\u00bb max_width=\u00bb100%\u00bb custom_padding=\u00bb0px||0px||true|false\u00bb global_colors_info=\u00bb{}\u00bb][et_pb_column type=\u00bb4_4&#8243; _builder_version=\u00bb4.18.1&#8243; _module_preset=\u00bbdefault\u00bb global_colors_info=\u00bb{}\u00bb][et_pb_button button_url=\u00bbhttps:\/\/muisca.dian.gov.co\/WebArquitectura\/DefLoginOld.faces\u00bb url_new_window=\u00bbon\u00bb button_text=\u00bbDeclare aqu\u00ed\u00bb button_alignment=\u00bbleft\u00bb _builder_version=\u00bb4.18.1&#8243; _module_preset=\u00bbdefault\u00bb custom_button=\u00bbon\u00bb button_text_size=\u00bb16px\u00bb button_text_color=\u00bb#FFFFFF\u00bb button_bg_color=\u00bb#00ae65&#8243; button_border_width=\u00bb0px\u00bb button_border_radius=\u00bb0px\u00bb button_letter_spacing=\u00bb0px\u00bb button_font=\u00bbUbuntu|500|||||||\u00bb button_icon=\u00bb&#xf25a;||fa||900&#8243; button_icon_color=\u00bb#FFFFFF\u00bb button_icon_placement=\u00bbleft\u00bb button_on_hover=\u00bboff\u00bb transform_translate_linked=\u00bboff\u00bb positioning=\u00bbfixed\u00bb position_origin_f=\u00bbbottom_right\u00bb custom_margin=\u00bb3px|-147px|6px|-147px|false|true\u00bb custom_padding=\u00bb10px|53px|10px|53px|true|true\u00bb global_colors_info=\u00bb{}\u00bb transform_styles__hover_enabled=\u00bbon|desktop\u00bb transform_scale__hover_enabled=\u00bbon|desktop\u00bb transform_translate__hover_enabled=\u00bbon|desktop\u00bb transform_rotate__hover_enabled=\u00bbon|desktop\u00bb transform_skew__hover_enabled=\u00bbon|desktop\u00bb transform_origin__hover_enabled=\u00bbon|desktop\u00bb transform_translate__hover=\u00bb-110px|0px\u00bb button_bg_color__hover_enabled=\u00bbon|desktop\u00bb button_bg_color__hover=\u00bb#27a2c4&#8243; button_bg_enable_color__hover=\u00bbon\u00bb][\/et_pb_button][\/et_pb_column][\/et_pb_row][\/et_pb_section][et_pb_section fb_built=\u00bb1&#8243; disabled_on=\u00bbon|on|off\u00bb admin_label=\u00bbBoton-flotante\u00bb module_class=\u00bbov-iconos-flotantes\u00bb _builder_version=\u00bb4.18.1&#8243; _module_preset=\u00bbdefault\u00bb background_color=\u00bbRGBA(255,255,255,0)\u00bb positioning=\u00bbfixed\u00bb position_origin_f=\u00bbcenter_left\u00bb z_index=\u00bb999999&#8243; max_width=\u00bb60px\u00bb custom_padding=\u00bb0px||0px||true|false\u00bb da_disable_devices=\u00bboff|off|off\u00bb global_colors_info=\u00bb{}\u00bb da_is_popup=\u00bboff\u00bb da_exit_intent=\u00bboff\u00bb da_has_close=\u00bbon\u00bb da_alt_close=\u00bboff\u00bb da_dark_close=\u00bboff\u00bb da_not_modal=\u00bbon\u00bb da_is_singular=\u00bboff\u00bb da_with_loader=\u00bboff\u00bb da_has_shadow=\u00bbon\u00bb][et_pb_row _builder_version=\u00bb4.18.1&#8243; _module_preset=\u00bbdefault\u00bb width=\u00bb100%\u00bb max_width=\u00bb100%\u00bb custom_padding=\u00bb0px||0px||true|false\u00bb global_colors_info=\u00bb{}\u00bb][et_pb_column type=\u00bb4_4&#8243; _builder_version=\u00bb4.18.1&#8243; _module_preset=\u00bbdefault\u00bb global_colors_info=\u00bb{}\u00bb][et_pb_button button_url=\u00bbhttps:\/\/muisca.dian.gov.co\/WebArquitectura\/DefLoginOld.faces\u00bb url_new_window=\u00bbon\u00bb button_text=\u00bbDeclare aqu\u00ed\u00bb button_alignment=\u00bbleft\u00bb _builder_version=\u00bb4.18.1&#8243; _module_preset=\u00bbdefault\u00bb custom_button=\u00bbon\u00bb button_text_size=\u00bb20px\u00bb button_text_color=\u00bb#FFFFFF\u00bb button_bg_color=\u00bb#00ae65&#8243; button_border_width=\u00bb0px\u00bb button_border_radius=\u00bb0px\u00bb button_letter_spacing=\u00bb0px\u00bb button_font=\u00bbUbuntu|500|||||||\u00bb button_icon=\u00bb&#xf25a;||fa||900&#8243; button_icon_color=\u00bb#FFFFFF\u00bb button_on_hover=\u00bboff\u00bb transform_translate_linked=\u00bboff\u00bb positioning=\u00bbfixed\u00bb position_origin_f=\u00bbcenter_right\u00bb custom_margin=\u00bb3px|-147px|6px|-147px|false|true\u00bb custom_padding=\u00bb10px|53px|10px|53px|true|true\u00bb global_colors_info=\u00bb{}\u00bb transform_styles__hover_enabled=\u00bbon|desktop\u00bb transform_scale__hover_enabled=\u00bbon|desktop\u00bb transform_translate__hover_enabled=\u00bbon|desktop\u00bb transform_rotate__hover_enabled=\u00bbon|desktop\u00bb transform_skew__hover_enabled=\u00bbon|desktop\u00bb transform_origin__hover_enabled=\u00bbon|desktop\u00bb button_bg_color__hover_enabled=\u00bbon|hover\u00bb button_bg_color__hover=\u00bb#27a2c4&#8243; button_bg_enable_color__hover=\u00bbon\u00bb][\/et_pb_button][\/et_pb_column][\/et_pb_row][\/et_pb_section]<\/p>\n","protected":false},"excerpt":{"rendered":"<p>\u00bfPOR QU\u00c9 ES IMPORTANTESU DECLARACI\u00d3N?RENTA 2023M\u00c1S BREVE. M\u00c1S CLARA. M\u00c1S F\u00c1CIL.\u00a0 \u00bfPOR QU\u00c9 ES IMPORTANTE SU DECLARACI\u00d3N? RENTA 2023M\u00c1S BREVE. M\u00c1S CLARA. M\u00c1S F\u00c1CIL.\u00a0 \u00bfPOR QU\u00c9 ES IMPORTANTE SU DECLARACI\u00d3N? RENTA 2023M\u00c1S BREVE. M\u00c1S CLARA. M\u00c1S F\u00c1CIL.\u00a0<div class=\"et_pb_module dipl_breadcrumb dipl_breadcrumb_0\">\n\t\t\t\t\n\t\t\t\t\n\t\t\t\t\n\t\t\t\t\n\t\t\t\t\n\t\t\t\t\n\t\t\t\t<div class=\"et_pb_module_inner\">\n\t\t\t\t\t<div class=\"dipl-breadcrumb-wrapper \u00bblayout2&#8243;\">\n\t\t\t\t<ol class=\"dipl-breadcrumb-inner\" vocab=\"https:\/\/schema.org\/\" typeof=\"BreadcrumbList\">\n\t\t\t\t\t\n\t\t\t\t<\/ol>\n\t\t\t<\/div>\n\t\t\t\t<\/div>\n\t\t\t<\/div><\/p>\n","protected":false},"author":1,"featured_media":0,"parent":0,"menu_order":0,"comment_status":"closed","ping_status":"closed","template":"","meta":{"_et_pb_use_builder":"on","_et_pb_old_content":"<!-- wp:divi\/placeholder \/-->","_et_gb_content_width":"","footnotes":""},"class_list":["post-2003","page","type-page","status-publish","hentry"],"yoast_head":"<!-- This site is optimized with the Yoast SEO Premium plugin v18.5 (Yoast SEO v27.2) - https:\/\/yoast.com\/product\/yoast-seo-premium-wordpress\/ -->\n<title>\u00bfPor qu\u00e9 es importante su Declaraci\u00f3n de Renta?<\/title>\n<meta name=\"description\" content=\"Conozca a d\u00f3nde van los recursos que recauda la DIAN con la Declaraci\u00f3n de Renta y otras cifras clave del recaudo en Colombia.\" \/>\n<meta name=\"robots\" content=\"index, follow, max-snippet:-1, max-image-preview:large, max-video-preview:-1\" \/>\n<link rel=\"canonical\" href=\"https:\/\/micrositios.dian.gov.co\/renta-personas-naturales-ag-2023\/por-que-es-importante-su-declaracion-de-renta\/\" \/>\n<meta property=\"og:locale\" content=\"es_ES\" \/>\n<meta property=\"og:type\" content=\"article\" \/>\n<meta property=\"og:title\" content=\"\u00bfPor qu\u00e9 es importante su Declaraci\u00f3n de Renta?\" \/>\n<meta property=\"og:description\" content=\"Conozca a d\u00f3nde van los recursos que recauda la DIAN con la Declaraci\u00f3n de Renta y otras cifras clave del recaudo en Colombia.\" \/>\n<meta property=\"og:url\" content=\"https:\/\/micrositios.dian.gov.co\/renta-personas-naturales-ag-2023\/por-que-es-importante-su-declaracion-de-renta\/\" \/>\n<meta property=\"og:site_name\" content=\"Rentas Personas Naturales AG 2023 - DIAN\" \/>\n<meta property=\"article:modified_time\" content=\"2024-08-08T16:14:12+00:00\" \/>\n<meta property=\"og:image\" content=\"http:\/\/micrositios.dian.gov.co\/renta-personas-naturales-ag-2023\/wp-content\/uploads\/sites\/15\/2024\/05\/Micrositio-Renta-2023.jpg\" \/>\n\t<meta property=\"og:image:width\" content=\"795\" \/>\n\t<meta property=\"og:image:height\" content=\"397\" \/>\n\t<meta property=\"og:image:type\" content=\"image\/jpeg\" \/>\n<meta name=\"twitter:card\" content=\"summary_large_image\" \/>\n<meta name=\"twitter:title\" content=\"\u00bfPor qu\u00e9 es importante su Declaraci\u00f3n de Renta?\" \/>\n<meta name=\"twitter:description\" content=\"Conozca a d\u00f3nde van los recursos que recauda la DIAN con la Declaraci\u00f3n de Renta y otras cifras clave del recaudo en Colombia.\" \/>\n<meta name=\"twitter:label1\" content=\"Tiempo de lectura\" \/>\n\t<meta name=\"twitter:data1\" content=\"4 minutos\" \/>\n<script type=\"application\/ld+json\" class=\"yoast-schema-graph\">{\"@context\":\"https:\/\/schema.org\",\"@graph\":[{\"@type\":\"WebPage\",\"@id\":\"https:\/\/micrositios.dian.gov.co\/renta-personas-naturales-ag-2023\/por-que-es-importante-su-declaracion-de-renta\/\",\"url\":\"https:\/\/micrositios.dian.gov.co\/renta-personas-naturales-ag-2023\/por-que-es-importante-su-declaracion-de-renta\/\",\"name\":\"\u00bfPor qu\u00e9 es importante su Declaraci\u00f3n de Renta?\",\"isPartOf\":{\"@id\":\"https:\/\/micrositios.dian.gov.co\/renta-personas-naturales-ag-2023\/#website\"},\"primaryImageOfPage\":{\"@id\":\"https:\/\/micrositios.dian.gov.co\/renta-personas-naturales-ag-2023\/por-que-es-importante-su-declaracion-de-renta\/#primaryimage\"},\"image\":{\"@id\":\"https:\/\/micrositios.dian.gov.co\/renta-personas-naturales-ag-2023\/por-que-es-importante-su-declaracion-de-renta\/#primaryimage\"},\"thumbnailUrl\":\"http:\/\/micrositios.dian.gov.co\/renta-personas-naturales-ag-2023\/wp-content\/uploads\/sites\/15\/2024\/08\/InformacionGeneralRenta2022.jpg\",\"datePublished\":\"2024-06-12T17:09:45+00:00\",\"dateModified\":\"2024-08-08T16:14:12+00:00\",\"description\":\"Conozca a d\u00f3nde van los recursos que recauda la DIAN con la Declaraci\u00f3n de Renta y otras cifras clave del recaudo en Colombia.\",\"breadcrumb\":{\"@id\":\"https:\/\/micrositios.dian.gov.co\/renta-personas-naturales-ag-2023\/por-que-es-importante-su-declaracion-de-renta\/#breadcrumb\"},\"inLanguage\":\"es\",\"potentialAction\":[{\"@type\":\"ReadAction\",\"target\":[\"https:\/\/micrositios.dian.gov.co\/renta-personas-naturales-ag-2023\/por-que-es-importante-su-declaracion-de-renta\/\"]}]},{\"@type\":\"ImageObject\",\"inLanguage\":\"es\",\"@id\":\"https:\/\/micrositios.dian.gov.co\/renta-personas-naturales-ag-2023\/por-que-es-importante-su-declaracion-de-renta\/#primaryimage\",\"url\":\"http:\/\/micrositios.dian.gov.co\/renta-personas-naturales-ag-2023\/wp-content\/uploads\/sites\/15\/2024\/08\/InformacionGeneralRenta2022.jpg\",\"contentUrl\":\"http:\/\/micrositios.dian.gov.co\/renta-personas-naturales-ag-2023\/wp-content\/uploads\/sites\/15\/2024\/08\/InformacionGeneralRenta2022.jpg\"},{\"@type\":\"BreadcrumbList\",\"@id\":\"https:\/\/micrositios.dian.gov.co\/renta-personas-naturales-ag-2023\/por-que-es-importante-su-declaracion-de-renta\/#breadcrumb\",\"itemListElement\":[{\"@type\":\"ListItem\",\"position\":1,\"name\":\"Inicio\",\"item\":\"https:\/\/micrositios.dian.gov.co\/renta-personas-naturales-ag-2023\/\"},{\"@type\":\"ListItem\",\"position\":2,\"name\":\"\u00bfPor qu\u00e9 es importante su declaraci\u00f3n?\"}]},{\"@type\":\"WebSite\",\"@id\":\"https:\/\/micrositios.dian.gov.co\/renta-personas-naturales-ag-2023\/#website\",\"url\":\"https:\/\/micrositios.dian.gov.co\/renta-personas-naturales-ag-2023\/\",\"name\":\"Rentas Personas Naturales AG 2023 - DIAN\",\"description\":\"En este espacio encontrar\u00e1 todo el material de apoyo para preparar la Declaraci\u00f3n de Renta de personas naturales para el a\u00f1o gravable 2023\",\"potentialAction\":[{\"@type\":\"SearchAction\",\"target\":{\"@type\":\"EntryPoint\",\"urlTemplate\":\"https:\/\/micrositios.dian.gov.co\/renta-personas-naturales-ag-2023\/?s={search_term_string}\"},\"query-input\":{\"@type\":\"PropertyValueSpecification\",\"valueRequired\":true,\"valueName\":\"search_term_string\"}}],\"inLanguage\":\"es\"}]}<\/script>\n<!-- \/ Yoast SEO Premium plugin. -->","yoast_head_json":{"title":"\u00bfPor qu\u00e9 es importante su Declaraci\u00f3n de Renta?","description":"Conozca a d\u00f3nde van los recursos que recauda la DIAN con la Declaraci\u00f3n de Renta y otras cifras clave del recaudo en Colombia.","robots":{"index":"index","follow":"follow","max-snippet":"max-snippet:-1","max-image-preview":"max-image-preview:large","max-video-preview":"max-video-preview:-1"},"canonical":"https:\/\/micrositios.dian.gov.co\/renta-personas-naturales-ag-2023\/por-que-es-importante-su-declaracion-de-renta\/","og_locale":"es_ES","og_type":"article","og_title":"\u00bfPor qu\u00e9 es importante su Declaraci\u00f3n de Renta?","og_description":"Conozca a d\u00f3nde van los recursos que recauda la DIAN con la Declaraci\u00f3n de Renta y otras cifras clave del recaudo en Colombia.","og_url":"https:\/\/micrositios.dian.gov.co\/renta-personas-naturales-ag-2023\/por-que-es-importante-su-declaracion-de-renta\/","og_site_name":"Rentas Personas Naturales AG 2023 - DIAN","article_modified_time":"2024-08-08T16:14:12+00:00","og_image":[{"width":795,"height":397,"url":"http:\/\/micrositios.dian.gov.co\/renta-personas-naturales-ag-2023\/wp-content\/uploads\/sites\/15\/2024\/05\/Micrositio-Renta-2023.jpg","type":"image\/jpeg"}],"twitter_card":"summary_large_image","twitter_title":"\u00bfPor qu\u00e9 es importante su Declaraci\u00f3n de Renta?","twitter_description":"Conozca a d\u00f3nde van los recursos que recauda la DIAN con la Declaraci\u00f3n de Renta y otras cifras clave del recaudo en Colombia.","twitter_misc":{"Tiempo de lectura":"4 minutos"},"schema":{"@context":"https:\/\/schema.org","@graph":[{"@type":"WebPage","@id":"https:\/\/micrositios.dian.gov.co\/renta-personas-naturales-ag-2023\/por-que-es-importante-su-declaracion-de-renta\/","url":"https:\/\/micrositios.dian.gov.co\/renta-personas-naturales-ag-2023\/por-que-es-importante-su-declaracion-de-renta\/","name":"\u00bfPor qu\u00e9 es importante su Declaraci\u00f3n de Renta?","isPartOf":{"@id":"https:\/\/micrositios.dian.gov.co\/renta-personas-naturales-ag-2023\/#website"},"primaryImageOfPage":{"@id":"https:\/\/micrositios.dian.gov.co\/renta-personas-naturales-ag-2023\/por-que-es-importante-su-declaracion-de-renta\/#primaryimage"},"image":{"@id":"https:\/\/micrositios.dian.gov.co\/renta-personas-naturales-ag-2023\/por-que-es-importante-su-declaracion-de-renta\/#primaryimage"},"thumbnailUrl":"http:\/\/micrositios.dian.gov.co\/renta-personas-naturales-ag-2023\/wp-content\/uploads\/sites\/15\/2024\/08\/InformacionGeneralRenta2022.jpg","datePublished":"2024-06-12T17:09:45+00:00","dateModified":"2024-08-08T16:14:12+00:00","description":"Conozca a d\u00f3nde van los recursos que recauda la DIAN con la Declaraci\u00f3n de Renta y otras cifras clave del recaudo en Colombia.","breadcrumb":{"@id":"https:\/\/micrositios.dian.gov.co\/renta-personas-naturales-ag-2023\/por-que-es-importante-su-declaracion-de-renta\/#breadcrumb"},"inLanguage":"es","potentialAction":[{"@type":"ReadAction","target":["https:\/\/micrositios.dian.gov.co\/renta-personas-naturales-ag-2023\/por-que-es-importante-su-declaracion-de-renta\/"]}]},{"@type":"ImageObject","inLanguage":"es","@id":"https:\/\/micrositios.dian.gov.co\/renta-personas-naturales-ag-2023\/por-que-es-importante-su-declaracion-de-renta\/#primaryimage","url":"http:\/\/micrositios.dian.gov.co\/renta-personas-naturales-ag-2023\/wp-content\/uploads\/sites\/15\/2024\/08\/InformacionGeneralRenta2022.jpg","contentUrl":"http:\/\/micrositios.dian.gov.co\/renta-personas-naturales-ag-2023\/wp-content\/uploads\/sites\/15\/2024\/08\/InformacionGeneralRenta2022.jpg"},{"@type":"BreadcrumbList","@id":"https:\/\/micrositios.dian.gov.co\/renta-personas-naturales-ag-2023\/por-que-es-importante-su-declaracion-de-renta\/#breadcrumb","itemListElement":[{"@type":"ListItem","position":1,"name":"Inicio","item":"https:\/\/micrositios.dian.gov.co\/renta-personas-naturales-ag-2023\/"},{"@type":"ListItem","position":2,"name":"\u00bfPor qu\u00e9 es importante su declaraci\u00f3n?"}]},{"@type":"WebSite","@id":"https:\/\/micrositios.dian.gov.co\/renta-personas-naturales-ag-2023\/#website","url":"https:\/\/micrositios.dian.gov.co\/renta-personas-naturales-ag-2023\/","name":"Rentas Personas Naturales AG 2023 - DIAN","description":"En este espacio encontrar\u00e1 todo el material de apoyo para preparar la Declaraci\u00f3n de Renta de personas naturales para el a\u00f1o gravable 2023","potentialAction":[{"@type":"SearchAction","target":{"@type":"EntryPoint","urlTemplate":"https:\/\/micrositios.dian.gov.co\/renta-personas-naturales-ag-2023\/?s={search_term_string}"},"query-input":{"@type":"PropertyValueSpecification","valueRequired":true,"valueName":"search_term_string"}}],"inLanguage":"es"}]}},"_links":{"self":[{"href":"https:\/\/micrositios.dian.gov.co\/renta-personas-naturales-ag-2023\/wp-json\/wp\/v2\/pages\/2003","targetHints":{"allow":["GET"]}}],"collection":[{"href":"https:\/\/micrositios.dian.gov.co\/renta-personas-naturales-ag-2023\/wp-json\/wp\/v2\/pages"}],"about":[{"href":"https:\/\/micrositios.dian.gov.co\/renta-personas-naturales-ag-2023\/wp-json\/wp\/v2\/types\/page"}],"author":[{"embeddable":true,"href":"https:\/\/micrositios.dian.gov.co\/renta-personas-naturales-ag-2023\/wp-json\/wp\/v2\/users\/1"}],"replies":[{"embeddable":true,"href":"https:\/\/micrositios.dian.gov.co\/renta-personas-naturales-ag-2023\/wp-json\/wp\/v2\/comments?post=2003"}],"version-history":[{"count":4,"href":"https:\/\/micrositios.dian.gov.co\/renta-personas-naturales-ag-2023\/wp-json\/wp\/v2\/pages\/2003\/revisions"}],"predecessor-version":[{"id":2794,"href":"https:\/\/micrositios.dian.gov.co\/renta-personas-naturales-ag-2023\/wp-json\/wp\/v2\/pages\/2003\/revisions\/2794"}],"wp:attachment":[{"href":"https:\/\/micrositios.dian.gov.co\/renta-personas-naturales-ag-2023\/wp-json\/wp\/v2\/media?parent=2003"}],"curies":[{"name":"wp","href":"https:\/\/api.w.org\/{rel}","templated":true}]}}