{"id":1624,"date":"2024-04-12T16:31:52","date_gmt":"2024-04-12T21:31:52","guid":{"rendered":"https:\/\/micrositios.dian.gov.co\/renta-personas-naturales-ag-2023\/?page_id=1624"},"modified":"2025-09-02T15:20:55","modified_gmt":"2025-09-02T20:20:55","slug":"inicio","status":"publish","type":"page","link":"https:\/\/micrositios.dian.gov.co\/renta-personas-naturales-ag-2023\/","title":{"rendered":"Inicio"},"content":{"rendered":"<p>[et_pb_section fb_built=\u00bb1&#8243; disabled_on=\u00bbon|on|off\u00bb admin_label=\u00bbSection\u00bb _builder_version=\u00bb4.18.1&#8243; _module_preset=\u00bbdefault\u00bb background_image=\u00bbhttp:\/\/micrositios.dian.gov.co\/renta-personas-naturales-ag-2023\/wp-content\/uploads\/sites\/15\/2024\/07\/Home-MS-Renta-PN-2023.jpg\u00bb background_size=\u00bbcustom\u00bb custom_margin=\u00bb||||true|true\u00bb custom_padding=\u00bb36px||36px||true|true\u00bb animation_style=\u00bbfade\u00bb da_disable_devices=\u00bboff|off|off\u00bb collapsed=\u00bbon\u00bb global_colors_info=\u00bb{}\u00bb da_is_popup=\u00bboff\u00bb da_exit_intent=\u00bboff\u00bb da_has_close=\u00bbon\u00bb da_alt_close=\u00bboff\u00bb da_dark_close=\u00bboff\u00bb da_not_modal=\u00bbon\u00bb da_is_singular=\u00bboff\u00bb da_with_loader=\u00bboff\u00bb da_has_shadow=\u00bbon\u00bb][et_pb_row _builder_version=\u00bb4.18.1&#8243; _module_preset=\u00bbdefault\u00bb global_colors_info=\u00bb{}\u00bb][et_pb_column type=\u00bb4_4&#8243; _builder_version=\u00bb4.18.1&#8243; _module_preset=\u00bbdefault\u00bb global_colors_info=\u00bb{}\u00bb][et_pb_text _builder_version=\u00bb4.18.1&#8243; _module_preset=\u00bbdefault\u00bb header_font=\u00bbUbuntu|700|||||||\u00bb header_text_color=\u00bb#27a2c4&#8243; header_font_size=\u00bb43px\u00bb custom_margin=\u00bb0px|0px|0px|0px|true|true\u00bb global_colors_info=\u00bb{}\u00bb]<\/p>\n<h1>COLOMBIA AVANZA<\/h1>\n<p>[\/et_pb_text][et_pb_text _builder_version=\u00bb4.18.1&#8243; _module_preset=\u00bbdefault\u00bb header_font=\u00bbUbuntu|700|||||||\u00bb header_text_color=\u00bb#252944&#8243; header_font_size=\u00bb25px\u00bb custom_margin=\u00bb0px|0px|0px|0px|true|true\u00bb global_colors_info=\u00bb{}\u00bb]<\/p>\n<h1>CON <span style=\"color: #27a2c4;\">SU<\/span> DECLARACI\u00d3N.<\/h1>\n<p>[\/et_pb_text][et_pb_text _builder_version=\u00bb4.18.1&#8243; _module_preset=\u00bbdefault\u00bb header_font=\u00bbUbuntu|700|||||||\u00bb header_text_align=\u00bbleft\u00bb header_text_color=\u00bb#252944&#8243; header_font_size=\u00bb98px\u00bb custom_margin=\u00bb0px|0px|0px|0px|true|true\u00bb custom_padding=\u00bb14px||||false|false\u00bb global_colors_info=\u00bb{}\u00bb]<\/p>\n<h1>RENTA 2023<\/h1>\n<p>[\/et_pb_text][et_pb_text _builder_version=\u00bb4.18.1&#8243; _module_preset=\u00bbdefault\u00bb header_font=\u00bbUbuntu|700|||||||\u00bb header_text_color=\u00bb#FFFFFF\u00bb header_font_size=\u00bb27px\u00bb header_2_font=\u00bbUbuntu||||||||\u00bb header_2_text_color=\u00bb#27a2c4&#8243; background_color=\u00bb#27a2c4&#8243; width=\u00bb52%\u00bb custom_margin=\u00bb0px|0px|0px|0px|true|true\u00bb custom_padding=\u00bb6px|||40px|false|false\u00bb global_colors_info=\u00bb{}\u00bb]<\/p>\n<h1><strong>M\u00c1S BREVE. M\u00c1S CLARA. M\u00c1S F\u00c1CIL.\u00a0<\/strong><\/h1>\n<p>[\/et_pb_text][\/et_pb_column][\/et_pb_row][\/et_pb_section][et_pb_section fb_built=\u00bb1&#8243; disabled_on=\u00bbon|off|on\u00bb admin_label=\u00bbSection\u00bb _builder_version=\u00bb4.18.1&#8243; _module_preset=\u00bbdefault\u00bb background_image=\u00bbhttp:\/\/micrositios.dian.gov.co\/renta-personas-naturales-ag-2023\/wp-content\/uploads\/sites\/15\/2024\/07\/Banner-home-degradado-RN2023.jpg\u00bb background_size=\u00bbcustom\u00bb custom_margin=\u00bb-2px||-2px||true|true\u00bb custom_padding=\u00bb0px||0px||true|true\u00bb animation_style=\u00bbfade\u00bb da_disable_devices=\u00bboff|off|off\u00bb locked=\u00bboff\u00bb collapsed=\u00bbon\u00bb global_colors_info=\u00bb{}\u00bb da_is_popup=\u00bboff\u00bb da_exit_intent=\u00bboff\u00bb da_has_close=\u00bbon\u00bb da_alt_close=\u00bboff\u00bb da_dark_close=\u00bboff\u00bb da_not_modal=\u00bbon\u00bb da_is_singular=\u00bboff\u00bb da_with_loader=\u00bboff\u00bb da_has_shadow=\u00bbon\u00bb][et_pb_row _builder_version=\u00bb4.18.1&#8243; _module_preset=\u00bbdefault\u00bb global_colors_info=\u00bb{}\u00bb][et_pb_column type=\u00bb4_4&#8243; _builder_version=\u00bb4.18.1&#8243; _module_preset=\u00bbdefault\u00bb global_colors_info=\u00bb{}\u00bb][et_pb_text _builder_version=\u00bb4.18.1&#8243; _module_preset=\u00bbdefault\u00bb header_font=\u00bbUbuntu|700|||||||\u00bb header_text_color=\u00bb#27a2c4&#8243; header_font_size=\u00bb40px\u00bb custom_margin=\u00bb0px|0px|0px|0px|true|true\u00bb header_font_tablet=\u00bbUbuntu|700|||||||\u00bb header_font_phone=\u00bbUbuntu|700|||||||\u00bb header_font_last_edited=\u00bbon|tablet\u00bb header_font_size_tablet=\u00bb47px\u00bb header_font_size_phone=\u00bb47px\u00bb header_font_size_last_edited=\u00bbon|tablet\u00bb global_colors_info=\u00bb{}\u00bb]<\/p>\n<h1>COLOMBIA AVANZA<\/h1>\n<p>[\/et_pb_text][et_pb_text _builder_version=\u00bb4.18.1&#8243; _module_preset=\u00bbdefault\u00bb header_font=\u00bbUbuntu|700|||||||\u00bb header_text_color=\u00bb#252944&#8243; custom_margin=\u00bb0px|0px|0px|0px|true|true\u00bb global_colors_info=\u00bb{}\u00bb]<\/p>\n<h1>CON <span style=\"color: #27a2c4;\">SU<\/span> DECLARACI\u00d3N.<\/h1>\n<p>[\/et_pb_text][et_pb_text _builder_version=\u00bb4.18.1&#8243; _module_preset=\u00bbdefault\u00bb header_font=\u00bbUbuntu|700|||||||\u00bb header_text_align=\u00bbleft\u00bb header_text_color=\u00bb#252944&#8243; header_font_size=\u00bb100px\u00bb custom_margin=\u00bb0px|0px|0px|0px|true|true\u00bb custom_padding=\u00bb14px||||false|false\u00bb global_colors_info=\u00bb{}\u00bb]<\/p>\n<h1>RENTA 2023<\/h1>\n<p>[\/et_pb_text][et_pb_text _builder_version=\u00bb4.18.1&#8243; _module_preset=\u00bbdefault\u00bb header_font=\u00bbUbuntu|700|||||||\u00bb header_text_color=\u00bb#FFFFFF\u00bb header_font_size=\u00bb33px\u00bb header_2_font=\u00bbUbuntu||||||||\u00bb header_2_text_color=\u00bb#27a2c4&#8243; background_color=\u00bb#27a2c4&#8243; max_width=\u00bb100%\u00bb custom_margin=\u00bb0px|0px|0px|0px|true|true\u00bb custom_padding=\u00bb10px|0px||12px|false|false\u00bb custom_padding_last_edited=\u00bboff|phone\u00bb global_colors_info=\u00bb{}\u00bb]<\/p>\n<h1><span style=\"color: #f2f2f2;\"><strong>M\u00c1S BREVE. M\u00c1S CLARA. M\u00c1S F\u00c1CIL.\u00a0<\/strong><\/span><\/h1>\n<p>[\/et_pb_text][\/et_pb_column][\/et_pb_row][\/et_pb_section][et_pb_section fb_built=\u00bb1&#8243; disabled_on=\u00bboff|on|on\u00bb admin_label=\u00bbSection\u00bb _builder_version=\u00bb4.18.1&#8243; _module_preset=\u00bbdefault\u00bb background_image=\u00bbhttp:\/\/micrositios.dian.gov.co\/renta-personas-naturales-ag-2023\/wp-content\/uploads\/sites\/15\/2024\/07\/Banner-home-degradado-RN2023.jpg\u00bb background_size=\u00bbcustom\u00bb custom_margin=\u00bb-2px||-2px||true|true\u00bb custom_padding=\u00bb0px||0px||true|true\u00bb animation_style=\u00bbfade\u00bb da_disable_devices=\u00bboff|off|off\u00bb locked=\u00bboff\u00bb collapsed=\u00bbon\u00bb global_colors_info=\u00bb{}\u00bb da_is_popup=\u00bboff\u00bb da_exit_intent=\u00bboff\u00bb da_has_close=\u00bbon\u00bb da_alt_close=\u00bboff\u00bb da_dark_close=\u00bboff\u00bb da_not_modal=\u00bbon\u00bb da_is_singular=\u00bboff\u00bb da_with_loader=\u00bboff\u00bb da_has_shadow=\u00bbon\u00bb][et_pb_row _builder_version=\u00bb4.18.1&#8243; _module_preset=\u00bbdefault\u00bb global_colors_info=\u00bb{}\u00bb][et_pb_column type=\u00bb4_4&#8243; _builder_version=\u00bb4.18.1&#8243; _module_preset=\u00bbdefault\u00bb global_colors_info=\u00bb{}\u00bb][et_pb_text _builder_version=\u00bb4.18.1&#8243; _module_preset=\u00bbdefault\u00bb header_font=\u00bbUbuntu|700|||||||\u00bb header_text_color=\u00bb#27a2c4&#8243; header_font_size=\u00bb40px\u00bb custom_margin=\u00bb0px|0px|0px|0px|true|true\u00bb header_font_tablet=\u00bbUbuntu|700|||||||\u00bb header_font_phone=\u00bbUbuntu|700|||||||\u00bb header_font_last_edited=\u00bbon|tablet\u00bb header_font_size_tablet=\u00bb47px\u00bb header_font_size_phone=\u00bb40px\u00bb header_font_size_last_edited=\u00bbon|tablet\u00bb global_colors_info=\u00bb{}\u00bb]<\/p>\n<h1>COLOMBIA AVANZA<\/h1>\n<p>[\/et_pb_text][et_pb_text _builder_version=\u00bb4.18.1&#8243; _module_preset=\u00bbdefault\u00bb header_font=\u00bbUbuntu|700|||||||\u00bb header_text_color=\u00bb#252944&#8243; header_font_size=\u00bb28px\u00bb custom_margin=\u00bb0px|0px|0px|0px|true|true\u00bb global_colors_info=\u00bb{}\u00bb]<\/p>\n<h1>CON <span style=\"color: #27a2c4;\">SU<\/span> DECLARACI\u00d3N.<\/h1>\n<p>[\/et_pb_text][et_pb_text _builder_version=\u00bb4.18.1&#8243; _module_preset=\u00bbdefault\u00bb header_font=\u00bbUbuntu|700|||||||\u00bb header_text_align=\u00bbleft\u00bb header_text_color=\u00bb#252944&#8243; header_font_size=\u00bb54px\u00bb custom_margin=\u00bb0px|0px|0px|0px|true|true\u00bb custom_padding=\u00bb14px||||false|false\u00bb global_colors_info=\u00bb{}\u00bb]<\/p>\n<h1>RENTA 2023<\/h1>\n<p>[\/et_pb_text][et_pb_text _builder_version=\u00bb4.18.1&#8243; _module_preset=\u00bbdefault\u00bb header_font=\u00bbUbuntu|700|||||||\u00bb header_text_color=\u00bb#FFFFFF\u00bb header_font_size=\u00bb17px\u00bb header_2_font=\u00bbUbuntu||||||||\u00bb header_2_text_color=\u00bb#27a2c4&#8243; background_color=\u00bb#27a2c4&#8243; max_width=\u00bb100%\u00bb custom_margin=\u00bb0px|0px|0px|0px|true|true\u00bb custom_padding=\u00bb10px|0px||12px|false|false\u00bb custom_padding_last_edited=\u00bboff|phone\u00bb global_colors_info=\u00bb{}\u00bb]<\/p>\n<h1><span style=\"color: #f2f2f2;\"><strong>M\u00c1S BREVE. M\u00c1S CLARA. M\u00c1S F\u00c1CIL.\u00a0<\/strong><\/span><\/h1>\n<p>[\/et_pb_text][\/et_pb_column][\/et_pb_row][\/et_pb_section][et_pb_section fb_built=\u00bb1&#8243; disabled_on=\u00bbon|off|off\u00bb admin_label=\u00bbSection\u00bb _builder_version=\u00bb4.18.1&#8243; _module_preset=\u00bbdefault\u00bb background_color=\u00bb#f2f2f2&#8243; custom_margin=\u00bb||||true|true\u00bb custom_padding=\u00bb0px||0px||true|true\u00bb animation_style=\u00bbfade\u00bb da_disable_devices=\u00bboff|off|off\u00bb locked=\u00bboff\u00bb global_colors_info=\u00bb{}\u00bb da_is_popup=\u00bboff\u00bb da_exit_intent=\u00bboff\u00bb da_has_close=\u00bbon\u00bb da_alt_close=\u00bboff\u00bb da_dark_close=\u00bboff\u00bb da_not_modal=\u00bbon\u00bb da_is_singular=\u00bboff\u00bb da_with_loader=\u00bboff\u00bb da_has_shadow=\u00bbon\u00bb][et_pb_row column_structure=\u00bb3_5,2_5&#8243; disabled_on=\u00bbon|off|off\u00bb _builder_version=\u00bb4.18.1&#8243; _module_preset=\u00bbdefault\u00bb custom_margin=\u00bb||||true|true\u00bb custom_padding=\u00bb23px||23px||true|true\u00bb saved_tabs=\u00bball\u00bb locked=\u00bboff\u00bb global_colors_info=\u00bb{}\u00bb][et_pb_column type=\u00bb3_5&#8243; _builder_version=\u00bb4.16&#8243; _module_preset=\u00bbdefault\u00bb global_colors_info=\u00bb{}\u00bb][dipl_breadcrumb breadcrumb_layout=\u00bblayout2&#8243; link_target=\u00bbon\u00bb separator_text=\u00bb\/\u00bb separator_size=\u00bb14px\u00bb separator_color=\u00bb#27a2c4&#8243; use_home_link_custom_text=\u00bbon\u00bb home_link_text=\u00bbInicio\u00bb use_home_link_icon=\u00bbon\u00bb home_link_icon=\u00bb&#x23;||divi||400&#8243; home_link_icon_color=\u00bb#27a2c4&#8243; _builder_version=\u00bb4.18.1&#8243; _module_preset=\u00bbdefault\u00bb global_text_settings_font_size=\u00bb12px\u00bb text_font=\u00bbUbuntu||||||||\u00bb text_text_color=\u00bb#000000&#8243; link_font=\u00bbUbuntu|500|||||||\u00bb global_colors_info=\u00bb{}\u00bb text_text_color__hover_enabled=\u00bbon|desktop\u00bb text_text_color__hover=\u00bb#00b4dc\u00bb][\/dipl_breadcrumb][\/et_pb_column][et_pb_column type=\u00bb2_5&#8243; _builder_version=\u00bb4.16&#8243; _module_preset=\u00bbdefault\u00bb global_colors_info=\u00bb{}\u00bb][dipl_ajax_search search_placeholder=\u00bbBuscar por palabra clave\u00bb number_of_results=\u00bb-1&#8243; orderby=\u00bbpost_title\u00bb order=\u00bbASC\u00bb no_result_text=\u00bbNo encontramos resultados a tu b\u00fasqueda\u00bb include_post_types=\u00bbpage\u00bb url_new_window=\u00bbon\u00bb search_result_box_bg_color=\u00bb#000000&#8243; search_icon_color=\u00bb#27a2c4&#8243; loader_size=\u00bb12px\u00bb loader_color=\u00bb#41d78c\u00bb disabled_on=\u00bbon|on|on\u00bb _builder_version=\u00bb4.18.1&#8243; _module_preset=\u00bbdefault\u00bb search_result_item_title_font=\u00bbUbuntu|700|||||||\u00bb search_result_item_excerpt_font=\u00bbUbuntu||||||||\u00bb search_result_item_excerpt_font_size=\u00bb12px\u00bb search_result_item_price_font=\u00bbUbuntu||||||||\u00bb no_result_font=\u00bbUbuntu||||||||\u00bb form_field_font=\u00bbUbuntu||||||||\u00bb form_field_font_size=\u00bb12px\u00bb width=\u00bb80%\u00bb module_alignment=\u00bbright\u00bb border_radii_form_field=\u00bbon|6px|6px|6px|6px\u00bb border_width_all_form_field=\u00bb0px\u00bb disabled=\u00bbon\u00bb global_colors_info=\u00bb{}\u00bb][\/dipl_ajax_search][\/et_pb_column][\/et_pb_row][\/et_pb_section][et_pb_section fb_built=\u00bb1&#8243; disabled_on=\u00bbon|on|on\u00bb admin_label=\u00bbSection\u00bb _builder_version=\u00bb4.18.1&#8243; _module_preset=\u00bbdefault\u00bb background_color=\u00bb#27a2c4&#8243; custom_margin=\u00bb8px||8px||true|true\u00bb custom_padding=\u00bb5px||5px||true|true\u00bb animation_style=\u00bbfade\u00bb da_disable_devices=\u00bboff|off|off\u00bb disabled=\u00bbon\u00bb locked=\u00bboff\u00bb collapsed=\u00bbon\u00bb global_colors_info=\u00bb{}\u00bb da_is_popup=\u00bboff\u00bb da_exit_intent=\u00bboff\u00bb da_has_close=\u00bbon\u00bb da_alt_close=\u00bboff\u00bb da_dark_close=\u00bboff\u00bb da_not_modal=\u00bbon\u00bb da_is_singular=\u00bboff\u00bb da_with_loader=\u00bboff\u00bb da_has_shadow=\u00bbon\u00bb][et_pb_row _builder_version=\u00bb4.18.1&#8243; _module_preset=\u00bbdefault\u00bb global_colors_info=\u00bb{}\u00bb][et_pb_column type=\u00bb4_4&#8243; _builder_version=\u00bb4.18.1&#8243; _module_preset=\u00bbdefault\u00bb global_colors_info=\u00bb{}\u00bb][et_pb_number_counter title=\u00bbN\u00famero de declaraciones de renta realizadas a la fecha\u00bb number=\u00bb2.643.821&#8243; percent_sign=\u00bboff\u00bb _builder_version=\u00bb4.18.1&#8243; _module_preset=\u00bbdefault\u00bb title_font=\u00bbUbuntu|700|||||||\u00bb title_text_color=\u00bb#FFFFFF\u00bb title_font_size=\u00bb20px\u00bb number_font=\u00bbUbuntu|700|||||||\u00bb number_text_color=\u00bb#FFFFFF\u00bb number_font_size=\u00bb70px\u00bb custom_margin=\u00bb||0px|||\u00bb animation_style=\u00bbslide\u00bb locked=\u00bboff\u00bb global_colors_info=\u00bb{}\u00bb][\/et_pb_number_counter][\/et_pb_column][\/et_pb_row][\/et_pb_section][et_pb_section fb_built=\u00bb1&#8243; disabled_on=\u00bbon|on|on\u00bb admin_label=\u00bbSection\u00bb _builder_version=\u00bb4.18.1&#8243; _module_preset=\u00bbdefault\u00bb background_color=\u00bb#00ae65&#8243; custom_margin=\u00bb8px||8px||true|true\u00bb custom_padding=\u00bb5px||5px||true|true\u00bb animation_style=\u00bbfade\u00bb link_option_url=\u00bbhttps:\/\/webazure.dian.gov.co\/consultarenta\/\u00bb link_option_url_new_window=\u00bbon\u00bb da_disable_devices=\u00bboff|off|off\u00bb disabled=\u00bbon\u00bb locked=\u00bboff\u00bb collapsed=\u00bbon\u00bb global_colors_info=\u00bb{}\u00bb da_is_popup=\u00bboff\u00bb da_exit_intent=\u00bboff\u00bb da_has_close=\u00bbon\u00bb da_alt_close=\u00bboff\u00bb da_dark_close=\u00bboff\u00bb da_not_modal=\u00bbon\u00bb da_is_singular=\u00bboff\u00bb da_with_loader=\u00bboff\u00bb da_has_shadow=\u00bbon\u00bb][et_pb_row _builder_version=\u00bb4.18.1&#8243; _module_preset=\u00bbdefault\u00bb global_colors_info=\u00bb{}\u00bb][et_pb_column type=\u00bb4_4&#8243; _builder_version=\u00bb4.18.1&#8243; _module_preset=\u00bbdefault\u00bb global_colors_info=\u00bb{}\u00bb][et_pb_text _builder_version=\u00bb4.18.1&#8243; _module_preset=\u00bbdefault\u00bb text_font=\u00bbUbuntu|700|||||||\u00bb text_text_color=\u00bb#252944&#8243; text_font_size=\u00bb25px\u00bb header_text_color=\u00bb#E02B20&#8243; header_3_font=\u00bbUbuntu|700|||||||\u00bb header_3_text_color=\u00bb#252944&#8243; header_3_font_size=\u00bb25px\u00bb header_4_font=\u00bbUbuntu|500|||||||\u00bb header_4_text_color=\u00bb#f2f2f2&#8243; text_orientation=\u00bbcenter\u00bb custom_padding=\u00bb0px|||||\u00bb link_option_url=\u00bbhttps:\/\/webazure.dian.gov.co\/consultarenta\/\u00bb link_option_url_new_window=\u00bbon\u00bb global_colors_info=\u00bb{}\u00bb]<\/p>\n<h4 style=\"text-align: left;\"><span style=\"color: #003300;\"><img decoding=\"async\" src=\"http:\/\/micrositios.dian.gov.co\/renta-personas-naturales-ag-2023\/wp-content\/uploads\/sites\/15\/2024\/08\/Icono-Contingencia.png\" width=\"54\" height=\"54\" alt=\"\" class=\"wp-image-2652 alignnone size-full\" style=\"display: block; margin-left: auto; margin-right: auto;\" \/><\/span><\/h4>\n<p><span style=\"color: #003300;\"><\/span><\/p>\n<p><span style=\"color: #003300;\"><\/span><\/p>\n<h4 style=\"text-align: left;\"><span style=\"color: #003300;\"><span style=\"color: #ffffff;\"> La DIAN informa que, de conformidad con la certificaci\u00f3n emitida por la Direcci\u00f3n de Gesti\u00f3n de Innovaci\u00f3n y Tecnolog\u00eda, se observa estabilidad y correcto funcionamiento en los servicios que permiten el diligenciamiento y presentaci\u00f3n de las declaraciones tributarias y el pago de impuestos. Por lo tanto, hoy 16 de agosto del 2024 se levanta la contingencia de que trata el art\u00edculo 579-2 del Estatuto Tributario y que fue decretada el pasado 12 de agosto.<\/span><\/span><\/h4>\n<h4 style=\"text-align: left;\"><span style=\"color: #003300;\"><br \/><span style=\"color: #ffffff;\">Esto significa que los contribuyentes con obligaciones tributarias cuyo plazo estaba definido entre el 12 y el 16 de agosto, podr\u00e1n presentar sus declaraciones y realizar el pago hasta el 20 de agosto sin ning\u00fan tipo de sanci\u00f3n ni intereses.<\/span><br \/><\/span><\/h4>\n<p>[\/et_pb_text][\/et_pb_column][\/et_pb_row][\/et_pb_section][et_pb_section fb_built=\u00bb1&#8243; disabled_on=\u00bboff|off|off\u00bb admin_label=\u00bbSection\u00bb _builder_version=\u00bb4.18.1&#8243; _module_preset=\u00bbdefault\u00bb background_color=\u00bb#FFFFFF\u00bb custom_margin=\u00bb||||true|true\u00bb custom_padding=\u00bb6px||6px||true|true\u00bb animation_style=\u00bbfade\u00bb da_disable_devices=\u00bboff|off|off\u00bb locked=\u00bboff\u00bb global_colors_info=\u00bb{}\u00bb da_is_popup=\u00bboff\u00bb da_exit_intent=\u00bboff\u00bb da_has_close=\u00bbon\u00bb da_alt_close=\u00bboff\u00bb da_dark_close=\u00bboff\u00bb da_not_modal=\u00bbon\u00bb da_is_singular=\u00bboff\u00bb da_with_loader=\u00bboff\u00bb da_has_shadow=\u00bbon\u00bb][et_pb_row _builder_version=\u00bb4.18.1&#8243; _module_preset=\u00bbdefault\u00bb custom_margin=\u00bb||||true|true\u00bb custom_padding=\u00bb30px||30px||true|true\u00bb global_colors_info=\u00bb{}\u00bb][et_pb_column type=\u00bb4_4&#8243; _builder_version=\u00bb4.16&#8243; _module_preset=\u00bbdefault\u00bb global_colors_info=\u00bb{}\u00bb][et_pb_text _builder_version=\u00bb4.18.1&#8243; _module_preset=\u00bbdefault\u00bb text_font=\u00bbUbuntu|700|||||||\u00bb text_text_color=\u00bb#252944&#8243; text_font_size=\u00bb25px\u00bb header_text_color=\u00bb#E02B20&#8243; header_2_font=\u00bbUbuntu|700|||||||\u00bb header_2_text_color=\u00bb#252944&#8243; header_3_font=\u00bbUbuntu|700|||||||\u00bb header_3_text_color=\u00bb#252944&#8243; header_3_font_size=\u00bb25px\u00bb text_orientation=\u00bbcenter\u00bb custom_padding=\u00bb5px||5px|||\u00bb global_colors_info=\u00bb{}\u00bb]<\/p>\n<h2 style=\"text-align: center;\"><strong><\/strong><strong>Accesos directos<\/strong><\/h2>\n<p>[\/et_pb_text][et_pb_divider color=\u00bb#252944&#8243; divider_weight=\u00bb3px\u00bb _builder_version=\u00bb4.18.1&#8243; _module_preset=\u00bbdefault\u00bb width=\u00bb19%\u00bb module_alignment=\u00bbcenter\u00bb custom_margin=\u00bb-23px||10px||false|false\u00bb global_colors_info=\u00bb{}\u00bb][\/et_pb_divider][\/et_pb_column][\/et_pb_row][et_pb_row column_structure=\u00bb1_3,1_3,1_3&#8243; _builder_version=\u00bb4.16&#8243; _module_preset=\u00bbdefault\u00bb custom_margin=\u00bb-5px|auto||auto||\u00bb custom_padding=\u00bb3px||9px|||\u00bb locked=\u00bboff\u00bb global_colors_info=\u00bb{}\u00bb][et_pb_column type=\u00bb1_3&#8243; _builder_version=\u00bb4.16&#8243; _module_preset=\u00bbdefault\u00bb global_colors_info=\u00bb{}\u00bb][et_pb_blurb title=\u00bbCanales de atenci\u00f3n.\u00bb url=\u00bb#Canales\u00bb image=\u00bbhttp:\/\/micrositios.dian.gov.co\/renta-personas-naturales-ag-2023\/wp-content\/uploads\/sites\/15\/2024\/06\/Ico-canales-de-atencion.png\u00bb icon_placement=\u00bbleft\u00bb image_icon_width=\u00bb200%\u00bb _builder_version=\u00bb4.18.1&#8243; _module_preset=\u00bbdefault\u00bb header_font=\u00bbUbuntu|600|||||||\u00bb header_text_color=\u00bb#252944&#8243; header_font_size=\u00bb13px\u00bb background_color=\u00bb#f2f2f2&#8243; custom_padding=\u00bb16px|17px|9px|17px|false|true\u00bb link_option_url=\u00bb#Canales\u00bb box_shadow_style=\u00bbpreset1&#8243; box_shadow_vertical=\u00bb0px\u00bb box_shadow_blur=\u00bb0px\u00bb global_colors_info=\u00bb{}\u00bb box_shadow_blur__hover=\u00bb20px\u00bb box_shadow_blur__hover_enabled=\u00bbon|hover\u00bb][\/et_pb_blurb][et_pb_blurb title=\u00bb Prep\u00e1rese para la declaraci\u00f3n de renta\u00bb url=\u00bbhttps:\/\/micrositios.dian.gov.co\/renta-personas-naturales-ag-2023\/preparese-para-la-declaracion-de-renta\/\u00bb image=\u00bbhttps:\/\/micrositios.dian.gov.co\/renta-personas-naturales-ag-2022\/wp-content\/uploads\/sites\/14\/2023\/07\/Ico-Declaracion-Renta-AG-202213.png\u00bb icon_placement=\u00bbleft\u00bb image_icon_width=\u00bb200%\u00bb disabled_on=\u00bboff|off|on\u00bb _builder_version=\u00bb4.18.1&#8243; _module_preset=\u00bbdefault\u00bb header_font=\u00bbUbuntu|600|||||||\u00bb header_text_color=\u00bb#252944&#8243; header_font_size=\u00bb13px\u00bb background_color=\u00bb#f2f2f2&#8243; custom_padding=\u00bb16px|17px|9px|17px|false|true\u00bb link_option_url=\u00bbhttps:\/\/micrositios.dian.gov.co\/renta-personas-naturales-ag-2023\/preparese-para-la-declaracion-de-renta\/\u00bb box_shadow_style=\u00bbpreset1&#8243; box_shadow_vertical=\u00bb0px\u00bb box_shadow_blur=\u00bb0px\u00bb global_colors_info=\u00bb{}\u00bb box_shadow_blur__hover=\u00bb20px\u00bb box_shadow_blur__hover_enabled=\u00bbon|hover\u00bb][\/et_pb_blurb][\/et_pb_column][et_pb_column type=\u00bb1_3&#8243; _builder_version=\u00bb4.18.1&#8243; _module_preset=\u00bbdefault\u00bb global_colors_info=\u00bb{}\u00bb][et_pb_blurb title=\u00bb\u00bfPor qu\u00e9 es importante su declaraci\u00f3n de renta?\u00bb url=\u00bbhttps:\/\/micrositios.dian.gov.co\/renta-personas-naturales-ag-2023\/por-que-es-importante-su-declaracion-de-renta\/\u00bb image=\u00bbhttps:\/\/micrositios.dian.gov.co\/renta-personas-naturales-ag-2022\/wp-content\/uploads\/sites\/14\/2023\/07\/Ico-Declaracion-Renta-AG-202217.png\u00bb icon_placement=\u00bbleft\u00bb image_icon_width=\u00bb200%\u00bb disabled_on=\u00bboff|off|off\u00bb _builder_version=\u00bb4.18.1&#8243; _module_preset=\u00bbdefault\u00bb header_font=\u00bbUbuntu|600|||||||\u00bb header_text_color=\u00bb#262944&#8243; header_font_size=\u00bb13px\u00bb background_color=\u00bb#f2f2f2&#8243; custom_padding=\u00bb16px|17px|9px|17px|false|true\u00bb link_option_url=\u00bbhttps:\/\/micrositios.dian.gov.co\/renta-personas-naturales-ag-2023\/por-que-es-importante-su-declaracion-de-renta\/\u00bb box_shadow_style=\u00bbpreset1&#8243; box_shadow_vertical=\u00bb0px\u00bb box_shadow_blur=\u00bb0px\u00bb global_colors_info=\u00bb{}\u00bb box_shadow_blur__hover=\u00bb20px\u00bb box_shadow_blur__hover_enabled=\u00bbon|hover\u00bb][\/et_pb_blurb][et_pb_blurb title=\u00bbProgr\u00e1mese con los que saben de renta.\u00bb url=\u00bb#Capacitaciones\u00bb image=\u00bbhttp:\/\/micrositios.dian.gov.co\/renta-personas-naturales-ag-2023\/wp-content\/uploads\/sites\/15\/2024\/06\/IconoPreparese-8AprendaConLosQueSabenDeRentaProgrameseParaLasCapacitacionesEnTodoElPais.png\u00bb icon_placement=\u00bbleft\u00bb image_icon_width=\u00bb200%\u00bb disabled_on=\u00bbon|on|on\u00bb _builder_version=\u00bb4.18.1&#8243; _module_preset=\u00bbdefault\u00bb header_font=\u00bbUbuntu|600|||||||\u00bb header_text_color=\u00bb#262944&#8243; header_font_size=\u00bb13px\u00bb background_color=\u00bb#f2f2f2&#8243; min_height=\u00bb70px\u00bb height=\u00bb70px\u00bb custom_padding=\u00bb16px|17px|9px|17px|false|true\u00bb link_option_url=\u00bb#Capacitaciones\u00bb box_shadow_style=\u00bbpreset1&#8243; box_shadow_vertical=\u00bb0px\u00bb box_shadow_blur=\u00bb0px\u00bb disabled=\u00bbon\u00bb locked=\u00bboff\u00bb global_colors_info=\u00bb{}\u00bb box_shadow_blur__hover=\u00bb20px\u00bb box_shadow_blur__hover_enabled=\u00bbon|hover\u00bb][\/et_pb_blurb][et_pb_blurb title=\u00bb \u00bfC\u00f3mo hacer su declaraci\u00f3n de renta?\u00bb url=\u00bbhttps:\/\/micrositios.dian.gov.co\/renta-personas-naturales-ag-2023\/como-hacer-su-declaracion-de-renta\/\u00bb image=\u00bbhttps:\/\/micrositios.dian.gov.co\/renta-personas-naturales-ag-2022\/wp-content\/uploads\/sites\/14\/2023\/07\/Ico-Declaracion-Renta-AG-202210.png\u00bb icon_placement=\u00bbleft\u00bb image_icon_width=\u00bb200%\u00bb disabled_on=\u00bboff|off|on\u00bb _builder_version=\u00bb4.18.1&#8243; _module_preset=\u00bbdefault\u00bb header_font=\u00bbUbuntu|600|||||||\u00bb header_text_color=\u00bb#262944&#8243; header_font_size=\u00bb13px\u00bb background_color=\u00bb#f2f2f2&#8243; height=\u00bb64px\u00bb custom_padding=\u00bb16px|17px|9px|17px|false|true\u00bb link_option_url=\u00bbhttps:\/\/micrositios.dian.gov.co\/renta-personas-naturales-ag-2023\/como-hacer-su-declaracion-de-renta\/\u00bb box_shadow_style=\u00bbpreset1&#8243; box_shadow_vertical=\u00bb0px\u00bb box_shadow_blur=\u00bb0px\u00bb global_colors_info=\u00bb{}\u00bb box_shadow_blur__hover=\u00bb20px\u00bb box_shadow_blur__hover_enabled=\u00bbon|hover\u00bb][\/et_pb_blurb][\/et_pb_column][et_pb_column type=\u00bb1_3&#8243; _builder_version=\u00bb4.16&#8243; _module_preset=\u00bbdefault\u00bb global_colors_info=\u00bb{}\u00bb][et_pb_blurb title=\u00bbVideos recomendados.\u00bb url=\u00bb#Videos\u00bb image=\u00bbhttp:\/\/micrositios.dian.gov.co\/renta-personas-naturales-ag-2023\/wp-content\/uploads\/sites\/15\/2024\/07\/Ico-ContenidoRecomendado.png\u00bb icon_placement=\u00bbleft\u00bb image_icon_width=\u00bb200%\u00bb disabled_on=\u00bboff|off|off\u00bb _builder_version=\u00bb4.18.1&#8243; _module_preset=\u00bbdefault\u00bb header_font=\u00bbUbuntu|600|||||||\u00bb header_text_color=\u00bb#262944&#8243; header_font_size=\u00bb13px\u00bb background_color=\u00bb#f2f2f2&#8243; height=\u00bb64px\u00bb custom_padding=\u00bb16px|17px|9px|17px|false|true\u00bb link_option_url=\u00bb#Videos\u00bb box_shadow_style=\u00bbpreset1&#8243; box_shadow_vertical=\u00bb0px\u00bb box_shadow_blur=\u00bb0px\u00bb global_colors_info=\u00bb{}\u00bb box_shadow_blur__hover=\u00bb20px\u00bb box_shadow_blur__hover_enabled=\u00bbon|hover\u00bb][\/et_pb_blurb][et_pb_blurb title=\u00bbHorario extendido de atenci\u00f3n\u00bb url=\u00bb#Horarios\u00bb image=\u00bbhttp:\/\/micrositios.dian.gov.co\/renta-personas-naturales-ag-2023\/wp-content\/uploads\/sites\/15\/2024\/08\/Ico-Declaracion-Renta-AG-calendario.png\u00bb icon_placement=\u00bbleft\u00bb image_icon_width=\u00bb200%\u00bb disabled_on=\u00bbon|on|off\u00bb _builder_version=\u00bb4.18.1&#8243; _module_preset=\u00bbdefault\u00bb header_font=\u00bbUbuntu|600|||||||\u00bb header_text_color=\u00bb#262944&#8243; header_font_size=\u00bb13px\u00bb background_color=\u00bb#f2f2f2&#8243; min_height=\u00bb70px\u00bb height=\u00bb70px\u00bb custom_padding=\u00bb16px|17px|9px|17px|false|true\u00bb link_option_url=\u00bb#Horarios\u00bb box_shadow_style=\u00bbpreset1&#8243; box_shadow_vertical=\u00bb0px\u00bb box_shadow_blur=\u00bb0px\u00bb locked=\u00bboff\u00bb global_colors_info=\u00bb{}\u00bb box_shadow_blur__hover=\u00bb20px\u00bb box_shadow_blur__hover_enabled=\u00bbon|hover\u00bb][\/et_pb_blurb][\/et_pb_column][\/et_pb_row][\/et_pb_section][et_pb_section fb_built=\u00bb1&#8243; admin_label=\u00bbPopup &#8211; #Canales\u00bb module_id=\u00bbCanales\u00bb module_class=\u00bbpopup close-alt\u00bb _builder_version=\u00bb4.18.1&#8243; _module_preset=\u00bbdefault\u00bb background_color=\u00bb#f2f2f2&#8243; width=\u00bb91%\u00bb custom_padding=\u00bb0px|0px|0px|0px|true|false\u00bb da_is_popup=\u00bbon\u00bb da_popup_slug=\u00bbCanales\u00bb da_alt_close=\u00bbon\u00bb da_disable_devices=\u00bboff|off|off\u00bb locked=\u00bboff\u00bb global_colors_info=\u00bb{}\u00bb da_exit_intent=\u00bboff\u00bb da_has_close=\u00bbon\u00bb da_dark_close=\u00bboff\u00bb da_not_modal=\u00bbon\u00bb da_is_singular=\u00bboff\u00bb da_with_loader=\u00bboff\u00bb da_has_shadow=\u00bbon\u00bb][et_pb_row _builder_version=\u00bb4.18.1&#8243; _module_preset=\u00bbdefault\u00bb background_color=\u00bb#f2f2f2&#8243; custom_padding=\u00bb24px|0px|24px|0px|true|true\u00bb global_colors_info=\u00bb{}\u00bb][et_pb_column type=\u00bb4_4&#8243; _builder_version=\u00bb4.16&#8243; _module_preset=\u00bbdefault\u00bb global_colors_info=\u00bb{}\u00bb][et_pb_text _builder_version=\u00bb4.18.1&#8243; _module_preset=\u00bbdefault\u00bb text_font=\u00bbUbuntu|700|||||||\u00bb text_text_color=\u00bb#E09900&#8243; text_font_size=\u00bb25px\u00bb header_text_color=\u00bb#E02B20&#8243; header_3_font=\u00bbUbuntu|700|||||||\u00bb header_3_text_color=\u00bb#252944&#8243; header_3_font_size=\u00bb25px\u00bb header_4_font=\u00bbUbuntu||||||||\u00bb header_4_text_color=\u00bb#27a2c4&#8243; header_4_font_size=\u00bb20px\u00bb text_orientation=\u00bbcenter\u00bb custom_padding=\u00bb0px|||||\u00bb global_colors_info=\u00bb{}\u00bb]<\/p>\n<h4 style=\"text-align: center;\"><strong><\/strong><strong>Canales de atenci\u00f3n<\/strong><\/h4>\n<p>[\/et_pb_text][et_pb_divider color=\u00bb#27a2c4&#8243; divider_weight=\u00bb3px\u00bb _builder_version=\u00bb4.18.1&#8243; _module_preset=\u00bbdefault\u00bb width=\u00bb17%\u00bb module_alignment=\u00bbcenter\u00bb custom_margin=\u00bb-23px||10px||false|false\u00bb global_colors_info=\u00bb{}\u00bb][\/et_pb_divider][\/et_pb_column][\/et_pb_row][et_pb_row column_structure=\u00bb1_3,1_3,1_3&#8243; _builder_version=\u00bb4.16&#8243; _module_preset=\u00bbdefault\u00bb custom_margin=\u00bb-5px|auto||auto||\u00bb custom_padding=\u00bb3px||9px|||\u00bb locked=\u00bboff\u00bb global_colors_info=\u00bb{}\u00bb][et_pb_column type=\u00bb1_3&#8243; _builder_version=\u00bb4.16&#8243; _module_preset=\u00bbdefault\u00bb global_colors_info=\u00bb{}\u00bb][et_pb_blurb title=\u00bbAsistencia telef\u00f3nica\u00bb url=\u00bbhttps:\/\/www.dian.gov.co\/atencionciudadano\/contactenos\/Paginas\/asistenciatelefonica.aspx\u00bb url_new_window=\u00bbon\u00bb image=\u00bbhttp:\/\/micrositios.dian.gov.co\/renta-personas-naturales-ag-2023\/wp-content\/uploads\/sites\/15\/2024\/07\/AsistenciaTelefonica.png\u00bb icon_placement=\u00bbleft\u00bb image_icon_width=\u00bb200%\u00bb _builder_version=\u00bb4.18.1&#8243; _module_preset=\u00bbdefault\u00bb header_font=\u00bbUbuntu|600|||||||\u00bb header_text_color=\u00bb#27a2c4&#8243; header_font_size=\u00bb13px\u00bb background_color=\u00bb#f2f2f2&#8243; custom_padding=\u00bb16px|17px|9px|17px|false|true\u00bb link_option_url=\u00bbhttps:\/\/www.dian.gov.co\/atencionciudadano\/contactenos\/Paginas\/asistenciatelefonica.aspx\u00bb link_option_url_new_window=\u00bbon\u00bb box_shadow_style=\u00bbpreset1&#8243; box_shadow_vertical=\u00bb0px\u00bb box_shadow_blur=\u00bb0px\u00bb global_colors_info=\u00bb{}\u00bb box_shadow_blur__hover=\u00bb20px\u00bb box_shadow_blur__hover_enabled=\u00bbon|hover\u00bb][\/et_pb_blurb][et_pb_blurb title=\u00bbPuntos de atenci\u00f3n\u00bb url=\u00bbhttps:\/\/www.dian.gov.co\/atencionciudadano\/contactenos\/Paginas\/puntosdecontacto.aspx\u00bb url_new_window=\u00bbon\u00bb image=\u00bbhttp:\/\/micrositios.dian.gov.co\/renta-personas-naturales-ag-2023\/wp-content\/uploads\/sites\/15\/2024\/07\/PuntosAtencion.png\u00bb icon_placement=\u00bbleft\u00bb image_icon_width=\u00bb200%\u00bb _builder_version=\u00bb4.18.1&#8243; _module_preset=\u00bbdefault\u00bb header_font=\u00bbUbuntu|600|||||||\u00bb header_text_color=\u00bb#27a2c4&#8243; header_font_size=\u00bb13px\u00bb background_color=\u00bb#f2f2f2&#8243; custom_padding=\u00bb16px|17px|9px|17px|false|true\u00bb link_option_url=\u00bbhttps:\/\/www.dian.gov.co\/atencionciudadano\/contactenos\/Paginas\/puntosdecontacto.aspx\u00bb link_option_url_new_window=\u00bbon\u00bb box_shadow_style=\u00bbpreset1&#8243; box_shadow_vertical=\u00bb0px\u00bb box_shadow_blur=\u00bb0px\u00bb global_colors_info=\u00bb{}\u00bb box_shadow_blur__hover=\u00bb20px\u00bb box_shadow_blur__hover_enabled=\u00bbon|hover\u00bb][\/et_pb_blurb][\/et_pb_column][et_pb_column type=\u00bb1_3&#8243; _builder_version=\u00bb4.16&#8243; _module_preset=\u00bbdefault\u00bb global_colors_info=\u00bb{}\u00bb][et_pb_blurb title=\u00bbAtenci\u00f3n lengua de se\u00f1as\u00bb url=\u00bbhttps:\/\/portalos.outsourcing.com.co:9521\/\u00bb url_new_window=\u00bbon\u00bb image=\u00bbhttp:\/\/micrositios.dian.gov.co\/renta-personas-naturales-ag-2023\/wp-content\/uploads\/sites\/15\/2024\/07\/LenguajeSenas.png\u00bb icon_placement=\u00bbleft\u00bb image_icon_width=\u00bb200%\u00bb _builder_version=\u00bb4.18.1&#8243; _module_preset=\u00bbdefault\u00bb header_font=\u00bbUbuntu|600|||||||\u00bb header_text_color=\u00bb#27a2c4&#8243; header_font_size=\u00bb13px\u00bb background_color=\u00bb#f2f2f2&#8243; height=\u00bb64px\u00bb custom_padding=\u00bb16px|17px|9px|17px|false|true\u00bb link_option_url=\u00bbhttps:\/\/portalos.outsourcing.com.co:9521\/\u00bb link_option_url_new_window=\u00bbon\u00bb box_shadow_style=\u00bbpreset1&#8243; box_shadow_vertical=\u00bb0px\u00bb box_shadow_blur=\u00bb0px\u00bb global_colors_info=\u00bb{}\u00bb box_shadow_blur__hover=\u00bb20px\u00bb box_shadow_blur__hover_enabled=\u00bbon|hover\u00bb][\/et_pb_blurb][et_pb_blurb title=\u00bbChat Dani\u00bb url=\u00bbhttps:\/\/digdip.com.co:7267\/Chat\/Dani\u00bb url_new_window=\u00bbon\u00bb image=\u00bbhttp:\/\/micrositios.dian.gov.co\/renta-personas-naturales-ag-2023\/wp-content\/uploads\/sites\/15\/2024\/07\/ChatBotDiana.png\u00bb icon_placement=\u00bbleft\u00bb image_icon_width=\u00bb200%\u00bb disabled_on=\u00bboff|off|off\u00bb _builder_version=\u00bb4.18.1&#8243; _module_preset=\u00bbdefault\u00bb header_font=\u00bbUbuntu|600|||||||\u00bb header_text_color=\u00bb#27a2c4&#8243; header_font_size=\u00bb13px\u00bb background_color=\u00bb#f2f2f2&#8243; custom_padding=\u00bb16px|17px|9px|17px|false|true\u00bb box_shadow_style=\u00bbpreset1&#8243; box_shadow_vertical=\u00bb0px\u00bb box_shadow_blur=\u00bb0px\u00bb global_colors_info=\u00bb{}\u00bb box_shadow_blur__hover=\u00bb20px\u00bb box_shadow_blur__hover_enabled=\u00bbon|hover\u00bb][\/et_pb_blurb][et_pb_blurb title=\u00bbQuioscos de autogesti\u00f3n\u00bb url=\u00bbhttps:\/\/www.dian.gov.co\/Paginas\/Quioscos-Virtuales-de-Autogestion.aspx\u00bb url_new_window=\u00bbon\u00bb image=\u00bbhttp:\/\/micrositios.dian.gov.co\/renta-personas-naturales-ag-2023\/wp-content\/uploads\/sites\/15\/2024\/07\/Kioscos.png\u00bb icon_placement=\u00bbleft\u00bb image_icon_width=\u00bb200%\u00bb disabled_on=\u00bbon|on|on\u00bb _builder_version=\u00bb4.18.1&#8243; _module_preset=\u00bbdefault\u00bb header_font=\u00bbUbuntu|600|||||||\u00bb header_text_color=\u00bb#27a2c4&#8243; header_font_size=\u00bb13px\u00bb background_color=\u00bb#f2f2f2&#8243; height=\u00bb64px\u00bb custom_padding=\u00bb16px|17px|9px|17px|false|true\u00bb link_option_url=\u00bbhttps:\/\/www.dian.gov.co\/Paginas\/Quioscos-Virtuales-de-Autogestion.aspx\u00bb link_option_url_new_window=\u00bbon\u00bb box_shadow_style=\u00bbpreset1&#8243; box_shadow_vertical=\u00bb0px\u00bb box_shadow_blur=\u00bb0px\u00bb disabled=\u00bbon\u00bb global_colors_info=\u00bb{}\u00bb box_shadow_blur__hover=\u00bb20px\u00bb box_shadow_blur__hover_enabled=\u00bbon|hover\u00bb][\/et_pb_blurb][\/et_pb_column][et_pb_column type=\u00bb1_3&#8243; _builder_version=\u00bb4.16&#8243; _module_preset=\u00bbdefault\u00bb global_colors_info=\u00bb{}\u00bb][et_pb_blurb title=\u00bbAgendamiento de citas\u00bb url=\u00bbhttps:\/\/www.dian.gov.co\/atencionciudadano\/Agendamiento-de-Citas\/Paginas\/Inicio.aspx\u00bb url_new_window=\u00bbon\u00bb image=\u00bbhttp:\/\/micrositios.dian.gov.co\/renta-personas-naturales-ag-2023\/wp-content\/uploads\/sites\/15\/2024\/07\/AgendaCitas.png\u00bb icon_placement=\u00bbleft\u00bb image_icon_width=\u00bb200%\u00bb _builder_version=\u00bb4.18.1&#8243; _module_preset=\u00bbdefault\u00bb header_font=\u00bbUbuntu|600|||||||\u00bb header_text_color=\u00bb#27a2c4&#8243; header_font_size=\u00bb13px\u00bb background_color=\u00bb#f2f2f2&#8243; custom_padding=\u00bb16px|17px|9px|17px|false|true\u00bb link_option_url=\u00bbhttps:\/\/www.dian.gov.co\/atencionciudadano\/Agendamiento-de-Citas\/Paginas\/Inicio.aspx\u00bb link_option_url_new_window=\u00bbon\u00bb box_shadow_style=\u00bbpreset1&#8243; box_shadow_vertical=\u00bb0px\u00bb box_shadow_blur=\u00bb0px\u00bb global_colors_info=\u00bb{}\u00bb box_shadow_blur__hover=\u00bb20px\u00bb box_shadow_blur__hover_enabled=\u00bbon|hover\u00bb][\/et_pb_blurb][et_pb_blurb title=\u00bbChat soporte t\u00e9cnico\u00bb url=\u00bbhttps:\/\/portalos.outsourcing.com.co:9511\/\u00bb url_new_window=\u00bbon\u00bb image=\u00bbhttp:\/\/micrositios.dian.gov.co\/renta-personas-naturales-ag-2023\/wp-content\/uploads\/sites\/15\/2024\/07\/ChatSoporteTecnico.png\u00bb icon_placement=\u00bbleft\u00bb image_icon_width=\u00bb200%\u00bb disabled_on=\u00bbon|on|on\u00bb _builder_version=\u00bb4.18.1&#8243; _module_preset=\u00bbdefault\u00bb header_font=\u00bbUbuntu|600|||||||\u00bb header_text_color=\u00bb#27a2c4&#8243; header_font_size=\u00bb13px\u00bb background_color=\u00bb#f2f2f2&#8243; custom_padding=\u00bb16px|17px|9px|17px|false|true\u00bb link_option_url=\u00bbhttps:\/\/portalos.outsourcing.com.co:9511\/\u00bb link_option_url_new_window=\u00bbon\u00bb box_shadow_style=\u00bbpreset1&#8243; box_shadow_vertical=\u00bb0px\u00bb box_shadow_blur=\u00bb0px\u00bb disabled=\u00bbon\u00bb global_colors_info=\u00bb{}\u00bb box_shadow_blur__hover=\u00bb20px\u00bb box_shadow_blur__hover_enabled=\u00bbon|hover\u00bb][\/et_pb_blurb][et_pb_blurb title=\u00bbServicio de programaci\u00f3n de llamada\u00bb url=\u00bbhttps:\/\/portalos.outsourcing.com.co:9558\/\u00bb url_new_window=\u00bbon\u00bb image=\u00bbhttp:\/\/micrositios.dian.gov.co\/renta-personas-naturales-ag-2023\/wp-content\/uploads\/sites\/15\/2024\/07\/AgendaLlamada.png\u00bb icon_placement=\u00bbleft\u00bb image_icon_width=\u00bb200%\u00bb disabled_on=\u00bbon|on|on\u00bb _builder_version=\u00bb4.18.1&#8243; _module_preset=\u00bbdefault\u00bb header_font=\u00bbUbuntu|600|||||||\u00bb header_text_color=\u00bb#27a2c4&#8243; header_font_size=\u00bb13px\u00bb background_color=\u00bb#f2f2f2&#8243; custom_padding=\u00bb16px|17px|9px|17px|false|true\u00bb link_option_url=\u00bbhttps:\/\/portalos.outsourcing.com.co:9558\/\u00bb link_option_url_new_window=\u00bbon\u00bb box_shadow_style=\u00bbpreset1&#8243; box_shadow_vertical=\u00bb0px\u00bb box_shadow_blur=\u00bb0px\u00bb disabled=\u00bbon\u00bb global_colors_info=\u00bb{}\u00bb box_shadow_blur__hover=\u00bb20px\u00bb box_shadow_blur__hover_enabled=\u00bbon|hover\u00bb][\/et_pb_blurb][\/et_pb_column][\/et_pb_row][\/et_pb_section][et_pb_section fb_built=\u00bb1&#8243; admin_label=\u00bbPopup &#8211; #Capacitaciones\u00bb module_id=\u00bbCapacitaciones\u00bb module_class=\u00bbpopup close-alt\u00bb _builder_version=\u00bb4.18.1&#8243; _module_preset=\u00bbdefault\u00bb background_color=\u00bb#FFFFFF\u00bb width=\u00bb91%\u00bb custom_padding=\u00bb0px|0px|0px|0px|true|false\u00bb da_is_popup=\u00bbon\u00bb da_popup_slug=\u00bbCapacitaciones\u00bb da_alt_close=\u00bbon\u00bb da_disable_devices=\u00bboff|off|off\u00bb locked=\u00bboff\u00bb global_colors_info=\u00bb{}\u00bb da_exit_intent=\u00bboff\u00bb da_has_close=\u00bbon\u00bb da_dark_close=\u00bboff\u00bb da_not_modal=\u00bbon\u00bb da_is_singular=\u00bboff\u00bb da_with_loader=\u00bboff\u00bb da_has_shadow=\u00bbon\u00bb][et_pb_row _builder_version=\u00bb4.16&#8243; _module_preset=\u00bbdefault\u00bb background_color=\u00bb#FFFFFF\u00bb custom_padding=\u00bb44px|0px|44px|0px|true|true\u00bb global_colors_info=\u00bb{}\u00bb][et_pb_column type=\u00bb4_4&#8243; _builder_version=\u00bb4.16&#8243; _module_preset=\u00bbdefault\u00bb global_colors_info=\u00bb{}\u00bb][et_pb_text _builder_version=\u00bb4.18.1&#8243; _module_preset=\u00bbdefault\u00bb text_font=\u00bbUbuntu|700|||||||\u00bb text_text_color=\u00bb#252944&#8243; text_font_size=\u00bb25px\u00bb header_text_color=\u00bb#E02B20&#8243; header_3_font=\u00bbUbuntu|700|||||||\u00bb header_3_text_color=\u00bb#252944&#8243; header_3_font_size=\u00bb25px\u00bb header_4_font=\u00bbUbuntu||||||||\u00bb header_4_font_size=\u00bb20px\u00bb text_orientation=\u00bbcenter\u00bb custom_padding=\u00bb0px|||||\u00bb global_colors_info=\u00bb{}\u00bb]<\/p>\n<h4 style=\"text-align: center;\"><strong><img decoding=\"async\" src=\"http:\/\/micrositios.dian.gov.co\/renta-personas-naturales-ag-2023\/wp-content\/uploads\/sites\/15\/2024\/06\/IconoPreparese-8AprendaConLosQueSabenDeRentaProgrameseParaLasCapacitacionesEnTodoElPais.png\" alt=\"\" class=\"wp-image-1959 alignnone size-full\" width=\"54\" height=\"54\" \/><\/strong><\/h4>\n<h4 style=\"text-align: center;\"><strong><\/strong><strong>Progr\u00e1mese con los que saben de renta<br \/><\/strong><\/h4>\n<p>[\/et_pb_text][et_pb_divider color=\u00bb#252944&#8243; divider_weight=\u00bb3px\u00bb _builder_version=\u00bb4.18.1&#8243; _module_preset=\u00bbdefault\u00bb width=\u00bb35%\u00bb module_alignment=\u00bbcenter\u00bb custom_margin=\u00bb-23px||10px||false|false\u00bb global_colors_info=\u00bb{}\u00bb][\/et_pb_divider][et_pb_tabs _builder_version=\u00bb4.18.1&#8243; _module_preset=\u00bbdefault\u00bb tab_text_color=\u00bb#252944&#8243; body_font=\u00bbUbuntu|500|||||||\u00bb body_text_color=\u00bb#252944&#8243; tab_font=\u00bbUbuntu|700|||||||\u00bb locked=\u00bboff\u00bb global_colors_info=\u00bb{}\u00bb][et_pb_tab title=\u00bbBarranquilla\u00bb _builder_version=\u00bb4.18.1&#8243; _module_preset=\u00bbdefault\u00bb global_colors_info=\u00bb{}\u00bb]<\/p>\n<p><strong>Capacitaci\u00f3n en renta para personas naturales a\u00f1o gravable 2023<\/strong><\/p>\n<ul>\n<li>Fecha:\u00a012 de julio<\/li>\n<li>Lugar:\u00a0Combarranquilla, Unidad Country, sal\u00f3n ejecutivo 1, calle 76 # 57-61<\/li>\n<li>P\u00fablico: Asociados Combarranquilla<\/li>\n<\/ul>\n<ul>\n<li>Fecha:\u00a016 de julio<\/li>\n<li>Hora:\u00a08:00 a. m. a 4:00 p. m.<\/li>\n<li>Lugar:\u00a0Hotel Dann Carlton, calle 98 #52B-10<\/li>\n<li>P\u00fablico invitado:\u00a0Gremio hotelero<\/li>\n<\/ul>\n<ul>\n<li>Fecha:\u00a030 de julio<\/li>\n<li>Hora:\u00a08:00 a. m. a 11:00 a. m.<\/li>\n<li>Lugar:\u00a0Cl\u00ednica La Misericordia, carrera 74 #76-91, piso 7<\/li>\n<li>P\u00fablico invitado: personal m\u00e9dico<\/li>\n<li>Fecha:\u00a030 de Julio<\/li>\n<li>Hora:\u00a02:00 p. m. a 5:00 p. m.<\/li>\n<li>Lugar:\u00a0C\u00e1mara de Comercio de Barranquilla \u2013 Puerta de Oro, v\u00eda 40 #79B -06<\/li>\n<li>P\u00fablico invitado: afiliados C\u00e1mara de Comercio.\u00a0<\/li>\n<\/ul>\n<ul>\n<li>Fecha: 8 de agosto<\/li>\n<li>Hora:\u00a08:00 a. m. a 12 m.<\/li>\n<li>Lugar: ACOPI, calle 44 # 46-32, auditorio, piso 1<\/li>\n<\/ul>\n<ul>\n<li>Fecha: 9 de agosto<\/li>\n<li>Hora: 8:00 a. m.\u00a0 a 4 p. m.<\/li>\n<li>Lugar: Por definir<\/li>\n<li>P\u00fablico invitado: FITAC para sus asociados.<\/li>\n<\/ul>\n<p><strong>Feria de Servicios DIAN en Sabanalarga<\/strong><\/p>\n<ul>\n<li>Fecha: 19 de julio<\/li>\n<li>Hora:<strong>\u00a0<\/strong>9:00 a. m. a 3:00 p. m.<\/li>\n<li>Lugar:<strong>\u00a0<\/strong>Casa de la Cultura, calle 22 # 19-09, Sabanalarga (Atl\u00e1ntico)<\/li>\n<li>P\u00fablico:<strong>\u00a0<\/strong>Ciudadan\u00eda, empresarios, artesanos, emprendedores, juntas de acci\u00f3n comunal y agremiaciones.<\/li>\n<\/ul>\n<ul><\/ul>\n<p>[\/et_pb_tab][et_pb_tab title=\u00bbBucaramanga\u00bb _builder_version=\u00bb4.18.1&#8243; _module_preset=\u00bbdefault\u00bb global_colors_info=\u00bb{}\u00bb]<\/p>\n<p><strong>Martes de renta<\/strong><\/p>\n<ul>\n<li>Fechas: 2, 9, 15 y 30 de julio<\/li>\n<li>Hora: 9:00 a. m. a 11:00 a. m.<\/li>\n<li>Lugar: calle 36 # 14-03, edificio DIAN Bucaramanga, auditorio piso 7<\/li>\n<li>Invita: Direcci\u00f3n Seccional de Impuestos y Aduanas de Bucaramanga<\/li>\n<\/ul>\n<p><strong>Capacitaci\u00f3n renta personas naturales<\/strong><\/p>\n<ul>\n<li>Fechas: 18, 24 y 25 de julio<\/li>\n<li>Hora: 9:00 a. m. a 11:00 a. m.<\/li>\n<li>Lugar: C\u00e1mara de Comercio de Bucaramanga, auditorio Gustavo Li\u00e9vano<\/li>\n<\/ul>\n<p>[\/et_pb_tab][et_pb_tab title=\u00bbBarrancabermeja \u00bb _builder_version=\u00bb4.18.1&#8243; _module_preset=\u00bbdefault\u00bb global_colors_info=\u00bb{}\u00bb]<\/p>\n<p><strong>Martes de renta (virtual)<\/strong><\/p>\n<ul>\n<li>Fecha: 2 de julio<\/li>\n<li>Hora: 4:00 p. m.<\/li>\n<li>Enlace de conexi\u00f3n:\u00a0<a href=\"https:\/\/cutt.ly\/hefRmJMJ\" target=\"_blank\" rel=\"noopener\">https:\/\/cutt.ly\/hefRmJMJ<\/a><\/li>\n<\/ul>\n<p><strong>Martes de renta (virtual)<\/strong><\/p>\n<ul>\n<li>Fecha: 9 de julio<\/li>\n<li>Hora: 4:00 p. m.<\/li>\n<li>Enlace de conexi\u00f3n:\u00a0<a href=\"https:\/\/cutt.ly\/uefRQrbN\" target=\"_blank\" rel=\"noopener\">https:\/\/cutt.ly\/uefRQrbN<\/a><\/li>\n<\/ul>\n<p><strong>Martes de renta (virtual)<\/strong><\/p>\n<ul>\n<li>Fecha: 16 de julio<\/li>\n<li>Hora: 4:00 p. m.<\/li>\n<li>Enlace de conexi\u00f3n:\u00a0<a href=\"https:\/\/cutt.ly\/6efRQjIJ\" target=\"_blank\" rel=\"noopener\">https:\/\/cutt.ly\/6efRQjIJ<\/a><\/li>\n<\/ul>\n<p><strong>Renta personas naturales a\u00f1o gravable 2023\u00a0(presencial)<\/strong><\/p>\n<ul>\n<li>Fecha: 25 de julio<\/li>\n<li>Hora: 9:00 a. m.<\/li>\n<li>Lugar: Auditorio SENA Barrancabermeja<\/li>\n<\/ul>\n<p>[\/et_pb_tab][et_pb_tab title=\u00bbBuenaventura\u00bb _builder_version=\u00bb4.18.1&#8243; _module_preset=\u00bbdefault\u00bb global_colors_info=\u00bb{}\u00bb]<\/p>\n<p><strong>Martes de renta &#8211; Capacitaciones renta personas naturales a\u00f1o gravable 2023<\/strong><\/p>\n<ul>\n<li>Fecha: 16 de julio<\/li>\n<li>Hora: 4:00 p. m. a 6:00 p. m<\/li>\n<li>Modalidad: Presencial<\/li>\n<li>Lugar: edificio DIAN Buenaventura <\/li>\n<\/ul>\n<ul>\n<li>Fecha: 23 de julio<\/li>\n<li>Hora: 3:00 p. m. a 5:00 p. m<\/li>\n<li>Modalidad: Presencial<\/li>\n<li>Lugar: edificio DIAN Buenaventura <\/li>\n<\/ul>\n<ul>\n<li>Fecha: 6 de agosto<\/li>\n<li>Hora: 3:30 p. m. a 5:30 p. m<\/li>\n<li>Modalidad: Presencial<\/li>\n<li>Lugar: auditorio Comfenalco<\/li>\n<\/ul>\n<p>[\/et_pb_tab][et_pb_tab title=\u00bbCali\u00bb _builder_version=\u00bb4.18.1&#8243; _module_preset=\u00bbdefault\u00bb global_colors_info=\u00bb{}\u00bb]<\/p>\n<p><strong>Capacitaci\u00f3n en renta para personas naturales a\u00f1o gravable 2023<\/strong><\/p>\n<p><strong>Fecha: 18 de julio<\/strong><\/p>\n<ul>\n<li>Hora: 9:00 a. m. a 12:00 m.<\/li>\n<li>Lugar: carrera 37A No. 3-29, Universidad Libre sede Santa Isabel, auditorio Gerardo Molina<\/li>\n<li>Invitan: Direcci\u00f3n Seccional de Impuestos de Cali y NAF de la Universidad Libre<\/li>\n<\/ul>\n<p><strong>Fecha: 30 de julio\u00a0<\/strong><\/p>\n<ul>\n<li>Hora: 9:00 a. m. a 12:00 m.<\/li>\n<li>Lugar: calle 5 No. 62 -00, Universidad Santiago de Cali, auditorio de Derecho<\/li>\n<\/ul>\n<p><strong>Fecha:\u00a006 de agosto de 2024<\/strong><\/p>\n<ul>\n<li>Hora: 9:00 a. m. a 12:00 m.<\/li>\n<li>Lugar:\u00a0Calle 25 # 115 &#8211; 85 v\u00eda Cali \u2013 Jamund\u00ed,\u00a0Universidad Aut\u00f3noma de Occidente, auditorio Xepia.<\/li>\n<li>Invitan: Direcci\u00f3n Seccional de Impuestos de Cali y NAF de la Universidad Aut\u00f3noma de Occidente<\/li>\n<\/ul>\n<p><strong>Capacitaci\u00f3n en renta para personas naturales a\u00f1o gravable 2023<\/strong><\/p>\n<ul>\n<li>Fecha: 23 de julio<\/li>\n<li>Hora: 9:00 a. m. a 12:00 m.<\/li>\n<li>Enlace de conexi\u00f3n: <u><a href=\"https:\/\/cutt.ly\/IekWOp83\">https:\/\/cutt.ly\/IekWOp83<\/a><\/u><\/li>\n<\/ul>\n<p><strong>Capacitaci\u00f3n en renta para personas naturales a\u00f1o gravable 2023<\/strong><\/p>\n<ul>\n<li>Fecha: 21 de agosto<\/li>\n<li>Hora: 10:00 a. m. a 12:00 m.<\/li>\n<li>Lugar: carrera 122 # 6 &#8211; 65, Universidad San Buenaventura, edificio El Cedro, auditorio 101<\/li>\n<li>Invita:\u00a0Direcci\u00f3n Seccional de Impuestos de Cali y NAF de la Universidad San Buenaventura<\/li>\n<\/ul>\n<p>[\/et_pb_tab][et_pb_tab title=\u00bbCartagena\u00bb _builder_version=\u00bb4.18.1&#8243; _module_preset=\u00bbdefault\u00bb global_colors_info=\u00bb{}\u00bb]<\/p>\n<p><strong>Capacitaci\u00f3n virtual en renta para personas naturales a\u00f1o gravable 2023<\/strong><\/p>\n<ul>\n<li>Fecha:\u00a03 de julio<\/li>\n<li>Hora: 9:00 a. m.<\/li>\n<li>Enlace de conexi\u00f3n:\u00a0<a href=\"https:\/\/cutt.ly\/SefR70vf\" target=\"_blank\" rel=\"noopener\">https:\/\/cutt.ly\/SefR70vf<\/a><\/li>\n<li>Invitan: Direcci\u00f3n Seccional de Impuestos de Cartagena y NAF de la Universidad del Sin\u00fa<\/li>\n<\/ul>\n<ul>\n<li>Fecha: 16 de julio<\/li>\n<li>Hora: 9:00 a. m.<\/li>\n<li>Enlace de conexi\u00f3n: <a href=\"https:\/\/shorturl.at\/Re54E\" target=\"_blank\" rel=\"noopener\">https:\/\/shorturl.at\/Re54E <\/a><\/li>\n<li>Invitan: Direcci\u00f3n Seccional de Impuestos de Cartagena y NAF de la Universidad Tecnolog\u00eda de Bol\u00edvar<\/li>\n<\/ul>\n<ul>\n<li>Fecha: 23 de julio<\/li>\n<li>Hora: 9:00 a. m.<\/li>\n<li>Enlace de conexi\u00f3n: <a href=\"https:\/\/cutt.ly\/EegypQHL\" target=\"_blank\" rel=\"noopener\">https:\/\/cutt.ly\/EegypQHL<\/a><\/li>\n<li>Invitan: Direcci\u00f3n Seccional de Impuestos de Cartagena y NAF Fundaci\u00f3n Universitaria Antonio de Ar\u00e9valo<\/li>\n<\/ul>\n<ul>\n<li>Fecha: 30 de julio<\/li>\n<li>Hora: 2:30 p. m.<\/li>\n<li>Enlace de conexi\u00f3n: <a href=\"https:\/\/cutt.ly\/Cegyfad0\" target=\"_blank\" rel=\"noopener\">https:\/\/cutt.ly\/Cegyfad0<\/a><\/li>\n<li>Invitan: Direcci\u00f3n Seccional de Impuestos de Cartagena y NAF Universidad de San Buenaventura<\/li>\n<\/ul>\n<ul>\n<li><strong><\/strong>Fecha: 6 de agosto<\/li>\n<li>Hora: 2:30 p. m.<\/li>\n<li>Enlace de conexi\u00f3n: <a href=\"https:\/\/cutt.ly\/regygMGz\" target=\"_blank\" rel=\"noopener\">https:\/\/cutt.ly\/regygMGz<\/a><\/li>\n<li>Invitan: Direcci\u00f3n Seccional de Impuestos de Cartagena y NAF Fundaci\u00f3n Universitaria Colombo Internacional<\/li>\n<\/ul>\n<p>[\/et_pb_tab][et_pb_tab title=\u00bbC\u00facuta\u00bb _builder_version=\u00bb4.18.1&#8243; _module_preset=\u00bbdefault\u00bb global_colors_info=\u00bb{}\u00bb]<\/p>\n<p><strong>Capacitaci\u00f3n virtual en renta personas naturales (asalariados)<\/strong><\/p>\n<ul>\n<li>Fecha: 9 de julio<\/li>\n<li>Hora: 9:00 a. m.<\/li>\n<li>Enlace de conexi\u00f3n:\u00a0<a href=\"https:\/\/cutt.ly\/lefl4d4x\" target=\"_blank\" rel=\"noopener\">https:\/\/cutt.ly\/lefl4d4x<\/a><\/li>\n<\/ul>\n<p><strong>Capacitaci\u00f3n virtual sobre el programa &#8216;Ayuda renta&#8217; para personas naturales<\/strong><\/p>\n<ul>\n<li>Fecha: 16 de julio<\/li>\n<li>Hora: 2:00 p. m.<\/li>\n<li>Enlace de conexi\u00f3n:\u00a0<a href=\"https:\/\/cutt.ly\/lefl7qu3\" target=\"_blank\" rel=\"noopener\">https:\/\/cutt.ly\/lefl7qu3<\/a><\/li>\n<\/ul>\n<p><strong>Capacitaci\u00f3n virtual en renta para personas naturales<\/strong><\/p>\n<ul>\n<li>Fecha: 30 de julio<\/li>\n<li>Hora: 9:00 a. m.<\/li>\n<li>Enlace de conexi\u00f3n:\u00a0<a href=\"https:\/\/cutt.ly\/UefzeLFb\" target=\"_blank\" rel=\"noopener\">https:\/\/cutt.ly\/UefzeLFb<\/a><\/li>\n<\/ul>\n<p><strong>Capacitaci\u00f3n presencial en renta para personas naturales<\/strong><\/p>\n<ul>\n<li>Fecha: 6 de agosto<\/li>\n<li>Hora: 9:00 a. m.<\/li>\n<li>Lugar: calle 8 A No 3 &#8211; 47, auditorio Direcci\u00f3n Seccional de Impuestos<\/li>\n<\/ul>\n<p>[\/et_pb_tab][et_pb_tab title=\u00bbFlorencia\u00bb _builder_version=\u00bb4.18.1&#8243; _module_preset=\u00bbdefault\u00bb global_colors_info=\u00bb{}\u00bb]<\/p>\n<p><strong>Capacitaci\u00f3n en novedades normativas en Renta persona natural, \u2018Ayuda renta\u2019, y deducci\u00f3n por compras con factura electr\u00f3nica.<\/strong><\/p>\n<ul>\n<li>Fecha: 9 de julio<\/li>\n<li>Hora: 8:00 a. m. a 10:00 a. m.<\/li>\n<li>Lugar: Sexta Divisi\u00f3n del Batall\u00f3n de Apoyo y Servicios para el Combate, Ej\u00e9rcito de Colombia, Florencia<\/li>\n<\/ul>\n<p><strong>Capacitaci\u00f3n en Novedades normativas en Renta personas naturales, \u2018Ayuda renta\u2019, deducci\u00f3n por compras con factura electr\u00f3nica. <\/strong><\/p>\n<ul>\n<li>Fecha: 10 de julio<\/li>\n<li>Hora: 7:00 a. m. a 8:30 a. m.<\/li>\n<li>Lugar: C\u00e1mara de Comercio de Florencia para el Caquet\u00e1<\/li>\n<\/ul>\n<p><strong>Capacitaci\u00f3n en generalidades sobre responsabilidades y normatividad tributaria y punto de contacto m\u00f3vil para asociaciones, cooperativas y SAS <\/strong><\/p>\n<ul>\n<li>Fecha: 15 de julio<\/li>\n<li>Hora: 9:00 a. m. a 12:30 p. m.<\/li>\n<li>Lugar: Antiguo Espacio Territorial de Capacitaci\u00f3n y Reincorporaci\u00f3n (AETCR) Agua Bonita, La Monta\u00f1ita (Caquet\u00e1)<\/li>\n<\/ul>\n<p><strong>Punto de contacto m\u00f3vil para tr\u00e1mites y orientaci\u00f3n<\/strong><\/p>\n<ul>\n<li>Fecha: 15 de julio<\/li>\n<li>Hora: 9:00 a. m. a 12:30 p. m.<\/li>\n<li>Lugar: afueras del edificio DIAN, Florencia<\/li>\n<\/ul>\n<p><strong>Punto de contacto m\u00f3vil y capacitaci\u00f3n en novedades normativas en Renta personas naturales, \u2018Ayuda renta\u2019 y deducci\u00f3n por compras con factura electr\u00f3nica<\/strong><\/p>\n<ul>\n<li>Fecha: 16 de julio<\/li>\n<li>Hora: 8:00 a. m. a 10:00 a. m.<\/li>\n<li>Lugar: Polic\u00eda Nacional, Departamento de Polic\u00eda Caquet\u00e1<\/li>\n<\/ul>\n<p><strong>Punto de contacto m\u00f3vil y capacitaci\u00f3n en novedades normativas en Renta personas naturales, \u2018Ayuda renta\u2019 y deducci\u00f3n por compras con factura electr\u00f3nica<\/strong><\/p>\n<ul>\n<li>Fecha: 30 de julio de julio<\/li>\n<li>Hora: 8:00 a. m. a 10:00 a. m.<\/li>\n<li>Lugar: Palacio de Justicia, Florencia<\/li>\n<\/ul>\n<p><strong>Punto de contacto m\u00f3vil y capacitaci\u00f3n en novedades normativas en Renta personas naturales, \u2018Ayuda renta\u2019 y deducci\u00f3n por compras con factura electr\u00f3nica<\/strong><\/p>\n<ul>\n<li>Fecha: 5 de agosto<\/li>\n<li>Hora: 8:00 a. m. a 10:00 a. m.<\/li>\n<li>Lugar: Asociaci\u00f3n de Trabajadores de la Educaci\u00f3n del Caquet\u00e1 (AICA)<\/li>\n<\/ul>\n<p><strong>Punto de contacto m\u00f3vil y capacitaci\u00f3n en novedades normativas en Renta personas naturales, \u2018Ayuda renta\u2019 y deducci\u00f3n por compras con factura electr\u00f3nica<\/strong><\/p>\n<ul>\n<li>Fecha: 6 de agosto<\/li>\n<li>Hora: 8:00 a. m. a 10:00 a. m.<\/li>\n<li>Lugar: Hospital Mar\u00eda Inmaculada, Florencia<\/li>\n<\/ul>\n<p>Invita: Direcci\u00f3n Seccional de Impuestos y Aduanas de Florencia<\/p>\n<p>[\/et_pb_tab][et_pb_tab title=\u00bbGirardot\u00bb _builder_version=\u00bb4.18.1&#8243; _module_preset=\u00bbdefault\u00bb global_colors_info=\u00bb{}\u00bb]<\/p>\n<p><strong>Capacitaci\u00f3n en factura electr\u00f3nica, renta personas naturales y devoluciones (presencial)<\/strong><\/p>\n<ul>\n<li>Fecha: 16 de julio<\/li>\n<li>Hora: 9:00 a. m. a 11:00 a. m.<\/li>\n<li>Lugar: Auditorio Centro Cultural y Deportivo Enrique Santos Castillo, carrera 4 No.4 &#8211; 35, Anapoima (Cundinamarca)<\/li>\n<li>Invita: Direcci\u00f3n Seccional de Impuestos y Aduanas de Girardot<\/li>\n<\/ul>\n<p><strong>Capacitaci\u00f3n en factura electr\u00f3nica, renta personas naturales y devoluciones (presencial)<\/strong><\/p>\n<ul>\n<li>Fecha:\u00a018 de julio<\/li>\n<li>Hora: 9:00 a. m. a 11:00 a. m.<\/li>\n<li>Lugar: Auditorio C\u00e1mara de Comercio de Girardot, sede La Mesa (Cundinamarca)<\/li>\n<li>Invita: Direcci\u00f3n Seccional de Impuestos y Aduanas de Girardot<\/li>\n<\/ul>\n<p><strong>Capacitaci\u00f3n en factura electr\u00f3nica, renta personas naturales, formalizaci\u00f3n tributaria, RST y nuevos obligados al Reporte de Beneficiarios Finales RUB<\/strong><\/p>\n<ul>\n<li>Fecha: 14 de agosto<\/li>\n<li>Hora: 9:00 a. m. a 3:00 p. m.<\/li>\n<li>Lugar: <strong>\u00a0<\/strong>Sal\u00f3n comunal del Barrio Jos\u00e9 Antonio Olaya &#8211; municipio de La Mesa (Cundinamarca)<\/li>\n<li>Invita: Direcci\u00f3n Seccional de Impuestos y Aduanas de Girardot<\/li>\n<\/ul>\n<p><strong>Capacitaci\u00f3n en factura electr\u00f3nica, renta personas naturales, formalizaci\u00f3n tributaria, RST y nuevos obligados al Reporte de Beneficiarios Finales RUB<\/strong><\/p>\n<ul>\n<li>Fecha: 24 de agosto<\/li>\n<li>Hora: 9:00 a. m. a 3:00 p. m.<\/li>\n<li>Lugar: Parque principal, municipio de Arbel\u00e1ez\u00a0(Cundinamarca)<\/li>\n<li>Invita: Direcci\u00f3n Seccional de Impuestos y Aduanas de Girardot<\/li>\n<\/ul>\n<p>[\/et_pb_tab][et_pb_tab title=\u00bbIbagu\u00e9\u00bb _builder_version=\u00bb4.18.1&#8243; _module_preset=\u00bbdefault\u00bb global_colors_info=\u00bb{}\u00bb]<\/p>\n<p><strong>Capacitaci\u00f3n en renta personas naturales a\u00f1o gravable 2023<\/strong><\/p>\n<p><strong><\/strong><\/p>\n<ul>\n<li>Fechas: 16, 23 y 30 de julio; 6 y 13 de agosto<\/li>\n<li>Hora: 2:00 p. m. a 4:00 p. m.<\/li>\n<li>Lugar: Comfenalco Ibagu\u00e9, sal\u00f3n Augusto E. Medina<\/li>\n<\/ul>\n<ul>\n<li>\u00a0Fecha: 25 de julio<\/li>\n<li>Hora: 8:00 a.m. a 10:00 a.m.<\/li>\n<li>Lugar: Centro Comercial Multicentro<\/li>\n<\/ul>\n<p>[\/et_pb_tab][et_pb_tab title=\u00bbManizales\u00bb _builder_version=\u00bb4.18.1&#8243; _module_preset=\u00bbdefault\u00bb global_colors_info=\u00bb{}\u00bb]<\/p>\n<p><strong>Capacitaci\u00f3n virtual sobre sucesiones il\u00edquidas<\/strong><\/p>\n<ul>\n<li>Fecha: 23 de julio<\/li>\n<li>Hora: 2:00 p. m. a 3:00 p. m.<\/li>\n<li>Enlace de inscripci\u00f3n: <a href=\"https:\/\/cutt.ly\/iegtB4sk\" target=\"_blank\" rel=\"noopener\">https:\/\/cutt.ly\/iegtB4sk<\/a><\/li>\n<li>Invita: Direcci\u00f3n Seccional de Impuestos y Aduanas de Manizales<\/li>\n<\/ul>\n<p><strong>Capacitaci\u00f3n virtual sobre el programa \u2018Ayuda renta\u2019<\/strong><\/p>\n<ul>\n<li>Fecha: 30 de julio<\/li>\n<li>Hora: 2:00 p. m. a 3:00 p. m.<\/li>\n<li>Enlace de inscripci\u00f3n: <a href=\"https:\/\/cutt.ly\/iegtB4sk\" target=\"_blank\" rel=\"noopener\">https:\/\/cutt.ly\/iegtB4sk<\/a><\/li>\n<li>Invita: Direcci\u00f3n Seccional de Impuestos y Aduanas de Manizales<\/li>\n<\/ul>\n<p><strong>Feria de Servicios Renta Personas Naturales<\/strong><\/p>\n<ul>\n<li>Fecha: 24 y 25 de julio<\/li>\n<li>Hora: 8:00 a. m. a 4:00 p. m.<\/li>\n<li>Lugar: DIAN Sede Manuel Sanz (calle 22 # 23-17) y NAF Uniremington sede El Cable (carrera 23C # 64-53) &#8211; Manizales<\/li>\n<li>Tr\u00e1mites y servicios: inscripci\u00f3n y actualizaci\u00f3n del RUT, autogesti\u00f3n, orientaci\u00f3n tributaria<\/li>\n<\/ul>\n<p><strong>Capacitaciones Feria de Servicios<\/strong><\/p>\n<p><strong>24 de julio<\/strong><\/p>\n<ul>\n<li>08:00 a. m. &#8211; Renta Persona Natural y programa &#8216;Ayuda renta&#8217;<\/li>\n<li>10:00 a. m. &#8211; Renta Persona Natural y programa &#8216;Ayuda renta&#8217;<\/li>\n<li>02:00 p. m. &#8211; RUT y tr\u00e1mites por autogesti\u00f3n<\/li>\n<li>02:00 p. m. &#8211; Factura Electr\u00f3nica &#8211; Deducci\u00f3n por compras Renta Personas Naturales<\/li>\n<li>Lugar: auditorio DIAN, sede Manuel Sanz, Calle 22 # 23-17, Manizales<\/li>\n<\/ul>\n<p><strong>25 de julio<\/strong><\/p>\n<ul>\n<li>08:00 a. m. &#8211; Renta Persona Natural y programa &#8216;Ayuda renta&#8217;<\/li>\n<li>10:00 a. m. &#8211; Renta Persona Natural y programa &#8216;Ayuda renta&#8217;<\/li>\n<li>02:00 p. m. &#8211;\u00a0Capacitaci\u00f3n: Devoluciones Renta Personas Naturales<\/li>\n<li>Lugar: auditorio DIAN, sede Manuel Sanz, Calle 22 # 23-17, Manizales<\/li>\n<\/ul>\n<p><strong>La Dorada (Caldas)<\/strong><\/p>\n<ul>\n<li>Feria de Servicios Renta Personas Naturales<\/li>\n<li>Fecha: 24 y 25 de julio<\/li>\n<li>Hora: 8:00 a. m. a 4:00 p. m.<\/li>\n<li>Lugar:\u00a0DIAN Sede La Dorada, carrera 3 No 13-59 Esquina<\/li>\n<li>Tr\u00e1mites y servicios: inscripci\u00f3n y actualizaci\u00f3n del RUT, autogesti\u00f3n, orientaci\u00f3n tributaria<\/li>\n<\/ul>\n<p>[\/et_pb_tab][et_pb_tab title=\u00bbMedell\u00edn\u00bb _builder_version=\u00bb4.18.1&#8243; _module_preset=\u00bbdefault\u00bb global_colors_info=\u00bb{}\u00bb]<\/p>\n<p><strong>Renta personas naturales con \u00e9nfasis en asalariados<\/strong><\/p>\n<ul>\n<li>Fecha: 2 de julio<\/li>\n<li>Lugar: Auditorio DIAN &#8211; sede Alpujarra<\/li>\n<li>Hora: 2:00 p. m. a 3:00 p. m.<\/li>\n<li>Invita: Direcci\u00f3n Seccional de Impuestos de Medell\u00edn<\/li>\n<\/ul>\n<p><strong>Generalidades de Renta personas naturales<\/strong><\/p>\n<ul>\n<li>Fecha: 9 de julio<\/li>\n<li>Lugar: Auditorio DIAN &#8211; sede Alpujarra<\/li>\n<li>Hora: 8:00 a. m. a 10:00 a. m.<\/li>\n<li>Invita: Direcci\u00f3n Seccional de Impuestos de Medell\u00edn<\/li>\n<\/ul>\n<p>[\/et_pb_tab][et_pb_tab title=\u00bbNeiva\u00bb _builder_version=\u00bb4.18.1&#8243; _module_preset=\u00bbdefault\u00bb global_colors_info=\u00bb{}\u00bb]<\/p>\n<p><strong>Capacitaci\u00f3n virtual en renta personas naturales<\/strong><\/p>\n<ul>\n<li>Fecha: 6 de agosto<\/li>\n<li>Hora: 2:00 p. m. a 4:00 p. m.<\/li>\n<li>Enlace de conexi\u00f3n: <a href=\"https:\/\/cutt.ly\/lezJuvZ4\">https:\/\/cutt.ly\/lezJuvZ4<\/a>\u00a0<\/li>\n<li>Invita: Direcci\u00f3n Seccional de Impuestos y Aduanas de Neiva<\/li>\n<\/ul>\n<p>[\/et_pb_tab][et_pb_tab title=\u00bbPamplona\u00bb _builder_version=\u00bb4.18.1&#8243; _module_preset=\u00bbdefault\u00bb global_colors_info=\u00bb{}\u00bb]<\/p>\n<p><strong>Capacitaci\u00f3n en\u00a0generalidades, calendario tributario y topes para declarar renta persona natural<\/strong><\/p>\n<ul>\n<li>Fecha: 11 de julio<\/li>\n<li>Hora: 4:00 p. m.<\/li>\n<li>Modalidad: virtual<\/li>\n<li>Enlace conexi\u00f3n: <a href=\"https:\/\/cutt.ly\/WegObFcv\" target=\"_blank\" rel=\"noopener\">https:\/\/cutt.ly\/WegObFcv<\/a><\/li>\n<\/ul>\n<p><strong>Capacitaci\u00f3n sobre modificaciones de renta persona natural seg\u00fan la Ley 2277 de 2022\u00a0(reforma tributaria)<\/strong><\/p>\n<ul>\n<li>Fecha: 18 de julio<\/li>\n<li>Hora: 4:00 p. m.<\/li>\n<li>Modalidad: virtual<\/li>\n<li>Enlace conexi\u00f3n: <u><a href=\"https:\/\/cutt.ly\/0egOWqg2\" target=\"_blank\" rel=\"noopener\">https:\/\/cutt.ly\/0egOWqg2<\/a><\/u><\/li>\n<\/ul>\n<p>\u00a0<strong>Capacitaci\u00f3n programa \u2018Ayuda renta\u2019<\/strong><\/p>\n<ul>\n<li>Fecha: 25 de julio<\/li>\n<li>Hora: 4:00 p. m.<\/li>\n<li>Modalidad: Virtual<\/li>\n<li>Enlace conexi\u00f3n: <u><a href=\"https:\/\/cutt.ly\/fegOWSAx\" target=\"_blank\" rel=\"noopener\">https:\/\/cutt.ly\/fegOWSAx<\/a><\/u><\/li>\n<\/ul>\n<p>Invita: Direcci\u00f3n\u00a0Seccional Delegada de Impuestos y Aduanas de Pamplona<\/p>\n<p>[\/et_pb_tab][et_pb_tab title=\u00bbPereira\u00bb _builder_version=\u00bb4.18.1&#8243; _module_preset=\u00bbdefault\u00bb global_colors_info=\u00bb{}\u00bb]<\/p>\n<p><strong>Capacitaci\u00f3n en renta para personas naturales a\u00f1o gravable 2023\u00a0<\/strong><\/p>\n<ul>\n<li>Fecha: 30 de julio<\/li>\n<li>Lugar: auditorio C\u00e1mara de Comercio de Pereira, carrera 8a # 23 &#8211; 09<\/li>\n<li>Hora: 9:00 a. m.<\/li>\n<li>Inscr\u00edbase aqu\u00ed para asistir: <a href=\"https:\/\/cutt.ly\/CegyrFT3\" target=\"_blank\" rel=\"noopener\">https:\/\/cutt.ly\/CegyrFT3<\/a><\/li>\n<li>Invita: Direcci\u00f3n Seccional de Impuestos y Aduanas de Pereira<\/li>\n<\/ul>\n<p><strong>Capacitaci\u00f3n en renta para personas naturales a\u00f1o gravable 2023\u00a0<\/strong><\/p>\n<ul>\n<li>Fecha: 16 de julio<\/li>\n<li>Hora: 8:00 a. m.<\/li>\n<li>Lugar: auditorio C\u00e1mara de Comercio de Dosquebradas,\u00a0calle\u00a041 # 15-25, barrio Buenos Aires<\/li>\n<li>Inscr\u00edbase aqu\u00ed para asistir: <a href=\"https:\/\/cutt.ly\/9egt9V68\" target=\"_blank\" rel=\"noopener\">https:\/\/cutt.ly\/9egt9V68<\/a><\/li>\n<li>Invita: Direcci\u00f3n Seccional de Impuestos y Aduanas de Pereira<\/li>\n<\/ul>\n<p>&nbsp;<\/p>\n<p>[\/et_pb_tab][et_pb_tab title=\u00bbPopay\u00e1n\u00bb _builder_version=\u00bb4.18.1&#8243; _module_preset=\u00bbdefault\u00bb global_colors_info=\u00bb{}\u00bb]<\/p>\n<p><strong>Martes de renta<\/strong><strong><\/strong><\/p>\n<p><strong>Conferencia renta personas naturales 2023 y generalidades Registro \u00danico Tributario (RUT)<\/strong><\/p>\n<ul>\n<li>Fecha: 16 de julio<\/li>\n<li>Hora: 9:30 a. m.<\/li>\n<li>Lugar: auditorio DIAN, carrera 8 # 1- 36, piso 4<\/li>\n<\/ul>\n<p><strong>Conferencia programa \u2018Ayuda renta\u2019 personas naturales y generalidades Registro \u00danico Tributario (RUT)<\/strong><\/p>\n<ul>\n<li>Fecha: 23 de julio<\/li>\n<li>Hora: 9:30 a.m.<\/li>\n<li>Lugar: auditorio DIAN, carrera 8 # 1- 36, piso 4<\/li>\n<\/ul>\n<p><strong>Conferencia renta personas naturales 2023 y generalidades Registro \u00danico Tributario (RUT)<\/strong><\/p>\n<ul>\n<li>Fecha: 30 de julio<\/li>\n<li>Hora: 9:30 a. m.<\/li>\n<li>Lugar: auditorio DIAN, carrera 8 # 1- 36, piso 4<\/li>\n<\/ul>\n<p><strong>Conferencia programa \u2018Ayuda renta\u2019 personas naturales y generalidades Registro \u00danico Tributario (RUT)<\/strong><\/p>\n<ul>\n<li>Fecha: 6 de agosto<\/li>\n<li>Hora: 9:30 a.m.<\/li>\n<li>Lugar: auditorio DIAN, carrera 8 # 1- 36, piso 4<\/li>\n<\/ul>\n<p><strong>Puntos de contacto atenci\u00f3n RUT \u2018Martes de renta\u2019<\/strong><\/p>\n<ul>\n<li>Fecha: 16 de julio<\/li>\n<li>Hora: 11:00 a.m.<\/li>\n<li>Lugar: DIAN, carrera 8 # 1- 36, piso 4<\/li>\n<\/ul>\n<ul>\n<li>Fecha: 23 de julio<\/li>\n<li>Hora: 11:00 a.m.<\/li>\n<li>Lugar: DIAN, carrera 8 # 1- 36, piso 4 <\/li>\n<\/ul>\n<ul>\n<li>Fecha: 30 de julio<\/li>\n<li>Hora: 11:00 a.m.<\/li>\n<li>Lugar: DIAN, carrera 8 # 1- 36, piso 4 <\/li>\n<\/ul>\n<ul>\n<li>Fecha: 6 de agosto<\/li>\n<li>Hora: 11:00 a.m.<\/li>\n<li>Lugar: DIAN, carrera 8 # 1- 36, piso 4<\/li>\n<\/ul>\n<p>\u00a0Invita: Direcci\u00f3n Seccional de Impuestos y Aduanas de Popay\u00e1n<\/p>\n<p>[\/et_pb_tab][et_pb_tab title=\u00bbPuerto As\u00eds \u00bb _builder_version=\u00bb4.18.1&#8243; _module_preset=\u00bbdefault\u00bb global_colors_info=\u00bb{}\u00bb]<\/p>\n<p><strong>Capacitaci\u00f3n en renta para personas naturales a\u00f1o gravable 2023\u00a0<\/strong><strong><\/strong><\/p>\n<ul>\n<li>Fechas: 09, 16 de julio; y 6 de agosto<\/li>\n<li>Hora: 2:00 p. m. a 4:00 p. m.<\/li>\n<li>Lugar: C\u00e1mara de Comercio del Putumayo, carrera 29 Nro. 9 &#8211; 130, barrio Modelo<\/li>\n<\/ul>\n<p><strong>Capacitaci\u00f3n virtual en novedades de renta a\u00f1o gravable 2023<\/strong><\/p>\n<ul>\n<li>Hora: 9:00 a. m. a 12:00 m.<\/li>\n<li>Fecha: 23 de julio<\/li>\n<li>Enlace de conexi\u00f3n: <a href=\"https:\/\/cutt.ly\/JekQuxLU\">https:\/\/cutt.ly\/JekQuxLU<\/a>\u2002\u2002\u2002\u2002\u2002\u2002<\/li>\n<\/ul>\n<p><strong>Capacitaci\u00f3n virtual en novedades de renta a\u00f1o gravable 2023<\/strong><\/p>\n<ul>\n<li>Hora: 9:00 a. m. a 12:00 m.<\/li>\n<li>Fecha: 30 de julio<\/li>\n<li>Enlace de conexi\u00f3n: <a href=\"https:\/\/cutt.ly\/PekQiXZn\">https:\/\/cutt.ly\/PekQiXZn<\/a><\/li>\n<\/ul>\n<p>[\/et_pb_tab][et_pb_tab title=\u00bbSanta Marta\u00bb _builder_version=\u00bb4.18.1&#8243; _module_preset=\u00bbdefault\u00bb global_colors_info=\u00bb{}\u00bb]<\/p>\n<p><strong>Capacitaci\u00f3n en renta para personas naturales a\u00f1o gravable 2023\u00a0<\/strong><\/p>\n<ul>\n<li>Fecha: 16 de julio<\/li>\n<li>P\u00fablico: funcionarios Alcald\u00eda de Santa Marta<\/li>\n<\/ul>\n<p><strong>Capacitaci\u00f3n en renta para personas naturales a\u00f1o gravable 2023\u00a0<\/strong><\/p>\n<ul>\n<li>Fecha: 23 de julio<strong>\u00a0<\/strong><\/li>\n<li>P\u00fablico: funcionarios Gobernaci\u00f3n del Magdalena<strong>\u00a0<\/strong><\/li>\n<\/ul>\n<p><strong>Capacitaci\u00f3n en renta para personas naturales a\u00f1o gravable 2023\u00a0<\/strong><\/p>\n<ul>\n<li>Fecha: 30 de julio<\/li>\n<li>P\u00fablico: docentes Universidad Cooperativa de Colombia<strong>\u00a0<\/strong><\/li>\n<\/ul>\n<p><strong>Capacitaci\u00f3n en renta para personas naturales a\u00f1o gravable 2023\u00a0<\/strong><\/p>\n<ul>\n<li>Fecha: 6 de agosto<\/li>\n<li>P\u00fablico: docentes Universidad del Magdalena<\/li>\n<\/ul>\n<p>[\/et_pb_tab][et_pb_tab title=\u00bbSogamoso\u00bb _builder_version=\u00bb4.18.1&#8243; _module_preset=\u00bbdefault\u00bb global_colors_info=\u00bb{}\u00bb]<\/p>\n<p><strong>Martes de renta <\/strong><\/p>\n<p><strong>Capacitaciones sobre generalidades de renta para personas naturales, deducci\u00f3n por compras y tarifas<\/strong><strong><\/strong><strong><\/strong><\/p>\n<ul>\n<li>Fechas: 2, 9, 16, 23 y 30 de julio; y 6 de agosto<\/li>\n<li>Hora: 8:00 a. m. a 10:00 a. m.<\/li>\n<li>Lugar: calle 13 No. 10 -71 &#8211; Auditorio DIAN, piso 6<\/li>\n<li>Invita: Direcci\u00f3n Seccional de Impuestos y Aduanas de Sogamoso<\/li>\n<\/ul>\n<p><strong>Feria de Servicios Tributarios, Aduaneros y Cambiarios<\/strong>\u00a0<\/p>\n<p><strong>Capacitaci\u00f3n Renta Personas Naturales y Programa \u2018Ayuda renta\u2019, Factura Electr\u00f3nica \u2013 Deducci\u00f3n por compras y Devoluci\u00f3n de saldos a favor Renta Personas Naturales<\/strong><\/p>\n<ul>\n<li>Fecha: 24 de julio<\/li>\n<li>Hora: 8:00 a. m.<\/li>\n<li>Modalidad: presencial\u00a0<\/li>\n<li>Lugar: Universidad Pedag+ogica y Tecnol\u00f3gica de Colombia, seccional Sogamoso, auditorio Cacique Sugamuxi, calle 4 Sur # 15-134\u00a0<\/li>\n<li>Atenci\u00f3n de tr\u00e1mites\u00a0inscripci\u00f3n y actualizaci\u00f3n de RUT; orientaci\u00f3n y asistencia servicios en l\u00ednea: horario 8:00 a. m. a 12:30 p.m.\u00a0 y de 2:00 p. m. a 4:30 p. m.\u00a0<\/li>\n<\/ul>\n<p><strong>Capacitaci\u00f3n Renta Personas Naturales y Programa \u2018Ayuda renta\u2019, Factura Electr\u00f3nica \u2013 Deducci\u00f3n por compras y \u00a0Devoluci\u00f3n de saldos a favor Renta Personas Naturales<\/strong><\/p>\n<ul>\n<li>Fecha: 25 de julio<\/li>\n<li>Hora: 8:00 a. m.<\/li>\n<li>Modalidad: presencial\u00a0<\/li>\n<li>Lugar: C\u00e1mara de Comercio de Duitama, auditorio, Transversal 19 # 23 &#8211; 141<\/li>\n<li>Atenci\u00f3n de tr\u00e1mites\u00a0inscripci\u00f3n y actualizaci\u00f3n de RUT; orientaci\u00f3n y asistencia servicios en l\u00ednea: horario 8:00 a. m. a 12:30 p.m.\u00a0 y de 2:00 p. m. a 4:30 p. m.\u00a0<\/li>\n<\/ul>\n<p><strong>Capacitaci\u00f3n Renta Personas Naturales y Programa \u2018Ayuda renta\u2019, Factura Electr\u00f3nica \u2013 Deducci\u00f3n por compras \u00a0y \u00a0Devoluci\u00f3n de saldos a favor Renta Personas Naturales<\/strong><\/p>\n<ul>\n<li>Fecha: 30 de julio<\/li>\n<li>Hora: 8:00 a. m.<\/li>\n<li>Modalidad: presencial\u00a0<\/li>\n<li>Lugar: C\u00e1mara de Comercio de Sogamoso, auditorio Faova, carrera 11 # 21-112, barrio El Laguito.<\/li>\n<li>Atenci\u00f3n de tr\u00e1mites\u00a0inscripci\u00f3n y actualizaci\u00f3n de RUT; orientaci\u00f3n y asistencia servicios en l\u00ednea: horario 8:00 a. m. a 12:30 p.m.\u00a0 y de 2:00 p. m. a 4:30 p. m.\u00a0<\/li>\n<\/ul>\n<ul><\/ul>\n<p>[\/et_pb_tab][et_pb_tab title=\u00bbTunja\u00bb _builder_version=\u00bb4.18.1&#8243; _module_preset=\u00bbdefault\u00bb global_colors_info=\u00bb{}\u00bb]<\/p>\n<p><strong>Jornadas de renta personas naturales a\u00f1o gravable 2023<\/strong><\/p>\n<ul>\n<li>Tunja<\/li>\n<li>Horario extendido para atenci\u00f3n de Renta Personas Naturales<\/li>\n<li>Fechas: s\u00e1bados 17, 24 y 31 de agosto; s\u00e1bados 7, 14, 21 y 28 de septiembre; s\u00e1bados 5 y 12 de octubre<\/li>\n<li>Hora: 8:00 a. m. a 4:00 p. m., previo agendamiento por la p\u00e1gina de la DIAN.<\/li>\n<\/ul>\n<ul>\n<li>Fecha: 16 de julio<\/li>\n<li>Hora: 9:00 a. m.\u00a0<\/li>\n<li>Lugar: auditorio Reinaldo Pedraza, Universidad Pedag\u00f3gica y Tecnol\u00f3gica sede Chiquinquir\u00e1<\/li>\n<li>Modalidad: presencial y virtual<\/li>\n<li>Enlace de conexi\u00f3n: <a href=\"https:\/\/cutt.ly\/Lehwglxa\" data-auth=\"NotApplicable\">https:\/\/cutt.ly\/Lehwglxa<\/a><\/li>\n<\/ul>\n<ul>\n<li>Fecha: 23 de julio<\/li>\n<li>Hora: 2:00 p. m.<\/li>\n<li>Modalidad: presencial<\/li>\n<li>Lugar: auditorio C\u00e1mara de Comercio de Tunja, sede la sexta, Tunja<\/li>\n<li>Tem\u00e1tica: renta personas naturales &#8211; R\u00e9gimen Simple de Tributaci\u00f3n (RST)<\/li>\n<\/ul>\n<ul>\n<li>Feria de servicios tributarios, aduaneros y cambiarios<\/li>\n<li>Capacitaci\u00f3n renta personas naturales y explicaci\u00f3n herramienta &#8216;Ayuda renta&#8217;<\/li>\n<li>Fecha: 24 de julio<\/li>\n<li>Hora: 8:30 a. m.<\/li>\n<li>Modalidad: presencial\u00a0<\/li>\n<li>Lugar: Auditorio Lanceros, DIAN Tunja, calle 20 No. 9 &#8211; 40<\/li>\n<\/ul>\n<ul>\n<li>Feria de servicios tributarios, aduaneros y cambiarios<\/li>\n<li>Capacitaci\u00f3n renta personas naturales y explicaci\u00f3n herramienta &#8216;Ayuda renta&#8217;<\/li>\n<li>Mi\u00e9rcoles 25 de julio<\/li>\n<li>Hora: 8:30 a. m.<\/li>\n<li>Modalidad: presencial\u00a0<\/li>\n<li>Lugar: auditorio Lanceros, DIAN Tunja. Calle 20 No. 9 &#8211; 40<\/li>\n<\/ul>\n<ul>\n<li>Fecha: 30 de julio<\/li>\n<li>Hora: 9:00 a. m.\u00a0<\/li>\n<li>Modalidad: virtual<\/li>\n<li>Tem\u00e1tica: renta personas naturales &#8211; R\u00e9gimen Simple de Tributaci\u00f3n (RST)<\/li>\n<li>Destinatarios: servidores de entidades p\u00fablicas de Boyac\u00e1, poblaci\u00f3n de Puerto Boyac\u00e1 y Magdalena Medio<\/li>\n<li>Enlace: <a href=\"https:\/\/cutt.ly\/4ehwgs1w\" data-auth=\"NotApplicable\">https:\/\/cutt.ly\/4ehwgs1w<\/a><\/li>\n<\/ul>\n<p>[\/et_pb_tab][et_pb_tab title=\u00bbTulu\u00e1\u00bb _builder_version=\u00bb4.18.1&#8243; _module_preset=\u00bbdefault\u00bb global_colors_info=\u00bb{}\u00bb]<\/p>\n<p><strong>Capacitaci\u00f3n en renta para personas naturales a\u00f1o gravable 2023<\/strong><\/p>\n<ul>\n<li>Fecha: 10 de julio<\/li>\n<li>Hora: 2:30 p. m. a 4:30 p. m.<\/li>\n<li>Modalidad: Virtual<\/li>\n<li>Enlace conexi\u00f3n: <a href=\"https:\/\/cutt.ly\/iefI2fuK\" target=\"_blank\" rel=\"noopener\">https:\/\/cutt.ly\/iefI2fuK<\/a><\/li>\n<\/ul>\n<ul>\n<li>Fecha: 16 de julio<\/li>\n<li>Hora: 9:00 a. m. a 12:00 m.<\/li>\n<li>Modalidad: Presencial<\/li>\n<li>Lugar: Cartago \u2013 C\u00e1mara de Comercio de Cartago \u2013 Cra. 4 # 12 \u2013 101<\/li>\n<\/ul>\n<ul>\n<li>Fecha: 24 de julio<\/li>\n<li>Hora: 2:00 p. m. a 3:30 p. m.<\/li>\n<li>Modalidad: Presencial<\/li>\n<li>Lugar: Tulu\u00e1 \u2013 Cra 26 # 27 \u2013 82. DIAN \u2013 Divisi\u00f3n de Servicio al Ciudadano<\/li>\n<\/ul>\n<p><strong>Punto m\u00f3vil<\/strong><\/p>\n<ul>\n<li>Fecha: 24 de julio<\/li>\n<li>Hora: 8:00 a. m. a 12:00 m.<\/li>\n<li>Lugar: Tulu\u00e1 \u2013 Cra. 26 # 27 \u2013 82. DIAN \u2013 Divisi\u00f3n de Servicio al Ciudadano<\/li>\n<\/ul>\n<ul>\n<li>Fecha: 25 de julio<\/li>\n<li>Hora: 8:30 a. m. a 3:00 p. m.<\/li>\n<li>Lugar: Cartago \u2013 Quiosco de Autogesti\u00f3n &#8211; Club del R\u00edo \u2013 Calle 9 Avenida del R\u00edo<\/li>\n<\/ul>\n<p>Invita: Direcci\u00f3n Seccional de Impuestos y Aduanas de Tulu\u00e1<\/p>\n<p>[\/et_pb_tab][et_pb_tab title=\u00bbTumaco\u00bb _builder_version=\u00bb4.18.1&#8243; _module_preset=\u00bbdefault\u00bb global_colors_info=\u00bb{}\u00bb]<\/p>\n<p><strong>Capacitaci\u00f3n de renta para personas naturales a\u00f1o gravable 2023<\/strong><\/p>\n<ul>\n<li>Fecha: 30 de julio de 2024<\/li>\n<li>Hora: 3:00 p. m. a 5:00 p. m.<\/li>\n<li>Lugar: DIAN Tumaco (auditorio)<\/li>\n<li>Invita: Direcci\u00f3n Seccional de Impuestos y Aduanas de Tumaco<\/li>\n<\/ul>\n<p>[\/et_pb_tab][et_pb_tab title=\u00bbVillavicencio\u00bb _builder_version=\u00bb4.18.1&#8243; _module_preset=\u00bbdefault\u00bb global_colors_info=\u00bb{}\u00bb]<\/p>\n<p><strong>Capacitaci\u00f3n en renta personas naturales a\u00f1o gravable 2023<\/strong><\/p>\n<ul>\n<li>Fecha: 2 de julio<\/li>\n<li>Hora: 3:00 p. m. a 5:00 p. m.<\/li>\n<li>Lugar: auditorio edificio Oriana, DIAN Villavicencio, piso 5<\/li>\n<\/ul>\n<ul>\n<li>Fecha: 9 de julio<\/li>\n<li>Hora: 8:00 a. m. a 12:00 m.<\/li>\n<li>Lugar: auditorio edificio Oriana, DIAN Villavicencio, piso 5\u00a0<strong><br \/><\/strong><\/li>\n<\/ul>\n<ul>\n<li>Fecha: 16 de julio<\/li>\n<li>Hora: 2:00 p. m. a 5:00 p. m.<\/li>\n<li>Lugar: C\u00e1mara de Comercio de Villavicencio<strong><br \/><\/strong><\/li>\n<\/ul>\n<ul>\n<li style=\"text-align: left;\">Fecha: 24 de julio<\/li>\n<li style=\"text-align: left;\">Hora: 9:00 a. m. a 3:00 p. m.<\/li>\n<li style=\"text-align: left;\">Lugar: km 1 v\u00eda Acac\u00edas &#8211; Villavicencio, Universidad UNAD, municipio Acac\u00edas (Feria de Servicios)<strong><br \/><\/strong><\/li>\n<\/ul>\n<ul>\n<li>Fecha: 25 de julio<\/li>\n<li>Hora: 9:00 a. m. a 3:00 p. m.<\/li>\n<li>Lugar: Auditorio Universidad de los Llanos San Antonio, Villavicencio (Feria de Servicios)<strong><br \/><\/strong><\/li>\n<\/ul>\n<ul>\n<li>Fecha: 30 de julio<\/li>\n<li>Hora: 8:00 a. m. a 12 m.<\/li>\n<li>Lugar: Auditorio Gobernaci\u00f3n del Meta<strong><br \/><\/strong><\/li>\n<\/ul>\n<ul>\n<li>Fecha: 6 de agosto<\/li>\n<li>Hora: 8:00 a. m. a 12 m.<\/li>\n<li>Lugar: Fundaci\u00f3n Universitaria Compensar, auditorio\u00a0<\/li>\n<\/ul>\n<p>[\/et_pb_tab][et_pb_tab title=\u00bbValledupar\u00bb _builder_version=\u00bb4.18.1&#8243; _module_preset=\u00bbdefault\u00bb global_colors_info=\u00bb{}\u00bb]<\/p>\n<p><strong>Capacitaci\u00f3n en renta para personas naturales a\u00f1o gravable 2023\u00a0<\/strong><\/p>\n<ul>\n<li>Fecha: 9 de julio<\/li>\n<li>P\u00fablico: funcionarios Procuradur\u00eda General de la Naci\u00f3n, Instituto Geogr\u00e1fico Agust\u00edn Codazzi y Contralor\u00eda General de la Naci\u00f3n<\/li>\n<\/ul>\n<p><strong>Capacitaci\u00f3n en renta para personas naturales a\u00f1o gravable 2023\u00a0<\/strong><\/p>\n<ul>\n<li>Fecha: 16 de julio<\/li>\n<li>P\u00fablico: empleados Drummond; empleados y estudiantes Universidad de Santander (UDES)<\/li>\n<\/ul>\n<p><strong>Capacitaci\u00f3n en renta para personas naturales a\u00f1o gravable 2023\u00a0<\/strong><\/p>\n<ul>\n<li>Fecha: 23 de julio<\/li>\n<li>P\u00fablico: funcionarios y contratistas de la Gobernaci\u00f3n del Cesar<\/li>\n<\/ul>\n<p><strong>Capacitaci\u00f3n en renta para personas naturales a\u00f1o gravable 2023\u00a0<\/strong><\/p>\n<ul>\n<li>Fecha: 30 de julio<\/li>\n<li>P\u00fablico: funcionarios y contratistas de la Alcald\u00eda de Valledupar<\/li>\n<\/ul>\n<p><strong>Capacitaci\u00f3n en renta para personas naturales a\u00f1o gravable 2023\u00a0<\/strong><\/p>\n<ul>\n<li>Fecha: 6 de agosto<\/li>\n<li>P\u00fablico: funcionarios Sena, Instituto Geogr\u00e1fico Agust\u00edn Codazzi y Alcald\u00eda Municipal de Aguachica<strong><br \/><\/strong><\/li>\n<\/ul>\n<p><strong>Feria de Servicios DIAN en Aguachica (Cesar)<\/strong><\/p>\n<p><strong><\/strong><\/p>\n<ul>\n<li><strong>Capacitaci\u00f3n en renta para personas naturales a\u00f1o gravable 2023<\/strong><\/li>\n<li><strong>Capacitaci\u00f3n programa &#8216;Ayuda renta&#8217;<\/strong><\/li>\n<li><strong>Tr\u00e1mites y servicios (RUT, orientaci\u00f3n TAC, quiosco de autogesti\u00f3n)<\/strong><\/li>\n<li>Fecha: 5 de agosto<\/li>\n<li>Hora: 2:00 p. m. a 6:00 p. m.<\/li>\n<li>Lugar: Auditorio C\u00e1mara de Comercio de Aguachica, carrera 14 # 6 &#8211; 74, Aguachica (Cesar)<\/li>\n<li>Invitan: Direcci\u00f3n Seccional de Impuestos y Aduanas de Valledupar, NAF Universidad Popular del Cesar y C\u00e1mara de Comercio de Aguachica<\/li>\n<\/ul>\n<p>[\/et_pb_tab][et_pb_tab title=\u00bbYopal\u00bb _builder_version=\u00bb4.18.1&#8243; _module_preset=\u00bbdefault\u00bb global_colors_info=\u00bb{}\u00bb]<\/p>\n<p><strong>Capacitaci\u00f3n en herramientas requeridas para la presentaci\u00f3n de renta personas naturales<\/strong><\/p>\n<ul>\n<li>Fechas: 9 y 16 de julio<\/li>\n<li>Hora: 2:00 p. m. a 4:00 p. m.<\/li>\n<li>Lugar: auditorio DIAN seccional Yopal, carrera 20 # 7-28<\/li>\n<\/ul>\n<p><strong>Capacitaci\u00f3n en herramientas requeridas para la presentaci\u00f3n de renta personas naturales<\/strong><\/p>\n<ul>\n<li>Fecha: 24 de julio<\/li>\n<li>Hora: 8:00 a.m. a 12:00 m.<\/li>\n<li>Lugar: auditorio DIAN seccional Yopal, carrera 20 # 7-28<\/li>\n<\/ul>\n<p><strong>Capacitaci\u00f3n en herramientas requeridas para la presentaci\u00f3n de renta personas naturales<\/strong><\/p>\n<ul>\n<li>Fecha: 24 de julio<\/li>\n<li>Hora: 2:00 p. m. a 5:00 p. m.<\/li>\n<li>Lugar: auditorio Universidad Internacional del Tr\u00f3pico Americano (Unitr\u00f3pico), Cra. 20 # 39A-36<\/li>\n<\/ul>\n<p><strong>Capacitaci\u00f3n en herramientas requeridas para la presentaci\u00f3n de renta personas naturales<\/strong><\/p>\n<ul>\n<li>Fecha: 25 de julio<\/li>\n<li>Hora: 8:00 a. m. a 12:00 m.<\/li>\n<li>Lugar: auditorio DIAN seccional Yopal, carrera 20 # 7-28<\/li>\n<\/ul>\n<p><strong>Capacitaci\u00f3n en herramientas requeridas para la presentaci\u00f3n de renta personas naturales<\/strong><\/p>\n<ul>\n<li>Fecha: 25 de julio<\/li>\n<li>Hora: 2:00 p. m. a 4:00 p. m.<\/li>\n<li>Lugar: auditorio DIAN seccional Yopal, carrera 20 # 7-28<\/li>\n<\/ul>\n<p><strong>Capacitaci\u00f3n en herramientas requeridas para la presentaci\u00f3n de renta personas naturales<\/strong><\/p>\n<ul>\n<li>Fecha: 30 de julio<\/li>\n<li>Hora: 8:00 a. m. a 12:00 m.<\/li>\n<li>Lugar: carrera 29 # 14 \u2013 47, C\u00e1mara de comercio de Casanare, auditorio<\/li>\n<\/ul>\n<p>Invita: Direcci\u00f3n Seccional de Impuestos y Aduanas de Yopal<\/p>\n<p>[\/et_pb_tab][\/et_pb_tabs][\/et_pb_column][\/et_pb_row][\/et_pb_section][et_pb_section fb_built=\u00bb1&#8243; admin_label=\u00bbPopup &#8211; #Horarios\u00bb module_id=\u00bbHorarios\u00bb module_class=\u00bbpopup close-alt\u00bb _builder_version=\u00bb4.18.1&#8243; _module_preset=\u00bbdefault\u00bb background_color=\u00bb#FFFFFF\u00bb width=\u00bb91%\u00bb custom_padding=\u00bb0px|0px|0px|0px|true|false\u00bb da_is_popup=\u00bbon\u00bb da_popup_slug=\u00bbHorarios\u00bb da_alt_close=\u00bbon\u00bb da_disable_devices=\u00bboff|off|off\u00bb locked=\u00bboff\u00bb global_colors_info=\u00bb{}\u00bb da_exit_intent=\u00bboff\u00bb da_has_close=\u00bbon\u00bb da_dark_close=\u00bboff\u00bb da_not_modal=\u00bbon\u00bb da_is_singular=\u00bboff\u00bb da_with_loader=\u00bboff\u00bb da_has_shadow=\u00bbon\u00bb][et_pb_row _builder_version=\u00bb4.16&#8243; _module_preset=\u00bbdefault\u00bb background_color=\u00bb#FFFFFF\u00bb custom_padding=\u00bb44px|0px|44px|0px|true|true\u00bb global_colors_info=\u00bb{}\u00bb][et_pb_column type=\u00bb4_4&#8243; _builder_version=\u00bb4.16&#8243; _module_preset=\u00bbdefault\u00bb global_colors_info=\u00bb{}\u00bb][et_pb_text _builder_version=\u00bb4.18.1&#8243; _module_preset=\u00bbdefault\u00bb text_font=\u00bbUbuntu|700|||||||\u00bb text_text_color=\u00bb#252944&#8243; text_font_size=\u00bb25px\u00bb header_text_color=\u00bb#E02B20&#8243; header_3_font=\u00bbUbuntu|700|||||||\u00bb header_3_text_color=\u00bb#252944&#8243; header_3_font_size=\u00bb25px\u00bb header_4_font=\u00bbUbuntu||||||||\u00bb header_4_font_size=\u00bb20px\u00bb text_orientation=\u00bbcenter\u00bb custom_padding=\u00bb0px|||||\u00bb global_colors_info=\u00bb{}\u00bb]<\/p>\n<h4 style=\"text-align: center;\"><img decoding=\"async\" src=\"http:\/\/micrositios.dian.gov.co\/renta-personas-naturales-ag-2023\/wp-content\/uploads\/sites\/15\/2024\/08\/Ico-Declaracion-Renta-AG-calendario.png\" width=\"54\" height=\"54\" alt=\"\" class=\"wp-image-2703 alignnone size-full\" \/><\/h4>\n<h4 style=\"text-align: center;\"><strong><\/strong><strong>Horario extendido de atenci\u00f3n<br \/><\/strong><\/h4>\n<p>[\/et_pb_text][et_pb_divider color=\u00bb#252944&#8243; divider_weight=\u00bb3px\u00bb _builder_version=\u00bb4.18.1&#8243; _module_preset=\u00bbdefault\u00bb width=\u00bb27%\u00bb module_alignment=\u00bbcenter\u00bb custom_margin=\u00bb-23px||10px||false|false\u00bb global_colors_info=\u00bb{}\u00bb][\/et_pb_divider][et_pb_text _builder_version=\u00bb4.18.1&#8243; _module_preset=\u00bbdefault\u00bb text_font=\u00bbUbuntu||||||||\u00bb text_text_color=\u00bb#000000&#8243; global_colors_info=\u00bb{}\u00bb]<\/p>\n<table width=\"1335\">\n<tbody>\n<tr>\n<td width=\"183\" style=\"text-align: center;\"><strong>Punto de Contacto<\/strong><\/td>\n<td width=\"461\" style=\"text-align: center;\"><strong>Direcci\u00f3n<\/strong><\/td>\n<td width=\"329\" style=\"text-align: center;\"><strong>Horario de Lunes a viernes<\/strong><\/td>\n<td width=\"362\" style=\"text-align: center;\"><strong>Horario s\u00e1bados<\/strong><\/td>\n<\/tr>\n<tr>\n<td>Armenia<\/td>\n<td><\/td>\n<td colspan=\"2\" width=\"691\">No tendr\u00e1 horario extendido<\/td>\n<\/tr>\n<tr>\n<td>Arauca<\/td>\n<td><\/td>\n<td colspan=\"2\" width=\"691\">No tendr\u00e1 horario extendido<\/td>\n<\/tr>\n<tr>\n<td>Barrancabermeja<\/td>\n<td>Calle 49 N\u00b0 9-09 Edificio Luisa, Sector Comercial<\/td>\n<td>6:00 a. m. a 7:00 p.m.<\/td>\n<td>No atender\u00e1 los s\u00e1bados<\/td>\n<\/tr>\n<tr>\n<td>Barranquilla<\/td>\n<td>Calle 77 No. 59 &#8211; 35, Centro Empresarial Las Am\u00e9ricas 3, piso 1<\/td>\n<td>7:45 a.m. a 4:00 p.m.<\/td>\n<td>No atender\u00e1 los s\u00e1bados<\/td>\n<\/tr>\n<tr>\n<td>Bogot\u00e1 Av 68<\/td>\n<td>Avenida Carrera 68 No. 19 &#8211; 81, piso 2<\/td>\n<td>6:00 a.m. a 6:00 p.m.<\/td>\n<td>No atender\u00e1 los s\u00e1bados<\/td>\n<\/tr>\n<tr>\n<td>Bogot\u00e1 &#8211; BIMA<\/td>\n<td>Autopista Norte No. 232 &#8211; 35<\/td>\n<td>6:00 a. m. a 6:00 p. m.<\/td>\n<td>No atender\u00e1 los s\u00e1bados<\/td>\n<\/tr>\n<tr>\n<td>Bogot\u00e1 &#8211; CAD 30<\/td>\n<td>Carrera 30 No. 25 &#8211; 90, piso 1<\/td>\n<td>7:00 a. m. a 4:00 p. m.<\/td>\n<td>No atender\u00e1 los s\u00e1bados<\/td>\n<\/tr>\n<tr>\n<td>Bogot\u00e1 &#8211; CAD Bosa<\/td>\n<td>Avenida Calle 57R Sur No. 72D -12<\/td>\n<td>7:00 a. m. a 4:00 p. m.<\/td>\n<td>No atender\u00e1 los s\u00e1bados<\/td>\n<\/tr>\n<tr>\n<td>Bogot\u00e1 &#8211; CAD SUBA<\/td>\n<td>Avenida Calle 145 No. 103 B &#8211; 90<\/td>\n<td>8:00 a. m. a 4:00 p. m.<\/td>\n<td>No atender\u00e1 los s\u00e1bados<\/td>\n<\/tr>\n<tr>\n<td>Bogot\u00e1 &#8211; Calle 75<\/td>\n<td>Calle 75 No. 15 &#8211; 49<\/td>\n<td>6:00 a. m. a 6:00 p. m.<\/td>\n<td><span>7:00 a.m. a 4:00 p.m.<\/span><span> (5 de octubre)<\/span><\/td>\n<\/tr>\n<tr>\n<td>Bogot\u00e1 &#8211; Centro<\/td>\n<td>Carrera 6 No. 15 &#8211; 32, piso 1<\/td>\n<td>6:00 a. m. a 6:00 p.m.<\/td>\n<td>No atender\u00e1 los s\u00e1bados<\/td>\n<\/tr>\n<tr>\n<td>Bucaramanga<\/td>\n<td>Calle 36 # 14-03<\/td>\n<td>7:30 a. m. a 12:30 p. m. y 1:30 p. m. a 3:30 p. m.<\/td>\n<td>No atender\u00e1 los s\u00e1bados<\/td>\n<\/tr>\n<tr>\n<td>Buenaventura<\/td>\n<td>Calle 3 No. 2\u00aa-18 Buenaventura \u2013 Valle del Cauca<\/td>\n<td colspan=\"2\" width=\"691\">No tendr\u00e1 horario extendido<\/td>\n<\/tr>\n<tr>\n<td>Buga<\/td>\n<td><\/td>\n<td colspan=\"2\" width=\"691\">No tendr\u00e1 horario extendido<\/td>\n<\/tr>\n<tr>\n<td>Cali &#8211; Centro<\/td>\n<td width=\"461\">Calle 11 # 3- 18<\/td>\n<td width=\"329\">7:00 a. m. a 5:00 p. m.\u00a0<\/td>\n<td>No atender\u00e1 los s\u00e1bados<\/td>\n<\/tr>\n<tr>\n<td>Cali &#8211; Sur<\/td>\n<td width=\"461\">Carrera 100 # 11- 60 Local 262A CC Holguines Trade Center<\/td>\n<td width=\"329\">7:00 a. m. a 5:00 p. m.\u00a0<\/td>\n<td>No atender\u00e1 los s\u00e1bados<\/td>\n<\/tr>\n<tr>\n<td>Cartagena<\/td>\n<td>Manga 3 avenida No. 25 &#8211; 04<\/td>\n<td>7:00 a. m. a 5:00 p. m.\u00a0<\/td>\n<td>No atender\u00e1 los s\u00e1bados<\/td>\n<\/tr>\n<tr>\n<td>C\u00facuta<\/td>\n<td width=\"461\">Centro Comercial Jard\u00edn Plaza &#8211; Anillo vial oriental #13-70 Local L95<\/td>\n<td width=\"329\">1:00 p. m. &#8211; 7:00 p. m.<\/td>\n<td>No atender\u00e1 los s\u00e1bados<\/td>\n<\/tr>\n<tr>\n<td>C\u00facuta<\/td>\n<td width=\"461\">Calle 8A No.3-50 Edificio Santander &#8211; Palacio Nacional Piso 1<\/td>\n<td width=\"329\">6:00 a. m. &#8211; 6:00 p. m.<\/td>\n<td>No atender\u00e1 los s\u00e1bados<\/td>\n<\/tr>\n<tr>\n<td>Florencia<\/td>\n<td>Carrera 11 # 13 &#8211; 39, Florencia<\/td>\n<td>De 7:30 a.m. a 3:30 p.m.<\/td>\n<td>No atender\u00e1 los s\u00e1bados<\/td>\n<\/tr>\n<tr>\n<td>Girardot<\/td>\n<td><\/td>\n<td width=\"329\">7:00 a. m. a 5:00 p. m.\u00a0<\/td>\n<td>No atender\u00e1 los s\u00e1bados<\/td>\n<\/tr>\n<tr>\n<td>Ibagu\u00e9<\/td>\n<td>Carrera 3 No. 9 &#8211; 01 Edicifio Nacional, Ibagu\u00e9<\/td>\n<td width=\"329\">7:30 a. m. a 03:30 p. m.<\/td>\n<td>No atender\u00e1 los s\u00e1bados<\/td>\n<\/tr>\n<tr>\n<td>In\u00edrida<\/td>\n<td><\/td>\n<td><\/td>\n<td>No atender\u00e1 los s\u00e1bados<\/td>\n<\/tr>\n<tr>\n<td>Ipiales<\/td>\n<td>Carrera 6 No.15 23<\/td>\n<td>8:00 a. m. a 4:00 p. m.<\/td>\n<td width=\"362\"><span>5, 12 y 19 de octubre<\/span><span> 8:00 a. m. a 4:00 p. m.<br \/><\/span><\/td>\n<\/tr>\n<tr>\n<td>Leticia<\/td>\n<td>carrera 11 # 8 -25<\/td>\n<td>8:00 a. m. a 6:00 p. m.<\/td>\n<td>No atender\u00e1 los s\u00e1bados<\/td>\n<\/tr>\n<tr>\n<td>Magangu\u00e9<\/td>\n<td>Barrio Cordoba, Avenida Colombia, Calle 16 # 10a 02<\/td>\n<td>7:00 a. m. a 3:00 p. m.<\/td>\n<td>No atender\u00e1 los s\u00e1bados<\/td>\n<\/tr>\n<tr>\n<td>Maicao<\/td>\n<td>DIAN Maicao- ubicada en la Base miliar San Jorge<\/td>\n<td width=\"329\">No tendr\u00e1 horario extendido<\/td>\n<td>No atender\u00e1 los s\u00e1bados<\/td>\n<\/tr>\n<tr>\n<td>Manizales &#8211; La Dorada<\/td>\n<td>Carrera 3 No. 13 \u2013 59 Esquina, La Dorada, Caldas\u00a0<\/td>\n<td>7:30 a. m. a 6:30 p. m.<\/td>\n<td>No atender\u00e1 los s\u00e1bados<\/td>\n<\/tr>\n<tr>\n<td>Manizales<\/td>\n<td>Carrera 23 No. 74-35, sector Mil\u00e1n, Manizales\u200b, Caldas<\/td>\n<td>7:30 a. m. a 6:30 p. m.<\/td>\n<td>No atender\u00e1 los s\u00e1bados<\/td>\n<\/tr>\n<tr>\n<td>Medell\u00edn &#8211; Alpujarra<\/td>\n<td>Carrera 52 No. 42 &#8211; 43, Edificio La Alpujarra, Medell\u00edn, Antioquia<\/td>\n<td>6:45 a. m. a 2:45 p. m.<\/td>\n<td>No atender\u00e1 los s\u00e1bados<\/td>\n<\/tr>\n<tr>\n<td>Medell\u00edn &#8211; Antigua Aduana<\/td>\n<td>Carrera 46 No. 14 &#8211; 104, Medell\u00edn, Antioquia<\/td>\n<td>6:45 a. m. a 2:45 p. m.<\/td>\n<td>No atender\u00e1 los s\u00e1bados<\/td>\n<\/tr>\n<tr>\n<td>Medell\u00edn &#8211; Campestre<\/td>\n<td>Carrera 43A No. 16A Sur 28, Edificio DHL Danzas Air Ocean, Medell\u00edn, Antioquia<\/td>\n<td>6:45 a. m. a 2:45 p. m.<\/td>\n<td>No atender\u00e1 los s\u00e1bados<\/td>\n<\/tr>\n<tr>\n<td>Monter\u00eda<\/td>\n<td>Cra 2 # 33 &#8211; 40<\/td>\n<td width=\"329\">8:00 a. m. a\u00a0 4:20 p. m.<\/td>\n<td>No atender\u00e1 los s\u00e1bados<\/td>\n<\/tr>\n<tr>\n<td>Neiva<\/td>\n<td>Calle 7 No. 6 \u2013 36 Primer Piso Edificio Nacional<\/td>\n<td colspan=\"2\" width=\"691\">No tendr\u00e1 horario extendido<\/td>\n<\/tr>\n<tr>\n<td>Oca\u00f1a<\/td>\n<td width=\"461\">Cr 12 No 9-94 Cl 10 Lc 210 Centro Comercial Santa Maria<\/td>\n<td width=\"329\">8:00 a. m. &#8211; 4:00 p. m.<\/td>\n<td>No atender\u00e1 los s\u00e1bados<\/td>\n<\/tr>\n<tr>\n<td>Palmira<\/td>\n<td>Calle 32 No. 29 &#8211; 05<\/td>\n<td>8:00 a. m. a 5:00 p. m.\u00a0<\/td>\n<td>No atender\u00e1 los s\u00e1bados<\/td>\n<\/tr>\n<tr>\n<td>Pamplona<\/td>\n<td><\/td>\n<td colspan=\"2\" width=\"691\">No tendr\u00e1 horario extendido<\/td>\n<\/tr>\n<tr>\n<td>Pasto<\/td>\n<td>Calle 17 # 24 &#8211; 35\u00a0<\/td>\n<td>7:00 a. m a 5:35 p. m<\/td>\n<td><span>5 de octubre<\/span><span> 8:00 a. m. a 2:00 p. m.\u00a0<\/span><\/td>\n<\/tr>\n<tr>\n<td>Pereira<\/td>\n<td>Calle 14 Bis No. 15 &#8211; 29, Edificio Pinares Plaza, piso 1<\/td>\n<td>7:30 a. m. a 4:00 p. m.<\/td>\n<td>No atender\u00e1 los s\u00e1bados<\/td>\n<\/tr>\n<tr>\n<td>Pitalito<\/td>\n<td width=\"461\">Carrera 4 No. 31 &#8211; 15, piso 2, Local 218,<br \/>Terminal de Transportes de Pitalito, Huila<\/td>\n<td colspan=\"2\" width=\"691\">No tendr\u00e1 horario extendido<\/td>\n<\/tr>\n<tr>\n<td>Popay\u00e1n<\/td>\n<td width=\"461\">Carrera 8 1 \u2013 36 Edificio Portal del Molino DIAN<\/td>\n<td>6:00 a. m. a 7:00 p. m.\u00a0<\/td>\n<td><span>5, 12 y 19 de octubre<\/span><span> 8:00 a. m. a 3:00 p. m.\u00a0<\/span><\/td>\n<\/tr>\n<tr>\n<td>Puerto As\u00eds<\/td>\n<td>calle 13 No. 34 &#8211; 39 Barrio Kennedy<\/td>\n<td width=\"329\">Lunes a jueves de 7:30 a. m. a 4:30 p. m. y viernes de 7:30 a. m. a 3:30 p. m.<\/td>\n<td width=\"362\"><span>5, 12, 19 y 26 de octubre<\/span><span> de 7:30 a. m. a 11:45 a. m.<br \/><\/span><\/td>\n<\/tr>\n<tr>\n<td>Puerto Carre\u00f1o<\/td>\n<td>Avenida Orinoco calle 18 No. 4 &#8211; 05, Barrio La Plazuela<\/td>\n<td>8:00 a. m. a 4:00 p. m.<\/td>\n<td>No atender\u00e1 los s\u00e1bados<\/td>\n<\/tr>\n<tr>\n<td>Quibd\u00f3<\/td>\n<td>Carrera 1 No. 22 &#8211; 126, piso 1,<\/td>\n<td width=\"329\">No tendr\u00e1 horario extendido<\/td>\n<td width=\"362\"><span>5 y 19 de octubre <\/span><span>de 8:00 a. m. a 4:00 p. m.<\/span><\/td>\n<\/tr>\n<tr>\n<td>Riohacha<\/td>\n<td>Calle 2 No. 6 &#8211; 48, piso 1<\/td>\n<td width=\"329\">No tendr\u00e1 horario extendido<\/td>\n<td>No atender\u00e1 los s\u00e1bados<\/td>\n<\/tr>\n<tr>\n<td>San Andr\u00e9s<\/td>\n<td>Calle 16 No 16-156\u00a0<\/td>\n<td>8:00 a. m. a 5:00 p. m.\u00a0<\/td>\n<td>No atender\u00e1 los s\u00e1bados<\/td>\n<\/tr>\n<tr>\n<td>San Jos\u00e9 del Guaviare<\/td>\n<td>Calle 12 B No. 19-71 Barrio Modelo ma\u00f1ana<\/td>\n<td>7:30 a. m. &#8211; 3:30 p. m.<\/td>\n<td>No atender\u00e1 los s\u00e1bados<\/td>\n<\/tr>\n<tr>\n<td>Santa Marta<\/td>\n<td>Cra 5 # 17-04<\/td>\n<td>7:45 a. m. a 3:45 p. m.<\/td>\n<td><span>5, 12 y 19 de octubre <\/span><span>&#8211; 8:00 am a 3:00 pm\u00a0<\/span><\/td>\n<\/tr>\n<tr>\n<td>Sincelejo<\/td>\n<td>Calle 23 No. 18 \u2013 77<\/td>\n<td>8:00 a. m. a 4:45 p. m.\u00a0<\/td>\n<td>No atender\u00e1 los s\u00e1bados<\/td>\n<\/tr>\n<tr>\n<td>Sogamoso<\/td>\n<td>Calle 13 N 10 -71<\/td>\n<td width=\"329\">No tendr\u00e1 horario extendido<\/td>\n<td width=\"362\">No tendr\u00e1 horario extendido<\/td>\n<\/tr>\n<tr>\n<td>Tulu\u00e1<\/td>\n<td>Carrera 26 N\u00ba 27-82<\/td>\n<td>8:00 a. m. a 4:00 p. m.\u00a0<\/td>\n<td><span>5, 19 de octubre<\/span><span> 8:00 a. m. a 1:00 p. m.<\/span><\/td>\n<\/tr>\n<tr>\n<td>Tumaco<\/td>\n<td>calle 15a no.8-13 parque colon esquina<\/td>\n<td>8:15 a. m. a 12:15 p. m. y de 2:00 p. m. a 4:30 p. m.<\/td>\n<td>No atender\u00e1 los s\u00e1bados<\/td>\n<\/tr>\n<tr>\n<td>Tunja<\/td>\n<td>Calle 20 No.9-40<\/td>\n<td>8:00 a. m. a 4.00 p. m.\u00a0\u00a0\u00a0<\/td>\n<td><span>5 y 12 de octubre<\/span><span> 8:00 a. m. a 4:00 p. m.\u00a0<\/span><\/td>\n<\/tr>\n<tr>\n<td>Urab\u00e1<\/td>\n<td>Turbo &#8211; Avenida La Playa, contiguo al Aeropuerto Gonzalo Mej\u00eda<\/td>\n<td width=\"329\">No tendr\u00e1 horario extendido<\/td>\n<td>No atender\u00e1 los s\u00e1bados<\/td>\n<\/tr>\n<tr>\n<td>Valledupar<\/td>\n<td>Calle 16 No. 9 &#8211; 44, Edificio Caja Agraria, piso 1\u00a0<\/td>\n<td width=\"329\">8:00 a. m. a 4:00 p. m.\u00a0<\/td>\n<td>No atender\u00e1 los s\u00e1bados<\/td>\n<\/tr>\n<tr>\n<td>Villavicencio<\/td>\n<td>Calle 40 No. 33a \u2013 27\/29 Edificio Oriana,\u00a0 Barrio Centro, Villavicencio &#8211; Meta<\/td>\n<td>8:00 a. m. a 4:00 p. m.<\/td>\n<td>No atender\u00e1 los s\u00e1bados<\/td>\n<\/tr>\n<tr>\n<td>Yopal<\/td>\n<td>Carrera 20 N\u00b0 7-28<\/td>\n<td>8:00 a. m. a 5:00 p. m.\u00a0<\/td>\n<td><span>5 de octubre<\/span><span> 8:00 a. m. a 1:00 p. m.\u00a0<\/span><\/td>\n<\/tr>\n<\/tbody>\n<\/table>\n<p>[\/et_pb_text][\/et_pb_column][\/et_pb_row][\/et_pb_section][et_pb_section fb_built=\u00bb1&#8243; admin_label=\u00bb#Videos\u00bb module_id=\u00bbVideos\u00bb module_class=\u00bbpopup close-alt\u00bb _builder_version=\u00bb4.18.1&#8243; _module_preset=\u00bbdefault\u00bb background_color=\u00bb#FFFFFF\u00bb width=\u00bb91%\u00bb custom_padding=\u00bb0px|0px|0px|0px|true|false\u00bb da_is_popup=\u00bbon\u00bb da_popup_slug=\u00bbVideos\u00bb da_alt_close=\u00bbon\u00bb da_disable_devices=\u00bboff|off|off\u00bb locked=\u00bboff\u00bb global_colors_info=\u00bb{}\u00bb da_exit_intent=\u00bboff\u00bb da_has_close=\u00bbon\u00bb da_dark_close=\u00bboff\u00bb da_not_modal=\u00bbon\u00bb da_is_singular=\u00bboff\u00bb da_with_loader=\u00bboff\u00bb da_has_shadow=\u00bbon\u00bb][et_pb_row _builder_version=\u00bb4.16&#8243; _module_preset=\u00bbdefault\u00bb background_color=\u00bb#FFFFFF\u00bb custom_padding=\u00bb44px|0px|44px|0px|true|true\u00bb global_colors_info=\u00bb{}\u00bb][et_pb_column type=\u00bb4_4&#8243; _builder_version=\u00bb4.16&#8243; _module_preset=\u00bbdefault\u00bb global_colors_info=\u00bb{}\u00bb][et_pb_text _builder_version=\u00bb4.18.1&#8243; _module_preset=\u00bbdefault\u00bb text_font=\u00bbUbuntu|700|||||||\u00bb text_text_color=\u00bb#252944&#8243; text_font_size=\u00bb25px\u00bb header_text_color=\u00bb#E02B20&#8243; header_3_font=\u00bbUbuntu|700|||||||\u00bb header_3_text_color=\u00bb#252944&#8243; header_3_font_size=\u00bb25px\u00bb header_4_font=\u00bbUbuntu||||||||\u00bb header_4_font_size=\u00bb20px\u00bb text_orientation=\u00bbcenter\u00bb custom_padding=\u00bb0px|||||\u00bb global_colors_info=\u00bb{}\u00bb]<\/p>\n<h4 style=\"text-align: center;\"><strong><img decoding=\"async\" src=\"http:\/\/micrositios.dian.gov.co\/renta-personas-naturales-ag-2023\/wp-content\/uploads\/sites\/15\/2024\/07\/Ico-ContenidoRecomendado.png\" alt=\"\" class=\"wp-image-2240 alignnone size-full\" width=\"54\" height=\"54\" \/><\/strong><\/h4>\n<h4 style=\"text-align: center;\"><strong><\/strong><strong>Videos recomendados<br \/><\/strong><\/h4>\n<p>[\/et_pb_text][et_pb_divider color=\u00bb#252944&#8243; divider_weight=\u00bb3px\u00bb _builder_version=\u00bb4.18.1&#8243; _module_preset=\u00bbdefault\u00bb width=\u00bb21%\u00bb module_alignment=\u00bbcenter\u00bb custom_margin=\u00bb-23px||10px||false|false\u00bb global_colors_info=\u00bb{}\u00bb][\/et_pb_divider][et_pb_accordion open_toggle_text_color=\u00bb#252944&#8243; closed_toggle_text_color=\u00bb#252944&#8243; closed_toggle_background_color=\u00bb#f2f2f2&#8243; toggle_icon=\u00bb&#xf058;||fa||400&#8243; icon_color=\u00bb#252944&#8243; use_icon_font_size=\u00bbon\u00bb icon_font_size=\u00bb30px\u00bb _builder_version=\u00bb4.18.1&#8243; _module_preset=\u00bbdefault\u00bb toggle_text_color=\u00bb#252944&#8243; toggle_font=\u00bbUbuntu||||||||\u00bb closed_toggle_font=\u00bbUbuntu||||||||\u00bb body_font=\u00bbUbuntu||||||||\u00bb body_text_color=\u00bb#252944&#8243; locked=\u00bboff\u00bb global_colors_info=\u00bb{}\u00bb][et_pb_accordion_item open=\u00bbon\u00bb _builder_version=\u00bb4.18.1&#8243; _module_preset=\u00bbdefault\u00bb custom_css_main_element=\u00bbdisplay:none;\u00bb global_colors_info=\u00bb{}\u00bb][\/et_pb_accordion_item][et_pb_accordion_item title=\u00bbGu\u00eda para presentar renta con la informaci\u00f3n de la declaraci\u00f3n sugerida\u00bb toggle_icon=\u00bb&#xf167;||fa||400&#8243; _builder_version=\u00bb4.18.1&#8243; _module_preset=\u00bbdefault\u00bb global_colors_info=\u00bb{}\u00bb open=\u00bboff\u00bb]<\/p>\n<p><iframe title=\"Gu\u00eda para presentar renta con la informaci\u00f3n de la declaraci\u00f3n sugerida.\" width=\"1080\" height=\"608\" src=\"https:\/\/www.youtube.com\/embed\/iqsddeg8T6s?feature=oembed\"  allow=\"accelerometer; autoplay; clipboard-write; encrypted-media; gyroscope; picture-in-picture; web-share\" referrerpolicy=\"strict-origin-when-cross-origin\" allowfullscreen><\/iframe><\/p>\n<p>[\/et_pb_accordion_item][et_pb_accordion_item title=\u00bbConozca en tres pasos si debe declarar renta\u00bb toggle_icon=\u00bb&#xf167;||fa||400&#8243; _builder_version=\u00bb4.18.1&#8243; _module_preset=\u00bbdefault\u00bb global_colors_info=\u00bb{}\u00bb open=\u00bboff\u00bb]<\/p>\n<p><iframe title=\"Conozca en tres pasos si debe declarar renta\" width=\"1080\" height=\"608\" src=\"https:\/\/www.youtube.com\/embed\/AGcBOBSak0A?feature=oembed\"  allow=\"accelerometer; autoplay; clipboard-write; encrypted-media; gyroscope; picture-in-picture; web-share\" referrerpolicy=\"strict-origin-when-cross-origin\" allowfullscreen><\/iframe><\/p>\n<p>[\/et_pb_accordion_item][et_pb_accordion_item title=\u00bbGu\u00eda para hacer su declaraci\u00f3n de renta como usuario experto\u00bb toggle_icon=\u00bb&#xf167;||fa||400&#8243; _builder_version=\u00bb4.18.1&#8243; _module_preset=\u00bbdefault\u00bb global_colors_info=\u00bb{}\u00bb open=\u00bboff\u00bb]<\/p>\n<p><iframe title=\"Gu\u00eda para hacer su declaraci\u00f3n de renta como usuario experto.\" width=\"1080\" height=\"608\" src=\"https:\/\/www.youtube.com\/embed\/DjO9Mmtk26A?feature=oembed\"  allow=\"accelerometer; autoplay; clipboard-write; encrypted-media; gyroscope; picture-in-picture; web-share\" referrerpolicy=\"strict-origin-when-cross-origin\" allowfullscreen><\/iframe><\/p>\n<p>[\/et_pb_accordion_item][et_pb_accordion_item title=\u00bbGu\u00eda para hacer su declaraci\u00f3n de renta como usuario no experto\u00bb toggle_icon=\u00bb&#xf167;||fa||400&#8243; _builder_version=\u00bb4.18.1&#8243; _module_preset=\u00bbdefault\u00bb global_colors_info=\u00bb{}\u00bb open=\u00bboff\u00bb]<\/p>\n<p><iframe title=\"\u00bfVa a hacer su declaraci\u00f3n de renta y no sabe por d\u00f3nde empezar?\" width=\"1080\" height=\"608\" src=\"https:\/\/www.youtube.com\/embed\/rSCG6O78We0?feature=oembed\"  allow=\"accelerometer; autoplay; clipboard-write; encrypted-media; gyroscope; picture-in-picture; web-share\" referrerpolicy=\"strict-origin-when-cross-origin\" allowfullscreen><\/iframe><\/p>\n<p>[\/et_pb_accordion_item][et_pb_accordion_item title=\u00bbCambios en la Declaraci\u00f3n de Renta Personas Naturales AG 2023&#8243; toggle_icon=\u00bb&#xf167;||fa||400&#8243; _builder_version=\u00bb4.18.1&#8243; _module_preset=\u00bbdefault\u00bb global_colors_info=\u00bb{}\u00bb open=\u00bboff\u00bb]<\/p>\n<p><iframe title=\"Cambios en la Declaraci\u00f3n de Renta Personas Naturales AG 2023\" width=\"1080\" height=\"608\" src=\"https:\/\/www.youtube.com\/embed\/5gTz9SrJ14o?feature=oembed\"  allow=\"accelerometer; autoplay; clipboard-write; encrypted-media; gyroscope; picture-in-picture; web-share\" referrerpolicy=\"strict-origin-when-cross-origin\" allowfullscreen><\/iframe><\/p>\n<p>[\/et_pb_accordion_item][et_pb_accordion_item title=\u00bbTaller virtual para principiantes: Registro \u00danico Tributario &#8211; RUT\u00bb toggle_icon=\u00bb&#xf167;||fa||400&#8243; _builder_version=\u00bb4.18.1&#8243; _module_preset=\u00bbdefault\u00bb global_colors_info=\u00bb{}\u00bb open=\u00bboff\u00bb]<\/p>\n<p><iframe title=\"Taller virtual para principiantes: Registro \u00danico Tributario - RUT\" width=\"1080\" height=\"608\" src=\"https:\/\/www.youtube.com\/embed\/3yha4iGVWZM?feature=oembed\"  allow=\"accelerometer; autoplay; clipboard-write; encrypted-media; gyroscope; picture-in-picture; web-share\" referrerpolicy=\"strict-origin-when-cross-origin\" allowfullscreen><\/iframe><\/p>\n<p>[\/et_pb_accordion_item][et_pb_accordion_item title=\u00bbAyuda Renta de la DIAN: \u00bfc\u00f3mo utilizarla?\u00bb toggle_icon=\u00bb&#xf167;||fa||400&#8243; _builder_version=\u00bb4.18.1&#8243; _module_preset=\u00bbdefault\u00bb global_colors_info=\u00bb{}\u00bb open=\u00bboff\u00bb]<\/p>\n<p><iframe title=\"Ayuda Renta de la DIAN: \u00bfc\u00f3mo utilizarla?\" width=\"1080\" height=\"608\" src=\"https:\/\/www.youtube.com\/embed\/Yf3n1TvMkhw?feature=oembed\"  allow=\"accelerometer; autoplay; clipboard-write; encrypted-media; gyroscope; picture-in-picture; web-share\" referrerpolicy=\"strict-origin-when-cross-origin\" allowfullscreen><\/iframe><\/p>\n<p>[\/et_pb_accordion_item][et_pb_accordion_item title=\u00bbConozca el micrositio de renta DIAN y s\u00e1quele el mejor provecho\u00bb toggle_icon=\u00bb&#xf167;||fa||400&#8243; _builder_version=\u00bb4.18.1&#8243; _module_preset=\u00bbdefault\u00bb global_colors_info=\u00bb{}\u00bb open=\u00bboff\u00bb]<\/p>\n<p><iframe title=\"Micrositio de Renta DIAN, as\u00ed le puede sacar el mejor provecho\" width=\"1080\" height=\"608\" src=\"https:\/\/www.youtube.com\/embed\/qFgqgPVw6mw?feature=oembed\"  allow=\"accelerometer; autoplay; clipboard-write; encrypted-media; gyroscope; picture-in-picture; web-share\" referrerpolicy=\"strict-origin-when-cross-origin\" allowfullscreen><\/iframe><\/p>\n<p>[\/et_pb_accordion_item][et_pb_accordion_item title=\u00bbServicios de los N\u00facleos de Apoyo Contable y Fiscal (NAF) para la declaraci\u00f3n de renta\u00bb toggle_icon=\u00bb&#xf167;||fa||400&#8243; _builder_version=\u00bb4.18.1&#8243; _module_preset=\u00bbdefault\u00bb global_colors_info=\u00bb{}\u00bb open=\u00bboff\u00bb]<\/p>\n<p><iframe title=\"SERVICIOS DE LOS N\u00daCLEOS DE APOYO CONTABLE Y FISCAL (NAF) PARA LA DECLARACI\u00d3N DE RENTA\" width=\"1080\" height=\"608\" src=\"https:\/\/www.youtube.com\/embed\/Vx5-Tv5puK0?feature=oembed\"  allow=\"accelerometer; autoplay; clipboard-write; encrypted-media; gyroscope; picture-in-picture; web-share\" referrerpolicy=\"strict-origin-when-cross-origin\" allowfullscreen><\/iframe><\/p>\n<p>[\/et_pb_accordion_item][\/et_pb_accordion][\/et_pb_column][\/et_pb_row][\/et_pb_section][et_pb_section fb_built=\u00bb1&#8243; disabled_on=\u00bbon|on|on\u00bb admin_label=\u00bbSection\u00bb _builder_version=\u00bb4.18.1&#8243; _module_preset=\u00bbdefault\u00bb background_color=\u00bb#27a2c4&#8243; custom_margin=\u00bb8px||8px||true|true\u00bb custom_padding=\u00bb5px||5px||true|true\u00bb animation_style=\u00bbfade\u00bb link_option_url=\u00bbhttps:\/\/webazure.dian.gov.co\/consultarenta\/\u00bb link_option_url_new_window=\u00bbon\u00bb da_disable_devices=\u00bboff|off|off\u00bb disabled=\u00bbon\u00bb collapsed=\u00bbon\u00bb global_colors_info=\u00bb{}\u00bb da_is_popup=\u00bboff\u00bb da_exit_intent=\u00bboff\u00bb da_has_close=\u00bbon\u00bb da_alt_close=\u00bboff\u00bb da_dark_close=\u00bboff\u00bb da_not_modal=\u00bbon\u00bb da_is_singular=\u00bboff\u00bb da_with_loader=\u00bboff\u00bb da_has_shadow=\u00bbon\u00bb][et_pb_row _builder_version=\u00bb4.18.1&#8243; _module_preset=\u00bbdefault\u00bb global_colors_info=\u00bb{}\u00bb][et_pb_column type=\u00bb4_4&#8243; _builder_version=\u00bb4.18.1&#8243; _module_preset=\u00bbdefault\u00bb global_colors_info=\u00bb{}\u00bb][et_pb_text _builder_version=\u00bb4.18.1&#8243; _module_preset=\u00bbdefault\u00bb text_font=\u00bbUbuntu|700|||||||\u00bb text_text_color=\u00bb#252944&#8243; text_font_size=\u00bb25px\u00bb header_text_color=\u00bb#E02B20&#8243; header_3_font=\u00bbUbuntu|700|||||||\u00bb header_3_text_color=\u00bb#252944&#8243; header_3_font_size=\u00bb25px\u00bb header_4_font=\u00bbUbuntu|500|||||||\u00bb header_4_text_color=\u00bb#f2f2f2&#8243; text_orientation=\u00bbcenter\u00bb custom_padding=\u00bb0px|||||\u00bb link_option_url=\u00bbhttps:\/\/webazure.dian.gov.co\/consultarenta\/\u00bb link_option_url_new_window=\u00bbon\u00bb global_colors_info=\u00bb{}\u00bb]<\/p>\n<h4 style=\"text-align: center;\"><span style=\"color: #ffffff;\"><img decoding=\"async\" src=\"http:\/\/micrositios.dian.gov.co\/renta-personas-naturales-ag-2023\/wp-content\/uploads\/sites\/15\/2024\/07\/Renta2023-buscador.png\" alt=\"\" class=\"wp-image-2315 alignnone size-full\" width=\"54\" height=\"54\" \/><\/span><\/h4>\n<h4 style=\"text-align: center;\"><span style=\"color: #ffffff;\">Si tiene dudas si debe declarar, consulte por su n\u00famero de c\u00e9dula dando clic <a href=\"https:\/\/webazure.dian.gov.co\/consultarenta\/\" target=\"_blank\" rel=\"noopener\" style=\"color: #ffffff;\">aqu\u00ed<\/a>.<\/span><strong><\/strong><\/h4>\n<p>[\/et_pb_text][\/et_pb_column][\/et_pb_row][\/et_pb_section][et_pb_section fb_built=\u00bb1&#8243; admin_label=\u00bbSection\u00bb _builder_version=\u00bb4.18.1&#8243; _module_preset=\u00bbdefault\u00bb background_color=\u00bb#f2f2f2&#8243; custom_margin=\u00bb8px||8px||true|true\u00bb custom_padding=\u00bb5px||5px||true|true\u00bb animation_style=\u00bbfade\u00bb da_disable_devices=\u00bboff|off|off\u00bb collapsed=\u00bbon\u00bb global_colors_info=\u00bb{}\u00bb da_is_popup=\u00bboff\u00bb da_exit_intent=\u00bboff\u00bb da_has_close=\u00bbon\u00bb da_alt_close=\u00bboff\u00bb da_dark_close=\u00bboff\u00bb da_not_modal=\u00bbon\u00bb da_is_singular=\u00bboff\u00bb da_with_loader=\u00bboff\u00bb da_has_shadow=\u00bbon\u00bb][et_pb_row _builder_version=\u00bb4.16&#8243; _module_preset=\u00bbdefault\u00bb custom_padding=\u00bb||3px|||\u00bb global_colors_info=\u00bb{}\u00bb][et_pb_column type=\u00bb4_4&#8243; _builder_version=\u00bb4.16&#8243; _module_preset=\u00bbdefault\u00bb global_colors_info=\u00bb{}\u00bb][et_pb_text _builder_version=\u00bb4.18.1&#8243; _module_preset=\u00bbdefault\u00bb text_font=\u00bbUbuntu|700|||||||\u00bb text_text_color=\u00bb#252944&#8243; text_font_size=\u00bb25px\u00bb header_text_color=\u00bb#E02B20&#8243; header_3_font=\u00bbUbuntu|700|||||||\u00bb header_3_text_color=\u00bb#252944&#8243; header_3_font_size=\u00bb25px\u00bb text_orientation=\u00bbcenter\u00bb custom_padding=\u00bb0px|||||\u00bb global_colors_info=\u00bb{}\u00bb]<\/p>\n<h3 style=\"text-align: left;\"><strong><img decoding=\"async\" src=\"http:\/\/micrositios.dian.gov.co\/renta-personas-naturales-ag-2023\/wp-content\/uploads\/sites\/15\/2024\/05\/HomeIcono1Topes-54x54-1.png\" alt=\"Icono topes Declaracion de Renta AG 2023\" class=\"wp-image-1795 alignnone size-full\" style=\"display: block; margin-left: auto; margin-right: auto;\" width=\"54\" height=\"54\" \/><\/strong><\/h3>\n<h3 style=\"text-align: left;\"><strong><\/strong><\/h3>\n<h3 style=\"text-align: center;\"><strong><\/strong><strong>A usted le toca declarar si cumple con una de estas condiciones:<\/strong><\/h3>\n<p>[\/et_pb_text][et_pb_divider color=\u00bb#252944&#8243; divider_weight=\u00bb3px\u00bb _builder_version=\u00bb4.18.1&#8243; _module_preset=\u00bbdefault\u00bb width=\u00bb71%\u00bb module_alignment=\u00bbcenter\u00bb custom_margin=\u00bb-23px||10px||false|false\u00bb global_colors_info=\u00bb{}\u00bb][\/et_pb_divider][\/et_pb_column][\/et_pb_row][\/et_pb_section][et_pb_section fb_built=\u00bb1&#8243; admin_label=\u00bbSection\u00bb _builder_version=\u00bb4.18.1&#8243; _module_preset=\u00bbdefault\u00bb custom_margin=\u00bb||||true|true\u00bb custom_padding=\u00bb12px||12px||true|true\u00bb animation_style=\u00bbfade\u00bb da_disable_devices=\u00bboff|off|off\u00bb collapsed=\u00bbon\u00bb global_colors_info=\u00bb{}\u00bb da_is_popup=\u00bboff\u00bb da_exit_intent=\u00bboff\u00bb da_has_close=\u00bbon\u00bb da_alt_close=\u00bboff\u00bb da_dark_close=\u00bboff\u00bb da_not_modal=\u00bbon\u00bb da_is_singular=\u00bboff\u00bb da_with_loader=\u00bboff\u00bb da_has_shadow=\u00bbon\u00bb][et_pb_row column_structure=\u00bb1_2,1_2&#8243; _builder_version=\u00bb4.18.1&#8243; _module_preset=\u00bbdefault\u00bb custom_padding=\u00bb15px||0px|||\u00bb global_colors_info=\u00bb{}\u00bb][et_pb_column type=\u00bb1_2&#8243; _builder_version=\u00bb4.16&#8243; _module_preset=\u00bbdefault\u00bb global_colors_info=\u00bb{}\u00bb][et_pb_text _builder_version=\u00bb4.18.1&#8243; _module_preset=\u00bbdefault\u00bb text_font=\u00bbUbuntu||||||||\u00bb text_text_color=\u00bb#2b323d\u00bb text_orientation=\u00bbcenter\u00bb custom_margin=\u00bb0px||0px||true|true\u00bb custom_padding=\u00bb0px||0px||true|true\u00bb global_colors_info=\u00bb{}\u00bb]<\/p>\n<p style=\"text-align: left;\">Que su patrimonio bruto, a 31 de diciembre de 2023, haya sido superior a<\/p>\n<p>[\/et_pb_text][et_pb_number_counter number=\u00bb190.854.000&#8243; percent_sign=\u00bboff\u00bb module_id=\u00bbdollar\u00bb module_class=\u00bbdollar\u00bb _builder_version=\u00bb4.18.1&#8243; _module_preset=\u00bbdefault\u00bb number_font=\u00bbUbuntu|700|||||||\u00bb number_text_align=\u00bbleft\u00bb number_text_color=\u00bb#242955&#8243; number_font_size=\u00bb25px\u00bb module_alignment=\u00bbleft\u00bb custom_margin=\u00bb-20px||-20px||true|true\u00bb custom_padding=\u00bb9px||9px||true|true\u00bb motion_trigger_start=\u00bbtop\u00bb global_colors_info=\u00bb{}\u00bb][\/et_pb_number_counter][et_pb_divider color=\u00bb#27a2c4&#8243; divider_weight=\u00bb2px\u00bb _builder_version=\u00bb4.18.1&#8243; _module_preset=\u00bbdefault\u00bb width=\u00bb97%\u00bb module_alignment=\u00bbleft\u00bb custom_margin=\u00bb-23px||10px||false|false\u00bb global_colors_info=\u00bb{}\u00bb][\/et_pb_divider][et_pb_text _builder_version=\u00bb4.18.1&#8243; _module_preset=\u00bbdefault\u00bb text_font=\u00bbUbuntu||||||||\u00bb text_text_color=\u00bb#2b323d\u00bb text_orientation=\u00bbcenter\u00bb custom_margin=\u00bb0px||0px||true|false\u00bb custom_padding=\u00bb||||true\u00bb global_colors_info=\u00bb{}\u00bb]<\/p>\n<p style=\"text-align: left;\">Que, en 2023, sus ingresos brutos hayan sido iguales o superiores a<\/p>\n<p>[\/et_pb_text][et_pb_number_counter number=\u00bb59.377.000&#8243; percent_sign=\u00bboff\u00bb module_id=\u00bbdollar\u00bb module_class=\u00bbdollar\u00bb _builder_version=\u00bb4.18.1&#8243; _module_preset=\u00bbdefault\u00bb number_font=\u00bbUbuntu|700|||||||\u00bb number_text_align=\u00bbleft\u00bb number_text_color=\u00bb#242955&#8243; number_font_size=\u00bb25px\u00bb module_alignment=\u00bbleft\u00bb custom_margin=\u00bb-20px||-20px||true|true\u00bb custom_padding=\u00bb9px||9px||true|true\u00bb motion_trigger_start=\u00bbtop\u00bb global_colors_info=\u00bb{}\u00bb][\/et_pb_number_counter][et_pb_divider color=\u00bb#27a2c4&#8243; divider_weight=\u00bb2px\u00bb _builder_version=\u00bb4.18.1&#8243; _module_preset=\u00bbdefault\u00bb width=\u00bb97%\u00bb module_alignment=\u00bbleft\u00bb custom_margin=\u00bb-23px||10px||false|false\u00bb global_colors_info=\u00bb{}\u00bb][\/et_pb_divider][et_pb_text _builder_version=\u00bb4.18.1&#8243; _module_preset=\u00bbdefault\u00bb text_font=\u00bbUbuntu||||||||\u00bb text_text_color=\u00bb#2b323d\u00bb text_orientation=\u00bbcenter\u00bb custom_margin=\u00bb0px||0px||true|false\u00bb custom_padding=\u00bb||||true\u00bb global_colors_info=\u00bb{}\u00bb]<\/p>\n<p style=\"text-align: left;\">Que sus consumos con tarjeta de cr\u00e9dito, en 2023, hayan sido superiores a<\/p>\n<p>[\/et_pb_text][et_pb_number_counter number=\u00bb59.377.000&#8243; percent_sign=\u00bboff\u00bb module_id=\u00bbdollar\u00bb module_class=\u00bbdollar\u00bb _builder_version=\u00bb4.18.1&#8243; _module_preset=\u00bbdefault\u00bb number_font=\u00bbUbuntu|700|||||||\u00bb number_text_align=\u00bbleft\u00bb number_text_color=\u00bb#242955&#8243; number_font_size=\u00bb25px\u00bb module_alignment=\u00bbleft\u00bb custom_margin=\u00bb-20px||-20px||true|true\u00bb custom_padding=\u00bb9px||9px||true|true\u00bb motion_trigger_start=\u00bbtop\u00bb global_colors_info=\u00bb{}\u00bb][\/et_pb_number_counter][et_pb_divider color=\u00bb#27a2c4&#8243; divider_weight=\u00bb2px\u00bb _builder_version=\u00bb4.18.1&#8243; _module_preset=\u00bbdefault\u00bb width=\u00bb97%\u00bb module_alignment=\u00bbleft\u00bb custom_margin=\u00bb-23px||10px||false|false\u00bb global_colors_info=\u00bb{}\u00bb][\/et_pb_divider][et_pb_text _builder_version=\u00bb4.18.1&#8243; _module_preset=\u00bbdefault\u00bb text_font=\u00bbUbuntu||||||||\u00bb text_text_color=\u00bb#2b323d\u00bb text_orientation=\u00bbcenter\u00bb custom_margin=\u00bb0px||0px||true|false\u00bb custom_padding=\u00bb||||true\u00bb global_colors_info=\u00bb{}\u00bb]<\/p>\n<p style=\"text-align: left;\">Que el valor total de sus compras y consumos, en 2023, hayan sido superiores a<\/p>\n<p>[\/et_pb_text][et_pb_number_counter number=\u00bb59.377.000&#8243; percent_sign=\u00bboff\u00bb module_id=\u00bbdollar\u00bb module_class=\u00bbdollar\u00bb _builder_version=\u00bb4.18.1&#8243; _module_preset=\u00bbdefault\u00bb number_font=\u00bbUbuntu|700|||||||\u00bb number_text_align=\u00bbleft\u00bb number_text_color=\u00bb#242955&#8243; number_font_size=\u00bb25px\u00bb module_alignment=\u00bbleft\u00bb custom_margin=\u00bb-20px||-20px||true|true\u00bb custom_padding=\u00bb9px||9px||true|true\u00bb motion_trigger_start=\u00bbtop\u00bb global_colors_info=\u00bb{}\u00bb][\/et_pb_number_counter][et_pb_divider color=\u00bb#27a2c4&#8243; divider_weight=\u00bb2px\u00bb _builder_version=\u00bb4.18.1&#8243; _module_preset=\u00bbdefault\u00bb width=\u00bb97%\u00bb module_alignment=\u00bbleft\u00bb custom_margin=\u00bb-23px||10px||false|false\u00bb global_colors_info=\u00bb{}\u00bb][\/et_pb_divider][et_pb_text _builder_version=\u00bb4.18.1&#8243; _module_preset=\u00bbdefault\u00bb text_font=\u00bbUbuntu||||||||\u00bb text_text_color=\u00bb#2b323d\u00bb text_orientation=\u00bbcenter\u00bb custom_margin=\u00bb0px||0px||true|false\u00bb custom_padding=\u00bb||||true\u00bb global_colors_info=\u00bb{}\u00bb]<\/p>\n<p style=\"text-align: left;\">Que el valor total acumulado de sus consignaciones bancarias, dep\u00f3sitos o inversiones financieras hayan sido superiores a<\/p>\n<p>[\/et_pb_text][et_pb_number_counter number=\u00bb59.377.000&#8243; percent_sign=\u00bboff\u00bb module_id=\u00bbdollar\u00bb module_class=\u00bbdollar\u00bb _builder_version=\u00bb4.18.1&#8243; _module_preset=\u00bbdefault\u00bb number_font=\u00bbUbuntu|700|||||||\u00bb number_text_align=\u00bbleft\u00bb number_text_color=\u00bb#242955&#8243; number_font_size=\u00bb25px\u00bb module_alignment=\u00bbleft\u00bb custom_margin=\u00bb-20px||-20px||true|true\u00bb custom_padding=\u00bb9px||9px||true|true\u00bb motion_trigger_start=\u00bbtop\u00bb global_colors_info=\u00bb{}\u00bb][\/et_pb_number_counter][et_pb_divider color=\u00bb#27a2c4&#8243; divider_weight=\u00bb2px\u00bb _builder_version=\u00bb4.18.1&#8243; _module_preset=\u00bbdefault\u00bb width=\u00bb97%\u00bb module_alignment=\u00bbleft\u00bb custom_margin=\u00bb-23px||10px||false|false\u00bb global_colors_info=\u00bb{}\u00bb][\/et_pb_divider][et_pb_text _builder_version=\u00bb4.18.1&#8243; _module_preset=\u00bbdefault\u00bb text_font=\u00bbUbuntu||||||||\u00bb text_text_color=\u00bb#2b323d\u00bb text_orientation=\u00bbcenter\u00bb custom_margin=\u00bb0px||0px||true|false\u00bb custom_padding=\u00bb||||true\u00bb global_colors_info=\u00bb{}\u00bb]<\/p>\n<p style=\"text-align: left;\">Ser responsable del Impuesto sobre las Ventas (IVA) a 31 de diciembre de 2023.<\/p>\n<p>[\/et_pb_text][dipl_interactive_image_card _builder_version=\u00bb4.18.1&#8243; _module_preset=\u00bbdefault\u00bb global_colors_info=\u00bb{}\u00bb][\/dipl_interactive_image_card][\/et_pb_column][et_pb_column type=\u00bb1_2&#8243; _builder_version=\u00bb4.18.1&#8243; _module_preset=\u00bbdefault\u00bb global_colors_info=\u00bb{}\u00bb][et_pb_image src=\u00bbhttp:\/\/micrositios.dian.gov.co\/renta-personas-naturales-ag-2023\/wp-content\/uploads\/sites\/15\/2024\/07\/Home-Selva-448-552.jpg\u00bb title_text=\u00bbHome-Selva-448-552&#8243; align_tablet=\u00bbcenter\u00bb align_phone=\u00bbcenter\u00bb align_last_edited=\u00bbon|tablet\u00bb _builder_version=\u00bb4.18.1&#8243; _module_preset=\u00bbdefault\u00bb global_colors_info=\u00bb{}\u00bb][\/et_pb_image][\/et_pb_column][\/et_pb_row][\/et_pb_section][et_pb_section fb_built=\u00bb1&#8243; admin_label=\u00bbSection\u00bb _builder_version=\u00bb4.18.1&#8243; _module_preset=\u00bbdefault\u00bb background_color=\u00bb#f2f2f2&#8243; custom_margin=\u00bb8px||8px||true|true\u00bb custom_padding=\u00bb5px||5px||true|true\u00bb animation_style=\u00bbfade\u00bb da_disable_devices=\u00bboff|off|off\u00bb locked=\u00bboff\u00bb collapsed=\u00bbon\u00bb global_colors_info=\u00bb{}\u00bb da_is_popup=\u00bboff\u00bb da_exit_intent=\u00bboff\u00bb da_has_close=\u00bbon\u00bb da_alt_close=\u00bboff\u00bb da_dark_close=\u00bboff\u00bb da_not_modal=\u00bbon\u00bb da_is_singular=\u00bboff\u00bb da_with_loader=\u00bboff\u00bb da_has_shadow=\u00bbon\u00bb][et_pb_row _builder_version=\u00bb4.16&#8243; _module_preset=\u00bbdefault\u00bb custom_padding=\u00bb||2px|||\u00bb global_colors_info=\u00bb{}\u00bb][et_pb_column type=\u00bb4_4&#8243; _builder_version=\u00bb4.16&#8243; _module_preset=\u00bbdefault\u00bb global_colors_info=\u00bb{}\u00bb][et_pb_text _builder_version=\u00bb4.18.1&#8243; _module_preset=\u00bbdefault\u00bb text_font=\u00bbUbuntu|700|||||||\u00bb text_text_color=\u00bb#252944&#8243; text_font_size=\u00bb20px\u00bb header_3_font=\u00bbUbuntu|700|||||||\u00bb header_3_text_color=\u00bb#252944&#8243; header_3_font_size=\u00bb25px\u00bb text_orientation=\u00bbcenter\u00bb custom_padding=\u00bb0px|||||\u00bb global_colors_info=\u00bb{}\u00bb]<\/p>\n<h3 style=\"text-align: center;\"><strong><img decoding=\"async\" src=\"http:\/\/micrositios.dian.gov.co\/renta-personas-naturales-ag-2023\/wp-content\/uploads\/sites\/15\/2024\/05\/HomeIcono2Calendario-54x54-1.png\" alt=\"Icono calendario Declaracion de Renta AG 2023\" class=\"wp-image-1804 alignnone size-full\" style=\"display: block; margin-left: auto; margin-right: auto;\" width=\"54\" height=\"54\" \/><\/strong><\/h3>\n<h3 style=\"text-align: center;\"><strong><\/strong><\/h3>\n<h3 style=\"text-align: center;\"><strong>\u00a0Calendario de vencimientos<\/strong><\/h3>\n<p>[\/et_pb_text][et_pb_divider color=\u00bb#252944&#8243; divider_weight=\u00bb3px\u00bb _builder_version=\u00bb4.18.1&#8243; _module_preset=\u00bbdefault\u00bb width=\u00bb31%\u00bb module_alignment=\u00bbcenter\u00bb custom_margin=\u00bb-23px||10px||false|false\u00bb global_colors_info=\u00bb{}\u00bb][\/et_pb_divider][\/et_pb_column][\/et_pb_row][\/et_pb_section][et_pb_section fb_built=\u00bb1&#8243; admin_label=\u00bbSection\u00bb _builder_version=\u00bb4.18.1&#8243; _module_preset=\u00bbdefault\u00bb custom_margin=\u00bb||||true|true\u00bb custom_padding=\u00bb12px||12px||true|true\u00bb animation_style=\u00bbfade\u00bb da_disable_devices=\u00bboff|off|off\u00bb locked=\u00bboff\u00bb collapsed=\u00bboff\u00bb global_colors_info=\u00bb{}\u00bb da_is_popup=\u00bboff\u00bb da_exit_intent=\u00bboff\u00bb da_has_close=\u00bbon\u00bb da_alt_close=\u00bboff\u00bb da_dark_close=\u00bboff\u00bb da_not_modal=\u00bbon\u00bb da_is_singular=\u00bboff\u00bb da_with_loader=\u00bboff\u00bb da_has_shadow=\u00bbon\u00bb][et_pb_row _builder_version=\u00bb4.18.1&#8243; _module_preset=\u00bbdefault\u00bb global_colors_info=\u00bb{}\u00bb][et_pb_column type=\u00bb4_4&#8243; _builder_version=\u00bb4.18.1&#8243; _module_preset=\u00bbdefault\u00bb global_colors_info=\u00bb{}\u00bb][et_pb_image src=\u00bbhttp:\/\/micrositios.dian.gov.co\/renta-personas-naturales-ag-2023\/wp-content\/uploads\/sites\/15\/2024\/06\/CT-Renta-Naturales-2024_ago.jpg\u00bb alt=\u00bbCT Renta Naturales 2024 agosto\u00bb title_text=\u00bbCT-Renta-Naturales-2024_ago\u00bb _builder_version=\u00bb4.18.1&#8243; _module_preset=\u00bbdefault\u00bb global_colors_info=\u00bb{}\u00bb][\/et_pb_image][et_pb_image src=\u00bbhttp:\/\/micrositios.dian.gov.co\/renta-personas-naturales-ag-2023\/wp-content\/uploads\/sites\/15\/2024\/06\/CT-Renta-Naturales-2024_sep.jpg\u00bb alt=\u00bbCT Renta Naturales 2024 octubre\u00bb title_text=\u00bbCT-Renta-Naturales-2024_sep\u00bb _builder_version=\u00bb4.18.1&#8243; _module_preset=\u00bbdefault\u00bb global_colors_info=\u00bb{}\u00bb][\/et_pb_image][et_pb_image src=\u00bbhttp:\/\/micrositios.dian.gov.co\/renta-personas-naturales-ag-2023\/wp-content\/uploads\/sites\/15\/2024\/07\/CT-Renta-Nat-2024_oct.jpg\u00bb alt=\u00bbCT Renta Naturales 2024 octubre\u00bb title_text=\u00bbCT-Renta-Nat-2024_oct\u00bb _builder_version=\u00bb4.18.1&#8243; _module_preset=\u00bbdefault\u00bb global_colors_info=\u00bb{}\u00bb][\/et_pb_image][\/et_pb_column][\/et_pb_row][et_pb_row disabled_on=\u00bbon|on|on\u00bb _builder_version=\u00bb4.18.1&#8243; _module_preset=\u00bbdefault\u00bb disabled=\u00bbon\u00bb global_colors_info=\u00bb{}\u00bb][et_pb_column type=\u00bb4_4&#8243; _builder_version=\u00bb4.18.1&#8243; _module_preset=\u00bbdefault\u00bb global_colors_info=\u00bb{}\u00bb][et_pb_accordion open_toggle_text_color=\u00bb#252944&#8243; closed_toggle_text_color=\u00bb#252944&#8243; closed_toggle_background_color=\u00bb#f2f2f2&#8243; toggle_icon=\u00bb&#x47;||divi||400&#8243; icon_color=\u00bb#252944&#8243; use_icon_font_size=\u00bbon\u00bb icon_font_size=\u00bb30px\u00bb _builder_version=\u00bb4.18.1&#8243; _module_preset=\u00bbdefault\u00bb toggle_text_color=\u00bb#252944&#8243; toggle_font=\u00bbUbuntu||||||||\u00bb closed_toggle_font=\u00bbUbuntu||||||||\u00bb body_font=\u00bbUbuntu||||||||\u00bb body_text_color=\u00bb#252944&#8243; global_colors_info=\u00bb{}\u00bb][et_pb_accordion_item open=\u00bbon\u00bb _builder_version=\u00bb4.18.1&#8243; _module_preset=\u00bbdefault\u00bb custom_css_main_element=\u00bbdisplay:none;\u00bb global_colors_info=\u00bb{}\u00bb][\/et_pb_accordion_item][et_pb_accordion_item title=\u00bbAgosto 2024&#8243; _builder_version=\u00bb4.18.1&#8243; _module_preset=\u00bbdefault\u00bb global_colors_info=\u00bb{}\u00bb open=\u00bboff\u00bb]<\/p>\n<p><a href=\"http:\/\/micrositios.dian.gov.co\/renta-personas-naturales-ag-2023\/wp-content\/uploads\/sites\/15\/2024\/06\/CT-Renta-Naturales-2024_ago.jpg\"><img decoding=\"async\" width=\"1111\" height=\"263\" src=\"https:\/\/micrositios.dian.gov.co\/renta-personas-naturales-ag-2023\/wp-content\/uploads\/sites\/15\/2024\/06\/CT-Renta-Naturales-2024_ago.jpg\" alt=\"CT-Renta-Naturales-2024 agosto\" class=\"size-medium alignnone\" \/><\/a><\/p>\n<p>[\/et_pb_accordion_item][et_pb_accordion_item title=\u00bbSeptiembre 2024&#8243; _builder_version=\u00bb4.18.1&#8243; _module_preset=\u00bbdefault\u00bb global_colors_info=\u00bb{}\u00bb open=\u00bboff\u00bb]<\/p>\n<p><img decoding=\"async\" width=\"1111\" height=\"264\" src=\"https:\/\/micrositios.dian.gov.co\/renta-personas-naturales-ag-2023\/wp-content\/uploads\/sites\/15\/2024\/06\/CT-Renta-Naturales-2024_sep.jpg\" alt=\"CT-Renta-Naturales-2024 septiembre\" class=\"size-medium alignnone\" \/><\/p>\n<p>[\/et_pb_accordion_item][et_pb_accordion_item title=\u00bbOctubre 2024&#8243; _builder_version=\u00bb4.18.1&#8243; _module_preset=\u00bbdefault\u00bb global_colors_info=\u00bb{}\u00bb open=\u00bboff\u00bb]<\/p>\n<p><img decoding=\"async\" width=\"1111\" height=\"264\" src=\"https:\/\/micrositios.dian.gov.co\/renta-personas-naturales-ag-2023\/wp-content\/uploads\/sites\/15\/2024\/06\/CT-Renta-Naturales-2024_oct.jpg\" alt=\"CT-Renta-Naturales-2024 octubre\" class=\"size-medium alignnone\" \/><\/p>\n<p>[\/et_pb_accordion_item][\/et_pb_accordion][\/et_pb_column][\/et_pb_row][\/et_pb_section][et_pb_section fb_built=\u00bb1&#8243; disabled_on=\u00bboff|off|off\u00bb admin_label=\u00bbSection\u00bb _builder_version=\u00bb4.18.1&#8243; _module_preset=\u00bbdefault\u00bb background_color=\u00bb#0C71C3&#8243; custom_margin=\u00bb8px||8px||true|true\u00bb custom_padding=\u00bb5px||5px||true|true\u00bb animation_style=\u00bbfade\u00bb link_option_url_new_window=\u00bbon\u00bb da_disable_devices=\u00bboff|off|off\u00bb locked=\u00bboff\u00bb collapsed=\u00bbon\u00bb global_colors_info=\u00bb{}\u00bb da_is_popup=\u00bboff\u00bb da_exit_intent=\u00bboff\u00bb da_has_close=\u00bbon\u00bb da_alt_close=\u00bboff\u00bb da_dark_close=\u00bboff\u00bb da_not_modal=\u00bbon\u00bb da_is_singular=\u00bboff\u00bb da_with_loader=\u00bboff\u00bb da_has_shadow=\u00bbon\u00bb][et_pb_row _builder_version=\u00bb4.18.1&#8243; _module_preset=\u00bbdefault\u00bb global_colors_info=\u00bb{}\u00bb][et_pb_column type=\u00bb4_4&#8243; _builder_version=\u00bb4.18.1&#8243; _module_preset=\u00bbdefault\u00bb global_colors_info=\u00bb{}\u00bb][et_pb_text _builder_version=\u00bb4.18.1&#8243; _module_preset=\u00bbdefault\u00bb text_font=\u00bbUbuntu|700|||||||\u00bb text_text_color=\u00bb#252944&#8243; text_font_size=\u00bb25px\u00bb header_text_color=\u00bb#E02B20&#8243; header_2_font=\u00bbUbuntu|700|||||||\u00bb header_2_font_size=\u00bb25px\u00bb header_3_font=\u00bbUbuntu|700|||||||\u00bb header_3_text_color=\u00bb#252944&#8243; header_3_font_size=\u00bb25px\u00bb header_4_font=\u00bbUbuntu|700|||||||\u00bb header_4_text_color=\u00bb#f2f2f2&#8243; text_orientation=\u00bbcenter\u00bb custom_padding=\u00bb0px|||||\u00bb link_option_url_new_window=\u00bbon\u00bb global_colors_info=\u00bb{}\u00bb]<\/p>\n<h5 style=\"text-align: left;\"><span style=\"color: #ffffff;\"><img decoding=\"async\" src=\"http:\/\/micrositios.dian.gov.co\/renta-personas-naturales-ag-2023\/wp-content\/uploads\/sites\/15\/2024\/08\/Icono-Contingencia.png\" width=\"54\" height=\"54\" alt=\"\" class=\"wp-image-2652 alignnone size-full\" style=\"display: block; margin-left: auto; margin-right: auto;\" \/><\/span><\/h5>\n<p><span style=\"color: #ffffff;\"><\/span><\/p>\n<p><span style=\"color: #ffffff;\"><\/span><\/p>\n<h2><span style=\"color: #ffffff;\">Consulte las \u00faltimas novedades sobre la estabilidad de los servicios digitales de la DIAN<\/span><\/h2>\n<p>[\/et_pb_text][\/et_pb_column][\/et_pb_row][et_pb_row column_structure=\u00bb1_2,1_2&#8243; _builder_version=\u00bb4.18.1&#8243; _module_preset=\u00bbdefault\u00bb global_colors_info=\u00bb{}\u00bb][et_pb_column type=\u00bb1_2&#8243; _builder_version=\u00bb4.18.1&#8243; _module_preset=\u00bbdefault\u00bb global_colors_info=\u00bb{}\u00bb][et_pb_text _builder_version=\u00bb4.18.1&#8243; _module_preset=\u00bbdefault\u00bb header_3_font=\u00bbUbuntu|700|||||||\u00bb header_4_font=\u00bbUbuntu||||||||\u00bb header_5_font=\u00bbUbuntu||||||||\u00bb global_colors_info=\u00bb{}\u00bb]<\/p>\n<h3 style=\"text-align: center;\"><span style=\"color: #ffffff;\"><strong>Comunicados<\/strong><\/span><\/h3>\n<p><span style=\"color: #ffffff;\"><strong><\/strong><\/span><\/p>\n<p><span style=\"color: #ffffff;\"><strong><\/strong><\/span><\/p>\n<p><span style=\"color: #ffffff;\"><\/span><\/p>\n<ul>\n<li>\n<h4><span style=\"color: #ffffff;\">Comunicado No. 048 consultar <strong><a href=\"https:\/\/www.dian.gov.co\/Prensa\/Paginas\/NG-Comunicado-de-Prensa-048-2024.aspx\" target=\"_blank\" rel=\"noopener\" style=\"color: #ffffff;\">aqu\u00ed<\/a><\/strong><\/span><\/h4>\n<\/li>\n<li>\n<h4><span style=\"color: #ffffff;\">Comunicado No. 049 consultar <strong><a href=\"https:\/\/www.dian.gov.co\/Prensa\/Paginas\/NG-Comunicado-de-Prensa-049-2024.aspx\" target=\"_blank\" rel=\"noopener\" style=\"color: #ffffff;\">aqu\u00ed<\/a><\/strong><\/span><\/h4>\n<\/li>\n<li>\n<h4><span style=\"color: #ffffff;\">Comunicado No. 050 consultar <strong><a href=\"https:\/\/www.dian.gov.co\/Prensa\/Paginas\/NG-Comunicado-de-Prensa-050-2024.aspx\" target=\"_blank\" rel=\"noopener\" style=\"color: #ffffff;\">aqu\u00ed<\/a><\/strong><strong><\/strong><\/span><\/h4>\n<\/li>\n<li>\n<h4><span style=\"color: #ffffff;\">Comunicado No. 051 consultar <strong><a href=\"https:\/\/www.dian.gov.co\/Prensa\/Paginas\/NG-Comunicado-de-Prensa-051-2024.aspx\" target=\"_blank\" rel=\"noopener\" style=\"color: #ffffff;\">aqu\u00ed<\/a><\/strong><\/span><\/h4>\n<\/li>\n<\/ul>\n<p>[\/et_pb_text][\/et_pb_column][et_pb_column type=\u00bb1_2&#8243; _builder_version=\u00bb4.18.1&#8243; _module_preset=\u00bbdefault\u00bb global_colors_info=\u00bb{}\u00bb][et_pb_text _builder_version=\u00bb4.18.1&#8243; _module_preset=\u00bbdefault\u00bb text_font=\u00bbUbuntu||||||||\u00bb text_text_color=\u00bb#FFFFFF\u00bb text_font_size=\u00bb15px\u00bb header_font=\u00bbUbuntu||||||||\u00bb header_3_font=\u00bbUbuntu|700|||||||\u00bb header_4_font=\u00bbUbuntu||||||||\u00bb header_4_font_size=\u00bb20px\u00bb header_5_font=\u00bbUbuntu|700|||||||\u00bb header_5_text_color=\u00bb#FFFFFF\u00bb global_colors_info=\u00bb{}\u00bb]<\/p>\n<h3 style=\"text-align: center;\"><span style=\"color: #ffffff;\"><strong>Video informativo<\/strong><\/span><span style=\"color: #ffffff;\"><strong><\/strong><\/span><span style=\"color: #ffffff;\"><strong><\/strong><\/span><\/h3>\n<p><span style=\"color: #ffffff;\"><strong><\/strong><\/span><\/p>\n<p><iframe title=\"DIAN instala PMU para atender contingencia por intermitencia en servicios tecnol\u00f3gicos.\" width=\"1080\" height=\"608\" src=\"https:\/\/www.youtube.com\/embed\/Nq2wAqr_da4?feature=oembed\"  allow=\"accelerometer; autoplay; clipboard-write; encrypted-media; gyroscope; picture-in-picture; web-share\" referrerpolicy=\"strict-origin-when-cross-origin\" allowfullscreen><\/iframe><\/p>\n<p><yt-formatted-string force-default-style=\"\" class=\"style-scope ytd-watch-metadata\">DIAN instala PMU para atender contingencia por intermitencia en servicios tecnol\u00f3gicos<\/yt-formatted-string><\/p>\n<p>[\/et_pb_text][\/et_pb_column][\/et_pb_row][\/et_pb_section][et_pb_section fb_built=\u00bb1&#8243; disabled_on=\u00bboff|off|on\u00bb admin_label=\u00bbBoton-flotante\u00bb module_class=\u00bbov-iconos-flotantes\u00bb _builder_version=\u00bb4.18.1&#8243; _module_preset=\u00bbdefault\u00bb background_color=\u00bbRGBA(255,255,255,0)\u00bb positioning=\u00bbfixed\u00bb position_origin_f=\u00bbcenter_right\u00bb z_index=\u00bb999999&#8243; max_width=\u00bb60px\u00bb custom_margin=\u00bb-180px||-180px||true|true\u00bb custom_padding=\u00bb0px||0px||true|false\u00bb animation_style=\u00bbfade\u00bb da_disable_devices=\u00bboff|off|off\u00bb locked=\u00bboff\u00bb global_colors_info=\u00bb{}\u00bb da_is_popup=\u00bboff\u00bb da_exit_intent=\u00bboff\u00bb da_has_close=\u00bbon\u00bb da_alt_close=\u00bboff\u00bb da_dark_close=\u00bboff\u00bb da_not_modal=\u00bbon\u00bb da_is_singular=\u00bboff\u00bb da_with_loader=\u00bboff\u00bb da_has_shadow=\u00bbon\u00bb][et_pb_row _builder_version=\u00bb4.18.1&#8243; _module_preset=\u00bbdefault\u00bb width=\u00bb100%\u00bb max_width=\u00bb100%\u00bb custom_padding=\u00bb0px||0px||true|false\u00bb global_colors_info=\u00bb{}\u00bb][et_pb_column type=\u00bb4_4&#8243; _builder_version=\u00bb4.18.1&#8243; _module_preset=\u00bbdefault\u00bb global_colors_info=\u00bb{}\u00bb][et_pb_button button_url=\u00bbhttps:\/\/muisca.dian.gov.co\/WebArquitectura\/DefLoginOld.faces\u00bb url_new_window=\u00bbon\u00bb button_text=\u00bbDeclare aqu\u00ed\u00bb button_alignment=\u00bbleft\u00bb _builder_version=\u00bb4.18.1&#8243; _module_preset=\u00bbdefault\u00bb custom_button=\u00bbon\u00bb button_text_size=\u00bb16px\u00bb button_text_color=\u00bb#FFFFFF\u00bb button_bg_color=\u00bb#00ae65&#8243; button_border_width=\u00bb0px\u00bb button_border_radius=\u00bb0px\u00bb button_letter_spacing=\u00bb0px\u00bb button_font=\u00bbUbuntu|500|||||||\u00bb button_icon=\u00bb&#xf25a;||fa||900&#8243; button_icon_color=\u00bb#FFFFFF\u00bb button_icon_placement=\u00bbleft\u00bb button_on_hover=\u00bboff\u00bb transform_translate_linked=\u00bboff\u00bb positioning=\u00bbfixed\u00bb position_origin_f=\u00bbbottom_right\u00bb custom_margin=\u00bb3px|-147px|6px|-147px|false|true\u00bb custom_padding=\u00bb10px|53px|10px|53px|true|true\u00bb global_colors_info=\u00bb{}\u00bb transform_styles__hover_enabled=\u00bbon|desktop\u00bb transform_scale__hover_enabled=\u00bbon|desktop\u00bb transform_translate__hover_enabled=\u00bbon|desktop\u00bb transform_rotate__hover_enabled=\u00bbon|desktop\u00bb transform_skew__hover_enabled=\u00bbon|desktop\u00bb transform_origin__hover_enabled=\u00bbon|desktop\u00bb transform_translate__hover=\u00bb-110px|0px\u00bb button_bg_color__hover_enabled=\u00bbon|desktop\u00bb button_bg_color__hover=\u00bb#27a2c4&#8243; button_bg_enable_color__hover=\u00bbon\u00bb][\/et_pb_button][\/et_pb_column][\/et_pb_row][\/et_pb_section][et_pb_section fb_built=\u00bb1&#8243; disabled_on=\u00bboff|off|on\u00bb admin_label=\u00bbBoton-flotante\u00bb module_class=\u00bbov-iconos-flotantes\u00bb _builder_version=\u00bb4.18.1&#8243; _module_preset=\u00bbdefault\u00bb background_color=\u00bbRGBA(255,255,255,0)\u00bb positioning=\u00bbfixed\u00bb position_origin_f=\u00bbcenter_right\u00bb z_index=\u00bb999999&#8243; max_width=\u00bb60px\u00bb custom_margin=\u00bb-185px||-185px||true|false\u00bb custom_padding=\u00bb0px||0px||true|false\u00bb animation_style=\u00bbfade\u00bb da_disable_devices=\u00bboff|off|off\u00bb locked=\u00bboff\u00bb global_colors_info=\u00bb{}\u00bb da_is_popup=\u00bboff\u00bb da_exit_intent=\u00bboff\u00bb da_has_close=\u00bbon\u00bb da_alt_close=\u00bboff\u00bb da_dark_close=\u00bboff\u00bb da_not_modal=\u00bbon\u00bb da_is_singular=\u00bboff\u00bb da_with_loader=\u00bboff\u00bb da_has_shadow=\u00bbon\u00bb][et_pb_row _builder_version=\u00bb4.18.1&#8243; _module_preset=\u00bbdefault\u00bb width=\u00bb100%\u00bb max_width=\u00bb100%\u00bb custom_padding=\u00bb0px||0px||true|false\u00bb global_colors_info=\u00bb{}\u00bb][et_pb_column type=\u00bb4_4&#8243; _builder_version=\u00bb4.18.1&#8243; _module_preset=\u00bbdefault\u00bb global_colors_info=\u00bb{}\u00bb][et_pb_button button_url=\u00bbhttps:\/\/digdip.com.co:7267\/Chat\/Dani\u00bb url_new_window=\u00bbon\u00bb button_text=\u00bbChat Dani\u00bb button_alignment=\u00bbleft\u00bb admin_label=\u00bbButton\u00bb _builder_version=\u00bb4.18.1&#8243; _module_preset=\u00bbdefault\u00bb custom_button=\u00bbon\u00bb button_text_size=\u00bb16px\u00bb button_text_color=\u00bb#FFFFFF\u00bb button_bg_color=\u00bb#00ae65&#8243; button_border_width=\u00bb0px\u00bb button_border_radius=\u00bb0px\u00bb button_letter_spacing=\u00bb0px\u00bb button_font=\u00bbUbuntu|500|||||||\u00bb button_icon=\u00bb&#xf544;||fa||900&#8243; button_icon_color=\u00bb#FFFFFF\u00bb button_icon_placement=\u00bbleft\u00bb button_on_hover=\u00bboff\u00bb transform_translate_linked=\u00bboff\u00bb positioning=\u00bbfixed\u00bb position_origin_f=\u00bbbottom_right\u00bb custom_margin=\u00bb-59px|-127px|-59px|-127px|true|true\u00bb custom_padding=\u00bb10px|53px|10px|53px|true|true\u00bb global_colors_info=\u00bb{}\u00bb transform_styles__hover_enabled=\u00bbon|desktop\u00bb transform_scale__hover_enabled=\u00bbon|desktop\u00bb transform_translate__hover_enabled=\u00bbon|desktop\u00bb transform_rotate__hover_enabled=\u00bbon|desktop\u00bb transform_skew__hover_enabled=\u00bbon|desktop\u00bb transform_origin__hover_enabled=\u00bbon|desktop\u00bb transform_translate__hover=\u00bb-110px|0px\u00bb button_bg_color__hover_enabled=\u00bbon|desktop\u00bb button_bg_color__hover=\u00bb#27a2c4&#8243; button_bg_enable_color__hover=\u00bbon\u00bb][\/et_pb_button][\/et_pb_column][\/et_pb_row][\/et_pb_section][et_pb_section fb_built=\u00bb1&#8243; disabled_on=\u00bbon|on|off\u00bb admin_label=\u00bbBoton-flotante\u00bb module_class=\u00bbov-iconos-flotantes\u00bb _builder_version=\u00bb4.18.1&#8243; _module_preset=\u00bbdefault\u00bb background_color=\u00bbRGBA(255,255,255,0)\u00bb positioning=\u00bbfixed\u00bb position_origin_f=\u00bbcenter_left\u00bb z_index=\u00bb999999&#8243; max_width=\u00bb60px\u00bb custom_padding=\u00bb0px||0px||true|false\u00bb animation_style=\u00bbslide\u00bb da_disable_devices=\u00bboff|off|off\u00bb global_colors_info=\u00bb{}\u00bb da_is_popup=\u00bboff\u00bb da_exit_intent=\u00bboff\u00bb da_has_close=\u00bbon\u00bb da_alt_close=\u00bboff\u00bb da_dark_close=\u00bboff\u00bb da_not_modal=\u00bbon\u00bb da_is_singular=\u00bboff\u00bb da_with_loader=\u00bboff\u00bb da_has_shadow=\u00bbon\u00bb][et_pb_row _builder_version=\u00bb4.18.1&#8243; _module_preset=\u00bbdefault\u00bb width=\u00bb100%\u00bb max_width=\u00bb100%\u00bb custom_padding=\u00bb0px||0px||true|false\u00bb global_colors_info=\u00bb{}\u00bb][et_pb_column type=\u00bb4_4&#8243; _builder_version=\u00bb4.18.1&#8243; _module_preset=\u00bbdefault\u00bb global_colors_info=\u00bb{}\u00bb][et_pb_button button_url=\u00bbhttps:\/\/muisca.dian.gov.co\/WebArquitectura\/DefLoginOld.faces\u00bb url_new_window=\u00bbon\u00bb button_text=\u00bbDeclare aqu\u00ed\u00bb button_alignment=\u00bbleft\u00bb admin_label=\u00bbButton\u00bb _builder_version=\u00bb4.18.1&#8243; _module_preset=\u00bbdefault\u00bb custom_button=\u00bbon\u00bb button_text_size=\u00bb20px\u00bb button_text_color=\u00bb#FFFFFF\u00bb button_bg_color=\u00bb#00ae65&#8243; button_border_width=\u00bb0px\u00bb button_border_radius=\u00bb0px\u00bb button_letter_spacing=\u00bb0px\u00bb button_font=\u00bbUbuntu|500|||||||\u00bb button_icon=\u00bb&#xf25a;||fa||900&#8243; button_icon_color=\u00bb#FFFFFF\u00bb button_on_hover=\u00bboff\u00bb transform_translate_linked=\u00bboff\u00bb positioning=\u00bbfixed\u00bb position_origin_f=\u00bbcenter_right\u00bb custom_margin=\u00bb3px|-124px|6px|-124px|false|true\u00bb custom_padding=\u00bb10px|48px|10px|48px|true|true\u00bb global_colors_info=\u00bb{}\u00bb transform_styles__hover_enabled=\u00bbon|desktop\u00bb transform_scale__hover_enabled=\u00bbon|desktop\u00bb transform_translate__hover_enabled=\u00bbon|desktop\u00bb transform_rotate__hover_enabled=\u00bbon|desktop\u00bb transform_skew__hover_enabled=\u00bbon|desktop\u00bb transform_origin__hover_enabled=\u00bbon|desktop\u00bb button_bg_color__hover_enabled=\u00bbon|hover\u00bb button_bg_color__hover=\u00bb#27a2c4&#8243; button_bg_enable_color__hover=\u00bbon\u00bb][\/et_pb_button][\/et_pb_column][\/et_pb_row][\/et_pb_section][et_pb_section fb_built=\u00bb1&#8243; disabled_on=\u00bbon|on|off\u00bb admin_label=\u00bbBoton-flotante\u00bb module_class=\u00bbov-iconos-flotantes\u00bb _builder_version=\u00bb4.18.1&#8243; _module_preset=\u00bbdefault\u00bb background_color=\u00bbRGBA(255,255,255,0)\u00bb positioning=\u00bbfixed\u00bb position_origin_a=\u00bbcenter_center\u00bb z_index=\u00bb999999&#8243; custom_padding=\u00bb0px||0px||true|false\u00bb animation_style=\u00bbslide\u00bb da_disable_devices=\u00bboff|off|off\u00bb global_colors_info=\u00bb{}\u00bb da_is_popup=\u00bboff\u00bb da_exit_intent=\u00bboff\u00bb da_has_close=\u00bbon\u00bb da_alt_close=\u00bboff\u00bb da_dark_close=\u00bboff\u00bb da_not_modal=\u00bbon\u00bb da_is_singular=\u00bboff\u00bb da_with_loader=\u00bboff\u00bb da_has_shadow=\u00bbon\u00bb][et_pb_row _builder_version=\u00bb4.18.1&#8243; _module_preset=\u00bbdefault\u00bb width=\u00bb100%\u00bb max_width=\u00bb100%\u00bb custom_padding=\u00bb0px||0px||true|false\u00bb global_colors_info=\u00bb{}\u00bb][et_pb_column type=\u00bb4_4&#8243; _builder_version=\u00bb4.18.1&#8243; _module_preset=\u00bbdefault\u00bb global_colors_info=\u00bb{}\u00bb][et_pb_button button_url=\u00bbhttps:\/\/digdip.com.co:7267\/Chat\/Dani\u00bb url_new_window=\u00bbon\u00bb button_text=\u00bbChat Dani\u00bb button_alignment=\u00bbleft\u00bb disabled_on=\u00bbon|on|on\u00bb _builder_version=\u00bb4.18.1&#8243; _module_preset=\u00bbdefault\u00bb custom_button=\u00bbon\u00bb button_text_size=\u00bb20px\u00bb button_text_color=\u00bb#FFFFFF\u00bb button_bg_color=\u00bb#00ae65&#8243; button_border_width=\u00bb0px\u00bb button_border_radius=\u00bb0px\u00bb button_letter_spacing=\u00bb0px\u00bb button_font=\u00bbUbuntu|500|||||||\u00bb button_icon=\u00bb&#xf544;||fa||900&#8243; button_icon_color=\u00bb#FFFFFF\u00bb button_on_hover=\u00bboff\u00bb transform_translate_linked=\u00bboff\u00bb positioning=\u00bbfixed\u00bb position_origin_f=\u00bbcenter_left\u00bb horizontal_offset=\u00bb129px\u00bb custom_margin=\u00bb-60px|-152px|-60px|-152px|true|true\u00bb custom_padding=\u00bb10px|57px|10px|57px|true|true\u00bb disabled=\u00bbon\u00bb global_colors_info=\u00bb{}\u00bb transform_styles__hover_enabled=\u00bbon|desktop\u00bb transform_scale__hover_enabled=\u00bbon|desktop\u00bb transform_translate__hover_enabled=\u00bbon|desktop\u00bb transform_rotate__hover_enabled=\u00bbon|desktop\u00bb transform_skew__hover_enabled=\u00bbon|desktop\u00bb transform_origin__hover_enabled=\u00bbon|desktop\u00bb button_bg_color__hover_enabled=\u00bbon|hover\u00bb button_bg_color__hover=\u00bb#27a2c4&#8243; button_bg_enable_color__hover=\u00bbon\u00bb][\/et_pb_button][\/et_pb_column][\/et_pb_row][\/et_pb_section][et_pb_section fb_built=\u00bb1&#8243; disabled_on=\u00bbon|on|on\u00bb admin_label=\u00bbSection\u00bb module_id=\u00bbContenidos\u00bb _builder_version=\u00bb4.18.1&#8243; _module_preset=\u00bbdefault\u00bb background_color=\u00bb#f2f2f2&#8243; custom_margin=\u00bb||||true|true\u00bb custom_padding=\u00bb62px||62px||true|true\u00bb da_popup_slug=\u00bbContenidos\u00bb da_disable_devices=\u00bboff|off|off\u00bb disabled=\u00bbon\u00bb collapsed=\u00bbon\u00bb global_colors_info=\u00bb{}\u00bb da_is_popup=\u00bboff\u00bb da_exit_intent=\u00bboff\u00bb da_has_close=\u00bbon\u00bb da_alt_close=\u00bboff\u00bb da_dark_close=\u00bboff\u00bb da_not_modal=\u00bbon\u00bb da_is_singular=\u00bboff\u00bb da_with_loader=\u00bboff\u00bb da_has_shadow=\u00bbon\u00bb][et_pb_row _builder_version=\u00bb4.16&#8243; _module_preset=\u00bbdefault\u00bb custom_padding=\u00bb2px||2px|||\u00bb locked=\u00bboff\u00bb global_colors_info=\u00bb{}\u00bb][et_pb_column type=\u00bb4_4&#8243; _builder_version=\u00bb4.16&#8243; _module_preset=\u00bbdefault\u00bb global_colors_info=\u00bb{}\u00bb][et_pb_text _builder_version=\u00bb4.18.1&#8243; _module_preset=\u00bbdefault\u00bb text_font=\u00bbUbuntu|700|||||||\u00bb text_text_color=\u00bb#252944&#8243; text_font_size=\u00bb20px\u00bb header_3_font=\u00bbUbuntu|700|||||||\u00bb header_3_text_color=\u00bb#252944&#8243; header_3_font_size=\u00bb25px\u00bb text_orientation=\u00bbcenter\u00bb custom_padding=\u00bb0px|||||\u00bb global_colors_info=\u00bb{}\u00bb]<\/p>\n<h3 style=\"text-align: center;\"><strong><img decoding=\"async\" src=\"http:\/\/micrositios.dian.gov.co\/renta-personas-naturales-ag-2023\/wp-content\/uploads\/sites\/15\/2024\/07\/Ico-ContenidoRecomendado.png\" alt=\"\" class=\"wp-image-2240 alignnone size-full\" width=\"54\" height=\"54\" \/><\/strong><\/h3>\n<h3 style=\"text-align: center;\"><strong><\/strong><strong>Contenido recomendado<br \/><\/strong><\/h3>\n<p>[\/et_pb_text][et_pb_divider color=\u00bb#252944&#8243; divider_weight=\u00bb3px\u00bb _builder_version=\u00bb4.18.1&#8243; _module_preset=\u00bbdefault\u00bb width=\u00bb27%\u00bb module_alignment=\u00bbcenter\u00bb custom_margin=\u00bb-23px||10px||false|false\u00bb global_colors_info=\u00bb{}\u00bb][\/et_pb_divider][et_pb_video_slider _builder_version=\u00bb4.18.1&#8243; _module_preset=\u00bbdefault\u00bb global_colors_info=\u00bb{}\u00bb][et_pb_video_slider_item src=\u00bbhttps:\/\/www.youtube.com\/watch?v=5gTz9SrJ14o\u00bb _builder_version=\u00bb4.18.1&#8243; _module_preset=\u00bbdefault\u00bb global_colors_info=\u00bb{}\u00bb show_image_overlay=\u00bboff\u00bb][\/et_pb_video_slider_item][et_pb_video_slider_item src=\u00bbhttps:\/\/www.youtube.com\/watch?v=3yha4iGVWZM\u00bb _builder_version=\u00bb4.18.1&#8243; _module_preset=\u00bbdefault\u00bb global_colors_info=\u00bb{}\u00bb show_image_overlay=\u00bboff\u00bb][\/et_pb_video_slider_item][\/et_pb_video_slider][\/et_pb_column][\/et_pb_row][\/et_pb_section]<\/p>\n","protected":false},"excerpt":{"rendered":"<p>COLOMBIA AVANZACON SU DECLARACI\u00d3N.RENTA 2023M\u00c1S BREVE. M\u00c1S CLARA. M\u00c1S F\u00c1CIL.\u00a0COLOMBIA AVANZACON SU DECLARACI\u00d3N.RENTA 2023M\u00c1S BREVE. M\u00c1S CLARA. M\u00c1S F\u00c1CIL.\u00a0COLOMBIA AVANZACON SU DECLARACI\u00d3N.RENTA 2023M\u00c1S BREVE. M\u00c1S CLARA. M\u00c1S F\u00c1CIL.\u00a0<div class=\"et_pb_module dipl_breadcrumb dipl_breadcrumb_0\">\n\t\t\t\t\n\t\t\t\t\n\t\t\t\t\n\t\t\t\t\n\t\t\t\t\n\t\t\t\t\n\t\t\t\t<div class=\"et_pb_module_inner\">\n\t\t\t\t\t<div class=\"dipl-breadcrumb-wrapper layout2\">\n\t\t\t\t<ol class=\"dipl-breadcrumb-inner\" vocab=\"https:\/\/schema.org\/\" typeof=\"BreadcrumbList\">\n\t\t\t\t\t<li property=\"itemListElement\" typeof=\"ListItem\" data-icon=\"&#x24;\">\n\t\t\t\t\t\t\t\t<a class=\"breadcrumb-item dipl-home-page\" href=\"https:\/\/micrositios.dian.gov.co\/renta-personas-naturales-ag-2023\" property=\"item\" typeof=\"WebPage\" target=\"_blank\">\n\t\t\t\t\t\t\t\t\t<span class=\"breadcrumb-page\" property=\"name\">\n\t\t\t\t\t\t\t\t\t\t<span class=\"breadcrumb-home-icon et-pb-icon\">&#x23;<\/span>\n\t\t\t\t\t\t\t\t\t\tInicio\n\t\t\t\t\t\t\t\t\t<\/span>\n\t\t\t\t\t\t\t\t<\/a>\n\t\t\t\t\t\t\t\t<meta property=\"position\" content=\"1\" \/>\n\t\t\t\t\t\t\t<\/li>\n\t\t\t\t<\/ol>\n\t\t\t<\/div>\n\t\t\t\t<\/div>\n\t\t\t<\/div><div class=\"et_pb_module dipl_ajax_search dipl_ajax_search_0\">\n\t\t\t\t\n\t\t\t\t\n\t\t\t\t\n\t\t\t\t\n\t\t\t\t\n\t\t\t\t\n\t\t\t\t<div class=\"et_pb_module_inner\">\n\t\t\t\t\t<div class=\"dipl_ajax_search_wrap\">\n\t\t\t\t<div class=\"dipl_ajax_search_field_wrap dipl_ajax_search_icon\">\n\t\t\t\t\t<input type=\"search\" placeholder=\"\u00bbBuscar\" class=\"dipl_ajax_search_field\"\n\t\t\t\t\t\tdata-search-in=\"post_title,post_content,post_excerpt\" data-search-post-type=\"post\" data-display-fields=\"title,excerpt,featured_image\" \n\t\t\t\t\t\tdata-url-new-window=\"off\" data-number-of-results=\"0\" data-no-result-text=\"\u00bbNo\" \n\t\t\t\t\t\tdata-orderby=\"\u00bbpost_title\u00bb\" data-order=\"\u00bbASC\u00bb\" data-use-masonry=\"off\"\n\t\t\t\t\t\tdata-exclude_protected_posts=\"off\"\n\t\t\t\t\t\/>\n\t\t\t\t\t<input type=\"hidden\" class=\"dipl_ajax_search_nonce\" value=\"04892bc03d\" \/>\n\t\t\t\t<\/div>\n\t\t\t\t<div class=\"dipl_ajax_search_results_wrap dipl_ajax_search_result_1_cols \"><\/div>\n\t\t\t<\/div>\n\t\t\t\t<\/div>\n\t\t\t<\/div><\/p>\n","protected":false},"author":1,"featured_media":0,"parent":0,"menu_order":0,"comment_status":"closed","ping_status":"closed","template":"","meta":{"_et_pb_use_builder":"on","_et_pb_old_content":"<!-- wp:divi\/placeholder \/-->","_et_gb_content_width":"","footnotes":""},"class_list":["post-1624","page","type-page","status-publish","hentry"],"yoast_head":"<!-- This site is optimized with the Yoast SEO Premium plugin v18.5 (Yoast SEO v27.2) - https:\/\/yoast.com\/product\/yoast-seo-premium-wordpress\/ -->\n<title>Inicio - Declaraci\u00f3n Renta Personas Naturales AG 2023<\/title>\n<meta name=\"description\" content=\"Consulte el calendario de la Declaraci\u00f3n de Renta 2023, los documentos que debe preparar, las herramientas de ayuda y el paso a paso para presentarla.\" \/>\n<meta name=\"robots\" content=\"index, follow, max-snippet:-1, max-image-preview:large, max-video-preview:-1\" \/>\n<link rel=\"canonical\" href=\"https:\/\/micrositios.dian.gov.co\/renta-personas-naturales-ag-2023\/\" \/>\n<meta property=\"og:locale\" content=\"es_ES\" \/>\n<meta property=\"og:type\" content=\"article\" \/>\n<meta property=\"og:title\" content=\"Inicio - Declaraci\u00f3n Renta Personas Naturales AG 2023\" \/>\n<meta property=\"og:description\" content=\"Consulte el calendario de la Declaraci\u00f3n de Renta 2023, los documentos que debe preparar, las herramientas de ayuda y el paso a paso para presentarla.\" \/>\n<meta property=\"og:url\" content=\"https:\/\/micrositios.dian.gov.co\/renta-personas-naturales-ag-2023\/\" \/>\n<meta property=\"og:site_name\" content=\"Rentas Personas Naturales AG 2023 - DIAN\" \/>\n<meta property=\"article:modified_time\" content=\"2025-09-02T20:20:55+00:00\" \/>\n<meta property=\"og:image\" content=\"http:\/\/micrositios.dian.gov.co\/renta-personas-naturales-ag-2023\/wp-content\/uploads\/sites\/15\/2024\/05\/Micrositio-Renta-2023.jpg\" \/>\n\t<meta property=\"og:image:width\" content=\"795\" \/>\n\t<meta property=\"og:image:height\" content=\"397\" \/>\n\t<meta property=\"og:image:type\" content=\"image\/jpeg\" \/>\n<meta name=\"twitter:card\" content=\"summary_large_image\" \/>\n<meta name=\"twitter:title\" content=\"Inicio - Declaraci\u00f3n Renta Personas Naturales AG 2023\" \/>\n<meta name=\"twitter:description\" content=\"Consulte el calendario de la Declaraci\u00f3n de Renta 2023, los documentos que debe preparar, las herramientas de ayuda y el paso a paso para presentarla.\" \/>\n<meta name=\"twitter:label1\" content=\"Tiempo de lectura\" \/>\n\t<meta name=\"twitter:data1\" content=\"10 minutos\" \/>\n<script type=\"application\/ld+json\" class=\"yoast-schema-graph\">{\"@context\":\"https:\/\/schema.org\",\"@graph\":[{\"@type\":\"WebPage\",\"@id\":\"https:\/\/micrositios.dian.gov.co\/renta-personas-naturales-ag-2023\/\",\"url\":\"https:\/\/micrositios.dian.gov.co\/renta-personas-naturales-ag-2023\/\",\"name\":\"Inicio - Declaraci\u00f3n Renta Personas Naturales AG 2023\",\"isPartOf\":{\"@id\":\"https:\/\/micrositios.dian.gov.co\/renta-personas-naturales-ag-2023\/#website\"},\"primaryImageOfPage\":{\"@id\":\"https:\/\/micrositios.dian.gov.co\/renta-personas-naturales-ag-2023\/#primaryimage\"},\"image\":{\"@id\":\"https:\/\/micrositios.dian.gov.co\/renta-personas-naturales-ag-2023\/#primaryimage\"},\"thumbnailUrl\":\"http:\/\/micrositios.dian.gov.co\/renta-personas-naturales-ag-2023\/wp-content\/uploads\/sites\/15\/2024\/08\/Icono-Contingencia.png\",\"datePublished\":\"2024-04-12T21:31:52+00:00\",\"dateModified\":\"2025-09-02T20:20:55+00:00\",\"description\":\"Consulte el calendario de la Declaraci\u00f3n de Renta 2023, los documentos que debe preparar, las herramientas de ayuda y el paso a paso para presentarla.\",\"breadcrumb\":{\"@id\":\"https:\/\/micrositios.dian.gov.co\/renta-personas-naturales-ag-2023\/#breadcrumb\"},\"inLanguage\":\"es\",\"potentialAction\":[{\"@type\":\"ReadAction\",\"target\":[\"https:\/\/micrositios.dian.gov.co\/renta-personas-naturales-ag-2023\/\"]}]},{\"@type\":\"ImageObject\",\"inLanguage\":\"es\",\"@id\":\"https:\/\/micrositios.dian.gov.co\/renta-personas-naturales-ag-2023\/#primaryimage\",\"url\":\"http:\/\/micrositios.dian.gov.co\/renta-personas-naturales-ag-2023\/wp-content\/uploads\/sites\/15\/2024\/08\/Icono-Contingencia.png\",\"contentUrl\":\"http:\/\/micrositios.dian.gov.co\/renta-personas-naturales-ag-2023\/wp-content\/uploads\/sites\/15\/2024\/08\/Icono-Contingencia.png\"},{\"@type\":\"BreadcrumbList\",\"@id\":\"https:\/\/micrositios.dian.gov.co\/renta-personas-naturales-ag-2023\/#breadcrumb\",\"itemListElement\":[{\"@type\":\"ListItem\",\"position\":1,\"name\":\"Inicio\",\"item\":\"https:\/\/micrositios.dian.gov.co\/renta-personas-naturales-ag-2023\/\"},{\"@type\":\"ListItem\",\"position\":2,\"name\":\"Inicio\"}]},{\"@type\":\"WebSite\",\"@id\":\"https:\/\/micrositios.dian.gov.co\/renta-personas-naturales-ag-2023\/#website\",\"url\":\"https:\/\/micrositios.dian.gov.co\/renta-personas-naturales-ag-2023\/\",\"name\":\"Rentas Personas Naturales AG 2023 - DIAN\",\"description\":\"En este espacio encontrar\u00e1 todo el material de apoyo para preparar la Declaraci\u00f3n de Renta de personas naturales para el a\u00f1o gravable 2023\",\"potentialAction\":[{\"@type\":\"SearchAction\",\"target\":{\"@type\":\"EntryPoint\",\"urlTemplate\":\"https:\/\/micrositios.dian.gov.co\/renta-personas-naturales-ag-2023\/?s={search_term_string}\"},\"query-input\":{\"@type\":\"PropertyValueSpecification\",\"valueRequired\":true,\"valueName\":\"search_term_string\"}}],\"inLanguage\":\"es\"}]}<\/script>\n<!-- \/ Yoast SEO Premium plugin. -->","yoast_head_json":{"title":"Inicio - Declaraci\u00f3n Renta Personas Naturales AG 2023","description":"Consulte el calendario de la Declaraci\u00f3n de Renta 2023, los documentos que debe preparar, las herramientas de ayuda y el paso a paso para presentarla.","robots":{"index":"index","follow":"follow","max-snippet":"max-snippet:-1","max-image-preview":"max-image-preview:large","max-video-preview":"max-video-preview:-1"},"canonical":"https:\/\/micrositios.dian.gov.co\/renta-personas-naturales-ag-2023\/","og_locale":"es_ES","og_type":"article","og_title":"Inicio - Declaraci\u00f3n Renta Personas Naturales AG 2023","og_description":"Consulte el calendario de la Declaraci\u00f3n de Renta 2023, los documentos que debe preparar, las herramientas de ayuda y el paso a paso para presentarla.","og_url":"https:\/\/micrositios.dian.gov.co\/renta-personas-naturales-ag-2023\/","og_site_name":"Rentas Personas Naturales AG 2023 - DIAN","article_modified_time":"2025-09-02T20:20:55+00:00","og_image":[{"width":795,"height":397,"url":"http:\/\/micrositios.dian.gov.co\/renta-personas-naturales-ag-2023\/wp-content\/uploads\/sites\/15\/2024\/05\/Micrositio-Renta-2023.jpg","type":"image\/jpeg"}],"twitter_card":"summary_large_image","twitter_title":"Inicio - Declaraci\u00f3n Renta Personas Naturales AG 2023","twitter_description":"Consulte el calendario de la Declaraci\u00f3n de Renta 2023, los documentos que debe preparar, las herramientas de ayuda y el paso a paso para presentarla.","twitter_misc":{"Tiempo de lectura":"10 minutos"},"schema":{"@context":"https:\/\/schema.org","@graph":[{"@type":"WebPage","@id":"https:\/\/micrositios.dian.gov.co\/renta-personas-naturales-ag-2023\/","url":"https:\/\/micrositios.dian.gov.co\/renta-personas-naturales-ag-2023\/","name":"Inicio - Declaraci\u00f3n Renta Personas Naturales AG 2023","isPartOf":{"@id":"https:\/\/micrositios.dian.gov.co\/renta-personas-naturales-ag-2023\/#website"},"primaryImageOfPage":{"@id":"https:\/\/micrositios.dian.gov.co\/renta-personas-naturales-ag-2023\/#primaryimage"},"image":{"@id":"https:\/\/micrositios.dian.gov.co\/renta-personas-naturales-ag-2023\/#primaryimage"},"thumbnailUrl":"http:\/\/micrositios.dian.gov.co\/renta-personas-naturales-ag-2023\/wp-content\/uploads\/sites\/15\/2024\/08\/Icono-Contingencia.png","datePublished":"2024-04-12T21:31:52+00:00","dateModified":"2025-09-02T20:20:55+00:00","description":"Consulte el calendario de la Declaraci\u00f3n de Renta 2023, los documentos que debe preparar, las herramientas de ayuda y el paso a paso para presentarla.","breadcrumb":{"@id":"https:\/\/micrositios.dian.gov.co\/renta-personas-naturales-ag-2023\/#breadcrumb"},"inLanguage":"es","potentialAction":[{"@type":"ReadAction","target":["https:\/\/micrositios.dian.gov.co\/renta-personas-naturales-ag-2023\/"]}]},{"@type":"ImageObject","inLanguage":"es","@id":"https:\/\/micrositios.dian.gov.co\/renta-personas-naturales-ag-2023\/#primaryimage","url":"http:\/\/micrositios.dian.gov.co\/renta-personas-naturales-ag-2023\/wp-content\/uploads\/sites\/15\/2024\/08\/Icono-Contingencia.png","contentUrl":"http:\/\/micrositios.dian.gov.co\/renta-personas-naturales-ag-2023\/wp-content\/uploads\/sites\/15\/2024\/08\/Icono-Contingencia.png"},{"@type":"BreadcrumbList","@id":"https:\/\/micrositios.dian.gov.co\/renta-personas-naturales-ag-2023\/#breadcrumb","itemListElement":[{"@type":"ListItem","position":1,"name":"Inicio","item":"https:\/\/micrositios.dian.gov.co\/renta-personas-naturales-ag-2023\/"},{"@type":"ListItem","position":2,"name":"Inicio"}]},{"@type":"WebSite","@id":"https:\/\/micrositios.dian.gov.co\/renta-personas-naturales-ag-2023\/#website","url":"https:\/\/micrositios.dian.gov.co\/renta-personas-naturales-ag-2023\/","name":"Rentas Personas Naturales AG 2023 - DIAN","description":"En este espacio encontrar\u00e1 todo el material de apoyo para preparar la Declaraci\u00f3n de Renta de personas naturales para el a\u00f1o gravable 2023","potentialAction":[{"@type":"SearchAction","target":{"@type":"EntryPoint","urlTemplate":"https:\/\/micrositios.dian.gov.co\/renta-personas-naturales-ag-2023\/?s={search_term_string}"},"query-input":{"@type":"PropertyValueSpecification","valueRequired":true,"valueName":"search_term_string"}}],"inLanguage":"es"}]}},"_links":{"self":[{"href":"https:\/\/micrositios.dian.gov.co\/renta-personas-naturales-ag-2023\/wp-json\/wp\/v2\/pages\/1624","targetHints":{"allow":["GET"]}}],"collection":[{"href":"https:\/\/micrositios.dian.gov.co\/renta-personas-naturales-ag-2023\/wp-json\/wp\/v2\/pages"}],"about":[{"href":"https:\/\/micrositios.dian.gov.co\/renta-personas-naturales-ag-2023\/wp-json\/wp\/v2\/types\/page"}],"author":[{"embeddable":true,"href":"https:\/\/micrositios.dian.gov.co\/renta-personas-naturales-ag-2023\/wp-json\/wp\/v2\/users\/1"}],"replies":[{"embeddable":true,"href":"https:\/\/micrositios.dian.gov.co\/renta-personas-naturales-ag-2023\/wp-json\/wp\/v2\/comments?post=1624"}],"version-history":[{"count":76,"href":"https:\/\/micrositios.dian.gov.co\/renta-personas-naturales-ag-2023\/wp-json\/wp\/v2\/pages\/1624\/revisions"}],"predecessor-version":[{"id":2823,"href":"https:\/\/micrositios.dian.gov.co\/renta-personas-naturales-ag-2023\/wp-json\/wp\/v2\/pages\/1624\/revisions\/2823"}],"wp:attachment":[{"href":"https:\/\/micrositios.dian.gov.co\/renta-personas-naturales-ag-2023\/wp-json\/wp\/v2\/media?parent=1624"}],"curies":[{"name":"wp","href":"https:\/\/api.w.org\/{rel}","templated":true}]}}