{"id":926,"date":"2023-07-07T14:59:00","date_gmt":"2023-07-07T19:59:00","guid":{"rendered":"https:\/\/micrositios.dian.gov.co\/renta-personas-naturales-ag-2022\/?page_id=926"},"modified":"2023-08-12T12:39:54","modified_gmt":"2023-08-12T17:39:54","slug":"tiene-declaracion-sugerida-de-renta","status":"publish","type":"page","link":"https:\/\/micrositios.dian.gov.co\/renta-personas-naturales-ag-2022\/tiene-declaracion-sugerida-de-renta\/","title":{"rendered":"\u00bfTiene declaraci\u00f3n sugerida de renta?"},"content":{"rendered":"<p>[et_pb_section fb_built=\u00bb1&#8243; _builder_version=\u00bb4.18.1&#8243; _module_preset=\u00bbdefault\u00bb background_color=\u00bbRGBA(255,255,255,0)\u00bb background_image=\u00bbhttps:\/\/micrositios.dian.gov.co\/renta-personas-naturales-ag-2022\/wp-content\/uploads\/sites\/14\/2023\/07\/Renta-Personas-Naturales-2022-11.jpg\u00bb custom_margin=\u00bb||||true|true\u00bb custom_padding=\u00bb120px||120px||true|true\u00bb background_last_edited=\u00bbon|phone\u00bb background_image_phone=\u00bbhttps:\/\/micrositios.dian.gov.co\/renta-personas-naturales-ag-2022\/wp-content\/uploads\/sites\/14\/2023\/07\/Responsive-Declaracion-Renta-AG-2022-1.png\u00bb background_enable_image_phone=\u00bbon\u00bb background_position_phone=\u00bbcenter_left\u00bb da_disable_devices=\u00bboff|off|off\u00bb locked=\u00bboff\u00bb global_colors_info=\u00bb{}\u00bb da_is_popup=\u00bboff\u00bb da_exit_intent=\u00bboff\u00bb da_has_close=\u00bbon\u00bb da_alt_close=\u00bboff\u00bb da_dark_close=\u00bboff\u00bb da_not_modal=\u00bbon\u00bb da_is_singular=\u00bboff\u00bb da_with_loader=\u00bboff\u00bb da_has_shadow=\u00bbon\u00bb][et_pb_row _builder_version=\u00bb4.16&#8243; _module_preset=\u00bbdefault\u00bb locked=\u00bboff\u00bb global_colors_info=\u00bb{}\u00bb][et_pb_column type=\u00bb4_4&#8243; _builder_version=\u00bb4.16&#8243; _module_preset=\u00bbdefault\u00bb global_colors_info=\u00bb{}\u00bb][et_pb_text _builder_version=\u00bb4.18.1&#8243; _module_preset=\u00bbbac49371-2896-430d-83e7-6117b98b23d3&#8243; text_font=\u00bbWork Sans||||||||\u00bb text_text_color=\u00bb#41d78c\u00bb header_font=\u00bbWork Sans|700|||||||\u00bb header_text_color=\u00bb#b38c41&#8243; text_font_size_tablet=\u00bb35px\u00bb text_font_size_phone=\u00bb34px\u00bb text_font_size_last_edited=\u00bbon|phone\u00bb global_colors_info=\u00bb{}\u00bb]<\/p>\n<h1>\u00bfTiene dudas sobre la declaraci\u00f3n sugerida de renta?<\/h1>\n<p>[\/et_pb_text][et_pb_text _builder_version=\u00bb4.18.1&#8243; _module_preset=\u00bbdefault\u00bb text_font=\u00bbUbuntu||||||||\u00bb text_text_color=\u00bb#FFFFFF\u00bb text_line_height=\u00bb1em\u00bb header_font=\u00bbWork Sans||||||||\u00bb header_font_size=\u00bb25px\u00bb header_2_font=\u00bbWork Sans||||||||\u00bb header_2_text_color=\u00bb#F6F7F9&#8243; header_2_font_size=\u00bb24px\u00bb custom_margin=\u00bb-21px||||false|false\u00bb text_orientation_phone=\u00bbcenter\u00bb global_colors_info=\u00bb{}\u00bb]<\/p>\n<h2 style=\"text-align: left;\">Descubra qu\u00e9 es, para qui\u00e9n aplica y c\u00f3mo acceder a la declaraci\u00f3n sugerida de renta a\u00f1o gravable 2022.<\/h2>\n<p>[\/et_pb_text][\/et_pb_column][\/et_pb_row][\/et_pb_section][et_pb_section fb_built=\u00bb1&#8243; admin_label=\u00bbSection\u00bb _builder_version=\u00bb4.18.1&#8243; _module_preset=\u00bbdefault\u00bb background_color=\u00bb#FFFFFF\u00bb custom_padding=\u00bb5px||55px|||\u00bb da_disable_devices=\u00bboff|off|off\u00bb locked=\u00bboff\u00bb global_colors_info=\u00bb{}\u00bb da_is_popup=\u00bboff\u00bb da_exit_intent=\u00bboff\u00bb da_has_close=\u00bbon\u00bb da_alt_close=\u00bboff\u00bb da_dark_close=\u00bboff\u00bb da_not_modal=\u00bbon\u00bb da_is_singular=\u00bboff\u00bb da_with_loader=\u00bboff\u00bb da_has_shadow=\u00bbon\u00bb][et_pb_row column_structure=\u00bb3_5,2_5&#8243; disabled_on=\u00bbon|off|off\u00bb _builder_version=\u00bb4.17.0&#8243; _module_preset=\u00bbdefault\u00bb global_colors_info=\u00bb{}\u00bb][et_pb_column type=\u00bb3_5&#8243; _builder_version=\u00bb4.16&#8243; _module_preset=\u00bbdefault\u00bb global_colors_info=\u00bb{}\u00bb][dipl_breadcrumb breadcrumb_layout=\u00bblayout2&#8243; link_target=\u00bbon\u00bb separator_text=\u00bb\/\u00bb separator_size=\u00bb15px\u00bb separator_color=\u00bb#000000&#8243; use_home_link_custom_text=\u00bbon\u00bb home_link_text=\u00bbInicio\u00bb use_home_link_icon=\u00bbon\u00bb home_link_icon=\u00bb&#x23;||divi||400&#8243; home_link_icon_color=\u00bb#41d78c\u00bb _builder_version=\u00bb4.16&#8243; _module_preset=\u00bbdefault\u00bb global_text_settings_font_size=\u00bb13px\u00bb text_font=\u00bbUbuntu||||||||\u00bb text_text_color=\u00bb#262944&#8243; link_font=\u00bbUbuntu|500|||||||\u00bb global_colors_info=\u00bb{}\u00bb][\/dipl_breadcrumb][\/et_pb_column][et_pb_column type=\u00bb2_5&#8243; _builder_version=\u00bb4.16&#8243; _module_preset=\u00bbdefault\u00bb global_colors_info=\u00bb{}\u00bb][dipl_ajax_search search_placeholder=\u00bbBuscar por palabra clave\u00bb number_of_results=\u00bb-1&#8243; orderby=\u00bbpost_title\u00bb order=\u00bbASC\u00bb no_result_text=\u00bbNo encontramos resultados a tu b\u00fasqueda\u00bb include_post_types=\u00bbpage\u00bb url_new_window=\u00bbon\u00bb search_icon_color=\u00bb#41d78c\u00bb loader_size=\u00bb12px\u00bb loader_color=\u00bb#41d78c\u00bb _builder_version=\u00bb4.17.0&#8243; _module_preset=\u00bbdefault\u00bb search_result_item_title_font=\u00bbWork Sans|700|||||||\u00bb search_result_item_excerpt_font=\u00bbUbuntu||||||||\u00bb search_result_item_excerpt_font_size=\u00bb12px\u00bb form_field_font=\u00bbUbuntu||||||||\u00bb form_field_font_size=\u00bb12px\u00bb width=\u00bb80%\u00bb module_alignment=\u00bbright\u00bb border_radii_form_field=\u00bbon|6px|6px|6px|6px\u00bb border_width_all_form_field=\u00bb0px\u00bb global_colors_info=\u00bb{}\u00bb][\/dipl_ajax_search][\/et_pb_column][\/et_pb_row][et_pb_row _builder_version=\u00bb4.16&#8243; _module_preset=\u00bbdefault\u00bb global_colors_info=\u00bb{}\u00bb][et_pb_column type=\u00bb4_4&#8243; _builder_version=\u00bb4.16&#8243; _module_preset=\u00bbdefault\u00bb global_colors_info=\u00bb{}\u00bb][et_pb_text _builder_version=\u00bb4.18.1&#8243; _module_preset=\u00bbda597a6f-9ab2-46a5-b8db-833860f64726&#8243; header_font=\u00bbWork Sans||||||||\u00bb header_2_font=\u00bb|700|||||||\u00bb header_2_text_align=\u00bbcenter\u00bb header_2_text_color=\u00bb#262944&#8243; global_colors_info=\u00bb{}\u00bb]<\/p>\n<h2>\u00bfTiene declaraci\u00f3n sugerida de renta?<\/h2>\n<p>[\/et_pb_text][et_pb_divider color=\u00bb#b38c41&#8243; divider_weight=\u00bb4px\u00bb _builder_version=\u00bb4.18.1&#8243; _module_preset=\u00bbdefault\u00bb width=\u00bb45%\u00bb width_tablet=\u00bb41%\u00bb width_phone=\u00bb100%\u00bb width_last_edited=\u00bbon|phone\u00bb module_alignment=\u00bbcenter\u00bb custom_margin=\u00bb-23px||10px||false|false\u00bb global_colors_info=\u00bb{}\u00bb][\/et_pb_divider][\/et_pb_column][\/et_pb_row][et_pb_row column_structure=\u00bb1_2,1_2&#8243; _builder_version=\u00bb4.18.1&#8243; _module_preset=\u00bbdefault\u00bb global_colors_info=\u00bb{}\u00bb][et_pb_column type=\u00bb1_2&#8243; _builder_version=\u00bb4.18.1&#8243; _module_preset=\u00bbdefault\u00bb global_colors_info=\u00bb{}\u00bb][et_pb_text content_tablet=\u00bb<\/p>\n<p style=%22text-align: left;%22>En la DIAN queremos facilitar la elaboraci\u00f3n de la declaraci\u00f3n de Renta, a\u00f1o gravable 2022, para las personas naturales residentes que obtuvieron <strong>ingresos de las rentas de trabajo, capital, no laborales, y\/o pensiones.<\/strong> Por eso, hemos creado una alternativa a trav\u00e9s de una declaraci\u00f3n sugerida, la cual cuenta con informaci\u00f3n basada en el reporte de terceros, llamada <span>informaci\u00f3n ex\u00f3gena.<\/span><\/p>\n<p style=%22text-align: left;%22>Esta iniciativa plantea un proceso de interacci\u00f3n entre t\u00fa, que eres el contribuyente y la administraci\u00f3n, que es la DIAN. Aqu\u00ed, t\u00fa debes terminar de diligenciar y editar los dem\u00e1s campos de la declaraci\u00f3n, en caso de que poseas otras rentas cedulares.<\/p>\n<p>\u00bb content_phone=\u00bb<\/p>\n<p style=%22text-align: left;%22>En la DIAN queremos facilitar la elaboraci\u00f3n de la declaraci\u00f3n de Renta, a\u00f1o gravable 2022, para las personas naturales residentes que obtuvieron <strong>ingresos de las rentas de trabajo, capital, no laborales, y\/o pensiones.<\/strong> Por eso, hemos creado una alternativa a trav\u00e9s de una declaraci\u00f3n sugerida, la cual cuenta con informaci\u00f3n basada en el reporte de terceros, llamada <span>informaci\u00f3n ex\u00f3gena.<\/span><\/p>\n<p style=%22text-align: left;%22>Esta iniciativa plantea un proceso de interacci\u00f3n entre t\u00fa, que eres el contribuyente y la administraci\u00f3n, que es la DIAN. Aqu\u00ed, t\u00fa debes terminar de diligenciar y editar los dem\u00e1s campos de la declaraci\u00f3n, en caso de que poseas otras rentas cedulares.<\/p>\n<p>\u00bb content_last_edited=\u00bbon|phone\u00bb _builder_version=\u00bb4.18.1&#8243; _module_preset=\u00bbdefault\u00bb text_font=\u00bbUbuntu||||||||\u00bb global_colors_info=\u00bb{}\u00bb]<\/p>\n<p>En la DIAN queremos facilitar la elaboraci\u00f3n de la declaraci\u00f3n de Renta, a\u00f1o gravable 2022, para las personas naturales residentes que obtuvieron <strong>ingresos de las rentas de trabajo, capital, no laborales, pensiones, dividendos y participaciones y\/o ganancias ocasionales.<\/strong> Por eso, hemos creado una alternativa a trav\u00e9s de una declaraci\u00f3n sugerida, la cual cuenta con informaci\u00f3n basada en el reporte de terceros, llamada\u00a0informaci\u00f3n ex\u00f3gena.<\/p>\n<p>Esta iniciativa plantea un proceso de interacci\u00f3n entre el contribuyente y la DIAN. Aqu\u00ed, usted debe terminar de diligenciar y editar los dem\u00e1s campos de la declaraci\u00f3n, en caso de que posea otras rentas cedulares.<\/p>\n<p>[\/et_pb_text][\/et_pb_column][et_pb_column type=\u00bb1_2&#8243; _builder_version=\u00bb4.18.1&#8243; _module_preset=\u00bbdefault\u00bb global_colors_info=\u00bb{}\u00bb][et_pb_image src=\u00bbhttps:\/\/micrositios.dian.gov.co\/renta-personas-naturales-ag-2022\/wp-content\/uploads\/sites\/14\/2023\/07\/Declaracion-Renta-AG-202231.png\u00bb title_text=\u00bbDeclaracion-Renta-AG-202231&#8243; _builder_version=\u00bb4.18.1&#8243; _module_preset=\u00bbdefault\u00bb global_colors_info=\u00bb{}\u00bb][\/et_pb_image][\/et_pb_column][\/et_pb_row][\/et_pb_section][et_pb_section fb_built=\u00bb1&#8243; _builder_version=\u00bb4.18.1&#8243; _module_preset=\u00bbdefault\u00bb background_color=\u00bb#FFFFFF\u00bb custom_padding=\u00bb5px||2px|||\u00bb da_disable_devices=\u00bboff|off|off\u00bb locked=\u00bboff\u00bb global_colors_info=\u00bb{}\u00bb da_is_popup=\u00bboff\u00bb da_exit_intent=\u00bboff\u00bb da_has_close=\u00bbon\u00bb da_alt_close=\u00bboff\u00bb da_dark_close=\u00bboff\u00bb da_not_modal=\u00bbon\u00bb da_is_singular=\u00bboff\u00bb da_with_loader=\u00bboff\u00bb da_has_shadow=\u00bbon\u00bb][et_pb_row _builder_version=\u00bb4.16&#8243; _module_preset=\u00bbdefault\u00bb global_colors_info=\u00bb{}\u00bb][et_pb_column type=\u00bb4_4&#8243; _builder_version=\u00bb4.16&#8243; _module_preset=\u00bbdefault\u00bb global_colors_info=\u00bb{}\u00bb][et_pb_text _builder_version=\u00bb4.18.1&#8243; _module_preset=\u00bbda597a6f-9ab2-46a5-b8db-833860f64726&#8243; text_font_size=\u00bb20px\u00bb text_orientation=\u00bbcenter\u00bb global_colors_info=\u00bb{}\u00bb]<\/p>\n<h4><strong>Accesos directos<\/strong><\/h4>\n<p>[\/et_pb_text][et_pb_divider color=\u00bb#b38c41&#8243; divider_weight=\u00bb4px\u00bb _builder_version=\u00bb4.18.1&#8243; _module_preset=\u00bbdefault\u00bb width=\u00bb16%\u00bb width_tablet=\u00bb16%\u00bb width_phone=\u00bb100%\u00bb width_last_edited=\u00bbon|phone\u00bb module_alignment=\u00bbcenter\u00bb custom_margin=\u00bb-23px||10px||false|false\u00bb global_colors_info=\u00bb{}\u00bb][\/et_pb_divider][et_pb_text content_tablet=\u00bb<\/p>\n<p style=%22text-align: center;%22>Accede a los siguientes servicios de forma f\u00e1cil y r\u00e1pida.<\/p>\n<p>\u00bb content_phone=\u00bb<\/p>\n<p style=%22text-align: left;%22>Accede a los siguientes servicios de forma f\u00e1cil y r\u00e1pida.<\/p>\n<p>\u00bb content_last_edited=\u00bbon|phone\u00bb _builder_version=\u00bb4.18.1&#8243; _module_preset=\u00bbdefault\u00bb text_font=\u00bbUbuntu||||||||\u00bb text_text_color=\u00bb#262944&#8243; global_colors_info=\u00bb{}\u00bb]<\/p>\n<p style=\"text-align: center;\">Acceda a los siguientes servicios de forma f\u00e1cil y r\u00e1pida.<\/p>\n<p>[\/et_pb_text][\/et_pb_column][\/et_pb_row][et_pb_row column_structure=\u00bb1_2,1_2&#8243; _builder_version=\u00bb4.16&#8243; _module_preset=\u00bbdefault\u00bb custom_margin=\u00bb-5px|auto||auto||\u00bb custom_padding=\u00bb||41px|||\u00bb global_colors_info=\u00bb{}\u00bb][et_pb_column type=\u00bb1_2&#8243; _builder_version=\u00bb4.16&#8243; _module_preset=\u00bbdefault\u00bb global_colors_info=\u00bb{}\u00bb][et_pb_blurb title=\u00bb\u00bfQu\u00e9 es la declaraci\u00f3n sugerida de renta?\u00bb url=\u00bbhttps:\/\/micrositios.dian.gov.co\/renta-personas-naturales-ag-2022\/que-es-la-declaracion-sugerida-de-renta\/\u00bb image=\u00bbhttps:\/\/micrositios.dian.gov.co\/renta-personas-naturales-ag-2022\/wp-content\/uploads\/sites\/14\/2023\/07\/Ico-Declaracion-Renta-AG-202210.png\u00bb icon_placement=\u00bbleft\u00bb image_icon_width=\u00bb200%\u00bb _builder_version=\u00bb4.18.1&#8243; _module_preset=\u00bbdefault\u00bb header_font=\u00bbWork Sans|600|||||||\u00bb header_text_color=\u00bb#262944&#8243; header_font_size=\u00bb13px\u00bb background_color=\u00bb#FFFFFF\u00bb custom_padding=\u00bb16px|17px|9px|17px|false|true\u00bb link_option_url=\u00bbhttps:\/\/micrositios.dian.gov.co\/renta-personas-naturales-ag-2022\/que-es-la-declaracion-sugerida-de-renta\/\u00bb box_shadow_style=\u00bbpreset1&#8243; box_shadow_vertical=\u00bb0px\u00bb box_shadow_blur=\u00bb0px\u00bb global_colors_info=\u00bb{}\u00bb box_shadow_blur__hover=\u00bb20px\u00bb box_shadow_blur__hover_enabled=\u00bbon|hover\u00bb][\/et_pb_blurb][\/et_pb_column][et_pb_column type=\u00bb1_2&#8243; _builder_version=\u00bb4.16&#8243; _module_preset=\u00bbdefault\u00bb global_colors_info=\u00bb{}\u00bb][et_pb_blurb title=\u00bb\u00bfC\u00f3mo consultar si tiene una Declaraci\u00f3n de Renta Sugerida?\u00bb url=\u00bb#Tarjeta07&#8243; image=\u00bbhttps:\/\/micrositios.dian.gov.co\/renta-personas-naturales-ag-2022\/wp-content\/uploads\/sites\/14\/2023\/07\/Ico-Declaracion-Renta-AG-20229.png\u00bb icon_placement=\u00bbleft\u00bb image_icon_width=\u00bb200%\u00bb _builder_version=\u00bb4.18.1&#8243; _module_preset=\u00bbdefault\u00bb header_font=\u00bbWork Sans|600|||||||\u00bb header_text_color=\u00bb#262944&#8243; header_font_size=\u00bb13px\u00bb background_color=\u00bb#FFFFFF\u00bb custom_padding=\u00bb16px|17px|9px|17px|false|true\u00bb box_shadow_style=\u00bbpreset1&#8243; box_shadow_vertical=\u00bb0px\u00bb box_shadow_blur=\u00bb0px\u00bb global_colors_info=\u00bb{}\u00bb box_shadow_blur__hover=\u00bb20px\u00bb box_shadow_blur__hover_enabled=\u00bbon|hover\u00bb][\/et_pb_blurb][\/et_pb_column][\/et_pb_row][\/et_pb_section][et_pb_section fb_built=\u00bb1&#8243; admin_label=\u00bbPopup &#8211; #Tarjeta07&#8243; module_id=\u00bbTarjeta07&#8243; module_class=\u00bbpopup close-alt\u00bb _builder_version=\u00bb4.16&#8243; _module_preset=\u00bbdefault\u00bb background_color=\u00bb#FFFFFF\u00bb width=\u00bb91%\u00bb custom_padding=\u00bb0px|0px|0px|0px|true|false\u00bb da_is_popup=\u00bbon\u00bb da_popup_slug=\u00bbTarjeta07&#8243; da_alt_close=\u00bbon\u00bb da_disable_devices=\u00bboff|off|off\u00bb locked=\u00bboff\u00bb global_colors_info=\u00bb{}\u00bb da_exit_intent=\u00bboff\u00bb da_has_close=\u00bbon\u00bb da_dark_close=\u00bboff\u00bb da_not_modal=\u00bbon\u00bb da_is_singular=\u00bboff\u00bb da_with_loader=\u00bboff\u00bb da_has_shadow=\u00bbon\u00bb][et_pb_row column_structure=\u00bb1_2,1_2&#8243; _builder_version=\u00bb4.16&#8243; _module_preset=\u00bbdefault\u00bb background_color=\u00bb#FFFFFF\u00bb custom_padding=\u00bb44px|0px|44px|0px|true|true\u00bb global_colors_info=\u00bb{}\u00bb][et_pb_column type=\u00bb1_2&#8243; _builder_version=\u00bb4.16&#8243; _module_preset=\u00bbdefault\u00bb global_colors_info=\u00bb{}\u00bb][et_pb_text _builder_version=\u00bb4.18.1&#8243; _module_preset=\u00bbda597a6f-9ab2-46a5-b8db-833860f64726&#8243; header_4_font=\u00bbWork Sans|700|||||||\u00bb global_colors_info=\u00bb{}\u00bb]<\/p>\n<h4 style=\"text-align: left;\"><span style=\"color: #000000;\"><strong>\u00bfC\u00f3mo consultar si tiene una Declaraci\u00f3n de Renta Sugerida?<\/strong><\/span><\/h4>\n<p>[\/et_pb_text][et_pb_divider color=\u00bb#b38c41&#8243; divider_weight=\u00bb4px\u00bb _builder_version=\u00bb4.18.1&#8243; _module_preset=\u00bbdefault\u00bb width=\u00bb88%\u00bb module_alignment=\u00bbleft\u00bb custom_margin=\u00bb-23px||10px||false|false\u00bb global_colors_info=\u00bb{}\u00bb][\/et_pb_divider][et_pb_image src=\u00bbhttps:\/\/micrositios.dian.gov.co\/renta-personas-naturales-ag-2022\/wp-content\/uploads\/sites\/14\/2023\/07\/Declaracion-Renta-AG-202217.png\u00bb title_text=\u00bbDeclaracion-Renta-AG-202217&#8243; _builder_version=\u00bb4.18.1&#8243; _module_preset=\u00bbdefault\u00bb global_colors_info=\u00bb{}\u00bb][\/et_pb_image][\/et_pb_column][et_pb_column type=\u00bb1_2&#8243; _builder_version=\u00bb4.16&#8243; _module_preset=\u00bbdefault\u00bb global_colors_info=\u00bb{}\u00bb][et_pb_text _builder_version=\u00bb4.18.1&#8243; _module_preset=\u00bbdefault\u00bb text_font=\u00bbUbuntu||||||||\u00bb custom_margin=\u00bb55px||||false|false\u00bb custom_margin_tablet=\u00bb55px||||false|false\u00bb custom_margin_phone=\u00bb1px||||false|false\u00bb custom_margin_last_edited=\u00bbon|phone\u00bb global_colors_info=\u00bb{}\u00bb]<\/p>\n<p>En la siguiente opci\u00f3n podr\u00e1 consultar si tiene informaci\u00f3n sugerida para presentar su declaraci\u00f3n de renta del a\u00f1o gravable 2022.<\/p>\n<p>Ingrese el n\u00famero de su documento de identificaci\u00f3n sin puntos ni comas. El sistema le informar\u00e1 si tiene o no una declaraci\u00f3n sugerida para la vigencia.<\/p>\n<p>\u200bLos datos proporcionados son solo para efectos de la presente consulta, por lo tanto, esta informaci\u00f3n no se almacena en nuestros sistemas.<\/p>\n<p>[\/et_pb_text][et_pb_button button_url=\u00bbhttps:\/\/www.dian.gov.co\/tramitesservicios\/Paginas\/declaracion-renta-sugerida-2022.aspx\u00bb url_new_window=\u00bbon\u00bb button_text=\u00bbAqu\u00ed\u00bb button_alignment=\u00bbleft\u00bb _builder_version=\u00bb4.18.1&#8243; _module_preset=\u00bbdefault\u00bb custom_button=\u00bbon\u00bb button_text_size=\u00bb14px\u00bb button_text_color=\u00bb#262944&#8243; button_bg_color=\u00bb#41d78c\u00bb button_border_width=\u00bb0px\u00bb button_border_radius=\u00bb6px\u00bb button_font=\u00bbWork Sans|700|||||||\u00bb button_use_icon=\u00bboff\u00bb position_origin_a=\u00bbtop_right\u00bb vertical_offset=\u00bb25px\u00bb horizontal_offset=\u00bb100px\u00bb custom_margin=\u00bb-6px|||||\u00bb global_colors_info=\u00bb{}\u00bb button_bg_color__hover_enabled=\u00bbon|desktop\u00bb button_bg_color__hover=\u00bb#00ac57&#8243; button_bg_enable_color__hover=\u00bbon\u00bb][\/et_pb_button][et_pb_text _builder_version=\u00bb4.18.1&#8243; _module_preset=\u00bbdefault\u00bb text_font=\u00bbUbuntu||||||||\u00bb custom_margin=\u00bb55px||||false|false\u00bb custom_margin_tablet=\u00bb55px||||false|false\u00bb custom_margin_phone=\u00bb1px||||false|false\u00bb custom_margin_last_edited=\u00bbon|phone\u00bb global_colors_info=\u00bb{}\u00bb]<\/p>\n<p>Tambi\u00e9n puede consultar ingresando a <a href=\"http:\/\/www.dian.gov.co\">www.dian.gov.co<\/a>. Acceda al Portal Transaccional, entre a su cuenta como usuario registrado, digite sus datos y contrase\u00f1a. Ya en su cuenta ver\u00e1 el recuadro Diligenciar y presentar Formulario 210 Declaraci\u00f3n de renta y complementarios personas naturales o declaraci\u00f3n sugerida para quienes aplica. Ingrese en esta opci\u00f3n y podr\u00e1 ver si hay una Declaraci\u00f3n Sugerida para usted.<\/p>\n<p>[\/et_pb_text][et_pb_button button_url=\u00bbhttps:\/\/muisca.dian.gov.co\/WebArquitectura\/DefLogin.faces\u00bb url_new_window=\u00bbon\u00bb button_text=\u00bbAqu\u00ed\u00bb button_alignment=\u00bbleft\u00bb _builder_version=\u00bb4.18.1&#8243; _module_preset=\u00bbdefault\u00bb custom_button=\u00bbon\u00bb button_text_size=\u00bb14px\u00bb button_text_color=\u00bb#262944&#8243; button_bg_color=\u00bb#41d78c\u00bb button_border_width=\u00bb0px\u00bb button_border_radius=\u00bb6px\u00bb button_font=\u00bbWork Sans|700|||||||\u00bb button_use_icon=\u00bboff\u00bb position_origin_a=\u00bbtop_right\u00bb vertical_offset=\u00bb25px\u00bb horizontal_offset=\u00bb100px\u00bb custom_margin=\u00bb-6px|||||\u00bb hover_enabled=\u00bb0&#8243; global_colors_info=\u00bb{}\u00bb button_bg_color__hover_enabled=\u00bbon|desktop\u00bb button_bg_color__hover=\u00bb#00ac57&#8243; button_bg_enable_color__hover=\u00bbon\u00bb sticky_enabled=\u00bb0&#8243;][\/et_pb_button][\/et_pb_column][\/et_pb_row][\/et_pb_section][et_pb_section fb_built=\u00bb1&#8243; _builder_version=\u00bb4.18.1&#8243; _module_preset=\u00bbdefault\u00bb background_color=\u00bb#f6f7f9&#8243; custom_padding=\u00bb25px||1px|||\u00bb da_disable_devices=\u00bboff|off|off\u00bb locked=\u00bboff\u00bb global_colors_info=\u00bb{}\u00bb da_is_popup=\u00bboff\u00bb da_exit_intent=\u00bboff\u00bb da_has_close=\u00bbon\u00bb da_alt_close=\u00bboff\u00bb da_dark_close=\u00bboff\u00bb da_not_modal=\u00bbon\u00bb da_is_singular=\u00bboff\u00bb da_with_loader=\u00bboff\u00bb da_has_shadow=\u00bbon\u00bb][et_pb_row column_structure=\u00bb1_2,1_2&#8243; _builder_version=\u00bb4.16&#8243; _module_preset=\u00bbdefault\u00bb custom_margin_tablet=\u00bb\u00bb custom_margin_phone=\u00bb||-87px||false|false\u00bb custom_margin_last_edited=\u00bbon|phone\u00bb custom_padding=\u00bb3px|||||\u00bb global_colors_info=\u00bb{}\u00bb][et_pb_column type=\u00bb1_2&#8243; _builder_version=\u00bb4.16&#8243; _module_preset=\u00bbdefault\u00bb global_colors_info=\u00bb{}\u00bb][et_pb_text _builder_version=\u00bb4.18.1&#8243; _module_preset=\u00bbdefault\u00bb text_font=\u00bbWork Sans||||||||\u00bb text_text_color=\u00bb#2b323d\u00bb text_font_size=\u00bb16px\u00bb global_colors_info=\u00bb{}\u00bb]<\/p>\n<p><strong>Compartir contenido:<\/strong><\/p>\n<p>[\/et_pb_text][et_pb_code _builder_version=\u00bb4.18.1&#8243; _module_preset=\u00bbdefault\u00bb width=\u00bb45%\u00bb custom_margin=\u00bb||50px|||\u00bb global_colors_info=\u00bb{}\u00bb]<div class=\"et_social_inline et_social_mobile_on et_social_inline_custom\">\n\t\t\t\t<div class=\"et_social_networks et_social_4col et_social_simple et_social_circle et_social_left et_social_no_animation et_social_outer_dark\">\n\t\t\t\t\t\n\t\t\t\t\t<ul class=\"et_social_icons_container\"><li class=\"et_social_facebook\">\n\t\t\t\t\t\t\t\t\t<a href=\"http:\/\/www.facebook.com\/sharer.php?u=https%3A%2F%2Fmicrositios.dian.gov.co%2Frenta-personas-naturales-ag-2022%2Ftiene-declaracion-sugerida-de-renta%2F&#038;t=%C2%BFTiene%20declaraci%C3%B3n%20sugerida%20de%20renta%3F\" class=\"et_social_share\" rel=\"nofollow\" data-social_name=\"facebook\" data-post_id=\"926\" data-social_type=\"share\" data-location=\"inline\">\n\t\t\t\t\t\t\t\t\t\t<i class=\"et_social_icon et_social_icon_facebook\"><\/i><span class=\"et_social_overlay\"><\/span>\n\t\t\t\t\t\t\t\t\t<\/a>\n\t\t\t\t\t\t\t\t<\/li><li class=\"et_social_twitter\">\n\t\t\t\t\t\t\t\t\t<a href=\"http:\/\/twitter.com\/share?text=%C2%BFTiene%20declaraci%C3%B3n%20sugerida%20de%20renta%3F&#038;url=https%3A%2F%2Fmicrositios.dian.gov.co%2Frenta-personas-naturales-ag-2022%2Ftiene-declaracion-sugerida-de-renta%2F\" class=\"et_social_share\" rel=\"nofollow\" data-social_name=\"twitter\" data-post_id=\"926\" data-social_type=\"share\" data-location=\"inline\">\n\t\t\t\t\t\t\t\t\t\t<i class=\"et_social_icon et_social_icon_twitter\"><\/i><span class=\"et_social_overlay\"><\/span>\n\t\t\t\t\t\t\t\t\t<\/a>\n\t\t\t\t\t\t\t\t<\/li><li class=\"et_social_linkedin\">\n\t\t\t\t\t\t\t\t\t<a href=\"http:\/\/www.linkedin.com\/shareArticle?mini=true&#038;url=https%3A%2F%2Fmicrositios.dian.gov.co%2Frenta-personas-naturales-ag-2022%2Ftiene-declaracion-sugerida-de-renta%2F&#038;title=%C2%BFTiene%20declaraci%C3%B3n%20sugerida%20de%20renta%3F\" class=\"et_social_share\" rel=\"nofollow\" data-social_name=\"linkedin\" data-post_id=\"926\" data-social_type=\"share\" data-location=\"inline\">\n\t\t\t\t\t\t\t\t\t\t<i class=\"et_social_icon et_social_icon_linkedin\"><\/i><span class=\"et_social_overlay\"><\/span>\n\t\t\t\t\t\t\t\t\t<\/a>\n\t\t\t\t\t\t\t\t<\/li><\/ul>\n\t\t\t\t<\/div>\n\t\t\t<\/div>[\/et_pb_code][\/et_pb_column][et_pb_column type=\u00bb1_2&#8243; _builder_version=\u00bb4.16&#8243; _module_preset=\u00bbdefault\u00bb global_colors_info=\u00bb{}\u00bb][\/et_pb_column][\/et_pb_row][\/et_pb_section]<\/p>\n","protected":false},"excerpt":{"rendered":"<p>\u00bfTiene dudas sobre la declaraci\u00f3n sugerida de renta?Descubra qu\u00e9 es, para qui\u00e9n aplica y c\u00f3mo acceder a la declaraci\u00f3n sugerida de renta a\u00f1o gravable 2022.<div class=\"et_pb_module dipl_breadcrumb dipl_breadcrumb_0\">\n\t\t\t\t\n\t\t\t\t\n\t\t\t\t\n\t\t\t\t\n\t\t\t\t\n\t\t\t\t\n\t\t\t\t<div class=\"et_pb_module_inner\">\n\t\t\t\t\t<div class=\"dipl-breadcrumb-wrapper layout2\">\n\t\t\t\t<ol class=\"dipl-breadcrumb-inner\" vocab=\"https:\/\/schema.org\/\" typeof=\"BreadcrumbList\">\n\t\t\t\t\t<li property=\"itemListElement\" typeof=\"ListItem\" data-icon=\"&#x24;\">\n\t\t\t\t\t\t\t\t<a class=\"breadcrumb-item dipl-home-page\" href=\"https:\/\/micrositios.dian.gov.co\/renta-personas-naturales-ag-2022\" property=\"item\" typeof=\"WebPage\" target=\"_blank\">\n\t\t\t\t\t\t\t\t\t<span class=\"breadcrumb-page\" property=\"name\">\n\t\t\t\t\t\t\t\t\t\t<span class=\"breadcrumb-home-icon et-pb-icon\">&#x23;<\/span>\n\t\t\t\t\t\t\t\t\t\tInicio\n\t\t\t\t\t\t\t\t\t<\/span>\n\t\t\t\t\t\t\t\t<\/a>\n\t\t\t\t\t\t\t\t<meta property=\"position\" content=\"1\" \/>\n\t\t\t\t\t\t\t<\/li>\n\t\t\t\t<\/ol>\n\t\t\t<\/div>\n\t\t\t\t<\/div>\n\t\t\t<\/div><div class=\"et_pb_module dipl_ajax_search dipl_ajax_search_0\">\n\t\t\t\t\n\t\t\t\t\n\t\t\t\t\n\t\t\t\t\n\t\t\t\t\n\t\t\t\t\n\t\t\t\t<div class=\"et_pb_module_inner\">\n\t\t\t\t\t<div class=\"dipl_ajax_search_wrap\">\n\t\t\t\t<div class=\"dipl_ajax_search_field_wrap dipl_ajax_search_icon\">\n\t\t\t\t\t<input type=\"search\" placeholder=\"\u00bbBuscar\" class=\"dipl_ajax_search_field\"\n\t\t\t\t\t\tdata-search-in=\"post_title,post_content,post_excerpt\" data-search-post-type=\"post\" data-display-fields=\"title,excerpt,featured_image\" \n\t\t\t\t\t\tdata-url-new-window=\"off\" data-number-of-results=\"0\" data-no-result-text=\"\u00bbNo\" \n\t\t\t\t\t\tdata-orderby=\"\u00bbpost_title\u00bb\" data-order=\"\u00bbASC\u00bb\" data-use-masonry=\"off\"\n\t\t\t\t\t\tdata-exclude_protected_posts=\"off\"\n\t\t\t\t\t\/>\n\t\t\t\t\t<input type=\"hidden\" class=\"dipl_ajax_search_nonce\" value=\"c436c86db1\" \/>\n\t\t\t\t<\/div>\n\t\t\t\t<div class=\"dipl_ajax_search_results_wrap dipl_ajax_search_result_1_cols \"><\/div>\n\t\t\t<\/div>\n\t\t\t\t<\/div>\n\t\t\t<\/div><\/p>\n","protected":false},"author":4,"featured_media":0,"parent":0,"menu_order":0,"comment_status":"closed","ping_status":"closed","template":"","meta":{"_et_pb_use_builder":"on","_et_pb_old_content":"<!-- wp:divi\/placeholder \/-->","_et_gb_content_width":"","footnotes":""},"class_list":["post-926","page","type-page","status-publish","hentry"],"yoast_head":"<!-- This site is optimized with the Yoast SEO Premium plugin v18.5 (Yoast SEO v27.2) - https:\/\/yoast.com\/product\/yoast-seo-premium-wordpress\/ -->\n<title>Declaraci\u00f3n sugerida de renta a\u00f1o gravable 2022<\/title>\n<meta name=\"description\" content=\"Consulte si tiene una declaraci\u00f3n sugerida de renta, complete la informaci\u00f3n y realice el pago desde el portal para el a\u00f1o gravable 2022\" \/>\n<meta name=\"robots\" content=\"index, follow, max-snippet:-1, max-image-preview:large, max-video-preview:-1\" \/>\n<link rel=\"canonical\" href=\"https:\/\/micrositios.dian.gov.co\/renta-personas-naturales-ag-2022\/tiene-declaracion-sugerida-de-renta\/\" \/>\n<meta property=\"og:locale\" content=\"es_ES\" \/>\n<meta property=\"og:type\" content=\"article\" \/>\n<meta property=\"og:title\" content=\"Declaraci\u00f3n sugerida de renta a\u00f1o gravable 2022\" \/>\n<meta property=\"og:description\" content=\"Consulte si tiene una declaraci\u00f3n sugerida de renta, complete la informaci\u00f3n y realice el pago desde el portal para el a\u00f1o gravable 2022\" \/>\n<meta property=\"og:url\" content=\"https:\/\/micrositios.dian.gov.co\/renta-personas-naturales-ag-2022\/tiene-declaracion-sugerida-de-renta\/\" \/>\n<meta property=\"og:site_name\" content=\"Rentas Personas Naturales AG 2022 - DIAN\" \/>\n<meta property=\"article:publisher\" content=\"https:\/\/www.facebook.com\/DIANCol\/\" \/>\n<meta property=\"article:modified_time\" content=\"2023-08-12T17:39:54+00:00\" \/>\n<meta property=\"og:image\" content=\"https:\/\/micrositios.dian.gov.co\/renta-personas-naturales-ag-2022\/wp-content\/uploads\/sites\/14\/2023\/07\/Renta-Personas-Naturales-2022-SEO.png\" \/>\n\t<meta property=\"og:image:width\" content=\"795\" \/>\n\t<meta property=\"og:image:height\" content=\"397\" \/>\n\t<meta property=\"og:image:type\" content=\"image\/png\" \/>\n<meta name=\"twitter:card\" content=\"summary_large_image\" \/>\n<meta name=\"twitter:title\" content=\"Declaraci\u00f3n sugerida de renta a\u00f1o gravable 2022\" \/>\n<meta name=\"twitter:description\" content=\"Consulte si tiene una declaraci\u00f3n sugerida de renta, complete la informaci\u00f3n y realice el pago desde el portal para el a\u00f1o gravable 2022\" \/>\n<meta name=\"twitter:site\" content=\"@DIANColombia\" \/>\n<meta name=\"twitter:label1\" content=\"Tiempo de lectura\" \/>\n\t<meta name=\"twitter:data1\" content=\"5 minutos\" \/>\n<script type=\"application\/ld+json\" class=\"yoast-schema-graph\">{\"@context\":\"https:\/\/schema.org\",\"@graph\":[{\"@type\":\"WebPage\",\"@id\":\"https:\/\/micrositios.dian.gov.co\/renta-personas-naturales-ag-2022\/tiene-declaracion-sugerida-de-renta\/\",\"url\":\"https:\/\/micrositios.dian.gov.co\/renta-personas-naturales-ag-2022\/tiene-declaracion-sugerida-de-renta\/\",\"name\":\"Declaraci\u00f3n sugerida de renta a\u00f1o gravable 2022\",\"isPartOf\":{\"@id\":\"https:\/\/micrositios.dian.gov.co\/renta-personas-naturales-ag-2022\/#website\"},\"datePublished\":\"2023-07-07T19:59:00+00:00\",\"dateModified\":\"2023-08-12T17:39:54+00:00\",\"description\":\"Consulte si tiene una declaraci\u00f3n sugerida de renta, complete la informaci\u00f3n y realice el pago desde el portal para el a\u00f1o gravable 2022\",\"breadcrumb\":{\"@id\":\"https:\/\/micrositios.dian.gov.co\/renta-personas-naturales-ag-2022\/tiene-declaracion-sugerida-de-renta\/#breadcrumb\"},\"inLanguage\":\"es\",\"potentialAction\":[{\"@type\":\"ReadAction\",\"target\":[\"https:\/\/micrositios.dian.gov.co\/renta-personas-naturales-ag-2022\/tiene-declaracion-sugerida-de-renta\/\"]}]},{\"@type\":\"BreadcrumbList\",\"@id\":\"https:\/\/micrositios.dian.gov.co\/renta-personas-naturales-ag-2022\/tiene-declaracion-sugerida-de-renta\/#breadcrumb\",\"itemListElement\":[{\"@type\":\"ListItem\",\"position\":1,\"name\":\"Portada\",\"item\":\"https:\/\/micrositios.dian.gov.co\/renta-personas-naturales-ag-2022\/\"},{\"@type\":\"ListItem\",\"position\":2,\"name\":\"\u00bfTiene declaraci\u00f3n sugerida de renta?\"}]},{\"@type\":\"WebSite\",\"@id\":\"https:\/\/micrositios.dian.gov.co\/renta-personas-naturales-ag-2022\/#website\",\"url\":\"https:\/\/micrositios.dian.gov.co\/renta-personas-naturales-ag-2022\/\",\"name\":\"Rentas Personas Naturales AG 2022 - DIAN\",\"description\":\"En este espacio encontrar\u00e1 todo el material de apoyo para preparar la Declaraci\u00f3n de Renta de personas naturales para el a\u00f1o gravable 2022\",\"publisher\":{\"@id\":\"https:\/\/micrositios.dian.gov.co\/renta-personas-naturales-ag-2022\/#organization\"},\"potentialAction\":[{\"@type\":\"SearchAction\",\"target\":{\"@type\":\"EntryPoint\",\"urlTemplate\":\"https:\/\/micrositios.dian.gov.co\/renta-personas-naturales-ag-2022\/?s={search_term_string}\"},\"query-input\":{\"@type\":\"PropertyValueSpecification\",\"valueRequired\":true,\"valueName\":\"search_term_string\"}}],\"inLanguage\":\"es\"},{\"@type\":\"Organization\",\"@id\":\"https:\/\/micrositios.dian.gov.co\/renta-personas-naturales-ag-2022\/#organization\",\"name\":\"Rentas Personas Naturales AG 2022 - DIAN\",\"url\":\"https:\/\/micrositios.dian.gov.co\/renta-personas-naturales-ag-2022\/\",\"logo\":{\"@type\":\"ImageObject\",\"inLanguage\":\"es\",\"@id\":\"https:\/\/micrositios.dian.gov.co\/renta-personas-naturales-ag-2022\/#\/schema\/logo\/image\/\",\"url\":\"https:\/\/micrositios.dian.gov.co\/renta-personas-naturales-ag-2022\/wp-content\/uploads\/sites\/14\/2023\/06\/logoPortalDian2023.png\",\"contentUrl\":\"https:\/\/micrositios.dian.gov.co\/renta-personas-naturales-ag-2022\/wp-content\/uploads\/sites\/14\/2023\/06\/logoPortalDian2023.png\",\"width\":285,\"height\":75,\"caption\":\"Rentas Personas Naturales AG 2022 - DIAN\"},\"image\":{\"@id\":\"https:\/\/micrositios.dian.gov.co\/renta-personas-naturales-ag-2022\/#\/schema\/logo\/image\/\"},\"sameAs\":[\"https:\/\/www.facebook.com\/DIANCol\/\",\"https:\/\/x.com\/DIANColombia\",\"https:\/\/www.instagram.com\/diancolombia\/?hl=es-la\",\"https:\/\/www.linkedin.com\/company\/diancolombia\/\",\"https:\/\/www.youtube.com\/channel\/UCkaPJ8afIoa_RDKEHaQIxrw\"]}]}<\/script>\n<!-- \/ Yoast SEO Premium plugin. -->","yoast_head_json":{"title":"Declaraci\u00f3n sugerida de renta a\u00f1o gravable 2022","description":"Consulte si tiene una declaraci\u00f3n sugerida de renta, complete la informaci\u00f3n y realice el pago desde el portal para el a\u00f1o gravable 2022","robots":{"index":"index","follow":"follow","max-snippet":"max-snippet:-1","max-image-preview":"max-image-preview:large","max-video-preview":"max-video-preview:-1"},"canonical":"https:\/\/micrositios.dian.gov.co\/renta-personas-naturales-ag-2022\/tiene-declaracion-sugerida-de-renta\/","og_locale":"es_ES","og_type":"article","og_title":"Declaraci\u00f3n sugerida de renta a\u00f1o gravable 2022","og_description":"Consulte si tiene una declaraci\u00f3n sugerida de renta, complete la informaci\u00f3n y realice el pago desde el portal para el a\u00f1o gravable 2022","og_url":"https:\/\/micrositios.dian.gov.co\/renta-personas-naturales-ag-2022\/tiene-declaracion-sugerida-de-renta\/","og_site_name":"Rentas Personas Naturales AG 2022 - DIAN","article_publisher":"https:\/\/www.facebook.com\/DIANCol\/","article_modified_time":"2023-08-12T17:39:54+00:00","og_image":[{"width":795,"height":397,"url":"https:\/\/micrositios.dian.gov.co\/renta-personas-naturales-ag-2022\/wp-content\/uploads\/sites\/14\/2023\/07\/Renta-Personas-Naturales-2022-SEO.png","type":"image\/png"}],"twitter_card":"summary_large_image","twitter_title":"Declaraci\u00f3n sugerida de renta a\u00f1o gravable 2022","twitter_description":"Consulte si tiene una declaraci\u00f3n sugerida de renta, complete la informaci\u00f3n y realice el pago desde el portal para el a\u00f1o gravable 2022","twitter_site":"@DIANColombia","twitter_misc":{"Tiempo de lectura":"5 minutos"},"schema":{"@context":"https:\/\/schema.org","@graph":[{"@type":"WebPage","@id":"https:\/\/micrositios.dian.gov.co\/renta-personas-naturales-ag-2022\/tiene-declaracion-sugerida-de-renta\/","url":"https:\/\/micrositios.dian.gov.co\/renta-personas-naturales-ag-2022\/tiene-declaracion-sugerida-de-renta\/","name":"Declaraci\u00f3n sugerida de renta a\u00f1o gravable 2022","isPartOf":{"@id":"https:\/\/micrositios.dian.gov.co\/renta-personas-naturales-ag-2022\/#website"},"datePublished":"2023-07-07T19:59:00+00:00","dateModified":"2023-08-12T17:39:54+00:00","description":"Consulte si tiene una declaraci\u00f3n sugerida de renta, complete la informaci\u00f3n y realice el pago desde el portal para el a\u00f1o gravable 2022","breadcrumb":{"@id":"https:\/\/micrositios.dian.gov.co\/renta-personas-naturales-ag-2022\/tiene-declaracion-sugerida-de-renta\/#breadcrumb"},"inLanguage":"es","potentialAction":[{"@type":"ReadAction","target":["https:\/\/micrositios.dian.gov.co\/renta-personas-naturales-ag-2022\/tiene-declaracion-sugerida-de-renta\/"]}]},{"@type":"BreadcrumbList","@id":"https:\/\/micrositios.dian.gov.co\/renta-personas-naturales-ag-2022\/tiene-declaracion-sugerida-de-renta\/#breadcrumb","itemListElement":[{"@type":"ListItem","position":1,"name":"Portada","item":"https:\/\/micrositios.dian.gov.co\/renta-personas-naturales-ag-2022\/"},{"@type":"ListItem","position":2,"name":"\u00bfTiene declaraci\u00f3n sugerida de renta?"}]},{"@type":"WebSite","@id":"https:\/\/micrositios.dian.gov.co\/renta-personas-naturales-ag-2022\/#website","url":"https:\/\/micrositios.dian.gov.co\/renta-personas-naturales-ag-2022\/","name":"Rentas Personas Naturales AG 2022 - DIAN","description":"En este espacio encontrar\u00e1 todo el material de apoyo para preparar la Declaraci\u00f3n de Renta de personas naturales para el a\u00f1o gravable 2022","publisher":{"@id":"https:\/\/micrositios.dian.gov.co\/renta-personas-naturales-ag-2022\/#organization"},"potentialAction":[{"@type":"SearchAction","target":{"@type":"EntryPoint","urlTemplate":"https:\/\/micrositios.dian.gov.co\/renta-personas-naturales-ag-2022\/?s={search_term_string}"},"query-input":{"@type":"PropertyValueSpecification","valueRequired":true,"valueName":"search_term_string"}}],"inLanguage":"es"},{"@type":"Organization","@id":"https:\/\/micrositios.dian.gov.co\/renta-personas-naturales-ag-2022\/#organization","name":"Rentas Personas Naturales AG 2022 - DIAN","url":"https:\/\/micrositios.dian.gov.co\/renta-personas-naturales-ag-2022\/","logo":{"@type":"ImageObject","inLanguage":"es","@id":"https:\/\/micrositios.dian.gov.co\/renta-personas-naturales-ag-2022\/#\/schema\/logo\/image\/","url":"https:\/\/micrositios.dian.gov.co\/renta-personas-naturales-ag-2022\/wp-content\/uploads\/sites\/14\/2023\/06\/logoPortalDian2023.png","contentUrl":"https:\/\/micrositios.dian.gov.co\/renta-personas-naturales-ag-2022\/wp-content\/uploads\/sites\/14\/2023\/06\/logoPortalDian2023.png","width":285,"height":75,"caption":"Rentas Personas Naturales AG 2022 - DIAN"},"image":{"@id":"https:\/\/micrositios.dian.gov.co\/renta-personas-naturales-ag-2022\/#\/schema\/logo\/image\/"},"sameAs":["https:\/\/www.facebook.com\/DIANCol\/","https:\/\/x.com\/DIANColombia","https:\/\/www.instagram.com\/diancolombia\/?hl=es-la","https:\/\/www.linkedin.com\/company\/diancolombia\/","https:\/\/www.youtube.com\/channel\/UCkaPJ8afIoa_RDKEHaQIxrw"]}]}},"_links":{"self":[{"href":"https:\/\/micrositios.dian.gov.co\/renta-personas-naturales-ag-2022\/wp-json\/wp\/v2\/pages\/926","targetHints":{"allow":["GET"]}}],"collection":[{"href":"https:\/\/micrositios.dian.gov.co\/renta-personas-naturales-ag-2022\/wp-json\/wp\/v2\/pages"}],"about":[{"href":"https:\/\/micrositios.dian.gov.co\/renta-personas-naturales-ag-2022\/wp-json\/wp\/v2\/types\/page"}],"author":[{"embeddable":true,"href":"https:\/\/micrositios.dian.gov.co\/renta-personas-naturales-ag-2022\/wp-json\/wp\/v2\/users\/4"}],"replies":[{"embeddable":true,"href":"https:\/\/micrositios.dian.gov.co\/renta-personas-naturales-ag-2022\/wp-json\/wp\/v2\/comments?post=926"}],"version-history":[{"count":18,"href":"https:\/\/micrositios.dian.gov.co\/renta-personas-naturales-ag-2022\/wp-json\/wp\/v2\/pages\/926\/revisions"}],"predecessor-version":[{"id":1540,"href":"https:\/\/micrositios.dian.gov.co\/renta-personas-naturales-ag-2022\/wp-json\/wp\/v2\/pages\/926\/revisions\/1540"}],"wp:attachment":[{"href":"https:\/\/micrositios.dian.gov.co\/renta-personas-naturales-ag-2022\/wp-json\/wp\/v2\/media?parent=926"}],"curies":[{"name":"wp","href":"https:\/\/api.w.org\/{rel}","templated":true}]}}