{"id":307,"date":"2022-06-03T01:20:25","date_gmt":"2022-06-03T01:20:25","guid":{"rendered":"https:\/\/micrositios.dian.gov.co\/renta-personas-naturales-ag-2021\/?page_id=307"},"modified":"2022-09-01T14:48:33","modified_gmt":"2022-09-01T14:48:33","slug":"quioscos-virtuales-de-autogestion","status":"publish","type":"page","link":"https:\/\/micrositios.dian.gov.co\/renta-personas-naturales-ag-2021\/quioscos-virtuales-de-autogestion\/","title":{"rendered":"Quioscos Virtuales de Autogesti\u00f3n"},"content":{"rendered":"\n[et_pb_section fb_built=\u00bb1&#8243; admin_label=\u00bbSection\u00bb _builder_version=\u00bb4.17.4&#8243; _module_preset=\u00bbdefault\u00bb background_image=\u00bbhttps:\/\/micrositios.dian.gov.co\/renta-personas-naturales-ag-2021\/wp-content\/uploads\/sites\/2\/2022\/06\/Enmascarar-grupo-1.png\u00bb custom_padding=\u00bb66px||66px||true|false\u00bb da_disable_devices=\u00bboff|off|off\u00bb global_colors_info=\u00bb{}\u00bb da_is_popup=\u00bboff\u00bb da_exit_intent=\u00bboff\u00bb da_has_close=\u00bbon\u00bb da_alt_close=\u00bboff\u00bb da_dark_close=\u00bboff\u00bb da_not_modal=\u00bbon\u00bb da_is_singular=\u00bboff\u00bb da_with_loader=\u00bboff\u00bb da_has_shadow=\u00bbon\u00bb][et_pb_row _builder_version=\u00bb4.16&#8243; _module_preset=\u00bbdefault\u00bb global_colors_info=\u00bb{}\u00bb][et_pb_column type=\u00bb4_4&#8243; _builder_version=\u00bb4.16&#8243; _module_preset=\u00bbdefault\u00bb global_colors_info=\u00bb{}\u00bb][et_pb_text _builder_version=\u00bb4.17.6&#8243; _module_preset=\u00bbbac49371-2896-430d-83e7-6117b98b23d3&#8243; header_font=\u00bbWork Sans|700|||||||\u00bb global_colors_info=\u00bb{}\u00bb]<h1>Quioscos Virtuales de Autogesti\u00f3n<\/h1>[\/et_pb_text][\/et_pb_column][\/et_pb_row][\/et_pb_section][et_pb_section fb_built=\u00bb1&#8243; admin_label=\u00bbSection\u00bb _builder_version=\u00bb4.16&#8243; _module_preset=\u00bbdefault\u00bb custom_padding=\u00bb6px||37px|||\u00bb da_disable_devices=\u00bboff|off|off\u00bb global_colors_info=\u00bb{}\u00bb da_is_popup=\u00bboff\u00bb da_exit_intent=\u00bboff\u00bb da_has_close=\u00bbon\u00bb da_alt_close=\u00bboff\u00bb da_dark_close=\u00bboff\u00bb da_not_modal=\u00bbon\u00bb da_is_singular=\u00bboff\u00bb da_with_loader=\u00bboff\u00bb da_has_shadow=\u00bbon\u00bb][et_pb_row column_structure=\u00bb3_5,2_5&#8243; disabled_on=\u00bbon|off|off\u00bb _builder_version=\u00bb4.17.0&#8243; _module_preset=\u00bbdefault\u00bb global_colors_info=\u00bb{}\u00bb][et_pb_column type=\u00bb3_5&#8243; _builder_version=\u00bb4.16&#8243; _module_preset=\u00bbdefault\u00bb global_colors_info=\u00bb{}\u00bb][dipl_breadcrumb breadcrumb_layout=\u00bblayout2&#8243; link_target=\u00bbon\u00bb separator_text=\u00bb\/\u00bb separator_size=\u00bb15px\u00bb separator_color=\u00bb#000000&#8243; use_home_link_custom_text=\u00bbon\u00bb home_link_text=\u00bbInicio\u00bb use_home_link_icon=\u00bbon\u00bb home_link_icon=\u00bb&#x23;||divi||400&#8243; home_link_icon_color=\u00bb#41d78c\u00bb _builder_version=\u00bb4.16&#8243; _module_preset=\u00bbdefault\u00bb global_text_settings_font_size=\u00bb13px\u00bb text_font=\u00bbUbuntu||||||||\u00bb text_text_color=\u00bb#262944&#8243; link_font=\u00bbUbuntu|500|||||||\u00bb global_colors_info=\u00bb{}\u00bb][\/dipl_breadcrumb][\/et_pb_column][et_pb_column type=\u00bb2_5&#8243; _builder_version=\u00bb4.16&#8243; _module_preset=\u00bbdefault\u00bb global_colors_info=\u00bb{}\u00bb][dipl_ajax_search search_placeholder=\u00bbBuscar por palabra clave\u00bb number_of_results=\u00bb-1&#8243; orderby=\u00bbpost_title\u00bb order=\u00bbASC\u00bb no_result_text=\u00bbNo encontramos resultados a tu b\u00fasqueda\u00bb include_post_types=\u00bbpage\u00bb url_new_window=\u00bbon\u00bb search_icon_color=\u00bb#41d78c\u00bb loader_size=\u00bb12px\u00bb loader_color=\u00bb#41d78c\u00bb _builder_version=\u00bb4.17.0&#8243; _module_preset=\u00bbdefault\u00bb search_result_item_title_font=\u00bbWork Sans|700|||||||\u00bb search_result_item_excerpt_font=\u00bbUbuntu||||||||\u00bb search_result_item_excerpt_font_size=\u00bb12px\u00bb form_field_font=\u00bbUbuntu||||||||\u00bb form_field_font_size=\u00bb12px\u00bb width=\u00bb80%\u00bb module_alignment=\u00bbright\u00bb border_radii_form_field=\u00bbon|6px|6px|6px|6px\u00bb border_width_all_form_field=\u00bb0px\u00bb global_colors_info=\u00bb{}\u00bb][\/dipl_ajax_search][\/et_pb_column][\/et_pb_row][et_pb_row _builder_version=\u00bb4.16&#8243; _module_preset=\u00bbdefault\u00bb custom_padding=\u00bb||6px|||\u00bb global_colors_info=\u00bb{}\u00bb][et_pb_column type=\u00bb4_4&#8243; _builder_version=\u00bb4.16&#8243; _module_preset=\u00bbdefault\u00bb global_colors_info=\u00bb{}\u00bb][et_pb_text _builder_version=\u00bb4.17.6&#8243; _module_preset=\u00bbda597a6f-9ab2-46a5-b8db-833860f64726&#8243; header_2_font=\u00bb|700|||||||\u00bb header_2_text_align=\u00bbcenter\u00bb header_2_text_color=\u00bb#262944&#8243; text_font_size_phone=\u00bb19px\u00bb global_colors_info=\u00bb{}\u00bb]<h2><span>Hazlo t\u00fa mismo, ahorra tiempo, gestiona tus tr\u00e1mites y servicios, desde los Quioscos Virtuales de Autogesti\u00f3n por medio de los servicios digitales de la DIAN.\u00a0<\/span><\/h2>[\/et_pb_text][et_pb_divider color=\u00bb#41d78c\u00bb divider_weight=\u00bb4px\u00bb _builder_version=\u00bb4.17.4&#8243; _module_preset=\u00bbdefault\u00bb width=\u00bb97%\u00bb width_tablet=\u00bb89%\u00bb width_phone=\u00bb100%\u00bb width_last_edited=\u00bbon|phone\u00bb module_alignment=\u00bbcenter\u00bb custom_margin=\u00bb-23px||10px||false|false\u00bb global_colors_info=\u00bb{}\u00bb][\/et_pb_divider][\/et_pb_column][\/et_pb_row][et_pb_row column_structure=\u00bb1_2,1_2&#8243; _builder_version=\u00bb4.16&#8243; _module_preset=\u00bbdefault\u00bb global_colors_info=\u00bb{}\u00bb][et_pb_column type=\u00bb1_2&#8243; _builder_version=\u00bb4.16&#8243; _module_preset=\u00bbdefault\u00bb global_colors_info=\u00bb{}\u00bb][et_pb_text _builder_version=\u00bb4.17.4&#8243; _module_preset=\u00bbdefault\u00bb text_font=\u00bbUbuntu||||||||\u00bb link_font=\u00bb||||on||||\u00bb link_text_color=\u00bb#00b4dc\u00bb custom_margin=\u00bb||15px|||\u00bb global_colors_info=\u00bb{}\u00bb]<p style=\"text-align: left;\"><a href=\"#Tabla01\" target=\"_blank\" rel=\"noopener\">Consulta la Red de Quioscos Virtuales de Autogesti\u00f3n DIAN.<\/a><\/p>\n<p style=\"text-align: left;\">Auto gestiona en los Quioscos Virtuales entre otros, estos tr\u00e1mites y servicios:<\/p>\n<ul>\n<li style=\"text-align: left;\">Inscribe, actualiza y obt\u00e9n copias del RUT<\/li>\n<li style=\"text-align: left;\">Habilita tu cuenta de usuario<\/li>\n<li style=\"text-align: left;\">Recupera tu contrase\u00f1a de la cuenta de usuario<\/li>\n<li style=\"text-align: left;\">Gestiona tu firma electr\u00f3nica<\/li>\n<li style=\"text-align: left;\">Consulta tu informaci\u00f3n reportada por terceros (informaci\u00f3n ex\u00f3gena)<\/li>\n<li style=\"text-align: left;\">Programa citas para tr\u00e1mites y servicios<\/li>\n<li style=\"text-align: left;\">Consulta el calendario tributario<\/li>\n<li style=\"text-align: left;\">Diligencia y presenta declaraciones tributarias<\/li>\n<li style=\"text-align: left;\">Autoriza, habilita e inhabilita la numeraci\u00f3n de facturaci\u00f3n<\/li>\n<li style=\"text-align: left;\">Crea solicitudes de actualizaci\u00f3n de RUT con verificaci\u00f3n, usando tu firma electr\u00f3nica<\/li>\n<li style=\"text-align: left;\">Verifica correos enviados por la DIAN<\/li>\n<li style=\"text-align: left;\">Comun\u00edcate con la DIAN<\/li>\n<li style=\"text-align: left;\">Inscribirte en el R\u00e9gimen Simple de Tributaci\u00f3n \u2013RST<\/li>\n<\/ul>[\/et_pb_text][\/et_pb_column][et_pb_column type=\u00bb1_2&#8243; _builder_version=\u00bb4.16&#8243; _module_preset=\u00bbdefault\u00bb global_colors_info=\u00bb{}\u00bb][et_pb_image src=\u00bbhttps:\/\/micrositios.dian.gov.co\/renta-personas-naturales-ag-2021\/wp-content\/uploads\/sites\/2\/2022\/07\/25.png\u00bb title_text=\u00bb25&#8243; _builder_version=\u00bb4.17.4&#8243; _module_preset=\u00bbdefault\u00bb global_colors_info=\u00bb{}\u00bb][\/et_pb_image][\/et_pb_column][\/et_pb_row][\/et_pb_section][et_pb_section fb_built=\u00bb1&#8243; admin_label=\u00bbSection\u00bb module_id=\u00bbTabla01&#8243; _builder_version=\u00bb4.16&#8243; _module_preset=\u00bbdefault\u00bb background_color=\u00bb#eff2f5&#8243; custom_padding=\u00bb||14px|||\u00bb da_popup_slug=\u00bbTabla01&#8243; da_disable_devices=\u00bboff|off|off\u00bb global_colors_info=\u00bb{}\u00bb da_is_popup=\u00bboff\u00bb da_exit_intent=\u00bboff\u00bb da_has_close=\u00bbon\u00bb da_alt_close=\u00bboff\u00bb da_dark_close=\u00bboff\u00bb da_not_modal=\u00bbon\u00bb da_is_singular=\u00bboff\u00bb da_with_loader=\u00bboff\u00bb da_has_shadow=\u00bbon\u00bb][et_pb_row _builder_version=\u00bb4.16&#8243; _module_preset=\u00bbdefault\u00bb custom_padding=\u00bb||3px|||\u00bb global_colors_info=\u00bb{}\u00bb][et_pb_column type=\u00bb4_4&#8243; _builder_version=\u00bb4.16&#8243; _module_preset=\u00bbdefault\u00bb global_colors_info=\u00bb{}\u00bb][et_pb_text _builder_version=\u00bb4.17.6&#8243; _module_preset=\u00bbda597a6f-9ab2-46a5-b8db-833860f64726&#8243; text_font_size=\u00bb20px\u00bb text_orientation=\u00bbcenter\u00bb global_colors_info=\u00bb{}\u00bb]<p><span>Servicio de Quiosco Virtual de Autogesti\u00f3n<\/span><\/p>[\/et_pb_text][et_pb_divider color=\u00bb#41d78c\u00bb divider_weight=\u00bb4px\u00bb _builder_version=\u00bb4.17.0&#8243; _module_preset=\u00bbdefault\u00bb width=\u00bb39%\u00bb width_tablet=\u00bb39%\u00bb width_phone=\u00bb100%\u00bb width_last_edited=\u00bbon|phone\u00bb module_alignment=\u00bbcenter\u00bb custom_margin=\u00bb-23px||10px||false|false\u00bb global_colors_info=\u00bb{}\u00bb][\/et_pb_divider][\/et_pb_column][\/et_pb_row][et_pb_row _builder_version=\u00bb4.18.0&#8243; _module_preset=\u00bbdefault\u00bb global_colors_info=\u00bb{}\u00bb theme_builder_area=\u00bbpost_content\u00bb][et_pb_column type=\u00bb4_4&#8243; _builder_version=\u00bb4.18.0&#8243; _module_preset=\u00bbdefault\u00bb global_colors_info=\u00bb{}\u00bb theme_builder_area=\u00bbpost_content\u00bb][dvmd_table_maker tbl_row_header_count=\u00bb0&#8243; tbl_responsive_break_by=\u00bbrow\u00bb tbl_frame_type=\u00bblines\u00bb tbl_frame_line_color=\u00bb#cccccc\u00bb tbl_tcell_cell_color=\u00bb#ffffff\u00bb tbl_chead_cell_color=\u00bb#e2e7eb\u00bb tbl_chead_cell_align_horz=\u00bbleft\u00bb tbl_chead_cell_align_vert=\u00bbcenter\u00bb _builder_version=\u00bb4.18.0&#8243; _module_preset=\u00bbdefault\u00bb tbl_tcell_text_font=\u00bbUbuntu||||||||\u00bb tbl_tcell_text_font_size=\u00bb12px\u00bb tbl_chead_text_font=\u00bbUbuntu|700|||||||\u00bb tbl_chead_text_text_color=\u00bb#262944&#8243; hover_enabled=\u00bb0&#8243; global_colors_info=\u00bb{}\u00bb theme_builder_area=\u00bbpost_content\u00bb sticky_enabled=\u00bb0&#8243;][dvmd_table_maker_item col_label=\u00bbCiudad\u00bb col_content=\u00bbCiudad\nAguachica, Cesar\nBarranquilla, Atl\u00e1ntico\nBarranquilla, Atl\u00e1ntico\nBarranquilla, Atl\u00e1ntico\nBogot\u00e1 D.C.\nBogot\u00e1 D.C.\nBogot\u00e1 D.C.\nCartago, Valle del Cauca\nChiquinquir\u00e1, Boyac\u00e1\nEl Bordo-Pat\u00eda, Cauca\nEspinal, Tolima\nFacatativ\u00e1, Cundinamarca\nFloridablanca, Santander\nGarz\u00f3n, Huila\nGranada, Meta\nLa Plata, Huila\nManizales, Caldas\nMit\u00fa, Vaup\u00e9s\nMocoa, Putumayo\nPasto, Nari\u00f1o\nPlaneta Rica, C\u00f3rdoba\nRionegro, Antioquia\nSabaneta, Antioquia,\nSanta Rosa de Cabal, Risaralda\nSantander de Quilichao, Cauca\nSantiago de Tol\u00fa, Sucre\nSoacha, Cundinamarca\nSoledad, Atl\u00e1ntico\nTib\u00fa, Norte de Santander\nVilleta, Cundinamarca\nYumbo, Valle del Cauca\u00bb col_column_max_width=\u00bb0.5fr\u00bb _builder_version=\u00bb4.18.0&#8243; _module_preset=\u00bbdefault\u00bb hover_enabled=\u00bb0&#8243; global_colors_info=\u00bb{}\u00bb theme_builder_area=\u00bbpost_content\u00bb sticky_enabled=\u00bb0&#8243;][\/dvmd_table_maker_item][dvmd_table_maker_item col_label=\u00bbLugar\/sede\u00bb col_content=\u00bbLugar\/sede\nC\u00e1mara de Comercio\nCentro Comercial Portal del Prado\nCentro Comercial Buenavista I\nC\u00e1mara de Comercio, Punto Empresario Puerta de Oro\nCentro Comercial Gran Estaci\u00f3n\nSuperCADE 20 de Julio\nC\u00e1mara de Comercio \u2013 Sede Cedritos\nClub del R\u00edo\nC\u00e1mara de Comercio\nC\u00e1mara de Comercio\nC\u00e1mara de Comercio\nC\u00e1mara de Comercio\nCentro Comercial Ca\u00f1averal\nC\u00e1mara de Comercio\nC\u00e1mara de Comercio\nC\u00e1mara de Comercio\nCorporaci\u00f3n Universitaria Remington, Sede Cable\nDirecci\u00f3n Seccional de Impuesto y Aduanas, DIAN\nGobernaci\u00f3n del Putumayo\nC\u00e1mara de Comercio\nAlcald\u00eda Municipal\nUniversidad Cat\u00f3lica de Oriente, UCO, Sector 3\nPalacio de Justicia\nC\u00e1mara de Comercio\nC\u00e1mara de Comercio\nAlcald\u00eda Municipal\nCentro Comercial Ventura Terreros\nCentro Comercial Carnaval\nAlcald\u00eda Municipal\nC\u00e1mara de Comercio\nCentro Administrativo Municipal\u00bb col_column_max_width=\u00bb0.5fr\u00bb _builder_version=\u00bb4.18.0&#8243; _module_preset=\u00bbdefault\u00bb hover_enabled=\u00bb0&#8243; global_colors_info=\u00bb{}\u00bb theme_builder_area=\u00bbpost_content\u00bb sticky_enabled=\u00bb0&#8243;][\/dvmd_table_maker_item][dvmd_table_maker_item col_label=\u00bbDirecci\u00f3n\u00bb col_column_max_width=\u00bb0.5fr\u00bb _builder_version=\u00bb4.18.0&#8243; _module_preset=\u00bbdefault\u00bb hover_enabled=\u00bb0&#8243; global_colors_info=\u00bb{}\u00bb theme_builder_area=\u00bbpost_content\u00bb col_content=\u00bbDirecci\u00f3n\nCarrera 14 No. 6 \u2013 74 Barrio Olaya Herrera\nCalle 53 No. 46 \u2013 192\nCalle 98 No. 52 \u2013 115\nV\u00eda 40 No. 79B \u2013 06\nCarrera 60 No. 24 \u2013 09\nCarrera 5A No. 30D \u2013 20 Sur\nAvenida 19 No. 140 \u2013 29\nCalle 9 Avenida del R\u00edo\nCalle 17 No. 9 \u2013 37\nCalle 7 No. 3 \u2013 45 Barrio El Hospital\nCarrera 3 Calle 21 Barrio Bel\u00e9n\nCarrera 3 No. 4 \u2013 60\nCalle 30 No. 25 \u2013 71 Oficina Administraci\u00f3n\nCarrera 12 No. 6 \u2013 29\nCarrera 14 No. 13 \u2013 80, Local 102, Centro\nCalle 7 No. 2 \u2013 25\nCarrera 23C No. 64 \u2013 53\nCarrera 8 No. 11A \u2013 12, Barrio Villa Victoria\nCalle 8 No. 7 \u2013 40\nCalle 18 No. 28 \u2013 84, Centro de Atenci\u00f3n Empresarial CAE\nCarrera 10 No. 17 \u2013 1\nCarrera 46 No. 40B \u2013 50, Piso 3, Bloque Innovamater\nCarrera 45 No. 68 \u2013 67\nCalle 14 No. 15 \u2013 78\nCalle 4 No. 8 \u2013 18\nCarrera 2 No. 15 \u2013 43\nCarrera 1 No. 38 \u2013 89\nCalle 30 No. 13 \u2013 65\nCarrera 5 No. 5 \u2013 06 Barrio Miraflores\nCalle 4 No. 4 \u2013 39\nCalle 5 No. 4 \u2013 40 Barrio Belalc\u00e1zar\u00bb sticky_enabled=\u00bb0&#8243;][\/dvmd_table_maker_item][dvmd_table_maker_item col_label=\u00bbHorario de Atenci\u00f3n\u00bb col_content=\u00bbHorario de Atenci\u00f3n\nLunes a viernes 8:00 am a 12:00 m y 2:00 pm a 6:00 pm\nLunes a viernes 8:30 am a 1:00 pm y 2:00 pm a 6:30 pm \u2013 s\u00e1bados 9:00 am a 12:00 m\nLunes a viernes de 9:30 am a 1:30 pm y 2:30 pm a 7:00 pm \u2013 s\u00e1bados 9:30 am a 3:00 pm\nLunes a viernes 7:30 am a 12:30 pm y 1:00 pm a 5:30 pm\nLunes a viernes 8:00 pm a 12:00 m y 1:00 pm a 6:00 pm \u2013 s\u00e1bados 8:00 am a 11:00 am\nLunes a viernes 7:00 am a 12:00 m y 1:00 pm a 5:00 pm\nLunes a viernes 8:00 am 12:00 m y 1:00 pm a 5:00 pm\nLunes a martes 7:00 am a 12:00 m y 1:00 pm a 5:45 pm \u2013 mi\u00e9rcoles a viernes 7:00 am a 12:00 m y 1:00 pm a 5:30 pm\nLunes a viernes 8:00 am a 12:00 m y 2:00 pm a 5:30 pm\nLunes a jueves de 8:00 am a 12:00 m y 1:00 pm a 4:00 pm \u2013 viernes 7:00 am a 12:00 m y 1:00 pm a 3:00 pm\nLunes a viernes de 8:00 am a 12:30 pm \u2013 2:00 pm a 5:30 pm\nLunes a viernes 8:00 am a 12:00 m y 1:00 pm a 5:00 pm\nLunes a viernes 8:00 am a 12:00 pm y 1:30 pm a 6:00 pm \u2013 s\u00e1bados 8:00 am a 1:30 pm\nLunes a viernes 7:00 am a 1:00 pm y 2:00 pm a 5:00 pm\nLunes a jueves 8:00 am a 12:00 m y 2:00 pm a 5:30 pm \u2013 viernes 8:00 am a 12:00 m y 2:00 pm a 4:30 pm\nLunes a viernes 7:00 am a 1:00 pm y 2:00 pm a 5:00 pm\nLunes a viernes 7:30 am a 12:00 m y 2:00 pm a 4:30 pm\nLunes a viernes 7:30 am a 12:00 m y 2:00 pm a 5:30 pm\nLunes a viernes de 8:00 am a 12:30 m y 1:30 pm a 5:00 pm\nLunes a viernes 8:00 am a 12:00 m y 2:00 pm a 6:00 pm\nLunes a viernes 7:00 am a 12:00 m y 2:00 pm a 5:00 pm\nLunes a jueves 7:30 am a 12:00 m y 1:00 pm a 6:00 pm \u2013 viernes 7:30 am a 12:00 m a 12:30 pm a 6:00 pm\nLunes a jueves 8:00 am a 12:00 m y 2:00 pm a 6:00 pm \u2013 viernes 8:00 am a 12:00 m y 2:00 pm a 5:00 pm\nLunes a viernes 7:30 am a 12:00 m y 2:00 pm a 5:30 pm\nLunes a jueves 8:00 am a 1:00 pm y 2:00 pm a 4:00 pm \u2013\u00a0 viernes 7:00 am a 12:00 pm y 1:00 pm a 3:00 pm\nLunes a viernes de 8:00 am a 12:30 pm y 1:30 pm a 6:00 pm\nLunes a viernes de 9:00 am a 1:00 pm y 2:00 pm a 7:00 pm \u2013 s\u00e1bados 9:00 am a 12:00 m\nLunes a viernes 8:30 am a 1:00 pm y 2:00 pm a 6:30 pm \u2013 s\u00e1bados 9:00 am a 12:00 m\nLunes a viernes 8:00 am a 12:00 m y 2:00 pm a 6:00 pm\nLunes a viernes 8:00 am a 12:00 m y 2:00 pm a 5:00 pm\nLunes a jueves 8:00 am a 12:30 pm y 2:00 pm a 5:30 pm \u2013 viernes 8:00 am a 12:30 pm y 2:00 pm a 5:00 pm\u00bb _builder_version=\u00bb4.18.0&#8243; _module_preset=\u00bbdefault\u00bb hover_enabled=\u00bb0&#8243; global_colors_info=\u00bb{}\u00bb theme_builder_area=\u00bbpost_content\u00bb sticky_enabled=\u00bb0&#8243;][\/dvmd_table_maker_item][\/dvmd_table_maker][\/et_pb_column][\/et_pb_row][\/et_pb_section][et_pb_section fb_built=\u00bb1&#8243; admin_label=\u00bbSection\u00bb _builder_version=\u00bb4.17.6&#8243; _module_preset=\u00bbdefault\u00bb custom_margin_tablet=\u00bb\u00bb custom_margin_phone=\u00bb||-87px||false|false\u00bb custom_margin_last_edited=\u00bbon|phone\u00bb custom_padding=\u00bb5px||3px|||\u00bb da_disable_devices=\u00bboff|off|off\u00bb global_colors_info=\u00bb{}\u00bb da_is_popup=\u00bboff\u00bb da_exit_intent=\u00bboff\u00bb da_has_close=\u00bbon\u00bb da_alt_close=\u00bboff\u00bb da_dark_close=\u00bboff\u00bb da_not_modal=\u00bbon\u00bb da_is_singular=\u00bboff\u00bb da_with_loader=\u00bboff\u00bb da_has_shadow=\u00bbon\u00bb][et_pb_row column_structure=\u00bb2_5,3_5&#8243; _builder_version=\u00bb4.17.6&#8243; _module_preset=\u00bbdefault\u00bb custom_padding=\u00bb30px|||||\u00bb global_colors_info=\u00bb{}\u00bb][et_pb_column type=\u00bb2_5&#8243; _builder_version=\u00bb4.16&#8243; _module_preset=\u00bbdefault\u00bb global_colors_info=\u00bb{}\u00bb][et_pb_text _builder_version=\u00bb4.17.6&#8243; _module_preset=\u00bbdefault\u00bb text_font=\u00bbUbuntu||||||||\u00bb custom_margin=\u00bb3px||||false|false\u00bb global_colors_info=\u00bb{}\u00bb]<p style=\"text-align: left;\">Compartir contenido:<\/p>[\/et_pb_text][et_pb_code _builder_version=\u00bb4.17.6&#8243; _module_preset=\u00bbdefault\u00bb width=\u00bb63%\u00bb global_colors_info=\u00bb{}\u00bb]<div class=\"et_social_inline et_social_mobile_on et_social_inline_custom\">\n\t\t\t\t<div class=\"et_social_networks et_social_4col et_social_simple et_social_circle et_social_left et_social_no_animation et_social_outer_dark\">\n\t\t\t\t\t\n\t\t\t\t\t<ul class=\"et_social_icons_container\"><li class=\"et_social_facebook\">\n\t\t\t\t\t\t\t\t\t<a href=\"http:\/\/www.facebook.com\/sharer.php?u=https%3A%2F%2Fmicrositios.dian.gov.co%2Frenta-personas-naturales-ag-2021%2Fquioscos-virtuales-de-autogestion%2F&#038;t=Quioscos%20Virtuales%20de%20Autogesti%C3%B3n\" class=\"et_social_share\" rel=\"nofollow\" data-social_name=\"facebook\" data-post_id=\"307\" data-social_type=\"share\" data-location=\"inline\">\n\t\t\t\t\t\t\t\t\t\t<i class=\"et_social_icon et_social_icon_facebook\"><\/i><span class=\"et_social_overlay\"><\/span>\n\t\t\t\t\t\t\t\t\t<\/a>\n\t\t\t\t\t\t\t\t<\/li><li class=\"et_social_twitter\">\n\t\t\t\t\t\t\t\t\t<a href=\"http:\/\/twitter.com\/share?text=Quioscos%20Virtuales%20de%20Autogesti%C3%B3n&#038;url=https%3A%2F%2Fmicrositios.dian.gov.co%2Frenta-personas-naturales-ag-2021%2Fquioscos-virtuales-de-autogestion%2F\" class=\"et_social_share\" rel=\"nofollow\" data-social_name=\"twitter\" data-post_id=\"307\" data-social_type=\"share\" data-location=\"inline\">\n\t\t\t\t\t\t\t\t\t\t<i class=\"et_social_icon et_social_icon_twitter\"><\/i><span class=\"et_social_overlay\"><\/span>\n\t\t\t\t\t\t\t\t\t<\/a>\n\t\t\t\t\t\t\t\t<\/li><li class=\"et_social_linkedin\">\n\t\t\t\t\t\t\t\t\t<a href=\"http:\/\/www.linkedin.com\/shareArticle?mini=true&#038;url=https%3A%2F%2Fmicrositios.dian.gov.co%2Frenta-personas-naturales-ag-2021%2Fquioscos-virtuales-de-autogestion%2F&#038;title=Quioscos%20Virtuales%20de%20Autogesti%C3%B3n\" class=\"et_social_share\" rel=\"nofollow\" data-social_name=\"linkedin\" data-post_id=\"307\" data-social_type=\"share\" data-location=\"inline\">\n\t\t\t\t\t\t\t\t\t\t<i class=\"et_social_icon et_social_icon_linkedin\"><\/i><span class=\"et_social_overlay\"><\/span>\n\t\t\t\t\t\t\t\t\t<\/a>\n\t\t\t\t\t\t\t\t<\/li><\/ul>\n\t\t\t\t<\/div>\n\t\t\t<\/div>[\/et_pb_code][\/et_pb_column][et_pb_column type=\u00bb3_5&#8243; _builder_version=\u00bb4.16&#8243; _module_preset=\u00bbdefault\u00bb global_colors_info=\u00bb{}\u00bb][\/et_pb_column][\/et_pb_row][\/et_pb_section][et_pb_section fb_built=\u00bb1&#8243; disabled_on=\u00bbon|on|on\u00bb _builder_version=\u00bb4.17.4&#8243; _module_preset=\u00bbdefault\u00bb custom_padding=\u00bb5px||2px|||\u00bb da_disable_devices=\u00bboff|off|off\u00bb disabled=\u00bbon\u00bb global_colors_info=\u00bb{}\u00bb da_is_popup=\u00bboff\u00bb da_exit_intent=\u00bboff\u00bb da_has_close=\u00bbon\u00bb da_alt_close=\u00bboff\u00bb da_dark_close=\u00bboff\u00bb da_not_modal=\u00bbon\u00bb da_is_singular=\u00bboff\u00bb da_with_loader=\u00bboff\u00bb da_has_shadow=\u00bbon\u00bb][et_pb_row column_structure=\u00bb1_2,1_2&#8243; _builder_version=\u00bb4.16&#8243; _module_preset=\u00bbdefault\u00bb custom_padding=\u00bb||6px|||\u00bb global_colors_info=\u00bb{}\u00bb][et_pb_column type=\u00bb1_2&#8243; _builder_version=\u00bb4.16&#8243; _module_preset=\u00bbdefault\u00bb global_colors_info=\u00bb{}\u00bb][et_pb_text _builder_version=\u00bb4.16&#8243; _module_preset=\u00bbdefault\u00bb global_colors_info=\u00bb{}\u00bb]<p style=\"text-align: left;\">Informaci\u00f3n de interes<\/p>[\/et_pb_text][et_pb_divider color=\u00bb#41d78c\u00bb divider_weight=\u00bb4px\u00bb _builder_version=\u00bb4.16&#8243; _module_preset=\u00bbdefault\u00bb width=\u00bb44%\u00bb module_alignment=\u00bbleft\u00bb custom_margin=\u00bb-23px||10px||false|false\u00bb global_colors_info=\u00bb{}\u00bb][\/et_pb_divider][\/et_pb_column][et_pb_column type=\u00bb1_2&#8243; _builder_version=\u00bb4.16&#8243; _module_preset=\u00bbdefault\u00bb global_colors_info=\u00bb{}\u00bb][\/et_pb_column][\/et_pb_row][et_pb_row _builder_version=\u00bb4.16&#8243; _module_preset=\u00bbdefault\u00bb custom_padding=\u00bb7px|||||\u00bb global_colors_info=\u00bb{}\u00bb][et_pb_column type=\u00bb4_4&#8243; _builder_version=\u00bb4.16&#8243; _module_preset=\u00bbdefault\u00bb global_colors_info=\u00bb{}\u00bb][lwp_post_carousel post_count=\u00bb8&#8243; post_categories=\u00bb1&#8243; slides_scroll=\u00bb2&#8243; autoplay_animation=\u00bbon\u00bb infinite_animation=\u00bbon\u00bb arrow_color=\u00bb#41d78c\u00bb dots_color=\u00bb#41d78c\u00bb post_background=\u00bb#FFFFFF\u00bb _builder_version=\u00bb4.17.0&#8243; _module_preset=\u00bbdefault\u00bb post_title_font=\u00bbWork Sans|700|||||||\u00bb post_title_text_color=\u00bb#262944&#8243; post_title_font_size=\u00bb17px\u00bb post_meta_font=\u00bbUbuntu||||||||\u00bb post_meta_text_color=\u00bb#262944&#8243; post_meta_font_size=\u00bb10px\u00bb post_meta_line_height=\u00bb0.2em\u00bb custom_button=\u00bbon\u00bb button_text_size=\u00bb0px\u00bb button_text_color=\u00bb#2b323d\u00bb button_bg_color=\u00bb#FFFFFF\u00bb button_border_width=\u00bb0px\u00bb button_border_color=\u00bb#41d78c\u00bb button_font=\u00bbWork Sans|700|||||||\u00bb button_use_icon=\u00bboff\u00bb text_orientation=\u00bbleft\u00bb custom_padding=\u00bb||0px||false|false\u00bb post_meta_line_height_tablet=\u00bb0.2em\u00bb post_meta_line_height_phone=\u00bb1.7em\u00bb post_meta_line_height_last_edited=\u00bbon|phone\u00bb border_radii_arrow_border=\u00bbon|3248px|3248px|3248px|3248px\u00bb border_width_all_post=\u00bb0px\u00bb box_shadow_style_image=\u00bbpreset1&#8243; box_shadow_vertical_image=\u00bb0px\u00bb box_shadow_blur_image=\u00bb0px\u00bb global_colors_info=\u00bb{}\u00bb button_bg_color__hover_enabled=\u00bbon|desktop\u00bb button_bg_color__hover=\u00bb#f6f7f9&#8243; button_bg_enable_color__hover=\u00bbon\u00bb post_title_text_color__hover_enabled=\u00bbon|hover\u00bb post_title_text_color__hover=\u00bb#00b4dc\u00bb box_shadow_blur_image__hover_enabled=\u00bbon|hover\u00bb box_shadow_blur_image__hover=\u00bb13px\u00bb box_shadow_spread_image__hover_enabled=\u00bbon|desktop\u00bb box_shadow_spread_image__hover=\u00bb1px\u00bb][\/lwp_post_carousel][\/et_pb_column][\/et_pb_row][\/et_pb_section]\n","protected":false},"excerpt":{"rendered":"<p>Quioscos Virtuales de Autogesti\u00f3n<div class=\"et_pb_module dipl_breadcrumb dipl_breadcrumb_0\">\n\t\t\t\t\n\t\t\t\t\n\t\t\t\t\n\t\t\t\t\n\t\t\t\t\n\t\t\t\t\n\t\t\t\t<div class=\"et_pb_module_inner\">\n\t\t\t\t\t<div class=\"dipl-breadcrumb-wrapper layout2\">\n\t\t\t\t<ol class=\"dipl-breadcrumb-inner\" vocab=\"https:\/\/schema.org\/\" typeof=\"BreadcrumbList\">\n\t\t\t\t\t<li property=\"itemListElement\" typeof=\"ListItem\" data-icon=\"&#x24;\">\n\t\t\t\t\t\t\t\t<a class=\"breadcrumb-item dipl-home-page\" href=\"https:\/\/micrositios.dian.gov.co\/renta-personas-naturales-ag-2021\" property=\"item\" typeof=\"WebPage\" target=\"_blank\">\n\t\t\t\t\t\t\t\t\t<span class=\"breadcrumb-page\" property=\"name\">\n\t\t\t\t\t\t\t\t\t\t<span class=\"breadcrumb-home-icon et-pb-icon\">&#x23;<\/span>\n\t\t\t\t\t\t\t\t\t\tInicio\n\t\t\t\t\t\t\t\t\t<\/span>\n\t\t\t\t\t\t\t\t<\/a>\n\t\t\t\t\t\t\t\t<meta property=\"position\" content=\"1\" \/>\n\t\t\t\t\t\t\t<\/li>\n\t\t\t\t<\/ol>\n\t\t\t<\/div>\n\t\t\t\t<\/div>\n\t\t\t<\/div><div class=\"et_pb_with_border et_pb_module dipl_ajax_search dipl_ajax_search_0\">\n\t\t\t\t\n\t\t\t\t\n\t\t\t\t\n\t\t\t\t\n\t\t\t\t\n\t\t\t\t\n\t\t\t\t<div class=\"et_pb_module_inner\">\n\t\t\t\t\t<div class=\"dipl_ajax_search_wrap\">\n\t\t\t\t<div class=\"dipl_ajax_search_field_wrap dipl_ajax_search_icon\">\n\t\t\t\t\t<input type=\"search\" placeholder=\"Buscar por palabra clave\" class=\"dipl_ajax_search_field\"\n\t\t\t\t\t\tdata-search-in=\"post_title,post_content,post_excerpt\" data-search-post-type=\"page\" data-display-fields=\"title,excerpt,featured_image\" \n\t\t\t\t\t\tdata-url-new-window=\"on\" data-number-of-results=\"-1\" data-no-result-text=\"No encontramos resultados a tu b\u00fasqueda\" \n\t\t\t\t\t\tdata-orderby=\"post_title\" data-order=\"ASC\" data-use-masonry=\"off\"\n\t\t\t\t\t\tdata-exclude_protected_posts=\"off\"\n\t\t\t\t\t\/>\n\t\t\t\t\t<input type=\"hidden\" class=\"dipl_ajax_search_nonce\" value=\"fb23aa81d6\" \/>\n\t\t\t\t<\/div>\n\t\t\t\t<div class=\"dipl_ajax_search_results_wrap dipl_ajax_search_result_1_cols \"><\/div>\n\t\t\t<\/div>\n\t\t\t\t<\/div>\n\t\t\t<\/div>Hazlo t\u00fa mismo, ahorra [&hellip;]<\/p>\n","protected":false},"author":1,"featured_media":0,"parent":0,"menu_order":0,"comment_status":"closed","ping_status":"closed","template":"","meta":{"_et_pb_use_builder":"on","_et_pb_old_content":"<!-- wp:divi\/placeholder \/-->","_et_gb_content_width":"","footnotes":""},"class_list":["post-307","page","type-page","status-publish","hentry"],"yoast_head":"<!-- This site is optimized with the Yoast SEO Premium plugin v18.5 (Yoast SEO v27.2) - https:\/\/yoast.com\/product\/yoast-seo-premium-wordpress\/ -->\n<title>Quioscos Virtuales de Autogesti\u00f3n<\/title>\n<meta name=\"description\" content=\"Consulta la Red de Quioscos Virtuales de Autogesti\u00f3n DIAN. Los tr\u00e1mites y servicios que puedes realizar\" \/>\n<meta name=\"robots\" content=\"index, follow, max-snippet:-1, max-image-preview:large, max-video-preview:-1\" \/>\n<link rel=\"canonical\" href=\"https:\/\/micrositios.dian.gov.co\/renta-personas-naturales-ag-2021\/quioscos-virtuales-de-autogestion\/\" \/>\n<meta property=\"og:locale\" content=\"es_ES\" \/>\n<meta property=\"og:type\" content=\"article\" \/>\n<meta property=\"og:title\" content=\"Quioscos Virtuales de Autogesti\u00f3n\" \/>\n<meta property=\"og:description\" content=\"Consulta la Red de Quioscos Virtuales de Autogesti\u00f3n DIAN. Los tr\u00e1mites y servicios que puedes realizar\" \/>\n<meta property=\"og:url\" content=\"https:\/\/micrositios.dian.gov.co\/renta-personas-naturales-ag-2021\/quioscos-virtuales-de-autogestion\/\" \/>\n<meta property=\"og:site_name\" content=\"Rentas Personas Naturales AG 2021 - DIAN\" \/>\n<meta property=\"article:modified_time\" content=\"2022-09-01T14:48:33+00:00\" \/>\n<meta property=\"og:image\" content=\"https:\/\/micrositios.dian.gov.co\/renta-personas-naturales-ag-2021\/wp-content\/uploads\/sites\/2\/2022\/07\/Twitter.jpg\" \/>\n\t<meta property=\"og:image:width\" content=\"795\" \/>\n\t<meta property=\"og:image:height\" content=\"397\" \/>\n\t<meta property=\"og:image:type\" content=\"image\/jpeg\" \/>\n<meta name=\"twitter:card\" content=\"summary_large_image\" \/>\n<meta name=\"twitter:description\" content=\"Consulta la Red de Quioscos Virtuales de Autogesti\u00f3n DIAN. Los tr\u00e1mites y servicios que puedes realizar\" \/>\n<meta name=\"twitter:label1\" content=\"Tiempo de lectura\" \/>\n\t<meta name=\"twitter:data1\" content=\"7 minutos\" \/>\n<script type=\"application\/ld+json\" class=\"yoast-schema-graph\">{\"@context\":\"https:\/\/schema.org\",\"@graph\":[{\"@type\":\"WebPage\",\"@id\":\"https:\/\/micrositios.dian.gov.co\/renta-personas-naturales-ag-2021\/quioscos-virtuales-de-autogestion\/\",\"url\":\"https:\/\/micrositios.dian.gov.co\/renta-personas-naturales-ag-2021\/quioscos-virtuales-de-autogestion\/\",\"name\":\"Quioscos Virtuales de Autogesti\u00f3n\",\"isPartOf\":{\"@id\":\"https:\/\/micrositios.dian.gov.co\/renta-personas-naturales-ag-2021\/#website\"},\"datePublished\":\"2022-06-03T01:20:25+00:00\",\"dateModified\":\"2022-09-01T14:48:33+00:00\",\"description\":\"Consulta la Red de Quioscos Virtuales de Autogesti\u00f3n DIAN. Los tr\u00e1mites y servicios que puedes realizar\",\"breadcrumb\":{\"@id\":\"https:\/\/micrositios.dian.gov.co\/renta-personas-naturales-ag-2021\/quioscos-virtuales-de-autogestion\/#breadcrumb\"},\"inLanguage\":\"es\",\"potentialAction\":[{\"@type\":\"ReadAction\",\"target\":[\"https:\/\/micrositios.dian.gov.co\/renta-personas-naturales-ag-2021\/quioscos-virtuales-de-autogestion\/\"]}]},{\"@type\":\"BreadcrumbList\",\"@id\":\"https:\/\/micrositios.dian.gov.co\/renta-personas-naturales-ag-2021\/quioscos-virtuales-de-autogestion\/#breadcrumb\",\"itemListElement\":[{\"@type\":\"ListItem\",\"position\":1,\"name\":\"Portada\",\"item\":\"https:\/\/micrositios.dian.gov.co\/renta-personas-naturales-ag-2021\/\"},{\"@type\":\"ListItem\",\"position\":2,\"name\":\"Quioscos Virtuales de Autogesti\u00f3n\"}]},{\"@type\":\"WebSite\",\"@id\":\"https:\/\/micrositios.dian.gov.co\/renta-personas-naturales-ag-2021\/#website\",\"url\":\"https:\/\/micrositios.dian.gov.co\/renta-personas-naturales-ag-2021\/\",\"name\":\"Rentas Personas Naturales AG 2021 - DIAN\",\"description\":\"Micrositios DIAN\",\"potentialAction\":[{\"@type\":\"SearchAction\",\"target\":{\"@type\":\"EntryPoint\",\"urlTemplate\":\"https:\/\/micrositios.dian.gov.co\/renta-personas-naturales-ag-2021\/?s={search_term_string}\"},\"query-input\":{\"@type\":\"PropertyValueSpecification\",\"valueRequired\":true,\"valueName\":\"search_term_string\"}}],\"inLanguage\":\"es\"}]}<\/script>\n<!-- \/ Yoast SEO Premium plugin. -->","yoast_head_json":{"title":"Quioscos Virtuales de Autogesti\u00f3n","description":"Consulta la Red de Quioscos Virtuales de Autogesti\u00f3n DIAN. Los tr\u00e1mites y servicios que puedes realizar","robots":{"index":"index","follow":"follow","max-snippet":"max-snippet:-1","max-image-preview":"max-image-preview:large","max-video-preview":"max-video-preview:-1"},"canonical":"https:\/\/micrositios.dian.gov.co\/renta-personas-naturales-ag-2021\/quioscos-virtuales-de-autogestion\/","og_locale":"es_ES","og_type":"article","og_title":"Quioscos Virtuales de Autogesti\u00f3n","og_description":"Consulta la Red de Quioscos Virtuales de Autogesti\u00f3n DIAN. Los tr\u00e1mites y servicios que puedes realizar","og_url":"https:\/\/micrositios.dian.gov.co\/renta-personas-naturales-ag-2021\/quioscos-virtuales-de-autogestion\/","og_site_name":"Rentas Personas Naturales AG 2021 - DIAN","article_modified_time":"2022-09-01T14:48:33+00:00","og_image":[{"width":795,"height":397,"url":"https:\/\/micrositios.dian.gov.co\/renta-personas-naturales-ag-2021\/wp-content\/uploads\/sites\/2\/2022\/07\/Twitter.jpg","type":"image\/jpeg"}],"twitter_card":"summary_large_image","twitter_description":"Consulta la Red de Quioscos Virtuales de Autogesti\u00f3n DIAN. Los tr\u00e1mites y servicios que puedes realizar","twitter_misc":{"Tiempo de lectura":"7 minutos"},"schema":{"@context":"https:\/\/schema.org","@graph":[{"@type":"WebPage","@id":"https:\/\/micrositios.dian.gov.co\/renta-personas-naturales-ag-2021\/quioscos-virtuales-de-autogestion\/","url":"https:\/\/micrositios.dian.gov.co\/renta-personas-naturales-ag-2021\/quioscos-virtuales-de-autogestion\/","name":"Quioscos Virtuales de Autogesti\u00f3n","isPartOf":{"@id":"https:\/\/micrositios.dian.gov.co\/renta-personas-naturales-ag-2021\/#website"},"datePublished":"2022-06-03T01:20:25+00:00","dateModified":"2022-09-01T14:48:33+00:00","description":"Consulta la Red de Quioscos Virtuales de Autogesti\u00f3n DIAN. Los tr\u00e1mites y servicios que puedes realizar","breadcrumb":{"@id":"https:\/\/micrositios.dian.gov.co\/renta-personas-naturales-ag-2021\/quioscos-virtuales-de-autogestion\/#breadcrumb"},"inLanguage":"es","potentialAction":[{"@type":"ReadAction","target":["https:\/\/micrositios.dian.gov.co\/renta-personas-naturales-ag-2021\/quioscos-virtuales-de-autogestion\/"]}]},{"@type":"BreadcrumbList","@id":"https:\/\/micrositios.dian.gov.co\/renta-personas-naturales-ag-2021\/quioscos-virtuales-de-autogestion\/#breadcrumb","itemListElement":[{"@type":"ListItem","position":1,"name":"Portada","item":"https:\/\/micrositios.dian.gov.co\/renta-personas-naturales-ag-2021\/"},{"@type":"ListItem","position":2,"name":"Quioscos Virtuales de Autogesti\u00f3n"}]},{"@type":"WebSite","@id":"https:\/\/micrositios.dian.gov.co\/renta-personas-naturales-ag-2021\/#website","url":"https:\/\/micrositios.dian.gov.co\/renta-personas-naturales-ag-2021\/","name":"Rentas Personas Naturales AG 2021 - DIAN","description":"Micrositios DIAN","potentialAction":[{"@type":"SearchAction","target":{"@type":"EntryPoint","urlTemplate":"https:\/\/micrositios.dian.gov.co\/renta-personas-naturales-ag-2021\/?s={search_term_string}"},"query-input":{"@type":"PropertyValueSpecification","valueRequired":true,"valueName":"search_term_string"}}],"inLanguage":"es"}]}},"_links":{"self":[{"href":"https:\/\/micrositios.dian.gov.co\/renta-personas-naturales-ag-2021\/wp-json\/wp\/v2\/pages\/307","targetHints":{"allow":["GET"]}}],"collection":[{"href":"https:\/\/micrositios.dian.gov.co\/renta-personas-naturales-ag-2021\/wp-json\/wp\/v2\/pages"}],"about":[{"href":"https:\/\/micrositios.dian.gov.co\/renta-personas-naturales-ag-2021\/wp-json\/wp\/v2\/types\/page"}],"author":[{"embeddable":true,"href":"https:\/\/micrositios.dian.gov.co\/renta-personas-naturales-ag-2021\/wp-json\/wp\/v2\/users\/1"}],"replies":[{"embeddable":true,"href":"https:\/\/micrositios.dian.gov.co\/renta-personas-naturales-ag-2021\/wp-json\/wp\/v2\/comments?post=307"}],"version-history":[{"count":8,"href":"https:\/\/micrositios.dian.gov.co\/renta-personas-naturales-ag-2021\/wp-json\/wp\/v2\/pages\/307\/revisions"}],"predecessor-version":[{"id":2040,"href":"https:\/\/micrositios.dian.gov.co\/renta-personas-naturales-ag-2021\/wp-json\/wp\/v2\/pages\/307\/revisions\/2040"}],"wp:attachment":[{"href":"https:\/\/micrositios.dian.gov.co\/renta-personas-naturales-ag-2021\/wp-json\/wp\/v2\/media?parent=307"}],"curies":[{"name":"wp","href":"https:\/\/api.w.org\/{rel}","templated":true}]}}