{"id":295,"date":"2022-06-03T01:15:47","date_gmt":"2022-06-03T01:15:47","guid":{"rendered":"https:\/\/micrositios.dian.gov.co\/renta-personas-naturales-ag-2021\/?page_id=295"},"modified":"2022-08-24T13:02:48","modified_gmt":"2022-08-24T13:02:48","slug":"informacion-reportada-por-terceros-informacion-exogena","status":"publish","type":"page","link":"https:\/\/micrositios.dian.gov.co\/renta-personas-naturales-ag-2021\/informacion-reportada-por-terceros-informacion-exogena\/","title":{"rendered":"Informaci\u00f3n reportada por terceros (informaci\u00f3n ex\u00f3gena)"},"content":{"rendered":"<p>[et_pb_section fb_built=\u00bb1&#8243; _builder_version=\u00bb4.16&#8243; _module_preset=\u00bbdefault\u00bb background_image=\u00bbhttps:\/\/micrositios.dian.gov.co\/renta-personas-naturales-ag-2021\/wp-content\/uploads\/sites\/2\/2022\/06\/Enmascarar-grupo-1.png\u00bb custom_padding=\u00bb||64px|||\u00bb da_disable_devices=\u00bboff|off|off\u00bb global_colors_info=\u00bb{}\u00bb da_is_popup=\u00bboff\u00bb da_exit_intent=\u00bboff\u00bb da_has_close=\u00bbon\u00bb da_alt_close=\u00bboff\u00bb da_dark_close=\u00bboff\u00bb da_not_modal=\u00bbon\u00bb da_is_singular=\u00bboff\u00bb da_with_loader=\u00bboff\u00bb da_has_shadow=\u00bbon\u00bb][et_pb_row _builder_version=\u00bb4.16&#8243; _module_preset=\u00bbdefault\u00bb global_colors_info=\u00bb{}\u00bb][et_pb_column type=\u00bb4_4&#8243; _builder_version=\u00bb4.16&#8243; _module_preset=\u00bbdefault\u00bb global_colors_info=\u00bb{}\u00bb][et_pb_text _builder_version=\u00bb4.17.6&#8243; _module_preset=\u00bbbac49371-2896-430d-83e7-6117b98b23d3&#8243; header_font=\u00bbWork Sans|700|||||||\u00bb global_colors_info=\u00bb{}\u00bb]<\/p>\n<h1>Informaci\u00f3n reportada por terceros<\/h1>\n<p>[\/et_pb_text][et_pb_text _builder_version=\u00bb4.17.6&#8243; _module_preset=\u00bbdefault\u00bb text_font=\u00bbUbuntu||||||||\u00bb text_text_color=\u00bb#FFFFFF\u00bb text_line_height=\u00bb1em\u00bb header_2_text_color=\u00bb#F6F7F9&#8243; custom_margin=\u00bb-21px||||false|false\u00bb text_orientation_phone=\u00bbcenter\u00bb text_text_shadow_style=\u00bbpreset1&#8243; global_colors_info=\u00bb{}\u00bb]<\/p>\n<h2 style=\"text-align: left;\">(informaci\u00f3n ex\u00f3gena)<\/h2>\n<p>[\/et_pb_text][\/et_pb_column][\/et_pb_row][\/et_pb_section][et_pb_section fb_built=\u00bb1&#8243; _builder_version=\u00bb4.16&#8243; _module_preset=\u00bbdefault\u00bb custom_padding=\u00bb6px||31px|||\u00bb da_disable_devices=\u00bboff|off|off\u00bb global_colors_info=\u00bb{}\u00bb da_is_popup=\u00bboff\u00bb da_exit_intent=\u00bboff\u00bb da_has_close=\u00bbon\u00bb da_alt_close=\u00bboff\u00bb da_dark_close=\u00bboff\u00bb da_not_modal=\u00bbon\u00bb da_is_singular=\u00bboff\u00bb da_with_loader=\u00bboff\u00bb da_has_shadow=\u00bbon\u00bb][et_pb_row column_structure=\u00bb3_5,2_5&#8243; disabled_on=\u00bbon|off|off\u00bb _builder_version=\u00bb4.17.0&#8243; _module_preset=\u00bbdefault\u00bb global_colors_info=\u00bb{}\u00bb][et_pb_column type=\u00bb3_5&#8243; _builder_version=\u00bb4.16&#8243; _module_preset=\u00bbdefault\u00bb global_colors_info=\u00bb{}\u00bb][dipl_breadcrumb breadcrumb_layout=\u00bblayout2&#8243; link_target=\u00bbon\u00bb separator_text=\u00bb\/\u00bb separator_size=\u00bb15px\u00bb separator_color=\u00bb#000000&#8243; use_home_link_custom_text=\u00bbon\u00bb home_link_text=\u00bbInicio\u00bb use_home_link_icon=\u00bbon\u00bb home_link_icon=\u00bb&#x23;||divi||400&#8243; home_link_icon_color=\u00bb#41d78c\u00bb _builder_version=\u00bb4.16&#8243; _module_preset=\u00bbdefault\u00bb global_text_settings_font_size=\u00bb13px\u00bb text_font=\u00bbUbuntu||||||||\u00bb text_text_color=\u00bb#262944&#8243; link_font=\u00bbUbuntu|500|||||||\u00bb global_colors_info=\u00bb{}\u00bb][\/dipl_breadcrumb][\/et_pb_column][et_pb_column type=\u00bb2_5&#8243; _builder_version=\u00bb4.16&#8243; _module_preset=\u00bbdefault\u00bb global_colors_info=\u00bb{}\u00bb][dipl_ajax_search search_placeholder=\u00bbBuscar por palabra clave\u00bb number_of_results=\u00bb-1&#8243; orderby=\u00bbpost_title\u00bb order=\u00bbASC\u00bb no_result_text=\u00bbNo encontramos resultados a tu b\u00fasqueda\u00bb include_post_types=\u00bbpage\u00bb url_new_window=\u00bbon\u00bb search_icon_color=\u00bb#41d78c\u00bb loader_size=\u00bb12px\u00bb loader_color=\u00bb#41d78c\u00bb _builder_version=\u00bb4.17.0&#8243; _module_preset=\u00bbdefault\u00bb search_result_item_title_font=\u00bbWork Sans|700|||||||\u00bb search_result_item_excerpt_font=\u00bbUbuntu||||||||\u00bb search_result_item_excerpt_font_size=\u00bb12px\u00bb form_field_font=\u00bbUbuntu||||||||\u00bb form_field_font_size=\u00bb12px\u00bb width=\u00bb80%\u00bb module_alignment=\u00bbright\u00bb border_radii_form_field=\u00bbon|6px|6px|6px|6px\u00bb border_width_all_form_field=\u00bb0px\u00bb global_colors_info=\u00bb{}\u00bb][\/dipl_ajax_search][\/et_pb_column][\/et_pb_row][et_pb_row _builder_version=\u00bb4.16&#8243; _module_preset=\u00bbdefault\u00bb custom_padding=\u00bb||6px|||\u00bb global_colors_info=\u00bb{}\u00bb][et_pb_column type=\u00bb4_4&#8243; _builder_version=\u00bb4.16&#8243; _module_preset=\u00bbdefault\u00bb global_colors_info=\u00bb{}\u00bb][et_pb_text _builder_version=\u00bb4.17.6&#8243; _module_preset=\u00bbda597a6f-9ab2-46a5-b8db-833860f64726&#8243; header_2_font=\u00bb|700|||||||\u00bb header_2_text_align=\u00bbcenter\u00bb header_2_text_color=\u00bb#262944&#8243; global_colors_info=\u00bb{}\u00bb]<\/p>\n<h2>Informaci\u00f3n reportada por terceros (informaci\u00f3n ex\u00f3gena)<\/h2>\n<p>[\/et_pb_text][et_pb_divider color=\u00bb#41d78c\u00bb divider_weight=\u00bb4px\u00bb _builder_version=\u00bb4.17.4&#8243; _module_preset=\u00bbdefault\u00bb width=\u00bb69%\u00bb width_tablet=\u00bb53%\u00bb width_phone=\u00bb100%\u00bb width_last_edited=\u00bbon|phone\u00bb module_alignment=\u00bbcenter\u00bb custom_margin=\u00bb-23px||10px||false|false\u00bb global_colors_info=\u00bb{}\u00bb][\/et_pb_divider][et_pb_text _builder_version=\u00bb4.17.4&#8243; _module_preset=\u00bbdefault\u00bb text_font=\u00bbUbuntu||||||||\u00bb link_font=\u00bb||||on||||\u00bb link_text_color=\u00bb#00b4dc\u00bb custom_margin=\u00bb||15px|||\u00bb global_colors_info=\u00bb{}\u00bb]<\/p>\n<p style=\"text-align: left;\">La DIAN pone a tu disposici\u00f3n, como ciudadano inscrito en el RUT y con una cuenta de usuario habilitada, la informaci\u00f3n reportada por terceros (informaci\u00f3n ex\u00f3gena) sobre los hechos econ\u00f3micos ocurridos durante el a\u00f1o gravable 2021, la cual facilita el diligenciamiento de la declaraci\u00f3n.<\/p>\n<p style=\"text-align: left;\">Puedes acceder a la consulta de la informaci\u00f3n reportada por terceros a trav\u00e9s de <a href=\"http:\/\/www.dian.gov.co\" target=\"_blank\" rel=\"noopener\">www.dian.gov.co<\/a>, en el portal transaccional, por la opci\u00f3n <a href=\"https:\/\/muisca.dian.gov.co\/WebArquitectura\/DefLoginOld.faces\" target=\"_blank\" rel=\"noopener\">Usuario Registrado<\/a>.<\/p>\n<p style=\"text-align: left;\">La informaci\u00f3n reportada por terceros no es indispensable para diligenciar la declaraci\u00f3n y, en ning\u00fan caso, reemplaza la realidad econ\u00f3mica del declarante, ni lo exonera de declarar los valores reales.<\/p>\n<p>[\/et_pb_text][\/et_pb_column][\/et_pb_row][\/et_pb_section][et_pb_section fb_built=\u00bb1&#8243; _builder_version=\u00bb4.16.1&#8243; _module_preset=\u00bbdefault\u00bb use_background_color_gradient=\u00bbon\u00bb background_color_gradient_stops=\u00bb#ffffff 50%|#262944 50%\u00bb background_color_gradient_start=\u00bb#ffffff\u00bb background_color_gradient_start_position=\u00bb50%\u00bb background_color_gradient_end=\u00bb#262944&#8243; background_color_gradient_end_position=\u00bb50%\u00bb custom_margin=\u00bb||7px|||\u00bb custom_margin_tablet=\u00bb||7px|||\u00bb custom_margin_phone=\u00bb||-56px||false|false\u00bb custom_margin_last_edited=\u00bbon|phone\u00bb custom_padding=\u00bb2px|||||\u00bb background_last_edited=\u00bbon|phone\u00bb use_background_color_gradient_phone=\u00bboff\u00bb da_disable_devices=\u00bboff|off|off\u00bb global_colors_info=\u00bb{}\u00bb da_is_popup=\u00bboff\u00bb da_exit_intent=\u00bboff\u00bb da_has_close=\u00bbon\u00bb da_alt_close=\u00bboff\u00bb da_dark_close=\u00bboff\u00bb da_not_modal=\u00bbon\u00bb da_is_singular=\u00bboff\u00bb da_with_loader=\u00bboff\u00bb da_has_shadow=\u00bbon\u00bb][et_pb_row _builder_version=\u00bb4.16&#8243; _module_preset=\u00bbdefault\u00bb custom_padding=\u00bb0px|||||\u00bb global_colors_info=\u00bb{}\u00bb][et_pb_column type=\u00bb4_4&#8243; _builder_version=\u00bb4.16&#8243; _module_preset=\u00bbdefault\u00bb global_colors_info=\u00bb{}\u00bb][et_pb_code _builder_version=\u00bb4.17.6&#8243; _module_preset=\u00bbdefault\u00bb border_width_all=\u00bb27px\u00bb border_color_all=\u00bb#FFFFFF\u00bb border_width_all_tablet=\u00bb27px\u00bb border_width_all_phone=\u00bb0px\u00bb border_width_all_last_edited=\u00bbon|phone\u00bb global_colors_info=\u00bb{}\u00bb]<iframe width=\"560\" height=\"315\" src=\"https:\/\/www.youtube.com\/embed\/RS5_fjpR-iw\" title=\"YouTube video player\" frameborder=\"0\" allow=\"accelerometer; autoplay; clipboard-write; encrypted-media; gyroscope; picture-in-picture\" allowfullscreen><\/iframe>[\/et_pb_code][\/et_pb_column][\/et_pb_row][\/et_pb_section][et_pb_section fb_built=\u00bb1&#8243; _builder_version=\u00bb4.16&#8243; _module_preset=\u00bbdefault\u00bb custom_padding=\u00bb6px||1px|||\u00bb da_disable_devices=\u00bboff|off|off\u00bb global_colors_info=\u00bb{}\u00bb da_is_popup=\u00bboff\u00bb da_exit_intent=\u00bboff\u00bb da_has_close=\u00bbon\u00bb da_alt_close=\u00bboff\u00bb da_dark_close=\u00bboff\u00bb da_not_modal=\u00bbon\u00bb da_is_singular=\u00bboff\u00bb da_with_loader=\u00bboff\u00bb da_has_shadow=\u00bbon\u00bb][et_pb_row _builder_version=\u00bb4.16&#8243; _module_preset=\u00bbdefault\u00bb custom_padding=\u00bb||7px|||\u00bb global_colors_info=\u00bb{}\u00bb][et_pb_column type=\u00bb4_4&#8243; _builder_version=\u00bb4.16&#8243; _module_preset=\u00bbdefault\u00bb global_colors_info=\u00bb{}\u00bb][et_pb_text _builder_version=\u00bb4.17.6&#8243; _module_preset=\u00bbda597a6f-9ab2-46a5-b8db-833860f64726&#8243; text_font_size=\u00bb20px\u00bb global_colors_info=\u00bb{}\u00bb]<\/p>\n<p style=\"text-align: left;\"><strong>Ten en cuenta que&#8230;<\/strong><\/p>\n<p>[\/et_pb_text][et_pb_divider color=\u00bb#41d78c\u00bb divider_weight=\u00bb4px\u00bb _builder_version=\u00bb4.16&#8243; _module_preset=\u00bbdefault\u00bb width=\u00bb19%\u00bb module_alignment=\u00bbleft\u00bb custom_margin=\u00bb-23px||10px||false|false\u00bb global_colors_info=\u00bb{}\u00bb][\/et_pb_divider][et_pb_text disabled_on=\u00bbon|on|on\u00bb _builder_version=\u00bb4.17.6&#8243; _module_preset=\u00bbdefault\u00bb text_font=\u00bbUbuntu||||||||\u00bb link_font=\u00bb||||on||||\u00bb link_text_color=\u00bb#00b4dc\u00bb custom_margin=\u00bb||-1px|||\u00bb disabled=\u00bbon\u00bb global_colors_info=\u00bb{}\u00bb]<\/p>\n<ul>\n<li style=\"text-align: left;\"><span style=\"color: #020202;\">Cuando te inscribes en el RUT tienes acceso al servicio de consulta de informaci\u00f3n reportada por terceros una semana despu\u00e9s de la inscripci\u00f3n y habilitaci\u00f3n de tu cuenta de usuario.<\/span><\/li>\n<li style=\"text-align: left;\"><span style=\"color: #0a0a0a;\">Si esta informaci\u00f3n presenta inconsistencias, debes comunicarte con la persona natural o jur\u00eddica que suministr\u00f3 la informaci\u00f3n ex\u00f3gena a la DIAN y cuyos datos de identificaci\u00f3n se encuentran en la columna denominada persona que reporta. La DIAN no puede corregir esta informaci\u00f3n directamente.<\/span><\/li>\n<\/ul>\n<p>[\/et_pb_text][et_pb_text _builder_version=\u00bb4.17.4&#8243; _module_preset=\u00bbdefault\u00bb text_font=\u00bbUbuntu||||||||\u00bb link_font=\u00bb||||on||||\u00bb link_text_color=\u00bb#00b4dc\u00bb custom_margin=\u00bb||15px|||\u00bb locked=\u00bboff\u00bb global_colors_info=\u00bb{}\u00bb]<\/p>\n<ul>\n<li style=\"text-align: left;\">Cuando te inscribes en el RUT tienes acceso al servicio de consulta de informaci\u00f3n reportada por terceros una semana despu\u00e9s de la inscripci\u00f3n y habilitaci\u00f3n de tu cuenta de usuario.<\/li>\n<li style=\"text-align: left;\">Si esta informaci\u00f3n presenta inconsistencias, debes comunicarte con la persona natural o jur\u00eddica que suministr\u00f3 la informaci\u00f3n ex\u00f3gena a la DIAN y cuyos datos de identificaci\u00f3n se encuentran en la columna denominada persona que reporta. La DIAN no puede corregir esta informaci\u00f3n directamente.<\/li>\n<\/ul>\n<p>[\/et_pb_text][\/et_pb_column][\/et_pb_row][et_pb_row disabled_on=\u00bbon|off|off\u00bb _builder_version=\u00bb4.17.6&#8243; _module_preset=\u00bbdefault\u00bb custom_padding=\u00bb||7px|||\u00bb locked=\u00bboff\u00bb global_colors_info=\u00bb{}\u00bb][et_pb_column type=\u00bb4_4&#8243; _builder_version=\u00bb4.16&#8243; _module_preset=\u00bbdefault\u00bb global_colors_info=\u00bb{}\u00bb][et_pb_text disabled_on=\u00bbon|off|off\u00bb _builder_version=\u00bb4.17.6&#8243; _module_preset=\u00bbda597a6f-9ab2-46a5-b8db-833860f64726&#8243; background_color=\u00bb#ccf0f8&#8243; max_width=\u00bb100%\u00bb border_radii=\u00bbon|6px|6px|6px|6px\u00bb border_width_all=\u00bb11px\u00bb border_color_all=\u00bb#ccf0f8&#8243; global_colors_info=\u00bb{}\u00bb]<\/p>\n<p style=\"text-align: left;\">Lee esta informaci\u00f3n en formato PDF para una mejor experiencia.<\/p>\n<p>[\/et_pb_text][et_pb_button button_url=\u00bbhttps:\/\/cutt.ly\/JLX80RB\u00bb url_new_window=\u00bbon\u00bb button_text=\u00bbDescargar PDF\u00bb button_alignment=\u00bbleft\u00bb _builder_version=\u00bb4.17.4&#8243; _module_preset=\u00bbdefault\u00bb custom_button=\u00bbon\u00bb button_text_size=\u00bb13px\u00bb button_text_color=\u00bb#262944&#8243; button_bg_color=\u00bb#41d78c\u00bb button_border_width=\u00bb0px\u00bb button_border_radius=\u00bb6px\u00bb button_font=\u00bbWork Sans|700|||||||\u00bb button_use_icon=\u00bboff\u00bb positioning=\u00bbabsolute\u00bb position_origin_a=\u00bbtop_right\u00bb vertical_offset=\u00bb8px\u00bb horizontal_offset=\u00bb391px\u00bb global_colors_info=\u00bb{}\u00bb button_bg_color__hover_enabled=\u00bbon|desktop\u00bb button_bg_color__hover=\u00bb#00ac57&#8243; button_bg_enable_color__hover=\u00bbon\u00bb][\/et_pb_button][\/et_pb_column][\/et_pb_row][et_pb_row disabled_on=\u00bboff|off|on\u00bb _builder_version=\u00bb4.17.6&#8243; _module_preset=\u00bbdefault\u00bb background_color=\u00bb#ccf0f8&#8243; custom_margin_tablet=\u00bb\u00bb custom_margin_phone=\u00bb||37px||false|false\u00bb custom_margin_last_edited=\u00bbon|phone\u00bb custom_padding=\u00bb5px||0px||false|false\u00bb hover_enabled=\u00bb0&#8243; border_radii=\u00bbon|6px|6px|6px|6px\u00bb global_colors_info=\u00bb{}\u00bb sticky_enabled=\u00bb0&#8243;][et_pb_column type=\u00bb4_4&#8243; _builder_version=\u00bb4.16&#8243; _module_preset=\u00bbdefault\u00bb global_colors_info=\u00bb{}\u00bb][et_pb_text _builder_version=\u00bb4.16&#8243; _module_preset=\u00bbdefault\u00bb text_text_color=\u00bb#262944&#8243; background_color=\u00bb#ccf0f8&#8243; custom_margin=\u00bb||-2px|||\u00bb border_radii=\u00bbon|6px|6px|6px|6px\u00bb border_width_all=\u00bb11px\u00bb border_color_all=\u00bb#ccf0f8&#8243; global_colors_info=\u00bb{}\u00bb]<\/p>\n<p>Lee est\u00e1 informaci\u00f3n en formato PDF para una mejor experiencia.<\/p>\n<p>[\/et_pb_text][et_pb_button button_text=\u00bbDescargar PDF\u00bb button_alignment=\u00bbcenter\u00bb _builder_version=\u00bb4.16&#8243; _module_preset=\u00bbdefault\u00bb custom_button=\u00bbon\u00bb button_text_size=\u00bb13px\u00bb button_text_color=\u00bb#262944&#8243; button_bg_color=\u00bb#41d78c\u00bb button_border_width=\u00bb0px\u00bb button_border_radius=\u00bb6px\u00bb button_font=\u00bbWork Sans|700|||||||\u00bb button_use_icon=\u00bboff\u00bb position_origin_a=\u00bbtop_right\u00bb vertical_offset=\u00bb25px\u00bb horizontal_offset=\u00bb100px\u00bb custom_margin=\u00bb11px||||false|false\u00bb hover_enabled=\u00bb0&#8243; global_colors_info=\u00bb{}\u00bb button_bg_color__hover_enabled=\u00bbon|desktop\u00bb button_bg_color__hover=\u00bb#00ac57&#8243; button_bg_enable_color__hover=\u00bbon\u00bb sticky_enabled=\u00bb0&#8243;][\/et_pb_button][et_pb_button button_text=\u00bbDescargar PDF\u00bb button_alignment=\u00bbleft\u00bb _builder_version=\u00bb4.16&#8243; _module_preset=\u00bbdefault\u00bb custom_button=\u00bbon\u00bb button_text_size=\u00bb13px\u00bb button_text_color=\u00bb#262944&#8243; button_bg_color=\u00bb#41d78c\u00bb button_border_width=\u00bb0px\u00bb button_border_radius=\u00bb6px\u00bb button_font=\u00bbWork Sans|700|||||||\u00bb button_use_icon=\u00bboff\u00bb positioning=\u00bbabsolute\u00bb position_origin_a=\u00bbtop_right\u00bb vertical_offset=\u00bb8px\u00bb horizontal_offset=\u00bb391px\u00bb global_colors_info=\u00bb{}\u00bb button_bg_color__hover_enabled=\u00bbon|desktop\u00bb button_bg_color__hover=\u00bb#00ac57&#8243; button_bg_enable_color__hover=\u00bbon\u00bb][\/et_pb_button][\/et_pb_column][\/et_pb_row][\/et_pb_section][et_pb_section fb_built=\u00bb1&#8243; _builder_version=\u00bb4.16&#8243; _module_preset=\u00bbdefault\u00bb background_color=\u00bb#eff2f5&#8243; custom_margin=\u00bb34px|||||\u00bb custom_padding=\u00bb||14px|||\u00bb da_disable_devices=\u00bboff|off|off\u00bb global_colors_info=\u00bb{}\u00bb da_is_popup=\u00bboff\u00bb da_exit_intent=\u00bboff\u00bb da_has_close=\u00bbon\u00bb da_alt_close=\u00bboff\u00bb da_dark_close=\u00bboff\u00bb da_not_modal=\u00bbon\u00bb da_is_singular=\u00bboff\u00bb da_with_loader=\u00bboff\u00bb da_has_shadow=\u00bbon\u00bb][et_pb_row _builder_version=\u00bb4.16&#8243; _module_preset=\u00bbdefault\u00bb global_colors_info=\u00bb{}\u00bb][et_pb_column type=\u00bb4_4&#8243; _builder_version=\u00bb4.16&#8243; _module_preset=\u00bbdefault\u00bb global_colors_info=\u00bb{}\u00bb][et_pb_text content_tablet=\u00bb<\/p>\n<p style=%22text-align: center;%22>ABEC\u00c9 \u2013 Consulta Informaci\u00f3n Ex\u00f3gena<br \/>A\u00f1o Gravable 2020<\/p>\n<p>\u00bb content_phone=\u00bb<\/p>\n<p style=%22text-align: left;%22>ABEC\u00c9 \u2013 Consulta Informaci\u00f3n Ex\u00f3gena A\u00f1o Gravable 2020<\/p>\n<p>\u00bb content_last_edited=\u00bbon|phone\u00bb _builder_version=\u00bb4.17.6&#8243; _module_preset=\u00bbda597a6f-9ab2-46a5-b8db-833860f64726&#8243; global_colors_info=\u00bb{}\u00bb]<\/p>\n<h4 style=\"text-align: center;\"><strong>ABEC\u00c9 \u2013 Consulta Informaci\u00f3n Ex\u00f3gena <\/strong><strong>A\u00f1o Gravable 2021<\/strong><\/h4>\n<p>[\/et_pb_text][et_pb_divider color=\u00bb#41d78c\u00bb divider_weight=\u00bb4px\u00bb _builder_version=\u00bb4.17.4&#8243; _module_preset=\u00bbdefault\u00bb width=\u00bb49%\u00bb width_tablet=\u00bb36%\u00bb width_phone=\u00bb100%\u00bb width_last_edited=\u00bbon|phone\u00bb module_alignment=\u00bbcenter\u00bb custom_margin=\u00bb-23px||10px||false|false\u00bb global_colors_info=\u00bb{}\u00bb][\/et_pb_divider][\/et_pb_column][\/et_pb_row][et_pb_row column_structure=\u00bb1_2,1_2&#8243; _builder_version=\u00bb4.16&#8243; _module_preset=\u00bbdefault\u00bb global_colors_info=\u00bb{}\u00bb][et_pb_column type=\u00bb1_2&#8243; _builder_version=\u00bb4.16&#8243; _module_preset=\u00bbdefault\u00bb global_colors_info=\u00bb{}\u00bb][et_pb_accordion _builder_version=\u00bb4.17.4&#8243; _module_preset=\u00bbdefault\u00bb toggle_font_size=\u00bb15px\u00bb global_colors_info=\u00bb{}\u00bb][et_pb_accordion_item title=\u00bb1. \u00bfC\u00f3mo puedo obtener mi informaci\u00f3n ex\u00f3gena tributaria como persona natural?\u00bb open=\u00bbon\u00bb open_toggle_text_color=\u00bb#262944&#8243; closed_toggle_text_color=\u00bb#262944&#8243; closed_toggle_background_color=\u00bb#FFFFFF\u00bb icon_color=\u00bb#41d78c\u00bb toggle_icon=\u00bb&#x33;||divi||400&#8243; _builder_version=\u00bb4.17.4&#8243; _module_preset=\u00bbdefault\u00bb body_font=\u00bbUbuntu||||||||\u00bb body_text_color=\u00bb#262944&#8243; body_font_size=\u00bb12px\u00bb body_link_font=\u00bb||||on|||#00b4dc|\u00bb body_link_text_color=\u00bb#00b4dc\u00bb border_width_all=\u00bb0px\u00bb global_colors_info=\u00bb{}\u00bb toggle_text_color=\u00bb#262944&#8243; toggle_font=\u00bbWork Sans|700|||||||\u00bb closed_toggle_font=\u00bbWork Sans|700|||||||\u00bb]<\/p>\n<p>Consulta y descarga tu informaci\u00f3n como persona natural, a trav\u00e9s de <a href=\"http:\/\/www.dian.gov.co\" target=\"_blank\" rel=\"noopener\">www.dian.gov.co<\/a> ingresando a nombre propio por la opci\u00f3n <a href=\"https:\/\/muisca.dian.gov.co\/WebArquitectura\/DefLoginOld.faces\" target=\"_blank\" rel=\"noopener\">Usuario Registrado<\/a>, luego:<\/p>\n<ul>\n<li>Selecciona la opci\u00f3n \u201cConsultar informacion ex\u00f3gena\u00bb e \u00abInformaci\u00f3n reportada por terceros\u00bb.<\/li>\n<li>Lee las condiciones de aceptaci\u00f3n del servicio y oprime el bot\u00f3n <strong><u>Aceptar<\/u><\/strong>.<\/li>\n<li>Selecciona el a\u00f1o gravable (disponible desde el 2014) y da clic en <strong><u>Consultar<\/u><\/strong>.<\/li>\n<li>Elige la ubicaci\u00f3n de tu equipo donde vas a guardar el archivo que generar\u00e1 el sistema.<\/li>\n<li>Oprime <strong><u>Guardar<\/u><\/strong> para descargar el archivo en formato Excel.<\/li>\n<\/ul>\n<p>[\/et_pb_accordion_item][et_pb_accordion_item title=\u00bb2. \u00bfCu\u00e1l es la Informaci\u00f3n Ex\u00f3gena reportada por terceros, que se puede consultar en la p\u00e1gina web de la DIAN por el a\u00f1o gravable 2021? \u00bb open_toggle_text_color=\u00bb#262944&#8243; closed_toggle_text_color=\u00bb#262944&#8243; closed_toggle_background_color=\u00bb#FFFFFF\u00bb icon_color=\u00bb#41d78c\u00bb toggle_icon=\u00bb&#x33;||divi||400&#8243; _builder_version=\u00bb4.17.4&#8243; _module_preset=\u00bbdefault\u00bb body_font=\u00bbUbuntu||||||||\u00bb body_text_color=\u00bb#262944&#8243; body_font_size=\u00bb12px\u00bb body_link_font=\u00bb||||on||||\u00bb body_link_text_color=\u00bb#00b4dc\u00bb border_width_all=\u00bb0px\u00bb global_colors_info=\u00bb{}\u00bb toggle_text_color=\u00bb#262944&#8243; toggle_font=\u00bbWork Sans|700|||||||\u00bb closed_toggle_font=\u00bbWork Sans|700|||||||\u00bb open=\u00bboff\u00bb]<\/p>\n<p>La informaci\u00f3n ex\u00f3gena tributaria que los ciudadanos pueden consultar en la p\u00e1gina de la DIAN es la siguiente:<\/p>\n<ul>\n<li><strong>Informaci\u00f3n de consumos y consignaciones bancarias para validar si superas los topes para ser declarante:<\/strong>\n<ul>\n<li>Valor de consignaciones bancarias, dep\u00f3sitos e inversiones financieras efectuadas en el a\u00f1o.<\/li>\n<li>Consumos de tarjeta de cr\u00e9dito en el a\u00f1o.<\/li>\n<\/ul>\n<\/li>\n<li><strong>Informaci\u00f3n patrimonial:<\/strong>\n<ul>\n<li>Saldos en fondos de inversi\u00f3n colectiva, para el titular principal y secundario.<\/li>\n<li>Saldo de cuentas bancarias para titular principal y secundario.<\/li>\n<li>Valor patrimonial de derechos fiduciarios.<\/li>\n<li>Valor de las cuentas por cobrar <em>(se incluyen en cuentas por cobrar, saldos a favor del informado reportados por terceros, pasivos laborales consolidados y reconocidos por la empresa en cabeza del empleado).<\/em><\/li>\n<li>Saldo de CDT para titular principal y secundario.<\/li>\n<li>Valor del aval\u00fao catastral.<\/li>\n<li>Valor del aval\u00fao catastral o valor del autoeval\u00fao catastral.<\/li>\n<li>Capital aportado en sociedades nacionales.<\/li>\n<li>Deudas, pasivos o cuentas por pagar<\/li>\n<li>Adquisici\u00f3n de bienes o derechos a trav\u00e9s de actos reportados por notar\u00edas.<\/li>\n<li>Saldo aportes voluntarios a fondos de pensiones<\/li>\n<\/ul>\n<\/li>\n<li><strong>Ingresos por rentas laborales<\/strong>\n<ul>\n<li>Pagos por salarios.<\/li>\n<li>Pagos por vi\u00e1ticos.<\/li>\n<li>Pagos por honorarios.<\/li>\n<li>Pagos por comisiones.<\/li>\n<li>Pagos por servicios.<\/li>\n<li>Pagos por prestaciones sociales.<\/li>\n<li>Pagos por emolumentos eclesi\u00e1sticos.<\/li>\n<li>Pagos por gastos de representaci\u00f3n.<\/li>\n<li>Pagos por compensaciones trabajo asociado cooperativo.<\/li>\n<li>Por cesant\u00edas e intereses de cesant\u00edas efectivamente pagadas, consignadas o reconocidas el en periodo por el empleador.<\/li>\n<li>Valor de las cesant\u00edas abonadas en el periodo por el trabajador independiente.<\/li>\n<li>Apoyos econ\u00f3micos no reembolsables o condonados, entregados por el Estado o financiados con recursos p\u00fablicos, para financiar programas educativos.<\/li>\n<li>Valor retiros en el periodo correspondientes a cesant\u00edas acumuladas al a\u00f1o 2016<\/li>\n<li>Pagos laborales por otros conceptos<\/li>\n<\/ul>\n<\/li>\n<li>\u00a0<strong>Informaci\u00f3n de aportes obligatorios y voluntarios<\/strong>\n<ul>\n<li>Aportes obligatorios a fondos de pensiones efectuados por el trabajador independiente.<\/li>\n<li>Aportes al r\u00e9gimen de ahorro individual con solidaridad (RAIS) efectuados por el trabajador independiente.<\/li>\n<li>Aportes obligatorios a fondos de pensiones y solidaridad pensional y aportes voluntarios al RAIS, reportados por el empleador.<\/li>\n<li>Aportes a fondos voluntarios y seguros privados de pensi\u00f3n.<\/li>\n<li>Aportes obligatorios por salud a cargo del trabajador reportados por el empleador.<\/li>\n<li>Aportes en cuentas AVC.<\/li>\n<li>Aportes a cuentas AFC.<\/li>\n<\/ul>\n<\/li>\n<li><strong>Ingresos brutos por rentas por honorarios y compensaci\u00f3n de servicios personales sujetos a costos y gastos y no a las rentas exentas numeral 10 articulo 206<\/strong>\n<ul>\n<li>Pagos por honorarios<\/li>\n<li>Pagos por comisiones<\/li>\n<li>Pagos por servicios<\/li>\n<\/ul>\n<\/li>\n<li><strong>Ingresos por rentas de capital<\/strong>\n<ul>\n<li>Pagos por arrendamientos.<\/li>\n<li>Pagos por intereses.<\/li>\n<li>Rendimientos o utilidades pagados en el periodo.<\/li>\n<li>Pagos por rendimientos CDT.<\/li>\n<li>Valor de los intereses o rendimientos causados en el periodo sobre los aportes efectuados al fondo de cesant\u00edas<\/li>\n<li>Utilidades pagadas en fideicomisos cuando el beneficiario es diferente del fideicomitente.<\/li>\n<\/ul>\n<\/li>\n<li>\u00a0<strong>Ingresos por otros conceptos<\/strong>\n<ul>\n<li>Enajenaciones efectuadas a trav\u00e9s de comisionistas de bolsa.<\/li>\n<li>Pagos por siniestros por seguros de vida pagados o abonados en cuenta.<\/li>\n<li>Pagos por siniestros por lucro cesante pagados o abonados en cuenta.<\/li>\n<li>Pagos por siniestros por da\u00f1o emergente pagados o abonados en cuenta.<\/li>\n<li>Pagos por fondos reintegrados, transferido o distribuidos.<\/li>\n<li>Pagos por primas de reaseguros.<\/li>\n<li>Pagos por otros conceptos.<\/li>\n<li>Retiro de aportes voluntarios y rendimientos sin requisitos de permanencia.<\/li>\n<\/ul>\n<\/li>\n<li><strong>Ingreso por venta de bienes, cesi\u00f3n de derechos, donaciones y otros actos reportados por notar\u00edas.<\/strong>\n<ul>\n<li>Dep\u00f3sitos judiciales.<\/li>\n<li>Ingresos por regal\u00edas y explotaci\u00f3n de la propiedad intelectual.<\/li>\n<li>Ingresos por ventas de bienes.<\/li>\n<\/ul>\n<\/li>\n<li><strong>Rentas de pensiones<\/strong>\n<ul>\n<li>Ingresos por rentas de pensiones del pa\u00eds y del exterior.<\/li>\n<li>Devoluciones de saldos de aportes pensionales pagados.<\/li>\n<li>Excedentes pensionales de libre disponibilidad componente de capital pagados.<\/li>\n<\/ul>\n<\/li>\n<li><strong>Ingresos por ganancias ocasionales<\/strong>\n<ul>\n<li>Pago por loter\u00edas, rifas, apuestas y similares.<\/li>\n<li>Donaciones en dinero.<\/li>\n<li>Donaciones en activos diferentes a dinero.<\/li>\n<\/ul>\n<\/li>\n<li><strong>Dividendos<\/strong><\/li>\n<li><strong>Retenciones en la fuente y devoluci\u00f3n de retenciones<\/strong><\/li>\n<\/ul>\n<ul>\n<li style=\"list-style-type: none;\">\n<ul><\/ul>\n<\/li>\n<\/ul>\n<p>[\/et_pb_accordion_item][et_pb_accordion_item title=\u00bb3. \u00bfQu\u00e9 debo tener en cuenta sobre la publicaci\u00f3n de informaci\u00f3n referente a bienes inmuebles?\u00bb open_toggle_text_color=\u00bb#262944&#8243; closed_toggle_text_color=\u00bb#262944&#8243; closed_toggle_background_color=\u00bb#FFFFFF\u00bb icon_color=\u00bb#41d78c\u00bb toggle_icon=\u00bb&#x33;||divi||400&#8243; _builder_version=\u00bb4.17.4&#8243; _module_preset=\u00bbdefault\u00bb body_font=\u00bbUbuntu||||||||\u00bb body_text_color=\u00bb#262944&#8243; body_font_size=\u00bb12px\u00bb body_link_font=\u00bb||||on||||\u00bb body_link_text_color=\u00bb#00b4dc\u00bb border_width_all=\u00bb0px\u00bb global_colors_info=\u00bb{}\u00bb toggle_text_color=\u00bb#262944&#8243; toggle_font=\u00bbWork Sans|700|||||||\u00bb closed_toggle_font=\u00bbWork Sans|700|||||||\u00bb open=\u00bboff\u00bb]<\/p>\n<p><span>\u200b<\/span>En relaci\u00f3n con el reporte de informaci\u00f3n ex\u00f3gena sobre los bienes inmuebles debe tener en cuenta los siguientes aspectos:<\/p>\n<ul>\n<li>El valor reportado corresponde al informado por los registros catastrales y del impuesto predial.<\/li>\n<li>Para el a\u00f1o gravable 2021, la informaci\u00f3n reportada por las alcald\u00edas, distritos y gobernaciones, se solicit\u00f3 distribuyendo la propiedad seg\u00fan los porcentajes que corresponden a cada propietario. No obstante, en el evento en que las alcald\u00edas, distritos o gobernaciones no hayan suministrado el porcentaje de participaci\u00f3n, la DIAN reportar\u00e1 el valor total de la propiedad en cabeza de cada uno de los propietarios, por esta raz\u00f3n, si el inmueble tiene m\u00e1s de un propietario, para efectos de la declaraci\u00f3n de renta, cada propietario deber\u00e1 incluir en su declaraci\u00f3n la participaci\u00f3n que corresponda seg\u00fan los documentos que acreditan la propiedad del bien.<\/li>\n<\/ul>\n<p>[\/et_pb_accordion_item][et_pb_accordion_item title=\u00bb4. \u00bfA qu\u00e9 corresponde lo reportado como cuentas por cobrar?\u00bb open_toggle_text_color=\u00bb#262944&#8243; closed_toggle_text_color=\u00bb#262944&#8243; closed_toggle_background_color=\u00bb#FFFFFF\u00bb icon_color=\u00bb#41d78c\u00bb toggle_icon=\u00bb&#x33;||divi||400&#8243; _builder_version=\u00bb4.17.4&#8243; _module_preset=\u00bbdefault\u00bb body_font=\u00bbUbuntu||||||||\u00bb body_text_color=\u00bb#262944&#8243; body_font_size=\u00bb12px\u00bb body_link_font=\u00bb||||on||||\u00bb body_link_text_color=\u00bb#00b4dc\u00bb border_width_all=\u00bb0px\u00bb global_colors_info=\u00bb{}\u00bb toggle_text_color=\u00bb#262944&#8243; toggle_font=\u00bbWork Sans|700|||||||\u00bb closed_toggle_font=\u00bbWork Sans|700|||||||\u00bb open=\u00bboff\u00bb]<\/p>\n<p><span>\u200bEn este rubro se incluyen saldos a favor del informado reportados por terceros, cuentas a favor del reportado o cuentas por cobrar.<br \/><\/span><\/p>\n<p>[\/et_pb_accordion_item][et_pb_accordion_item title=\u00bb5. \u00bfA qu\u00e9 corresponde lo reportado como deudas, pasivos o cuentas por pagar?\u00bb open_toggle_text_color=\u00bb#262944&#8243; closed_toggle_text_color=\u00bb#262944&#8243; closed_toggle_background_color=\u00bb#FFFFFF\u00bb icon_color=\u00bb#41d78c\u00bb toggle_icon=\u00bb&#x33;||divi||400&#8243; _builder_version=\u00bb4.17.4&#8243; _module_preset=\u00bbdefault\u00bb body_font=\u00bbUbuntu||||||||\u00bb body_text_color=\u00bb#262944&#8243; body_font_size=\u00bb12px\u00bb body_link_font=\u00bb||||on||||\u00bb body_link_text_color=\u00bb#00b4dc\u00bb border_width_all=\u00bb0px\u00bb global_colors_info=\u00bb{}\u00bb toggle_text_color=\u00bb#262944&#8243; toggle_font=\u00bbWork Sans|700|||||||\u00bb closed_toggle_font=\u00bbWork Sans|700|||||||\u00bb open=\u00bboff\u00bb]<\/p>\n<p><span>\u200bEn este rubro se incluyen saldos de cr\u00e9ditos y dem\u00e1s obligaciones financieras, as\u00ed como las deudas adquiridas o saldos pendientes de pago informados por terceros.<\/span><\/p>\n<p>[\/et_pb_accordion_item][et_pb_accordion_item title=\u00bb6. \u00bfQu\u00e9 sucede si la empresa report\u00f3 la informaci\u00f3n, pero a m\u00ed no me aparece en la consulta de renta?\u00bb open_toggle_text_color=\u00bb#262944&#8243; closed_toggle_text_color=\u00bb#262944&#8243; closed_toggle_background_color=\u00bb#FFFFFF\u00bb icon_color=\u00bb#41d78c\u00bb toggle_icon=\u00bb&#x33;||divi||400&#8243; _builder_version=\u00bb4.17.4&#8243; _module_preset=\u00bbdefault\u00bb body_font=\u00bbUbuntu||||||||\u00bb body_text_color=\u00bb#262944&#8243; body_font_size=\u00bb12px\u00bb body_link_font=\u00bb||||on||||\u00bb body_link_text_color=\u00bb#00b4dc\u00bb border_width_all=\u00bb0px\u00bb global_colors_info=\u00bb{}\u00bb toggle_text_color=\u00bb#262944&#8243; toggle_font=\u00bbWork Sans|700|||||||\u00bb closed_toggle_font=\u00bbWork Sans|700|||||||\u00bb open=\u00bboff\u00bb]<\/p>\n<p>En este caso debes solicitar al reportante que valide que la informaci\u00f3n transmitida se encuentre en estado \u201cSolicitud recibida\u201d, ya que, si la misma qued\u00f3 como \u201cSolicitud con error\u201d, el reportante deber\u00e1 corregir los errores que correspondan para que la informaci\u00f3n sea recibida por la entidad.\u00a0<\/p>\n<p>En todo caso debes tener en cuenta que la informaci\u00f3n ex\u00f3gena tributaria no es imprescindible para la preparaci\u00f3n de la declaraci\u00f3n y no reemplaza la informaci\u00f3n de tu realidad jur\u00eddica, econ\u00f3mica y financiera.<\/p>\n<p>[\/et_pb_accordion_item][\/et_pb_accordion][\/et_pb_column][et_pb_column type=\u00bb1_2&#8243; _builder_version=\u00bb4.16&#8243; _module_preset=\u00bbdefault\u00bb global_colors_info=\u00bb{}\u00bb][et_pb_accordion _builder_version=\u00bb4.17.4&#8243; _module_preset=\u00bbdefault\u00bb toggle_font_size=\u00bb15px\u00bb global_colors_info=\u00bb{}\u00bb][et_pb_accordion_item title=\u00bb7. \u00bfPor qu\u00e9 se reporta la informaci\u00f3n correspondiente a cuentas e inversiones en cabeza del titular principal y del titular secundario?\u00bb open=\u00bbon\u00bb open_toggle_text_color=\u00bb#262944&#8243; closed_toggle_text_color=\u00bb#262944&#8243; closed_toggle_background_color=\u00bb#FFFFFF\u00bb icon_color=\u00bb#41d78c\u00bb toggle_icon=\u00bb&#x33;||divi||400&#8243; _builder_version=\u00bb4.17.4&#8243; _module_preset=\u00bbdefault\u00bb body_font=\u00bbUbuntu||||||||\u00bb body_text_color=\u00bb#262944&#8243; body_font_size=\u00bb12px\u00bb border_width_all=\u00bb0px\u00bb global_colors_info=\u00bb{}\u00bb toggle_text_color=\u00bb#262944&#8243; toggle_font=\u00bbWork Sans|700|||||||\u00bb closed_toggle_font=\u00bbWork Sans|700|||||||\u00bb]<\/p>\n<p><span>El reporte se efect\u00faa de esta manera para que todos los usuarios que tienen la calidad de titulares de las cuentas e inversiones tengan acceso a la informaci\u00f3n y puedan aplicar los criterios jur\u00eddicos y tributarios con el fin de garantizar que los valores registrados en su declaraci\u00f3n correspondan a su realidad jur\u00eddica, econ\u00f3mica y financiera.<\/span><\/p>\n<p>[\/et_pb_accordion_item][et_pb_accordion_item title=\u00bb8.  \u00bfSe puede solicitar informaci\u00f3n ex\u00f3gena de otra persona? \u00bb open_toggle_text_color=\u00bb#262944&#8243; closed_toggle_text_color=\u00bb#262944&#8243; closed_toggle_background_color=\u00bb#FFFFFF\u00bb icon_color=\u00bb#41d78c\u00bb toggle_icon=\u00bb&#x33;||divi||400&#8243; _builder_version=\u00bb4.17.4&#8243; _module_preset=\u00bbdefault\u00bb body_font=\u00bbUbuntu||||||||\u00bb body_text_color=\u00bb#262944&#8243; body_font_size=\u00bb12px\u00bb border_width_all=\u00bb0px\u00bb global_colors_info=\u00bb{}\u00bb toggle_text_color=\u00bb#262944&#8243; toggle_font=\u00bbWork Sans|700|||||||\u00bb closed_toggle_font=\u00bbWork Sans|700|||||||\u00bb open=\u00bboff\u00bb]<\/p>\n<p>No, la informaci\u00f3n consignada en la base datos de la DIAN goza de reserva seg\u00fan el art. 583 y 584 del Estatuto Tributario.\u00a0 Una persona puede solicitar informaci\u00f3n ex\u00f3gena de otra persona, s\u00f3lo si ejerce labores de representaci\u00f3n legal soportadas en documento notarial y se encuentra inscrito como tal en el RUT de la otra persona.<\/p>\n<p>[\/et_pb_accordion_item][et_pb_accordion_item title=\u00bb9. En mi informaci\u00f3n ex\u00f3gena aparecen inconsistencias, yo no recib\u00ed esos pagos ni hice esas transacciones, \u00bfqu\u00e9 debo hacer para que esa persona o empresa realice las correcciones?\u00bb open_toggle_text_color=\u00bb#262944&#8243; closed_toggle_text_color=\u00bb#262944&#8243; closed_toggle_background_color=\u00bb#FFFFFF\u00bb icon_color=\u00bb#41d78c\u00bb toggle_icon=\u00bb&#x33;||divi||400&#8243; _builder_version=\u00bb4.17.4&#8243; _module_preset=\u00bbdefault\u00bb body_font=\u00bbUbuntu||||||||\u00bb body_text_color=\u00bb#262944&#8243; body_font_size=\u00bb12px\u00bb border_width_all=\u00bb0px\u00bb global_colors_info=\u00bb{}\u00bb toggle_text_color=\u00bb#262944&#8243; toggle_font=\u00bbWork Sans|700|||||||\u00bb closed_toggle_font=\u00bbWork Sans|700|||||||\u00bb open=\u00bboff\u00bb]<\/p>\n<p>Si la informaci\u00f3n reportada por terceros presenta inconsistencias tales como, registros duplicados, no tuvo transacciones con el que lo reporta o los valores que informan a tu nombre no son los correctos, entre otros; debes comunicarte o requerir a la persona natural o jur\u00eddica que suministr\u00f3 la informaci\u00f3n para que realice las modificaciones a que haya lugar.<\/p>\n<p>[\/et_pb_accordion_item][et_pb_accordion_item title=\u00bb10. \u00bfPuede la DIAN corregir la informaci\u00f3n ex\u00f3gena que una persona natural o jur\u00eddica report\u00f3 con inconsistencias? \u00bb open_toggle_text_color=\u00bb#262944&#8243; closed_toggle_text_color=\u00bb#262944&#8243; closed_toggle_background_color=\u00bb#FFFFFF\u00bb icon_color=\u00bb#41d78c\u00bb toggle_icon=\u00bb&#x33;||divi||400&#8243; _builder_version=\u00bb4.17.4&#8243; _module_preset=\u00bbdefault\u00bb body_font=\u00bbUbuntu||||||||\u00bb body_text_color=\u00bb#262944&#8243; body_font_size=\u00bb12px\u00bb border_width_all=\u00bb0px\u00bb global_colors_info=\u00bb{}\u00bb toggle_text_color=\u00bb#262944&#8243; toggle_font=\u00bbWork Sans|700|||||||\u00bb closed_toggle_font=\u00bbWork Sans|700|||||||\u00bb open=\u00bboff\u00bb]<\/p>\n<p>La Direcci\u00f3n de Impuestos y Aduanas Nacionales &#8211; DIAN no est\u00e1 facultada para corregir esta informaci\u00f3n, solamente la entidad o persona natural informante puede actualizarla en su calidad de responsable sobre las transacciones econ\u00f3micas reportadas.\u00a0<\/p>\n<p>[\/et_pb_accordion_item][et_pb_accordion_item title=\u00bb11. \u00bfQu\u00e9 pasa si una empresa corrigi\u00f3 la inconsistencia reportada a mi nombre, pero hoy, al realizar la consulta de mi informaci\u00f3n ex\u00f3gena a\u00fan no aparece corregida? \u00bb open_toggle_text_color=\u00bb#262944&#8243; closed_toggle_text_color=\u00bb#262944&#8243; closed_toggle_background_color=\u00bb#FFFFFF\u00bb icon_color=\u00bb#41d78c\u00bb toggle_icon=\u00bb&#x33;||divi||400&#8243; _builder_version=\u00bb4.17.4&#8243; _module_preset=\u00bbdefault\u00bb body_font=\u00bbUbuntu||||||||\u00bb body_text_color=\u00bb#262944&#8243; body_font_size=\u00bb12px\u00bb border_width_all=\u00bb0px\u00bb global_colors_info=\u00bb{}\u00bb toggle_text_color=\u00bb#262944&#8243; toggle_font=\u00bbWork Sans|700|||||||\u00bb closed_toggle_font=\u00bbWork Sans|700|||||||\u00bb open=\u00bboff\u00bb]<\/p>\n<p>Ten en cuenta que las correcciones de la informaci\u00f3n por parte de los informantes se ver\u00e1n actualizadas en la consulta de lo reportado por terceros <u>dos semanas<\/u> despu\u00e9s de presentada dicha actualizaci\u00f3n.\u00a0<\/p>\n<p>[\/et_pb_accordion_item][et_pb_accordion_item title=\u00bb12. \u00bfEs obligatorio contar con la informaci\u00f3n ex\u00f3gena para poder presentar mi declaraci\u00f3n de renta?\u00bb open_toggle_text_color=\u00bb#262944&#8243; closed_toggle_text_color=\u00bb#262944&#8243; closed_toggle_background_color=\u00bb#FFFFFF\u00bb icon_color=\u00bb#41d78c\u00bb toggle_icon=\u00bb&#x33;||divi||400&#8243; _builder_version=\u00bb4.17.4&#8243; _module_preset=\u00bbdefault\u00bb body_font=\u00bbUbuntu||||||||\u00bb body_text_color=\u00bb#262944&#8243; body_font_size=\u00bb12px\u00bb border_width_all=\u00bb0px\u00bb global_colors_info=\u00bb{}\u00bb toggle_text_color=\u00bb#262944&#8243; toggle_font=\u00bbWork Sans|700|||||||\u00bb closed_toggle_font=\u00bbWork Sans|700|||||||\u00bb open=\u00bboff\u00bb]<\/p>\n<p>La Informaci\u00f3n Ex\u00f3gena Tributaria NO ES IMPRESCINDIBLE y en ning\u00fan momento reemplaza la informaci\u00f3n de tu realidad jur\u00eddica, econ\u00f3mica y financiera. Este es un servicio de cercan\u00eda con el ciudadano, por medio del cual se busca reducir los costos en la elaboraci\u00f3n de la declaraci\u00f3n de renta y facilitar el cumplimiento de las obligaciones tributarias para contribuir al bienestar colectivo.\u00a0<\/p>\n<p>[\/et_pb_accordion_item][\/et_pb_accordion][\/et_pb_column][\/et_pb_row][\/et_pb_section][et_pb_section fb_built=\u00bb1&#8243; _builder_version=\u00bb4.16&#8243; _module_preset=\u00bbdefault\u00bb custom_padding=\u00bb5px||0px|||\u00bb da_disable_devices=\u00bboff|off|off\u00bb global_colors_info=\u00bb{}\u00bb da_is_popup=\u00bboff\u00bb da_exit_intent=\u00bboff\u00bb da_has_close=\u00bbon\u00bb da_alt_close=\u00bboff\u00bb da_dark_close=\u00bboff\u00bb da_not_modal=\u00bbon\u00bb da_is_singular=\u00bboff\u00bb da_with_loader=\u00bboff\u00bb da_has_shadow=\u00bbon\u00bb][et_pb_row column_structure=\u00bb2_5,3_5&#8243; _builder_version=\u00bb4.16.1&#8243; _module_preset=\u00bbdefault\u00bb custom_margin=\u00bb26px|auto||auto||\u00bb custom_margin_tablet=\u00bb\u00bb custom_margin_phone=\u00bb||-87px||false|false\u00bb custom_margin_last_edited=\u00bbon|phone\u00bb custom_padding=\u00bb4px|||||\u00bb global_colors_info=\u00bb{}\u00bb][et_pb_column type=\u00bb2_5&#8243; _builder_version=\u00bb4.16&#8243; _module_preset=\u00bbdefault\u00bb global_colors_info=\u00bb{}\u00bb][et_pb_text _builder_version=\u00bb4.17.4&#8243; _module_preset=\u00bbdefault\u00bb text_font=\u00bbUbuntu||||||||\u00bb custom_margin=\u00bb3px||||false|false\u00bb global_colors_info=\u00bb{}\u00bb]<\/p>\n<p style=\"text-align: left;\">Compartir contenido:<\/p>\n<p>[\/et_pb_text][et_pb_code _builder_version=\u00bb4.16&#8243; _module_preset=\u00bbdefault\u00bb width=\u00bb63%\u00bb global_colors_info=\u00bb{}\u00bb]<div class=\"et_social_inline et_social_mobile_on et_social_inline_custom\">\n\t\t\t\t<div class=\"et_social_networks et_social_4col et_social_simple et_social_circle et_social_left et_social_no_animation et_social_outer_dark\">\n\t\t\t\t\t\n\t\t\t\t\t<ul class=\"et_social_icons_container\"><li class=\"et_social_facebook\">\n\t\t\t\t\t\t\t\t\t<a href=\"http:\/\/www.facebook.com\/sharer.php?u=https%3A%2F%2Fmicrositios.dian.gov.co%2Frenta-personas-naturales-ag-2021%2Finformacion-reportada-por-terceros-informacion-exogena%2F&#038;t=Informaci%C3%B3n%20reportada%20por%20terceros%20%28informaci%C3%B3n%20ex%C3%B3gena%29\" class=\"et_social_share\" rel=\"nofollow\" data-social_name=\"facebook\" data-post_id=\"295\" data-social_type=\"share\" data-location=\"inline\">\n\t\t\t\t\t\t\t\t\t\t<i class=\"et_social_icon et_social_icon_facebook\"><\/i><span class=\"et_social_overlay\"><\/span>\n\t\t\t\t\t\t\t\t\t<\/a>\n\t\t\t\t\t\t\t\t<\/li><li class=\"et_social_twitter\">\n\t\t\t\t\t\t\t\t\t<a href=\"http:\/\/twitter.com\/share?text=Informaci%C3%B3n%20reportada%20por%20terceros%20%28informaci%C3%B3n%20ex%C3%B3gena%29&#038;url=https%3A%2F%2Fmicrositios.dian.gov.co%2Frenta-personas-naturales-ag-2021%2Finformacion-reportada-por-terceros-informacion-exogena%2F\" class=\"et_social_share\" rel=\"nofollow\" data-social_name=\"twitter\" data-post_id=\"295\" data-social_type=\"share\" data-location=\"inline\">\n\t\t\t\t\t\t\t\t\t\t<i class=\"et_social_icon et_social_icon_twitter\"><\/i><span class=\"et_social_overlay\"><\/span>\n\t\t\t\t\t\t\t\t\t<\/a>\n\t\t\t\t\t\t\t\t<\/li><li class=\"et_social_linkedin\">\n\t\t\t\t\t\t\t\t\t<a href=\"http:\/\/www.linkedin.com\/shareArticle?mini=true&#038;url=https%3A%2F%2Fmicrositios.dian.gov.co%2Frenta-personas-naturales-ag-2021%2Finformacion-reportada-por-terceros-informacion-exogena%2F&#038;title=Informaci%C3%B3n%20reportada%20por%20terceros%20%28informaci%C3%B3n%20ex%C3%B3gena%29\" class=\"et_social_share\" rel=\"nofollow\" data-social_name=\"linkedin\" data-post_id=\"295\" data-social_type=\"share\" data-location=\"inline\">\n\t\t\t\t\t\t\t\t\t\t<i class=\"et_social_icon et_social_icon_linkedin\"><\/i><span class=\"et_social_overlay\"><\/span>\n\t\t\t\t\t\t\t\t\t<\/a>\n\t\t\t\t\t\t\t\t<\/li><\/ul>\n\t\t\t\t<\/div>\n\t\t\t<\/div>[\/et_pb_code][\/et_pb_column][et_pb_column type=\u00bb3_5&#8243; _builder_version=\u00bb4.16&#8243; _module_preset=\u00bbdefault\u00bb global_colors_info=\u00bb{}\u00bb][\/et_pb_column][\/et_pb_row][\/et_pb_section][et_pb_section fb_built=\u00bb1&#8243; disabled_on=\u00bbon|on|on\u00bb _builder_version=\u00bb4.17.4&#8243; _module_preset=\u00bbdefault\u00bb custom_padding=\u00bb5px||2px|||\u00bb da_disable_devices=\u00bboff|off|off\u00bb disabled=\u00bbon\u00bb global_colors_info=\u00bb{}\u00bb da_is_popup=\u00bboff\u00bb da_exit_intent=\u00bboff\u00bb da_has_close=\u00bbon\u00bb da_alt_close=\u00bboff\u00bb da_dark_close=\u00bboff\u00bb da_not_modal=\u00bbon\u00bb da_is_singular=\u00bboff\u00bb da_with_loader=\u00bboff\u00bb da_has_shadow=\u00bbon\u00bb][et_pb_row column_structure=\u00bb1_2,1_2&#8243; _builder_version=\u00bb4.16&#8243; _module_preset=\u00bbdefault\u00bb custom_padding=\u00bb||6px|||\u00bb global_colors_info=\u00bb{}\u00bb][et_pb_column type=\u00bb1_2&#8243; _builder_version=\u00bb4.16&#8243; _module_preset=\u00bbdefault\u00bb global_colors_info=\u00bb{}\u00bb][et_pb_text _builder_version=\u00bb4.16&#8243; _module_preset=\u00bbdefault\u00bb global_colors_info=\u00bb{}\u00bb]<\/p>\n<p style=\"text-align: left;\">Informaci\u00f3n de interes<\/p>\n<p>[\/et_pb_text][et_pb_divider color=\u00bb#41d78c\u00bb divider_weight=\u00bb4px\u00bb _builder_version=\u00bb4.16&#8243; _module_preset=\u00bbdefault\u00bb width=\u00bb44%\u00bb module_alignment=\u00bbleft\u00bb custom_margin=\u00bb-23px||10px||false|false\u00bb global_colors_info=\u00bb{}\u00bb][\/et_pb_divider][\/et_pb_column][et_pb_column type=\u00bb1_2&#8243; _builder_version=\u00bb4.16&#8243; _module_preset=\u00bbdefault\u00bb global_colors_info=\u00bb{}\u00bb][\/et_pb_column][\/et_pb_row][et_pb_row _builder_version=\u00bb4.16&#8243; _module_preset=\u00bbdefault\u00bb custom_padding=\u00bb7px|||||\u00bb global_colors_info=\u00bb{}\u00bb][et_pb_column type=\u00bb4_4&#8243; _builder_version=\u00bb4.16&#8243; _module_preset=\u00bbdefault\u00bb global_colors_info=\u00bb{}\u00bb][lwp_post_carousel post_count=\u00bb8&#8243; post_categories=\u00bb1&#8243; slides_scroll=\u00bb2&#8243; autoplay_animation=\u00bbon\u00bb infinite_animation=\u00bbon\u00bb arrow_color=\u00bb#41d78c\u00bb dots_color=\u00bb#41d78c\u00bb post_background=\u00bb#FFFFFF\u00bb _builder_version=\u00bb4.17.0&#8243; _module_preset=\u00bbdefault\u00bb post_title_font=\u00bbWork Sans|700|||||||\u00bb post_title_text_color=\u00bb#262944&#8243; post_title_font_size=\u00bb17px\u00bb post_meta_font=\u00bbUbuntu||||||||\u00bb post_meta_text_color=\u00bb#262944&#8243; post_meta_font_size=\u00bb10px\u00bb post_meta_line_height=\u00bb0.2em\u00bb custom_button=\u00bbon\u00bb button_text_size=\u00bb0px\u00bb button_text_color=\u00bb#2b323d\u00bb button_bg_color=\u00bb#FFFFFF\u00bb button_border_width=\u00bb0px\u00bb button_border_color=\u00bb#41d78c\u00bb button_font=\u00bbWork Sans|700|||||||\u00bb button_use_icon=\u00bboff\u00bb text_orientation=\u00bbleft\u00bb custom_padding=\u00bb||0px||false|false\u00bb post_meta_line_height_tablet=\u00bb0.2em\u00bb post_meta_line_height_phone=\u00bb1.7em\u00bb post_meta_line_height_last_edited=\u00bbon|phone\u00bb border_radii_arrow_border=\u00bbon|3248px|3248px|3248px|3248px\u00bb border_width_all_post=\u00bb0px\u00bb box_shadow_style_image=\u00bbpreset1&#8243; box_shadow_vertical_image=\u00bb0px\u00bb box_shadow_blur_image=\u00bb0px\u00bb global_colors_info=\u00bb{}\u00bb button_bg_color__hover_enabled=\u00bbon|desktop\u00bb button_bg_color__hover=\u00bb#f6f7f9&#8243; button_bg_enable_color__hover=\u00bbon\u00bb post_title_text_color__hover_enabled=\u00bbon|hover\u00bb post_title_text_color__hover=\u00bb#00b4dc\u00bb box_shadow_blur_image__hover_enabled=\u00bbon|hover\u00bb box_shadow_blur_image__hover=\u00bb13px\u00bb box_shadow_spread_image__hover_enabled=\u00bbon|desktop\u00bb box_shadow_spread_image__hover=\u00bb1px\u00bb][\/lwp_post_carousel][\/et_pb_column][\/et_pb_row][\/et_pb_section]<\/p>\n","protected":false},"excerpt":{"rendered":"<p>Informaci\u00f3n reportada por terceros(informaci\u00f3n ex\u00f3gena)<div class=\"et_pb_module dipl_breadcrumb dipl_breadcrumb_0\">\n\t\t\t\t\n\t\t\t\t\n\t\t\t\t\n\t\t\t\t\n\t\t\t\t\n\t\t\t\t\n\t\t\t\t<div class=\"et_pb_module_inner\">\n\t\t\t\t\t<div class=\"dipl-breadcrumb-wrapper layout2\">\n\t\t\t\t<ol class=\"dipl-breadcrumb-inner\" vocab=\"https:\/\/schema.org\/\" typeof=\"BreadcrumbList\">\n\t\t\t\t\t<li property=\"itemListElement\" typeof=\"ListItem\" data-icon=\"&#x24;\">\n\t\t\t\t\t\t\t\t<a class=\"breadcrumb-item dipl-home-page\" href=\"https:\/\/micrositios.dian.gov.co\/renta-personas-naturales-ag-2021\" property=\"item\" typeof=\"WebPage\" target=\"_blank\">\n\t\t\t\t\t\t\t\t\t<span class=\"breadcrumb-page\" property=\"name\">\n\t\t\t\t\t\t\t\t\t\t<span class=\"breadcrumb-home-icon et-pb-icon\">&#x23;<\/span>\n\t\t\t\t\t\t\t\t\t\tInicio\n\t\t\t\t\t\t\t\t\t<\/span>\n\t\t\t\t\t\t\t\t<\/a>\n\t\t\t\t\t\t\t\t<meta property=\"position\" content=\"1\" \/>\n\t\t\t\t\t\t\t<\/li>\n\t\t\t\t<\/ol>\n\t\t\t<\/div>\n\t\t\t\t<\/div>\n\t\t\t<\/div><div class=\"et_pb_with_border et_pb_module dipl_ajax_search dipl_ajax_search_0\">\n\t\t\t\t\n\t\t\t\t\n\t\t\t\t\n\t\t\t\t\n\t\t\t\t\n\t\t\t\t\n\t\t\t\t<div class=\"et_pb_module_inner\">\n\t\t\t\t\t<div class=\"dipl_ajax_search_wrap\">\n\t\t\t\t<div class=\"dipl_ajax_search_field_wrap dipl_ajax_search_icon\">\n\t\t\t\t\t<input type=\"search\" placeholder=\"Buscar por palabra clave\" class=\"dipl_ajax_search_field\"\n\t\t\t\t\t\tdata-search-in=\"post_title,post_content,post_excerpt\" data-search-post-type=\"page\" data-display-fields=\"title,excerpt,featured_image\" \n\t\t\t\t\t\tdata-url-new-window=\"on\" data-number-of-results=\"-1\" data-no-result-text=\"No encontramos resultados a tu b\u00fasqueda\" \n\t\t\t\t\t\tdata-orderby=\"post_title\" data-order=\"ASC\" data-use-masonry=\"off\"\n\t\t\t\t\t\tdata-exclude_protected_posts=\"off\"\n\t\t\t\t\t\/>\n\t\t\t\t\t<input type=\"hidden\" class=\"dipl_ajax_search_nonce\" value=\"1e13215c68\" \/>\n\t\t\t\t<\/div>\n\t\t\t\t<div class=\"dipl_ajax_search_results_wrap dipl_ajax_search_result_1_cols \"><\/div>\n\t\t\t<\/div>\n\t\t\t\t<\/div>\n\t\t\t<\/div>Informaci\u00f3n reportada por [&hellip;]<\/p>\n","protected":false},"author":1,"featured_media":0,"parent":0,"menu_order":0,"comment_status":"closed","ping_status":"closed","template":"","meta":{"_et_pb_use_builder":"on","_et_pb_old_content":"","_et_gb_content_width":"","footnotes":""},"class_list":["post-295","page","type-page","status-publish","hentry"],"yoast_head":"<!-- This site is optimized with the Yoast SEO Premium plugin v18.5 (Yoast SEO v27.2) - https:\/\/yoast.com\/product\/yoast-seo-premium-wordpress\/ -->\n<title>Informaci\u00f3n reportada por terceros (informaci\u00f3n ex\u00f3gena)<\/title>\n<meta name=\"description\" content=\"Encuentre el abec\u00e9 para consultar la informaci\u00f3n reportada por terceros\" \/>\n<meta name=\"robots\" content=\"index, follow, max-snippet:-1, max-image-preview:large, max-video-preview:-1\" \/>\n<link rel=\"canonical\" href=\"https:\/\/micrositios.dian.gov.co\/renta-personas-naturales-ag-2021\/informacion-reportada-por-terceros-informacion-exogena\/\" \/>\n<meta property=\"og:locale\" content=\"es_ES\" \/>\n<meta property=\"og:type\" content=\"article\" \/>\n<meta property=\"og:title\" content=\"Informaci\u00f3n reportada por terceros (informaci\u00f3n ex\u00f3gena)\" \/>\n<meta property=\"og:description\" content=\"Encuentre el abec\u00e9 para consultar la informaci\u00f3n reportada por terceros\" \/>\n<meta property=\"og:url\" content=\"https:\/\/micrositios.dian.gov.co\/renta-personas-naturales-ag-2021\/informacion-reportada-por-terceros-informacion-exogena\/\" \/>\n<meta property=\"og:site_name\" content=\"Rentas Personas Naturales AG 2021 - DIAN\" \/>\n<meta property=\"article:modified_time\" content=\"2022-08-24T13:02:48+00:00\" \/>\n<meta property=\"og:image\" content=\"https:\/\/micrositios.dian.gov.co\/renta-personas-naturales-ag-2021\/wp-content\/uploads\/sites\/2\/2022\/06\/Enmascarar-grupo-100-1.png\" \/>\n\t<meta property=\"og:image:width\" content=\"795\" \/>\n\t<meta property=\"og:image:height\" content=\"397\" \/>\n\t<meta property=\"og:image:type\" content=\"image\/png\" \/>\n<meta name=\"twitter:card\" content=\"summary_large_image\" \/>\n<meta name=\"twitter:description\" content=\"Encuentre el abec\u00e9 para consultar la informaci\u00f3n reportada por terceros\" \/>\n<meta name=\"twitter:label1\" content=\"Tiempo de lectura\" \/>\n\t<meta name=\"twitter:data1\" content=\"13 minutos\" \/>\n<script type=\"application\/ld+json\" class=\"yoast-schema-graph\">{\"@context\":\"https:\/\/schema.org\",\"@graph\":[{\"@type\":\"WebPage\",\"@id\":\"https:\/\/micrositios.dian.gov.co\/renta-personas-naturales-ag-2021\/informacion-reportada-por-terceros-informacion-exogena\/\",\"url\":\"https:\/\/micrositios.dian.gov.co\/renta-personas-naturales-ag-2021\/informacion-reportada-por-terceros-informacion-exogena\/\",\"name\":\"Informaci\u00f3n reportada por terceros (informaci\u00f3n ex\u00f3gena)\",\"isPartOf\":{\"@id\":\"https:\/\/micrositios.dian.gov.co\/renta-personas-naturales-ag-2021\/#website\"},\"datePublished\":\"2022-06-03T01:15:47+00:00\",\"dateModified\":\"2022-08-24T13:02:48+00:00\",\"description\":\"Encuentre el abec\u00e9 para consultar la informaci\u00f3n reportada por terceros\",\"breadcrumb\":{\"@id\":\"https:\/\/micrositios.dian.gov.co\/renta-personas-naturales-ag-2021\/informacion-reportada-por-terceros-informacion-exogena\/#breadcrumb\"},\"inLanguage\":\"es\",\"potentialAction\":[{\"@type\":\"ReadAction\",\"target\":[\"https:\/\/micrositios.dian.gov.co\/renta-personas-naturales-ag-2021\/informacion-reportada-por-terceros-informacion-exogena\/\"]}]},{\"@type\":\"BreadcrumbList\",\"@id\":\"https:\/\/micrositios.dian.gov.co\/renta-personas-naturales-ag-2021\/informacion-reportada-por-terceros-informacion-exogena\/#breadcrumb\",\"itemListElement\":[{\"@type\":\"ListItem\",\"position\":1,\"name\":\"Portada\",\"item\":\"https:\/\/micrositios.dian.gov.co\/renta-personas-naturales-ag-2021\/\"},{\"@type\":\"ListItem\",\"position\":2,\"name\":\"Informaci\u00f3n reportada por terceros (informaci\u00f3n ex\u00f3gena)\"}]},{\"@type\":\"WebSite\",\"@id\":\"https:\/\/micrositios.dian.gov.co\/renta-personas-naturales-ag-2021\/#website\",\"url\":\"https:\/\/micrositios.dian.gov.co\/renta-personas-naturales-ag-2021\/\",\"name\":\"Rentas Personas Naturales AG 2021 - DIAN\",\"description\":\"Micrositios DIAN\",\"potentialAction\":[{\"@type\":\"SearchAction\",\"target\":{\"@type\":\"EntryPoint\",\"urlTemplate\":\"https:\/\/micrositios.dian.gov.co\/renta-personas-naturales-ag-2021\/?s={search_term_string}\"},\"query-input\":{\"@type\":\"PropertyValueSpecification\",\"valueRequired\":true,\"valueName\":\"search_term_string\"}}],\"inLanguage\":\"es\"}]}<\/script>\n<!-- \/ Yoast SEO Premium plugin. -->","yoast_head_json":{"title":"Informaci\u00f3n reportada por terceros (informaci\u00f3n ex\u00f3gena)","description":"Encuentre el abec\u00e9 para consultar la informaci\u00f3n reportada por terceros","robots":{"index":"index","follow":"follow","max-snippet":"max-snippet:-1","max-image-preview":"max-image-preview:large","max-video-preview":"max-video-preview:-1"},"canonical":"https:\/\/micrositios.dian.gov.co\/renta-personas-naturales-ag-2021\/informacion-reportada-por-terceros-informacion-exogena\/","og_locale":"es_ES","og_type":"article","og_title":"Informaci\u00f3n reportada por terceros (informaci\u00f3n ex\u00f3gena)","og_description":"Encuentre el abec\u00e9 para consultar la informaci\u00f3n reportada por terceros","og_url":"https:\/\/micrositios.dian.gov.co\/renta-personas-naturales-ag-2021\/informacion-reportada-por-terceros-informacion-exogena\/","og_site_name":"Rentas Personas Naturales AG 2021 - DIAN","article_modified_time":"2022-08-24T13:02:48+00:00","og_image":[{"width":795,"height":397,"url":"https:\/\/micrositios.dian.gov.co\/renta-personas-naturales-ag-2021\/wp-content\/uploads\/sites\/2\/2022\/06\/Enmascarar-grupo-100-1.png","type":"image\/png"}],"twitter_card":"summary_large_image","twitter_description":"Encuentre el abec\u00e9 para consultar la informaci\u00f3n reportada por terceros","twitter_misc":{"Tiempo de lectura":"13 minutos"},"schema":{"@context":"https:\/\/schema.org","@graph":[{"@type":"WebPage","@id":"https:\/\/micrositios.dian.gov.co\/renta-personas-naturales-ag-2021\/informacion-reportada-por-terceros-informacion-exogena\/","url":"https:\/\/micrositios.dian.gov.co\/renta-personas-naturales-ag-2021\/informacion-reportada-por-terceros-informacion-exogena\/","name":"Informaci\u00f3n reportada por terceros (informaci\u00f3n ex\u00f3gena)","isPartOf":{"@id":"https:\/\/micrositios.dian.gov.co\/renta-personas-naturales-ag-2021\/#website"},"datePublished":"2022-06-03T01:15:47+00:00","dateModified":"2022-08-24T13:02:48+00:00","description":"Encuentre el abec\u00e9 para consultar la informaci\u00f3n reportada por terceros","breadcrumb":{"@id":"https:\/\/micrositios.dian.gov.co\/renta-personas-naturales-ag-2021\/informacion-reportada-por-terceros-informacion-exogena\/#breadcrumb"},"inLanguage":"es","potentialAction":[{"@type":"ReadAction","target":["https:\/\/micrositios.dian.gov.co\/renta-personas-naturales-ag-2021\/informacion-reportada-por-terceros-informacion-exogena\/"]}]},{"@type":"BreadcrumbList","@id":"https:\/\/micrositios.dian.gov.co\/renta-personas-naturales-ag-2021\/informacion-reportada-por-terceros-informacion-exogena\/#breadcrumb","itemListElement":[{"@type":"ListItem","position":1,"name":"Portada","item":"https:\/\/micrositios.dian.gov.co\/renta-personas-naturales-ag-2021\/"},{"@type":"ListItem","position":2,"name":"Informaci\u00f3n reportada por terceros (informaci\u00f3n ex\u00f3gena)"}]},{"@type":"WebSite","@id":"https:\/\/micrositios.dian.gov.co\/renta-personas-naturales-ag-2021\/#website","url":"https:\/\/micrositios.dian.gov.co\/renta-personas-naturales-ag-2021\/","name":"Rentas Personas Naturales AG 2021 - DIAN","description":"Micrositios DIAN","potentialAction":[{"@type":"SearchAction","target":{"@type":"EntryPoint","urlTemplate":"https:\/\/micrositios.dian.gov.co\/renta-personas-naturales-ag-2021\/?s={search_term_string}"},"query-input":{"@type":"PropertyValueSpecification","valueRequired":true,"valueName":"search_term_string"}}],"inLanguage":"es"}]}},"_links":{"self":[{"href":"https:\/\/micrositios.dian.gov.co\/renta-personas-naturales-ag-2021\/wp-json\/wp\/v2\/pages\/295","targetHints":{"allow":["GET"]}}],"collection":[{"href":"https:\/\/micrositios.dian.gov.co\/renta-personas-naturales-ag-2021\/wp-json\/wp\/v2\/pages"}],"about":[{"href":"https:\/\/micrositios.dian.gov.co\/renta-personas-naturales-ag-2021\/wp-json\/wp\/v2\/types\/page"}],"author":[{"embeddable":true,"href":"https:\/\/micrositios.dian.gov.co\/renta-personas-naturales-ag-2021\/wp-json\/wp\/v2\/users\/1"}],"replies":[{"embeddable":true,"href":"https:\/\/micrositios.dian.gov.co\/renta-personas-naturales-ag-2021\/wp-json\/wp\/v2\/comments?post=295"}],"version-history":[{"count":5,"href":"https:\/\/micrositios.dian.gov.co\/renta-personas-naturales-ag-2021\/wp-json\/wp\/v2\/pages\/295\/revisions"}],"predecessor-version":[{"id":1855,"href":"https:\/\/micrositios.dian.gov.co\/renta-personas-naturales-ag-2021\/wp-json\/wp\/v2\/pages\/295\/revisions\/1855"}],"wp:attachment":[{"href":"https:\/\/micrositios.dian.gov.co\/renta-personas-naturales-ag-2021\/wp-json\/wp\/v2\/media?parent=295"}],"curies":[{"name":"wp","href":"https:\/\/api.w.org\/{rel}","templated":true}]}}