{"id":246,"date":"2022-06-03T00:55:13","date_gmt":"2022-06-03T00:55:13","guid":{"rendered":"https:\/\/micrositios.dian.gov.co\/renta-personas-naturales-ag-2021\/?page_id=246"},"modified":"2022-08-23T14:35:45","modified_gmt":"2022-08-23T14:35:45","slug":"abece-declaracion-sugerida-de-renta-y-complementario-personas-naturales-y-asimiladas-residentes-y-sucesiones-iliquidas-de-causantes-residentes","status":"publish","type":"page","link":"https:\/\/micrositios.dian.gov.co\/renta-personas-naturales-ag-2021\/abece-declaracion-sugerida-de-renta-y-complementario-personas-naturales-y-asimiladas-residentes-y-sucesiones-iliquidas-de-causantes-residentes\/","title":{"rendered":"Abec\u00e9 declaraci\u00f3n sugerida de Renta y complementario Personas Naturales y asimiladas residentes y sucesiones il\u00edquidas de causantes residentes."},"content":{"rendered":"<p>[et_pb_section fb_built=\u00bb1&#8243; _builder_version=\u00bb4.17.6&#8243; _module_preset=\u00bbdefault\u00bb background_image=\u00bbhttps:\/\/micrositios.dian.gov.co\/renta-personas-naturales-ag-2021\/wp-content\/uploads\/sites\/2\/2022\/06\/Enmascarar-grupo-1.png\u00bb custom_padding=\u00bb66px||66px||false|false\u00bb da_disable_devices=\u00bboff|off|off\u00bb global_colors_info=\u00bb{}\u00bb da_is_popup=\u00bboff\u00bb da_exit_intent=\u00bboff\u00bb da_has_close=\u00bbon\u00bb da_alt_close=\u00bboff\u00bb da_dark_close=\u00bboff\u00bb da_not_modal=\u00bbon\u00bb da_is_singular=\u00bboff\u00bb da_with_loader=\u00bboff\u00bb da_has_shadow=\u00bbon\u00bb][et_pb_row _builder_version=\u00bb4.16&#8243; _module_preset=\u00bbdefault\u00bb global_colors_info=\u00bb{}\u00bb][et_pb_column type=\u00bb4_4&#8243; _builder_version=\u00bb4.16&#8243; _module_preset=\u00bbdefault\u00bb global_colors_info=\u00bb{}\u00bb][et_pb_text _builder_version=\u00bb4.17.6&#8243; _module_preset=\u00bbbac49371-2896-430d-83e7-6117b98b23d3&#8243; header_font=\u00bbWork Sans|700|||||||\u00bb global_colors_info=\u00bb{}\u00bb]<\/p>\n<h1 style=\"text-align: left;\">Abec\u00e9 declaraci\u00f3n Sugerida de Renta y Complementario Personas Naturales\u2026<\/h1>\n<p>[\/et_pb_text][\/et_pb_column][\/et_pb_row][\/et_pb_section][et_pb_section fb_built=\u00bb1&#8243; _builder_version=\u00bb4.16&#8243; _module_preset=\u00bbdefault\u00bb custom_padding=\u00bb6px||0px|||\u00bb da_disable_devices=\u00bboff|off|off\u00bb global_colors_info=\u00bb{}\u00bb da_is_popup=\u00bboff\u00bb da_exit_intent=\u00bboff\u00bb da_has_close=\u00bbon\u00bb da_alt_close=\u00bboff\u00bb da_dark_close=\u00bboff\u00bb da_not_modal=\u00bbon\u00bb da_is_singular=\u00bboff\u00bb da_with_loader=\u00bboff\u00bb da_has_shadow=\u00bbon\u00bb][et_pb_row disabled_on=\u00bbon|off|off\u00bb _builder_version=\u00bb4.17.0&#8243; _module_preset=\u00bbdefault\u00bb global_colors_info=\u00bb{}\u00bb][et_pb_column type=\u00bb4_4&#8243; _builder_version=\u00bb4.16&#8243; _module_preset=\u00bbdefault\u00bb global_colors_info=\u00bb{}\u00bb][dipl_breadcrumb breadcrumb_layout=\u00bblayout2&#8243; link_target=\u00bbon\u00bb separator_text=\u00bb\/\u00bb separator_size=\u00bb15px\u00bb separator_color=\u00bb#000000&#8243; use_home_link_custom_text=\u00bbon\u00bb home_link_text=\u00bbInicio\u00bb use_home_link_icon=\u00bbon\u00bb home_link_icon=\u00bb&#x23;||divi||400&#8243; home_link_icon_color=\u00bb#41d78c\u00bb _builder_version=\u00bb4.16&#8243; _module_preset=\u00bbdefault\u00bb global_text_settings_font_size=\u00bb13px\u00bb text_font=\u00bbUbuntu||||||||\u00bb text_text_color=\u00bb#262944&#8243; link_font=\u00bbUbuntu|500|||||||\u00bb custom_margin=\u00bb|-112px||||\u00bb custom_padding=\u00bb|177px||||\u00bb global_colors_info=\u00bb{}\u00bb][\/dipl_breadcrumb][\/et_pb_column][\/et_pb_row][et_pb_row column_structure=\u00bb3_5,2_5&#8243; disabled_on=\u00bbon|off|off\u00bb _builder_version=\u00bb4.17.0&#8243; _module_preset=\u00bbdefault\u00bb custom_padding=\u00bb0px||0px|||\u00bb global_colors_info=\u00bb{}\u00bb][et_pb_column type=\u00bb3_5&#8243; _builder_version=\u00bb4.16&#8243; _module_preset=\u00bbdefault\u00bb global_colors_info=\u00bb{}\u00bb][\/et_pb_column][et_pb_column type=\u00bb2_5&#8243; _builder_version=\u00bb4.16&#8243; _module_preset=\u00bbdefault\u00bb global_colors_info=\u00bb{}\u00bb][dipl_ajax_search search_placeholder=\u00bbBuscar por palabra clave\u00bb number_of_results=\u00bb-1&#8243; orderby=\u00bbpost_title\u00bb order=\u00bbASC\u00bb no_result_text=\u00bbNo encontramos resultados a tu b\u00fasqueda\u00bb include_post_types=\u00bbpage\u00bb url_new_window=\u00bbon\u00bb search_icon_color=\u00bb#41d78c\u00bb loader_size=\u00bb12px\u00bb loader_color=\u00bb#41d78c\u00bb _builder_version=\u00bb4.17.0&#8243; _module_preset=\u00bbdefault\u00bb search_result_item_title_font=\u00bbWork Sans|700|||||||\u00bb search_result_item_excerpt_font=\u00bbUbuntu||||||||\u00bb search_result_item_excerpt_font_size=\u00bb12px\u00bb form_field_font=\u00bbUbuntu||||||||\u00bb form_field_font_size=\u00bb12px\u00bb width=\u00bb80%\u00bb module_alignment=\u00bbright\u00bb border_radii_form_field=\u00bbon|6px|6px|6px|6px\u00bb border_width_all_form_field=\u00bb0px\u00bb global_colors_info=\u00bb{}\u00bb][\/dipl_ajax_search][\/et_pb_column][\/et_pb_row][et_pb_row _builder_version=\u00bb4.16&#8243; _module_preset=\u00bbdefault\u00bb custom_padding=\u00bb||6px|||\u00bb global_colors_info=\u00bb{}\u00bb][et_pb_column type=\u00bb4_4&#8243; _builder_version=\u00bb4.16&#8243; _module_preset=\u00bbdefault\u00bb global_colors_info=\u00bb{}\u00bb][et_pb_text _builder_version=\u00bb4.17.6&#8243; _module_preset=\u00bbda597a6f-9ab2-46a5-b8db-833860f64726&#8243; header_2_text_color=\u00bb#262944&#8243; global_colors_info=\u00bb{}\u00bb]<\/p>\n<h2><strong>Abec\u00e9 \u2013 Declaraci\u00f3n Sugerida de Renta y Complementario Personas Naturales y Asimiladas Residentes y Sucesiones Il\u00edquidas de Causantes Residentes<span>\u00a0<\/span>A\u00f1o Gravable 2021<\/strong><\/h2>\n<p>[\/et_pb_text][et_pb_divider color=\u00bb#41d78c\u00bb divider_weight=\u00bb4px\u00bb _builder_version=\u00bb4.17.6&#8243; _module_preset=\u00bbdefault\u00bb width=\u00bb96%\u00bb width_tablet=\u00bb60%\u00bb width_phone=\u00bb100%\u00bb width_last_edited=\u00bbon|phone\u00bb module_alignment=\u00bbleft\u00bb custom_margin=\u00bb-23px||10px||false|false\u00bb global_colors_info=\u00bb{}\u00bb][\/et_pb_divider][\/et_pb_column][\/et_pb_row][\/et_pb_section][et_pb_section fb_built=\u00bb1&#8243; _builder_version=\u00bb4.16&#8243; _module_preset=\u00bbdefault\u00bb use_background_color_gradient=\u00bbon\u00bb background_color_gradient_stops=\u00bb#ffffff 50%|#262944 50%\u00bb background_color_gradient_start=\u00bb#ffffff\u00bb background_color_gradient_start_position=\u00bb50%\u00bb background_color_gradient_end=\u00bb#262944&#8243; background_color_gradient_end_position=\u00bb50%\u00bb custom_margin_tablet=\u00bb\u00bb custom_margin_phone=\u00bb||-79px||false|false\u00bb custom_margin_last_edited=\u00bbon|phone\u00bb custom_padding=\u00bb3px|||||\u00bb background_last_edited=\u00bbon|phone\u00bb use_background_color_gradient_phone=\u00bboff\u00bb da_disable_devices=\u00bboff|off|off\u00bb global_colors_info=\u00bb{}\u00bb da_is_popup=\u00bboff\u00bb da_exit_intent=\u00bboff\u00bb da_has_close=\u00bbon\u00bb da_alt_close=\u00bboff\u00bb da_dark_close=\u00bboff\u00bb da_not_modal=\u00bbon\u00bb da_is_singular=\u00bboff\u00bb da_with_loader=\u00bboff\u00bb da_has_shadow=\u00bbon\u00bb][et_pb_row _builder_version=\u00bb4.16&#8243; _module_preset=\u00bbdefault\u00bb custom_padding=\u00bb0px|||||\u00bb global_colors_info=\u00bb{}\u00bb][et_pb_column type=\u00bb4_4&#8243; _builder_version=\u00bb4.16&#8243; _module_preset=\u00bbdefault\u00bb global_colors_info=\u00bb{}\u00bb][et_pb_code _builder_version=\u00bb4.17.6&#8243; _module_preset=\u00bbdefault\u00bb border_width_all=\u00bb27px\u00bb border_color_all=\u00bb#FFFFFF\u00bb border_width_all_tablet=\u00bb27px\u00bb border_width_all_phone=\u00bb0px\u00bb border_width_all_last_edited=\u00bbon|phone\u00bb global_colors_info=\u00bb{}\u00bb]<iframe width=\"560\" height=\"315\" src=\"https:\/\/www.youtube.com\/embed\/oCbsXcbqqUM\" title=\"YouTube video player\" frameborder=\"0\" allow=\"accelerometer; autoplay; clipboard-write; encrypted-media; gyroscope; picture-in-picture\" allowfullscreen><\/iframe>[\/et_pb_code][\/et_pb_column][\/et_pb_row][\/et_pb_section][et_pb_section fb_built=\u00bb1&#8243; _builder_version=\u00bb4.16&#8243; _module_preset=\u00bbdefault\u00bb custom_padding=\u00bb||1px|||\u00bb da_disable_devices=\u00bboff|off|off\u00bb global_colors_info=\u00bb{}\u00bb da_is_popup=\u00bboff\u00bb da_exit_intent=\u00bboff\u00bb da_has_close=\u00bbon\u00bb da_alt_close=\u00bboff\u00bb da_dark_close=\u00bboff\u00bb da_not_modal=\u00bbon\u00bb da_is_singular=\u00bboff\u00bb da_with_loader=\u00bboff\u00bb da_has_shadow=\u00bbon\u00bb][et_pb_row _builder_version=\u00bb4.16&#8243; _module_preset=\u00bbdefault\u00bb custom_padding=\u00bb||0px|||\u00bb global_colors_info=\u00bb{}\u00bb][et_pb_column type=\u00bb4_4&#8243; _builder_version=\u00bb4.16&#8243; _module_preset=\u00bbdefault\u00bb global_colors_info=\u00bb{}\u00bb][et_pb_text _builder_version=\u00bb4.17.6&#8243; _module_preset=\u00bbda597a6f-9ab2-46a5-b8db-833860f64726&#8243; text_font_size=\u00bb20px\u00bb global_colors_info=\u00bb{}\u00bb]<\/p>\n<p style=\"text-align: left;\">Podcast<\/p>\n<p>[\/et_pb_text][et_pb_divider color=\u00bb#41d78c\u00bb divider_weight=\u00bb4px\u00bb _builder_version=\u00bb4.17.4&#8243; _module_preset=\u00bbdefault\u00bb width=\u00bb8%\u00bb width_tablet=\u00bb7%\u00bb width_phone=\u00bb100%\u00bb width_last_edited=\u00bbon|phone\u00bb module_alignment=\u00bbleft\u00bb custom_margin=\u00bb-23px||10px||false|false\u00bb global_colors_info=\u00bb{}\u00bb][\/et_pb_divider][\/et_pb_column][\/et_pb_row][et_pb_row _builder_version=\u00bb4.16&#8243; _module_preset=\u00bbdefault\u00bb global_colors_info=\u00bb{}\u00bb][et_pb_column type=\u00bb4_4&#8243; _builder_version=\u00bb4.16&#8243; _module_preset=\u00bbdefault\u00bb global_colors_info=\u00bb{}\u00bb][et_pb_code _builder_version=\u00bb4.17.4&#8243; _module_preset=\u00bbdefault\u00bb global_colors_info=\u00bb{}\u00bb]<iframe style=\"border-radius:12px\" src=\"https:\/\/open.spotify.com\/embed\/episode\/4JK9LaApROWBr7QZXOSdzu?utm_source=generator\" width=\"100%\" height=\"232\" frameBorder=\"0\" allowfullscreen=\"\" allow=\"autoplay; clipboard-write; encrypted-media; fullscreen; picture-in-picture\"><\/iframe>[\/et_pb_code][\/et_pb_column][\/et_pb_row][et_pb_row disabled_on=\u00bbon|on|off\u00bb _builder_version=\u00bb4.17.6&#8243; _module_preset=\u00bbdefault\u00bb custom_padding=\u00bb||7px|||\u00bb global_colors_info=\u00bb{}\u00bb][et_pb_column type=\u00bb4_4&#8243; _builder_version=\u00bb4.16&#8243; _module_preset=\u00bbdefault\u00bb global_colors_info=\u00bb{}\u00bb][et_pb_text _builder_version=\u00bb4.17.6&#8243; _module_preset=\u00bbda597a6f-9ab2-46a5-b8db-833860f64726&#8243; background_color=\u00bb#ccf0f8&#8243; border_radii=\u00bbon|6px|6px|6px|6px\u00bb border_width_all=\u00bb11px\u00bb border_color_all=\u00bb#ccf0f8&#8243; global_colors_info=\u00bb{}\u00bb]<\/p>\n<p>Lee esta informaci\u00f3n en formato PDF para una mejor experiencia.<\/p>\n<p>[\/et_pb_text][et_pb_button button_url=\u00bbhttps:\/\/cutt.ly\/TLX895r\u00bb url_new_window=\u00bbon\u00bb button_text=\u00bbDescargar PDF\u00bb button_alignment=\u00bbleft\u00bb _builder_version=\u00bb4.17.4&#8243; _module_preset=\u00bbdefault\u00bb custom_button=\u00bbon\u00bb button_text_size=\u00bb13px\u00bb button_text_color=\u00bb#262944&#8243; button_bg_color=\u00bb#41d78c\u00bb button_border_width=\u00bb0px\u00bb button_border_radius=\u00bb6px\u00bb button_font=\u00bbWork Sans|700|||||||\u00bb button_use_icon=\u00bboff\u00bb positioning=\u00bbabsolute\u00bb position_origin_a=\u00bbtop_right\u00bb vertical_offset=\u00bb8px\u00bb horizontal_offset=\u00bb391px\u00bb global_colors_info=\u00bb{}\u00bb button_bg_color__hover_enabled=\u00bbon|desktop\u00bb button_bg_color__hover=\u00bb#00ac57&#8243; button_bg_enable_color__hover=\u00bbon\u00bb][\/et_pb_button][\/et_pb_column][\/et_pb_row][et_pb_row disabled_on=\u00bboff|off|on\u00bb _builder_version=\u00bb4.16&#8243; _module_preset=\u00bbdefault\u00bb background_color=\u00bb#ccf0f8&#8243; custom_margin_tablet=\u00bb\u00bb custom_margin_phone=\u00bb||37px||false|false\u00bb custom_margin_last_edited=\u00bbon|phone\u00bb custom_padding=\u00bb5px||0px||false|false\u00bb border_radii=\u00bbon|6px|6px|6px|6px\u00bb global_colors_info=\u00bb{}\u00bb][et_pb_column type=\u00bb4_4&#8243; _builder_version=\u00bb4.16&#8243; _module_preset=\u00bbdefault\u00bb global_colors_info=\u00bb{}\u00bb][et_pb_text _builder_version=\u00bb4.17.6&#8243; _module_preset=\u00bbdefault\u00bb text_font=\u00bbWork Sans|700|||||||\u00bb text_text_color=\u00bb#262944&#8243; background_color=\u00bb#ccf0f8&#8243; custom_margin=\u00bb||-2px|||\u00bb border_radii=\u00bbon|6px|6px|6px|6px\u00bb border_width_all=\u00bb11px\u00bb border_color_all=\u00bb#ccf0f8&#8243; global_colors_info=\u00bb{}\u00bb]<\/p>\n<p>Lee esta informaci\u00f3n en formato PDF para una mejor experiencia.<\/p>\n<p>[\/et_pb_text][et_pb_button button_url=\u00bbhttps:\/\/cutt.ly\/TLX895r\u00bb button_text=\u00bbDescargar PDF\u00bb button_alignment=\u00bbcenter\u00bb _builder_version=\u00bb4.17.6&#8243; _module_preset=\u00bbdefault\u00bb custom_button=\u00bbon\u00bb button_text_size=\u00bb13px\u00bb button_text_color=\u00bb#262944&#8243; button_bg_color=\u00bb#41d78c\u00bb button_border_width=\u00bb0px\u00bb button_border_radius=\u00bb6px\u00bb button_font=\u00bbWork Sans|700|||||||\u00bb button_use_icon=\u00bboff\u00bb position_origin_a=\u00bbtop_right\u00bb vertical_offset=\u00bb25px\u00bb horizontal_offset=\u00bb100px\u00bb custom_margin=\u00bb11px||||false|false\u00bb global_colors_info=\u00bb{}\u00bb button_bg_color__hover_enabled=\u00bbon|desktop\u00bb button_bg_color__hover=\u00bb#00ac57&#8243; button_bg_enable_color__hover=\u00bbon\u00bb][\/et_pb_button][et_pb_button button_text=\u00bbDescargar PDF\u00bb button_alignment=\u00bbleft\u00bb _builder_version=\u00bb4.16&#8243; _module_preset=\u00bbdefault\u00bb custom_button=\u00bbon\u00bb button_text_size=\u00bb13px\u00bb button_text_color=\u00bb#262944&#8243; button_bg_color=\u00bb#41d78c\u00bb button_border_width=\u00bb0px\u00bb button_border_radius=\u00bb6px\u00bb button_font=\u00bbWork Sans|700|||||||\u00bb button_use_icon=\u00bboff\u00bb positioning=\u00bbabsolute\u00bb position_origin_a=\u00bbtop_right\u00bb vertical_offset=\u00bb8px\u00bb horizontal_offset=\u00bb391px\u00bb global_colors_info=\u00bb{}\u00bb button_bg_color__hover_enabled=\u00bbon|desktop\u00bb button_bg_color__hover=\u00bb#00ac57&#8243; button_bg_enable_color__hover=\u00bbon\u00bb][\/et_pb_button][\/et_pb_column][\/et_pb_row][\/et_pb_section][et_pb_section fb_built=\u00bb1&#8243; specialty=\u00bbon\u00bb _builder_version=\u00bb4.16&#8243; _module_preset=\u00bbdefault\u00bb custom_padding=\u00bb5px||17px|||\u00bb da_disable_devices=\u00bboff|off|off\u00bb global_colors_info=\u00bb{}\u00bb da_is_popup=\u00bboff\u00bb da_exit_intent=\u00bboff\u00bb da_has_close=\u00bbon\u00bb da_alt_close=\u00bboff\u00bb da_dark_close=\u00bboff\u00bb da_not_modal=\u00bbon\u00bb da_is_singular=\u00bboff\u00bb da_with_loader=\u00bboff\u00bb da_has_shadow=\u00bbon\u00bb][et_pb_column type=\u00bb1_2&#8243; specialty_columns=\u00bb2&#8243; _builder_version=\u00bb4.16&#8243; custom_padding=\u00bb|||\u00bb global_colors_info=\u00bb{}\u00bb custom_padding__hover=\u00bb|||\u00bb][et_pb_row_inner _builder_version=\u00bb4.16&#8243; _module_preset=\u00bbdefault\u00bb custom_padding=\u00bb10px|||||\u00bb global_colors_info=\u00bb{}\u00bb][et_pb_column_inner saved_specialty_column_type=\u00bb1_2&#8243; _builder_version=\u00bb4.16&#8243; _module_preset=\u00bbdefault\u00bb global_colors_info=\u00bb{}\u00bb][et_pb_text _builder_version=\u00bb4.17.6&#8243; _module_preset=\u00bbda597a6f-9ab2-46a5-b8db-833860f64726&#8243; header_3_text_color=\u00bb#262944&#8243; global_colors_info=\u00bb{}\u00bb]<\/p>\n<h3 style=\"text-align: left;\"><strong>Declaraci\u00f3n sugerida de Renta y complementario Personas Naturales y asimiladas residentes y sucesiones il\u00edquidas de causantes residentes. AG 2021<\/strong><\/h3>\n<p>[\/et_pb_text][et_pb_divider color=\u00bb#41d78c\u00bb divider_weight=\u00bb4px\u00bb _builder_version=\u00bb4.16&#8243; _module_preset=\u00bbdefault\u00bb width=\u00bb92%\u00bb module_alignment=\u00bbleft\u00bb custom_margin=\u00bb-23px||10px||false|false\u00bb global_colors_info=\u00bb{}\u00bb][\/et_pb_divider][et_pb_accordion _builder_version=\u00bb4.17.6&#8243; _module_preset=\u00bbdefault\u00bb hover_enabled=\u00bb0&#8243; border_width_all=\u00bb2px\u00bb border_color_all=\u00bb#cccccc\u00bb global_colors_info=\u00bb{}\u00bb sticky_enabled=\u00bb0&#8243;][et_pb_accordion_item title=\u00bb1. \u00bfQu\u00e9 es la declaraci\u00f3n sugerida?\u00bb open=\u00bbon\u00bb open_toggle_text_color=\u00bb#262944&#8243; closed_toggle_text_color=\u00bb#262944&#8243; closed_toggle_background_color=\u00bb#FFFFFF\u00bb icon_color=\u00bb#41d78c\u00bb toggle_icon=\u00bb&#x33;||divi||400&#8243; _builder_version=\u00bb4.17.6&#8243; _module_preset=\u00bbdefault\u00bb body_font=\u00bbUbuntu||||||||\u00bb body_text_color=\u00bb#262944&#8243; body_font_size=\u00bb12px\u00bb hover_enabled=\u00bb0&#8243; border_width_all=\u00bb1px\u00bb global_colors_info=\u00bb{}\u00bb toggle_text_color=\u00bb#262944&#8243; toggle_level=\u00bbh5&#8243; toggle_font=\u00bbUbuntu|700|||||||\u00bb toggle_font_size=\u00bb12px\u00bb closed_toggle_font=\u00bbUbuntu|700|||||||\u00bb sticky_enabled=\u00bb0&#8243;]<\/p>\n<p>Es un mecanismo de facilitaci\u00f3n y aprovechamiento de los datos reportados por terceros (informaci\u00f3n ex\u00f3gena), que la DIAN pone a consideraci\u00f3n de las personas naturales obligadas a declarar renta por el periodo gravable 2021.<\/p>\n<p>La informaci\u00f3n incorporada es sobre la informaci\u00f3n ex\u00f3gena que se reporta en el pa\u00eds, pero no sobre la informaci\u00f3n de patrimonio, deudas, ingresos, deducciones y dem\u00e1s variables del exterior<\/p>\n<p>[\/et_pb_accordion_item][et_pb_accordion_item title=\u00bb2. \u00bfA qui\u00e9n va dirigida la declaraci\u00f3n sugerida?\u00bb open_toggle_text_color=\u00bb#262944&#8243; closed_toggle_text_color=\u00bb#262944&#8243; closed_toggle_background_color=\u00bb#FFFFFF\u00bb icon_color=\u00bb#41d78c\u00bb toggle_icon=\u00bb&#x33;||divi||400&#8243; _builder_version=\u00bb4.17.4&#8243; _module_preset=\u00bbdefault\u00bb body_font=\u00bbUbuntu||||||||\u00bb body_text_color=\u00bb#262944&#8243; body_font_size=\u00bb12px\u00bb border_width_all=\u00bb1px\u00bb global_colors_info=\u00bb{}\u00bb toggle_text_color=\u00bb#262944&#8243; toggle_level=\u00bbh5&#8243; toggle_font=\u00bbUbuntu|700|||||||\u00bb toggle_font_size=\u00bb12px\u00bb closed_toggle_font=\u00bbUbuntu|700|||||||\u00bb open=\u00bboff\u00bb]<\/p>\n<p>La declaraci\u00f3n sugerida aplica para personas naturales residentes que durante el a\u00f1o gravable 2021 cumplieron con alguna de las condiciones para declarar renta de acuerdo con los siguientes topes:\u00a0<\/p>\n<ul>\n<li>Patrimonio bruto a 31 de diciembre del a\u00f1o gravable 2021 igual o mayor a $163.386.000.<\/li>\n<li>Ingresos totales durante el a\u00f1o gravable 2021 iguales o mayores a $50.831.000.<\/li>\n<li>Consumos por medio de tarjeta de cr\u00e9dito iguales o mayores a $50.831.000 durante el a\u00f1o 2021.<\/li>\n<li>Valor total de la compras y consumos igual o mayor a $50.831.000 durante el a\u00f1o 2021.<\/li>\n<li>Valor total acumulado de consignaciones bancarias, dep\u00f3sitos o inversiones financieras igual o mayor a $50.831.000 durante el a\u00f1o 2021.<\/li>\n<\/ul>\n<p>[\/et_pb_accordion_item][et_pb_accordion_item title=\u00bb3. \u00bfQu\u00e9 casillas vienen diligenciadas en el formulario de la declaraci\u00f3n sugerida?\u00bb open_toggle_text_color=\u00bb#262944&#8243; closed_toggle_text_color=\u00bb#262944&#8243; closed_toggle_background_color=\u00bb#FFFFFF\u00bb icon_color=\u00bb#41d78c\u00bb toggle_icon=\u00bb&#x33;||divi||400&#8243; _builder_version=\u00bb4.17.6&#8243; _module_preset=\u00bbdefault\u00bb body_font=\u00bbUbuntu||||||||\u00bb body_text_color=\u00bb#262944&#8243; body_font_size=\u00bb12px\u00bb hover_enabled=\u00bb0&#8243; border_width_all=\u00bb1px\u00bb global_colors_info=\u00bb{}\u00bb toggle_text_color=\u00bb#262944&#8243; toggle_level=\u00bbh5&#8243; toggle_font=\u00bbUbuntu|700|||||||\u00bb toggle_font_size=\u00bb12px\u00bb closed_toggle_font=\u00bbUbuntu|700|||||||\u00bb open=\u00bboff\u00bb sticky_enabled=\u00bb0&#8243;]<\/p>\n<p>Para el a\u00f1o gravable 2021, se diligencian las siguientes casillas:\u00a0<\/p>\n<p>Patrimonio bruto<\/p>\n<p>Deudas<\/p>\n<p>De la c\u00e9dula general:<\/p>\n<ol>\n<li>Ingresos brutos por rentas de trabajo.<\/li>\n<li>Ingresos brutos por rentas de capital.<\/li>\n<li>Ingresos brutos rentas no laborales.<\/li>\n<li>Ingresos no constitutivos de renta (rentas de trabajo, capital y no laborales).<\/li>\n<li>Aportes voluntarios AFC, FVP y\/o AVC (rentas de trabajo, capital y no laborales).<\/li>\n<li>Otras rentas exentas (rentas de trabajo).<\/li>\n<\/ol>\n<p>C\u00e9dula ingresos brutos por renta de pensiones del pa\u00eds.<\/p>\n<p>C\u00e9dula dividendos y participaciones.<\/p>\n<p>C\u00e9dula de ganancias ocasionales (ingresos por ganancias ocasionales en el pa\u00eds. Renta presuntiva.<\/p>\n<p>Anticipo renta liquidado a\u00f1o anterior.<\/p>\n<p>Saldo a favor del a\u00f1o gravable anterior.<\/p>\n<p>Retenciones a\u00f1o gravable a declarar.<\/p>\n<p>[\/et_pb_accordion_item][et_pb_accordion_item title=\u00bb4. \u00bfC\u00f3mo puedo saber si tengo una declaraci\u00f3n sugerida?\u00bb open_toggle_text_color=\u00bb#262944&#8243; closed_toggle_text_color=\u00bb#262944&#8243; closed_toggle_background_color=\u00bb#FFFFFF\u00bb icon_color=\u00bb#41d78c\u00bb toggle_icon=\u00bb&#x33;||divi||400&#8243; _builder_version=\u00bb4.17.4&#8243; _module_preset=\u00bbdefault\u00bb body_font=\u00bbUbuntu||||||||\u00bb body_text_color=\u00bb#262944&#8243; body_font_size=\u00bb12px\u00bb body_link_font=\u00bb||||on||||\u00bb body_link_text_color=\u00bb#00b4dc\u00bb border_width_all=\u00bb1px\u00bb global_colors_info=\u00bb{}\u00bb toggle_text_color=\u00bb#262944&#8243; toggle_level=\u00bbh5&#8243; toggle_font=\u00bbUbuntu|700|||||||\u00bb toggle_font_size=\u00bb12px\u00bb closed_toggle_font=\u00bbUbuntu|700|||||||\u00bb open=\u00bboff\u00bb]<\/p>\n<p>Para este caso tienes 2 opciones:<\/p>\n<ol>\n<li>Ingresar al micrositio de renta naturales a\u00f1o gravable 2021, en Declaraci\u00f3n Sugerida de Renta, despliega en el men\u00fa de <a href=\"https:\/\/www.dian.gov.co\/tramitesservicios\/Paginas\/declaracion-renta-sugerida-2021.aspx\" target=\"_blank\" rel=\"noopener\">https:\/\/www.dian.gov.co\/tramitesservicios\/Paginas\/declaracion-renta-sugerida-2021.aspx<\/a>. haz clic para consultar con tu NIT o n\u00famero de c\u00e9dula si tienes una declaraci\u00f3n disponible.<\/li>\n<li>Ingresa directamente a <a href=\"http:\/\/www.dian.gov.co\" target=\"_blank\" rel=\"noopener\">www.dian.gov.co<\/a>, ve al portal transaccional, entra a tu cuenta como usuario registrado, digita tus datos y contrase\u00f1a. Cuando est\u00e9s en tu cuenta ver\u00e1s el recuadro diligenciar y presentar Formulario 210 declaraci\u00f3n de renta y complementarios personas naturales o declaraci\u00f3n sugerida para quienes aplica. Ingresa en esta opci\u00f3n y podr\u00e1s ver si tienes una declaraci\u00f3n Sugerida.<\/li>\n<\/ol>\n<p>[\/et_pb_accordion_item][et_pb_accordion_item title=\u00bb5. \u00bfPuedo editar la informaci\u00f3n diligenciada en el formulario sugerido?\u00bb open_toggle_text_color=\u00bb#262944&#8243; closed_toggle_text_color=\u00bb#262944&#8243; closed_toggle_background_color=\u00bb#FFFFFF\u00bb icon_color=\u00bb#41d78c\u00bb toggle_icon=\u00bb&#x33;||divi||400&#8243; _builder_version=\u00bb4.17.4&#8243; _module_preset=\u00bbdefault\u00bb body_font=\u00bbUbuntu||||||||\u00bb body_text_color=\u00bb#262944&#8243; body_font_size=\u00bb12px\u00bb body_link_font=\u00bb||||on||||\u00bb body_link_text_color=\u00bb#00b4dc\u00bb border_width_all=\u00bb1px\u00bb global_colors_info=\u00bb{}\u00bb toggle_text_color=\u00bb#262944&#8243; toggle_level=\u00bbh5&#8243; toggle_font=\u00bbUbuntu|700|||||||\u00bb toggle_font_size=\u00bb12px\u00bb closed_toggle_font=\u00bbUbuntu|700|||||||\u00bb open=\u00bboff\u00bb]<\/p>\n<p>Si, puedes editar toda la informaci\u00f3n contenida en el formulario, ten en cuenta que solo t\u00fa conoces la realidad jur\u00eddica, econ\u00f3mica y financiera que deber\u00e1s declarar, as\u00ed que puedes corregir, adicionar o eliminar cualquier dato.<\/p>\n<p>[\/et_pb_accordion_item][et_pb_accordion_item title=\u00bb6. \u00bfQu\u00e9 puedo hacer si la informaci\u00f3n ex\u00f3gena tiene errores?\u00bb open_toggle_text_color=\u00bb#262944&#8243; closed_toggle_text_color=\u00bb#262944&#8243; closed_toggle_background_color=\u00bb#FFFFFF\u00bb icon_color=\u00bb#41d78c\u00bb toggle_icon=\u00bb&#x33;||divi||400&#8243; _builder_version=\u00bb4.17.4&#8243; _module_preset=\u00bbdefault\u00bb body_font=\u00bbUbuntu||||||||\u00bb body_text_color=\u00bb#262944&#8243; body_font_size=\u00bb12px\u00bb body_link_font=\u00bb||||on||||\u00bb body_link_text_color=\u00bb#00b4dc\u00bb border_width_all=\u00bb1px\u00bb global_colors_info=\u00bb{}\u00bb toggle_text_color=\u00bb#262944&#8243; toggle_level=\u00bbh5&#8243; toggle_font=\u00bbUbuntu|700|||||||\u00bb toggle_font_size=\u00bb12px\u00bb closed_toggle_font=\u00bbUbuntu|700|||||||\u00bb open=\u00bboff\u00bb]<\/p>\n<p>Teniendo en cuenta que la informaci\u00f3n ex\u00f3gena es informaci\u00f3n reportada por terceros sobre tus operaciones con clientes, proveedores y otros, la DIAN no puede hacer correcciones sobre esta informaci\u00f3n. En caso de encontrar informaci\u00f3n que no corresponda a tu realidad jur\u00eddica, econ\u00f3mica y financiera, te debes contactar directamente con quien report\u00f3 tus datos para que realice la correcci\u00f3n.<\/p>\n<p>[\/et_pb_accordion_item][et_pb_accordion_item title=\u00bb7. \u00bfQu\u00e9 debo hacer si estoy de acuerdo con la informaci\u00f3n reportada en la declaraci\u00f3n sugerida?\u00bb open_toggle_text_color=\u00bb#262944&#8243; closed_toggle_text_color=\u00bb#262944&#8243; closed_toggle_background_color=\u00bb#FFFFFF\u00bb icon_color=\u00bb#41d78c\u00bb toggle_icon=\u00bb&#x33;||divi||400&#8243; _builder_version=\u00bb4.17.4&#8243; _module_preset=\u00bbdefault\u00bb body_font=\u00bbUbuntu||||||||\u00bb body_text_color=\u00bb#262944&#8243; body_font_size=\u00bb12px\u00bb body_link_font=\u00bb||||on||||\u00bb body_link_text_color=\u00bb#00b4dc\u00bb border_width_all=\u00bb1px\u00bb global_colors_info=\u00bb{}\u00bb toggle_text_color=\u00bb#262944&#8243; toggle_level=\u00bbh5&#8243; toggle_font=\u00bbUbuntu|700|||||||\u00bb toggle_font_size=\u00bb12px\u00bb closed_toggle_font=\u00bbUbuntu|700|||||||\u00bb open=\u00bboff\u00bb]<\/p>\n<p>Una vez verificada la informaci\u00f3n, debes terminar de diligenciar los dem\u00e1s campos de la declaraci\u00f3n de acuerdo a tu realidad jur\u00eddica, econ\u00f3mica y financiera.<\/p>\n<p>Luego de esto, deber\u00e1s seguir el proceso habitual para presentar tu declaraci\u00f3n y realizar el respectivo pago, si hay lugar a ello.<\/p>\n<p>[\/et_pb_accordion_item][et_pb_accordion_item title=\u00bb8. \u00bfQu\u00e9 debo hacer si no quiero aceptar la declaraci\u00f3n sugerida y prefiero diligenciar mi declaraci\u00f3n desde ceros?\u00bb open_toggle_text_color=\u00bb#262944&#8243; closed_toggle_text_color=\u00bb#262944&#8243; closed_toggle_background_color=\u00bb#FFFFFF\u00bb icon_color=\u00bb#41d78c\u00bb toggle_icon=\u00bb&#x33;||divi||400&#8243; _builder_version=\u00bb4.17.6&#8243; _module_preset=\u00bbdefault\u00bb body_font=\u00bbUbuntu||||||||\u00bb body_text_color=\u00bb#262944&#8243; body_font_size=\u00bb12px\u00bb body_link_font=\u00bb||||on||||\u00bb body_link_text_color=\u00bb#00b4dc\u00bb hover_enabled=\u00bb0&#8243; border_width_all=\u00bb1px\u00bb global_colors_info=\u00bb{}\u00bb toggle_text_color=\u00bb#262944&#8243; toggle_level=\u00bbh5&#8243; toggle_font=\u00bbUbuntu|700|||||||\u00bb toggle_font_size=\u00bb12px\u00bb closed_toggle_font=\u00bbUbuntu|700|||||||\u00bb open=\u00bboff\u00bb sticky_enabled=\u00bb0&#8243;]<\/p>\n<p>Si la informaci\u00f3n contenida en la declaraci\u00f3n sugerida no refleja la realidad de tu situaci\u00f3n tributaria o prefieres hacer tu declaraci\u00f3n desde ceros, podr\u00e1s remitirte a la herramienta Programa <em><a href=\"https:\/\/cutt.ly\/Programa-Ayuda-Renta-DIAN-2021\">Ayuda Renta<\/a><\/em>, para elaborar tu declaraci\u00f3n con la informaci\u00f3n que dispongas, o diligenciarla directamente\u00a0 a trav\u00e9s del Servicio Inform\u00e1tico de diligenciamiento.<\/p>\n<p>[\/et_pb_accordion_item][\/et_pb_accordion][\/et_pb_column_inner][\/et_pb_row_inner][et_pb_row_inner column_structure=\u00bb1_2,1_2&#8243; _builder_version=\u00bb4.16&#8243; _module_preset=\u00bbdefault\u00bb custom_margin_tablet=\u00bb\u00bb custom_margin_phone=\u00bb||-87px||false|false\u00bb custom_margin_last_edited=\u00bbon|phone\u00bb custom_padding=\u00bb3px|||||\u00bb global_colors_info=\u00bb{}\u00bb][et_pb_column_inner type=\u00bb1_2&#8243; saved_specialty_column_type=\u00bb1_2&#8243; _builder_version=\u00bb4.16&#8243; _module_preset=\u00bbdefault\u00bb global_colors_info=\u00bb{}\u00bb][et_pb_text _builder_version=\u00bb4.17.4&#8243; _module_preset=\u00bbdefault\u00bb text_font=\u00bbUbuntu||||||||\u00bb text_font_size=\u00bb12px\u00bb global_colors_info=\u00bb{}\u00bb]<\/p>\n<p style=\"text-align: left;\">Compartir contenido:<\/p>\n<p>[\/et_pb_text][et_pb_code _builder_version=\u00bb4.16&#8243; _module_preset=\u00bbdefault\u00bb global_colors_info=\u00bb{}\u00bb]<div class=\"et_social_inline et_social_mobile_on et_social_inline_custom\">\n\t\t\t\t<div class=\"et_social_networks et_social_4col et_social_simple et_social_circle et_social_left et_social_no_animation et_social_outer_dark\">\n\t\t\t\t\t\n\t\t\t\t\t<ul class=\"et_social_icons_container\"><li class=\"et_social_facebook\">\n\t\t\t\t\t\t\t\t\t<a href=\"http:\/\/www.facebook.com\/sharer.php?u=https%3A%2F%2Fmicrositios.dian.gov.co%2Frenta-personas-naturales-ag-2021%2Fabece-declaracion-sugerida-de-renta-y-complementario-personas-naturales-y-asimiladas-residentes-y-sucesiones-iliquidas-de-causantes-residentes%2F&#038;t=Abec%C3%A9%20declaraci%C3%B3n%20sugerida%20de%20Renta%20y%20complementario%20Personas%20Naturales%20y%20asimiladas%20residentes%20y%20sucesiones%20il%C3%ADquidas%20de%20causantes%20residentes.\" class=\"et_social_share\" rel=\"nofollow\" data-social_name=\"facebook\" data-post_id=\"246\" data-social_type=\"share\" data-location=\"inline\">\n\t\t\t\t\t\t\t\t\t\t<i class=\"et_social_icon et_social_icon_facebook\"><\/i><span class=\"et_social_overlay\"><\/span>\n\t\t\t\t\t\t\t\t\t<\/a>\n\t\t\t\t\t\t\t\t<\/li><li class=\"et_social_twitter\">\n\t\t\t\t\t\t\t\t\t<a href=\"http:\/\/twitter.com\/share?text=Abec%C3%A9%20declaraci%C3%B3n%20sugerida%20de%20Renta%20y%20complementario%20Personas%20Naturales%20y%20asimiladas%20residentes%20y%20sucesiones%20il%C3%ADquidas%20de%20causantes%20residentes.&#038;url=https%3A%2F%2Fmicrositios.dian.gov.co%2Frenta-personas-naturales-ag-2021%2Fabece-declaracion-sugerida-de-renta-y-complementario-personas-naturales-y-asimiladas-residentes-y-sucesiones-iliquidas-de-causantes-residentes%2F\" class=\"et_social_share\" rel=\"nofollow\" data-social_name=\"twitter\" data-post_id=\"246\" data-social_type=\"share\" data-location=\"inline\">\n\t\t\t\t\t\t\t\t\t\t<i class=\"et_social_icon et_social_icon_twitter\"><\/i><span class=\"et_social_overlay\"><\/span>\n\t\t\t\t\t\t\t\t\t<\/a>\n\t\t\t\t\t\t\t\t<\/li><li class=\"et_social_linkedin\">\n\t\t\t\t\t\t\t\t\t<a href=\"http:\/\/www.linkedin.com\/shareArticle?mini=true&#038;url=https%3A%2F%2Fmicrositios.dian.gov.co%2Frenta-personas-naturales-ag-2021%2Fabece-declaracion-sugerida-de-renta-y-complementario-personas-naturales-y-asimiladas-residentes-y-sucesiones-iliquidas-de-causantes-residentes%2F&#038;title=Abec%C3%A9%20declaraci%C3%B3n%20sugerida%20de%20Renta%20y%20complementario%20Personas%20Naturales%20y%20asimiladas%20residentes%20y%20sucesiones%20il%C3%ADquidas%20de%20causantes%20residentes.\" class=\"et_social_share\" rel=\"nofollow\" data-social_name=\"linkedin\" data-post_id=\"246\" data-social_type=\"share\" data-location=\"inline\">\n\t\t\t\t\t\t\t\t\t\t<i class=\"et_social_icon et_social_icon_linkedin\"><\/i><span class=\"et_social_overlay\"><\/span>\n\t\t\t\t\t\t\t\t\t<\/a>\n\t\t\t\t\t\t\t\t<\/li><\/ul>\n\t\t\t\t<\/div>\n\t\t\t<\/div>[\/et_pb_code][\/et_pb_column_inner][et_pb_column_inner type=\u00bb1_2&#8243; saved_specialty_column_type=\u00bb1_2&#8243; _builder_version=\u00bb4.16&#8243; _module_preset=\u00bbdefault\u00bb global_colors_info=\u00bb{}\u00bb][\/et_pb_column_inner][\/et_pb_row_inner][\/et_pb_column][et_pb_column type=\u00bb1_2&#8243; _builder_version=\u00bb4.16&#8243; custom_padding=\u00bb|||\u00bb global_colors_info=\u00bb{}\u00bb custom_padding__hover=\u00bb|||\u00bb][et_pb_image src=\u00bbhttps:\/\/micrositios.dian.gov.co\/renta-personas-naturales-ag-2021\/wp-content\/uploads\/sites\/2\/2022\/07\/11.png\u00bb title_text=\u00bb11&#8243; disabled_on=\u00bbon|on|off\u00bb _builder_version=\u00bb4.17.4&#8243; _module_preset=\u00bbdefault\u00bb custom_margin=\u00bb-12px||||false|false\u00bb global_colors_info=\u00bb{}\u00bb][\/et_pb_image][\/et_pb_column][\/et_pb_section][et_pb_section fb_built=\u00bb1&#8243; disabled_on=\u00bbon|on|on\u00bb _builder_version=\u00bb4.17.4&#8243; _module_preset=\u00bbdefault\u00bb custom_padding=\u00bb5px||2px|||\u00bb da_disable_devices=\u00bboff|off|off\u00bb disabled=\u00bbon\u00bb global_colors_info=\u00bb{}\u00bb da_is_popup=\u00bboff\u00bb da_exit_intent=\u00bboff\u00bb da_has_close=\u00bbon\u00bb da_alt_close=\u00bboff\u00bb da_dark_close=\u00bboff\u00bb da_not_modal=\u00bbon\u00bb da_is_singular=\u00bboff\u00bb da_with_loader=\u00bboff\u00bb da_has_shadow=\u00bbon\u00bb][et_pb_row column_structure=\u00bb1_2,1_2&#8243; _builder_version=\u00bb4.16&#8243; _module_preset=\u00bbdefault\u00bb custom_padding=\u00bb||6px|||\u00bb global_colors_info=\u00bb{}\u00bb][et_pb_column type=\u00bb1_2&#8243; _builder_version=\u00bb4.16&#8243; _module_preset=\u00bbdefault\u00bb global_colors_info=\u00bb{}\u00bb][et_pb_text _builder_version=\u00bb4.16&#8243; _module_preset=\u00bbdefault\u00bb global_colors_info=\u00bb{}\u00bb]<\/p>\n<p style=\"text-align: left;\">Informaci\u00f3n de interes<\/p>\n<p>[\/et_pb_text][et_pb_divider color=\u00bb#41d78c\u00bb divider_weight=\u00bb4px\u00bb _builder_version=\u00bb4.16&#8243; _module_preset=\u00bbdefault\u00bb width=\u00bb44%\u00bb module_alignment=\u00bbleft\u00bb custom_margin=\u00bb-23px||10px||false|false\u00bb global_colors_info=\u00bb{}\u00bb][\/et_pb_divider][\/et_pb_column][et_pb_column type=\u00bb1_2&#8243; _builder_version=\u00bb4.16&#8243; _module_preset=\u00bbdefault\u00bb global_colors_info=\u00bb{}\u00bb][\/et_pb_column][\/et_pb_row][et_pb_row _builder_version=\u00bb4.16&#8243; _module_preset=\u00bbdefault\u00bb custom_padding=\u00bb7px|||||\u00bb global_colors_info=\u00bb{}\u00bb][et_pb_column type=\u00bb4_4&#8243; _builder_version=\u00bb4.16&#8243; _module_preset=\u00bbdefault\u00bb global_colors_info=\u00bb{}\u00bb][lwp_post_carousel post_count=\u00bb8&#8243; post_categories=\u00bb1&#8243; slides_scroll=\u00bb2&#8243; autoplay_animation=\u00bbon\u00bb infinite_animation=\u00bbon\u00bb arrow_color=\u00bb#41d78c\u00bb dots_color=\u00bb#41d78c\u00bb post_background=\u00bb#FFFFFF\u00bb _builder_version=\u00bb4.17.0&#8243; _module_preset=\u00bbdefault\u00bb post_title_font=\u00bbWork Sans|700|||||||\u00bb post_title_text_color=\u00bb#262944&#8243; post_title_font_size=\u00bb17px\u00bb post_meta_font=\u00bbUbuntu||||||||\u00bb post_meta_text_color=\u00bb#262944&#8243; post_meta_font_size=\u00bb10px\u00bb post_meta_line_height=\u00bb0.2em\u00bb custom_button=\u00bbon\u00bb button_text_size=\u00bb0px\u00bb button_text_color=\u00bb#2b323d\u00bb button_bg_color=\u00bb#FFFFFF\u00bb button_border_width=\u00bb0px\u00bb button_border_color=\u00bb#41d78c\u00bb button_font=\u00bbWork Sans|700|||||||\u00bb button_use_icon=\u00bboff\u00bb text_orientation=\u00bbleft\u00bb custom_padding=\u00bb||0px||false|false\u00bb post_meta_line_height_tablet=\u00bb0.2em\u00bb post_meta_line_height_phone=\u00bb1.7em\u00bb post_meta_line_height_last_edited=\u00bbon|phone\u00bb border_radii_arrow_border=\u00bbon|3248px|3248px|3248px|3248px\u00bb border_width_all_post=\u00bb0px\u00bb box_shadow_style_image=\u00bbpreset1&#8243; box_shadow_vertical_image=\u00bb0px\u00bb box_shadow_blur_image=\u00bb0px\u00bb global_colors_info=\u00bb{}\u00bb button_bg_color__hover_enabled=\u00bbon|desktop\u00bb button_bg_color__hover=\u00bb#f6f7f9&#8243; button_bg_enable_color__hover=\u00bbon\u00bb post_title_text_color__hover_enabled=\u00bbon|hover\u00bb post_title_text_color__hover=\u00bb#00b4dc\u00bb box_shadow_blur_image__hover_enabled=\u00bbon|hover\u00bb box_shadow_blur_image__hover=\u00bb13px\u00bb box_shadow_spread_image__hover_enabled=\u00bbon|desktop\u00bb box_shadow_spread_image__hover=\u00bb1px\u00bb][\/lwp_post_carousel][\/et_pb_column][\/et_pb_row][\/et_pb_section]<\/p>\n","protected":false},"excerpt":{"rendered":"<p>Abec\u00e9 declaraci\u00f3n Sugerida de Renta y Complementario Personas Naturales\u2026<div class=\"et_pb_module dipl_breadcrumb dipl_breadcrumb_0\">\n\t\t\t\t\n\t\t\t\t\n\t\t\t\t\n\t\t\t\t\n\t\t\t\t\n\t\t\t\t\n\t\t\t\t<div class=\"et_pb_module_inner\">\n\t\t\t\t\t<div class=\"dipl-breadcrumb-wrapper layout2\">\n\t\t\t\t<ol class=\"dipl-breadcrumb-inner\" vocab=\"https:\/\/schema.org\/\" typeof=\"BreadcrumbList\">\n\t\t\t\t\t<li property=\"itemListElement\" typeof=\"ListItem\" data-icon=\"&#x24;\">\n\t\t\t\t\t\t\t\t<a class=\"breadcrumb-item dipl-home-page\" href=\"https:\/\/micrositios.dian.gov.co\/renta-personas-naturales-ag-2021\" property=\"item\" typeof=\"WebPage\" target=\"_blank\">\n\t\t\t\t\t\t\t\t\t<span class=\"breadcrumb-page\" property=\"name\">\n\t\t\t\t\t\t\t\t\t\t<span class=\"breadcrumb-home-icon et-pb-icon\">&#x23;<\/span>\n\t\t\t\t\t\t\t\t\t\tInicio\n\t\t\t\t\t\t\t\t\t<\/span>\n\t\t\t\t\t\t\t\t<\/a>\n\t\t\t\t\t\t\t\t<meta property=\"position\" content=\"1\" \/>\n\t\t\t\t\t\t\t<\/li>\n\t\t\t\t<\/ol>\n\t\t\t<\/div>\n\t\t\t\t<\/div>\n\t\t\t<\/div><div class=\"et_pb_module dipl_ajax_search dipl_ajax_search_0\">\n\t\t\t\t\n\t\t\t\t\n\t\t\t\t\n\t\t\t\t\n\t\t\t\t\n\t\t\t\t\n\t\t\t\t<div class=\"et_pb_module_inner\">\n\t\t\t\t\t<div class=\"dipl_ajax_search_wrap\">\n\t\t\t\t<div class=\"dipl_ajax_search_field_wrap dipl_ajax_search_icon\">\n\t\t\t\t\t<input type=\"search\" placeholder=\"\u00bbBuscar\" class=\"dipl_ajax_search_field\"\n\t\t\t\t\t\tdata-search-in=\"post_title,post_content,post_excerpt\" data-search-post-type=\"\u00bbpage\u00bb\" data-display-fields=\"title,excerpt,featured_image\" \n\t\t\t\t\t\tdata-url-new-window=\"\u00bbon\u00bb\" data-number-of-results=\"0\" data-no-result-text=\"\u00bbNo\" \n\t\t\t\t\t\tdata-orderby=\"\u00bbpost_title\u00bb\" data-order=\"\u00bbASC\u00bb\" data-use-masonry=\"off\"\n\t\t\t\t\t\tdata-exclude_protected_posts=\"off\"\n\t\t\t\t\t\/>\n\t\t\t\t\t<input type=\"hidden\" class=\"dipl_ajax_search_nonce\" value=\"e9cf2a948c\" \/>\n\t\t\t\t<\/div>\n\t\t\t\t<div class=\"dipl_ajax_search_results_wrap dipl_ajax_search_result_1_cols \"><\/div>\n\t\t\t<\/div>\n\t\t\t\t<\/div>\n\t\t\t<\/div><\/p>\n","protected":false},"author":1,"featured_media":0,"parent":0,"menu_order":0,"comment_status":"closed","ping_status":"closed","template":"","meta":{"_et_pb_use_builder":"on","_et_pb_old_content":"<!-- wp:divi\/placeholder \/-->","_et_gb_content_width":"","footnotes":""},"class_list":["post-246","page","type-page","status-publish","hentry"],"yoast_head":"<!-- This site is optimized with the Yoast SEO Premium plugin v18.5 (Yoast SEO v27.2) - https:\/\/yoast.com\/product\/yoast-seo-premium-wordpress\/ -->\n<title>Abec\u00e9 \u2013 Declaraci\u00f3n Sugerida de Renta y Complementario Personas Naturales y Asimiladas Residentes y Sucesiones Il\u00edquidas de Causantes Residentes A\u00f1o Gravable 2021<\/title>\n<meta name=\"description\" content=\"Encuentre la informaci\u00f3n detallada sobre la declaraci\u00f3n sugerida de renta y un video explicativo\" \/>\n<meta name=\"robots\" content=\"index, follow, max-snippet:-1, max-image-preview:large, max-video-preview:-1\" \/>\n<link rel=\"canonical\" href=\"https:\/\/micrositios.dian.gov.co\/renta-personas-naturales-ag-2021\/abece-declaracion-sugerida-de-renta-y-complementario-personas-naturales-y-asimiladas-residentes-y-sucesiones-iliquidas-de-causantes-residentes\/\" \/>\n<meta property=\"og:locale\" content=\"es_ES\" \/>\n<meta property=\"og:type\" content=\"article\" \/>\n<meta property=\"og:title\" content=\"Abec\u00e9 declaraci\u00f3n sugerida de Renta y complementario Personas Naturales y asimiladas residentes y sucesiones il\u00edquidas de causantes residentes.\" \/>\n<meta property=\"og:description\" content=\"Encuentre la informaci\u00f3n detallada sobre la declaraci\u00f3n sugerida de renta y un video explicativo\" \/>\n<meta property=\"og:url\" content=\"https:\/\/micrositios.dian.gov.co\/renta-personas-naturales-ag-2021\/abece-declaracion-sugerida-de-renta-y-complementario-personas-naturales-y-asimiladas-residentes-y-sucesiones-iliquidas-de-causantes-residentes\/\" \/>\n<meta property=\"og:site_name\" content=\"Rentas Personas Naturales AG 2021 - DIAN\" \/>\n<meta property=\"article:modified_time\" content=\"2022-08-23T14:35:45+00:00\" \/>\n<meta property=\"og:image\" content=\"https:\/\/micrositios.dian.gov.co\/renta-personas-naturales-ag-2021\/wp-content\/uploads\/sites\/2\/2022\/06\/Enmascarar-grupo-100-1.png\" \/>\n\t<meta property=\"og:image:width\" content=\"795\" \/>\n\t<meta property=\"og:image:height\" content=\"397\" \/>\n\t<meta property=\"og:image:type\" content=\"image\/png\" \/>\n<meta name=\"twitter:card\" content=\"summary_large_image\" \/>\n<meta name=\"twitter:description\" content=\"Encuentre la informaci\u00f3n detallada sobre la declaraci\u00f3n sugerida de renta y un video explicativo\" \/>\n<meta name=\"twitter:label1\" content=\"Tiempo de lectura\" \/>\n\t<meta name=\"twitter:data1\" content=\"7 minutos\" \/>\n<script type=\"application\/ld+json\" class=\"yoast-schema-graph\">{\"@context\":\"https:\/\/schema.org\",\"@graph\":[{\"@type\":\"WebPage\",\"@id\":\"https:\/\/micrositios.dian.gov.co\/renta-personas-naturales-ag-2021\/abece-declaracion-sugerida-de-renta-y-complementario-personas-naturales-y-asimiladas-residentes-y-sucesiones-iliquidas-de-causantes-residentes\/\",\"url\":\"https:\/\/micrositios.dian.gov.co\/renta-personas-naturales-ag-2021\/abece-declaracion-sugerida-de-renta-y-complementario-personas-naturales-y-asimiladas-residentes-y-sucesiones-iliquidas-de-causantes-residentes\/\",\"name\":\"Abec\u00e9 \u2013 Declaraci\u00f3n Sugerida de Renta y Complementario Personas Naturales y Asimiladas Residentes y Sucesiones Il\u00edquidas de Causantes Residentes A\u00f1o Gravable 2021\",\"isPartOf\":{\"@id\":\"https:\/\/micrositios.dian.gov.co\/renta-personas-naturales-ag-2021\/#website\"},\"datePublished\":\"2022-06-03T00:55:13+00:00\",\"dateModified\":\"2022-08-23T14:35:45+00:00\",\"description\":\"Encuentre la informaci\u00f3n detallada sobre la declaraci\u00f3n sugerida de renta y un video explicativo\",\"breadcrumb\":{\"@id\":\"https:\/\/micrositios.dian.gov.co\/renta-personas-naturales-ag-2021\/abece-declaracion-sugerida-de-renta-y-complementario-personas-naturales-y-asimiladas-residentes-y-sucesiones-iliquidas-de-causantes-residentes\/#breadcrumb\"},\"inLanguage\":\"es\",\"potentialAction\":[{\"@type\":\"ReadAction\",\"target\":[\"https:\/\/micrositios.dian.gov.co\/renta-personas-naturales-ag-2021\/abece-declaracion-sugerida-de-renta-y-complementario-personas-naturales-y-asimiladas-residentes-y-sucesiones-iliquidas-de-causantes-residentes\/\"]}]},{\"@type\":\"BreadcrumbList\",\"@id\":\"https:\/\/micrositios.dian.gov.co\/renta-personas-naturales-ag-2021\/abece-declaracion-sugerida-de-renta-y-complementario-personas-naturales-y-asimiladas-residentes-y-sucesiones-iliquidas-de-causantes-residentes\/#breadcrumb\",\"itemListElement\":[{\"@type\":\"ListItem\",\"position\":1,\"name\":\"Portada\",\"item\":\"https:\/\/micrositios.dian.gov.co\/renta-personas-naturales-ag-2021\/\"},{\"@type\":\"ListItem\",\"position\":2,\"name\":\"Abec\u00e9 declaraci\u00f3n sugerida de Renta y complementario Personas Naturales y asimiladas residentes y sucesiones il\u00edquidas de causantes residentes.\"}]},{\"@type\":\"WebSite\",\"@id\":\"https:\/\/micrositios.dian.gov.co\/renta-personas-naturales-ag-2021\/#website\",\"url\":\"https:\/\/micrositios.dian.gov.co\/renta-personas-naturales-ag-2021\/\",\"name\":\"Rentas Personas Naturales AG 2021 - DIAN\",\"description\":\"Micrositios DIAN\",\"potentialAction\":[{\"@type\":\"SearchAction\",\"target\":{\"@type\":\"EntryPoint\",\"urlTemplate\":\"https:\/\/micrositios.dian.gov.co\/renta-personas-naturales-ag-2021\/?s={search_term_string}\"},\"query-input\":{\"@type\":\"PropertyValueSpecification\",\"valueRequired\":true,\"valueName\":\"search_term_string\"}}],\"inLanguage\":\"es\"}]}<\/script>\n<!-- \/ Yoast SEO Premium plugin. -->","yoast_head_json":{"title":"Abec\u00e9 \u2013 Declaraci\u00f3n Sugerida de Renta y Complementario Personas Naturales y Asimiladas Residentes y Sucesiones Il\u00edquidas de Causantes Residentes A\u00f1o Gravable 2021","description":"Encuentre la informaci\u00f3n detallada sobre la declaraci\u00f3n sugerida de renta y un video explicativo","robots":{"index":"index","follow":"follow","max-snippet":"max-snippet:-1","max-image-preview":"max-image-preview:large","max-video-preview":"max-video-preview:-1"},"canonical":"https:\/\/micrositios.dian.gov.co\/renta-personas-naturales-ag-2021\/abece-declaracion-sugerida-de-renta-y-complementario-personas-naturales-y-asimiladas-residentes-y-sucesiones-iliquidas-de-causantes-residentes\/","og_locale":"es_ES","og_type":"article","og_title":"Abec\u00e9 declaraci\u00f3n sugerida de Renta y complementario Personas Naturales y asimiladas residentes y sucesiones il\u00edquidas de causantes residentes.","og_description":"Encuentre la informaci\u00f3n detallada sobre la declaraci\u00f3n sugerida de renta y un video explicativo","og_url":"https:\/\/micrositios.dian.gov.co\/renta-personas-naturales-ag-2021\/abece-declaracion-sugerida-de-renta-y-complementario-personas-naturales-y-asimiladas-residentes-y-sucesiones-iliquidas-de-causantes-residentes\/","og_site_name":"Rentas Personas Naturales AG 2021 - DIAN","article_modified_time":"2022-08-23T14:35:45+00:00","og_image":[{"width":795,"height":397,"url":"https:\/\/micrositios.dian.gov.co\/renta-personas-naturales-ag-2021\/wp-content\/uploads\/sites\/2\/2022\/06\/Enmascarar-grupo-100-1.png","type":"image\/png"}],"twitter_card":"summary_large_image","twitter_description":"Encuentre la informaci\u00f3n detallada sobre la declaraci\u00f3n sugerida de renta y un video explicativo","twitter_misc":{"Tiempo de lectura":"7 minutos"},"schema":{"@context":"https:\/\/schema.org","@graph":[{"@type":"WebPage","@id":"https:\/\/micrositios.dian.gov.co\/renta-personas-naturales-ag-2021\/abece-declaracion-sugerida-de-renta-y-complementario-personas-naturales-y-asimiladas-residentes-y-sucesiones-iliquidas-de-causantes-residentes\/","url":"https:\/\/micrositios.dian.gov.co\/renta-personas-naturales-ag-2021\/abece-declaracion-sugerida-de-renta-y-complementario-personas-naturales-y-asimiladas-residentes-y-sucesiones-iliquidas-de-causantes-residentes\/","name":"Abec\u00e9 \u2013 Declaraci\u00f3n Sugerida de Renta y Complementario Personas Naturales y Asimiladas Residentes y Sucesiones Il\u00edquidas de Causantes Residentes A\u00f1o Gravable 2021","isPartOf":{"@id":"https:\/\/micrositios.dian.gov.co\/renta-personas-naturales-ag-2021\/#website"},"datePublished":"2022-06-03T00:55:13+00:00","dateModified":"2022-08-23T14:35:45+00:00","description":"Encuentre la informaci\u00f3n detallada sobre la declaraci\u00f3n sugerida de renta y un video explicativo","breadcrumb":{"@id":"https:\/\/micrositios.dian.gov.co\/renta-personas-naturales-ag-2021\/abece-declaracion-sugerida-de-renta-y-complementario-personas-naturales-y-asimiladas-residentes-y-sucesiones-iliquidas-de-causantes-residentes\/#breadcrumb"},"inLanguage":"es","potentialAction":[{"@type":"ReadAction","target":["https:\/\/micrositios.dian.gov.co\/renta-personas-naturales-ag-2021\/abece-declaracion-sugerida-de-renta-y-complementario-personas-naturales-y-asimiladas-residentes-y-sucesiones-iliquidas-de-causantes-residentes\/"]}]},{"@type":"BreadcrumbList","@id":"https:\/\/micrositios.dian.gov.co\/renta-personas-naturales-ag-2021\/abece-declaracion-sugerida-de-renta-y-complementario-personas-naturales-y-asimiladas-residentes-y-sucesiones-iliquidas-de-causantes-residentes\/#breadcrumb","itemListElement":[{"@type":"ListItem","position":1,"name":"Portada","item":"https:\/\/micrositios.dian.gov.co\/renta-personas-naturales-ag-2021\/"},{"@type":"ListItem","position":2,"name":"Abec\u00e9 declaraci\u00f3n sugerida de Renta y complementario Personas Naturales y asimiladas residentes y sucesiones il\u00edquidas de causantes residentes."}]},{"@type":"WebSite","@id":"https:\/\/micrositios.dian.gov.co\/renta-personas-naturales-ag-2021\/#website","url":"https:\/\/micrositios.dian.gov.co\/renta-personas-naturales-ag-2021\/","name":"Rentas Personas Naturales AG 2021 - DIAN","description":"Micrositios DIAN","potentialAction":[{"@type":"SearchAction","target":{"@type":"EntryPoint","urlTemplate":"https:\/\/micrositios.dian.gov.co\/renta-personas-naturales-ag-2021\/?s={search_term_string}"},"query-input":{"@type":"PropertyValueSpecification","valueRequired":true,"valueName":"search_term_string"}}],"inLanguage":"es"}]}},"_links":{"self":[{"href":"https:\/\/micrositios.dian.gov.co\/renta-personas-naturales-ag-2021\/wp-json\/wp\/v2\/pages\/246","targetHints":{"allow":["GET"]}}],"collection":[{"href":"https:\/\/micrositios.dian.gov.co\/renta-personas-naturales-ag-2021\/wp-json\/wp\/v2\/pages"}],"about":[{"href":"https:\/\/micrositios.dian.gov.co\/renta-personas-naturales-ag-2021\/wp-json\/wp\/v2\/types\/page"}],"author":[{"embeddable":true,"href":"https:\/\/micrositios.dian.gov.co\/renta-personas-naturales-ag-2021\/wp-json\/wp\/v2\/users\/1"}],"replies":[{"embeddable":true,"href":"https:\/\/micrositios.dian.gov.co\/renta-personas-naturales-ag-2021\/wp-json\/wp\/v2\/comments?post=246"}],"version-history":[{"count":5,"href":"https:\/\/micrositios.dian.gov.co\/renta-personas-naturales-ag-2021\/wp-json\/wp\/v2\/pages\/246\/revisions"}],"predecessor-version":[{"id":1824,"href":"https:\/\/micrositios.dian.gov.co\/renta-personas-naturales-ag-2021\/wp-json\/wp\/v2\/pages\/246\/revisions\/1824"}],"wp:attachment":[{"href":"https:\/\/micrositios.dian.gov.co\/renta-personas-naturales-ag-2021\/wp-json\/wp\/v2\/media?parent=246"}],"curies":[{"name":"wp","href":"https:\/\/api.w.org\/{rel}","templated":true}]}}