{"id":143,"date":"2022-06-02T23:21:47","date_gmt":"2022-06-02T23:21:47","guid":{"rendered":"https:\/\/micrositios.dian.gov.co\/renta-personas-naturales-ag-2021\/?page_id=143"},"modified":"2022-08-22T17:22:38","modified_gmt":"2022-08-22T17:22:38","slug":"sabes-si-eres-declarante-del-impuesto-de-renta","status":"publish","type":"page","link":"https:\/\/micrositios.dian.gov.co\/renta-personas-naturales-ag-2021\/sabes-si-eres-declarante-del-impuesto-de-renta\/","title":{"rendered":"\u00bfSabes si eres declarante del impuesto de renta?"},"content":{"rendered":"<p>[et_pb_section fb_built=\u00bb1&#8243; _builder_version=\u00bb4.17.4&#8243; _module_preset=\u00bbdefault\u00bb background_image=\u00bbhttps:\/\/micrositios.dian.gov.co\/renta-personas-naturales-ag-2021\/wp-content\/uploads\/sites\/2\/2022\/07\/5.\u00bfComo-saber-si-debes-presentar-80.jpg\u00bb custom_padding=\u00bb66px||66px||true|\u00bb da_disable_devices=\u00bboff|off|off\u00bb global_colors_info=\u00bb{}\u00bb da_is_popup=\u00bboff\u00bb da_exit_intent=\u00bboff\u00bb da_has_close=\u00bbon\u00bb da_alt_close=\u00bboff\u00bb da_dark_close=\u00bboff\u00bb da_not_modal=\u00bbon\u00bb da_is_singular=\u00bboff\u00bb da_with_loader=\u00bboff\u00bb da_has_shadow=\u00bbon\u00bb][et_pb_row _builder_version=\u00bb4.16&#8243; _module_preset=\u00bbdefault\u00bb global_colors_info=\u00bb{}\u00bb][et_pb_column type=\u00bb4_4&#8243; _builder_version=\u00bb4.16&#8243; _module_preset=\u00bbdefault\u00bb global_colors_info=\u00bb{}\u00bb][et_pb_text _builder_version=\u00bb4.17.6&#8243; _module_preset=\u00bbbac49371-2896-430d-83e7-6117b98b23d3&#8243; header_font=\u00bbWork Sans|700|||||||\u00bb global_colors_info=\u00bb{}\u00bb]<\/p>\n<h1>\u00bfC\u00f3mo saber si debes presentar renta por<br \/>el a\u00f1o gravable 2021?<\/h1>\n<p>[\/et_pb_text][et_pb_text _builder_version=\u00bb4.17.6&#8243; _module_preset=\u00bbdefault\u00bb text_font=\u00bbUbuntu||||||||\u00bb text_text_color=\u00bb#FFFFFF\u00bb text_line_height=\u00bb1em\u00bb header_2_text_color=\u00bb#F6F7F9&#8243; custom_margin=\u00bb-21px||||false|false\u00bb text_orientation_phone=\u00bbcenter\u00bb global_colors_info=\u00bb{}\u00bb]<\/p>\n<h2 style=\"text-align: left;\">Conoce las condiciones\u00a0que cumplen\u00a0los obligados a presentar<br \/>la Declaraci\u00f3n de Renta\u00a0para personas naturales.<\/h2>\n<p>[\/et_pb_text][\/et_pb_column][\/et_pb_row][\/et_pb_section][et_pb_section fb_built=\u00bb1&#8243; _builder_version=\u00bb4.16&#8243; _module_preset=\u00bbdefault\u00bb background_color=\u00bb#f6f7f9&#8243; custom_padding=\u00bb5px||2px|||\u00bb da_disable_devices=\u00bboff|off|off\u00bb global_colors_info=\u00bb{}\u00bb da_is_popup=\u00bboff\u00bb da_exit_intent=\u00bboff\u00bb da_has_close=\u00bbon\u00bb da_alt_close=\u00bboff\u00bb da_dark_close=\u00bboff\u00bb da_not_modal=\u00bbon\u00bb da_is_singular=\u00bboff\u00bb da_with_loader=\u00bboff\u00bb da_has_shadow=\u00bbon\u00bb][et_pb_row column_structure=\u00bb3_5,2_5&#8243; disabled_on=\u00bbon|off|off\u00bb _builder_version=\u00bb4.17.0&#8243; _module_preset=\u00bbdefault\u00bb global_colors_info=\u00bb{}\u00bb][et_pb_column type=\u00bb3_5&#8243; _builder_version=\u00bb4.16&#8243; _module_preset=\u00bbdefault\u00bb global_colors_info=\u00bb{}\u00bb][dipl_breadcrumb breadcrumb_layout=\u00bblayout2&#8243; link_target=\u00bbon\u00bb separator_text=\u00bb\/\u00bb separator_size=\u00bb15px\u00bb separator_color=\u00bb#000000&#8243; use_home_link_custom_text=\u00bbon\u00bb home_link_text=\u00bbInicio\u00bb use_home_link_icon=\u00bbon\u00bb home_link_icon=\u00bb&#x23;||divi||400&#8243; home_link_icon_color=\u00bb#41d78c\u00bb _builder_version=\u00bb4.16&#8243; _module_preset=\u00bbdefault\u00bb global_text_settings_font_size=\u00bb13px\u00bb text_font=\u00bbUbuntu||||||||\u00bb text_text_color=\u00bb#262944&#8243; link_font=\u00bbUbuntu|500|||||||\u00bb global_colors_info=\u00bb{}\u00bb][\/dipl_breadcrumb][\/et_pb_column][et_pb_column type=\u00bb2_5&#8243; _builder_version=\u00bb4.16&#8243; _module_preset=\u00bbdefault\u00bb global_colors_info=\u00bb{}\u00bb][dipl_ajax_search search_placeholder=\u00bbBuscar por palabra clave\u00bb number_of_results=\u00bb-1&#8243; orderby=\u00bbpost_title\u00bb order=\u00bbASC\u00bb no_result_text=\u00bbNo encontramos resultados a tu b\u00fasqueda\u00bb include_post_types=\u00bbpage\u00bb url_new_window=\u00bbon\u00bb search_icon_color=\u00bb#41d78c\u00bb loader_size=\u00bb12px\u00bb loader_color=\u00bb#41d78c\u00bb _builder_version=\u00bb4.17.0&#8243; _module_preset=\u00bbdefault\u00bb search_result_item_title_font=\u00bbWork Sans|700|||||||\u00bb search_result_item_excerpt_font=\u00bbUbuntu||||||||\u00bb search_result_item_excerpt_font_size=\u00bb12px\u00bb form_field_font=\u00bbUbuntu||||||||\u00bb form_field_font_size=\u00bb12px\u00bb width=\u00bb80%\u00bb module_alignment=\u00bbright\u00bb border_radii_form_field=\u00bbon|6px|6px|6px|6px\u00bb border_width_all_form_field=\u00bb0px\u00bb global_colors_info=\u00bb{}\u00bb][\/dipl_ajax_search][\/et_pb_column][\/et_pb_row][et_pb_row _builder_version=\u00bb4.16&#8243; _module_preset=\u00bbdefault\u00bb global_colors_info=\u00bb{}\u00bb][et_pb_column type=\u00bb4_4&#8243; _builder_version=\u00bb4.16&#8243; _module_preset=\u00bbdefault\u00bb global_colors_info=\u00bb{}\u00bb][et_pb_text _builder_version=\u00bb4.17.6&#8243; _module_preset=\u00bbda597a6f-9ab2-46a5-b8db-833860f64726&#8243; header_2_font=\u00bb|700|||||||\u00bb header_2_text_align=\u00bbcenter\u00bb header_2_text_color=\u00bb#262944&#8243; global_colors_info=\u00bb{}\u00bb]<\/p>\n<h2>\u00bfSabes si eres declarante del impuesto de Renta?<\/h2>\n<p>[\/et_pb_text][et_pb_divider color=\u00bb#41d78c\u00bb divider_weight=\u00bb4px\u00bb _builder_version=\u00bb4.17.4&#8243; _module_preset=\u00bbdefault\u00bb width=\u00bb59%\u00bb width_tablet=\u00bb45%\u00bb width_phone=\u00bb100%\u00bb width_last_edited=\u00bbon|phone\u00bb module_alignment=\u00bbcenter\u00bb custom_margin=\u00bb-23px||10px||false|false\u00bb global_colors_info=\u00bb{}\u00bb][\/et_pb_divider][et_pb_text _builder_version=\u00bb4.16&#8243; _module_preset=\u00bbdefault\u00bb text_font=\u00bbUbuntu||||||||\u00bb global_colors_info=\u00bb{}\u00bb]<\/p>\n<p style=\"text-align: center;\">Encuentra informaci\u00f3n de tu inter\u00e9s<\/p>\n<p>[\/et_pb_text][\/et_pb_column][\/et_pb_row][et_pb_row column_structure=\u00bb1_4,1_4,1_4,1_4&#8243; _builder_version=\u00bb4.16&#8243; _module_preset=\u00bbdefault\u00bb custom_margin=\u00bb-5px|auto||auto||\u00bb global_colors_info=\u00bb{}\u00bb][et_pb_column type=\u00bb1_4&#8243; _builder_version=\u00bb4.16&#8243; _module_preset=\u00bbdefault\u00bb global_colors_info=\u00bb{}\u00bb][et_pb_blurb title=\u00bb\u00bfQui\u00e9nes deben declarar el impuesto de renta? \u00bb url=\u00bb#Tarjeta01&#8243; image=\u00bbhttps:\/\/micrositios.dian.gov.co\/renta-personas-naturales-ag-2021\/wp-content\/uploads\/sites\/2\/2022\/06\/RUT.png\u00bb icon_placement=\u00bbleft\u00bb image_icon_width=\u00bb200%\u00bb _builder_version=\u00bb4.17.4&#8243; _module_preset=\u00bbdefault\u00bb header_font=\u00bbWork Sans|600|||||||\u00bb header_text_color=\u00bb#262944&#8243; header_font_size=\u00bb13px\u00bb background_color=\u00bb#FFFFFF\u00bb custom_padding=\u00bb16px|17px|9px|17px|false|true\u00bb box_shadow_style=\u00bbpreset1&#8243; box_shadow_vertical=\u00bb0px\u00bb box_shadow_blur=\u00bb0px\u00bb global_colors_info=\u00bb{}\u00bb box_shadow_blur__hover=\u00bb20px\u00bb box_shadow_blur__hover_enabled=\u00bbon|hover\u00bb][\/et_pb_blurb][\/et_pb_column][et_pb_column type=\u00bb1_4&#8243; _builder_version=\u00bb4.16&#8243; _module_preset=\u00bbdefault\u00bb global_colors_info=\u00bb{}\u00bb][et_pb_blurb title=\u00bb\u00bfEres residente en Colombia para efectos tributarios?\u00bb url=\u00bbhttps:\/\/micrositios.dian.gov.co\/renta-personas-naturales-ag-2021\/eres-residente-en-colombia-para-efectos-tributarios\/\u00bb image=\u00bbhttps:\/\/micrositios.dian.gov.co\/renta-personas-naturales-ag-2021\/wp-content\/uploads\/sites\/2\/2022\/06\/firma-electronica.png\u00bb icon_placement=\u00bbleft\u00bb image_icon_width=\u00bb200%\u00bb _builder_version=\u00bb4.17.4&#8243; _module_preset=\u00bbdefault\u00bb header_font=\u00bbWork Sans|600|||||||\u00bb header_text_color=\u00bb#262944&#8243; header_font_size=\u00bb13px\u00bb background_color=\u00bb#FFFFFF\u00bb custom_padding=\u00bb16px|17px|9px|17px|false|true\u00bb box_shadow_style=\u00bbpreset1&#8243; box_shadow_vertical=\u00bb0px\u00bb box_shadow_blur=\u00bb0px\u00bb global_colors_info=\u00bb{}\u00bb box_shadow_blur__hover=\u00bb20px\u00bb box_shadow_blur__hover_enabled=\u00bbon|hover\u00bb][\/et_pb_blurb][\/et_pb_column][et_pb_column type=\u00bb1_4&#8243; _builder_version=\u00bb4.16&#8243; _module_preset=\u00bbdefault\u00bb global_colors_info=\u00bb{}\u00bb][et_pb_blurb title=\u00bb\u00bfCumples alguna de las condiciones para declarar?\u00bb url=\u00bbhttps:\/\/micrositios.dian.gov.co\/renta-personas-naturales-ag-2021\/cumples-alguna-de-las-condiciones-para-declarar\/\u00bb image=\u00bbhttps:\/\/micrositios.dian.gov.co\/renta-personas-naturales-ag-2021\/wp-content\/uploads\/sites\/2\/2022\/06\/Trazado-25035.png\u00bb icon_placement=\u00bbleft\u00bb image_icon_width=\u00bb200%\u00bb _builder_version=\u00bb4.17.4&#8243; _module_preset=\u00bbdefault\u00bb header_font=\u00bbWork Sans|600|||||||\u00bb header_text_color=\u00bb#262944&#8243; header_font_size=\u00bb13px\u00bb background_color=\u00bb#FFFFFF\u00bb custom_padding=\u00bb16px|17px|9px|17px|false|true\u00bb box_shadow_style=\u00bbpreset1&#8243; box_shadow_vertical=\u00bb0px\u00bb box_shadow_blur=\u00bb0px\u00bb global_colors_info=\u00bb{}\u00bb box_shadow_blur__hover=\u00bb20px\u00bb box_shadow_blur__hover_enabled=\u00bbon|hover\u00bb][\/et_pb_blurb][\/et_pb_column][et_pb_column type=\u00bb1_4&#8243; _builder_version=\u00bb4.16&#8243; _module_preset=\u00bbdefault\u00bb global_colors_info=\u00bb{}\u00bb][et_pb_blurb title=\u00bb\u00bfQui\u00e9nes no est\u00e1n obligados a declarar?\u00bb url=\u00bbhttps:\/\/micrositios.dian.gov.co\/renta-personas-naturales-ag-2021\/quienes-no-estan-obligados-a-declarar\/\u00bb image=\u00bbhttps:\/\/micrositios.dian.gov.co\/renta-personas-naturales-ag-2021\/wp-content\/uploads\/sites\/2\/2022\/06\/ver-audiencia.png\u00bb icon_placement=\u00bbleft\u00bb image_icon_width=\u00bb200%\u00bb _builder_version=\u00bb4.17.4&#8243; _module_preset=\u00bbdefault\u00bb header_font=\u00bbWork Sans|600|||||||\u00bb header_text_color=\u00bb#262944&#8243; header_font_size=\u00bb13px\u00bb background_color=\u00bb#FFFFFF\u00bb custom_padding=\u00bb16px|17px|9px|17px|false|true\u00bb box_shadow_style=\u00bbpreset1&#8243; box_shadow_vertical=\u00bb0px\u00bb box_shadow_blur=\u00bb0px\u00bb global_colors_info=\u00bb{}\u00bb box_shadow_blur__hover=\u00bb20px\u00bb box_shadow_blur__hover_enabled=\u00bbon|hover\u00bb][\/et_pb_blurb][\/et_pb_column][\/et_pb_row][\/et_pb_section][et_pb_section fb_built=\u00bb1&#8243; admin_label=\u00bbPopup &#8211; #Tarjeta01&#8243; module_id=\u00bbTarjeta01&#8243; module_class=\u00bbpopup close-alt\u00bb _builder_version=\u00bb4.16&#8243; _module_preset=\u00bbdefault\u00bb background_color=\u00bb#FFFFFF\u00bb width=\u00bb91%\u00bb custom_padding=\u00bb0px|0px|0px|0px|true|false\u00bb da_is_popup=\u00bbon\u00bb da_popup_slug=\u00bbTarjeta01&#8243; da_alt_close=\u00bbon\u00bb da_disable_devices=\u00bboff|off|off\u00bb global_colors_info=\u00bb{}\u00bb da_exit_intent=\u00bboff\u00bb da_has_close=\u00bbon\u00bb da_dark_close=\u00bboff\u00bb da_not_modal=\u00bbon\u00bb da_is_singular=\u00bboff\u00bb da_with_loader=\u00bboff\u00bb da_has_shadow=\u00bbon\u00bb][et_pb_row column_structure=\u00bb1_2,1_2&#8243; _builder_version=\u00bb4.16&#8243; _module_preset=\u00bbdefault\u00bb background_color=\u00bb#FFFFFF\u00bb custom_padding=\u00bb44px|0px|44px|0px|true|true\u00bb global_colors_info=\u00bb{}\u00bb][et_pb_column type=\u00bb1_2&#8243; _builder_version=\u00bb4.16&#8243; _module_preset=\u00bbdefault\u00bb global_colors_info=\u00bb{}\u00bb][et_pb_text _builder_version=\u00bb4.17.6&#8243; _module_preset=\u00bbda597a6f-9ab2-46a5-b8db-833860f64726&#8243; header_3_font=\u00bb|700|||||||\u00bb header_3_text_color=\u00bb#262944&#8243; header_3_font_size=\u00bb20px\u00bb global_colors_info=\u00bb{}\u00bb]<\/p>\n<h3 style=\"text-align: left;\"><span>\u00bfQui\u00e9nes deben declarar el impuesto de renta? <\/span><\/h3>\n<p>[\/et_pb_text][et_pb_divider color=\u00bb#41d78c\u00bb divider_weight=\u00bb4px\u00bb _builder_version=\u00bb4.17.4&#8243; _module_preset=\u00bbdefault\u00bb width=\u00bb91%\u00bb module_alignment=\u00bbleft\u00bb custom_margin=\u00bb-23px||10px||false|false\u00bb global_colors_info=\u00bb{}\u00bb][\/et_pb_divider][et_pb_image src=\u00bbhttps:\/\/micrositios.dian.gov.co\/renta-personas-naturales-ag-2021\/wp-content\/uploads\/sites\/2\/2022\/07\/3.1.png\u00bb title_text=\u00bb3.1&#8243; _builder_version=\u00bb4.17.4&#8243; _module_preset=\u00bbdefault\u00bb global_colors_info=\u00bb{}\u00bb][\/et_pb_image][\/et_pb_column][et_pb_column type=\u00bb1_2&#8243; _builder_version=\u00bb4.16&#8243; _module_preset=\u00bbdefault\u00bb global_colors_info=\u00bb{}\u00bb][et_pb_text _builder_version=\u00bb4.17.6&#8243; _module_preset=\u00bbdefault\u00bb text_font=\u00bbUbuntu||||||||\u00bb text_text_color=\u00bb#262944&#8243; text_font_size=\u00bb12px\u00bb custom_margin=\u00bb82px||||false|false\u00bb custom_margin_tablet=\u00bb82px||||false|false\u00bb custom_margin_phone=\u00bb-2px||||false|false\u00bb custom_margin_last_edited=\u00bbon|phone\u00bb hover_enabled=\u00bb0&#8243; global_colors_info=\u00bb{}\u00bb sticky_enabled=\u00bb0&#8243;]<\/p>\n<p>De acuerdo con lo establecido en los art\u00edculos\u00a0<u><a href=\"http:\/\/www.secretariasenado.gov.co\/senado\/basedoc\/estatuto_tributario.html\" target=\"_blank\" rel=\"noopener\">7<\/a><\/u>\u00a0y\u00a0<u><a href=\"http:\/\/www.secretariasenado.gov.co\/senado\/basedoc\/estatuto_tributario.html\" target=\"_blank\" rel=\"noopener\">9<\/a><\/u>\u00a0del Estatuto Tributario, son declarantes de renta:<\/p>\n<p>[\/et_pb_text][et_pb_text _builder_version=\u00bb4.17.4&#8243; _module_preset=\u00bbdefault\u00bb text_font=\u00bbUbuntu||||||||\u00bb text_font_size=\u00bb12px\u00bb link_font=\u00bbUbuntu||||on|||#00b4dc|\u00bb link_text_color=\u00bb#00b4dc\u00bb ul_text_color=\u00bb#41d78c\u00bb custom_margin=\u00bb-11px|||||\u00bb global_colors_info=\u00bb{}\u00bb]<\/p>\n<ul>\n<li style=\"text-align: left;\"><a href=\"https:\/\/micrositios.dian.gov.co\/renta-personas-naturales-ag-2021\/las-personas-naturales-estan-sometidas-al-impuesto\/\">Las Personas Naturales y las sucesiones iliquidas<\/a><\/li>\n<li style=\"text-align: left;\"><a href=\"https:\/\/micrositios.dian.gov.co\/renta-personas-naturales-ag-2021\/las-personas-naturales-estan-sometidas-al-impuesto\/\"><\/a><a href=\"https:\/\/micrositios.dian.gov.co\/renta-personas-naturales-ag-2021\/impuesto-de-las-personas-naturales-residentes-y-no-residentes\/\">Las Personas Naturales Residentes y No Residentes<\/a><\/li>\n<\/ul>\n<p>[\/et_pb_text][\/et_pb_column][\/et_pb_row][\/et_pb_section][et_pb_section fb_built=\u00bb1&#8243; admin_label=\u00bbSection\u00bb _builder_version=\u00bb4.16&#8243; _module_preset=\u00bbdefault\u00bb custom_padding=\u00bb||1px|||\u00bb da_disable_devices=\u00bboff|off|off\u00bb locked=\u00bboff\u00bb global_colors_info=\u00bb{}\u00bb da_is_popup=\u00bboff\u00bb da_exit_intent=\u00bboff\u00bb da_has_close=\u00bbon\u00bb da_alt_close=\u00bboff\u00bb da_dark_close=\u00bboff\u00bb da_not_modal=\u00bbon\u00bb da_is_singular=\u00bboff\u00bb da_with_loader=\u00bboff\u00bb da_has_shadow=\u00bbon\u00bb][et_pb_row _builder_version=\u00bb4.16&#8243; _module_preset=\u00bbdefault\u00bb custom_padding=\u00bb||0px|||\u00bb global_colors_info=\u00bb{}\u00bb][et_pb_column type=\u00bb4_4&#8243; _builder_version=\u00bb4.16&#8243; _module_preset=\u00bbdefault\u00bb global_colors_info=\u00bb{}\u00bb][et_pb_text _builder_version=\u00bb4.17.6&#8243; _module_preset=\u00bbda597a6f-9ab2-46a5-b8db-833860f64726&#8243; text_font_size=\u00bb18px\u00bb global_colors_info=\u00bb{}\u00bb]<\/p>\n<p style=\"text-align: left;\">Informaci\u00f3n de inter\u00e9s<\/p>\n<p>[\/et_pb_text][et_pb_divider color=\u00bb#41d78c\u00bb divider_weight=\u00bb4px\u00bb _builder_version=\u00bb4.17.6&#8243; _module_preset=\u00bbdefault\u00bb width=\u00bb19%\u00bb module_alignment=\u00bbleft\u00bb custom_margin=\u00bb-23px||10px||false|false\u00bb global_colors_info=\u00bb{}\u00bb][\/et_pb_divider][\/et_pb_column][\/et_pb_row][et_pb_row _builder_version=\u00bb4.16&#8243; _module_preset=\u00bbdefault\u00bb global_colors_info=\u00bb{}\u00bb][et_pb_column type=\u00bb4_4&#8243; _builder_version=\u00bb4.16&#8243; _module_preset=\u00bbdefault\u00bb global_colors_info=\u00bb{}\u00bb][et_pb_code _builder_version=\u00bb4.17.4&#8243; _module_preset=\u00bbdefault\u00bb global_colors_info=\u00bb{}\u00bb]<iframe style=\"border-radius:12px\" src=\"https:\/\/open.spotify.com\/embed\/episode\/4UMumx0IWzUJZMp8hJUS3K?utm_source=generator\" width=\"100%\" height=\"232\" frameBorder=\"0\" allowfullscreen=\"\" allow=\"autoplay; clipboard-write; encrypted-media; fullscreen; picture-in-picture\"><\/iframe>[\/et_pb_code][\/et_pb_column][\/et_pb_row][\/et_pb_section]<\/p>\n","protected":false},"excerpt":{"rendered":"<p>\u00bfC\u00f3mo saber si debes presentar renta porel a\u00f1o gravable 2021?Conoce las condiciones\u00a0que cumplen\u00a0los obligados a presentarla Declaraci\u00f3n de Renta\u00a0para personas naturales.<div class=\"et_pb_module dipl_breadcrumb dipl_breadcrumb_0\">\n\t\t\t\t\n\t\t\t\t\n\t\t\t\t\n\t\t\t\t\n\t\t\t\t\n\t\t\t\t\n\t\t\t\t<div class=\"et_pb_module_inner\">\n\t\t\t\t\t<div class=\"dipl-breadcrumb-wrapper layout2\">\n\t\t\t\t<ol class=\"dipl-breadcrumb-inner\" vocab=\"https:\/\/schema.org\/\" typeof=\"BreadcrumbList\">\n\t\t\t\t\t<li property=\"itemListElement\" typeof=\"ListItem\" data-icon=\"&#x24;\">\n\t\t\t\t\t\t\t\t<a class=\"breadcrumb-item dipl-home-page\" href=\"https:\/\/micrositios.dian.gov.co\/renta-personas-naturales-ag-2021\" property=\"item\" typeof=\"WebPage\" target=\"_blank\">\n\t\t\t\t\t\t\t\t\t<span class=\"breadcrumb-page\" property=\"name\">\n\t\t\t\t\t\t\t\t\t\t<span class=\"breadcrumb-home-icon et-pb-icon\">&#x23;<\/span>\n\t\t\t\t\t\t\t\t\t\tInicio\n\t\t\t\t\t\t\t\t\t<\/span>\n\t\t\t\t\t\t\t\t<\/a>\n\t\t\t\t\t\t\t\t<meta property=\"position\" content=\"1\" \/>\n\t\t\t\t\t\t\t<\/li>\n\t\t\t\t<\/ol>\n\t\t\t<\/div>\n\t\t\t\t<\/div>\n\t\t\t<\/div><div class=\"et_pb_module dipl_ajax_search dipl_ajax_search_0\">\n\t\t\t\t\n\t\t\t\t\n\t\t\t\t\n\t\t\t\t\n\t\t\t\t\n\t\t\t\t\n\t\t\t\t<div class=\"et_pb_module_inner\">\n\t\t\t\t\t<div class=\"dipl_ajax_search_wrap\">\n\t\t\t\t<div class=\"dipl_ajax_search_field_wrap dipl_ajax_search_icon\">\n\t\t\t\t\t<input type=\"search\" placeholder=\"\u00bbBuscar\" class=\"dipl_ajax_search_field\"\n\t\t\t\t\t\tdata-search-in=\"post_title,post_content,post_excerpt\" data-search-post-type=\"\u00bbpage\u00bb\" data-display-fields=\"title,excerpt,featured_image\" \n\t\t\t\t\t\tdata-url-new-window=\"\u00bbon\u00bb\" data-number-of-results=\"0\" data-no-result-text=\"\u00bbNo\" \n\t\t\t\t\t\tdata-orderby=\"\u00bbpost_title\u00bb\" data-order=\"\u00bbASC\u00bb\" data-use-masonry=\"off\"\n\t\t\t\t\t\tdata-exclude_protected_posts=\"off\"\n\t\t\t\t\t\/>\n\t\t\t\t\t<input type=\"hidden\" class=\"dipl_ajax_search_nonce\" value=\"04892bc03d\" \/>\n\t\t\t\t<\/div>\n\t\t\t\t<div class=\"dipl_ajax_search_results_wrap dipl_ajax_search_result_1_cols \"><\/div>\n\t\t\t<\/div>\n\t\t\t\t<\/div>\n\t\t\t<\/div><\/p>\n","protected":false},"author":1,"featured_media":0,"parent":0,"menu_order":0,"comment_status":"closed","ping_status":"closed","template":"","meta":{"_et_pb_use_builder":"on","_et_pb_old_content":"<!-- wp:divi\/placeholder \/-->","_et_gb_content_width":"","footnotes":""},"class_list":["post-143","page","type-page","status-publish","hentry"],"yoast_head":"<!-- This site is optimized with the Yoast SEO Premium plugin v18.5 (Yoast SEO v27.2) - https:\/\/yoast.com\/product\/yoast-seo-premium-wordpress\/ -->\n<title>\u00bfSabes si eres declarante del impuesto de Renta?<\/title>\n<meta name=\"description\" content=\"Impuesto para personas naturales, residentes y no residentes. Consulta aqu\u00ed si cumples las condiciones para declaraci\u00f3n de renta a\u00f1o gravable 2021.\" \/>\n<meta name=\"robots\" content=\"index, follow, max-snippet:-1, max-image-preview:large, max-video-preview:-1\" \/>\n<link rel=\"canonical\" href=\"https:\/\/micrositios.dian.gov.co\/renta-personas-naturales-ag-2021\/sabes-si-eres-declarante-del-impuesto-de-renta\/\" \/>\n<meta property=\"og:locale\" content=\"es_ES\" \/>\n<meta property=\"og:type\" content=\"article\" \/>\n<meta property=\"og:title\" content=\"\u00bfSabes si eres declarante del impuesto de renta?\" \/>\n<meta property=\"og:description\" content=\"Impuesto para personas naturales, residentes y no residentes. Consulta aqu\u00ed si cumples las condiciones para declaraci\u00f3n de renta a\u00f1o gravable 2021.\" \/>\n<meta property=\"og:url\" content=\"https:\/\/micrositios.dian.gov.co\/renta-personas-naturales-ag-2021\/sabes-si-eres-declarante-del-impuesto-de-renta\/\" \/>\n<meta property=\"og:site_name\" content=\"Rentas Personas Naturales AG 2021 - DIAN\" \/>\n<meta property=\"article:modified_time\" content=\"2022-08-22T17:22:38+00:00\" \/>\n<meta property=\"og:image\" content=\"https:\/\/micrositios.dian.gov.co\/renta-personas-naturales-ag-2021\/wp-content\/uploads\/sites\/2\/2022\/07\/Twitter.jpg\" \/>\n\t<meta property=\"og:image:width\" content=\"795\" \/>\n\t<meta property=\"og:image:height\" content=\"397\" \/>\n\t<meta property=\"og:image:type\" content=\"image\/jpeg\" \/>\n<meta name=\"twitter:card\" content=\"summary_large_image\" \/>\n<meta name=\"twitter:description\" content=\"Impuesto para personas naturales, residentes y no residentes. Consulta aqu\u00ed si cumples las condiciones para declaraci\u00f3n de renta a\u00f1o gravable 2021.\" \/>\n<meta name=\"twitter:label1\" content=\"Tiempo de lectura\" \/>\n\t<meta name=\"twitter:data1\" content=\"3 minutos\" \/>\n<script type=\"application\/ld+json\" class=\"yoast-schema-graph\">{\"@context\":\"https:\/\/schema.org\",\"@graph\":[{\"@type\":\"WebPage\",\"@id\":\"https:\/\/micrositios.dian.gov.co\/renta-personas-naturales-ag-2021\/sabes-si-eres-declarante-del-impuesto-de-renta\/\",\"url\":\"https:\/\/micrositios.dian.gov.co\/renta-personas-naturales-ag-2021\/sabes-si-eres-declarante-del-impuesto-de-renta\/\",\"name\":\"\u00bfSabes si eres declarante del impuesto de Renta?\",\"isPartOf\":{\"@id\":\"https:\/\/micrositios.dian.gov.co\/renta-personas-naturales-ag-2021\/#website\"},\"datePublished\":\"2022-06-02T23:21:47+00:00\",\"dateModified\":\"2022-08-22T17:22:38+00:00\",\"description\":\"Impuesto para personas naturales, residentes y no residentes. Consulta aqu\u00ed si cumples las condiciones para declaraci\u00f3n de renta a\u00f1o gravable 2021.\",\"breadcrumb\":{\"@id\":\"https:\/\/micrositios.dian.gov.co\/renta-personas-naturales-ag-2021\/sabes-si-eres-declarante-del-impuesto-de-renta\/#breadcrumb\"},\"inLanguage\":\"es\",\"potentialAction\":[{\"@type\":\"ReadAction\",\"target\":[\"https:\/\/micrositios.dian.gov.co\/renta-personas-naturales-ag-2021\/sabes-si-eres-declarante-del-impuesto-de-renta\/\"]}]},{\"@type\":\"BreadcrumbList\",\"@id\":\"https:\/\/micrositios.dian.gov.co\/renta-personas-naturales-ag-2021\/sabes-si-eres-declarante-del-impuesto-de-renta\/#breadcrumb\",\"itemListElement\":[{\"@type\":\"ListItem\",\"position\":1,\"name\":\"Portada\",\"item\":\"https:\/\/micrositios.dian.gov.co\/renta-personas-naturales-ag-2021\/\"},{\"@type\":\"ListItem\",\"position\":2,\"name\":\"\u00bfSabes si eres declarante del impuesto de renta?\"}]},{\"@type\":\"WebSite\",\"@id\":\"https:\/\/micrositios.dian.gov.co\/renta-personas-naturales-ag-2021\/#website\",\"url\":\"https:\/\/micrositios.dian.gov.co\/renta-personas-naturales-ag-2021\/\",\"name\":\"Rentas Personas Naturales AG 2021 - DIAN\",\"description\":\"Micrositios DIAN\",\"potentialAction\":[{\"@type\":\"SearchAction\",\"target\":{\"@type\":\"EntryPoint\",\"urlTemplate\":\"https:\/\/micrositios.dian.gov.co\/renta-personas-naturales-ag-2021\/?s={search_term_string}\"},\"query-input\":{\"@type\":\"PropertyValueSpecification\",\"valueRequired\":true,\"valueName\":\"search_term_string\"}}],\"inLanguage\":\"es\"}]}<\/script>\n<!-- \/ Yoast SEO Premium plugin. -->","yoast_head_json":{"title":"\u00bfSabes si eres declarante del impuesto de Renta?","description":"Impuesto para personas naturales, residentes y no residentes. Consulta aqu\u00ed si cumples las condiciones para declaraci\u00f3n de renta a\u00f1o gravable 2021.","robots":{"index":"index","follow":"follow","max-snippet":"max-snippet:-1","max-image-preview":"max-image-preview:large","max-video-preview":"max-video-preview:-1"},"canonical":"https:\/\/micrositios.dian.gov.co\/renta-personas-naturales-ag-2021\/sabes-si-eres-declarante-del-impuesto-de-renta\/","og_locale":"es_ES","og_type":"article","og_title":"\u00bfSabes si eres declarante del impuesto de renta?","og_description":"Impuesto para personas naturales, residentes y no residentes. Consulta aqu\u00ed si cumples las condiciones para declaraci\u00f3n de renta a\u00f1o gravable 2021.","og_url":"https:\/\/micrositios.dian.gov.co\/renta-personas-naturales-ag-2021\/sabes-si-eres-declarante-del-impuesto-de-renta\/","og_site_name":"Rentas Personas Naturales AG 2021 - DIAN","article_modified_time":"2022-08-22T17:22:38+00:00","og_image":[{"width":795,"height":397,"url":"https:\/\/micrositios.dian.gov.co\/renta-personas-naturales-ag-2021\/wp-content\/uploads\/sites\/2\/2022\/07\/Twitter.jpg","type":"image\/jpeg"}],"twitter_card":"summary_large_image","twitter_description":"Impuesto para personas naturales, residentes y no residentes. Consulta aqu\u00ed si cumples las condiciones para declaraci\u00f3n de renta a\u00f1o gravable 2021.","twitter_misc":{"Tiempo de lectura":"3 minutos"},"schema":{"@context":"https:\/\/schema.org","@graph":[{"@type":"WebPage","@id":"https:\/\/micrositios.dian.gov.co\/renta-personas-naturales-ag-2021\/sabes-si-eres-declarante-del-impuesto-de-renta\/","url":"https:\/\/micrositios.dian.gov.co\/renta-personas-naturales-ag-2021\/sabes-si-eres-declarante-del-impuesto-de-renta\/","name":"\u00bfSabes si eres declarante del impuesto de Renta?","isPartOf":{"@id":"https:\/\/micrositios.dian.gov.co\/renta-personas-naturales-ag-2021\/#website"},"datePublished":"2022-06-02T23:21:47+00:00","dateModified":"2022-08-22T17:22:38+00:00","description":"Impuesto para personas naturales, residentes y no residentes. Consulta aqu\u00ed si cumples las condiciones para declaraci\u00f3n de renta a\u00f1o gravable 2021.","breadcrumb":{"@id":"https:\/\/micrositios.dian.gov.co\/renta-personas-naturales-ag-2021\/sabes-si-eres-declarante-del-impuesto-de-renta\/#breadcrumb"},"inLanguage":"es","potentialAction":[{"@type":"ReadAction","target":["https:\/\/micrositios.dian.gov.co\/renta-personas-naturales-ag-2021\/sabes-si-eres-declarante-del-impuesto-de-renta\/"]}]},{"@type":"BreadcrumbList","@id":"https:\/\/micrositios.dian.gov.co\/renta-personas-naturales-ag-2021\/sabes-si-eres-declarante-del-impuesto-de-renta\/#breadcrumb","itemListElement":[{"@type":"ListItem","position":1,"name":"Portada","item":"https:\/\/micrositios.dian.gov.co\/renta-personas-naturales-ag-2021\/"},{"@type":"ListItem","position":2,"name":"\u00bfSabes si eres declarante del impuesto de renta?"}]},{"@type":"WebSite","@id":"https:\/\/micrositios.dian.gov.co\/renta-personas-naturales-ag-2021\/#website","url":"https:\/\/micrositios.dian.gov.co\/renta-personas-naturales-ag-2021\/","name":"Rentas Personas Naturales AG 2021 - DIAN","description":"Micrositios DIAN","potentialAction":[{"@type":"SearchAction","target":{"@type":"EntryPoint","urlTemplate":"https:\/\/micrositios.dian.gov.co\/renta-personas-naturales-ag-2021\/?s={search_term_string}"},"query-input":{"@type":"PropertyValueSpecification","valueRequired":true,"valueName":"search_term_string"}}],"inLanguage":"es"}]}},"_links":{"self":[{"href":"https:\/\/micrositios.dian.gov.co\/renta-personas-naturales-ag-2021\/wp-json\/wp\/v2\/pages\/143","targetHints":{"allow":["GET"]}}],"collection":[{"href":"https:\/\/micrositios.dian.gov.co\/renta-personas-naturales-ag-2021\/wp-json\/wp\/v2\/pages"}],"about":[{"href":"https:\/\/micrositios.dian.gov.co\/renta-personas-naturales-ag-2021\/wp-json\/wp\/v2\/types\/page"}],"author":[{"embeddable":true,"href":"https:\/\/micrositios.dian.gov.co\/renta-personas-naturales-ag-2021\/wp-json\/wp\/v2\/users\/1"}],"replies":[{"embeddable":true,"href":"https:\/\/micrositios.dian.gov.co\/renta-personas-naturales-ag-2021\/wp-json\/wp\/v2\/comments?post=143"}],"version-history":[{"count":7,"href":"https:\/\/micrositios.dian.gov.co\/renta-personas-naturales-ag-2021\/wp-json\/wp\/v2\/pages\/143\/revisions"}],"predecessor-version":[{"id":1768,"href":"https:\/\/micrositios.dian.gov.co\/renta-personas-naturales-ag-2021\/wp-json\/wp\/v2\/pages\/143\/revisions\/1768"}],"wp:attachment":[{"href":"https:\/\/micrositios.dian.gov.co\/renta-personas-naturales-ag-2021\/wp-json\/wp\/v2\/media?parent=143"}],"curies":[{"name":"wp","href":"https:\/\/api.w.org\/{rel}","templated":true}]}}