{"id":64,"date":"2022-09-05T22:19:37","date_gmt":"2022-09-05T22:19:37","guid":{"rendered":"https:\/\/micrositios.dian.gov.co\/cultura-de-contribucion\/?page_id=64"},"modified":"2023-02-15T15:41:45","modified_gmt":"2023-02-15T15:41:45","slug":"lo-publico-es-nuestro","status":"publish","type":"page","link":"https:\/\/micrositios.dian.gov.co\/cultura-de-contribucion\/lo-publico-es-nuestro\/","title":{"rendered":"Lo P\u00fablico es Nuestro"},"content":{"rendered":"<p>[et_pb_section fb_built=&#8221;1&#8243; admin_label=&#8221;Section&#8221; _builder_version=&#8221;4.18.1&#8243; _module_preset=&#8221;default&#8221; background_image=&#8221;https:\/\/micrositios.dian.gov.co\/cultura-de-contribucion\/wp-content\/uploads\/sites\/7\/2023\/01\/2-1920&#215;390-Lo-Pu\u0301blico-es-Nuestro.jpg&#8221; custom_padding=&#8221;148px||148px||true|&#8221; background_last_edited=&#8221;on|phone&#8221; background_position_phone=&#8221;center_left&#8221; da_disable_devices=&#8221;off|off|off&#8221; locked=&#8221;off&#8221; global_colors_info=&#8221;{}&#8221; da_is_popup=&#8221;off&#8221; da_exit_intent=&#8221;off&#8221; da_has_close=&#8221;on&#8221; da_alt_close=&#8221;off&#8221; da_dark_close=&#8221;off&#8221; da_not_modal=&#8221;on&#8221; da_is_singular=&#8221;off&#8221; da_with_loader=&#8221;off&#8221; da_has_shadow=&#8221;on&#8221;][et_pb_row _builder_version=&#8221;4.16&#8243; _module_preset=&#8221;default&#8221; global_colors_info=&#8221;{}&#8221;][et_pb_column type=&#8221;4_4&#8243; _builder_version=&#8221;4.16&#8243; _module_preset=&#8221;default&#8221; global_colors_info=&#8221;{}&#8221;][et_pb_text _builder_version=&#8221;4.18.1&#8243; _module_preset=&#8221;4510fd1e-db44-4c8d-9705-c95ebeb46e3e&#8221; text_font=&#8221;Work Sans|700|||||||&#8221; text_text_color=&#8221;#41d78c&#8221; text_font_size=&#8221;35px&#8221; text_line_height=&#8221;1em&#8221; custom_margin=&#8221;||0px|||&#8221; text_orientation_tablet=&#8221;&#8221; text_orientation_phone=&#8221;center&#8221; text_orientation_last_edited=&#8221;on|phone&#8221; global_colors_info=&#8221;{}&#8221;]<\/p>\n<h2><strong>Lo P\u00fablico es Nuestro (LPN)<\/strong><\/h2>\n<p>[\/et_pb_text][\/et_pb_column][\/et_pb_row][\/et_pb_section][et_pb_section fb_built=&#8221;1&#8243; admin_label=&#8221;Section&#8221; _builder_version=&#8221;4.16&#8243; _module_preset=&#8221;default&#8221; custom_padding=&#8221;6px||0px|||&#8221; da_disable_devices=&#8221;off|off|off&#8221; locked=&#8221;off&#8221; global_colors_info=&#8221;{}&#8221; da_is_popup=&#8221;off&#8221; da_exit_intent=&#8221;off&#8221; da_has_close=&#8221;on&#8221; da_alt_close=&#8221;off&#8221; da_dark_close=&#8221;off&#8221; da_not_modal=&#8221;on&#8221; da_is_singular=&#8221;off&#8221; da_with_loader=&#8221;off&#8221; da_has_shadow=&#8221;on&#8221;][et_pb_row column_structure=&#8221;3_5,2_5&#8243; disabled_on=&#8221;on|off|off&#8221; _builder_version=&#8221;4.17.0&#8243; _module_preset=&#8221;default&#8221; global_colors_info=&#8221;{}&#8221;][et_pb_column type=&#8221;3_5&#8243; _builder_version=&#8221;4.16&#8243; _module_preset=&#8221;default&#8221; global_colors_info=&#8221;{}&#8221;][dipl_breadcrumb breadcrumb_layout=&#8221;layout2&#8243; separator_text=&#8221;\/&#8221; separator_size=&#8221;14px&#8221; separator_color=&#8221;#000000&#8243; use_home_link_custom_text=&#8221;on&#8221; home_link_text=&#8221;Inicio&#8221; use_home_link_icon=&#8221;on&#8221; home_link_icon=&#8221;&#x23;||divi||400&#8243; home_link_icon_color=&#8221;#41d78c&#8221; _builder_version=&#8221;4.17.4&#8243; _module_preset=&#8221;default&#8221; global_text_settings_font_size=&#8221;12px&#8221; text_font=&#8221;Ubuntu||||||||&#8221; text_text_color=&#8221;#262944&#8243; link_font=&#8221;Ubuntu|500|||||||&#8221; global_colors_info=&#8221;{}&#8221; text_text_color__hover_enabled=&#8221;on|desktop&#8221; text_text_color__hover=&#8221;#00b4dc&#8221;][\/dipl_breadcrumb][\/et_pb_column][et_pb_column type=&#8221;2_5&#8243; _builder_version=&#8221;4.16&#8243; _module_preset=&#8221;default&#8221; global_colors_info=&#8221;{}&#8221;][dipl_ajax_search search_placeholder=&#8221;Buscar por palabra clave&#8221; number_of_results=&#8221;-1&#8243; orderby=&#8221;post_title&#8221; order=&#8221;ASC&#8221; no_result_text=&#8221;No encontramos resultados a tu b\u00fasqueda&#8221; include_post_types=&#8221;page&#8221; url_new_window=&#8221;on&#8221; search_icon_color=&#8221;#41d78c&#8221; loader_size=&#8221;12px&#8221; loader_color=&#8221;#41d78c&#8221; _builder_version=&#8221;4.17.0&#8243; _module_preset=&#8221;default&#8221; search_result_item_title_font=&#8221;Work Sans|700|||||||&#8221; search_result_item_excerpt_font=&#8221;Ubuntu||||||||&#8221; search_result_item_excerpt_font_size=&#8221;12px&#8221; form_field_font=&#8221;Ubuntu||||||||&#8221; form_field_font_size=&#8221;12px&#8221; width=&#8221;80%&#8221; module_alignment=&#8221;right&#8221; border_radii_form_field=&#8221;on|6px|6px|6px|6px&#8221; border_width_all_form_field=&#8221;0px&#8221; global_colors_info=&#8221;{}&#8221;][\/dipl_ajax_search][\/et_pb_column][\/et_pb_row][et_pb_row _builder_version=&#8221;4.17.1&#8243; _module_preset=&#8221;default&#8221; custom_padding=&#8221;||6px|||&#8221; global_colors_info=&#8221;{}&#8221;][et_pb_column type=&#8221;4_4&#8243; _builder_version=&#8221;4.17.1&#8243; _module_preset=&#8221;default&#8221; global_colors_info=&#8221;{}&#8221;][et_pb_text _builder_version=&#8221;4.18.1&#8243; _module_preset=&#8221;default&#8221; text_font=&#8221;Work Sans|700|||||||&#8221; text_text_color=&#8221;#2b323d&#8221; text_font_size=&#8221;20px&#8221; text_orientation_tablet=&#8221;center&#8221; text_orientation_phone=&#8221;left&#8221; text_orientation_last_edited=&#8221;on|phone&#8221; global_colors_info=&#8221;{}&#8221;]<\/p>\n<h3><strong>\u00bfQu\u00e9 es lo P\u00fablico es Nuestro (LPN)?<\/strong><\/h3>\n<p>[\/et_pb_text][et_pb_divider color=&#8221;#41d78c&#8221; divider_weight=&#8221;4px&#8221; _builder_version=&#8221;4.18.1&#8243; _module_preset=&#8221;default&#8221; width=&#8221;37%&#8221; width_tablet=&#8221;47%&#8221; width_phone=&#8221;100%&#8221; width_last_edited=&#8221;on|phone&#8221; module_alignment=&#8221;left&#8221; custom_margin=&#8221;-23px||10px||false|false&#8221; global_colors_info=&#8221;{}&#8221;][\/et_pb_divider][\/et_pb_column][\/et_pb_row][\/et_pb_section][et_pb_section fb_built=&#8221;1&#8243; specialty=&#8221;on&#8221; admin_label=&#8221;Section&#8221; _builder_version=&#8221;4.16&#8243; _module_preset=&#8221;default&#8221; custom_padding=&#8221;5px||17px|||&#8221; da_disable_devices=&#8221;off|off|off&#8221; locked=&#8221;off&#8221; global_colors_info=&#8221;{}&#8221; da_is_popup=&#8221;off&#8221; da_exit_intent=&#8221;off&#8221; da_has_close=&#8221;on&#8221; da_alt_close=&#8221;off&#8221; da_dark_close=&#8221;off&#8221; da_not_modal=&#8221;on&#8221; da_is_singular=&#8221;off&#8221; da_with_loader=&#8221;off&#8221; da_has_shadow=&#8221;on&#8221;][et_pb_column type=&#8221;1_2&#8243; specialty_columns=&#8221;2&#8243; _builder_version=&#8221;4.16&#8243; custom_padding=&#8221;|||&#8221; global_colors_info=&#8221;{}&#8221; custom_padding__hover=&#8221;|||&#8221;][et_pb_row_inner _builder_version=&#8221;4.16&#8243; _module_preset=&#8221;default&#8221; custom_padding=&#8221;10px|||||&#8221; global_colors_info=&#8221;{}&#8221;][et_pb_column_inner saved_specialty_column_type=&#8221;1_2&#8243; _builder_version=&#8221;4.16&#8243; _module_preset=&#8221;default&#8221; global_colors_info=&#8221;{}&#8221;][et_pb_text _builder_version=&#8221;4.18.0&#8243; _module_preset=&#8221;default&#8221; text_font=&#8221;Ubuntu||||||||&#8221; text_text_color=&#8221;gcid-67046a68-a366-4980-9897-ac7164fdd382&#8243; text_font_size=&#8221;12px&#8221; custom_padding=&#8221;0px|||||&#8221; locked=&#8221;off&#8221; global_colors_info=&#8221;{%22gcid-67046a68-a366-4980-9897-ac7164fdd382%22:%91%22text_text_color%22%93}&#8221;]<\/p>\n<p>Lo P\u00fablico es Nuestro (LPN) es una estrategia de contenidos desarrollada por la Coordinaci\u00f3n de Cultura de la Contribuci\u00f3n de la Direcci\u00f3n de Impuestos y Aduanas Nacionales (DIAN), que abarca contenidos formativos para los colegios, universidades, servidores p\u00fablicos y ciudadan\u00eda en general.<\/p>\n<p>Con el prop\u00f3sito base de pedagog\u00eda y andragog\u00eda se explican conceptos y\/o acciones y comportamientos que hacen parte de la cotidianidad del ciudadano y de su vida en sociedad, facilitando la comprensi\u00f3n de su rol y el de entidades p\u00fablicas como la DIAN en la din\u00e1mica permanente de desarrollo, crecimiento y sostenibilidad del pa\u00eds.<\/p>\n<p>[\/et_pb_text][\/et_pb_column_inner][\/et_pb_row_inner][\/et_pb_column][et_pb_column type=&#8221;1_2&#8243; _builder_version=&#8221;4.16&#8243; custom_padding=&#8221;|||&#8221; global_colors_info=&#8221;{}&#8221; custom_padding__hover=&#8221;|||&#8221;][et_pb_image src=&#8221;https:\/\/micrositios.dian.gov.co\/cultura-de-contribucion\/wp-content\/uploads\/sites\/7\/2023\/01\/Pieza-2-721&#215;392-1.jpg&#8221; title_text=&#8221;Pieza-2-721&#215;392&#8243; disabled_on=&#8221;on|on|off&#8221; _builder_version=&#8221;4.18.1&#8243; _module_preset=&#8221;default&#8221; custom_margin=&#8221;-12px||||false|false&#8221; global_colors_info=&#8221;{}&#8221;][\/et_pb_image][\/et_pb_column][\/et_pb_section][et_pb_section fb_built=&#8221;1&#8243; admin_label=&#8221;Section&#8221; _builder_version=&#8221;4.16&#8243; _module_preset=&#8221;default&#8221; custom_padding=&#8221;6px||0px|||&#8221; da_disable_devices=&#8221;off|off|off&#8221; locked=&#8221;off&#8221; global_colors_info=&#8221;{}&#8221; da_is_popup=&#8221;off&#8221; da_exit_intent=&#8221;off&#8221; da_has_close=&#8221;on&#8221; da_alt_close=&#8221;off&#8221; da_dark_close=&#8221;off&#8221; da_not_modal=&#8221;on&#8221; da_is_singular=&#8221;off&#8221; da_with_loader=&#8221;off&#8221; da_has_shadow=&#8221;on&#8221;][et_pb_row column_structure=&#8221;1_2,1_2&#8243; _builder_version=&#8221;4.18.0&#8243; _module_preset=&#8221;default&#8221; background_color=&#8221;#ccf0f8&#8243; custom_padding=&#8221;|31px|5px|31px|false|true&#8221; border_radii=&#8221;on|6px|6px|6px|6px&#8221; global_colors_info=&#8221;{}&#8221;][et_pb_column type=&#8221;1_2&#8243; _builder_version=&#8221;4.18.0&#8243; _module_preset=&#8221;default&#8221; global_colors_info=&#8221;{}&#8221;][et_pb_text _builder_version=&#8221;4.18.0&#8243; _module_preset=&#8221;default&#8221; text_font=&#8221;Work Sans|700|||||||&#8221; text_text_color=&#8221;#262944&#8243; custom_margin=&#8221;-6px|||||&#8221; global_colors_info=&#8221;{}&#8221;]<\/p>\n<p>Lee esta informaci\u00f3n en formato PDF para una mejor experiencia.<\/p>\n<p>[\/et_pb_text][\/et_pb_column][et_pb_column type=&#8221;1_2&#8243; _builder_version=&#8221;4.18.0&#8243; _module_preset=&#8221;default&#8221; global_colors_info=&#8221;{}&#8221;][et_pb_button button_url=&#8221;https:\/\/www.dian.gov.co\/atencionciudadano\/CulturaContribucion\/Cultura-de-la-Contribucion\/Documents\/Con-los-impuestos-construimos-bienestar-para-los-colombianos.pdf&#8221; url_new_window=&#8221;on&#8221; button_text=&#8221;Descargar PDF&#8221; button_alignment=&#8221;left&#8221; _builder_version=&#8221;4.18.1&#8243; _module_preset=&#8221;default&#8221; custom_button=&#8221;on&#8221; button_text_size=&#8221;14px&#8221; button_text_color=&#8221;#262944&#8243; button_bg_color=&#8221;#41D78C&#8221; button_border_width=&#8221;0px&#8221; button_border_radius=&#8221;6px&#8221; button_font=&#8221;Work Sans|700|||||||&#8221; button_use_icon=&#8221;off&#8221; positioning=&#8221;relative&#8221; vertical_offset=&#8221;-9px&#8221; global_colors_info=&#8221;{}&#8221;][\/et_pb_button][\/et_pb_column][\/et_pb_row][\/et_pb_section][et_pb_section fb_built=&#8221;1&#8243; admin_label=&#8221;Section&#8221; _builder_version=&#8221;4.18.0&#8243; _module_preset=&#8221;default&#8221; custom_padding=&#8221;||3px|||&#8221; da_disable_devices=&#8221;off|off|off&#8221; global_colors_info=&#8221;{}&#8221; da_is_popup=&#8221;off&#8221; da_exit_intent=&#8221;off&#8221; da_has_close=&#8221;on&#8221; da_alt_close=&#8221;off&#8221; da_dark_close=&#8221;off&#8221; da_not_modal=&#8221;on&#8221; da_is_singular=&#8221;off&#8221; da_with_loader=&#8221;off&#8221; da_has_shadow=&#8221;on&#8221;][et_pb_row column_structure=&#8221;1_2,1_2&#8243; _builder_version=&#8221;4.18.0&#8243; _module_preset=&#8221;default&#8221; custom_padding=&#8221;5px|||||&#8221; global_colors_info=&#8221;{}&#8221;][et_pb_column type=&#8221;1_2&#8243; _builder_version=&#8221;4.18.0&#8243; _module_preset=&#8221;default&#8221; global_colors_info=&#8221;{}&#8221;][et_pb_blurb title=&#8221;Lo p\u00fablico es nuestro&#8221; image=&#8221;https:\/\/micrositios.dian.gov.co\/cultura-de-contribucion\/wp-content\/uploads\/sites\/7\/2022\/09\/Grupo-6481.png&#8221; icon_placement=&#8221;left&#8221; image_icon_width=&#8221;200%&#8221; _builder_version=&#8221;4.18.1&#8243; _module_preset=&#8221;default&#8221; header_level=&#8221;h3&#8243; header_font=&#8221;Work Sans|700|||||||&#8221; header_text_color=&#8221;#262944&#8243; image_icon_custom_margin=&#8221;-3px|||0px|false|false&#8221; custom_margin=&#8221;|||-68px|false|false&#8221; custom_margin_tablet=&#8221;|||0px|false|false&#8221; custom_margin_phone=&#8221;|||0px|false|false&#8221; custom_margin_last_edited=&#8221;on|phone&#8221; global_colors_info=&#8221;{}&#8221;][\/et_pb_blurb][et_pb_text _builder_version=&#8221;4.18.1&#8243; _module_preset=&#8221;default&#8221; text_font=&#8221;Ubuntu||||||||&#8221; text_text_color=&#8221;gcid-67046a68-a366-4980-9897-ac7164fdd382&#8243; text_font_size=&#8221;12px&#8221; link_font=&#8221;||||on||||&#8221; link_text_color=&#8221;#00B4DC&#8221; custom_padding=&#8221;0px|||||&#8221; locked=&#8221;off&#8221; global_colors_info=&#8221;{%22gcid-67046a68-a366-4980-9897-ac7164fdd382%22:%91%22text_text_color%22%93}&#8221;]<\/p>\n<h4><strong>\u00bfSabes qu\u00e9 es lo p\u00fablico?<\/strong><\/h4>\n<p>Cuando hablamos de lo p\u00fablico nos referimos a lo que es com\u00fan, visible y disponible para todos. Lo p\u00fablico son las instituciones, intereses, espacios, bienes y servicios disponibles para todos los ciudadanos. La cultura, los parques, las carreteras, los hospitales, las escuelas y acueductos, as\u00ed como el conocimiento, la educaci\u00f3n y las leyes del pa\u00eds son parte de lo p\u00fablico. Recordemos que tambi\u00e9n entran a formar parte de estos bienes los ingresos que recibe el Estado mediante los impuestos recaudados y administrados por la DIAN.<\/p>\n<h4><strong>\u00bfPara qu\u00e9 es lo p\u00fablico?<\/strong><\/h4>\n<p>Lo p\u00fablico es para que todas y cada una de las personas que integran territorio nacional, donde lo que es de todos est\u00e1 muy relacionado con el ejercicio de los derechos de las personas. Es all\u00ed donde el Estado es garante y protector de nosotros los ciudadanos como lo rige nuestra Constituci\u00f3n. Lo p\u00fablico contribuye a que tengamos una vida digna satisfaciendo nuestras necesidades y gozando de nuestros derechos y deberes en condiciones justas y equitativas. Lo p\u00fablico proviene de la gesti\u00f3n estatal. La ciudadan\u00eda es el objetivo y el fin.<\/p>\n<h4><strong>\u00bfPor qu\u00e9 debemos cuidar lo p\u00fablico?<\/strong><\/h4>\n<p>Debemos hacerlo porque de ello depende nuestra vida en comunidad, vista desde la convivencia y la construcci\u00f3n social. Al cuidar lo p\u00fablico generamos y fortalecemos nuestra identidad, y dejamos un legado para las generaciones futuras. Lo que es p\u00fablico lo construimos y lo aprovechamos entre todos.<\/p>\n<p>[\/et_pb_text][\/et_pb_column][et_pb_column type=&#8221;1_2&#8243; _builder_version=&#8221;4.18.0&#8243; _module_preset=&#8221;default&#8221; global_colors_info=&#8221;{}&#8221;][et_pb_image src=&#8221;https:\/\/micrositios.dian.gov.co\/cultura-de-contribucion\/wp-content\/uploads\/sites\/7\/2023\/01\/Pieza-3-721&#215;392-1.jpg&#8221; title_text=&#8221;Pieza-3-721&#215;392&#8243; _builder_version=&#8221;4.18.1&#8243; _module_preset=&#8221;default&#8221; global_colors_info=&#8221;{}&#8221;][\/et_pb_image][\/et_pb_column][\/et_pb_row][\/et_pb_section][et_pb_section fb_built=&#8221;1&#8243; admin_label=&#8221;Section&#8221; module_id=&#8221;video&#8221; _builder_version=&#8221;4.18.0&#8243; _module_preset=&#8221;default&#8221; background_color=&#8221;#ffffff&#8221; custom_padding=&#8221;1px|||||&#8221; da_popup_slug=&#8221;video&#8221; da_disable_devices=&#8221;off|off|off&#8221; global_colors_info=&#8221;{}&#8221; da_is_popup=&#8221;off&#8221; da_exit_intent=&#8221;off&#8221; da_has_close=&#8221;on&#8221; da_alt_close=&#8221;off&#8221; da_dark_close=&#8221;off&#8221; da_not_modal=&#8221;on&#8221; da_is_singular=&#8221;off&#8221; da_with_loader=&#8221;off&#8221; da_has_shadow=&#8221;on&#8221;][et_pb_row column_structure=&#8221;1_2,1_2&#8243; _builder_version=&#8221;4.18.0&#8243; _module_preset=&#8221;default&#8221; custom_padding=&#8221;5px|||||&#8221; global_colors_info=&#8221;{}&#8221;][et_pb_column type=&#8221;1_2&#8243; _builder_version=&#8221;4.18.0&#8243; _module_preset=&#8221;default&#8221; global_colors_info=&#8221;{}&#8221;][et_pb_blurb title=&#8221;Con los impuestos, la Naci\u00f3n construye bienestar&#8221; image=&#8221;https:\/\/micrositios.dian.gov.co\/cultura-de-contribucion\/wp-content\/uploads\/sites\/7\/2022\/09\/Grupo-6482.png&#8221; icon_placement=&#8221;left&#8221; image_icon_width=&#8221;200%&#8221; _builder_version=&#8221;4.18.1&#8243; _module_preset=&#8221;default&#8221; header_level=&#8221;h3&#8243; header_font=&#8221;Work Sans|700|||||||&#8221; header_text_color=&#8221;#262944&#8243; image_icon_custom_margin=&#8221;-3px|||0px|false|false&#8221; custom_margin=&#8221;|||-68px|false|false&#8221; custom_margin_tablet=&#8221;|||0px|false|false&#8221; custom_margin_phone=&#8221;|||0px|false|false&#8221; custom_margin_last_edited=&#8221;on|desktop&#8221; global_colors_info=&#8221;{}&#8221;][\/et_pb_blurb][et_pb_text _builder_version=&#8221;4.18.1&#8243; _module_preset=&#8221;default&#8221; text_font=&#8221;Ubuntu||||||||&#8221; text_text_color=&#8221;gcid-67046a68-a366-4980-9897-ac7164fdd382&#8243; text_font_size=&#8221;12px&#8221; link_font=&#8221;||||on||||&#8221; link_text_color=&#8221;#00B4DC&#8221; custom_padding=&#8221;0px|||||&#8221; locked=&#8221;off&#8221; global_colors_info=&#8221;{%22gcid-67046a68-a366-4980-9897-ac7164fdd382%22:%91%22text_text_color%22%93}&#8221;]<\/p>\n<h4><strong>\u00bfQu\u00e9 son los impuestos?<\/strong><\/h4>\n<p>Los impuestos son una contribuci\u00f3n que realizamos los ciudadanos para que el Estado obtenga recursos que le permitan realizar sus funciones, asumiendo los gastos del pa\u00eds.<\/p>\n<p>Estos pagos, de los que depende la sostenibilidad de la Naci\u00f3n, son obligatorios tanto para personas naturales como para personas jur\u00eddicas. Todo ello se traduce en los beneficios y el bienestar que experimentamos los ciudadanos en la vida diaria.<\/p>\n<h4><strong>\u00bfPor qu\u00e9 se deben pagar los impuestos? <\/strong><\/h4>\n<p>Porque son una responsabilidad que tenemos como ciudadanos. As\u00ed contribuimos a la sostenibilidad de nuestro pa\u00eds en t\u00e9rminos econ\u00f3micos, sociales, de infraestructura, salud y educaci\u00f3n, entre otros. Los impuestos son, en \u00faltimas, para que todos disfrutemos y hagamos uso de los bienes p\u00fablicos en todos los momentos de nuestra vida. Los impuestos son un aporte que le permite a la Naci\u00f3n prestar un mejor servicio a la sociedad.<\/p>\n<h4><strong>\u00bfA d\u00f3nde van los impuestos?<\/strong><\/h4>\n<p>Los impuestos recaudados y administrados por la DIAN entran a ser parte del Presupuesto General de la Naci\u00f3n, que es el instrumento de manejo financiero m\u00e1s importante de la pol\u00edtica fiscal. Con el Presupuesto General de la Naci\u00f3n se programa y se registra el gasto p\u00fablico, as\u00ed como su forma de financiaci\u00f3n y reglas de ejecuci\u00f3n.<\/p>\n<p>[\/et_pb_text][\/et_pb_column][et_pb_column type=&#8221;1_2&#8243; _builder_version=&#8221;4.18.0&#8243; _module_preset=&#8221;default&#8221; global_colors_info=&#8221;{}&#8221;][\/et_pb_column][\/et_pb_row][et_pb_row column_structure=&#8221;1_2,1_2&#8243; _builder_version=&#8221;4.18.0&#8243; _module_preset=&#8221;default&#8221; custom_padding=&#8221;5px|||||&#8221; global_colors_info=&#8221;{}&#8221;][et_pb_column type=&#8221;1_2&#8243; _builder_version=&#8221;4.18.0&#8243; _module_preset=&#8221;default&#8221; global_colors_info=&#8221;{}&#8221;][et_pb_blurb title=&#8221;\u00bfD\u00f3nde veo los impuestos?&#8221; image=&#8221;https:\/\/micrositios.dian.gov.co\/cultura-de-contribucion\/wp-content\/uploads\/sites\/7\/2022\/09\/Grupo-6483.png&#8221; icon_placement=&#8221;left&#8221; image_icon_width=&#8221;200%&#8221; _builder_version=&#8221;4.18.1&#8243; _module_preset=&#8221;default&#8221; header_level=&#8221;h3&#8243; header_font=&#8221;Work Sans|700|||||||&#8221; header_text_color=&#8221;#262944&#8243; image_icon_custom_margin=&#8221;-3px|||0px|false|false&#8221; custom_margin=&#8221;|||-68px|false|false&#8221; custom_margin_tablet=&#8221;|||0px|false|false&#8221; custom_margin_phone=&#8221;|||0px|false|false&#8221; custom_margin_last_edited=&#8221;on|desktop&#8221; global_colors_info=&#8221;{}&#8221;][\/et_pb_blurb][et_pb_text _builder_version=&#8221;4.18.1&#8243; _module_preset=&#8221;default&#8221; text_font=&#8221;Ubuntu||||||||&#8221; text_text_color=&#8221;gcid-67046a68-a366-4980-9897-ac7164fdd382&#8243; text_font_size=&#8221;12px&#8221; link_font=&#8221;||||on||||&#8221; link_text_color=&#8221;#00B4DC&#8221; custom_padding=&#8221;0px|||||&#8221; locked=&#8221;off&#8221; global_colors_info=&#8221;{%22gcid-67046a68-a366-4980-9897-ac7164fdd382%22:%91%22text_text_color%22%93}&#8221;]<\/p>\n<h4><strong>Ellos son distribuidos en tres grandes grupos:<\/strong><\/h4>\n<p>1.Funcionamiento: pago de n\u00f3minas p\u00fablicas y pensiones, compra de dotaciones, entre otros.<br \/>2.Inversi\u00f3n para el pa\u00eds: salud, v\u00edas, educaci\u00f3n, justicia, inversi\u00f3n social, programas de ayuda, entre otros.<br \/>3.Deudas de la Naci\u00f3n.<\/p>\n<p>[\/et_pb_text][\/et_pb_column][et_pb_column type=&#8221;1_2&#8243; _builder_version=&#8221;4.18.0&#8243; _module_preset=&#8221;default&#8221; global_colors_info=&#8221;{}&#8221;][\/et_pb_column][\/et_pb_row][et_pb_row _builder_version=&#8221;4.18.0&#8243; _module_preset=&#8221;default&#8221; background_color=&#8221;#ccf0f8&#8243; custom_padding=&#8221;|31px||31px|false|true&#8221; border_radii=&#8221;on|6px|6px|6px|6px&#8221; global_colors_info=&#8221;{}&#8221;][et_pb_column type=&#8221;4_4&#8243; _builder_version=&#8221;4.18.0&#8243; _module_preset=&#8221;default&#8221; global_colors_info=&#8221;{}&#8221;][et_pb_text _builder_version=&#8221;4.18.1&#8243; _module_preset=&#8221;default&#8221; text_font=&#8221;Ubuntu||||||||&#8221; text_text_color=&#8221;#262944&#8243; global_colors_info=&#8221;{}&#8221;]<\/p>\n<h4><strong>\u00bfSab\u00edas que&#8230;?<\/strong><\/h4>\n<p>El dinero recaudado a trav\u00e9s de los impuestos tambi\u00e9n se distribuye entre las regiones del pa\u00eds para el pago de docentes de la educaci\u00f3n p\u00fablica.<\/p>\n<p>[\/et_pb_text][\/et_pb_column][\/et_pb_row][\/et_pb_section][et_pb_section fb_built=&#8221;1&#8243; admin_label=&#8221;Section&#8221; _builder_version=&#8221;4.17.1&#8243; _module_preset=&#8221;default&#8221; background_color=&#8221;#f6f7f9&#8243; da_disable_devices=&#8221;off|off|off&#8221; global_colors_info=&#8221;{}&#8221; da_is_popup=&#8221;off&#8221; da_exit_intent=&#8221;off&#8221; da_has_close=&#8221;on&#8221; da_alt_close=&#8221;off&#8221; da_dark_close=&#8221;off&#8221; da_not_modal=&#8221;on&#8221; da_is_singular=&#8221;off&#8221; da_with_loader=&#8221;off&#8221; da_has_shadow=&#8221;on&#8221;][et_pb_row _builder_version=&#8221;4.16&#8243; _module_preset=&#8221;default&#8221; global_colors_info=&#8221;{}&#8221;][et_pb_column type=&#8221;4_4&#8243; _builder_version=&#8221;4.16&#8243; _module_preset=&#8221;default&#8221; global_colors_info=&#8221;{}&#8221;][et_pb_text _builder_version=&#8221;4.18.1&#8243; _module_preset=&#8221;default&#8221; text_font=&#8221;Work Sans|700|||||||&#8221; text_text_color=&#8221;#2b323d&#8221; text_font_size=&#8221;20px&#8221; text_orientation=&#8221;center&#8221; global_colors_info=&#8221;{}&#8221;]<\/p>\n<h4><strong>Accesos Directos<\/strong><\/h4>\n<p>[\/et_pb_text][et_pb_divider color=&#8221;#41d78c&#8221; divider_weight=&#8221;4px&#8221; _builder_version=&#8221;4.16&#8243; _module_preset=&#8221;default&#8221; width=&#8221;16%&#8221; module_alignment=&#8221;center&#8221; custom_margin=&#8221;-23px||10px||false|false&#8221; global_colors_info=&#8221;{}&#8221;][\/et_pb_divider][et_pb_text _builder_version=&#8221;4.16&#8243; _module_preset=&#8221;default&#8221; text_font=&#8221;Ubuntu||||||||&#8221; text_text_color=&#8221;#2b323d&#8221; global_colors_info=&#8221;{}&#8221;]<\/p>\n<p style=\"text-align: center;\">Accede a los siguientes servicios de forma f\u00e1cil y r\u00e1pida.<\/p>\n<p>[\/et_pb_text][\/et_pb_column][\/et_pb_row][et_pb_row column_structure=&#8221;1_3,1_3,1_3&#8243; use_custom_gutter=&#8221;on&#8221; gutter_width=&#8221;2&#8243; make_equal=&#8221;on&#8221; _builder_version=&#8221;4.18.0&#8243; _module_preset=&#8221;default&#8221; custom_margin=&#8221;-5px|auto||auto||&#8221; global_colors_info=&#8221;{}&#8221;][et_pb_column type=&#8221;1_3&#8243; _builder_version=&#8221;4.16&#8243; _module_preset=&#8221;default&#8221; global_colors_info=&#8221;{}&#8221;][et_pb_blurb title=&#8221;Nuestros Productos&#8221; url=&#8221;#popup_nuestros_productos&#8221; image=&#8221;https:\/\/micrositios.dian.gov.co\/cultura-de-contribucion\/wp-content\/uploads\/sites\/7\/2022\/09\/RUT-1.png&#8221; icon_placement=&#8221;left&#8221; image_icon_width=&#8221;200%&#8221; _builder_version=&#8221;4.18.1&#8243; _module_preset=&#8221;default&#8221; header_font=&#8221;Work Sans|600|||||||&#8221; header_text_color=&#8221;#262944&#8243; header_font_size=&#8221;13px&#8221; header_line_height=&#8221;1.3em&#8221; background_color=&#8221;#FFFFFF&#8221; custom_padding=&#8221;16px|17px|9px|17px|false|true&#8221; box_shadow_style=&#8221;preset1&#8243; box_shadow_vertical=&#8221;0px&#8221; box_shadow_blur=&#8221;0px&#8221; global_colors_info=&#8221;{}&#8221; box_shadow_blur__hover=&#8221;20px&#8221; box_shadow_blur__hover_enabled=&#8221;on|hover&#8221;][\/et_pb_blurb][\/et_pb_column][et_pb_column type=&#8221;1_3&#8243; _builder_version=&#8221;4.16&#8243; _module_preset=&#8221;default&#8221; global_colors_info=&#8221;{}&#8221;][et_pb_blurb title=&#8221;Concepto 2021: Lo P\u00fablico&#8221; url=&#8221;https:\/\/micrositios.dian.gov.co\/cultura-de-contribucion\/concepto-2021-lo-publico\/&#8221; image=&#8221;https:\/\/micrositios.dian.gov.co\/cultura-de-contribucion\/wp-content\/uploads\/sites\/7\/2022\/09\/Trazado-1118.png&#8221; icon_placement=&#8221;left&#8221; image_icon_width=&#8221;200%&#8221; _builder_version=&#8221;4.18.0&#8243; _module_preset=&#8221;default&#8221; header_font=&#8221;Work Sans|600|||||||&#8221; header_text_color=&#8221;#262944&#8243; header_font_size=&#8221;13px&#8221; header_line_height=&#8221;1.3em&#8221; background_color=&#8221;#FFFFFF&#8221; custom_padding=&#8221;16px|17px|9px|17px|false|true&#8221; link_option_url=&#8221;https:\/\/micrositios.dian.gov.co\/cultura-de-contribucion\/concepto-2021-lo-publico\/&#8221; box_shadow_style=&#8221;preset1&#8243; box_shadow_vertical=&#8221;0px&#8221; box_shadow_blur=&#8221;0px&#8221; global_colors_info=&#8221;{}&#8221; box_shadow_blur__hover=&#8221;20px&#8221; box_shadow_blur__hover_enabled=&#8221;on|hover&#8221;][\/et_pb_blurb][\/et_pb_column][et_pb_column type=&#8221;1_3&#8243; _builder_version=&#8221;4.17.1&#8243; _module_preset=&#8221;default&#8221; link_option_url=&#8221;poc.j2cservice.com\/radian\/&#8221; global_colors_info=&#8221;{}&#8221;][et_pb_blurb title=&#8221;Concepto 2022: Contribuci\u00f3n&#8221; url=&#8221;https:\/\/micrositios.dian.gov.co\/cultura-de-contribucion\/concepto-2022-contribucion\/&#8221; image=&#8221;https:\/\/micrositios.dian.gov.co\/cultura-de-contribucion\/wp-content\/uploads\/sites\/7\/2022\/09\/Trazado-25035.png&#8221; icon_placement=&#8221;left&#8221; image_icon_width=&#8221;200%&#8221; _builder_version=&#8221;4.18.0&#8243; _module_preset=&#8221;default&#8221; header_font=&#8221;Work Sans|600|||||||&#8221; header_text_color=&#8221;#262944&#8243; header_font_size=&#8221;13px&#8221; background_color=&#8221;#FFFFFF&#8221; custom_padding=&#8221;16px|17px|9px|17px|false|true&#8221; link_option_url=&#8221;https:\/\/micrositios.dian.gov.co\/cultura-de-contribucion\/concepto-2022-contribucion\/&#8221; box_shadow_style=&#8221;preset1&#8243; box_shadow_vertical=&#8221;0px&#8221; box_shadow_blur=&#8221;0px&#8221; global_colors_info=&#8221;{}&#8221; box_shadow_blur__hover=&#8221;20px&#8221; box_shadow_blur__hover_enabled=&#8221;on|hover&#8221;][\/et_pb_blurb][\/et_pb_column][\/et_pb_row][\/et_pb_section][et_pb_section fb_built=&#8221;1&#8243; admin_label=&#8221;popup_optar_por_rst&#8221; module_id=&#8221;popup_nuestros_productos&#8221; module_class=&#8221;popup close-alt&#8221; _builder_version=&#8221;4.18.0&#8243; _module_preset=&#8221;default&#8221; background_color=&#8221;#FFFFFF&#8221; width=&#8221;91%&#8221; custom_padding=&#8221;0px|0px|0px|0px|true|false&#8221; da_is_popup=&#8221;on&#8221; da_popup_slug=&#8221;popup_nuestros_productos&#8221; da_alt_close=&#8221;on&#8221; da_disable_devices=&#8221;off|off|off&#8221; locked=&#8221;off&#8221; global_colors_info=&#8221;{}&#8221; da_exit_intent=&#8221;off&#8221; da_has_close=&#8221;on&#8221; da_dark_close=&#8221;off&#8221; da_not_modal=&#8221;on&#8221; da_is_singular=&#8221;off&#8221; da_with_loader=&#8221;off&#8221; da_has_shadow=&#8221;on&#8221;][et_pb_row column_structure=&#8221;1_2,1_2&#8243; _builder_version=&#8221;4.17.4&#8243; _module_preset=&#8221;default&#8221; background_color=&#8221;#FFFFFF&#8221; custom_padding=&#8221;44px|0px|44px|0px|true|true&#8221; global_colors_info=&#8221;{}&#8221;][et_pb_column type=&#8221;1_2&#8243; _builder_version=&#8221;4.17.4&#8243; _module_preset=&#8221;default&#8221; global_colors_info=&#8221;{}&#8221;][et_pb_text _builder_version=&#8221;4.18.1&#8243; _module_preset=&#8221;default&#8221; text_font=&#8221;Work Sans|700|||||||&#8221; text_text_color=&#8221;#2b323d&#8221; text_font_size=&#8221;20px&#8221; text_orientation=&#8221;center&#8221; custom_margin=&#8221;|0px||||&#8221; custom_padding=&#8221;|0px||||&#8221; global_colors_info=&#8221;{}&#8221;]<\/p>\n<h2 style=\"text-align: left;\"><strong>Nuestros productos<\/strong><\/h2>\n<p>[\/et_pb_text][et_pb_divider color=&#8221;#41d78c&#8221; divider_weight=&#8221;4px&#8221; _builder_version=&#8221;4.18.1&#8243; _module_preset=&#8221;default&#8221; width=&#8221;49%&#8221; module_alignment=&#8221;left&#8221; custom_margin=&#8221;-23px||10px||false|false&#8221; global_colors_info=&#8221;{}&#8221;][\/et_pb_divider][et_pb_image src=&#8221;https:\/\/micrositios.dian.gov.co\/cultura-de-contribucion\/wp-content\/uploads\/sites\/7\/2022\/09\/Enmascarar-grupo-101.png&#8221; title_text=&#8221;Enmascarar grupo 101&#8243; _builder_version=&#8221;4.17.4&#8243; _module_preset=&#8221;default&#8221; global_colors_info=&#8221;{}&#8221;][\/et_pb_image][\/et_pb_column][et_pb_column type=&#8221;1_2&#8243; _builder_version=&#8221;4.16&#8243; _module_preset=&#8221;default&#8221; global_colors_info=&#8221;{}&#8221;][et_pb_text _builder_version=&#8221;4.18.1&#8243; _module_preset=&#8221;default&#8221; text_font=&#8221;Ubuntu||||||||&#8221; text_text_color=&#8221;#262944&#8243; text_font_size=&#8221;12px&#8221; link_font=&#8221;||||on||||&#8221; link_text_color=&#8221;#00b4dc&#8221; custom_margin=&#8221;59px||1px||false|false&#8221; hover_enabled=&#8221;0&#8243; locked=&#8221;off&#8221; global_colors_info=&#8221;{}&#8221; sticky_enabled=&#8221;0&#8243;]<\/p>\n<p>Conozca los productos que hemos desarrollado en la DIAN como estrategia para llevar a cabo nuestra misi\u00f3n a trav\u00e9s de la pedagog\u00eda y andragog\u00eda.<\/p>\n<p>&nbsp;<\/p>\n<ul>\n<li><span style=\"color: #00ccff;\"><a href=\"https:\/\/micrositios.dian.gov.co\/cultura-de-contribucion\/vivum-360\/\" style=\"color: #00ccff;\"><span style=\"text-decoration: underline;\">Vivum 360\u00b0<\/span><\/a><\/span><\/li>\n<li><span style=\"color: #00ccff;\"><a href=\"https:\/\/micrositios.dian.gov.co\/cultura-de-contribucion\/construccion-de-conversacion-ciudadana-taller-en-habilidades-de-conversacion\/\" style=\"color: #00ccff;\"><span style=\"text-decoration: underline;\">Construcci\u00f3n de Conversaci\u00f3n Ciudadana \u2013 Taller en Habilidades de Conversaci\u00f3n<\/span><\/a><\/span><\/li>\n<li><span style=\"color: #00ccff;\"><span style=\"text-decoration: underline;\"><a href=\"https:\/\/micrositios.dian.gov.co\/cultura-de-contribucion\/acercamiento-al-ciudadano\/\" style=\"color: #00ccff; text-decoration: underline;\">Acercamiento al ciudadano<\/a><\/span><\/span><\/li>\n<li><span style=\"color: #00ccff;\"><a href=\"https:\/\/micrositios.dian.gov.co\/cultura-de-contribucion\/workshops\/\" style=\"color: #00ccff;\"><span style=\"text-decoration: underline;\">Workshops<\/span><\/a><\/span><\/li>\n<\/ul>\n<p>[\/et_pb_text][\/et_pb_column][\/et_pb_row][\/et_pb_section]<\/p>\n","protected":false},"excerpt":{"rendered":"<p>Lo P\u00fablico es Nuestro (LPN)<div class=\"et_pb_module dipl_breadcrumb dipl_breadcrumb_0\">\n\t\t\t\t\n\t\t\t\t\n\t\t\t\t\n\t\t\t\t\n\t\t\t\t\n\t\t\t\t\n\t\t\t\t<div class=\"et_pb_module_inner\">\n\t\t\t\t\t<div class=\"dipl-breadcrumb-wrapper layout2\">\n\t\t\t\t<ol class=\"dipl-breadcrumb-inner\" vocab=\"https:\/\/schema.org\/\" typeof=\"BreadcrumbList\">\n\t\t\t\t\t<li property=\"itemListElement\" typeof=\"ListItem\" data-icon=\"&#x24;\">\n\t\t\t\t\t\t\t\t<a class=\"breadcrumb-item dipl-home-page\" href=\"https:\/\/micrositios.dian.gov.co\/cultura-de-contribucion\" property=\"item\" typeof=\"WebPage\" >\n\t\t\t\t\t\t\t\t\t<span class=\"breadcrumb-page\" property=\"name\">\n\t\t\t\t\t\t\t\t\t\t<span class=\"breadcrumb-home-icon et-pb-icon\">&#x23;<\/span>\n\t\t\t\t\t\t\t\t\t\tInicio\n\t\t\t\t\t\t\t\t\t<\/span>\n\t\t\t\t\t\t\t\t<\/a>\n\t\t\t\t\t\t\t\t<meta property=\"position\" content=\"1\" \/>\n\t\t\t\t\t\t\t<\/li>\n\t\t\t\t<\/ol>\n\t\t\t<\/div>\n\t\t\t\t<\/div>\n\t\t\t<\/div><div class=\"et_pb_with_border et_pb_module dipl_ajax_search dipl_ajax_search_0\">\n\t\t\t\t\n\t\t\t\t\n\t\t\t\t\n\t\t\t\t\n\t\t\t\t\n\t\t\t\t\n\t\t\t\t<div class=\"et_pb_module_inner\">\n\t\t\t\t\t<div class=\"dipl_ajax_search_wrap\">\n\t\t\t\t<div class=\"dipl_ajax_search_field_wrap dipl_ajax_search_icon\">\n\t\t\t\t\t<input type=\"search\" placeholder=\"Buscar por palabra clave\" class=\"dipl_ajax_search_field\"\n\t\t\t\t\t\tdata-search-in=\"post_title,post_content,post_excerpt\" data-search-post-type=\"page\" data-display-fields=\"title,excerpt,featured_image\" \n\t\t\t\t\t\tdata-url-new-window=\"on\" data-number-of-results=\"-1\" data-no-result-text=\"No encontramos resultados a tu b\u00fasqueda\" \n\t\t\t\t\t\tdata-orderby=\"post_title\" data-order=\"ASC\" data-use-masonry=\"off\"\n\t\t\t\t\t\tdata-exclude_protected_posts=\"off\"\n\t\t\t\t\t\/>\n\t\t\t\t\t<input type=\"hidden\" class=\"dipl_ajax_search_nonce\" value=\"c436c86db1\" \/>\n\t\t\t\t<\/div>\n\t\t\t\t<div class=\"dipl_ajax_search_results_wrap dipl_ajax_search_result_1_cols \"><\/div>\n\t\t\t<\/div>\n\t\t\t\t<\/div>\n\t\t\t<\/div>\u00bfQu\u00e9 es [&hellip;]<\/p>\n","protected":false},"author":1,"featured_media":0,"parent":0,"menu_order":0,"comment_status":"closed","ping_status":"closed","template":"","meta":{"_et_pb_use_builder":"on","_et_pb_old_content":"<!-- wp:divi\/placeholder \/-->","_et_gb_content_width":"","footnotes":""},"class_list":["post-64","page","type-page","status-publish","hentry"],"yoast_head":"<!-- This site is optimized with the Yoast SEO Premium plugin v18.5 (Yoast SEO v27.2) - https:\/\/yoast.com\/product\/yoast-seo-premium-wordpress\/ -->\n<title>Lo P\u00fablico es Nuestro (LPN)<\/title>\n<meta name=\"description\" content=\"Lo P\u00fablico es Nuestro (LPN) es una estrategia de contenidos desarrollada por la Coordinaci\u00f3n de Cultura de la Contribuci\u00f3n de la DIAN\" \/>\n<meta name=\"robots\" content=\"index, follow, max-snippet:-1, max-image-preview:large, max-video-preview:-1\" \/>\n<link rel=\"canonical\" href=\"https:\/\/micrositios.dian.gov.co\/cultura-de-contribucion\/lo-publico-es-nuestro\/\" \/>\n<meta property=\"og:locale\" content=\"es_ES\" \/>\n<meta property=\"og:type\" content=\"article\" \/>\n<meta property=\"og:title\" content=\"Lo P\u00fablico es Nuestro (LPN)\" \/>\n<meta property=\"og:description\" content=\"Lo P\u00fablico es Nuestro (LPN) es una estrategia de contenidos desarrollada por la Coordinaci\u00f3n de Cultura de la Contribuci\u00f3n de la DIAN\" \/>\n<meta property=\"og:url\" content=\"https:\/\/micrositios.dian.gov.co\/cultura-de-contribucion\/lo-publico-es-nuestro\/\" \/>\n<meta property=\"og:site_name\" content=\"Cultura de la Contribuci\u00f3n\" \/>\n<meta property=\"article:modified_time\" content=\"2023-02-15T15:41:45+00:00\" \/>\n<meta property=\"og:image\" content=\"https:\/\/micrositios.dian.gov.co\/cultura-de-contribucion\/wp-content\/uploads\/sites\/7\/2023\/01\/Micrositio_Contribution.jpg\" \/>\n\t<meta property=\"og:image:width\" content=\"795\" \/>\n\t<meta property=\"og:image:height\" content=\"397\" \/>\n\t<meta property=\"og:image:type\" content=\"image\/jpeg\" \/>\n<meta name=\"twitter:card\" content=\"summary_large_image\" \/>\n<meta name=\"twitter:title\" content=\"Lo P\u00fablico es Nuestro (LPN)\" \/>\n<meta name=\"twitter:description\" content=\"Lo P\u00fablico es Nuestro (LPN) es una estrategia de contenidos desarrollada por la Coordinaci\u00f3n de Cultura de la Contribuci\u00f3n de la DIAN\" \/>\n<meta name=\"twitter:label1\" content=\"Tiempo de lectura\" \/>\n\t<meta name=\"twitter:data1\" content=\"7 minutos\" \/>\n<script type=\"application\/ld+json\" class=\"yoast-schema-graph\">{\"@context\":\"https:\/\/schema.org\",\"@graph\":[{\"@type\":\"WebPage\",\"@id\":\"https:\/\/micrositios.dian.gov.co\/cultura-de-contribucion\/lo-publico-es-nuestro\/\",\"url\":\"https:\/\/micrositios.dian.gov.co\/cultura-de-contribucion\/lo-publico-es-nuestro\/\",\"name\":\"Lo P\u00fablico es Nuestro (LPN)\",\"isPartOf\":{\"@id\":\"https:\/\/micrositios.dian.gov.co\/cultura-de-contribucion\/#website\"},\"datePublished\":\"2022-09-05T22:19:37+00:00\",\"dateModified\":\"2023-02-15T15:41:45+00:00\",\"description\":\"Lo P\u00fablico es Nuestro (LPN) es una estrategia de contenidos desarrollada por la Coordinaci\u00f3n de Cultura de la Contribuci\u00f3n de la DIAN\",\"breadcrumb\":{\"@id\":\"https:\/\/micrositios.dian.gov.co\/cultura-de-contribucion\/lo-publico-es-nuestro\/#breadcrumb\"},\"inLanguage\":\"es-CO\",\"potentialAction\":[{\"@type\":\"ReadAction\",\"target\":[\"https:\/\/micrositios.dian.gov.co\/cultura-de-contribucion\/lo-publico-es-nuestro\/\"]}]},{\"@type\":\"BreadcrumbList\",\"@id\":\"https:\/\/micrositios.dian.gov.co\/cultura-de-contribucion\/lo-publico-es-nuestro\/#breadcrumb\",\"itemListElement\":[{\"@type\":\"ListItem\",\"position\":1,\"name\":\"Portada\",\"item\":\"https:\/\/micrositios.dian.gov.co\/cultura-de-contribucion\/\"},{\"@type\":\"ListItem\",\"position\":2,\"name\":\"Lo P\u00fablico es Nuestro\"}]},{\"@type\":\"WebSite\",\"@id\":\"https:\/\/micrositios.dian.gov.co\/cultura-de-contribucion\/#website\",\"url\":\"https:\/\/micrositios.dian.gov.co\/cultura-de-contribucion\/\",\"name\":\"Cultura de la Contribuci\u00f3n\",\"description\":\"DIAN\",\"potentialAction\":[{\"@type\":\"SearchAction\",\"target\":{\"@type\":\"EntryPoint\",\"urlTemplate\":\"https:\/\/micrositios.dian.gov.co\/cultura-de-contribucion\/?s={search_term_string}\"},\"query-input\":{\"@type\":\"PropertyValueSpecification\",\"valueRequired\":true,\"valueName\":\"search_term_string\"}}],\"inLanguage\":\"es-CO\"}]}<\/script>\n<!-- \/ Yoast SEO Premium plugin. -->","yoast_head_json":{"title":"Lo P\u00fablico es Nuestro (LPN)","description":"Lo P\u00fablico es Nuestro (LPN) es una estrategia de contenidos desarrollada por la Coordinaci\u00f3n de Cultura de la Contribuci\u00f3n de la DIAN","robots":{"index":"index","follow":"follow","max-snippet":"max-snippet:-1","max-image-preview":"max-image-preview:large","max-video-preview":"max-video-preview:-1"},"canonical":"https:\/\/micrositios.dian.gov.co\/cultura-de-contribucion\/lo-publico-es-nuestro\/","og_locale":"es_ES","og_type":"article","og_title":"Lo P\u00fablico es Nuestro (LPN)","og_description":"Lo P\u00fablico es Nuestro (LPN) es una estrategia de contenidos desarrollada por la Coordinaci\u00f3n de Cultura de la Contribuci\u00f3n de la DIAN","og_url":"https:\/\/micrositios.dian.gov.co\/cultura-de-contribucion\/lo-publico-es-nuestro\/","og_site_name":"Cultura de la Contribuci\u00f3n","article_modified_time":"2023-02-15T15:41:45+00:00","og_image":[{"width":795,"height":397,"url":"https:\/\/micrositios.dian.gov.co\/cultura-de-contribucion\/wp-content\/uploads\/sites\/7\/2023\/01\/Micrositio_Contribution.jpg","type":"image\/jpeg"}],"twitter_card":"summary_large_image","twitter_title":"Lo P\u00fablico es Nuestro (LPN)","twitter_description":"Lo P\u00fablico es Nuestro (LPN) es una estrategia de contenidos desarrollada por la Coordinaci\u00f3n de Cultura de la Contribuci\u00f3n de la DIAN","twitter_misc":{"Tiempo de lectura":"7 minutos"},"schema":{"@context":"https:\/\/schema.org","@graph":[{"@type":"WebPage","@id":"https:\/\/micrositios.dian.gov.co\/cultura-de-contribucion\/lo-publico-es-nuestro\/","url":"https:\/\/micrositios.dian.gov.co\/cultura-de-contribucion\/lo-publico-es-nuestro\/","name":"Lo P\u00fablico es Nuestro (LPN)","isPartOf":{"@id":"https:\/\/micrositios.dian.gov.co\/cultura-de-contribucion\/#website"},"datePublished":"2022-09-05T22:19:37+00:00","dateModified":"2023-02-15T15:41:45+00:00","description":"Lo P\u00fablico es Nuestro (LPN) es una estrategia de contenidos desarrollada por la Coordinaci\u00f3n de Cultura de la Contribuci\u00f3n de la DIAN","breadcrumb":{"@id":"https:\/\/micrositios.dian.gov.co\/cultura-de-contribucion\/lo-publico-es-nuestro\/#breadcrumb"},"inLanguage":"es-CO","potentialAction":[{"@type":"ReadAction","target":["https:\/\/micrositios.dian.gov.co\/cultura-de-contribucion\/lo-publico-es-nuestro\/"]}]},{"@type":"BreadcrumbList","@id":"https:\/\/micrositios.dian.gov.co\/cultura-de-contribucion\/lo-publico-es-nuestro\/#breadcrumb","itemListElement":[{"@type":"ListItem","position":1,"name":"Portada","item":"https:\/\/micrositios.dian.gov.co\/cultura-de-contribucion\/"},{"@type":"ListItem","position":2,"name":"Lo P\u00fablico es Nuestro"}]},{"@type":"WebSite","@id":"https:\/\/micrositios.dian.gov.co\/cultura-de-contribucion\/#website","url":"https:\/\/micrositios.dian.gov.co\/cultura-de-contribucion\/","name":"Cultura de la Contribuci\u00f3n","description":"DIAN","potentialAction":[{"@type":"SearchAction","target":{"@type":"EntryPoint","urlTemplate":"https:\/\/micrositios.dian.gov.co\/cultura-de-contribucion\/?s={search_term_string}"},"query-input":{"@type":"PropertyValueSpecification","valueRequired":true,"valueName":"search_term_string"}}],"inLanguage":"es-CO"}]}},"_links":{"self":[{"href":"https:\/\/micrositios.dian.gov.co\/cultura-de-contribucion\/wp-json\/wp\/v2\/pages\/64","targetHints":{"allow":["GET"]}}],"collection":[{"href":"https:\/\/micrositios.dian.gov.co\/cultura-de-contribucion\/wp-json\/wp\/v2\/pages"}],"about":[{"href":"https:\/\/micrositios.dian.gov.co\/cultura-de-contribucion\/wp-json\/wp\/v2\/types\/page"}],"author":[{"embeddable":true,"href":"https:\/\/micrositios.dian.gov.co\/cultura-de-contribucion\/wp-json\/wp\/v2\/users\/1"}],"replies":[{"embeddable":true,"href":"https:\/\/micrositios.dian.gov.co\/cultura-de-contribucion\/wp-json\/wp\/v2\/comments?post=64"}],"version-history":[{"count":19,"href":"https:\/\/micrositios.dian.gov.co\/cultura-de-contribucion\/wp-json\/wp\/v2\/pages\/64\/revisions"}],"predecessor-version":[{"id":847,"href":"https:\/\/micrositios.dian.gov.co\/cultura-de-contribucion\/wp-json\/wp\/v2\/pages\/64\/revisions\/847"}],"wp:attachment":[{"href":"https:\/\/micrositios.dian.gov.co\/cultura-de-contribucion\/wp-json\/wp\/v2\/media?parent=64"}],"curies":[{"name":"wp","href":"https:\/\/api.w.org\/{rel}","templated":true}]}}