{"id":1413,"date":"2025-04-11T16:17:39","date_gmt":"2025-04-11T21:17:39","guid":{"rendered":"https:\/\/micrositios.dian.gov.co\/cultura-de-contribucion\/?page_id=1413"},"modified":"2025-05-27T17:02:25","modified_gmt":"2025-05-27T22:02:25","slug":"semana-de-la-cultura-de-la-contribucion-2025","status":"publish","type":"page","link":"https:\/\/micrositios.dian.gov.co\/cultura-de-contribucion\/semana-de-la-cultura-de-la-contribucion-2025\/","title":{"rendered":"Semana de la Cultura de la Contribuci\u00f3n a\u00f1o 2025"},"content":{"rendered":"<p>[et_pb_section fb_built=&#8221;1&#8243; disabled_on=&#8221;on|off|off&#8221; _builder_version=&#8221;4.18.1&#8243; _module_preset=&#8221;default&#8221; background_image=&#8221;https:\/\/micrositios.dian.gov.co\/cultura-de-contribucion\/wp-content\/uploads\/sites\/7\/2023\/01\/20-1920&#215;390-\u00bfCo\u0301mo-esta\u0301n-avanzando-las-instituciones-educativas.jpg&#8221; custom_margin=&#8221;5px||5px||true|true&#8221; custom_padding=&#8221;150px||150px||true|true&#8221; hover_enabled=&#8221;0&#8243; background_last_edited=&#8221;on|phone&#8221; background_position_phone=&#8221;center_left&#8221; da_disable_devices=&#8221;off|off|off&#8221; border_width_bottom=&#8221;1px&#8221; border_color_bottom=&#8221;#2b323d&#8221; locked=&#8221;off&#8221; global_colors_info=&#8221;{}&#8221; title_text=&#8221;20- 1920&#215;390 &#8211; \u00bfCo\u0301mo esta\u0301n avanzando las instituciones educativas&#8221; sticky_enabled=&#8221;0&#8243; da_is_popup=&#8221;off&#8221; da_exit_intent=&#8221;off&#8221; da_has_close=&#8221;on&#8221; da_alt_close=&#8221;off&#8221; da_dark_close=&#8221;off&#8221; da_not_modal=&#8221;on&#8221; da_is_singular=&#8221;off&#8221; da_with_loader=&#8221;off&#8221; da_has_shadow=&#8221;on&#8221;][\/et_pb_section][et_pb_section fb_built=&#8221;1&#8243; disabled_on=&#8221;on|on|on&#8221; admin_label=&#8221;Section&#8221; _builder_version=&#8221;4.18.1&#8243; _module_preset=&#8221;default&#8221; custom_padding=&#8221;6px||47px|||&#8221; hover_enabled=&#8221;0&#8243; da_disable_devices=&#8221;off|off|off&#8221; border_color_bottom=&#8221;RGBA(255,255,255,0)&#8221; locked=&#8221;off&#8221; global_colors_info=&#8221;{}&#8221; disabled=&#8221;on&#8221; sticky_enabled=&#8221;0&#8243; da_is_popup=&#8221;off&#8221; da_exit_intent=&#8221;off&#8221; da_has_close=&#8221;on&#8221; da_alt_close=&#8221;off&#8221; da_dark_close=&#8221;off&#8221; da_not_modal=&#8221;on&#8221; da_is_singular=&#8221;off&#8221; da_with_loader=&#8221;off&#8221; da_has_shadow=&#8221;on&#8221;][et_pb_row column_structure=&#8221;3_5,2_5&#8243; disabled_on=&#8221;on|off|off&#8221; _builder_version=&#8221;4.17.0&#8243; _module_preset=&#8221;default&#8221; global_colors_info=&#8221;{}&#8221;][et_pb_column type=&#8221;3_5&#8243; _builder_version=&#8221;4.16&#8243; _module_preset=&#8221;default&#8221; global_colors_info=&#8221;{}&#8221;][dipl_breadcrumb breadcrumb_layout=&#8221;layout2&#8243; separator_text=&#8221;\/&#8221; separator_size=&#8221;14px&#8221; separator_color=&#8221;#000000&#8243; use_home_link_custom_text=&#8221;on&#8221; home_link_text=&#8221;Inicio&#8221; use_home_link_icon=&#8221;on&#8221; home_link_icon=&#8221;&#x23;||divi||400&#8243; home_link_icon_color=&#8221;#41d78c&#8221; _builder_version=&#8221;4.17.4&#8243; _module_preset=&#8221;default&#8221; global_text_settings_font_size=&#8221;12px&#8221; text_font=&#8221;Ubuntu||||||||&#8221; text_text_color=&#8221;#262944&#8243; link_font=&#8221;Ubuntu|500|||||||&#8221; global_colors_info=&#8221;{}&#8221; text_text_color__hover_enabled=&#8221;on|desktop&#8221; text_text_color__hover=&#8221;#00b4dc&#8221;][\/dipl_breadcrumb][\/et_pb_column][et_pb_column type=&#8221;2_5&#8243; _builder_version=&#8221;4.16&#8243; _module_preset=&#8221;default&#8221; global_colors_info=&#8221;{}&#8221;][dipl_ajax_search search_placeholder=&#8221;Buscar por palabra clave&#8221; number_of_results=&#8221;-1&#8243; orderby=&#8221;post_title&#8221; order=&#8221;ASC&#8221; no_result_text=&#8221;No encontramos resultados a tu b\u00fasqueda&#8221; include_post_types=&#8221;page&#8221; url_new_window=&#8221;on&#8221; search_icon_color=&#8221;#41d78c&#8221; loader_size=&#8221;12px&#8221; loader_color=&#8221;#41d78c&#8221; _builder_version=&#8221;4.17.0&#8243; _module_preset=&#8221;default&#8221; search_result_item_title_font=&#8221;Work Sans|700|||||||&#8221; search_result_item_excerpt_font=&#8221;Ubuntu||||||||&#8221; search_result_item_excerpt_font_size=&#8221;12px&#8221; form_field_font=&#8221;Ubuntu||||||||&#8221; form_field_font_size=&#8221;12px&#8221; width=&#8221;80%&#8221; module_alignment=&#8221;right&#8221; border_radii_form_field=&#8221;on|6px|6px|6px|6px&#8221; border_width_all_form_field=&#8221;0px&#8221; global_colors_info=&#8221;{}&#8221;][\/dipl_ajax_search][\/et_pb_column][\/et_pb_row][et_pb_row _builder_version=&#8221;4.17.1&#8243; _module_preset=&#8221;default&#8221; custom_padding=&#8221;||6px|||&#8221; global_colors_info=&#8221;{}&#8221;][et_pb_column type=&#8221;4_4&#8243; _builder_version=&#8221;4.17.1&#8243; _module_preset=&#8221;default&#8221; global_colors_info=&#8221;{}&#8221;][et_pb_text _builder_version=&#8221;4.18.1&#8243; _module_preset=&#8221;default&#8221; text_font=&#8221;Ubuntu|700|||||||&#8221; text_text_color=&#8221;#2b323d&#8221; text_font_size=&#8221;20px&#8221; header_font=&#8221;Ubuntu|700|||||||&#8221; header_font_size=&#8221;25px&#8221; text_orientation_tablet=&#8221;center&#8221; text_orientation_phone=&#8221;left&#8221; text_orientation_last_edited=&#8221;on|phone&#8221; global_colors_info=&#8221;{}&#8221;]<\/p>\n<div class=\"et_pb_module et_pb_text et_pb_text_1  et_pb_text_align_left et_pb_text_align_center-tablet et_pb_text_align_left-phone et_pb_bg_layout_light\">\n<div class=\"et_pb_text_inner\">\n<h1 style=\"text-align: center;\"><strong>Semana de la Cultura de la Contribuci\u00f3n a\u00f1o 2025<\/strong><\/h1>\n<\/div>\n<\/div>\n<p>[\/et_pb_text][et_pb_divider color=&#8221;#41d78c&#8221; divider_weight=&#8221;4px&#8221; _builder_version=&#8221;4.18.1&#8243; _module_preset=&#8221;default&#8221; width=&#8221;55%&#8221; width_tablet=&#8221;47%&#8221; width_phone=&#8221;100%&#8221; width_last_edited=&#8221;on|phone&#8221; module_alignment=&#8221;center&#8221; custom_margin=&#8221;-23px||10px||false|false&#8221; global_colors_info=&#8221;{}&#8221;][\/et_pb_divider][et_pb_text disabled_on=&#8221;off|off|off&#8221; _builder_version=&#8221;4.18.1&#8243; _module_preset=&#8221;default&#8221; text_font=&#8221;Ubuntu||||||||&#8221; text_text_color=&#8221;#252944&#8243; text_font_size=&#8221;13px&#8221; header_4_font=&#8221;Ubuntu||||||||&#8221; global_colors_info=&#8221;{}&#8221;]<\/p>\n<p>La VII Semana Cultura de la Contribuci\u00f3n DIAN, a realizarse entre el martes 27 al viernes 30 de mayo de 2025, congrega diversos sectores, como el empresarial, acad\u00e9mico y ciudadan\u00eda en general, bajo el slogan: <strong>\u201c<em>Dialogar nos une, aprender nos fortalece<\/em>&#8220;<\/strong>, que al mismo tiempo es una invitaci\u00f3n a compartir ideas, experiencias y buenas pr\u00e1cticas tributarias.<\/p>\n<p>[\/et_pb_text][\/et_pb_column][\/et_pb_row][et_pb_row _builder_version=&#8221;4.17.1&#8243; _module_preset=&#8221;default&#8221; custom_padding=&#8221;||6px|||&#8221; global_colors_info=&#8221;{}&#8221;][et_pb_column type=&#8221;4_4&#8243; _builder_version=&#8221;4.17.1&#8243; _module_preset=&#8221;default&#8221; global_colors_info=&#8221;{}&#8221;][et_pb_text disabled_on=&#8221;off|off|off&#8221; _builder_version=&#8221;4.18.1&#8243; _module_preset=&#8221;default&#8221; text_font=&#8221;Ubuntu||||||||&#8221; text_text_color=&#8221;#252944&#8243; text_font_size=&#8221;13px&#8221; header_4_font=&#8221;Ubuntu||||||||&#8221; header_5_font=&#8221;Ubuntu||||||||&#8221; global_colors_info=&#8221;{}&#8221;]<\/p>\n<h4><strong>Agenda nacional<\/strong><\/h4>\n<h5><strong>D\u00eda 1:<\/strong><strong> Martes 27 de mayo, 2025:<\/strong><\/h5>\n<p><strong>Hora:<\/strong> 2:30 a 4:00 p.m.<\/p>\n<p>Conversatorio digital <strong><em>\u201cDialogando con el mundo. Inteligencia artificial en la fiscalidad: un cambio cultural\u201d, <\/em><\/strong>con la participaci\u00f3n de expertos internacionales que plantear\u00e1n temas de gran inter\u00e9s para orientaci\u00f3n y facilitaci\u00f3n al contribuyente como: procesamiento y an\u00e1lisis de la informaci\u00f3n tributaria, toma de decisiones automatizadas y estado de maduraci\u00f3n de la IA.<\/p>\n<p>[\/et_pb_text][et_pb_button button_url=&#8221;https:\/\/youtube.com\/live\/T6uOiuje6WY?feature=share&#8221; url_new_window=&#8221;on&#8221; button_text=&#8221;Siga la transmisi\u00f3n en vivo del evento en YouTube aqu\u00ed&#8221; _builder_version=&#8221;4.18.1&#8243; _module_preset=&#8221;default&#8221; custom_button=&#8221;on&#8221; button_text_size=&#8221;13px&#8221; button_text_color=&#8221;#262944&#8243; button_font=&#8221;Ubuntu|700|||||||&#8221; button_icon=&#8221;&#xe0ba;||divi||400&#8243; locked=&#8221;off&#8221; global_colors_info=&#8221;{}&#8221;][\/et_pb_button][et_pb_button button_url=&#8221;https:\/\/www.facebook.com\/share\/1EoXZNjCGV\/?mibextid=wwXIfr&#8221; url_new_window=&#8221;on&#8221; button_text=&#8221;\u00danase al evento en vivo a trav\u00e9s de Facebook haciendo clic aqu\u00ed &#8221; _builder_version=&#8221;4.18.1&#8243; _module_preset=&#8221;default&#8221; custom_button=&#8221;on&#8221; button_text_size=&#8221;13px&#8221; button_text_color=&#8221;#262944&#8243; button_font=&#8221;Ubuntu|700|||||||&#8221; button_icon=&#8221;&#xe0aa;||divi||400&#8243; locked=&#8221;off&#8221; global_colors_info=&#8221;{}&#8221;][\/et_pb_button][et_pb_blurb title=&#8221;Consulte aqu\u00ed el perfil de los panelistas&#8221; url=&#8221;#Panelistas&#8221; image=&#8221;https:\/\/micrositios.dian.gov.co\/cultura-de-contribucion\/wp-content\/uploads\/sites\/7\/2022\/09\/reportar-info.png&#8221; icon_placement=&#8221;left&#8221; image_icon_width=&#8221;200%&#8221; content_max_width=&#8221;435px&#8221; disabled_on=&#8221;off|on|on&#8221; _builder_version=&#8221;4.18.1&#8243; _module_preset=&#8221;default&#8221; header_font=&#8221;Ubuntu|600|||||||&#8221; header_text_color=&#8221;#262944&#8243; header_font_size=&#8221;13px&#8221; header_line_height=&#8221;1.7em&#8221; background_color=&#8221;#f2f2f2&#8243; width_tablet=&#8221;28%&#8221; width_phone=&#8221;100%&#8221; width_last_edited=&#8221;on|desktop&#8221; max_width=&#8221;70%&#8221; max_width_tablet=&#8221;29%&#8221; max_width_phone=&#8221;62%&#8221; max_width_last_edited=&#8221;off|desktop&#8221; module_alignment=&#8221;left&#8221; custom_padding=&#8221;16px|17px|9px|17px|false|true&#8221; link_option_url=&#8221;#Panelistas&#8221; box_shadow_style=&#8221;preset1&#8243; box_shadow_vertical=&#8221;0px&#8221; box_shadow_blur=&#8221;0px&#8221; locked=&#8221;off&#8221; global_colors_info=&#8221;{}&#8221; box_shadow_blur__hover=&#8221;20px&#8221; box_shadow_blur__hover_enabled=&#8221;on|hover&#8221;][\/et_pb_blurb][et_pb_blurb title=&#8221;Consulte aqu\u00ed el perfil de los panelistas&#8221; url=&#8221;#Panelistas&#8221; image=&#8221;https:\/\/micrositios.dian.gov.co\/cultura-de-contribucion\/wp-content\/uploads\/sites\/7\/2022\/09\/reportar-info.png&#8221; icon_placement=&#8221;left&#8221; image_icon_width=&#8221;200%&#8221; disabled_on=&#8221;on|off|off&#8221; _builder_version=&#8221;4.18.1&#8243; _module_preset=&#8221;default&#8221; header_font=&#8221;Ubuntu|600|||||||&#8221; header_text_color=&#8221;#262944&#8243; header_font_size=&#8221;13px&#8221; header_line_height=&#8221;1.7em&#8221; background_color=&#8221;#f2f2f2&#8243; width_tablet=&#8221;28%&#8221; width_phone=&#8221;28%&#8221; width_last_edited=&#8221;on|desktop&#8221; max_width=&#8221;31%&#8221; max_width_tablet=&#8221;29%&#8221; max_width_phone=&#8221;62%&#8221; max_width_last_edited=&#8221;off|desktop&#8221; module_alignment=&#8221;left&#8221; custom_padding=&#8221;16px|17px|9px|17px|false|true&#8221; link_option_url=&#8221;#Panelistas&#8221; box_shadow_style=&#8221;preset1&#8243; box_shadow_vertical=&#8221;0px&#8221; box_shadow_blur=&#8221;0px&#8221; locked=&#8221;off&#8221; global_colors_info=&#8221;{}&#8221; box_shadow_blur__hover=&#8221;20px&#8221; box_shadow_blur__hover_enabled=&#8221;on|hover&#8221;][\/et_pb_blurb][et_pb_text disabled_on=&#8221;off|off|off&#8221; _builder_version=&#8221;4.18.1&#8243; _module_preset=&#8221;default&#8221; text_font=&#8221;Ubuntu||||||||&#8221; text_text_color=&#8221;#252944&#8243; text_font_size=&#8221;13px&#8221; header_4_font=&#8221;Ubuntu||||||||&#8221; header_5_font=&#8221;Ubuntu||||||||&#8221; global_colors_info=&#8221;{}&#8221;]<\/p>\n<h5><strong>D\u00eda 2:<\/strong><strong> Mi\u00e9rcoles 28 de mayo, 2025: <\/strong><\/h5>\n<p><strong>Hora:<\/strong> 8:00 a.m. &#8211; 4:00 p.m.<\/p>\n<p>Jornada pedag\u00f3gica presencial \u201cAprendiendo en la escuela\u201d en las siguientes instituciones educativas asociadas al Programa DIAN Cultura de la Contribuci\u00f3n en la Escuela &#8211; CCE:<\/p>\n<p>[\/et_pb_text][et_pb_blurb title=&#8221;Consulte aqu\u00ed las Instituciones educativas participantes&#8221; url=&#8221;#Insituciones&#8221; image=&#8221;https:\/\/micrositios.dian.gov.co\/cultura-de-contribucion\/wp-content\/uploads\/sites\/7\/2022\/09\/aplicativo-Registrar.png&#8221; icon_placement=&#8221;left&#8221; image_icon_width=&#8221;200%&#8221; disabled_on=&#8221;off|on|on&#8221; _builder_version=&#8221;4.18.1&#8243; _module_preset=&#8221;default&#8221; header_font=&#8221;Ubuntu|600|||||||&#8221; header_text_color=&#8221;#262944&#8243; header_font_size=&#8221;13px&#8221; header_line_height=&#8221;1.7em&#8221; background_color=&#8221;#f2f2f2&#8243; width_tablet=&#8221;28%&#8221; width_phone=&#8221;100%&#8221; width_last_edited=&#8221;on|phone&#8221; max_width=&#8221;70%&#8221; max_width_tablet=&#8221;29%&#8221; max_width_phone=&#8221;62%&#8221; max_width_last_edited=&#8221;off|desktop&#8221; module_alignment=&#8221;left&#8221; custom_padding=&#8221;16px|17px|9px|17px|false|true&#8221; link_option_url=&#8221;#Insituciones&#8221; box_shadow_style=&#8221;preset1&#8243; box_shadow_vertical=&#8221;0px&#8221; box_shadow_blur=&#8221;0px&#8221; locked=&#8221;off&#8221; global_colors_info=&#8221;{}&#8221; box_shadow_blur__hover=&#8221;20px&#8221; box_shadow_blur__hover_enabled=&#8221;on|hover&#8221;][\/et_pb_blurb][et_pb_blurb title=&#8221;Consulte aqu\u00ed las Instituciones educativas participantes&#8221; url=&#8221;#Insituciones&#8221; image=&#8221;https:\/\/micrositios.dian.gov.co\/cultura-de-contribucion\/wp-content\/uploads\/sites\/7\/2022\/09\/aplicativo-Registrar.png&#8221; icon_placement=&#8221;left&#8221; image_icon_width=&#8221;200%&#8221; disabled_on=&#8221;on|off|off&#8221; _builder_version=&#8221;4.18.1&#8243; _module_preset=&#8221;default&#8221; header_font=&#8221;Ubuntu|600|||||||&#8221; header_text_color=&#8221;#262944&#8243; header_font_size=&#8221;13px&#8221; header_line_height=&#8221;1.7em&#8221; background_color=&#8221;#f2f2f2&#8243; width_tablet=&#8221;28%&#8221; width_phone=&#8221;28%&#8221; width_last_edited=&#8221;on|phone&#8221; max_width=&#8221;41%&#8221; max_width_tablet=&#8221;29%&#8221; max_width_phone=&#8221;62%&#8221; max_width_last_edited=&#8221;off|desktop&#8221; module_alignment=&#8221;left&#8221; custom_padding=&#8221;16px|17px|9px|17px|false|true&#8221; link_option_url=&#8221;#Insituciones&#8221; box_shadow_style=&#8221;preset1&#8243; box_shadow_vertical=&#8221;0px&#8221; box_shadow_blur=&#8221;0px&#8221; locked=&#8221;off&#8221; global_colors_info=&#8221;{}&#8221; box_shadow_blur__hover=&#8221;20px&#8221; box_shadow_blur__hover_enabled=&#8221;on|hover&#8221;][\/et_pb_blurb][et_pb_text disabled_on=&#8221;off|off|off&#8221; _builder_version=&#8221;4.18.1&#8243; _module_preset=&#8221;default&#8221; text_font=&#8221;Ubuntu||||||||&#8221; text_text_color=&#8221;#252944&#8243; text_font_size=&#8221;13px&#8221; header_4_font=&#8221;Ubuntu||||||||&#8221; header_5_font=&#8221;Ubuntu||||||||&#8221; global_colors_info=&#8221;{}&#8221;]<\/p>\n<h5><strong>D\u00eda 3: Jueves 29 de mayo, 2025:<\/strong><\/h5>\n<p><strong>Hora:<\/strong> 2:30 a 4:00 p.m.<\/p>\n<p>En este espacio contaremos con una presentaci\u00f3n de los principales hallazgos del m\u00e1s reciente estudio de confianza institucional en la regi\u00f3n, realizado por la OCDE, y la socializaci\u00f3n de experiencias significativas nacionales e internacionales relativas a la educaci\u00f3n fiscal y al fomento del cumplimiento voluntario de las obligaciones fiscales.<\/p>\n<p>[\/et_pb_text][et_pb_button button_url=&#8221;https:\/\/youtube.com\/live\/6HJTHX52K2E?feature=share&#8221; url_new_window=&#8221;on&#8221; button_text=&#8221;Siga la transmisi\u00f3n en vivo del evento en YouTube aqu\u00ed&#8221; _builder_version=&#8221;4.18.1&#8243; _module_preset=&#8221;default&#8221; custom_button=&#8221;on&#8221; button_text_size=&#8221;13px&#8221; button_text_color=&#8221;#262944&#8243; button_font=&#8221;Ubuntu|700|||||||&#8221; button_icon=&#8221;&#xe0ba;||divi||400&#8243; locked=&#8221;off&#8221; global_colors_info=&#8221;{}&#8221;][\/et_pb_button][et_pb_button button_url=&#8221;https:\/\/www.facebook.com\/share\/16fxt4tKR5\/?mibextid=wwXIfr%20&#8243; url_new_window=&#8221;on&#8221; button_text=&#8221;\u00danase al evento en vivo a trav\u00e9s de Facebook haciendo clic aqu\u00ed &#8221; _builder_version=&#8221;4.18.1&#8243; _module_preset=&#8221;default&#8221; custom_button=&#8221;on&#8221; button_text_size=&#8221;13px&#8221; button_text_color=&#8221;#262944&#8243; button_font=&#8221;Ubuntu|700|||||||&#8221; button_icon=&#8221;&#xe0aa;||divi||400&#8243; locked=&#8221;off&#8221; global_colors_info=&#8221;{}&#8221;][\/et_pb_button][et_pb_blurb title=&#8221;Consulte aqu\u00ed los temas de exposici\u00f3n y los panelistas&#8221; url=&#8221;#Panelistas2&#8243; image=&#8221;https:\/\/micrositios.dian.gov.co\/cultura-de-contribucion\/wp-content\/uploads\/sites\/7\/2022\/09\/verificacion-facturador.png&#8221; icon_placement=&#8221;left&#8221; image_icon_width=&#8221;200%&#8221; disabled_on=&#8221;off|on|on&#8221; _builder_version=&#8221;4.18.1&#8243; _module_preset=&#8221;default&#8221; header_font=&#8221;Ubuntu|600|||||||&#8221; header_text_color=&#8221;#262944&#8243; header_font_size=&#8221;13px&#8221; header_line_height=&#8221;1.7em&#8221; background_color=&#8221;#f2f2f2&#8243; width_tablet=&#8221;28%&#8221; width_phone=&#8221;100%&#8221; width_last_edited=&#8221;on|phone&#8221; max_width=&#8221;70%&#8221; max_width_tablet=&#8221;29%&#8221; max_width_phone=&#8221;62%&#8221; max_width_last_edited=&#8221;off|desktop&#8221; module_alignment=&#8221;left&#8221; custom_padding=&#8221;16px|17px|9px|17px|false|true&#8221; link_option_url=&#8221;#Panelistas2&#8243; box_shadow_style=&#8221;preset1&#8243; box_shadow_vertical=&#8221;0px&#8221; box_shadow_blur=&#8221;0px&#8221; locked=&#8221;off&#8221; global_colors_info=&#8221;{}&#8221; box_shadow_blur__hover=&#8221;20px&#8221; box_shadow_blur__hover_enabled=&#8221;on|hover&#8221;][\/et_pb_blurb][et_pb_blurb title=&#8221;Consulte aqu\u00ed los temas de exposici\u00f3n y los panelistas&#8221; url=&#8221;#Panelistas2&#8243; image=&#8221;https:\/\/micrositios.dian.gov.co\/cultura-de-contribucion\/wp-content\/uploads\/sites\/7\/2022\/09\/verificacion-facturador.png&#8221; icon_placement=&#8221;left&#8221; image_icon_width=&#8221;200%&#8221; disabled_on=&#8221;on|off|off&#8221; _builder_version=&#8221;4.18.1&#8243; _module_preset=&#8221;default&#8221; header_font=&#8221;Ubuntu|600|||||||&#8221; header_text_color=&#8221;#262944&#8243; header_font_size=&#8221;13px&#8221; header_line_height=&#8221;1.7em&#8221; background_color=&#8221;#f2f2f2&#8243; width_tablet=&#8221;28%&#8221; width_phone=&#8221;28%&#8221; width_last_edited=&#8221;on|phone&#8221; max_width=&#8221;41%&#8221; max_width_tablet=&#8221;29%&#8221; max_width_phone=&#8221;62%&#8221; max_width_last_edited=&#8221;off|desktop&#8221; module_alignment=&#8221;left&#8221; custom_padding=&#8221;16px|17px|9px|17px|false|true&#8221; link_option_url=&#8221;#Panelistas2&#8243; box_shadow_style=&#8221;preset1&#8243; box_shadow_vertical=&#8221;0px&#8221; box_shadow_blur=&#8221;0px&#8221; locked=&#8221;off&#8221; global_colors_info=&#8221;{}&#8221; box_shadow_blur__hover=&#8221;20px&#8221; box_shadow_blur__hover_enabled=&#8221;on|hover&#8221;][\/et_pb_blurb][et_pb_blurb title=&#8221;Buenas pr\u00e1cticas NAF- convocatoria audiovisual 2025&#8243; url=&#8221;#Naf&#8221; image=&#8221;https:\/\/micrositios.dian.gov.co\/cultura-de-contribucion\/wp-content\/uploads\/sites\/7\/2022\/09\/verificacion-facturador.png&#8221; icon_placement=&#8221;left&#8221; image_icon_width=&#8221;200%&#8221; disabled_on=&#8221;off|on|on&#8221; _builder_version=&#8221;4.18.1&#8243; _module_preset=&#8221;default&#8221; header_font=&#8221;Ubuntu|600|||||||&#8221; header_text_color=&#8221;#262944&#8243; header_font_size=&#8221;13px&#8221; header_line_height=&#8221;1.7em&#8221; background_color=&#8221;#f2f2f2&#8243; width_tablet=&#8221;28%&#8221; width_phone=&#8221;100%&#8221; width_last_edited=&#8221;on|phone&#8221; max_width=&#8221;70%&#8221; max_width_tablet=&#8221;29%&#8221; max_width_phone=&#8221;62%&#8221; max_width_last_edited=&#8221;off|desktop&#8221; module_alignment=&#8221;left&#8221; custom_padding=&#8221;16px|17px|9px|17px|false|true&#8221; link_option_url=&#8221;#Naf&#8221; box_shadow_style=&#8221;preset1&#8243; box_shadow_vertical=&#8221;0px&#8221; box_shadow_blur=&#8221;0px&#8221; locked=&#8221;off&#8221; global_colors_info=&#8221;{}&#8221; box_shadow_blur__hover=&#8221;20px&#8221; box_shadow_blur__hover_enabled=&#8221;on|hover&#8221;][\/et_pb_blurb][et_pb_blurb title=&#8221;Buenas pr\u00e1cticas NAF- convocatoria audiovisual 2025&#8243; url=&#8221;#Naf&#8221; image=&#8221;https:\/\/micrositios.dian.gov.co\/cultura-de-contribucion\/wp-content\/uploads\/sites\/7\/2022\/09\/verificacion-facturador.png&#8221; icon_placement=&#8221;left&#8221; image_icon_width=&#8221;200%&#8221; disabled_on=&#8221;on|off|off&#8221; _builder_version=&#8221;4.18.1&#8243; _module_preset=&#8221;default&#8221; header_font=&#8221;Ubuntu|600|||||||&#8221; header_text_color=&#8221;#262944&#8243; header_font_size=&#8221;13px&#8221; header_line_height=&#8221;1.7em&#8221; background_color=&#8221;#f2f2f2&#8243; width_tablet=&#8221;28%&#8221; width_phone=&#8221;28%&#8221; width_last_edited=&#8221;on|phone&#8221; max_width=&#8221;41%&#8221; max_width_tablet=&#8221;29%&#8221; max_width_phone=&#8221;62%&#8221; max_width_last_edited=&#8221;off|desktop&#8221; module_alignment=&#8221;left&#8221; custom_padding=&#8221;16px|17px|9px|17px|false|true&#8221; link_option_url=&#8221;#Naf&#8221; box_shadow_style=&#8221;preset1&#8243; box_shadow_vertical=&#8221;0px&#8221; box_shadow_blur=&#8221;0px&#8221; locked=&#8221;off&#8221; global_colors_info=&#8221;{}&#8221; box_shadow_blur__hover=&#8221;20px&#8221; box_shadow_blur__hover_enabled=&#8221;on|hover&#8221;][\/et_pb_blurb][et_pb_text disabled_on=&#8221;off|off|off&#8221; _builder_version=&#8221;4.18.1&#8243; _module_preset=&#8221;default&#8221; text_font=&#8221;Ubuntu||||||||&#8221; text_text_color=&#8221;#252944&#8243; text_font_size=&#8221;13px&#8221; header_4_font=&#8221;Ubuntu||||||||&#8221; header_5_font=&#8221;Ubuntu||||||||&#8221; global_colors_info=&#8221;{}&#8221;]<\/p>\n<h5><strong>D\u00eda 4: Viernes 30 de mayo, 2025<em>:<\/em><\/strong><\/h5>\n<p><strong>Hora:<\/strong> 8:00 a.m. &#8211; 4:00 p.m.<\/p>\n<p>Jornada de capacitaciones presenciales a nivel nacional<em>\u00a0\u201cAprendiendo con la DIAN\u201d<\/em>, en el que se abordar\u00e1n temas de inter\u00e9s como: Renta personas jur\u00eddicas y naturales, informaci\u00f3n ex\u00f3gena, Impuesto m\u00ednimo de renta, R\u00e9gimen Simple\u00a0 de Tributaci\u00f3n-RST, conciliaci\u00f3n fiscal, Timbre (ley de emergencia Catatumbo), Factura Electr\u00f3nica y devoluciones.<\/p>\n<p>A continuaci\u00f3n encuentre las ciudades donde se van a llevar a cabo estas capacitaciones, teniendo en cuenta que la entrada es libre hasta completar aforo, y en otras, como Bogot\u00e1, se requiere inscripci\u00f3n previa que puede hacer en este link: <a href=\"https:\/\/agendamiento.dian.gov.co\/\">https:\/\/agendamiento.dian.gov.co\/<\/a>\u00a0siguiendo esta ruta:<\/p>\n<p><strong>Ruta para agendar citas en Bogot\u00e1:<\/strong>\u00a0<\/p>\n<ul>\n<li>Agendar Cita<\/li>\n<li>Seleccione tipo de persona (natural o jur\u00eddica)<\/li>\n<li>Cita presencial<\/li>\n<li>Conferencias Semana Cultura Contribuci\u00f3n<\/li>\n<li>Seleccionar tema y horario conferencias de su inter\u00e9s<\/li>\n<li>Datos personales.<\/li>\n<\/ul>\n<p>[\/et_pb_text][et_pb_blurb title=&#8221;Escuela DIAN \u2013 Bogot\u00e1. Agenda y expositores&#8221; url=&#8221;#Bogota&#8221; image=&#8221;https:\/\/micrositios.dian.gov.co\/cultura-de-contribucion\/wp-content\/uploads\/sites\/7\/2022\/09\/tablero.png&#8221; icon_placement=&#8221;left&#8221; image_icon_width=&#8221;200%&#8221; disabled_on=&#8221;off|on|on&#8221; _builder_version=&#8221;4.18.1&#8243; _module_preset=&#8221;default&#8221; header_font=&#8221;Ubuntu|600|||||||&#8221; header_text_color=&#8221;#262944&#8243; header_font_size=&#8221;13px&#8221; header_line_height=&#8221;1.7em&#8221; background_color=&#8221;#f2f2f2&#8243; width_tablet=&#8221;28%&#8221; width_phone=&#8221;100%&#8221; width_last_edited=&#8221;on|phone&#8221; max_width=&#8221;70%&#8221; max_width_tablet=&#8221;29%&#8221; max_width_phone=&#8221;62%&#8221; max_width_last_edited=&#8221;off|desktop&#8221; module_alignment=&#8221;left&#8221; custom_padding=&#8221;16px|17px|9px|17px|false|true&#8221; link_option_url=&#8221;#Bogota&#8221; box_shadow_style=&#8221;preset1&#8243; box_shadow_vertical=&#8221;0px&#8221; box_shadow_blur=&#8221;0px&#8221; locked=&#8221;off&#8221; global_colors_info=&#8221;{}&#8221; box_shadow_blur__hover=&#8221;20px&#8221; box_shadow_blur__hover_enabled=&#8221;on|hover&#8221;][\/et_pb_blurb][et_pb_blurb title=&#8221;Escuela DIAN \u2013 Bogot\u00e1. Agenda y expositores&#8221; url=&#8221;#Bogota&#8221; image=&#8221;https:\/\/micrositios.dian.gov.co\/cultura-de-contribucion\/wp-content\/uploads\/sites\/7\/2022\/09\/tablero.png&#8221; icon_placement=&#8221;left&#8221; image_icon_width=&#8221;200%&#8221; disabled_on=&#8221;on|off|off&#8221; _builder_version=&#8221;4.18.1&#8243; _module_preset=&#8221;default&#8221; header_font=&#8221;Ubuntu|600|||||||&#8221; header_text_color=&#8221;#262944&#8243; header_font_size=&#8221;13px&#8221; header_line_height=&#8221;1.7em&#8221; background_color=&#8221;#f2f2f2&#8243; width_tablet=&#8221;28%&#8221; width_phone=&#8221;28%&#8221; width_last_edited=&#8221;on|phone&#8221; max_width=&#8221;41%&#8221; max_width_tablet=&#8221;29%&#8221; max_width_phone=&#8221;62%&#8221; max_width_last_edited=&#8221;off|desktop&#8221; module_alignment=&#8221;left&#8221; custom_padding=&#8221;16px|17px|9px|17px|false|true&#8221; link_option_url=&#8221;#Bogota&#8221; box_shadow_style=&#8221;preset1&#8243; box_shadow_vertical=&#8221;0px&#8221; box_shadow_blur=&#8221;0px&#8221; locked=&#8221;off&#8221; global_colors_info=&#8221;{}&#8221; box_shadow_blur__hover=&#8221;20px&#8221; box_shadow_blur__hover_enabled=&#8221;on|hover&#8221;][\/et_pb_blurb][et_pb_blurb title=&#8221;Agendas direcciones seccionales&#8221; url=&#8221;#Seccionales&#8221; image=&#8221;https:\/\/micrositios.dian.gov.co\/cultura-de-contribucion\/wp-content\/uploads\/sites\/7\/2022\/09\/tablero.png&#8221; icon_placement=&#8221;left&#8221; image_icon_width=&#8221;200%&#8221; disabled_on=&#8221;off|on|on&#8221; _builder_version=&#8221;4.18.1&#8243; _module_preset=&#8221;default&#8221; header_font=&#8221;Ubuntu|600|||||||&#8221; header_text_color=&#8221;#262944&#8243; header_font_size=&#8221;13px&#8221; header_line_height=&#8221;1.7em&#8221; background_color=&#8221;#f2f2f2&#8243; width_tablet=&#8221;28%&#8221; width_phone=&#8221;100%&#8221; width_last_edited=&#8221;on|phone&#8221; max_width=&#8221;70%&#8221; max_width_tablet=&#8221;29%&#8221; max_width_phone=&#8221;62%&#8221; max_width_last_edited=&#8221;off|desktop&#8221; module_alignment=&#8221;left&#8221; custom_padding=&#8221;16px|17px|9px|17px|false|true&#8221; link_option_url=&#8221;#Seccionales&#8221; box_shadow_style=&#8221;preset1&#8243; box_shadow_vertical=&#8221;0px&#8221; box_shadow_blur=&#8221;0px&#8221; locked=&#8221;off&#8221; global_colors_info=&#8221;{}&#8221; box_shadow_blur__hover=&#8221;20px&#8221; box_shadow_blur__hover_enabled=&#8221;on|hover&#8221;][\/et_pb_blurb][et_pb_blurb title=&#8221;Agendas direcciones seccionales&#8221; url=&#8221;#Seccionales&#8221; image=&#8221;https:\/\/micrositios.dian.gov.co\/cultura-de-contribucion\/wp-content\/uploads\/sites\/7\/2022\/09\/tablero.png&#8221; icon_placement=&#8221;left&#8221; image_icon_width=&#8221;200%&#8221; disabled_on=&#8221;on|off|off&#8221; _builder_version=&#8221;4.18.1&#8243; _module_preset=&#8221;default&#8221; header_font=&#8221;Ubuntu|600|||||||&#8221; header_text_color=&#8221;#262944&#8243; header_font_size=&#8221;13px&#8221; header_line_height=&#8221;1.7em&#8221; background_color=&#8221;#f2f2f2&#8243; width_tablet=&#8221;28%&#8221; width_phone=&#8221;28%&#8221; width_last_edited=&#8221;on|phone&#8221; max_width=&#8221;41%&#8221; max_width_tablet=&#8221;29%&#8221; max_width_phone=&#8221;62%&#8221; max_width_last_edited=&#8221;off|desktop&#8221; module_alignment=&#8221;left&#8221; custom_padding=&#8221;16px|17px|9px|17px|false|true&#8221; link_option_url=&#8221;#Seccionales&#8221; box_shadow_style=&#8221;preset1&#8243; box_shadow_vertical=&#8221;0px&#8221; box_shadow_blur=&#8221;0px&#8221; locked=&#8221;off&#8221; global_colors_info=&#8221;{}&#8221; box_shadow_blur__hover=&#8221;20px&#8221; box_shadow_blur__hover_enabled=&#8221;on|hover&#8221;][\/et_pb_blurb][\/et_pb_column][\/et_pb_row][\/et_pb_section][et_pb_section fb_built=&#8221;1&#8243; admin_label=&#8221;#Panelistas&#8221; module_id=&#8221;Panelistas&#8221; module_class=&#8221;popup close-alt&#8221; _builder_version=&#8221;4.18.1&#8243; _module_preset=&#8221;default&#8221; background_color=&#8221;#FFFFFF&#8221; width=&#8221;91%&#8221; custom_padding=&#8221;40px|0px|40px|0px|true|false&#8221; da_is_popup=&#8221;on&#8221; da_popup_slug=&#8221;Panelistas&#8221; da_alt_close=&#8221;on&#8221; da_disable_devices=&#8221;off|off|off&#8221; locked=&#8221;off&#8221; global_colors_info=&#8221;{}&#8221; da_exit_intent=&#8221;off&#8221; da_has_close=&#8221;on&#8221; da_dark_close=&#8221;off&#8221; da_not_modal=&#8221;on&#8221; da_is_singular=&#8221;off&#8221; da_with_loader=&#8221;off&#8221; da_has_shadow=&#8221;on&#8221;][et_pb_row _builder_version=&#8221;4.17.1&#8243; _module_preset=&#8221;default&#8221; custom_padding=&#8221;||6px|||&#8221; locked=&#8221;off&#8221; global_colors_info=&#8221;{}&#8221;][et_pb_column type=&#8221;4_4&#8243; _builder_version=&#8221;4.17.1&#8243; _module_preset=&#8221;default&#8221; global_colors_info=&#8221;{}&#8221;][et_pb_text _builder_version=&#8221;4.18.1&#8243; _module_preset=&#8221;default&#8221; text_font=&#8221;Ubuntu||||||||&#8221; text_text_color=&#8221;#2b323d&#8221; text_font_size=&#8221;16px&#8221; header_2_font=&#8221;Ubuntu|700|||||||&#8221; header_2_font_size=&#8221;22px&#8221; custom_margin=&#8221;20px|||||&#8221; text_orientation_tablet=&#8221;center&#8221; text_orientation_phone=&#8221;left&#8221; text_orientation_last_edited=&#8221;on|phone&#8221; global_colors_info=&#8221;{}&#8221;]<\/p>\n<h2 style=\"text-align: left;\"><strong>Perfil panelistas<\/strong><\/h2>\n<p style=\"text-align: left;\">Conversatorio internacional v\u00eda streaming: Dialogando con el mundo.\u00a0Inteligencia artificial en la fiscalidad: un cambio cultural<\/p>\n<p>[\/et_pb_text][et_pb_divider color=&#8221;#41d78c&#8221; divider_weight=&#8221;4px&#8221; _builder_version=&#8221;4.18.1&#8243; _module_preset=&#8221;default&#8221; width=&#8221;87%&#8221; width_tablet=&#8221;47%&#8221; width_phone=&#8221;100%&#8221; width_last_edited=&#8221;on|phone&#8221; module_alignment=&#8221;left&#8221; custom_margin=&#8221;-23px||10px||false|false&#8221; global_colors_info=&#8221;{}&#8221;][\/et_pb_divider][dipl_interactive_image_card _builder_version=&#8221;4.18.1&#8243; _module_preset=&#8221;default&#8221; global_colors_info=&#8221;{}&#8221;][\/dipl_interactive_image_card][\/et_pb_column][\/et_pb_row][et_pb_row _builder_version=&#8221;4.17.1&#8243; _module_preset=&#8221;default&#8221; custom_padding=&#8221;40px||6px|||&#8221; locked=&#8221;off&#8221; global_colors_info=&#8221;{}&#8221;][et_pb_column type=&#8221;4_4&#8243; _builder_version=&#8221;4.17.1&#8243; _module_preset=&#8221;default&#8221; global_colors_info=&#8221;{}&#8221;][et_pb_team_member name=&#8221;Luis Eduardo Llin\u00e1s Chica &#8211; Director General DIAN&#8221; image_url=&#8221;https:\/\/micrositios.dian.gov.co\/cultura-de-contribucion\/wp-content\/uploads\/sites\/7\/2025\/05\/1-Luis-Eduardo-Llinas-Chica-Director-Dian.jpg&#8221; _builder_version=&#8221;4.18.1&#8243; _module_preset=&#8221;default&#8221; header_font=&#8221;Ubuntu||||||||&#8221; header_text_color=&#8221;#252944&#8243; header_font_size=&#8221;16px&#8221; body_font=&#8221;Ubuntu||||||||&#8221; body_text_color=&#8221;#252944&#8243; position_font=&#8221;Ubuntu||||||||&#8221; animation_style=&#8221;fade&#8221; global_colors_info=&#8221;{}&#8221;]<\/p>\n<p>Es Contador p\u00fablico, especialista en Legislaci\u00f3n Tributaria y magister en Derecho con \u00e9nfasis Tributario. Ha sido catedr\u00e1tico de Tributos Territoriales y Tributaci\u00f3n Internacional y ha asesorado escuelas de posgrado.<\/p>\n<p>Fue asesor contable y financiero del proyecto de inversi\u00f3n Comunicaci\u00f3n Humana de la Alcald\u00eda Mayor de Bogot\u00e1, entre 2012 y 2015, y ha asesorado organizaciones de los sectores p\u00fablico y privado en temas tributarios, contabilidad financiera y normas internacionales de contabilidad y auditor\u00eda.<\/p>\n<p>Desde septiembre de 2022 ocupa el cargo de Director General de la Unidad de Informaci\u00f3n y An\u00e1lisis Financiero (UIAF) y lleg\u00f3 a la DIAN como Director General encargado para agilizar el Programa de Apoyo a la Modernizaci\u00f3n, e implementar estrategias efectivas de fiscalizaci\u00f3n tributaria, aduanera y cambiaria, basadas en anal\u00edtica de datos.<\/p>\n<p>[\/et_pb_team_member][et_pb_team_member name=&#8221;Alfredo Collosa (Argentina) &#8211; Consultor internacional en Administraci\u00f3n Tributaria&#8221; image_url=&#8221;https:\/\/micrositios.dian.gov.co\/cultura-de-contribucion\/wp-content\/uploads\/sites\/7\/2025\/05\/2-Alfredo-Collosa-Argentina.jpg&#8221; _builder_version=&#8221;4.18.1&#8243; _module_preset=&#8221;default&#8221; header_font=&#8221;Ubuntu||||||||&#8221; header_text_color=&#8221;#252944&#8243; header_font_size=&#8221;16px&#8221; body_font=&#8221;Ubuntu||||||||&#8221; body_text_color=&#8221;#252944&#8243; position_font=&#8221;Ubuntu||||||||&#8221; animation_style=&#8221;fade&#8221; global_colors_info=&#8221;{}&#8221;]<\/p>\n<p>M\u00e1ster oficial en Hacienda P\u00fablica y Administraci\u00f3n Tributaria, Especialista en Tributaci\u00f3n, Contador P\u00fablico, Licenciado en Administraci\u00f3n de Empresas. Consultor y tutor en Administraci\u00f3n Tributaria de Organismos Internacionales. Docente de posgrado en universidades argentinas, del Per\u00fa, Espa\u00f1a y otros pa\u00edses. Autor de 16 libros, m\u00e1s de 400 publicaciones y conferencista en materia de Administraci\u00f3n Tributaria e impacto de la inteligencia artificial<\/p>\n<p>[\/et_pb_team_member][et_pb_team_member name=&#8221;Ana de la Herr\u00e1n (Espa\u00f1a) &#8211; Presidenta Asociaci\u00f3n Profesional de Inspectores de Hacienda del Estado&#8221; image_url=&#8221;https:\/\/micrositios.dian.gov.co\/cultura-de-contribucion\/wp-content\/uploads\/sites\/7\/2025\/05\/3-Ana-de-la-Herran-Espana.jpg&#8221; _builder_version=&#8221;4.18.1&#8243; _module_preset=&#8221;default&#8221; header_font=&#8221;Ubuntu||||||||&#8221; header_text_color=&#8221;#252944&#8243; header_font_size=&#8221;16px&#8221; body_font=&#8221;Ubuntu||||||||&#8221; body_text_color=&#8221;#252944&#8243; position_font=&#8221;Ubuntu||||||||&#8221; animation_style=&#8221;fade&#8221; global_colors_info=&#8221;{}&#8221;]<\/p>\n<p>Licenciada en Derecho por la Universidad Complutense de Madrid e Inspectora de Hacienda del Estado. Desarrolla inicialmente su labor profesional en los servicios territoriales y, posteriormente en los servicios centrales, dentro del \u00e1rea de Aduanas de la Agencia Estatal de Administraci\u00f3n Tributaria (AEAT). Es M\u00e1ster en Direcci\u00f3n P\u00fablica, Pol\u00edticas P\u00fablicas y Tributaci\u00f3n por la UNED y M\u00e1ster en Direcci\u00f3n P\u00fablica de la Escuela de Organizaci\u00f3n Industrial (EOI). \u00a0Actualmente es presidenta de la Asociaci\u00f3n Profesional de Inspectores de Hacienda del Estado.<\/p>\n<p>[\/et_pb_team_member][et_pb_team_member name=&#8221;C\u00e9sar Camilo Cerme\u00f1o (Colombia) &#8211; Director de la Maestr\u00eda y de la Especializaci\u00f3n en Tributaci\u00f3n de la Universidad de Los Andes, as\u00ed como de la Especializaci\u00f3n en Aduanas, Cambios, Puertos y Log\u00edstica&#8221; image_url=&#8221;https:\/\/micrositios.dian.gov.co\/cultura-de-contribucion\/wp-content\/uploads\/sites\/7\/2025\/05\/4-Cesar-Camilo-Cermeno-Cristancho-Colombia.jpg&#8221; _builder_version=&#8221;4.18.1&#8243; _module_preset=&#8221;default&#8221; header_font=&#8221;Ubuntu||||||||&#8221; header_text_color=&#8221;#252944&#8243; header_font_size=&#8221;16px&#8221; body_font=&#8221;Ubuntu||||||||&#8221; body_text_color=&#8221;#252944&#8243; position_font=&#8221;Ubuntu||||||||&#8221; animation_style=&#8221;fade&#8221; global_colors_info=&#8221;{}&#8221;]<\/p>\n<p>Magister en Derecho Econ\u00f3mico de la Universidad Javeriana, M\u00e1ster en Derecho de los Negocios en la Universidad Francisco de Vitoria en Espa\u00f1a y Abogado de la Universidad de los Andes. Miembro del Consejo directivo del Instituto Colombiano de Derecho Tributario &#8211; ICDT, donde es presidente de la Comisi\u00f3n Acad\u00e9mica Aduanera y expresidente de la Comisi\u00f3n Acad\u00e9mica Tributaria. Autor y coautor de varios libros y art\u00edculos en derecho tributario, procesal y aduanero. Ha sido profesor de procedimiento tributario, argumentaci\u00f3n y derecho aduanero en diferentes maestr\u00edas, especializaciones y cursos.<\/p>\n<p>[\/et_pb_team_member][et_pb_team_member name=&#8221;Mar\u00eda Alejandra Buitrago (Colombia) &#8211; Docente e investigadora&#8221; image_url=&#8221;https:\/\/micrositios.dian.gov.co\/cultura-de-contribucion\/wp-content\/uploads\/sites\/7\/2025\/05\/5-Maria-Alejandra-Buitrago-Colombia.jpg&#8221; _builder_version=&#8221;4.18.1&#8243; _module_preset=&#8221;default&#8221; header_font=&#8221;Ubuntu||||||||&#8221; header_text_color=&#8221;#252944&#8243; header_font_size=&#8221;16px&#8221; body_font=&#8221;Ubuntu||||||||&#8221; body_text_color=&#8221;#252944&#8243; position_font=&#8221;Ubuntu||||||||&#8221; animation_style=&#8221;fade&#8221; global_colors_info=&#8221;{}&#8221;]<\/p>\n<p>Abogada egresada de la Universidad del Rosario, con especializaci\u00f3n y maestr\u00eda en Tributaci\u00f3n de la Universidad de los Andes. Es miembro del Comit\u00e9 Cient\u00edfico de la International Fiscal Association (IFA), cap\u00edtulo Colombia, y ha sido docente de Derecho Tributario en las universidades\u00a0 de los Andes y Externado de Colombia. Ha sido conferencista en diversos eventos sobre derecho tributario organizados por IFA Colombia y el Instituto Colombiano de Derecho Tributario (ICDT).<\/p>\n<p>[\/et_pb_team_member][et_pb_team_member name=&#8221;V\u00edctor Grosso (Moderador) &#8211; Director de contenidos de DataiFX.com y conductor del Programa Negocios BLU&#8221; image_url=&#8221;https:\/\/micrositios.dian.gov.co\/cultura-de-contribucion\/wp-content\/uploads\/sites\/7\/2025\/05\/6-Vi\u0301ctor-Grosso-Moderador.jpg&#8221; _builder_version=&#8221;4.18.1&#8243; _module_preset=&#8221;default&#8221; header_font=&#8221;Ubuntu||||||||&#8221; header_text_color=&#8221;#252944&#8243; header_font_size=&#8221;16px&#8221; body_font=&#8221;Ubuntu||||||||&#8221; body_text_color=&#8221;#252944&#8243; position_font=&#8221;Ubuntu||||||||&#8221; animation_style=&#8221;fade&#8221; global_colors_info=&#8221;{}&#8221;]<\/p>\n<p>Ingeniero de Sistemas y periodista econ\u00f3mico con 16 a\u00f1os de experiencia. Actualmente es el director de contenidos del portal especializado dataiFX.com, director y conductor del programa Negocios BLU, integrante de la mesa de trabajo del programa Ma\u00f1anas BLU y presentador de la secci\u00f3n de indicadores econ\u00f3micos de la edici\u00f3n central de Noticias Caracol.<\/p>\n<p>[\/et_pb_team_member][\/et_pb_column][\/et_pb_row][\/et_pb_section][et_pb_section fb_built=&#8221;1&#8243; admin_label=&#8221;#Panelistas2&#8243; module_id=&#8221;Panelistas2&#8243; module_class=&#8221;popup close-alt&#8221; _builder_version=&#8221;4.18.1&#8243; _module_preset=&#8221;default&#8221; background_color=&#8221;#FFFFFF&#8221; width=&#8221;91%&#8221; custom_padding=&#8221;40px|0px|40px|0px|true|false&#8221; da_is_popup=&#8221;on&#8221; da_popup_slug=&#8221;Panelistas2&#8243; da_alt_close=&#8221;on&#8221; da_disable_devices=&#8221;off|off|off&#8221; locked=&#8221;off&#8221; global_colors_info=&#8221;{}&#8221; da_exit_intent=&#8221;off&#8221; da_has_close=&#8221;on&#8221; da_dark_close=&#8221;off&#8221; da_not_modal=&#8221;on&#8221; da_is_singular=&#8221;off&#8221; da_with_loader=&#8221;off&#8221; da_has_shadow=&#8221;on&#8221;][et_pb_row _builder_version=&#8221;4.17.1&#8243; _module_preset=&#8221;default&#8221; custom_padding=&#8221;||6px|||&#8221; locked=&#8221;off&#8221; global_colors_info=&#8221;{}&#8221;][et_pb_column type=&#8221;4_4&#8243; _builder_version=&#8221;4.17.1&#8243; _module_preset=&#8221;default&#8221; global_colors_info=&#8221;{}&#8221;][et_pb_text _builder_version=&#8221;4.18.1&#8243; _module_preset=&#8221;default&#8221; text_font=&#8221;Ubuntu||||||||&#8221; text_text_color=&#8221;#2b323d&#8221; text_font_size=&#8221;16px&#8221; header_2_font=&#8221;Ubuntu|700|||||||&#8221; header_2_font_size=&#8221;22px&#8221; custom_margin=&#8221;20px|||||&#8221; text_orientation_tablet=&#8221;center&#8221; text_orientation_phone=&#8221;left&#8221; text_orientation_last_edited=&#8221;on|phone&#8221; global_colors_info=&#8221;{}&#8221;]<\/p>\n<h2 style=\"text-align: left;\"><strong>Perfil panelistas<\/strong><\/h2>\n<p style=\"text-align: left;\">Aprendiendo de Am\u00e9rica Latina \u2013 Buenas pr\u00e1cticas de fomento del cumplimiento voluntario<\/p>\n<p>[\/et_pb_text][et_pb_divider color=&#8221;#41d78c&#8221; divider_weight=&#8221;4px&#8221; _builder_version=&#8221;4.18.1&#8243; _module_preset=&#8221;default&#8221; width=&#8221;64%&#8221; width_tablet=&#8221;47%&#8221; width_phone=&#8221;100%&#8221; width_last_edited=&#8221;on|phone&#8221; module_alignment=&#8221;left&#8221; custom_margin=&#8221;-23px||10px||false|false&#8221; global_colors_info=&#8221;{}&#8221;][\/et_pb_divider][et_pb_text _builder_version=&#8221;4.18.1&#8243; _module_preset=&#8221;default&#8221; text_font=&#8221;Ubuntu||||||||&#8221; text_text_color=&#8221;#2b323d&#8221; text_font_size=&#8221;16px&#8221; header_2_font=&#8221;Ubuntu|700|||||||&#8221; header_2_font_size=&#8221;22px&#8221; header_3_font=&#8221;Ubuntu||||||||&#8221; header_3_font_size=&#8221;19px&#8221; header_4_font=&#8221;Ubuntu||||||||&#8221; custom_margin=&#8221;20px|||||&#8221; text_orientation_tablet=&#8221;center&#8221; text_orientation_phone=&#8221;left&#8221; text_orientation_last_edited=&#8221;on|phone&#8221; global_colors_info=&#8221;{}&#8221;]<\/p>\n<h3 style=\"text-align: left;\"><strong>Conversatorio<\/strong><\/h3>\n<p>[\/et_pb_text][dipl_interactive_image_card _builder_version=&#8221;4.18.1&#8243; _module_preset=&#8221;default&#8221; global_colors_info=&#8221;{}&#8221;][\/dipl_interactive_image_card][\/et_pb_column][\/et_pb_row][et_pb_row _builder_version=&#8221;4.17.1&#8243; _module_preset=&#8221;default&#8221; custom_padding=&#8221;40px||6px|||&#8221; locked=&#8221;off&#8221; global_colors_info=&#8221;{}&#8221;][et_pb_column type=&#8221;4_4&#8243; _builder_version=&#8221;4.17.1&#8243; _module_preset=&#8221;default&#8221; global_colors_info=&#8221;{}&#8221;][et_pb_team_member name=&#8221;Ren\u00e9 Orozco \u2013 Organizaci\u00f3n para la Cooperaci\u00f3n y el Desarrollo Econ\u00f3mico \u2013 OCDE&#8221; image_url=&#8221;https:\/\/micrositios.dian.gov.co\/cultura-de-contribucion\/wp-content\/uploads\/sites\/7\/2025\/05\/RENE-OROZCO.jpg&#8221; _builder_version=&#8221;4.18.1&#8243; _module_preset=&#8221;default&#8221; header_font=&#8221;Ubuntu||||||||&#8221; header_text_color=&#8221;#252944&#8243; header_font_size=&#8221;16px&#8221; body_font=&#8221;Ubuntu||||||||&#8221; body_text_color=&#8221;#252944&#8243; position_font=&#8221;Ubuntu||||||||&#8221; animation_style=&#8221;fade&#8221; global_colors_info=&#8221;{}&#8221;]<\/p>\n<p><strong>Tema: Informe OCDE<\/strong><\/p>\n<p>Economista para Am\u00e9rica Latina y el Caribe en el Centro de Desarrollo de la OCDE. Ha coordinado varias ediciones de Perspectivas Econ\u00f3micas de Am\u00e9rica Latina y Estad\u00edsticas Tributarias en Am\u00e9rica Latina y el Caribe, as\u00ed como otras publicaciones sobre Am\u00e9rica Latina.<\/p>\n<p>Es experto en econom\u00eda del desarrollo, crecimiento econ\u00f3mico y pol\u00edtica fiscal. Tiene un m\u00e1ster en Econom\u00eda por la Escuela de Econom\u00eda de Par\u00eds (Francia).<\/p>\n<p>[\/et_pb_team_member][et_pb_team_member name=&#8221;Valerie Cifuentes Mart\u00ednez (moderadora) &#8211; Econom\u00eda para la pipol&#8221; image_url=&#8221;https:\/\/micrositios.dian.gov.co\/cultura-de-contribucion\/wp-content\/uploads\/sites\/7\/2025\/05\/VALERIA-CIFUENTES.jpg&#8221; _builder_version=&#8221;4.18.1&#8243; _module_preset=&#8221;default&#8221; header_font=&#8221;Ubuntu||||||||&#8221; header_text_color=&#8221;#252944&#8243; header_font_size=&#8221;16px&#8221; body_font=&#8221;Ubuntu||||||||&#8221; body_text_color=&#8221;#252944&#8243; position_font=&#8221;Ubuntu||||||||&#8221; custom_padding=&#8221;||29px|||&#8221; animation_style=&#8221;fade&#8221; global_colors_info=&#8221;{}&#8221;]<\/p>\n<p>Periodista especializada en el cubrimiento de temas econ\u00f3micos y financieros. Es fundadora y directora creativa de Econom\u00eda para la pipol. Antes de dedicarse tiempo completo a la pipol, fue periodista econ\u00f3mica de Bloomberg L\u00ednea, Forbes Colombia, Portafolio de El Tiempo y La Rep\u00fablica.<\/p>\n<p>Estudi\u00f3 Comunicaci\u00f3n Social y Periodismo en Uninpahu y se especializ\u00f3 en marketing pol\u00edtico en la Universidad Externado de Colombia. Fue ganadora del premio de periodismo econ\u00f3mico de ANIF con Econom\u00eda para la pipol en 2023.<\/p>\n<p>[\/et_pb_team_member][et_pb_text _builder_version=&#8221;4.18.1&#8243; _module_preset=&#8221;default&#8221; text_font=&#8221;Ubuntu||||||||&#8221; text_text_color=&#8221;#2b323d&#8221; text_font_size=&#8221;16px&#8221; header_2_font=&#8221;Ubuntu|700|||||||&#8221; header_2_font_size=&#8221;22px&#8221; header_3_font=&#8221;Ubuntu||||||||&#8221; header_3_font_size=&#8221;19px&#8221; header_4_font=&#8221;Ubuntu||||||||&#8221; custom_margin=&#8221;20px||20px|||&#8221; custom_padding=&#8221;||40px|||&#8221; text_orientation_tablet=&#8221;center&#8221; text_orientation_phone=&#8221;left&#8221; text_orientation_last_edited=&#8221;on|phone&#8221; global_colors_info=&#8221;{}&#8221;]<\/p>\n<h3 style=\"text-align: left;\"><strong>Experiencias significativas: \u201cAprendiendo de Latinoam\u00e9rica\u201d<\/strong><\/h3>\n<p>[\/et_pb_text][et_pb_team_member name=&#8221;Helen Zamora Ulloa \u2013 Ministerio de Hacienda de Costa Rica&#8221; image_url=&#8221;https:\/\/micrositios.dian.gov.co\/cultura-de-contribucion\/wp-content\/uploads\/sites\/7\/2025\/05\/HELLEN-ZAMORA-ULLOA.jpg&#8221; _builder_version=&#8221;4.18.1&#8243; _module_preset=&#8221;default&#8221; header_font=&#8221;Ubuntu||||||||&#8221; header_text_color=&#8221;#252944&#8243; header_font_size=&#8221;16px&#8221; body_font=&#8221;Ubuntu||||||||&#8221; body_text_color=&#8221;#252944&#8243; position_font=&#8221;Ubuntu||||||||&#8221; animation_style=&#8221;fade&#8221; global_colors_info=&#8221;{}&#8221;]<\/p>\n<p><strong>Tema: Buenas pr\u00e1cticas de fomento del cumplimiento voluntario<\/strong><\/p>\n<p>M\u00e1ster en Administraci\u00f3n Educativa con 12 a\u00f1os de experiencia profesional en Educaci\u00f3n y Cultura Fiscal, comprometida con los procesos de formaci\u00f3n, capacitaci\u00f3n y sensibilizaci\u00f3n ciudadana; orientadas a fortalecer la responsabilidad social y econ\u00f3mica, desde una perspectiva educativa.<\/p>\n<p>Forma parte del equipo de la Direcci\u00f3n de Servicio al Contribuyente de la Direcci\u00f3n General de Tributaci\u00f3n del Ministerio de Hacienda de Costa Rica.<\/p>\n<p>[\/et_pb_team_member][et_pb_team_member name=&#8221;Catalina Soledad Caro Caro &#8211; Servicio de Impuestos Internos de Chile&#8221; image_url=&#8221;https:\/\/micrositios.dian.gov.co\/cultura-de-contribucion\/wp-content\/uploads\/sites\/7\/2025\/05\/CATALINA-CARO.jpg&#8221; _builder_version=&#8221;4.18.1&#8243; _module_preset=&#8221;default&#8221; header_font=&#8221;Ubuntu||||||||&#8221; header_text_color=&#8221;#252944&#8243; header_font_size=&#8221;16px&#8221; body_font=&#8221;Ubuntu||||||||&#8221; body_text_color=&#8221;#252944&#8243; position_font=&#8221;Ubuntu||||||||&#8221; animation_style=&#8221;fade&#8221; global_colors_info=&#8221;{}&#8221;]<\/p>\n<p><strong>Tema: Experiencia p\u00e1gina educativa \u201cComunidad SII\u201d y programa de televisi\u00f3n infantil \u201cCiudad Tributo\u201d<\/strong><\/p>\n<p>Periodista de profesi\u00f3n y Licenciada en Comunicaci\u00f3n Social.<\/p>\n<p>En el desarrollo de su carrera ha trabajado en medios de comunicaci\u00f3n, empresas privadas y organismos p\u00fablicos. Su principal foco es el desarrollo de contenidos, especializ\u00e1ndose en transformar contenido dif\u00edcil o t\u00e9cnico en f\u00e1cil y amigable, utilizando diversos formatos para entregar productos atractivos al p\u00fablico objetivo, considerando las caracter\u00edsticas particulares de cada uno de ellos.<\/p>\n<p>Desde su llegada al Servicio de Impuestos Internos ha trabajado junto a su equipo en el desarrollo de contenidos para contribuyentes y pre contribuyentes, con especial \u00e9nfasis en el p\u00fablico infantil, para el fomento de la cultura tributaria desde edades tempranas.<\/p>\n<p>[\/et_pb_team_member][et_pb_team_member name=&#8221;Angela Melva Cruzado Guevara &#8211; Superintendencia Nacional de Aduanas y de Administraci\u00f3n Tributaria \u2013 SUNAT \u2013 Per\u00fa&#8221; image_url=&#8221;https:\/\/micrositios.dian.gov.co\/cultura-de-contribucion\/wp-content\/uploads\/sites\/7\/2025\/05\/ANGELA-CRUZADO.jpg&#8221; _builder_version=&#8221;4.18.1&#8243; _module_preset=&#8221;default&#8221; header_font=&#8221;Ubuntu||||||||&#8221; header_text_color=&#8221;#252944&#8243; header_font_size=&#8221;16px&#8221; body_font=&#8221;Ubuntu||||||||&#8221; body_text_color=&#8221;#252944&#8243; position_font=&#8221;Ubuntu||||||||&#8221; animation_style=&#8221;fade&#8221; global_colors_info=&#8221;{}&#8221;]<\/p>\n<p><strong>Tema: Reconocimiento a la promoci\u00f3n de la cultura tributaria y aduanera \u201cPremios Trascendencia\u201d<\/strong><\/p>\n<p>Comunicadora social con 20 a\u00f1os de experiencia en el sector p\u00fablico en el desarrollo de estrategias de comunicaci\u00f3n y sensibilizaci\u00f3n internas y externas, gesti\u00f3n de la reputaci\u00f3n y desarrollo de campa\u00f1as de difusi\u00f3n y promoci\u00f3n. M\u00e1ster en Comunicaci\u00f3n Corporativa y Estrat\u00e9gica de la Universidad Internacional Valenciana (Espa\u00f1a) y con Especializaci\u00f3n en Marketing Estrat\u00e9gico por la Universidad del Pac\u00edfico de Per\u00fa.<\/p>\n<p>Actualmente se desarrolla como especialista de cultura tributaria y aduanera de la SUNAT.<\/p>\n<p>[\/et_pb_team_member][et_pb_team_member name=&#8221;Fernando Monsalve &#8211; Centro Educativo Newlove School &#8211; Galapa &#8211; Atl\u00e1ntico&#8221; image_url=&#8221;https:\/\/micrositios.dian.gov.co\/cultura-de-contribucion\/wp-content\/uploads\/sites\/7\/2025\/05\/FERNANDO-MONSALVE.jpg&#8221; _builder_version=&#8221;4.18.1&#8243; _module_preset=&#8221;default&#8221; header_font=&#8221;Ubuntu||||||||&#8221; header_text_color=&#8221;#252944&#8243; header_font_size=&#8221;16px&#8221; body_font=&#8221;Ubuntu||||||||&#8221; body_text_color=&#8221;#252944&#8243; position_font=&#8221;Ubuntu||||||||&#8221; animation_style=&#8221;fade&#8221; global_colors_info=&#8221;{}&#8221;]<\/p>\n<p><strong>Tema: Experiencia &#8211; Mundo de la contribuci\u00f3n: Una aventura escolar.<\/strong><\/p>\n<p>Docente, licenciado en Psicopedagog\u00eda y magister en Administraci\u00f3n y Supervisi\u00f3n Educativa.<\/p>\n<p>[\/et_pb_team_member][\/et_pb_column][\/et_pb_row][\/et_pb_section][et_pb_section fb_built=&#8221;1&#8243; admin_label=&#8221;#Bogota&#8221; module_id=&#8221;Bogota&#8221; module_class=&#8221;popup close-alt&#8221; _builder_version=&#8221;4.18.1&#8243; _module_preset=&#8221;default&#8221; background_color=&#8221;#FFFFFF&#8221; width=&#8221;91%&#8221; custom_padding=&#8221;40px|0px|40px|0px|true|false&#8221; da_is_popup=&#8221;on&#8221; da_popup_slug=&#8221;Bogota&#8221; da_alt_close=&#8221;on&#8221; da_disable_devices=&#8221;off|off|off&#8221; locked=&#8221;off&#8221; global_colors_info=&#8221;{}&#8221; da_exit_intent=&#8221;off&#8221; da_has_close=&#8221;on&#8221; da_dark_close=&#8221;off&#8221; da_not_modal=&#8221;on&#8221; da_is_singular=&#8221;off&#8221; da_with_loader=&#8221;off&#8221; da_has_shadow=&#8221;on&#8221;][et_pb_row _builder_version=&#8221;4.17.1&#8243; _module_preset=&#8221;default&#8221; custom_padding=&#8221;||6px|||&#8221; locked=&#8221;off&#8221; global_colors_info=&#8221;{}&#8221;][et_pb_column type=&#8221;4_4&#8243; _builder_version=&#8221;4.17.1&#8243; _module_preset=&#8221;default&#8221; global_colors_info=&#8221;{}&#8221;][et_pb_text _builder_version=&#8221;4.18.1&#8243; _module_preset=&#8221;default&#8221; text_font=&#8221;Ubuntu||||||||&#8221; text_text_color=&#8221;#2b323d&#8221; text_font_size=&#8221;16px&#8221; header_2_font=&#8221;Ubuntu|700|||||||&#8221; header_2_font_size=&#8221;22px&#8221; custom_margin=&#8221;20px|||||&#8221; text_orientation_tablet=&#8221;center&#8221; text_orientation_phone=&#8221;left&#8221; text_orientation_last_edited=&#8221;on|phone&#8221; global_colors_info=&#8221;{}&#8221;]<\/p>\n<h2 style=\"text-align: left;\"><strong>Perfil panelistas<\/strong><\/h2>\n<p style=\"text-align: left;\">Aprendiendo con la DIAN<\/p>\n<p>[\/et_pb_text][et_pb_divider color=&#8221;#41d78c&#8221; divider_weight=&#8221;4px&#8221; _builder_version=&#8221;4.18.1&#8243; _module_preset=&#8221;default&#8221; width=&#8221;18%&#8221; width_tablet=&#8221;47%&#8221; width_phone=&#8221;100%&#8221; width_last_edited=&#8221;on|phone&#8221; module_alignment=&#8221;left&#8221; custom_margin=&#8221;-23px||10px||false|false&#8221; global_colors_info=&#8221;{}&#8221;][\/et_pb_divider][dipl_interactive_image_card _builder_version=&#8221;4.18.1&#8243; _module_preset=&#8221;default&#8221; global_colors_info=&#8221;{}&#8221;][\/dipl_interactive_image_card][\/et_pb_column][\/et_pb_row][et_pb_row _builder_version=&#8221;4.17.1&#8243; _module_preset=&#8221;default&#8221; custom_padding=&#8221;40px||6px|||&#8221; locked=&#8221;off&#8221; global_colors_info=&#8221;{}&#8221;][et_pb_column type=&#8221;4_4&#8243; _builder_version=&#8221;4.17.1&#8243; _module_preset=&#8221;default&#8221; global_colors_info=&#8221;{}&#8221;][et_pb_team_member name=&#8221;Jos\u00e9 Fernando Sierra Faria &#8221; image_url=&#8221;https:\/\/micrositios.dian.gov.co\/cultura-de-contribucion\/wp-content\/uploads\/sites\/7\/2025\/05\/JOSE-FERNANDO-SIERRA-FARIA.jpg&#8221; _builder_version=&#8221;4.18.1&#8243; _module_preset=&#8221;default&#8221; header_font=&#8221;Ubuntu||||||||&#8221; header_text_color=&#8221;#252944&#8243; header_font_size=&#8221;16px&#8221; body_font=&#8221;Ubuntu||||||||&#8221; body_text_color=&#8221;#252944&#8243; position_font=&#8221;Ubuntu||||||||&#8221; animation_style=&#8221;fade&#8221; global_colors_info=&#8221;{}&#8221;]<\/p>\n<p><strong>Tema: Impuesto de Renta &#8211; Personas Naturales<\/strong><\/p>\n<p><strong>Lugar:<\/strong> Auditorio principal \u2013 Escuela DIAN<\/p>\n<p><strong>Horarios:<\/strong> 8:30 a 10:00 a. m. y\u00a0 2:30 a 4:00 p. m.\u00a0\u00a0\u00a0\u00a0\u00a0\u00a0\u00a0\u00a0\u00a0\u00a0\u00a0\u00a0\u00a0\u00a0\u00a0\u00a0\u00a0\u00a0\u00a0\u00a0\u00a0\u00a0\u00a0\u00a0\u00a0\u00a0\u00a0\u00a0\u00a0\u00a0\u00a0\u00a0\u00a0\u00a0\u00a0\u00a0\u00a0\u00a0\u00a0\u00a0\u00a0\u00a0\u00a0\u00a0\u00a0\u00a0\u00a0\u00a0\u00a0\u00a0\u00a0\u00a0\u00a0\u00a0\u00a0\u00a0\u00a0\u00a0\u00a0\u00a0\u00a0\u00a0\u00a0\u00a0\u00a0\u00a0\u00a0\u00a0\u00a0\u00a0\u00a0<\/p>\n<p>Abogado de la Universidad del Norte, especialista en Derecho Tributario de la Universidad Pontificia Javeriana, maestrando en Derecho del Estado con \u00c9nfasis en Tributaci\u00f3n de la Universidad Externado de Colombia. Se desempe\u00f1\u00f3 como docente de postgrado en las universidades: Pedag\u00f3gica y Tecnol\u00f3gica de Colombia, de Catalu\u00f1a y Militar Nueva Granada.<\/p>\n<p>Actualmente se desempe\u00f1a como Asesor de la Direcci\u00f3n de Gesti\u00f3n de Impuestos de la DIAN. Fue Subdirector de Servicio al Ciudadano en Asuntos Tributarios, Abogado revisor de la Divisi\u00f3n de Fiscalizaci\u00f3n y Liquidaci\u00f3n Tributaria Intensiva para Personas Jur\u00eddicas y Asimiladas, abogado revisor de la Divisi\u00f3n de Gesti\u00f3n de liquidaci\u00f3n de la Direcci\u00f3n Seccional de Impuesto de Bogot\u00e1.<\/p>\n<p>[\/et_pb_team_member][et_pb_team_member name=&#8221;Nidia Milena Fern\u00e1ndez Gonz\u00e1lez&#8221; image_url=&#8221;https:\/\/micrositios.dian.gov.co\/cultura-de-contribucion\/wp-content\/uploads\/sites\/7\/2025\/05\/NIDIA-MILENA-FERNANDEZ-GONZALEZ.jpg&#8221; _builder_version=&#8221;4.18.1&#8243; _module_preset=&#8221;default&#8221; header_font=&#8221;Ubuntu||||||||&#8221; header_text_color=&#8221;#252944&#8243; header_font_size=&#8221;16px&#8221; body_font=&#8221;Ubuntu||||||||&#8221; body_text_color=&#8221;#252944&#8243; position_font=&#8221;Ubuntu||||||||&#8221; animation_style=&#8221;fade&#8221; global_colors_info=&#8221;{}&#8221;]<\/p>\n<p><strong>Tema: Factura Electr\u00f3nica<\/strong><\/p>\n<p><strong>Lugar:<\/strong> Auditorio principal \u2013 Escuela DIAN\u00a0<strong>Horario: <\/strong>10:30 a 12:00 m<\/p>\n<p><strong>Lugar: <\/strong>Aula 103\u00a0 <strong>Horario<\/strong>: 2:30 a 4:00 p. m.<\/p>\n<p>Ingeniera de Sistemas, MBA con \u00e9nfasis en negocios digitales, especialista en Derecho Tributario, conferencista. Cuenta con m\u00e1s de 10 a\u00f1os de experiencia como funcionaria en la Subdirecci\u00f3n de Factura electr\u00f3nica en la DIAN.<\/p>\n<p>[\/et_pb_team_member][et_pb_team_member name=&#8221;V\u00edctor Alfonso Garc\u00eda Ayola&#8221; image_url=&#8221;https:\/\/micrositios.dian.gov.co\/cultura-de-contribucion\/wp-content\/uploads\/sites\/7\/2025\/05\/VICTOR-GARCIA.jpg&#8221; _builder_version=&#8221;4.18.1&#8243; _module_preset=&#8221;default&#8221; header_font=&#8221;Ubuntu||||||||&#8221; header_text_color=&#8221;#252944&#8243; header_font_size=&#8221;16px&#8221; body_font=&#8221;Ubuntu||||||||&#8221; body_text_color=&#8221;#252944&#8243; position_font=&#8221;Ubuntu||||||||&#8221; animation_style=&#8221;fade&#8221; global_colors_info=&#8221;{}&#8221;]<\/p>\n<p><strong>Tema: <\/strong>Impuesto de Renta Personas Jur\u00eddicas<strong>\u00a0Horario: <\/strong>8:30 a 10:00 a. m.<\/p>\n<p><strong>Tema: <\/strong>Conciliaci\u00f3n fiscal <strong>Horario: <\/strong>2:30 a 4:00 p. m.<\/p>\n<p><strong>Lugar:<\/strong> Aula 101 \u2013 Escuela DIAN<\/p>\n<p>Contador P\u00fablico de la Fundaci\u00f3n Universitaria Tecnol\u00f3gico Comfenalco de, Cartagena; especialista en Finanzas de la Universidad de Cartagena; especialista en Tributaci\u00f3n de la Universidad del Norte de Barranquilla y mag\u00edster en Tributaci\u00f3n y Aduanas de la Universidad del Norte, Barranquilla.<\/p>\n<p>Con experiencia de 8 a\u00f1os en asesor\u00eda a empresas del sector privado con relaci\u00f3n a la optimizaci\u00f3n fiscal, planeaci\u00f3n financiera y cumplimiento tributario y enfoque en soluciones estrat\u00e9gicas. Actualmente es funcionario del Despacho de la Subdirecci\u00f3n de Servicio al Ciudadano en Asuntos Tributarios.<\/p>\n<p>[\/et_pb_team_member][et_pb_team_member name=&#8221;Tom\u00e1s Jaramillo Quintero&#8221; image_url=&#8221;https:\/\/micrositios.dian.gov.co\/cultura-de-contribucion\/wp-content\/uploads\/sites\/7\/2025\/05\/TOMAS-JARAMILLO.jpg&#8221; _builder_version=&#8221;4.18.1&#8243; _module_preset=&#8221;default&#8221; header_font=&#8221;Ubuntu||||||||&#8221; header_text_color=&#8221;#252944&#8243; header_font_size=&#8221;16px&#8221; body_font=&#8221;Ubuntu||||||||&#8221; body_text_color=&#8221;#252944&#8243; position_font=&#8221;Ubuntu||||||||&#8221; animation_style=&#8221;fade&#8221; global_colors_info=&#8221;{}&#8221;]<\/p>\n<p><strong>Tema: Impuesto m\u00ednimo de renta<\/strong><\/p>\n<p><strong>Lugar:<\/strong> Aula 101 \u2013 Escuela DIAN<\/p>\n<p><strong>Horario:<\/strong> 10:30 a 12:00 m<\/p>\n<p>Abogado, con estudios en contadur\u00eda p\u00fablica con \u00e9nfasis en tributaci\u00f3n. Magister en Derecho Econ\u00f3mico de la Universidad Javeriana, certificado en NIIF por ICAEW. Trabaj\u00f3 en firmas de abogados en las \u00e1reas de derecho laboral, societario, comercio exterior y derecho tributario. En la DIAN ha trabajado en la Subdirecci\u00f3n de Normativa y Doctrina y en el despacho de la Direcci\u00f3n de Gesti\u00f3n Jur\u00eddica, en donde actualmente est\u00e1 comisionado. Es profesor de Hacienda P\u00fablica y An\u00e1lisis Econ\u00f3mico del Derecho y Derecho Tributario de las Universidades Javeriana, Libre y el CESA.<\/p>\n<p>[\/et_pb_team_member][et_pb_team_member name=&#8221;Ingrid Casta\u00f1eda Cepeda&#8221; image_url=&#8221;https:\/\/micrositios.dian.gov.co\/cultura-de-contribucion\/wp-content\/uploads\/sites\/7\/2025\/05\/INGRID-CASTANEDA.jpg&#8221; _builder_version=&#8221;4.18.1&#8243; _module_preset=&#8221;default&#8221; header_font=&#8221;Ubuntu||||||||&#8221; header_text_color=&#8221;#252944&#8243; header_font_size=&#8221;16px&#8221; body_font=&#8221;Ubuntu||||||||&#8221; body_text_color=&#8221;#252944&#8243; position_font=&#8221;Ubuntu||||||||&#8221; animation_style=&#8221;fade&#8221; global_colors_info=&#8221;{}&#8221;]<\/p>\n<p><strong>Tema: Impuesto de Timbre (Decreto de emergencia Catatumbo)<\/strong><\/p>\n<p><strong>Lugar:<\/strong> 103 \u2013 Escuela DIAN<\/p>\n<p><strong>Horarios:<\/strong> 8:30 a 10:00 a. m. y 10:30 a 12:00 m<\/p>\n<p>Abogada de la Universidad del Rosario, con especializaci\u00f3n en Derecho Tributario y estudios en Derecho de la Empresa de la misma universidad; Maestr\u00eda en Derecho del Estado con \u00c9nfasis en Tributaci\u00f3n de la Universidad Externado de Colombia; cursos en Derecho Tributario Internacional de la Universidad de Maastricht.<\/p>\n<p>Vinculada a la Direcci\u00f3n de Gesti\u00f3n Jur\u00eddica de la DIAN &#8211; Subdirecci\u00f3n de Normativa y Doctrina desde hace m\u00e1s de 10 a\u00f1os, experiencia laboral previa en el sector privado a trav\u00e9s de una firma de consultor\u00eda tributaria y el \u00e1rea de impuestos de un grupo empresarial. En la actualidad es Subdirectora Asignada de Normativa y Doctrina.<\/p>\n<p>[\/et_pb_team_member][et_pb_team_member name=&#8221;Mario Andr\u00e9s Hernandez Cruz&#8221; image_url=&#8221;https:\/\/micrositios.dian.gov.co\/cultura-de-contribucion\/wp-content\/uploads\/sites\/7\/2025\/05\/MARIO-HERNANDEZ.jpg&#8221; _builder_version=&#8221;4.18.1&#8243; _module_preset=&#8221;default&#8221; header_font=&#8221;Ubuntu||||||||&#8221; header_text_color=&#8221;#252944&#8243; header_font_size=&#8221;16px&#8221; body_font=&#8221;Ubuntu||||||||&#8221; body_text_color=&#8221;#252944&#8243; position_font=&#8221;Ubuntu||||||||&#8221; animation_style=&#8221;fade&#8221; global_colors_info=&#8221;{}&#8221;]<\/p>\n<p><strong>Tema: Devoluciones<\/strong><\/p>\n<p><strong>Lugar:<\/strong> Aula 106 \u2013 Escuela DIAN<\/p>\n<p><strong>Horarios:<\/strong> 8:30 a 10:00 a. m. &#8211; 10:30 a 12:00 m. y 2:30 a 4:00 p. m.<\/p>\n<p>Abogado de la Universidad Externado de Colombia, especialista en Derecho Tributario y Candidato a Magister en Derecho del Estado con \u00e9nfasis en tributaci\u00f3n de la misma casa de estudios. Cuenta con 9 a\u00f1os de experiencia en el sector privado y p\u00fablico.<\/p>\n<p>[\/et_pb_team_member][et_pb_team_member name=&#8221;Francy Carolina T\u00e9llez Sierra&#8221; image_url=&#8221;https:\/\/micrositios.dian.gov.co\/cultura-de-contribucion\/wp-content\/uploads\/sites\/7\/2025\/05\/FRANCY-CAROLINA-TELLEZ-SIERRA.jpg&#8221; _builder_version=&#8221;4.18.1&#8243; _module_preset=&#8221;default&#8221; header_font=&#8221;Ubuntu||||||||&#8221; header_text_color=&#8221;#252944&#8243; header_font_size=&#8221;16px&#8221; body_font=&#8221;Ubuntu||||||||&#8221; body_text_color=&#8221;#252944&#8243; position_font=&#8221;Ubuntu||||||||&#8221; animation_style=&#8221;fade&#8221; global_colors_info=&#8221;{}&#8221;]<\/p>\n<p><strong>Tema: Informaci\u00f3n Ex\u00f3gena<\/strong><\/p>\n<p><strong>Lugar:<\/strong> Aula 102 \u2013 Escuela DIAN<\/p>\n<p><strong>Horarios:<\/strong> 8:30 a 10:00 a. m. &#8211; 10:30 a 12:00 m. y 2:30 a 4:00 p. m.<\/p>\n<p>Contadora P\u00fablica de la Universidad Nacional de Colombia. M\u00e1ster en Derecho Econ\u00f3mico de la Universidad Externado de Colombia y candidata a M\u00e1ster en Transformaci\u00f3n Digital en la Empresa de la Universidad Internacional de la Rioja.<\/p>\n<p>Vinculada a la Direcci\u00f3n de Impuestos y Aduanas Nacionales desde el a\u00f1o 2004. Experiencia profesional como Coordinadora de An\u00e1lisis y Gesti\u00f3n Contable de la Funci\u00f3n Pagadora, as\u00ed como en \u00e1reas de auditor\u00eda de registro y fiscalizaci\u00f3n aduanera y labores de anal\u00edtica de datos para el perfilamiento de riesgo en procesos de selectividad aduanera y selecci\u00f3n de casos para fiscalizaci\u00f3n tributaria y cambiaria.<\/p>\n<p>[\/et_pb_team_member][et_pb_team_member name=&#8221;Yolimar Izquierdo Ramos&#8221; image_url=&#8221;https:\/\/micrositios.dian.gov.co\/cultura-de-contribucion\/wp-content\/uploads\/sites\/7\/2025\/05\/YOLIMAR-IZQUIERDO.jpg&#8221; _builder_version=&#8221;4.18.1&#8243; _module_preset=&#8221;default&#8221; header_font=&#8221;Ubuntu||||||||&#8221; header_text_color=&#8221;#252944&#8243; header_font_size=&#8221;16px&#8221; body_font=&#8221;Ubuntu||||||||&#8221; body_text_color=&#8221;#252944&#8243; position_font=&#8221;Ubuntu||||||||&#8221; animation_style=&#8221;fade&#8221; global_colors_info=&#8221;{}&#8221;]<\/p>\n<p><strong>Tema: R\u00e9gimen Simple de Tributaci\u00f3n (RST)<\/strong><\/p>\n<p><strong>Lugar:<\/strong> Aula 109 \u2013 Escuela DIAN<\/p>\n<p><strong>Horarios:<\/strong> 8:30 a 10:00 a. m. &#8211; 10:30 a 12:00 m. y 2:30 a 4:00 p. m.<\/p>\n<p>Abogada de la Universidad Sergio Arboleda, con especializaci\u00f3n en Derecho comercial y financiero de la misma casa de estudios. Magister en Derecho de la Empresa y de los Negocios de la Universidad de la Sabana<\/p>\n<p>Con m\u00e1s de 15 a\u00f1os de experiencia como abogada en el sector privado, con enfoque en derecho corporativo, derecho comercial, planeaci\u00f3n tributaria, y participaci\u00f3n activa en reestructuraci\u00f3n empresarial.<\/p>\n<p>Actualmente servidora p\u00fablica de la Subdirecci\u00f3n para el Impulso para la Formalizaci\u00f3n Tributaria de la DIAN.<\/p>\n<p>[\/et_pb_team_member][\/et_pb_column][\/et_pb_row][\/et_pb_section][et_pb_section fb_built=&#8221;1&#8243; admin_label=&#8221;#Insituciones&#8221; module_id=&#8221;Insituciones&#8221; module_class=&#8221;popup close-alt&#8221; _builder_version=&#8221;4.18.1&#8243; _module_preset=&#8221;default&#8221; background_color=&#8221;#FFFFFF&#8221; width=&#8221;91%&#8221; custom_padding=&#8221;0px|0px|0px|0px|true|false&#8221; da_is_popup=&#8221;on&#8221; da_popup_slug=&#8221;Insituciones&#8221; da_alt_close=&#8221;on&#8221; da_disable_devices=&#8221;off|off|off&#8221; locked=&#8221;off&#8221; global_colors_info=&#8221;{}&#8221; da_exit_intent=&#8221;off&#8221; da_has_close=&#8221;on&#8221; da_dark_close=&#8221;off&#8221; da_not_modal=&#8221;on&#8221; da_is_singular=&#8221;off&#8221; da_with_loader=&#8221;off&#8221; da_has_shadow=&#8221;on&#8221;][et_pb_row _builder_version=&#8221;4.18.1&#8243; _module_preset=&#8221;default&#8221; background_color=&#8221;#FFFFFF&#8221; custom_padding=&#8221;25px|0px|25px|0px|true|true&#8221; global_colors_info=&#8221;{}&#8221;][et_pb_column type=&#8221;4_4&#8243; _builder_version=&#8221;4.16&#8243; _module_preset=&#8221;default&#8221; global_colors_info=&#8221;{}&#8221;][et_pb_text _builder_version=&#8221;4.18.1&#8243; _module_preset=&#8221;default&#8221; text_font=&#8221;Ubuntu||||||||&#8221; text_text_color=&#8221;#2b323d&#8221; text_font_size=&#8221;16px&#8221; header_2_font=&#8221;Ubuntu|700|||||||&#8221; header_2_font_size=&#8221;22px&#8221; custom_margin=&#8221;20px|||||&#8221; text_orientation_tablet=&#8221;center&#8221; text_orientation_phone=&#8221;left&#8221; text_orientation_last_edited=&#8221;on|phone&#8221; locked=&#8221;off&#8221; global_colors_info=&#8221;{}&#8221;]<\/p>\n<h2 style=\"text-align: left;\"><strong>Instituciones educativas participantes\u00a0<\/strong><\/h2>\n<p style=\"text-align: left;\">Jornada pedag\u00f3gica: &#8220;Aprendiendo en la escuela&#8221; &#8211; Programa Cultura de la Contribuci\u00f3n en la Escuela &#8211; CCE<\/p>\n<p>[\/et_pb_text][et_pb_divider color=&#8221;#41d78c&#8221; divider_weight=&#8221;4px&#8221; _builder_version=&#8221;4.18.1&#8243; _module_preset=&#8221;default&#8221; width=&#8221;74%&#8221; width_tablet=&#8221;47%&#8221; width_phone=&#8221;100%&#8221; width_last_edited=&#8221;on|phone&#8221; module_alignment=&#8221;left&#8221; custom_margin=&#8221;-23px||10px||false|false&#8221; locked=&#8221;off&#8221; global_colors_info=&#8221;{}&#8221;][\/et_pb_divider][et_pb_text _builder_version=&#8221;4.18.1&#8243; _module_preset=&#8221;default&#8221; text_font=&#8221;Ubuntu||||||||&#8221; text_text_color=&#8221;#252944&#8243; global_colors_info=&#8221;{}&#8221;]<\/p>\n<table width=\"800\" style=\"height: 1920px; width: 800px;\">\n<tbody>\n<tr style=\"height: 48px;\">\n<td style=\"text-align: center; height: 48px; width: 267.859px;\"><strong>DIRECCI\u00d3N SECCIONAL\u00a0<\/strong><\/td>\n<td style=\"text-align: center; height: 48px; width: 260.078px;\"><strong>NOMBRE INSTITUCI\u00d3N EDUCATIVA\u00a0<\/strong><\/td>\n<td style=\"text-align: center; height: 48px; width: 118px;\"><strong>NATURALEZA DE LA IE<\/strong><\/td>\n<td style=\"text-align: center; height: 48px; width: 255.688px;\"><strong>DIRECCI\u00d3N<\/strong><\/td>\n<td style=\"text-align: center; height: 48px; width: 128px;\"><strong>CIUDAD<\/strong><\/td>\n<td style=\"text-align: center; height: 48px; width: 188.375px;\"><strong>HORA<\/strong><\/td>\n<\/tr>\n<tr style=\"height: 48px;\">\n<td style=\"height: 48px; width: 267.859px;\">Direcci\u00f3n Seccional de Impuestos y Aduanas de Girardot<\/td>\n<td style=\"height: 48px; width: 260.078px;\">Colegio Liceo Moderno de Girardot<\/td>\n<td style=\"height: 48px; width: 118px;\">Privada<\/td>\n<td style=\"height: 48px; width: 255.688px;\">Cra 7A No. 30 &#8211; 102 B\/ La Magdalena, Girardot<\/td>\n<td style=\"height: 48px; width: 128px;\">Girardot<\/td>\n<td style=\"height: 48px; width: 188.375px;\">08:00 a.m.<\/td>\n<\/tr>\n<tr style=\"height: 72px;\">\n<td style=\"height: 72px; width: 267.859px;\">Direcci\u00f3n Seccional Delegada de Impuestos y Aduanas de Puerto In\u00edrida<\/td>\n<td style=\"height: 72px; width: 260.078px;\">I.E.D LUIS CARLOS GALAN SARMIENTO<\/td>\n<td style=\"height: 72px; width: 118px;\">P\u00fablica<\/td>\n<td style=\"height: 72px; width: 255.688px;\">Kr 17 #7 &#8211;\u00a0 06<\/td>\n<td style=\"height: 72px; width: 128px;\">In\u00edrida<\/td>\n<td style=\"height: 72px; width: 188.375px;\">08:00 a.m.<\/td>\n<\/tr>\n<tr style=\"height: 48px;\">\n<td style=\"height: 48px; width: 267.859px;\">Direcci\u00f3n Seccional de Impuestos y Aduanas de Ipiales<\/td>\n<td style=\"height: 48px; width: 260.078px;\">Instituci\u00f3n Eductiva Sucre Ipiales<\/td>\n<td style=\"height: 48px; width: 118px;\">P\u00fablica<\/td>\n<td style=\"height: 48px; width: 255.688px;\">Carrera 6 N\u00b0 24 A 48<\/td>\n<td style=\"height: 48px; width: 128px;\">Ipiales<\/td>\n<td style=\"height: 48px; width: 188.375px;\">9:00 a 10:30 a.m.<\/td>\n<\/tr>\n<tr style=\"height: 72px;\">\n<td style=\"height: 72px; width: 267.859px;\">Direcci\u00f3n Seccional Delegada de Impuestos y Aduanas de Pamplona<\/td>\n<td style=\"height: 72px; width: 260.078px;\">INSTITUCI\u00d3N EDUCATIVA BRIGHTON PAMPLONA<\/td>\n<td style=\"height: 72px; width: 118px;\">P\u00fablica<\/td>\n<td style=\"height: 72px; width: 255.688px;\">CR 4\u00a0\u00a0 6\u00a0\u00a0 84\u00a0\u00a0 SEDE RAFAEL AFANADOR Y CADENA \/ CR 9 CL 9 ESQ BRR CARMELITANO<\/td>\n<td style=\"height: 72px; width: 128px;\">Pamplona<\/td>\n<td style=\"height: 72px; width: 188.375px;\">10:30 a.m.<\/td>\n<\/tr>\n<tr style=\"height: 72px;\">\n<td style=\"height: 72px; width: 267.859px;\">Direcci\u00f3n Seccional Delegada de Impuestos y Aduanas de Puerto Carre\u00f1o<\/td>\n<td style=\"height: 72px; width: 260.078px;\">institucion Educativa Eduardo Carranza<\/td>\n<td style=\"height: 72px; width: 118px;\">P\u00fablica<\/td>\n<td style=\"height: 72px; width: 255.688px;\">Cl 18 # 22 &#8211; 10<\/td>\n<td style=\"height: 72px; width: 128px;\">Puerto Carre\u00f1o<\/td>\n<td style=\"height: 72px; width: 188.375px;\">8:00 a.m. a 12:00 m.<\/td>\n<\/tr>\n<tr style=\"height: 48px;\">\n<td style=\"height: 48px; width: 267.859px;\">Direcci\u00f3n Seccional de Impuestos y Aduanas de San Andr\u00e9s<\/td>\n<td style=\"height: 48px; width: 260.078px;\">Institucion educativa Tecnico Departamental Natania<\/td>\n<td style=\"height: 48px; width: 118px;\">P\u00fablica<\/td>\n<td style=\"height: 48px; width: 255.688px;\">IND Barrio Natania 5ta. etapa<\/td>\n<td style=\"height: 48px; width: 128px;\">San Andres Isla<\/td>\n<td style=\"height: 48px; width: 188.375px;\">8:30 a 10:00 a.m.<\/td>\n<\/tr>\n<tr style=\"height: 48px;\">\n<td style=\"height: 48px; width: 267.859px;\">Direcci\u00f3n Seccional de Impuestos y Aduanas de Sogamoso<\/td>\n<td style=\"height: 48px; width: 260.078px;\">LICEO COOPERATIVO CAMPESTRE<\/td>\n<td style=\"height: 48px; width: 118px;\">Privada<\/td>\n<td style=\"height: 48px; width: 255.688px;\">Cra. 4 #1A-21 sector Monquir\u00e1<\/td>\n<td style=\"height: 48px; width: 128px;\">Sogamoso<\/td>\n<td style=\"height: 48px; width: 188.375px;\">9:00\u00a0 a 10:00 a.m.<\/td>\n<\/tr>\n<tr style=\"height: 48px;\">\n<td style=\"height: 48px; width: 267.859px;\">Direcci\u00f3n Seccional de Impuestos y Aduanas de Tulu\u00e1<\/td>\n<td style=\"height: 48px; width: 260.078px;\">IE Moderna<\/td>\n<td style=\"height: 48px; width: 118px;\">P\u00fablica<\/td>\n<td style=\"height: 48px; width: 255.688px;\">Calle 27 N\u00b0 6AW &#8211; 240<\/td>\n<td style=\"height: 48px; width: 128px;\">Tulu\u00e1<\/td>\n<td style=\"height: 48px; width: 188.375px;\">8:00 A.M.<\/td>\n<\/tr>\n<tr style=\"height: 48px;\">\n<td style=\"height: 48px; width: 267.859px;\">Direcci\u00f3n Seccional de Impuestos y Aduanas de Tumaco<\/td>\n<td style=\"height: 48px; width: 260.078px;\">IE Robert Mario Bischoff<\/td>\n<td style=\"height: 48px; width: 118px;\">P\u00fablica<\/td>\n<td style=\"height: 48px; width: 255.688px;\">IND AVENIDA LA PLAYA BARRIO TRES CRUCES<\/td>\n<td style=\"height: 48px; width: 128px;\">San Andr\u00e9s de Tumaco<\/td>\n<td style=\"height: 48px; width: 188.375px;\">2:00 p.m. a 5:00 p.m.<\/td>\n<\/tr>\n<tr style=\"height: 48px;\">\n<td style=\"height: 48px; width: 267.859px;\">Direcci\u00f3n Seccional de Impuestos de Barranquilla<\/td>\n<td style=\"height: 48px; width: 260.078px;\">COLEGIO HEBREO UNI\u00d3N<\/td>\n<td style=\"height: 48px; width: 118px;\">PRIVADA<\/td>\n<td style=\"height: 48px; width: 255.688px;\">Cra. 43 No. 85 \u2013 25, Barranquilla<\/td>\n<td style=\"height: 48px; width: 128px;\">Barranquilla<\/td>\n<td style=\"height: 48px; width: 188.375px;\">7:30am a 10:30am<\/td>\n<\/tr>\n<tr style=\"height: 48px;\">\n<td rowspan=\"2\" style=\"height: 72px; width: 267.859px;\">Direcci\u00f3n Seccional de Impuestos de Bogot\u00e1<\/td>\n<td style=\"height: 48px; width: 260.078px;\">COLEGIO CULTURA POPULAR<\/td>\n<td style=\"height: 48px; width: 118px;\">P\u00daBLICA<\/td>\n<td style=\"height: 48px; width: 255.688px;\">Cra 51 N # 16-64 sur Puente Aranda<\/td>\n<td style=\"height: 48px; width: 128px;\">Bogot\u00e1<\/td>\n<td style=\"height: 48px; width: 188.375px;\">8:00 &#8211; 10:00 a.m.<\/td>\n<\/tr>\n<tr style=\"height: 24px;\">\n<td style=\"height: 24px; width: 260.078px;\">COLEGIO HUNZA (IED)<\/td>\n<td style=\"height: 24px; width: 118px;\">P\u00daBLICA<\/td>\n<td style=\"height: 24px; width: 255.688px;\">Calle 128 B No. 87D-05<\/td>\n<td style=\"height: 24px; width: 128px;\">Bogot\u00e1<\/td>\n<td style=\"height: 24px; width: 188.375px;\">8:50 &#8211; 10:20\u00a0 a.m.<\/td>\n<\/tr>\n<tr style=\"height: 24px;\">\n<td rowspan=\"2\" style=\"height: 72px; width: 267.859px;\">Direcci\u00f3n Seccional de Impuestos de Cali<\/td>\n<td style=\"height: 24px; width: 260.078px;\">I.E BOYACA<\/td>\n<td style=\"height: 24px; width: 118px;\">P\u00daBLICA<\/td>\n<td style=\"height: 24px; width: 255.688px;\">Cra. 33a #25<\/td>\n<td style=\"height: 24px; width: 128px;\">Cali<\/td>\n<td style=\"height: 24px; width: 188.375px;\">2 pm -5:00 pm<\/td>\n<\/tr>\n<tr style=\"height: 48px;\">\n<td style=\"height: 48px; width: 260.078px;\">INSTITUCI\u00d3N EDUCATIVA AGUST\u00cdN NIETO CABALLERO<\/td>\n<td style=\"height: 48px; width: 118px;\">P\u00daBLICA<\/td>\n<td style=\"height: 48px; width: 255.688px;\">Calle 26C # 44-00<\/td>\n<td style=\"height: 48px; width: 128px;\">Cali<\/td>\n<td style=\"height: 48px; width: 188.375px;\">8:00 &#8211; 10:00 a.m.<\/td>\n<\/tr>\n<tr style=\"height: 48px;\">\n<td style=\"height: 48px; width: 267.859px;\">Direcci\u00f3n Seccional de Impuestos de Cartagena<\/td>\n<td style=\"height: 48px; width: 260.078px;\">COLEGIO ADVENTISTA DE CARTAGENA<\/td>\n<td style=\"height: 48px; width: 118px;\">PRIVADA<\/td>\n<td style=\"height: 48px; width: 255.688px;\">Calle 30 Carrera 32-13 sector alcibia, Pedro de heredia<\/td>\n<td style=\"height: 48px; width: 128px;\">Cartagena<\/td>\n<td style=\"height: 48px; width: 188.375px;\">8:00 a.m. a 10: 00 a.m.<\/td>\n<\/tr>\n<tr style=\"height: 48px;\">\n<td style=\"height: 48px; width: 267.859px;\">Direcci\u00f3n Seccional de Impuestos de C\u00facuta<\/td>\n<td style=\"height: 48px; width: 260.078px;\">COLEGIO MI SENDERITO<\/td>\n<td style=\"height: 48px; width: 118px;\">PRIVADA<\/td>\n<td style=\"height: 48px; width: 255.688px;\">Calle 16 No. 4-59 Barrio Aeropuerto<\/td>\n<td style=\"height: 48px; width: 128px;\">C\u00facuta<\/td>\n<td style=\"height: 48px; width: 188.375px;\">8:00 am &#8211; 12:00 m<\/td>\n<\/tr>\n<tr style=\"height: 72px;\">\n<td style=\"height: 72px; width: 267.859px;\">Direcci\u00f3n Seccional de Impuestos de Medell\u00edn<\/td>\n<td style=\"height: 72px; width: 260.078px;\">INSTITUCION EDUCATIVA PBRO ANTONIO JOSE BERNAL LONDO\u00d1O SJ<\/td>\n<td style=\"height: 72px; width: 118px;\">P\u00daBLICA<\/td>\n<td style=\"height: 72px; width: 255.688px;\">CL 105 A 63 A 200 Comuna 5 Castilla<\/td>\n<td style=\"height: 72px; width: 128px;\">Medell\u00edn<\/td>\n<td style=\"height: 72px; width: 188.375px;\">9:00 am a 11:00 am<\/td>\n<\/tr>\n<tr style=\"height: 48px;\">\n<td style=\"height: 48px; width: 267.859px;\">Direcci\u00f3n Seccional de Impuestos y Aduanas de Barrancabermeja<\/td>\n<td style=\"height: 48px; width: 260.078px;\">CENTRO ESCOLAR MIS PRIMEROS AMIGOS<\/td>\n<td style=\"height: 48px; width: 118px;\">PRIVADA<\/td>\n<td style=\"height: 48px; width: 255.688px;\">Carrera 20 # 45-36<\/td>\n<td style=\"height: 48px; width: 128px;\">Barrancabermeja<\/td>\n<td style=\"height: 48px; width: 188.375px;\">10:30 a.m. a 12:00 m.<\/td>\n<\/tr>\n<tr style=\"height: 48px;\">\n<td style=\"height: 48px; width: 267.859px;\">Direcci\u00f3n Seccional de Impuestos y Aduanas de Bucaramanga<\/td>\n<td style=\"height: 48px; width: 260.078px;\">COLEGIO SANTISIMA TRINIDAD<\/td>\n<td style=\"height: 48px; width: 118px;\">PRIVADA<\/td>\n<td style=\"height: 48px; width: 255.688px;\">Cll 28 # 21-41<\/td>\n<td style=\"height: 48px; width: 128px;\">Bucaramanga<\/td>\n<td style=\"height: 48px; width: 188.375px;\">8:00 am a 12:00 pm<\/td>\n<\/tr>\n<tr style=\"height: 48px;\">\n<td style=\"height: 48px; width: 267.859px;\">Direcci\u00f3n Seccional de Impuestos y Aduanas de Buenaventura<\/td>\n<td style=\"height: 48px; width: 260.078px;\">COLEGIO LAS MERCEDES<\/td>\n<td style=\"height: 48px; width: 118px;\">PRIVADA<\/td>\n<td style=\"height: 48px; width: 255.688px;\">CL 7 A # 3 -131<\/td>\n<td style=\"height: 48px; width: 128px;\">Buenaventura<\/td>\n<td style=\"height: 48px; width: 188.375px;\">8:00 a.m.<\/td>\n<\/tr>\n<tr style=\"height: 48px;\">\n<td style=\"height: 48px; width: 267.859px;\">Direcci\u00f3n Seccional de Impuestos y Aduanas de Florencia<\/td>\n<td style=\"height: 48px; width: 260.078px;\">INSTITUCION EDUCATIVA BELLO HORIZONTE<\/td>\n<td style=\"height: 48px; width: 118px;\">P\u00daBLICA<\/td>\n<td style=\"height: 48px; width: 255.688px;\">CL 16 9 44<\/td>\n<td style=\"height: 48px; width: 128px;\">Florencia<\/td>\n<td style=\"height: 48px; width: 188.375px;\">2:30 p.m. a 5:30 p.m.<\/td>\n<\/tr>\n<tr style=\"height: 72px;\">\n<td style=\"height: 72px; width: 267.859px;\">Direcci\u00f3n Seccional de Impuestos y Aduanas de Ibagu\u00e9<\/td>\n<td style=\"height: 72px; width: 260.078px;\">INS1. INSTITUCI\u00d3N EDUCATIVA AUGUSTO E. MEDINA DE COMFENALCO<\/td>\n<td style=\"height: 72px; width: 118px;\">PRIVADA<\/td>\n<td style=\"height: 72px; width: 255.688px;\">Calle 125\u00a0 No 18 sur-96 Ciudadela Comfenalco Ibagu\u00e9<\/td>\n<td style=\"height: 72px; width: 128px;\">Ibagu\u00e9<\/td>\n<td style=\"height: 72px; width: 188.375px;\">9:45 a.m. &#8211; 10:45 a.m.<\/td>\n<\/tr>\n<tr style=\"height: 48px;\">\n<td style=\"height: 48px; width: 267.859px;\">Direcci\u00f3n Seccional de Impuestos y Aduanas de Manizales<\/td>\n<td style=\"height: 48px; width: 260.078px;\">INSTITUCI\u00d3N EDUCATIVA BOSQUES DEL NORTEORTE<\/td>\n<td style=\"height: 48px; width: 118px;\">P\u00daBLICA<\/td>\n<td style=\"height: 48px; width: 255.688px;\">Cl 48 E Cr3 F, Cra. 3g #48f-67<\/td>\n<td style=\"height: 48px; width: 128px;\">Manizales<\/td>\n<td style=\"height: 48px; width: 188.375px;\">9:00 a.m. a 12:00 m.<\/td>\n<\/tr>\n<tr style=\"height: 48px;\">\n<td style=\"height: 48px; width: 267.859px;\">Direcci\u00f3n Seccional de Impuestos y Aduanas de Monter\u00eda<\/td>\n<td style=\"height: 48px; width: 260.078px;\">ESCUELA CASITA DE LOS NI\u00d1OSORTE<\/td>\n<td style=\"height: 48px; width: 118px;\">PRIVADA<\/td>\n<td style=\"height: 48px; width: 255.688px;\">Tv. 8 #3-30<\/td>\n<td style=\"height: 48px; width: 128px;\">Monter\u00eda<\/td>\n<td style=\"height: 48px; width: 188.375px;\">9:00 am a 12:00 pm<\/td>\n<\/tr>\n<tr style=\"height: 48px;\">\n<td style=\"height: 48px; width: 267.859px;\">Direcci\u00f3n Seccional de Impuestos y Aduanas de Neiva<\/td>\n<td style=\"height: 48px; width: 260.078px;\">COLEGIO HISPANO INGL\u00c9S<\/td>\n<td style=\"height: 48px; width: 118px;\">PRIVADA<\/td>\n<td style=\"height: 48px; width: 255.688px;\">Carrera 8\u00a0 4-48<\/td>\n<td style=\"height: 48px; width: 128px;\">Neiva<\/td>\n<td style=\"height: 48px; width: 188.375px;\">9:00 am a 12:00 pm<\/td>\n<\/tr>\n<tr style=\"height: 72px;\">\n<td style=\"height: 72px; width: 267.859px;\">Direcci\u00f3n Seccional de Impuestos y Aduanas de Palmira<\/td>\n<td style=\"height: 72px; width: 260.078px;\">COLEGIO SEMINARIO DIOCESANO DE CRISTO SACERDOTE<\/td>\n<td style=\"height: 72px; width: 118px;\">PRIVADA<\/td>\n<td style=\"height: 72px; width: 255.688px;\">Kilomtero 1 V\u00eda Tiendanueva<\/td>\n<td style=\"height: 72px; width: 128px;\">Palmira<\/td>\n<td style=\"height: 72px; width: 188.375px;\">9:00 am a 12:00 pm<\/td>\n<\/tr>\n<tr style=\"height: 48px;\">\n<td style=\"height: 48px; width: 267.859px;\">Direcci\u00f3n Seccional de Impuestos y Aduanas de Pasto<\/td>\n<td style=\"height: 48px; width: 260.078px;\">COLEGIO DE SAN FRANCISCO JAVIER<\/td>\n<td style=\"height: 48px; width: 118px;\">PRIVADA<\/td>\n<td style=\"height: 48px; width: 255.688px;\">Cl. 12A #34-46<\/td>\n<td style=\"height: 48px; width: 128px;\">Pasto<\/td>\n<td style=\"height: 48px; width: 188.375px;\">9:00am &#8211; 12m<\/td>\n<\/tr>\n<tr style=\"height: 48px;\">\n<td style=\"height: 48px; width: 267.859px;\">Direcci\u00f3n Seccional de Impuestos y Aduanas de Pereira<\/td>\n<td style=\"height: 48px; width: 260.078px;\">COLEGIO LICEO CAMPESTRE DE PEREIRA<\/td>\n<td style=\"height: 48px; width: 118px;\">PRIVADA<\/td>\n<td style=\"height: 48px; width: 255.688px;\">V\u00eda Pereira-Cartago. Km 11. Ent. 10. Cerritos<\/td>\n<td style=\"height: 48px; width: 128px;\">Pereira<\/td>\n<td style=\"height: 48px; width: 188.375px;\">10:00 Aam a 1:00 pm<\/td>\n<\/tr>\n<tr style=\"height: 48px;\">\n<td style=\"height: 48px; width: 267.859px;\">Direcci\u00f3n Seccional de Impuestos y Aduanas de Popay\u00e1n<\/td>\n<td style=\"height: 48px; width: 260.078px;\">IE COMERCIAL DEL NORTE<\/td>\n<td style=\"height: 48px; width: 118px;\">P\u00daBLICA<\/td>\n<td style=\"height: 48px; width: 255.688px;\">Calle 73N # 9-21 Barrio El Placer<\/td>\n<td style=\"height: 48px; width: 128px;\">Popayan<\/td>\n<td style=\"height: 48px; width: 188.375px;\">10:00 am a 11:30 pm\u00a0 y\u00a0 2:30 a 4:00 pm<\/td>\n<\/tr>\n<tr style=\"height: 48px;\">\n<td style=\"height: 48px; width: 267.859px;\">Direcci\u00f3n Seccional de Impuestos y Aduanas de Puerto As\u00eds<\/td>\n<td style=\"height: 48px; width: 260.078px;\">COLEGIO CAMPESTRE COMFAMILIAR<\/td>\n<td style=\"height: 48px; width: 118px;\">PRIVADA<\/td>\n<td style=\"height: 48px; width: 255.688px;\">KM 2 VIA A MOCOA,<\/td>\n<td style=\"height: 48px; width: 128px;\">Puerto Asis<\/td>\n<td style=\"height: 48px; width: 188.375px;\">8:00 am a 10:00 am<\/td>\n<\/tr>\n<tr style=\"height: 48px;\">\n<td style=\"height: 48px; width: 267.859px;\">Direcci\u00f3n Seccional de Impuestos y Aduanas de Quibd\u00f3<\/td>\n<td style=\"height: 48px; width: 260.078px;\">INSTITUCI\u00d3N EDUCATIVA ADVENTISTA DE QUIBD\u00d3<\/td>\n<td style=\"height: 48px; width: 118px;\">PRIVADA<\/td>\n<td style=\"height: 48px; width: 255.688px;\">CL 30 No 5 &#8211; 45<\/td>\n<td style=\"height: 48px; width: 128px;\">QUIBDO<\/td>\n<td style=\"height: 48px; width: 188.375px;\">8:00 am a 10:00 am<\/td>\n<\/tr>\n<tr style=\"height: 48px;\">\n<td style=\"height: 48px; width: 267.859px;\">Direcci\u00f3n Seccional de Impuestos y Aduanas de Riohacha<\/td>\n<td style=\"height: 48px; width: 260.078px;\">JARDIN INFANTIL MI PEQUE\u00d1A UNIVERSIDAD<\/td>\n<td style=\"height: 48px; width: 118px;\">PRIVADA<\/td>\n<td style=\"height: 48px; width: 255.688px;\">Calle 13 # 12 A-60<\/td>\n<td style=\"height: 48px; width: 128px;\">Riohacha<\/td>\n<td style=\"height: 48px; width: 188.375px;\">8:00 a 10:00 a.m<\/td>\n<\/tr>\n<tr style=\"height: 48px;\">\n<td style=\"height: 48px; width: 267.859px;\">Direcci\u00f3n Seccional de Impuestos y Aduanas de Sincelejo<\/td>\n<td style=\"height: 48px; width: 260.078px;\">COLEGIO SAGRADO CORAZON DE JESUS<\/td>\n<td style=\"height: 48px; width: 118px;\">PRIVADA<\/td>\n<td style=\"height: 48px; width: 255.688px;\">CARRERA 19 # 27-34 CALLE REAL<\/td>\n<td style=\"height: 48px; width: 128px;\">SINCELEJO<\/td>\n<td style=\"height: 48px; width: 188.375px;\">10:00 AM A 11:30 AM<\/td>\n<\/tr>\n<tr style=\"height: 48px;\">\n<td style=\"height: 48px; width: 267.859px;\">Direcci\u00f3n Seccional de Impuestos y Aduanas de Tunja<\/td>\n<td style=\"height: 48px; width: 260.078px;\">COLEGIO COOSERVICIOS DAGOBERTO JIMENEZ JIMENEZ<\/td>\n<td style=\"height: 48px; width: 118px;\">PRIVADA<\/td>\n<td style=\"height: 48px; width: 255.688px;\">Calle 5\u00a0 1-00<\/td>\n<td style=\"height: 48px; width: 128px;\">TUNJA<\/td>\n<td style=\"height: 48px; width: 188.375px;\">10:00 AM A 11:30 AM<\/td>\n<\/tr>\n<tr style=\"height: 48px;\">\n<td style=\"height: 48px; width: 267.859px;\">Direcci\u00f3n Seccional de Impuestos y Aduanas de Valledupar<\/td>\n<td style=\"height: 48px; width: 260.078px;\">COLEGIO PARROQUIAL EL CARMELO<\/td>\n<td style=\"height: 48px; width: 118px;\">PRIVADA<\/td>\n<td style=\"height: 48px; width: 255.688px;\">CARRERA 6 No. 19A-67 BARRIO KENNEDY<\/td>\n<td style=\"height: 48px; width: 128px;\">VALLEDUPAR<\/td>\n<td style=\"height: 48px; width: 188.375px;\">09:00 AM A 12:00 M<\/td>\n<\/tr>\n<tr style=\"height: 48px;\">\n<td style=\"height: 48px; width: 267.859px;\">Direcci\u00f3n Seccional de Impuestos y Aduanas de Villavicencio<\/td>\n<td style=\"height: 48px; width: 260.078px;\">CIUDAD EDUCADORA ESPIRITU SANTO<\/td>\n<td style=\"height: 48px; width: 118px;\">PRIVADA<\/td>\n<td style=\"height: 48px; width: 255.688px;\">VEREDA EL CAIRO<\/td>\n<td style=\"height: 48px; width: 128px;\">VILLAVICENCIO<\/td>\n<td style=\"height: 48px; width: 188.375px;\">10.00 AM A 12:00M<\/td>\n<\/tr>\n<tr style=\"height: 48px;\">\n<td style=\"height: 48px; width: 267.859px;\">Direcci\u00f3n Seccional de Impuestos y Aduanas de Yopal<\/td>\n<td style=\"height: 48px; width: 260.078px;\">COLEGIO SAN MATEO APOSTOL<\/td>\n<td style=\"height: 48px; width: 118px;\">PRIVADA<\/td>\n<td style=\"height: 48px; width: 255.688px;\">BON HABITAT<\/td>\n<td style=\"height: 48px; width: 128px;\">YOPAL<\/td>\n<td style=\"height: 48px; width: 188.375px;\">8:00:00 am a 10:00 am<\/td>\n<\/tr>\n<\/tbody>\n<\/table>\n<p>[\/et_pb_text][\/et_pb_column][\/et_pb_row][\/et_pb_section][et_pb_section fb_built=&#8221;1&#8243; admin_label=&#8221;#Seccionales&#8221; module_id=&#8221;Seccionales&#8221; module_class=&#8221;popup close-alt&#8221; _builder_version=&#8221;4.18.1&#8243; _module_preset=&#8221;default&#8221; background_color=&#8221;#FFFFFF&#8221; width=&#8221;91%&#8221; custom_padding=&#8221;0px|0px|0px|0px|true|false&#8221; da_is_popup=&#8221;on&#8221; da_popup_slug=&#8221;Seccionales&#8221; da_alt_close=&#8221;on&#8221; da_disable_devices=&#8221;off|off|off&#8221; locked=&#8221;off&#8221; global_colors_info=&#8221;{}&#8221; da_exit_intent=&#8221;off&#8221; da_has_close=&#8221;on&#8221; da_dark_close=&#8221;off&#8221; da_not_modal=&#8221;on&#8221; da_is_singular=&#8221;off&#8221; da_with_loader=&#8221;off&#8221; da_has_shadow=&#8221;on&#8221;][et_pb_row _builder_version=&#8221;4.18.1&#8243; _module_preset=&#8221;default&#8221; background_color=&#8221;#FFFFFF&#8221; custom_padding=&#8221;25px|0px|25px|0px|true|true&#8221; global_colors_info=&#8221;{}&#8221;][et_pb_column type=&#8221;4_4&#8243; _builder_version=&#8221;4.16&#8243; _module_preset=&#8221;default&#8221; global_colors_info=&#8221;{}&#8221;][et_pb_text _builder_version=&#8221;4.18.1&#8243; _module_preset=&#8221;default&#8221; text_font=&#8221;Ubuntu||||||||&#8221; text_text_color=&#8221;#2b323d&#8221; text_font_size=&#8221;16px&#8221; header_2_font=&#8221;Ubuntu|700|||||||&#8221; header_2_font_size=&#8221;22px&#8221; custom_margin=&#8221;20px|||||&#8221; text_orientation_tablet=&#8221;center&#8221; text_orientation_phone=&#8221;left&#8221; text_orientation_last_edited=&#8221;on|phone&#8221; locked=&#8221;off&#8221; global_colors_info=&#8221;{}&#8221;]<\/p>\n<h2 style=\"text-align: left;\"><strong>Agendas direcciones seccionales<\/strong><\/h2>\n<p>[\/et_pb_text][et_pb_divider color=&#8221;#41d78c&#8221; divider_weight=&#8221;4px&#8221; _builder_version=&#8221;4.18.1&#8243; _module_preset=&#8221;default&#8221; width=&#8221;35%&#8221; width_tablet=&#8221;47%&#8221; width_phone=&#8221;100%&#8221; width_last_edited=&#8221;on|phone&#8221; module_alignment=&#8221;left&#8221; custom_margin=&#8221;-23px||10px||false|false&#8221; locked=&#8221;off&#8221; global_colors_info=&#8221;{}&#8221;][\/et_pb_divider][et_pb_text _builder_version=&#8221;4.18.1&#8243; _module_preset=&#8221;default&#8221; text_font=&#8221;Ubuntu||||||||&#8221; text_text_color=&#8221;#252944&#8243; global_colors_info=&#8221;{}&#8221;]<\/p>\n<table width=\"1000\" style=\"width: 792px; height: 2736px;\">\n<tbody>\n<tr style=\"height: 48px;\">\n<td style=\"height: 48px; width: 100px;\"><strong>DIRECCI\u00d3N SECCIONAL<\/strong><\/td>\n<td style=\"height: 48px; width: 59px;\"><strong>FECHA<\/strong><\/td>\n<td style=\"height: 48px; width: 118px;\"><strong>LUGAR<\/strong><\/td>\n<td style=\"height: 48px; width: 125px;\"><strong>TEMA<\/strong><\/td>\n<td style=\"height: 48px; width: 184px;\"><strong>FORMULARIO DE INSCRIPCI\u00d3N<\/strong><\/td>\n<td style=\"height: 48px; width: 104px;\"><strong>ESPACIO EDUCATIVO<\/strong><\/td>\n<td style=\"height: 48px; width: 84px;\"><strong>HORARIO<\/strong><\/td>\n<\/tr>\n<tr style=\"height: 96px;\">\n<td rowspan=\"4\" style=\"height: 360px; width: 100px;\">DSI Barranquilla<\/td>\n<td rowspan=\"4\" style=\"height: 360px; width: 59px;\">27 de mayo de 2025<\/td>\n<td rowspan=\"4\" style=\"height: 360px; width: 118px;\">Combarranquilla Country<br \/>Calle 76 # 57 &#8211; 61, piso 2<br \/>Nte. Centro Historico<\/td>\n<td style=\"height: 96px; width: 125px;\">Renta Persona natural para asalariados y pensionados<\/td>\n<td style=\"height: 96px; width: 184px;\">NO<\/td>\n<td style=\"height: 96px; width: 104px;\">Sal\u00f3n Convenciones 1<\/td>\n<td style=\"height: 96px; width: 84px;\">8:00 &#8211; 10:00 a. m.<\/td>\n<\/tr>\n<tr style=\"height: 72px;\">\n<td style=\"height: 72px; width: 125px;\">Implicaciones de la Inteligencia Artificial en la Tributaci\u00f3n<\/td>\n<td style=\"height: 72px; width: 184px;\">NO<\/td>\n<td style=\"height: 72px; width: 104px;\">Sal\u00f3n Convenciones 1<\/td>\n<td style=\"height: 72px; width: 84px;\">10:30 &#8211; 12:30 m.<\/td>\n<\/tr>\n<tr style=\"height: 48px;\">\n<td style=\"height: 48px; width: 125px;\">Registro \u00danico de Beneficiarios<\/td>\n<td style=\"height: 48px; width: 184px;\">NO<\/td>\n<td style=\"height: 48px; width: 104px;\">Sal\u00f3n Convenciones 2<\/td>\n<td style=\"height: 48px; width: 84px;\">8:00 &#8211; 08:50 a. m.<\/td>\n<\/tr>\n<tr style=\"height: 144px;\">\n<td style=\"height: 144px; width: 125px;\">\u201cImpacto de las medidas arancelarias de USA en el comercio Internacional colombiano<\/td>\n<td style=\"height: 144px; width: 184px;\">NO<\/td>\n<td style=\"height: 144px; width: 104px;\">Sal\u00f3n Convenciones 2<\/td>\n<td style=\"height: 144px; width: 84px;\">9:00 &#8211; 10:30 a. m.<\/td>\n<\/tr>\n<tr style=\"height: 48px;\">\n<td rowspan=\"3\" style=\"height: 144px; width: 100px;\">DSIA Ipiales<\/td>\n<td rowspan=\"3\" style=\"height: 144px; width: 59px;\">30 de mayo de 2025<\/td>\n<td rowspan=\"3\" style=\"height: 144px; width: 118px;\">Direcci\u00f3n Seccional de Impuestos y Aaduanas Ipiales<br \/>Carrera 6 # 15 &#8211; 23<\/td>\n<td style=\"height: 48px; width: 125px;\">Formalizaci\u00f3n Tributaria<\/td>\n<td style=\"height: 48px; width: 184px;\">NO<\/td>\n<td style=\"height: 48px; width: 104px;\">Auditorio Principal<\/td>\n<td style=\"height: 48px; width: 84px;\">9:00 &#8211; 11:00 a. m.<\/td>\n<\/tr>\n<tr style=\"height: 48px;\">\n<td style=\"height: 48px; width: 125px;\">RUT<\/td>\n<td style=\"height: 48px; width: 184px;\">NO<\/td>\n<td style=\"height: 48px; width: 104px;\">Auditorio Principal<\/td>\n<td style=\"height: 48px; width: 84px;\">9:00 &#8211; 11:00 a. m.<\/td>\n<\/tr>\n<tr style=\"height: 48px;\">\n<td style=\"height: 48px; width: 125px;\">Renta Personas Naturales<\/td>\n<td style=\"height: 48px; width: 184px;\">NO<\/td>\n<td style=\"height: 48px; width: 104px;\">Auditorio Principal<\/td>\n<td style=\"height: 48px; width: 84px;\">9:00 &#8211; 11:00 a. m.<\/td>\n<\/tr>\n<tr style=\"height: 120px;\">\n<td style=\"height: 120px; width: 100px;\">DSIA Villavicencio<\/td>\n<td style=\"height: 120px; width: 59px;\">30 de mayo de 2025<\/td>\n<td style=\"height: 120px; width: 118px;\">Direcci\u00f3n Seccional de Impuestos y Aaduanas Ipiales<br \/>Calle 40 No.33A-27\/29 piso 5<\/td>\n<td style=\"height: 120px; width: 125px;\">Renta Personas Naturales<\/td>\n<td style=\"height: 120px; width: 184px;\"><a href=\"https:\/\/cutt.ly\/ErxkXiwV\">https:\/\/cutt.ly\/ErxkXiwV<\/a><\/td>\n<td style=\"height: 120px; width: 104px;\">Auditorio Principal<\/td>\n<td style=\"height: 120px; width: 84px;\">9:00 &#8211; 12:00 m.<\/td>\n<\/tr>\n<tr style=\"height: 48px;\">\n<td rowspan=\"2\" style=\"height: 96px; width: 100px;\">DSIA Neiva<\/td>\n<td rowspan=\"2\" style=\"height: 96px; width: 59px;\">30 de mayo de 2025<\/td>\n<td rowspan=\"2\" style=\"height: 96px; width: 118px;\">FENALCO SECCIONAL HUILA<br \/>Calle 11 #\u00a07-39<\/td>\n<td style=\"height: 48px; width: 125px;\">Renta Personas Jur\u00eddicas<\/td>\n<td style=\"height: 48px; width: 184px;\">NO<\/td>\n<td style=\"height: 48px; width: 104px;\">Auditorio Principal<\/td>\n<td style=\"height: 48px; width: 84px;\">8:30 &#8211; 12:00 m.<\/td>\n<\/tr>\n<tr style=\"height: 48px;\">\n<td style=\"height: 48px; width: 125px;\">Informaci\u00f3n Ex\u00f3gena<\/td>\n<td style=\"height: 48px; width: 184px;\">NO<\/td>\n<td style=\"height: 48px; width: 104px;\">Auditorio Principal<\/td>\n<td style=\"height: 48px; width: 84px;\">8:30 &#8211; 12:00 m.<\/td>\n<\/tr>\n<tr style=\"height: 144px;\">\n<td style=\"font-weight: 400; height: 144px; width: 100px;\">DSIA Sincelejo<\/td>\n<td style=\"height: 144px; width: 59px;\">30 de mayo de 2025<\/td>\n<td style=\"height: 144px; width: 118px;\">\u00a0Universidad Antonio Jos\u00e9 de Sucre<br \/>Carrera 21 # 25-59, barrio La Mar\u00eda<\/td>\n<td style=\"height: 144px; width: 125px;\">Formalizaci\u00f3n empresarial (RST, Simulador de formalizaci\u00f3n, responsabilidades RUT grupos RST).<\/td>\n<td style=\"height: 144px; width: 184px;\">NO<\/td>\n<td style=\"height: 144px; width: 104px;\">Aula de audiovisuales de la sede CDA<\/td>\n<td style=\"height: 144px; width: 84px;\">2:00 a 4:30 p.m.<\/td>\n<\/tr>\n<tr style=\"height: 96px;\">\n<td style=\"height: 96px; width: 100px;\">DSI Cali<\/td>\n<td style=\"height: 96px; width: 59px;\">30 de mayo de 2025<\/td>\n<td style=\"height: 96px; width: 118px;\">Universidad Santiago de Cali<br \/>Cl. 5 # 62 &#8211; 00, Cuarto de Legua<\/td>\n<td style=\"height: 96px; width: 125px;\">Renta Personas Naturales<\/td>\n<td style=\"height: 96px; width: 184px;\">NO<\/td>\n<td style=\"height: 96px; width: 104px;\">Auxiliar del Aula M\u00e1xima Bloque 3 piso 4<\/td>\n<td style=\"height: 96px; width: 84px;\">9:00 &#8211; 12:00 m.<\/td>\n<\/tr>\n<tr style=\"height: 216px;\">\n<td style=\"font-weight: 400; height: 216px; width: 100px;\">DSIA Quibdo<\/td>\n<td style=\"height: 216px; width: 59px;\">30 de mayo de 2025<\/td>\n<td style=\"height: 216px; width: 118px;\">Direcci\u00f3n Seccional de Impuestos y Aaduanas Quibdo<br \/>Cr 1 No 22-126 Primer Piso<\/td>\n<td style=\"height: 216px; width: 125px;\">1- Renta Personas Natural<br \/>2- RST<br \/>3- Devoluciones<br \/>4- RUB<br \/>5-Factura Electr\u00f3nica<br \/>6-Donanciones<br \/>7-Aduanas<\/td>\n<td style=\"height: 216px; width: 184px;\">NO<\/td>\n<td style=\"height: 216px; width: 104px;\">Auditorio<\/td>\n<td style=\"height: 216px; width: 84px;\">2:00 a 4:30 p. m.<\/td>\n<\/tr>\n<tr style=\"height: 144px;\">\n<td style=\"height: 144px; width: 100px;\">DSIA Florencia<\/td>\n<td style=\"height: 144px; width: 59px;\">30 de mayo de 2025<\/td>\n<td style=\"height: 144px; width: 118px;\">Direcci\u00f3n Seccional de Impuestos y Aaduanas Florencia<br \/>Carrera 11 # 13-39 Tercer Piso<\/td>\n<td style=\"height: 144px; width: 125px;\">1 -Procedimiento de devoluciones<br \/>2- Facilidades de pago<\/td>\n<td style=\"height: 144px; width: 184px;\">NO<\/td>\n<td style=\"height: 144px; width: 104px;\">Auditorio Nelson Augusto Castro Yate<\/td>\n<td style=\"height: 144px; width: 84px;\">9:00 a. m. &#8211; 12:00 m.<\/td>\n<\/tr>\n<tr style=\"height: 168px;\">\n<td style=\"height: 168px; width: 100px;\">DSA C\u00facuta<\/td>\n<td style=\"height: 168px; width: 59px;\">28 de mayo de 2025<\/td>\n<td style=\"height: 168px; width: 118px;\">Direcci\u00f3n Seccional de Aduanas de C\u00facuta<br \/>Avenida 7\u00aa # 19N \u2013 21, Zona Industrial Edificio Aduanas<\/td>\n<td style=\"height: 168px; width: 125px;\">Generalidades del R\u00e9gimen Cambiario &#8211; Competencia DIAN<\/td>\n<td style=\"height: 168px; width: 184px;\">NO<\/td>\n<td style=\"height: 168px; width: 104px;\">Sal\u00f3n Santander<\/td>\n<td style=\"height: 168px; width: 84px;\">02:30 &#8211; 04:30 p. m.<\/td>\n<\/tr>\n<tr style=\"height: 192px;\">\n<td style=\"height: 192px; width: 100px;\">DSI Cartagena<\/td>\n<td style=\"height: 192px; width: 59px;\">30 de mayo de 2025<\/td>\n<td style=\"height: 192px; width: 118px;\">Fundaci\u00f3n Universitaria Tecnol\u00f3gico de Comfenalco<br \/>Barrio espa\u00f1a cra. 44 D # 30A &#8211; 91<\/td>\n<td style=\"height: 192px; width: 125px;\">Renta Personas Naturales.<br \/>Ruta de la Formalizaci\u00f3n.<br \/>RUT.<br \/>Procedimiento de Devoluciones.<br \/>RUB.<\/td>\n<td style=\"height: 192px; width: 184px;\">NO<\/td>\n<td style=\"height: 192px; width: 104px;\">Auditorio Ram\u00f3n de Zubiria piso 4<\/td>\n<td style=\"height: 192px; width: 84px;\">8:00 &#8211; 12:00 p. m.<\/td>\n<\/tr>\n<tr style=\"height: 120px;\">\n<td rowspan=\"2\" style=\"height: 192px; width: 100px;\">DSIA Manizales<\/td>\n<td style=\"height: 120px; width: 59px;\">28 de mayo de 2025<\/td>\n<td style=\"height: 120px; width: 118px;\">Instituci\u00f3n educativa Bosques del Norte<br \/>Calle 48 E carrera 3F esquina<\/td>\n<td style=\"height: 120px; width: 125px;\">Facturaci\u00f3n electr\u00f3nica<\/td>\n<td style=\"height: 120px; width: 184px;\">NO<\/td>\n<td style=\"height: 120px; width: 104px;\">Auditorio<\/td>\n<td style=\"height: 120px; width: 84px;\">11:00 &#8211; 12:00 p. m.<\/td>\n<\/tr>\n<tr style=\"height: 72px;\">\n<td style=\"height: 72px; width: 59px;\">29 de mayo de 2025<\/td>\n<td style=\"height: 72px; width: 118px;\">Universidad de Manizales<br \/>Cra 9 A # 19 &#8211; 03<\/td>\n<td style=\"height: 72px; width: 125px;\">Renta Personas Naturales<\/td>\n<td style=\"height: 72px; width: 184px;\">NO<\/td>\n<td style=\"height: 72px; width: 104px;\">Auditorio Auxiliar Torre Emblem\u00e1tica<\/td>\n<td style=\"height: 72px; width: 84px;\">05:00 &#8211; 07:30 p. m.<\/td>\n<\/tr>\n<tr style=\"height: 432px;\">\n<td style=\"height: 432px; width: 100px;\">DSI Medellin<\/td>\n<td style=\"height: 432px; width: 59px;\">30 de mayo de 2025<\/td>\n<td style=\"height: 432px; width: 118px;\">Direcci\u00f3n Seccional de Impuestos Medell\u00edn<br \/>Carrera 52 # 42 \u2013 43 Segundo Piso<\/td>\n<td style=\"height: 432px; width: 125px;\">Apertura, La Cultura de la Contribuci\u00f3n en la construcci\u00f3n de pa\u00eds.<br \/>Conoce la Defensor\u00eda del Contribuyente y del Usuario Aduanero.<br \/>Ruta de la Formalizaci\u00f3n.<br \/>La Factura Electr\u00f3nica de Venta y su importancia en la lucha contra la evasi\u00f3n.<br \/>La Inteligencia Artificial en la Gerencia Tributaria.<\/td>\n<td style=\"height: 432px; width: 184px;\">NO<\/td>\n<td style=\"height: 432px; width: 104px;\">Auditorios 2\u00b0 piso<\/td>\n<td style=\"height: 432px; width: 84px;\">8:00 &#8211; 12:00 p. m.<\/td>\n<\/tr>\n<tr style=\"height: 48px;\">\n<td rowspan=\"4\" style=\"height: 192px; width: 100px;\">DSIA Tumaco<\/td>\n<td rowspan=\"4\" style=\"height: 192px; width: 59px;\">30 de mayo de 2025<\/td>\n<td rowspan=\"4\" style=\"height: 192px; width: 118px;\">Direcci\u00f3n Seccional de Impuestos y Aaduanas Tumaco<br \/>Calle 15 A\u00a0 # 8 \u2013 13 Parque Col\u00f3n<\/td>\n<td style=\"height: 48px; width: 125px;\">Ruta de la Formalizaci\u00f3n<\/td>\n<td style=\"height: 48px; width: 184px;\">NO<\/td>\n<td style=\"height: 48px; width: 104px;\">Auditorio Principal<\/td>\n<td style=\"height: 48px; width: 84px;\">8:30 &#8211; 09:30 a. m.<\/td>\n<\/tr>\n<tr style=\"height: 48px;\">\n<td style=\"height: 48px; width: 125px;\">Facturaci\u00f3n Electr\u00f3nica<\/td>\n<td style=\"height: 48px; width: 184px;\">NO<\/td>\n<td style=\"height: 48px; width: 104px;\">Auditorio Principal<\/td>\n<td style=\"height: 48px; width: 84px;\">9:30 &#8211; 10:30 a. m.<\/td>\n<\/tr>\n<tr style=\"height: 48px;\">\n<td style=\"height: 48px; width: 125px;\">R\u00e9gimen Especial Aduanero<\/td>\n<td style=\"height: 48px; width: 184px;\">NO<\/td>\n<td style=\"height: 48px; width: 104px;\">Auditorio Principal<\/td>\n<td style=\"height: 48px; width: 84px;\">10:45 &#8211; 11:45 a. m.<\/td>\n<\/tr>\n<tr style=\"height: 48px;\">\n<td style=\"height: 48px; width: 125px;\">Declaraci\u00f3n de Renta Personas Naturales<\/td>\n<td style=\"height: 48px; width: 184px;\">NO<\/td>\n<td style=\"height: 48px; width: 104px;\">Auditorio Principal<\/td>\n<td style=\"height: 48px; width: 84px;\">11:45 &#8211; 12:45 p. m.<\/td>\n<\/tr>\n<tr>\n<td style=\"width: 100px;\">DSIA de Barrancabermeja<\/td>\n<td style=\"width: 59px;\">30 de mayo de 2025<\/td>\n<td style=\"width: 118px;\">Calle 49 # 17-14, Barrio Colombia.<\/td>\n<td style=\"width: 125px;\">Informaci\u00f3n Ex\u00f3gena<\/td>\n<td style=\"width: 184px;\">NO<\/td>\n<td style=\"width: 104px;\">Auditorio Principal CAFABA<\/td>\n<td style=\"width: 84px;\">8:00 a.m.\u00a0a 12:00 m<\/td>\n<\/tr>\n<tr style=\"height: 48px;\">\n<td rowspan=\"4\" style=\"height: 192px; width: 100px;\">DSIA Monteria<\/td>\n<td rowspan=\"4\" style=\"height: 192px; width: 59px;\">30 de mayo de 2025<\/td>\n<td rowspan=\"4\" style=\"height: 192px; width: 118px;\">Direcci\u00f3n Seccional de Impuestos y Aaduanas Monteria<br \/>Carrera 2 # 33 \u2013 40 Quinto Piso<\/td>\n<td style=\"height: 48px; width: 125px;\">Proceso de devoluci\u00f3n en renta<\/td>\n<td style=\"height: 48px; width: 184px;\">NO<\/td>\n<td style=\"height: 48px; width: 104px;\">Auditorio Principal<\/td>\n<td style=\"height: 48px; width: 84px;\">8:00 &#8211; 08:45 a. m.<\/td>\n<\/tr>\n<tr style=\"height: 48px;\">\n<td style=\"height: 48px; width: 125px;\">Renta Personas Naturales<\/td>\n<td style=\"height: 48px; width: 184px;\">NO<\/td>\n<td style=\"height: 48px; width: 104px;\">Auditorio Principal<\/td>\n<td style=\"height: 48px; width: 84px;\">9:00 &#8211; 09:45 a. m.<\/td>\n<\/tr>\n<tr style=\"height: 48px;\">\n<td style=\"height: 48px; width: 125px;\">Programa ayuda renta<\/td>\n<td style=\"height: 48px; width: 184px;\">NO<\/td>\n<td style=\"height: 48px; width: 104px;\">Auditorio Principal<\/td>\n<td style=\"height: 48px; width: 84px;\">10:00 &#8211; 10:45 a. m.<\/td>\n<\/tr>\n<tr style=\"height: 48px;\">\n<td style=\"height: 48px; width: 125px;\">Facturaci\u00f3n electr\u00f3nica<\/td>\n<td style=\"height: 48px; width: 184px;\">NO<\/td>\n<td style=\"height: 48px; width: 104px;\">Auditorio Principal<\/td>\n<td style=\"height: 48px; width: 84px;\">11:00 &#8211; 11:45 a. m.<\/td>\n<\/tr>\n<\/tbody>\n<\/table>\n<p>[\/et_pb_text][\/et_pb_column][\/et_pb_row][\/et_pb_section][et_pb_section fb_built=&#8221;1&#8243; admin_label=&#8221;#Naf&#8221; module_id=&#8221;Naf&#8221; module_class=&#8221;popup close-alt&#8221; _builder_version=&#8221;4.18.1&#8243; _module_preset=&#8221;default&#8221; background_color=&#8221;#FFFFFF&#8221; width=&#8221;91%&#8221; custom_padding=&#8221;0px|0px|0px|0px|true|false&#8221; da_is_popup=&#8221;on&#8221; da_popup_slug=&#8221;Naf&#8221; da_alt_close=&#8221;on&#8221; da_disable_devices=&#8221;off|off|off&#8221; locked=&#8221;off&#8221; global_colors_info=&#8221;{}&#8221; da_exit_intent=&#8221;off&#8221; da_has_close=&#8221;on&#8221; da_dark_close=&#8221;off&#8221; da_not_modal=&#8221;on&#8221; da_is_singular=&#8221;off&#8221; da_with_loader=&#8221;off&#8221; da_has_shadow=&#8221;on&#8221;][et_pb_row _builder_version=&#8221;4.18.1&#8243; _module_preset=&#8221;default&#8221; background_color=&#8221;#FFFFFF&#8221; custom_padding=&#8221;25px|0px|25px|0px|true|true&#8221; global_colors_info=&#8221;{}&#8221;][et_pb_column type=&#8221;4_4&#8243; _builder_version=&#8221;4.16&#8243; _module_preset=&#8221;default&#8221; global_colors_info=&#8221;{}&#8221;][et_pb_text _builder_version=&#8221;4.18.1&#8243; _module_preset=&#8221;default&#8221; text_font=&#8221;Ubuntu||||||||&#8221; text_text_color=&#8221;#2b323d&#8221; text_font_size=&#8221;16px&#8221; header_2_font=&#8221;Ubuntu|700|||||||&#8221; header_2_font_size=&#8221;22px&#8221; custom_margin=&#8221;20px|||||&#8221; text_orientation_tablet=&#8221;center&#8221; text_orientation_phone=&#8221;left&#8221; text_orientation_last_edited=&#8221;on|phone&#8221; locked=&#8221;off&#8221; global_colors_info=&#8221;{}&#8221;]<\/p>\n<h2 style=\"text-align: left;\"><strong>NAF seleccionados convocatoria 2025 &#8211; Buenas pr\u00e1cticas NAF<\/strong><\/h2>\n<p style=\"text-align: left;\">Conozca los NAF seleccionados en la convocatoria 2025 y sus destacadas buenas pr\u00e1cticas. Descubra c\u00f3mo estas iniciativas fortalecen la educaci\u00f3n fiscal en todo el pa\u00eds.\u00a0<\/p>\n<p>[\/et_pb_text][et_pb_divider color=&#8221;#41d78c&#8221; divider_weight=&#8221;4px&#8221; _builder_version=&#8221;4.18.1&#8243; _module_preset=&#8221;default&#8221; width=&#8221;74%&#8221; width_tablet=&#8221;47%&#8221; width_phone=&#8221;100%&#8221; width_last_edited=&#8221;on|phone&#8221; module_alignment=&#8221;left&#8221; custom_margin=&#8221;-23px||10px||false|false&#8221; locked=&#8221;off&#8221; global_colors_info=&#8221;{}&#8221;][\/et_pb_divider][et_pb_text _builder_version=&#8221;4.18.1&#8243; _module_preset=&#8221;default&#8221; text_font=&#8221;Ubuntu||||||||&#8221; text_text_color=&#8221;#2b323d&#8221; text_font_size=&#8221;16px&#8221; header_2_font=&#8221;Ubuntu|700|||||||&#8221; header_2_font_size=&#8221;22px&#8221; custom_margin=&#8221;20px|||||&#8221; text_orientation_tablet=&#8221;center&#8221; text_orientation_phone=&#8221;left&#8221; text_orientation_last_edited=&#8221;on|phone&#8221; locked=&#8221;off&#8221; global_colors_info=&#8221;{}&#8221;]<\/p>\n<p>Video buenas pr\u00e1cticas NAF Uniremington \u2013 Tumaco<\/p>\n<p>[\/et_pb_text][et_pb_video src=&#8221;https:\/\/youtu.be\/YIy4WipQNGQ?si=Aou7hYEsx2RrL-XO&#8221; _builder_version=&#8221;4.18.1&#8243; _module_preset=&#8221;default&#8221; global_colors_info=&#8221;{}&#8221;][\/et_pb_video][et_pb_text _builder_version=&#8221;4.18.1&#8243; _module_preset=&#8221;default&#8221; text_font=&#8221;Ubuntu||||||||&#8221; text_text_color=&#8221;#2b323d&#8221; text_font_size=&#8221;16px&#8221; header_2_font=&#8221;Ubuntu|700|||||||&#8221; header_2_font_size=&#8221;22px&#8221; custom_margin=&#8221;20px|||||&#8221; text_orientation_tablet=&#8221;center&#8221; text_orientation_phone=&#8221;left&#8221; text_orientation_last_edited=&#8221;on|phone&#8221; locked=&#8221;off&#8221; global_colors_info=&#8221;{}&#8221;]<\/p>\n<p>Video buenas pr\u00e1cticas NAF Universidad Santiago de Cali &#8211; Cali<\/p>\n<p>[\/et_pb_text][et_pb_video src=&#8221;https:\/\/www.youtube.com\/embed\/OYX-M8m0120?si=JQTM9gHZziWRJH5n&#8221; _builder_version=&#8221;4.18.1&#8243; _module_preset=&#8221;default&#8221; global_colors_info=&#8221;{}&#8221;][\/et_pb_video][et_pb_text _builder_version=&#8221;4.18.1&#8243; _module_preset=&#8221;default&#8221; text_font=&#8221;Ubuntu||||||||&#8221; text_text_color=&#8221;#2b323d&#8221; text_font_size=&#8221;16px&#8221; header_2_font=&#8221;Ubuntu|700|||||||&#8221; header_2_font_size=&#8221;22px&#8221; custom_margin=&#8221;20px|||||&#8221; text_orientation_tablet=&#8221;center&#8221; text_orientation_phone=&#8221;left&#8221; text_orientation_last_edited=&#8221;on|phone&#8221; locked=&#8221;off&#8221; global_colors_info=&#8221;{}&#8221;]<\/p>\n<p>Video buenas pr\u00e1cticas NAF Universidad Cooperativa de Colombia<\/p>\n<p>[\/et_pb_text][et_pb_video src=&#8221;https:\/\/www.youtube.com\/embed\/9SDX38scPzY&#8221; _builder_version=&#8221;4.18.1&#8243; _module_preset=&#8221;default&#8221; global_colors_info=&#8221;{}&#8221;][\/et_pb_video][\/et_pb_column][\/et_pb_row][\/et_pb_section][et_pb_section fb_built=&#8221;1&#8243; disabled_on=&#8221;on|on|on&#8221; _builder_version=&#8221;4.18.1&#8243; _module_preset=&#8221;default&#8221; background_color=&#8221;RGBA(255,255,255,0)&#8221; custom_padding=&#8221;6px||51px|||&#8221; da_disable_devices=&#8221;off|off|off&#8221; border_color_bottom=&#8221;#252944&#8243; disabled=&#8221;on&#8221; locked=&#8221;off&#8221; global_colors_info=&#8221;{}&#8221; da_is_popup=&#8221;off&#8221; da_exit_intent=&#8221;off&#8221; da_has_close=&#8221;on&#8221; da_alt_close=&#8221;off&#8221; da_dark_close=&#8221;off&#8221; da_not_modal=&#8221;on&#8221; da_is_singular=&#8221;off&#8221; da_with_loader=&#8221;off&#8221; da_has_shadow=&#8221;on&#8221;][et_pb_row _builder_version=&#8221;4.17.1&#8243; _module_preset=&#8221;default&#8221; custom_padding=&#8221;||6px|||&#8221; global_colors_info=&#8221;{}&#8221;][et_pb_column type=&#8221;4_4&#8243; _builder_version=&#8221;4.17.1&#8243; _module_preset=&#8221;default&#8221; global_colors_info=&#8221;{}&#8221;][et_pb_text _builder_version=&#8221;4.18.1&#8243; _module_preset=&#8221;default&#8221; text_font=&#8221;Ubuntu|700|||||||&#8221; text_text_color=&#8221;#2b323d&#8221; text_font_size=&#8221;20px&#8221; header_2_font=&#8221;Ubuntu|700|||||||&#8221; header_2_font_size=&#8221;22px&#8221; custom_margin=&#8221;20px|||||&#8221; text_orientation_tablet=&#8221;center&#8221; text_orientation_phone=&#8221;left&#8221; text_orientation_last_edited=&#8221;on|phone&#8221; global_colors_info=&#8221;{}&#8221;]<\/p>\n<h2 style=\"text-align: center;\">Perfil\u00a0<\/h2>\n<p>[\/et_pb_text][et_pb_divider color=&#8221;#41d78c&#8221; divider_weight=&#8221;4px&#8221; _builder_version=&#8221;4.18.1&#8243; _module_preset=&#8221;default&#8221; width=&#8221;39%&#8221; width_tablet=&#8221;47%&#8221; width_phone=&#8221;100%&#8221; width_last_edited=&#8221;on|phone&#8221; module_alignment=&#8221;center&#8221; custom_margin=&#8221;-23px||10px||false|false&#8221; global_colors_info=&#8221;{}&#8221;][\/et_pb_divider][\/et_pb_column][\/et_pb_row][et_pb_row column_structure=&#8221;1_2,1_2&#8243; _builder_version=&#8221;4.17.1&#8243; _module_preset=&#8221;default&#8221; custom_padding=&#8221;12px||6px|||&#8221; global_colors_info=&#8221;{}&#8221;][et_pb_column type=&#8221;1_2&#8243; _builder_version=&#8221;4.17.1&#8243; _module_preset=&#8221;default&#8221; global_colors_info=&#8221;{}&#8221;][et_pb_accordion closed_toggle_text_color=&#8221;#252944&#8243; icon_color=&#8221;#252944&#8243; _builder_version=&#8221;4.18.1&#8243; _module_preset=&#8221;default&#8221; toggle_font=&#8221;Ubuntu||||||||&#8221; toggle_font_size=&#8221;16px&#8221; closed_toggle_font=&#8221;Ubuntu||||||||&#8221; closed_toggle_font_size=&#8221;15px&#8221; body_font=&#8221;Ubuntu||||||||&#8221; body_text_color=&#8221;#252944&#8243; body_font_size=&#8221;13px&#8221; animation_style=&#8221;fade&#8221; locked=&#8221;off&#8221; global_colors_info=&#8221;{}&#8221;][et_pb_accordion_item open=&#8221;on&#8221; _builder_version=&#8221;4.18.1&#8243; _module_preset=&#8221;default&#8221; custom_css_main_element=&#8221;display:none;&#8221; global_colors_info=&#8221;{}&#8221;][\/et_pb_accordion_item][et_pb_accordion_item title=&#8221;Lorem ipsum&#8221; _builder_version=&#8221;4.18.1&#8243; _module_preset=&#8221;default&#8221; global_colors_info=&#8221;{}&#8221; open=&#8221;off&#8221;]<\/p>\n<p><strong><img decoding=\"async\" src=\"https:\/\/micrositios.dian.gov.co\/cultura-de-contribucion\/wp-content\/uploads\/sites\/7\/2022\/09\/verificacion-facturador.png\" width=\"54\" height=\"70\" alt=\"\" class=\"wp-image-42 alignnone size-full\" style=\"display: block; margin-left: auto; margin-right: auto;\" \/><\/strong><\/p>\n<p style=\"text-align: center;\"><strong>Lorem ipsum <\/strong><\/p>\n<p>Lorem ipsum dolor sit amet consectetur adipiscing elit. Quisque faucibus ex sapien vitae pellentesque sem placerat. In id cursus mi pretium tellus duis convallis. Tempus leo eu aenean sed diam urna tempor. Pulvinar vivamus fringilla lacus nec metus bibendum egestas. Iaculis massa nisl malesuada lacinia integer nunc posuere. Ut hendrerit semper vel class aptent taciti sociosqu. Ad litora torquent per conubia nostra inceptos himenaeos.<\/p>\n<p>[\/et_pb_accordion_item][et_pb_accordion_item title=&#8221;Lorem ipsum&#8221; _builder_version=&#8221;4.18.1&#8243; _module_preset=&#8221;default&#8221; global_colors_info=&#8221;{}&#8221; open=&#8221;off&#8221;]<\/p>\n<p><strong><img decoding=\"async\" src=\"https:\/\/micrositios.dian.gov.co\/cultura-de-contribucion\/wp-content\/uploads\/sites\/7\/2022\/09\/verificacion-facturador.png\" width=\"54\" height=\"70\" alt=\"\" class=\"wp-image-42 alignnone size-full\" style=\"display: block; margin-left: auto; margin-right: auto;\" \/><\/strong><\/p>\n<p style=\"text-align: center;\"><strong>Lorem ipsum <\/strong><\/p>\n<p>Lorem ipsum dolor sit amet consectetur adipiscing elit. Quisque faucibus ex sapien vitae pellentesque sem placerat. In id cursus mi pretium tellus duis convallis. Tempus leo eu aenean sed diam urna tempor. Pulvinar vivamus fringilla lacus nec metus bibendum egestas. Iaculis massa nisl malesuada lacinia integer nunc posuere. Ut hendrerit semper vel class aptent taciti sociosqu. Ad litora torquent per conubia nostra inceptos himenaeos.<\/p>\n<p>[\/et_pb_accordion_item][et_pb_accordion_item title=&#8221;Lorem ipsum&#8221; _builder_version=&#8221;4.18.1&#8243; _module_preset=&#8221;default&#8221; global_colors_info=&#8221;{}&#8221; open=&#8221;off&#8221;]<\/p>\n<p><strong><img decoding=\"async\" src=\"https:\/\/micrositios.dian.gov.co\/cultura-de-contribucion\/wp-content\/uploads\/sites\/7\/2022\/09\/verificacion-facturador.png\" width=\"54\" height=\"70\" alt=\"\" class=\"wp-image-42 alignnone size-full\" style=\"display: block; margin-left: auto; margin-right: auto;\" \/><\/strong><\/p>\n<p style=\"text-align: center;\"><strong>Lorem ipsum <\/strong><\/p>\n<p>Lorem ipsum dolor sit amet consectetur adipiscing elit. Quisque faucibus ex sapien vitae pellentesque sem placerat. In id cursus mi pretium tellus duis convallis. Tempus leo eu aenean sed diam urna tempor. Pulvinar vivamus fringilla lacus nec metus bibendum egestas. Iaculis massa nisl malesuada lacinia integer nunc posuere. Ut hendrerit semper vel class aptent taciti sociosqu. Ad litora torquent per conubia nostra inceptos himenaeos.<\/p>\n<p>[\/et_pb_accordion_item][\/et_pb_accordion][\/et_pb_column][et_pb_column type=&#8221;1_2&#8243; _builder_version=&#8221;4.17.1&#8243; _module_preset=&#8221;default&#8221; global_colors_info=&#8221;{}&#8221;][et_pb_accordion closed_toggle_text_color=&#8221;#252944&#8243; icon_color=&#8221;#252944&#8243; _builder_version=&#8221;4.18.1&#8243; _module_preset=&#8221;default&#8221; toggle_font=&#8221;Ubuntu||||||||&#8221; toggle_font_size=&#8221;16px&#8221; closed_toggle_font=&#8221;Ubuntu||||||||&#8221; closed_toggle_font_size=&#8221;15px&#8221; body_font=&#8221;Ubuntu||||||||&#8221; body_text_color=&#8221;#252944&#8243; body_font_size=&#8221;13px&#8221; animation_style=&#8221;fade&#8221; locked=&#8221;off&#8221; global_colors_info=&#8221;{}&#8221;][et_pb_accordion_item open=&#8221;on&#8221; _builder_version=&#8221;4.18.1&#8243; _module_preset=&#8221;default&#8221; custom_css_main_element=&#8221;display:none;&#8221; global_colors_info=&#8221;{}&#8221;][\/et_pb_accordion_item][et_pb_accordion_item title=&#8221;Lorem ipsum&#8221; _builder_version=&#8221;4.18.1&#8243; _module_preset=&#8221;default&#8221; global_colors_info=&#8221;{}&#8221; open=&#8221;off&#8221;]<\/p>\n<p><strong><img decoding=\"async\" src=\"https:\/\/micrositios.dian.gov.co\/cultura-de-contribucion\/wp-content\/uploads\/sites\/7\/2022\/09\/verificacion-facturador.png\" width=\"54\" height=\"70\" alt=\"\" class=\"wp-image-42 alignnone size-full\" style=\"display: block; margin-left: auto; margin-right: auto;\" \/><\/strong><\/p>\n<p style=\"text-align: center;\"><strong>Lorem ipsum <\/strong><\/p>\n<p>Lorem ipsum dolor sit amet consectetur adipiscing elit. Quisque faucibus ex sapien vitae pellentesque sem placerat. In id cursus mi pretium tellus duis convallis. Tempus leo eu aenean sed diam urna tempor. Pulvinar vivamus fringilla lacus nec metus bibendum egestas. Iaculis massa nisl malesuada lacinia integer nunc posuere. Ut hendrerit semper vel class aptent taciti sociosqu. Ad litora torquent per conubia nostra inceptos himenaeos.<\/p>\n<p>[\/et_pb_accordion_item][et_pb_accordion_item title=&#8221;Lorem ipsum&#8221; _builder_version=&#8221;4.18.1&#8243; _module_preset=&#8221;default&#8221; global_colors_info=&#8221;{}&#8221; open=&#8221;off&#8221;]<\/p>\n<p><strong><img decoding=\"async\" src=\"https:\/\/micrositios.dian.gov.co\/cultura-de-contribucion\/wp-content\/uploads\/sites\/7\/2022\/09\/verificacion-facturador.png\" width=\"54\" height=\"70\" alt=\"\" class=\"wp-image-42 alignnone size-full\" style=\"display: block; margin-left: auto; margin-right: auto;\" \/><\/strong><\/p>\n<p style=\"text-align: center;\"><strong>Lorem ipsum <\/strong><\/p>\n<p>Lorem ipsum dolor sit amet consectetur adipiscing elit. Quisque faucibus ex sapien vitae pellentesque sem placerat. In id cursus mi pretium tellus duis convallis. Tempus leo eu aenean sed diam urna tempor. Pulvinar vivamus fringilla lacus nec metus bibendum egestas. Iaculis massa nisl malesuada lacinia integer nunc posuere. Ut hendrerit semper vel class aptent taciti sociosqu. Ad litora torquent per conubia nostra inceptos himenaeos.<\/p>\n<p>[\/et_pb_accordion_item][et_pb_accordion_item title=&#8221;Lorem ipsum&#8221; _builder_version=&#8221;4.18.1&#8243; _module_preset=&#8221;default&#8221; global_colors_info=&#8221;{}&#8221; open=&#8221;off&#8221;]<\/p>\n<p><strong><img decoding=\"async\" src=\"https:\/\/micrositios.dian.gov.co\/cultura-de-contribucion\/wp-content\/uploads\/sites\/7\/2022\/09\/verificacion-facturador.png\" width=\"54\" height=\"70\" alt=\"\" class=\"wp-image-42 alignnone size-full\" style=\"display: block; margin-left: auto; margin-right: auto;\" \/><\/strong><\/p>\n<p style=\"text-align: center;\"><strong>Lorem ipsum <\/strong><\/p>\n<p>Lorem ipsum dolor sit amet consectetur adipiscing elit. Quisque faucibus ex sapien vitae pellentesque sem placerat. In id cursus mi pretium tellus duis convallis. Tempus leo eu aenean sed diam urna tempor. Pulvinar vivamus fringilla lacus nec metus bibendum egestas. Iaculis massa nisl malesuada lacinia integer nunc posuere. Ut hendrerit semper vel class aptent taciti sociosqu. Ad litora torquent per conubia nostra inceptos himenaeos.<\/p>\n<p>[\/et_pb_accordion_item][\/et_pb_accordion][\/et_pb_column][\/et_pb_row][\/et_pb_section]<\/p>\n","protected":false},"excerpt":{"rendered":"<p><div class=\"et_pb_module dipl_breadcrumb dipl_breadcrumb_0\">\n\t\t\t\t\n\t\t\t\t\n\t\t\t\t\n\t\t\t\t\n\t\t\t\t\n\t\t\t\t\n\t\t\t\t<div class=\"et_pb_module_inner\">\n\t\t\t\t\t<div class=\"dipl-breadcrumb-wrapper layout2\">\n\t\t\t\t<ol class=\"dipl-breadcrumb-inner\" vocab=\"https:\/\/schema.org\/\" typeof=\"BreadcrumbList\">\n\t\t\t\t\t<li property=\"itemListElement\" typeof=\"ListItem\" data-icon=\"&#x24;\">\n\t\t\t\t\t\t\t\t<a class=\"breadcrumb-item dipl-home-page\" href=\"https:\/\/micrositios.dian.gov.co\/cultura-de-contribucion\" property=\"item\" typeof=\"WebPage\" >\n\t\t\t\t\t\t\t\t\t<span class=\"breadcrumb-page\" property=\"name\">\n\t\t\t\t\t\t\t\t\t\t<span class=\"breadcrumb-home-icon et-pb-icon\">&#x23;<\/span>\n\t\t\t\t\t\t\t\t\t\tInicio\n\t\t\t\t\t\t\t\t\t<\/span>\n\t\t\t\t\t\t\t\t<\/a>\n\t\t\t\t\t\t\t\t<meta property=\"position\" content=\"1\" \/>\n\t\t\t\t\t\t\t<\/li>\n\t\t\t\t<\/ol>\n\t\t\t<\/div>\n\t\t\t\t<\/div>\n\t\t\t<\/div><div class=\"et_pb_with_border et_pb_module dipl_ajax_search dipl_ajax_search_0\">\n\t\t\t\t\n\t\t\t\t\n\t\t\t\t\n\t\t\t\t\n\t\t\t\t\n\t\t\t\t\n\t\t\t\t<div class=\"et_pb_module_inner\">\n\t\t\t\t\t<div class=\"dipl_ajax_search_wrap\">\n\t\t\t\t<div class=\"dipl_ajax_search_field_wrap dipl_ajax_search_icon\">\n\t\t\t\t\t<input type=\"search\" placeholder=\"Buscar por palabra clave\" class=\"dipl_ajax_search_field\"\n\t\t\t\t\t\tdata-search-in=\"post_title,post_content,post_excerpt\" data-search-post-type=\"page\" data-display-fields=\"title,excerpt,featured_image\" \n\t\t\t\t\t\tdata-url-new-window=\"on\" data-number-of-results=\"-1\" data-no-result-text=\"No encontramos resultados a tu b\u00fasqueda\" \n\t\t\t\t\t\tdata-orderby=\"post_title\" data-order=\"ASC\" data-use-masonry=\"off\"\n\t\t\t\t\t\tdata-exclude_protected_posts=\"off\"\n\t\t\t\t\t\/>\n\t\t\t\t\t<input type=\"hidden\" class=\"dipl_ajax_search_nonce\" value=\"1e13215c68\" \/>\n\t\t\t\t<\/div>\n\t\t\t\t<div class=\"dipl_ajax_search_results_wrap dipl_ajax_search_result_1_cols \"><\/div>\n\t\t\t<\/div>\n\t\t\t\t<\/div>\n\t\t\t<\/div> Semana de la Cultura de [&hellip;]<\/p>\n","protected":false},"author":1,"featured_media":0,"parent":0,"menu_order":0,"comment_status":"closed","ping_status":"closed","template":"","meta":{"_et_pb_use_builder":"on","_et_pb_old_content":"<!-- wp:divi\/placeholder \/-->","_et_gb_content_width":"","footnotes":""},"class_list":["post-1413","page","type-page","status-publish","hentry"],"yoast_head":"<!-- This site is optimized with the Yoast SEO Premium plugin v18.5 (Yoast SEO v27.2) - https:\/\/yoast.com\/product\/yoast-seo-premium-wordpress\/ -->\n<title>Semana de la Cultura de la Contribuci\u00f3n a\u00f1o 2025 - Cultura de la Contribuci\u00f3n<\/title>\n<meta name=\"description\" content=\"La VII Semana Cultura de la Contribuci\u00f3n DIAN, a realizarse entre el martes 27 al viernes 30 de mayo de 2025, congrega diversos sectores, como el empresarial, acad\u00e9mico y ciudadan\u00eda en general.\" \/>\n<meta name=\"robots\" content=\"index, follow, max-snippet:-1, max-image-preview:large, max-video-preview:-1\" \/>\n<link rel=\"canonical\" href=\"https:\/\/micrositios.dian.gov.co\/cultura-de-contribucion\/semana-de-la-cultura-de-la-contribucion-2025\/\" \/>\n<meta property=\"og:locale\" content=\"es_ES\" \/>\n<meta property=\"og:type\" content=\"article\" \/>\n<meta property=\"og:title\" content=\"Semana de la Cultura de la Contribuci\u00f3n a\u00f1o 2025\" \/>\n<meta property=\"og:description\" content=\"La VII Semana Cultura de la Contribuci\u00f3n DIAN, a realizarse entre el 27 al 30 de mayo de 2025, congrega diversos sectores, como el empresarial, acad\u00e9mico y ciudadan\u00eda en general.\" \/>\n<meta property=\"og:url\" content=\"https:\/\/micrositios.dian.gov.co\/cultura-de-contribucion\/semana-de-la-cultura-de-la-contribucion-2025\/\" \/>\n<meta property=\"og:site_name\" content=\"Cultura de la Contribuci\u00f3n\" \/>\n<meta property=\"article:modified_time\" content=\"2025-05-27T22:02:25+00:00\" \/>\n<meta property=\"og:image\" content=\"https:\/\/micrositios.dian.gov.co\/cultura-de-contribucion\/wp-content\/uploads\/sites\/7\/2023\/01\/Micrositio_Contribution.jpg\" \/>\n\t<meta property=\"og:image:width\" content=\"795\" \/>\n\t<meta property=\"og:image:height\" content=\"397\" \/>\n\t<meta property=\"og:image:type\" content=\"image\/jpeg\" \/>\n<meta name=\"twitter:card\" content=\"summary_large_image\" \/>\n<meta name=\"twitter:title\" content=\"Semana de la Cultura de la Contribuci\u00f3n a\u00f1o 2025\" \/>\n<meta name=\"twitter:description\" content=\"La VII Semana Cultura de la Contribuci\u00f3n DIAN, a realizarse entre el martes 27 al viernes 30 de mayo de 2025, congrega diversos sectores, como el empresarial, acad\u00e9mico y ciudadan\u00eda en general.\" \/>\n<meta name=\"twitter:label1\" content=\"Tiempo de lectura\" \/>\n\t<meta name=\"twitter:data1\" content=\"29 minutos\" \/>\n<script type=\"application\/ld+json\" class=\"yoast-schema-graph\">{\"@context\":\"https:\/\/schema.org\",\"@graph\":[{\"@type\":\"WebPage\",\"@id\":\"https:\/\/micrositios.dian.gov.co\/cultura-de-contribucion\/semana-de-la-cultura-de-la-contribucion-2025\/\",\"url\":\"https:\/\/micrositios.dian.gov.co\/cultura-de-contribucion\/semana-de-la-cultura-de-la-contribucion-2025\/\",\"name\":\"Semana de la Cultura de la Contribuci\u00f3n a\u00f1o 2025 - Cultura de la Contribuci\u00f3n\",\"isPartOf\":{\"@id\":\"https:\/\/micrositios.dian.gov.co\/cultura-de-contribucion\/#website\"},\"primaryImageOfPage\":{\"@id\":\"https:\/\/micrositios.dian.gov.co\/cultura-de-contribucion\/semana-de-la-cultura-de-la-contribucion-2025\/#primaryimage\"},\"image\":{\"@id\":\"https:\/\/micrositios.dian.gov.co\/cultura-de-contribucion\/semana-de-la-cultura-de-la-contribucion-2025\/#primaryimage\"},\"thumbnailUrl\":\"https:\/\/micrositios.dian.gov.co\/cultura-de-contribucion\/wp-content\/uploads\/sites\/7\/2022\/09\/verificacion-facturador.png\",\"datePublished\":\"2025-04-11T21:17:39+00:00\",\"dateModified\":\"2025-05-27T22:02:25+00:00\",\"description\":\"La VII Semana Cultura de la Contribuci\u00f3n DIAN, a realizarse entre el martes 27 al viernes 30 de mayo de 2025, congrega diversos sectores, como el empresarial, acad\u00e9mico y ciudadan\u00eda en general.\",\"breadcrumb\":{\"@id\":\"https:\/\/micrositios.dian.gov.co\/cultura-de-contribucion\/semana-de-la-cultura-de-la-contribucion-2025\/#breadcrumb\"},\"inLanguage\":\"es-CO\",\"potentialAction\":[{\"@type\":\"ReadAction\",\"target\":[\"https:\/\/micrositios.dian.gov.co\/cultura-de-contribucion\/semana-de-la-cultura-de-la-contribucion-2025\/\"]}]},{\"@type\":\"ImageObject\",\"inLanguage\":\"es-CO\",\"@id\":\"https:\/\/micrositios.dian.gov.co\/cultura-de-contribucion\/semana-de-la-cultura-de-la-contribucion-2025\/#primaryimage\",\"url\":\"https:\/\/micrositios.dian.gov.co\/cultura-de-contribucion\/wp-content\/uploads\/sites\/7\/2022\/09\/verificacion-facturador.png\",\"contentUrl\":\"https:\/\/micrositios.dian.gov.co\/cultura-de-contribucion\/wp-content\/uploads\/sites\/7\/2022\/09\/verificacion-facturador.png\",\"width\":54,\"height\":70},{\"@type\":\"BreadcrumbList\",\"@id\":\"https:\/\/micrositios.dian.gov.co\/cultura-de-contribucion\/semana-de-la-cultura-de-la-contribucion-2025\/#breadcrumb\",\"itemListElement\":[{\"@type\":\"ListItem\",\"position\":1,\"name\":\"Portada\",\"item\":\"https:\/\/micrositios.dian.gov.co\/cultura-de-contribucion\/\"},{\"@type\":\"ListItem\",\"position\":2,\"name\":\"Semana de la Cultura de la Contribuci\u00f3n a\u00f1o 2025\"}]},{\"@type\":\"WebSite\",\"@id\":\"https:\/\/micrositios.dian.gov.co\/cultura-de-contribucion\/#website\",\"url\":\"https:\/\/micrositios.dian.gov.co\/cultura-de-contribucion\/\",\"name\":\"Cultura de la Contribuci\u00f3n\",\"description\":\"DIAN\",\"potentialAction\":[{\"@type\":\"SearchAction\",\"target\":{\"@type\":\"EntryPoint\",\"urlTemplate\":\"https:\/\/micrositios.dian.gov.co\/cultura-de-contribucion\/?s={search_term_string}\"},\"query-input\":{\"@type\":\"PropertyValueSpecification\",\"valueRequired\":true,\"valueName\":\"search_term_string\"}}],\"inLanguage\":\"es-CO\"}]}<\/script>\n<!-- \/ Yoast SEO Premium plugin. -->","yoast_head_json":{"title":"Semana de la Cultura de la Contribuci\u00f3n a\u00f1o 2025 - Cultura de la Contribuci\u00f3n","description":"La VII Semana Cultura de la Contribuci\u00f3n DIAN, a realizarse entre el martes 27 al viernes 30 de mayo de 2025, congrega diversos sectores, como el empresarial, acad\u00e9mico y ciudadan\u00eda en general.","robots":{"index":"index","follow":"follow","max-snippet":"max-snippet:-1","max-image-preview":"max-image-preview:large","max-video-preview":"max-video-preview:-1"},"canonical":"https:\/\/micrositios.dian.gov.co\/cultura-de-contribucion\/semana-de-la-cultura-de-la-contribucion-2025\/","og_locale":"es_ES","og_type":"article","og_title":"Semana de la Cultura de la Contribuci\u00f3n a\u00f1o 2025","og_description":"La VII Semana Cultura de la Contribuci\u00f3n DIAN, a realizarse entre el 27 al 30 de mayo de 2025, congrega diversos sectores, como el empresarial, acad\u00e9mico y ciudadan\u00eda en general.","og_url":"https:\/\/micrositios.dian.gov.co\/cultura-de-contribucion\/semana-de-la-cultura-de-la-contribucion-2025\/","og_site_name":"Cultura de la Contribuci\u00f3n","article_modified_time":"2025-05-27T22:02:25+00:00","og_image":[{"width":795,"height":397,"url":"https:\/\/micrositios.dian.gov.co\/cultura-de-contribucion\/wp-content\/uploads\/sites\/7\/2023\/01\/Micrositio_Contribution.jpg","type":"image\/jpeg"}],"twitter_card":"summary_large_image","twitter_title":"Semana de la Cultura de la Contribuci\u00f3n a\u00f1o 2025","twitter_description":"La VII Semana Cultura de la Contribuci\u00f3n DIAN, a realizarse entre el martes 27 al viernes 30 de mayo de 2025, congrega diversos sectores, como el empresarial, acad\u00e9mico y ciudadan\u00eda en general.","twitter_misc":{"Tiempo de lectura":"29 minutos"},"schema":{"@context":"https:\/\/schema.org","@graph":[{"@type":"WebPage","@id":"https:\/\/micrositios.dian.gov.co\/cultura-de-contribucion\/semana-de-la-cultura-de-la-contribucion-2025\/","url":"https:\/\/micrositios.dian.gov.co\/cultura-de-contribucion\/semana-de-la-cultura-de-la-contribucion-2025\/","name":"Semana de la Cultura de la Contribuci\u00f3n a\u00f1o 2025 - Cultura de la Contribuci\u00f3n","isPartOf":{"@id":"https:\/\/micrositios.dian.gov.co\/cultura-de-contribucion\/#website"},"primaryImageOfPage":{"@id":"https:\/\/micrositios.dian.gov.co\/cultura-de-contribucion\/semana-de-la-cultura-de-la-contribucion-2025\/#primaryimage"},"image":{"@id":"https:\/\/micrositios.dian.gov.co\/cultura-de-contribucion\/semana-de-la-cultura-de-la-contribucion-2025\/#primaryimage"},"thumbnailUrl":"https:\/\/micrositios.dian.gov.co\/cultura-de-contribucion\/wp-content\/uploads\/sites\/7\/2022\/09\/verificacion-facturador.png","datePublished":"2025-04-11T21:17:39+00:00","dateModified":"2025-05-27T22:02:25+00:00","description":"La VII Semana Cultura de la Contribuci\u00f3n DIAN, a realizarse entre el martes 27 al viernes 30 de mayo de 2025, congrega diversos sectores, como el empresarial, acad\u00e9mico y ciudadan\u00eda en general.","breadcrumb":{"@id":"https:\/\/micrositios.dian.gov.co\/cultura-de-contribucion\/semana-de-la-cultura-de-la-contribucion-2025\/#breadcrumb"},"inLanguage":"es-CO","potentialAction":[{"@type":"ReadAction","target":["https:\/\/micrositios.dian.gov.co\/cultura-de-contribucion\/semana-de-la-cultura-de-la-contribucion-2025\/"]}]},{"@type":"ImageObject","inLanguage":"es-CO","@id":"https:\/\/micrositios.dian.gov.co\/cultura-de-contribucion\/semana-de-la-cultura-de-la-contribucion-2025\/#primaryimage","url":"https:\/\/micrositios.dian.gov.co\/cultura-de-contribucion\/wp-content\/uploads\/sites\/7\/2022\/09\/verificacion-facturador.png","contentUrl":"https:\/\/micrositios.dian.gov.co\/cultura-de-contribucion\/wp-content\/uploads\/sites\/7\/2022\/09\/verificacion-facturador.png","width":54,"height":70},{"@type":"BreadcrumbList","@id":"https:\/\/micrositios.dian.gov.co\/cultura-de-contribucion\/semana-de-la-cultura-de-la-contribucion-2025\/#breadcrumb","itemListElement":[{"@type":"ListItem","position":1,"name":"Portada","item":"https:\/\/micrositios.dian.gov.co\/cultura-de-contribucion\/"},{"@type":"ListItem","position":2,"name":"Semana de la Cultura de la Contribuci\u00f3n a\u00f1o 2025"}]},{"@type":"WebSite","@id":"https:\/\/micrositios.dian.gov.co\/cultura-de-contribucion\/#website","url":"https:\/\/micrositios.dian.gov.co\/cultura-de-contribucion\/","name":"Cultura de la Contribuci\u00f3n","description":"DIAN","potentialAction":[{"@type":"SearchAction","target":{"@type":"EntryPoint","urlTemplate":"https:\/\/micrositios.dian.gov.co\/cultura-de-contribucion\/?s={search_term_string}"},"query-input":{"@type":"PropertyValueSpecification","valueRequired":true,"valueName":"search_term_string"}}],"inLanguage":"es-CO"}]}},"_links":{"self":[{"href":"https:\/\/micrositios.dian.gov.co\/cultura-de-contribucion\/wp-json\/wp\/v2\/pages\/1413","targetHints":{"allow":["GET"]}}],"collection":[{"href":"https:\/\/micrositios.dian.gov.co\/cultura-de-contribucion\/wp-json\/wp\/v2\/pages"}],"about":[{"href":"https:\/\/micrositios.dian.gov.co\/cultura-de-contribucion\/wp-json\/wp\/v2\/types\/page"}],"author":[{"embeddable":true,"href":"https:\/\/micrositios.dian.gov.co\/cultura-de-contribucion\/wp-json\/wp\/v2\/users\/1"}],"replies":[{"embeddable":true,"href":"https:\/\/micrositios.dian.gov.co\/cultura-de-contribucion\/wp-json\/wp\/v2\/comments?post=1413"}],"version-history":[{"count":45,"href":"https:\/\/micrositios.dian.gov.co\/cultura-de-contribucion\/wp-json\/wp\/v2\/pages\/1413\/revisions"}],"predecessor-version":[{"id":1522,"href":"https:\/\/micrositios.dian.gov.co\/cultura-de-contribucion\/wp-json\/wp\/v2\/pages\/1413\/revisions\/1522"}],"wp:attachment":[{"href":"https:\/\/micrositios.dian.gov.co\/cultura-de-contribucion\/wp-json\/wp\/v2\/media?parent=1413"}],"curies":[{"name":"wp","href":"https:\/\/api.w.org\/{rel}","templated":true}]}}